{"id":332347,"date":"2021-06-16T17:34:48","date_gmt":"2021-06-16T17:34:48","guid":{"rendered":"https:\/\/www.asf-quebec.org\/our-programs\/volunteer-commitment\/"},"modified":"2021-06-16T17:34:57","modified_gmt":"2021-06-16T17:34:57","slug":"volunteer-commitment","status":"publish","type":"page","link":"https:\/\/www.asf-quebec.org\/en\/our-programs\/volunteer-commitment\/","title":{"rendered":"Volunteer Commitment"},"content":{"rendered":"<p><div class=\"fusion-fullwidth fullwidth-box fusion-builder-row-1 nonhundred-percent-fullwidth non-hundred-percent-height-scrolling fusion-equal-height-columns\" style=\"--awb-border-radius-top-left:0px;--awb-border-radius-top-right:0px;--awb-border-radius-bottom-right:0px;--awb-border-radius-bottom-left:0px;--awb-padding-top:100px;--awb-padding-right:100px;--awb-padding-bottom:100px;--awb-padding-left:60px;--awb-flex-wrap:wrap;\" ><div class=\"fusion-builder-row fusion-row\"><div class=\"fusion-layout-column fusion_builder_column fusion-builder-column-0 fusion_builder_column_1_1 1_1 fusion-one-full fusion-column-first fusion-column-last\" style=\"--awb-padding-right:70px;--awb-padding-left:50px;--awb-bg-size:cover;\"><div class=\"fusion-column-wrapper fusion-column-has-shadow fusion-flex-column-wrapper-legacy\"><div class=\"fusion-text fusion-text-1\"><h2><span style=\"color: #996699;\">Local and international opportunities to get involved with AWBQ and its partners.<\/span><\/h2>\n<\/div><div class=\"fusion-clearfix\"><\/div><\/div><\/div><\/div><\/div><div class=\"fusion-fullwidth fullwidth-box fusion-builder-row-2 nonhundred-percent-fullwidth non-hundred-percent-height-scrolling\" style=\"--awb-border-radius-top-left:0px;--awb-border-radius-top-right:0px;--awb-border-radius-bottom-right:0px;--awb-border-radius-bottom-left:0px;--awb-padding-top:100px;--awb-padding-right:60px;--awb-padding-bottom:100px;--awb-padding-left:60px;--awb-margin-top:0px;--awb-margin-bottom:0px;--awb-background-color:#ede4ef;--awb-flex-wrap:wrap;\" ><div class=\"fusion-builder-row fusion-row\"><div class=\"fusion-layout-column fusion_builder_column fusion-builder-column-1 fusion_builder_column_1_1 1_1 fusion-one-full fusion-column-first fusion-column-last\" style=\"--awb-padding-left:35px;--awb-bg-size:cover;\"><div class=\"fusion-column-wrapper fusion-column-has-shadow fusion-flex-column-wrapper-legacy\"><div class=\"fusion-text fusion-text-2\"><h2><span style=\"color: #333333;\"><strong>Le d\u00e9fi \u00e0 relever<\/strong><\/span><\/h2>\n<\/div><div class=\"fusion-clearfix\"><\/div><\/div><\/div><div class=\"fusion-layout-column fusion_builder_column fusion-builder-column-2 fusion_builder_column_1_2 1_2 fusion-one-half fusion-column-first\" style=\"--awb-padding-top:15px;--awb-padding-right:35px;--awb-padding-left:35px;--awb-bg-size:cover;--awb-margin-bottom:0px;width:50%;width:calc(50% - ( ( 4% ) * 0.5 ) );margin-right: 4%;\"><div class=\"fusion-column-wrapper fusion-column-has-shadow fusion-flex-column-wrapper-legacy\"><div class=\"fusion-text fusion-text-3\"><h5><span style=\"color: #454444;\">Les inondations frapperont \u00e0 nouveau<\/span><\/h5>\n<\/div><div class=\"fusion-sep-clear\"><\/div><div class=\"fusion-separator fusion-full-width-sep\" style=\"margin-left: auto;margin-right: auto;margin-top:10px;margin-bottom:0px;width:100%;\"><div class=\"fusion-separator-border sep-double\" style=\"--awb-height:20px;--awb-amount:20px;border-color:#e0dede;border-top-width:0px;border-bottom-width:0px;\"><\/div><\/div><div class=\"fusion-sep-clear\"><\/div><div class=\"fusion-text fusion-text-4\"><p><span style=\"font-weight: 400;\">Au Qu\u00e9bec, la facture des crues printani\u00e8res de 2011, 2017 et 2019 se chiffre en milliards de dollars pour l&#8217;\u00c9tat et les citoyens. Non seulement les co\u00fbts li\u00e9s aux d\u00e9g\u00e2ts et aux indemnisations ont-ils \u00e9t\u00e9 importants, mais la gestion de la crise et du r\u00e9tablissement a elle aussi repr\u00e9sent\u00e9 un gouffre financier. Il en a \u00e9galement r\u00e9sult\u00e9 des impacts graves sur le tissu social, les quartiers, le patrimoine et l\u2019environnement naturel, sans oublier la d\u00e9tresse humaine des sinistr\u00e9s. En somme, les inondations sont des \u00e9v\u00e9nements lourds de cons\u00e9quences psychologiques, sanitaires, mat\u00e9rielles et \u00e9conomiques pour toute la soci\u00e9t\u00e9.<\/span><\/p>\n<\/div><div class=\"fusion-sep-clear\"><\/div><div class=\"fusion-separator fusion-full-width-sep\" style=\"margin-left: auto;margin-right: auto;margin-top:15px;margin-bottom:0px;width:100%;\"><div class=\"fusion-separator-border sep-double\" style=\"--awb-height:20px;--awb-amount:20px;border-color:#e0dede;border-top-width:0px;border-bottom-width:0px;\"><\/div><\/div><div class=\"fusion-sep-clear\"><\/div><div class=\"fusion-text fusion-text-5\"><h5><span style=\"color: #454444;\">L&#8217;architecture fait partie de la solution<\/span><\/h5>\n<\/div><div class=\"fusion-sep-clear\"><\/div><div class=\"fusion-separator fusion-full-width-sep\" style=\"margin-left: auto;margin-right: auto;margin-top:10px;margin-bottom:0px;width:100%;\"><div class=\"fusion-separator-border sep-double\" style=\"--awb-height:20px;--awb-amount:20px;border-color:#e0dede;border-top-width:0px;border-bottom-width:0px;\"><\/div><\/div><div class=\"fusion-sep-clear\"><\/div><div class=\"fusion-text fusion-text-6\"><p><span style=\"font-weight: 400;\">Selon les experts, de telles catastrophes naturelles risquent de s\u2019intensifier dans le contexte des changements climatiques. Comment alors se pr\u00e9parer \u00e0 y faire face? Pour ASFQ, l\u2019architecture fait partie des solutions incontournables pour un Qu\u00e9bec r\u00e9silient aux inondations. Pour minimiser l\u2019impact de telles crises diluviennes, il est n\u00e9cessaire de revoir en profondeur les mani\u00e8res d\u2019intervenir sur l\u2019environnement b\u00e2ti. Voil\u00e0 la raison d\u2019\u00eatre du programme d\u2019ASFQ, dont les activit\u00e9s se r\u00e9partissent en deux grands axes d&#8217;intervention.<\/span><\/p>\n<\/div><div class=\"fusion-clearfix\"><\/div><\/div><\/div><div class=\"fusion-layout-column fusion_builder_column fusion-builder-column-3 fusion_builder_column_1_2 1_2 fusion-one-half fusion-column-last\" style=\"--awb-padding-top:15px;--awb-padding-right:35px;--awb-padding-left:35px;--awb-bg-size:cover;--awb-margin-bottom:0px;width:50%;width:calc(50% - ( ( 4% ) * 0.5 ) );\"><div class=\"fusion-column-wrapper fusion-column-has-shadow fusion-flex-column-wrapper-legacy\"><div class=\"fusion-image-element in-legacy-container\" style=\"--awb-caption-title-font-family:var(--h2_typography-font-family);--awb-caption-title-font-weight:var(--h2_typography-font-weight);--awb-caption-title-font-style:var(--h2_typography-font-style);--awb-caption-title-size:var(--h2_typography-font-size);--awb-caption-title-transform:var(--h2_typography-text-transform);--awb-caption-title-line-height:var(--h2_typography-line-height);--awb-caption-title-letter-spacing:var(--h2_typography-letter-spacing);\"><span class=\" fusion-imageframe imageframe-none imageframe-1 hover-type-none\"><img decoding=\"async\" width=\"1086\" height=\"717\" title=\"quebecflooding\" src=\"https:\/\/www.asf-quebec.org\/wp-content\/uploads\/2020\/04\/quebecflooding.jpeg\" data-orig-src=\"https:\/\/www.asf-quebec.org\/wp-content\/uploads\/2020\/04\/quebecflooding.jpeg\" alt class=\"lazyload img-responsive wp-image-302328\" srcset=\"data:image\/svg+xml,%3Csvg%20xmlns%3D%27http%3A%2F%2Fwww.w3.org%2F2000%2Fsvg%27%20width%3D%271086%27%20height%3D%27717%27%20viewBox%3D%270%200%201086%20717%27%3E%3Crect%20width%3D%271086%27%20height%3D%27717%27%20fill-opacity%3D%220%22%2F%3E%3C%2Fsvg%3E\" data-srcset=\"https:\/\/www.asf-quebec.org\/wp-content\/uploads\/2020\/04\/quebecflooding-200x132.jpeg 200w, https:\/\/www.asf-quebec.org\/wp-content\/uploads\/2020\/04\/quebecflooding-400x264.jpeg 400w, https:\/\/www.asf-quebec.org\/wp-content\/uploads\/2020\/04\/quebecflooding-600x396.jpeg 600w, https:\/\/www.asf-quebec.org\/wp-content\/uploads\/2020\/04\/quebecflooding-800x528.jpeg 800w, https:\/\/www.asf-quebec.org\/wp-content\/uploads\/2020\/04\/quebecflooding.jpeg 1086w\" data-sizes=\"auto\" data-orig-sizes=\"(max-width: 800px) 100vw, 800px\" \/><\/span><\/div><div class=\"fusion-clearfix\"><\/div><\/div><\/div><\/div><\/div><div class=\"fusion-fullwidth fullwidth-box fusion-builder-row-3 nonhundred-percent-fullwidth non-hundred-percent-height-scrolling\" style=\"--awb-border-radius-top-left:0px;--awb-border-radius-top-right:0px;--awb-border-radius-bottom-right:0px;--awb-border-radius-bottom-left:0px;--awb-padding-top:100px;--awb-padding-right:60px;--awb-padding-left:60px;--awb-margin-top:0px;--awb-margin-bottom:0px;--awb-background-color:#ffffff;--awb-flex-wrap:wrap;\" ><div class=\"fusion-builder-row fusion-row\"><div class=\"fusion-layout-column fusion_builder_column fusion-builder-column-4 fusion_builder_column_1_6 1_6 fusion-one-sixth fusion-column-first\" style=\"--awb-padding-top:30px;--awb-bg-size:cover;width:16.666666666667%;width:calc(16.666666666667% - ( ( 4% ) * 0.16666666666667 ) );margin-right: 4%;\"><div class=\"fusion-column-wrapper fusion-column-has-shadow fusion-flex-column-wrapper-legacy\"><div class=\"fusion-clearfix\"><\/div><\/div><\/div><div class=\"fusion-layout-column fusion_builder_column fusion-builder-column-5 fusion_builder_column_5_6 5_6 fusion-five-sixth fusion-column-last\" style=\"--awb-bg-size:cover;width:83.333333333333%;width:calc(83.333333333333% - ( ( 4% ) * 0.83333333333333 ) );\"><div class=\"fusion-column-wrapper fusion-column-has-shadow fusion-flex-column-wrapper-legacy\"><div class=\"fusion-sep-clear\"><\/div><div class=\"fusion-separator\" style=\"margin-left: auto;margin-right: auto;margin-top:15px;margin-bottom:15px;width:100%;max-width:20px;\"><div class=\"fusion-separator-border sep-double\" style=\"--awb-height:20px;--awb-amount:20px;--awb-sep-color:rgba(224,222,222,0);border-color:rgba(224,222,222,0);border-top-width:0px;border-bottom-width:0px;\"><\/div><\/div><div class=\"fusion-sep-clear\"><\/div><div class=\"fusion-text fusion-text-7\"><h2 style=\"text-align: left;\"><span style=\"color: #333333;\"><strong>Axes d&#8217;intervention du programme<\/strong><\/span><\/h2>\n<\/div><div class=\"fusion-sep-clear\"><\/div><div class=\"fusion-separator\" style=\"margin-left: auto;margin-right: auto;margin-top:15px;margin-bottom:15px;width:100%;max-width:20px;\"><div class=\"fusion-separator-border sep-double\" style=\"--awb-height:20px;--awb-amount:20px;--awb-sep-color:rgba(224,222,222,0);border-color:rgba(224,222,222,0);border-top-width:0px;border-bottom-width:0px;\"><\/div><\/div><div class=\"fusion-sep-clear\"><\/div><div class=\"fusion-clearfix\"><\/div><\/div><\/div><\/div><\/div><div class=\"fusion-fullwidth fullwidth-box fusion-builder-row-4 nonhundred-percent-fullwidth non-hundred-percent-height-scrolling\" style=\"--awb-border-radius-top-left:0px;--awb-border-radius-top-right:0px;--awb-border-radius-bottom-right:0px;--awb-border-radius-bottom-left:0px;--awb-padding-top:0px;--awb-padding-right:60px;--awb-padding-bottom:0px;--awb-padding-left:60px;--awb-margin-top:0px;--awb-margin-bottom:0px;--awb-background-color:#ffffff;--awb-flex-wrap:wrap;\" ><div class=\"fusion-builder-row fusion-row\"><div class=\"fusion-layout-column fusion_builder_column fusion-builder-column-6 fusion_builder_column_2_5 2_5 fusion-two-fifth fusion-column-first\" style=\"--awb-padding-top:15px;--awb-padding-left:5px;--awb-bg-size:cover;--awb-margin-bottom:0px;width:40%;width:calc(40% - ( ( 4% ) * 0.4 ) );margin-right: 4%;\"><div class=\"fusion-column-wrapper fusion-column-has-shadow fusion-flex-column-wrapper-legacy\"><div class=\"fusion-image-element in-legacy-container\" style=\"--awb-caption-title-font-family:var(--h2_typography-font-family);--awb-caption-title-font-weight:var(--h2_typography-font-weight);--awb-caption-title-font-style:var(--h2_typography-font-style);--awb-caption-title-size:var(--h2_typography-font-size);--awb-caption-title-transform:var(--h2_typography-text-transform);--awb-caption-title-line-height:var(--h2_typography-line-height);--awb-caption-title-letter-spacing:var(--h2_typography-letter-spacing);\"><span class=\" fusion-imageframe imageframe-none imageframe-2 hover-type-none\"><img decoding=\"async\" width=\"3152\" height=\"2052\" title=\"2017_Quebec_Floods_-_Montreal_(34416081271)\" src=\"https:\/\/www.asf-quebec.org\/wp-content\/uploads\/2020\/03\/2017_Quebec_Floods_-_Montreal_34416081271.jpg\" data-orig-src=\"https:\/\/www.asf-quebec.org\/wp-content\/uploads\/2020\/03\/2017_Quebec_Floods_-_Montreal_34416081271.jpg\" alt class=\"lazyload img-responsive wp-image-302318\" srcset=\"data:image\/svg+xml,%3Csvg%20xmlns%3D%27http%3A%2F%2Fwww.w3.org%2F2000%2Fsvg%27%20width%3D%273152%27%20height%3D%272052%27%20viewBox%3D%270%200%203152%202052%27%3E%3Crect%20width%3D%273152%27%20height%3D%272052%27%20fill-opacity%3D%220%22%2F%3E%3C%2Fsvg%3E\" data-srcset=\"https:\/\/www.asf-quebec.org\/wp-content\/uploads\/2020\/03\/2017_Quebec_Floods_-_Montreal_34416081271-200x130.jpg 200w, https:\/\/www.asf-quebec.org\/wp-content\/uploads\/2020\/03\/2017_Quebec_Floods_-_Montreal_34416081271-400x260.jpg 400w, https:\/\/www.asf-quebec.org\/wp-content\/uploads\/2020\/03\/2017_Quebec_Floods_-_Montreal_34416081271-600x391.jpg 600w, https:\/\/www.asf-quebec.org\/wp-content\/uploads\/2020\/03\/2017_Quebec_Floods_-_Montreal_34416081271-800x521.jpg 800w, https:\/\/www.asf-quebec.org\/wp-content\/uploads\/2020\/03\/2017_Quebec_Floods_-_Montreal_34416081271-1200x781.jpg 1200w, https:\/\/www.asf-quebec.org\/wp-content\/uploads\/2020\/03\/2017_Quebec_Floods_-_Montreal_34416081271.jpg 3152w\" data-sizes=\"auto\" data-orig-sizes=\"(max-width: 800px) 100vw, 600px\" \/><\/span><\/div><div class=\"fusion-sep-clear\"><\/div><div class=\"fusion-separator fusion-full-width-sep\" style=\"margin-left: auto;margin-right: auto;margin-top:0px;margin-bottom:50px;width:100%;\"><div class=\"fusion-separator-border sep-double\" style=\"--awb-height:20px;--awb-amount:20px;border-color:#e0dede;border-top-width:0px;border-bottom-width:0px;\"><\/div><\/div><div class=\"fusion-sep-clear\"><\/div><div class=\"fusion-clearfix\"><\/div><\/div><\/div><div class=\"fusion-layout-column fusion_builder_column fusion-builder-column-7 fusion_builder_column_3_5 3_5 fusion-three-fifth fusion-column-last\" style=\"--awb-padding-right:80px;--awb-bg-size:cover;--awb-margin-bottom:0px;width:60%;width:calc(60% - ( ( 4% ) * 0.6 ) );\"><div class=\"fusion-column-wrapper fusion-column-has-shadow fusion-flex-column-wrapper-legacy\"><div class=\"fusion-text fusion-text-8\"><h5><span style=\"color: #996699;\">Assistance post-catastrophe<\/span><\/h5>\n<\/div><div class=\"fusion-sep-clear\"><\/div><div class=\"fusion-separator fusion-full-width-sep\" style=\"margin-left: auto;margin-right: auto;margin-top:15px;margin-bottom:0px;width:100%;\"><div class=\"fusion-separator-border sep-double\" style=\"--awb-height:20px;--awb-amount:20px;border-color:#e0dede;border-top-width:0px;border-bottom-width:0px;\"><\/div><\/div><div class=\"fusion-sep-clear\"><\/div><div class=\"fusion-text fusion-text-9\"><p><span style=\"font-weight: 400;\">Suite \u00e0 une inondation, nombre de sinistr\u00e9s et d\u2019intervenants ont besoin de conseils avis\u00e9s. Sans quoi, comment poser des choix rapides quant au destin des b\u00e2timents affect\u00e9s? Pourtant, le manque d\u2019experts neutres et comp\u00e9tents lors du r\u00e9tablissement pose probl\u00e8me. Il compromet l\u2019\u00e9valuation des dommages, l\u2019indemnisation, les travaux urgents et, \u00e0 terme, peut aggraver les d\u00e9g\u00e2ts et entrainer des d\u00e9molitions. <\/span><\/p>\n<p><span style=\"font-weight: 400;\">La disponibilit\u00e9 d\u2019architectes ou d\u2019autres professionnels form\u00e9s en \u00e9valuation post-inondation est un facteur de r\u00e9silience d\u00e9terminant. <\/span><span style=\"font-weight: 400;\">C\u2019est ce r\u00f4le qu\u2019a jou\u00e9 ASFQ lors des inondations majeures du Richelieu en 2011 et de la r\u00e9gion m\u00e9tropolitaine en 2017. En amenant en renfort des architectes disponibles sur le terrain ou sur appel, des dizaines de demandes d\u2019assistance avaient alors trouv\u00e9 l\u2019expertise ind\u00e9pendante qui leur manquait. <\/span><\/p>\n<p><span style=\"font-weight: 400;\">Depuis la parution du <\/span><a href=\"https:\/\/www.securitepublique.gouv.qc.ca\/securite-civile\/publications-et-statistiques\/plan-action.html\"><i><span style=\"font-weight: 400;\">Plan d\u2019action en mati\u00e8re de s\u00e9curit\u00e9 civile relatif aux inondations<\/span><\/i><\/a><span style=\"font-weight: 400;\"> du Gouvernement du Qu\u00e9bec en 2018, ASFQ revoit sa strat\u00e9gie d\u2019intervention en dialogue avec la Soci\u00e9t\u00e9 d\u2019habitation du Qu\u00e9bec (SHQ), pour accroitre les capacit\u00e9s d&#8217;intervention en contexte de r\u00e9tablissement et appuyer les efforts de la S\u00e9curit\u00e9 publique dans l\u2019aide offerte aux sinistr\u00e9s.<\/span><\/p>\n<\/div><div class=\"fusion-clearfix\"><\/div><\/div><\/div><\/div><\/div><div class=\"fusion-fullwidth fullwidth-box fusion-builder-row-5 nonhundred-percent-fullwidth non-hundred-percent-height-scrolling\" style=\"--awb-border-radius-top-left:0px;--awb-border-radius-top-right:0px;--awb-border-radius-bottom-right:0px;--awb-border-radius-bottom-left:0px;--awb-padding-right:60px;--awb-padding-bottom:90px;--awb-padding-left:60px;--awb-margin-top:0px;--awb-margin-bottom:0px;--awb-background-color:#ffffff;--awb-flex-wrap:wrap;\" ><div class=\"fusion-builder-row fusion-row\"><div class=\"fusion-layout-column fusion_builder_column fusion-builder-column-8 fusion_builder_column_2_5 2_5 fusion-two-fifth fusion-column-first\" style=\"--awb-padding-top:45px;--awb-padding-left:5px;--awb-bg-size:cover;--awb-margin-bottom:0px;width:40%;width:calc(40% - ( ( 4% ) * 0.4 ) );margin-right: 4%;\"><div class=\"fusion-column-wrapper fusion-column-has-shadow fusion-flex-column-wrapper-legacy\"><div class=\"fusion-image-element in-legacy-container\" style=\"--awb-caption-title-font-family:var(--h2_typography-font-family);--awb-caption-title-font-weight:var(--h2_typography-font-weight);--awb-caption-title-font-style:var(--h2_typography-font-style);--awb-caption-title-size:var(--h2_typography-font-size);--awb-caption-title-transform:var(--h2_typography-text-transform);--awb-caption-title-line-height:var(--h2_typography-line-height);--awb-caption-title-letter-spacing:var(--h2_typography-letter-spacing);\"><span class=\" fusion-imageframe imageframe-none imageframe-3 hover-type-none\"><img decoding=\"async\" width=\"4128\" height=\"2322\" title=\"architectural-design-architecture-building-contemporary-daylight-hotel-1524047-pxhere.com\" src=\"https:\/\/www.asf-quebec.org\/wp-content\/uploads\/2020\/04\/architectural-design-architecture-building-contemporary-daylight-hotel-1524047-pxhere.com_.jpg\" data-orig-src=\"https:\/\/www.asf-quebec.org\/wp-content\/uploads\/2020\/04\/architectural-design-architecture-building-contemporary-daylight-hotel-1524047-pxhere.com_.jpg\" alt class=\"lazyload img-responsive wp-image-302330\" srcset=\"data:image\/svg+xml,%3Csvg%20xmlns%3D%27http%3A%2F%2Fwww.w3.org%2F2000%2Fsvg%27%20width%3D%274128%27%20height%3D%272322%27%20viewBox%3D%270%200%204128%202322%27%3E%3Crect%20width%3D%274128%27%20height%3D%272322%27%20fill-opacity%3D%220%22%2F%3E%3C%2Fsvg%3E\" data-srcset=\"https:\/\/www.asf-quebec.org\/wp-content\/uploads\/2020\/04\/architectural-design-architecture-building-contemporary-daylight-hotel-1524047-pxhere.com_-200x113.jpg 200w, https:\/\/www.asf-quebec.org\/wp-content\/uploads\/2020\/04\/architectural-design-architecture-building-contemporary-daylight-hotel-1524047-pxhere.com_-400x225.jpg 400w, https:\/\/www.asf-quebec.org\/wp-content\/uploads\/2020\/04\/architectural-design-architecture-building-contemporary-daylight-hotel-1524047-pxhere.com_-600x338.jpg 600w, https:\/\/www.asf-quebec.org\/wp-content\/uploads\/2020\/04\/architectural-design-architecture-building-contemporary-daylight-hotel-1524047-pxhere.com_-800x450.jpg 800w, https:\/\/www.asf-quebec.org\/wp-content\/uploads\/2020\/04\/architectural-design-architecture-building-contemporary-daylight-hotel-1524047-pxhere.com_-1200x675.jpg 1200w, https:\/\/www.asf-quebec.org\/wp-content\/uploads\/2020\/04\/architectural-design-architecture-building-contemporary-daylight-hotel-1524047-pxhere.com_.jpg 4128w\" data-sizes=\"auto\" data-orig-sizes=\"(max-width: 800px) 100vw, 600px\" \/><\/span><\/div><div class=\"fusion-clearfix\"><\/div><\/div><\/div><div class=\"fusion-layout-column fusion_builder_column fusion-builder-column-9 fusion_builder_column_3_5 3_5 fusion-three-fifth fusion-column-last\" style=\"--awb-padding-top:35px;--awb-padding-right:80px;--awb-bg-size:cover;--awb-margin-bottom:0px;width:60%;width:calc(60% - ( ( 4% ) * 0.6 ) );\"><div class=\"fusion-column-wrapper fusion-column-has-shadow fusion-flex-column-wrapper-legacy\"><div class=\"fusion-text fusion-text-10\"><h5><span style=\"color: #996699;\">Adaptation des infrastructures<\/span><\/h5>\n<\/div><div class=\"fusion-sep-clear\"><\/div><div class=\"fusion-separator fusion-full-width-sep\" style=\"margin-left: auto;margin-right: auto;margin-top:15px;margin-bottom:0px;width:100%;\"><div class=\"fusion-separator-border sep-double\" style=\"--awb-height:20px;--awb-amount:20px;border-color:#e0dede;border-top-width:0px;border-bottom-width:0px;\"><\/div><\/div><div class=\"fusion-sep-clear\"><\/div><div class=\"fusion-text fusion-text-11\"><p>L&#8217;architecture peut aussi am\u00e9liorer l<span style=\"font-weight: 400;\">a r\u00e9silience de l\u2019environnement b\u00e2ti et pr\u00e9venir les dommages caus\u00e9s par les inondations. L<\/span><span style=\"font-weight: 400;\">\u2019imperm\u00e9abilisation des b\u00e2timents et l\u2019endiguement, par exemple, ne sont pas forc\u00e9ment les meilleures solutions en zone inondable. Par ailleurs, le d\u00e9bat public entre la permission ou l&#8217;interdiction de reb\u00e2tir apr\u00e8s une inondation oublie de chercher des r\u00e9ponses au-del\u00e0 de la construction conventionnelle. En fait, pour ASFQ, il est temps de b\u00e2tir autrement et d&#8217;apprendre \u00e0 mieux vivre avec l&#8217;eau.<\/span><\/p>\n<p><span style=\"font-weight: 400;\">Avec ses partenaires, ASFQ \u00e9tudie des solutions innovantes, inspir\u00e9es d&#8217;exp\u00e9riences d&#8217;ici et d&#8217;ailleurs, pour adapter les habitations et les autres infrastructures aux al\u00e9as diluviens auxquels le Qu\u00e9bec est expos\u00e9. Avec de nouvelles strat\u00e9gies de design et de construction appropri\u00e9es \u00e0 chaque contexte, les crues peuvent devenir des \u00e9v\u00e9nements aux impacts limit\u00e9s. En d\u00e9veloppant cette expertise, <span lang=\"FR-CA\">ASFQ cherche \u00e0 initier<\/span><span lang=\"FR-CA\"> un \u201cvirage bleu\u201d de la province vers l&#8217;adoption de bonnes pratiques d&#8217;architecture en zone inondable et de mesures gouvernementales permettant leur mise en oeuvre.<\/span><\/span><\/p>\n<\/div><div class=\"fusion-clearfix\"><\/div><\/div><\/div><\/div><\/div><div class=\"fusion-fullwidth fullwidth-box fusion-builder-row-6 nonhundred-percent-fullwidth non-hundred-percent-height-scrolling\" style=\"--awb-border-radius-top-left:0px;--awb-border-radius-top-right:0px;--awb-border-radius-bottom-right:0px;--awb-border-radius-bottom-left:0px;--awb-padding-top:100px;--awb-padding-right:60px;--awb-padding-bottom:100px;--awb-padding-left:60px;--awb-margin-top:0px;--awb-margin-bottom:0px;--awb-background-color:#ede4ef;--awb-flex-wrap:wrap;\" ><div class=\"fusion-builder-row fusion-row\"><div class=\"fusion-layout-column fusion_builder_column fusion-builder-column-10 fusion_builder_column_1_6 1_6 fusion-one-sixth fusion-column-first\" style=\"--awb-padding-top:30px;--awb-bg-size:cover;width:16.666666666667%;width:calc(16.666666666667% - ( ( 4% + 4% ) * 0.16666666666667 ) );margin-right: 4%;\"><div class=\"fusion-column-wrapper fusion-column-has-shadow fusion-flex-column-wrapper-legacy\"><div class=\"fusion-image-element fusion-image-align-center in-legacy-container\" style=\"text-align:center;--awb-caption-title-font-family:var(--h2_typography-font-family);--awb-caption-title-font-weight:var(--h2_typography-font-weight);--awb-caption-title-font-style:var(--h2_typography-font-style);--awb-caption-title-size:var(--h2_typography-font-size);--awb-caption-title-transform:var(--h2_typography-text-transform);--awb-caption-title-line-height:var(--h2_typography-line-height);--awb-caption-title-letter-spacing:var(--h2_typography-letter-spacing);\"><div class=\"imageframe-align-center\"><span class=\" fusion-imageframe imageframe-none imageframe-4 hover-type-none\"><img decoding=\"async\" width=\"298\" height=\"112\" title=\"Contribuez_TrapezeOrange\" src=\"https:\/\/www.asf-quebec.org\/wp-content\/uploads\/2019\/09\/Contribuez_TrapezeOrange.png\" data-orig-src=\"https:\/\/www.asf-quebec.org\/wp-content\/uploads\/2019\/09\/Contribuez_TrapezeOrange.png\" alt class=\"lazyload img-responsive wp-image-301887\" srcset=\"data:image\/svg+xml,%3Csvg%20xmlns%3D%27http%3A%2F%2Fwww.w3.org%2F2000%2Fsvg%27%20width%3D%27298%27%20height%3D%27112%27%20viewBox%3D%270%200%20298%20112%27%3E%3Crect%20width%3D%27298%27%20height%3D%27112%27%20fill-opacity%3D%220%22%2F%3E%3C%2Fsvg%3E\" data-srcset=\"https:\/\/www.asf-quebec.org\/wp-content\/uploads\/2019\/09\/Contribuez_TrapezeOrange-200x75.png 200w, https:\/\/www.asf-quebec.org\/wp-content\/uploads\/2019\/09\/Contribuez_TrapezeOrange.png 298w\" data-sizes=\"auto\" data-orig-sizes=\"(max-width: 800px) 100vw, 298px\" \/><\/span><\/div><\/div><div class=\"fusion-clearfix\"><\/div><\/div><\/div><div class=\"fusion-layout-column fusion_builder_column fusion-builder-column-11 fusion_builder_column_1_4 1_4 fusion-one-fourth\" style=\"--awb-padding-top:30px;--awb-padding-right:70px;--awb-padding-bottom:25px;--awb-padding-left:10px;--awb-bg-size:cover;--awb-margin-bottom:0px;width:25%;width:calc(25% - ( ( 4% + 4% ) * 0.25 ) );margin-right: 4%;\"><div class=\"fusion-column-wrapper fusion-column-has-shadow fusion-flex-column-wrapper-legacy\"><div class=\"fusion-image-element in-legacy-container\" style=\"--awb-caption-title-font-family:var(--h2_typography-font-family);--awb-caption-title-font-weight:var(--h2_typography-font-weight);--awb-caption-title-font-style:var(--h2_typography-font-style);--awb-caption-title-size:var(--h2_typography-font-size);--awb-caption-title-transform:var(--h2_typography-text-transform);--awb-caption-title-line-height:var(--h2_typography-line-height);--awb-caption-title-letter-spacing:var(--h2_typography-letter-spacing);\"><span class=\" fusion-imageframe imageframe-none imageframe-5 hover-type-none\"><img decoding=\"async\" width=\"473\" height=\"356\" title=\"20190430_nouvelle_RIISQ_image_FR\" src=\"https:\/\/www.asf-quebec.org\/wp-content\/uploads\/2020\/03\/20190430_nouvelle_RIISQ_image_FR.png\" data-orig-src=\"https:\/\/www.asf-quebec.org\/wp-content\/uploads\/2020\/03\/20190430_nouvelle_RIISQ_image_FR.png\" alt class=\"lazyload img-responsive wp-image-302322\" srcset=\"data:image\/svg+xml,%3Csvg%20xmlns%3D%27http%3A%2F%2Fwww.w3.org%2F2000%2Fsvg%27%20width%3D%27473%27%20height%3D%27356%27%20viewBox%3D%270%200%20473%20356%27%3E%3Crect%20width%3D%27473%27%20height%3D%27356%27%20fill-opacity%3D%220%22%2F%3E%3C%2Fsvg%3E\" data-srcset=\"https:\/\/www.asf-quebec.org\/wp-content\/uploads\/2020\/03\/20190430_nouvelle_RIISQ_image_FR-200x151.png 200w, https:\/\/www.asf-quebec.org\/wp-content\/uploads\/2020\/03\/20190430_nouvelle_RIISQ_image_FR-400x301.png 400w, https:\/\/www.asf-quebec.org\/wp-content\/uploads\/2020\/03\/20190430_nouvelle_RIISQ_image_FR.png 473w\" data-sizes=\"auto\" data-orig-sizes=\"(max-width: 800px) 100vw, 400px\" \/><\/span><\/div><div class=\"fusion-clearfix\"><\/div><\/div><\/div><div class=\"fusion-layout-column fusion_builder_column fusion-builder-column-12 fusion_builder_column_1_2 1_2 fusion-one-half fusion-column-last\" style=\"--awb-padding-top:35px;--awb-bg-size:cover;--awb-margin-bottom:0px;width:50%;width:calc(50% - ( ( 4% + 4% ) * 0.5 ) );\"><div class=\"fusion-column-wrapper fusion-column-has-shadow fusion-flex-column-wrapper-legacy\"><div class=\"fusion-text fusion-text-12\"><h2><strong><span style=\"color: #333333;\">Notre affiliation<\/span><\/strong><\/h2>\n<\/div><div class=\"fusion-sep-clear\"><\/div><div class=\"fusion-separator fusion-full-width-sep\" style=\"margin-left: auto;margin-right: auto;margin-top:20px;margin-bottom:0px;width:100%;\"><div class=\"fusion-separator-border sep-double\" style=\"--awb-height:20px;--awb-amount:20px;border-color:#e0dede;border-top-width:0px;border-bottom-width:0px;\"><\/div><\/div><div class=\"fusion-sep-clear\"><\/div><div class=\"fusion-text fusion-text-13\"><p>ASFQ est membre du <a href=\"https:\/\/riisq.ca\/\">R\u00e9seau Inondations InterSectoriel du Qu\u00e9bec<\/a> (RIISQ), une plateforme d\u2019\u00e9changes interdisciplinaires visant \u00e0 r\u00e9soudre le probl\u00e8me complexe des inondations en renfor\u00e7ant les capacit\u00e9s du Qu\u00e9bec en mati\u00e8re de r\u00e9silience diluvienne. Financ\u00e9 par le Fonds de recherche du Qu\u00e9bec, le RIISQ regroupe des intervenants gouvernementaux, des partenaires socio-\u00e9conomiques et des chercheurs de tous les domaines. ASFQ travaille au sein du r\u00e9seau pour d\u00e9velopper des partenariats et valoriser la contribution du secteur de l&#8217;architecture.<\/p>\n<\/div><div class=\"fusion-clearfix\"><\/div><\/div><\/div><\/div><\/div><div class=\"fusion-fullwidth fullwidth-box fusion-builder-row-7 nonhundred-percent-fullwidth non-hundred-percent-height-scrolling fusion-equal-height-columns\" style=\"--awb-border-radius-top-left:0px;--awb-border-radius-top-right:0px;--awb-border-radius-bottom-right:0px;--awb-border-radius-bottom-left:0px;--awb-padding-top:100px;--awb-padding-right:50px;--awb-padding-bottom:40px;--awb-padding-left:50px;--awb-flex-wrap:wrap;\" ><div class=\"fusion-builder-row fusion-row\"><div class=\"fusion-layout-column fusion_builder_column fusion-builder-column-13 fusion_builder_column_3_4 3_4 fusion-three-fourth fusion-column-first\" style=\"--awb-padding-right:100px;--awb-padding-left:30px;--awb-bg-size:cover;width:75%;width:calc(75% - ( ( 4% ) * 0.75 ) );margin-right: 4%;\"><div class=\"fusion-column-wrapper fusion-column-has-shadow fusion-flex-column-wrapper-legacy\"><div class=\"fusion-column-content-centered\"><div class=\"fusion-column-content\"><div class=\"fusion-text fusion-text-14\"><h2 style=\"text-align: left;\"><span style=\"color: #333333;\"><strong>Partenaires du programme<\/strong><\/span><\/h2>\n<\/div><div class=\"fusion-sep-clear\"><\/div><div class=\"fusion-separator\" style=\"margin-left: auto;margin-right: auto;margin-top:20px;margin-bottom:20px;width:100%;max-width:20px;\"><div class=\"fusion-separator-border sep-double\" style=\"--awb-height:20px;--awb-amount:20px;--awb-sep-color:rgba(224,222,222,0);border-color:rgba(224,222,222,0);border-top-width:0px;border-bottom-width:0px;\"><\/div><\/div><div class=\"fusion-sep-clear\"><\/div><div class=\"fusion-image-carousel fusion-image-carousel-auto fusion-image-carousel-1\"><div class=\"awb-carousel awb-swiper awb-swiper-carousel awb-carousel--carousel awb-swiper-dots-position-bottom\" data-layout=\"carousel\" data-autoplay=\"no\" data-autoplayspeed=\"2500\" data-autoplaypause=\"no\" data-columns=\"4\" data-columnsmedium=\"1\" data-columnssmall=\"1\" data-itemmargin=\"46\" data-itemwidth=\"180\" data-touchscroll=\"no\" data-freemode=\"no\" data-imagesize=\"auto\" data-scrollitems=\"0\" data-centeredslides=\"no\" data-rotationangle=\"50\" data-depth=\"100\" data-speed=\"500\" data-shadow=\"no\" data-pagination=\"bullets\" style=\"--awb-columns:4;--awb-column-spacing:46px;\"><div class=\"swiper-wrapper awb-image-carousel-wrapper fusion-flex-align-items-center\"><div class=\"swiper-slide\"><div class=\"fusion-carousel-item-wrapper\"><div class=\"fusion-image-wrapper hover-type-none\"><img decoding=\"async\" width=\"1230\" height=\"580\" src=\"https:\/\/www.asf-quebec.org\/wp-content\/uploads\/2020\/03\/UdeM-officiel-CMJN.jpg\" class=\"attachment-full size-full lazyload\" alt=\"\" srcset=\"data:image\/svg+xml,%3Csvg%20xmlns%3D%27http%3A%2F%2Fwww.w3.org%2F2000%2Fsvg%27%20width%3D%271230%27%20height%3D%27580%27%20viewBox%3D%270%200%201230%20580%27%3E%3Crect%20width%3D%271230%27%20height%3D%27580%27%20fill-opacity%3D%220%22%2F%3E%3C%2Fsvg%3E\" data-orig-src=\"https:\/\/www.asf-quebec.org\/wp-content\/uploads\/2020\/03\/UdeM-officiel-CMJN.jpg\" data-srcset=\"https:\/\/www.asf-quebec.org\/wp-content\/uploads\/2020\/03\/UdeM-officiel-CMJN-200x94.jpg 200w, https:\/\/www.asf-quebec.org\/wp-content\/uploads\/2020\/03\/UdeM-officiel-CMJN-400x189.jpg 400w, https:\/\/www.asf-quebec.org\/wp-content\/uploads\/2020\/03\/UdeM-officiel-CMJN-600x283.jpg 600w, https:\/\/www.asf-quebec.org\/wp-content\/uploads\/2020\/03\/UdeM-officiel-CMJN-800x377.jpg 800w, https:\/\/www.asf-quebec.org\/wp-content\/uploads\/2020\/03\/UdeM-officiel-CMJN-1200x566.jpg 1200w, https:\/\/www.asf-quebec.org\/wp-content\/uploads\/2020\/03\/UdeM-officiel-CMJN.jpg 1230w\" data-sizes=\"auto\" \/><\/div><\/div><\/div><div class=\"swiper-slide\"><div class=\"fusion-carousel-item-wrapper\"><div class=\"fusion-image-wrapper hover-type-none\"><img decoding=\"async\" width=\"469\" height=\"225\" src=\"https:\/\/www.asf-quebec.org\/wp-content\/uploads\/2020\/03\/image.jpg\" class=\"attachment-full size-full lazyload\" alt=\"\" srcset=\"data:image\/svg+xml,%3Csvg%20xmlns%3D%27http%3A%2F%2Fwww.w3.org%2F2000%2Fsvg%27%20width%3D%27469%27%20height%3D%27225%27%20viewBox%3D%270%200%20469%20225%27%3E%3Crect%20width%3D%27469%27%20height%3D%27225%27%20fill-opacity%3D%220%22%2F%3E%3C%2Fsvg%3E\" data-orig-src=\"https:\/\/www.asf-quebec.org\/wp-content\/uploads\/2020\/03\/image.jpg\" data-srcset=\"https:\/\/www.asf-quebec.org\/wp-content\/uploads\/2020\/03\/image-200x96.jpg 200w, https:\/\/www.asf-quebec.org\/wp-content\/uploads\/2020\/03\/image-400x192.jpg 400w, https:\/\/www.asf-quebec.org\/wp-content\/uploads\/2020\/03\/image.jpg 469w\" data-sizes=\"auto\" \/><\/div><\/div><\/div><div class=\"swiper-slide\"><div class=\"fusion-carousel-item-wrapper\"><div class=\"fusion-image-wrapper hover-type-none\"><img decoding=\"async\" width=\"1035\" height=\"396\" src=\"https:\/\/www.asf-quebec.org\/wp-content\/uploads\/2020\/03\/shq_couleur.jpg\" class=\"attachment-full size-full lazyload\" alt=\"\" srcset=\"data:image\/svg+xml,%3Csvg%20xmlns%3D%27http%3A%2F%2Fwww.w3.org%2F2000%2Fsvg%27%20width%3D%271035%27%20height%3D%27396%27%20viewBox%3D%270%200%201035%20396%27%3E%3Crect%20width%3D%271035%27%20height%3D%27396%27%20fill-opacity%3D%220%22%2F%3E%3C%2Fsvg%3E\" data-orig-src=\"https:\/\/www.asf-quebec.org\/wp-content\/uploads\/2020\/03\/shq_couleur.jpg\" data-srcset=\"https:\/\/www.asf-quebec.org\/wp-content\/uploads\/2020\/03\/shq_couleur-200x77.jpg 200w, https:\/\/www.asf-quebec.org\/wp-content\/uploads\/2020\/03\/shq_couleur-400x153.jpg 400w, https:\/\/www.asf-quebec.org\/wp-content\/uploads\/2020\/03\/shq_couleur-600x230.jpg 600w, https:\/\/www.asf-quebec.org\/wp-content\/uploads\/2020\/03\/shq_couleur-800x306.jpg 800w, https:\/\/www.asf-quebec.org\/wp-content\/uploads\/2020\/03\/shq_couleur.jpg 1035w\" data-sizes=\"auto\" \/><\/div><\/div><\/div><div class=\"swiper-slide\"><div class=\"fusion-carousel-item-wrapper\"><div class=\"fusion-image-wrapper hover-type-none\"><img decoding=\"async\" width=\"1160\" height=\"504\" src=\"https:\/\/www.asf-quebec.org\/wp-content\/uploads\/2020\/03\/fp5p2zuk.png\" class=\"attachment-full size-full lazyload\" alt=\"\" srcset=\"data:image\/svg+xml,%3Csvg%20xmlns%3D%27http%3A%2F%2Fwww.w3.org%2F2000%2Fsvg%27%20width%3D%271160%27%20height%3D%27504%27%20viewBox%3D%270%200%201160%20504%27%3E%3Crect%20width%3D%271160%27%20height%3D%27504%27%20fill-opacity%3D%220%22%2F%3E%3C%2Fsvg%3E\" data-orig-src=\"https:\/\/www.asf-quebec.org\/wp-content\/uploads\/2020\/03\/fp5p2zuk.png\" data-srcset=\"https:\/\/www.asf-quebec.org\/wp-content\/uploads\/2020\/03\/fp5p2zuk-200x87.png 200w, https:\/\/www.asf-quebec.org\/wp-content\/uploads\/2020\/03\/fp5p2zuk-400x174.png 400w, https:\/\/www.asf-quebec.org\/wp-content\/uploads\/2020\/03\/fp5p2zuk-600x261.png 600w, https:\/\/www.asf-quebec.org\/wp-content\/uploads\/2020\/03\/fp5p2zuk-800x348.png 800w, https:\/\/www.asf-quebec.org\/wp-content\/uploads\/2020\/03\/fp5p2zuk.png 1160w\" data-sizes=\"auto\" \/><\/div><\/div><\/div><\/div><\/div><\/div><\/div><\/div><div class=\"fusion-clearfix\"><\/div><\/div><\/div><div class=\"fusion-layout-column fusion_builder_column fusion-builder-column-14 fusion_builder_column_1_4 1_4 fusion-one-fourth fusion-column-last\" style=\"--awb-bg-size:cover;width:25%;width:calc(25% - ( ( 4% ) * 0.25 ) );\"><div class=\"fusion-column-wrapper fusion-column-has-shadow fusion-flex-column-wrapper-legacy\"><div class=\"fusion-image-element fusion-image-align-center in-legacy-container\" style=\"text-align:center;--awb-max-width:160px;--awb-caption-title-font-family:var(--h2_typography-font-family);--awb-caption-title-font-weight:var(--h2_typography-font-weight);--awb-caption-title-font-style:var(--h2_typography-font-style);--awb-caption-title-size:var(--h2_typography-font-size);--awb-caption-title-transform:var(--h2_typography-text-transform);--awb-caption-title-line-height:var(--h2_typography-line-height);--awb-caption-title-letter-spacing:var(--h2_typography-letter-spacing);\"><div class=\"imageframe-align-center\"><span class=\" fusion-imageframe imageframe-none imageframe-6 hover-type-zoomin\"><img decoding=\"async\" width=\"260\" height=\"260\" title=\"pictos_Zoom-01\" src=\"https:\/\/www.asf-quebec.org\/wp-content\/uploads\/2020\/04\/pictos_Zoom-01.png\" data-orig-src=\"https:\/\/www.asf-quebec.org\/wp-content\/uploads\/2020\/04\/pictos_Zoom-01.png\" alt class=\"lazyload img-responsive wp-image-302350\" srcset=\"data:image\/svg+xml,%3Csvg%20xmlns%3D%27http%3A%2F%2Fwww.w3.org%2F2000%2Fsvg%27%20width%3D%27260%27%20height%3D%27260%27%20viewBox%3D%270%200%20260%20260%27%3E%3Crect%20width%3D%27260%27%20height%3D%27260%27%20fill-opacity%3D%220%22%2F%3E%3C%2Fsvg%3E\" data-srcset=\"https:\/\/www.asf-quebec.org\/wp-content\/uploads\/2020\/04\/pictos_Zoom-01-200x200.png 200w, https:\/\/www.asf-quebec.org\/wp-content\/uploads\/2020\/04\/pictos_Zoom-01.png 260w\" data-sizes=\"auto\" data-orig-sizes=\"(max-width: 800px) 100vw, 260px\" \/><\/span><\/div><\/div><div class=\"fusion-sep-clear\"><\/div><div class=\"fusion-separator\" style=\"margin-left: auto;margin-right: auto;margin-top:10px;margin-bottom:5px;width:100%;max-width:20px;\"><div class=\"fusion-separator-border sep-double\" style=\"--awb-height:20px;--awb-amount:20px;--awb-sep-color:rgba(224,222,222,0);border-color:rgba(224,222,222,0);border-top-width:0px;border-bottom-width:0px;\"><\/div><\/div><div class=\"fusion-sep-clear\"><\/div><div class=\"fusion-text fusion-text-15\"><p style=\"text-align: center;\">Vous \u00eates un partenaire du secteur et souhaitez en savoir plus sur notre programme ?<\/p>\n<\/div><div class=\"fusion-sep-clear\"><\/div><div class=\"fusion-separator\" style=\"margin-left: auto;margin-right: auto;margin-top:0px;margin-bottom:0px;width:100%;max-width:0px;\"><div class=\"fusion-separator-border sep-double\" style=\"--awb-height:20px;--awb-amount:20px;--awb-sep-color:rgba(224,222,222,0);border-color:rgba(224,222,222,0);border-top-width:0px;border-bottom-width:0px;\"><\/div><\/div><div class=\"fusion-sep-clear\"><\/div><div class=\"fusion-aligncenter\"><a class=\"fusion-button button-flat fusion-button-default-size button-custom fusion-button-default button-1 fusion-button-default-span fusion-button-default-type\" style=\"--button_accent_color:#000000;--button_accent_hover_color:#ffffff;--button_border_hover_color:#ffffff;--button_border_width-top:1px;--button_border_width-right:1px;--button_border_width-bottom:1px;--button_border_width-left:1px;--button_gradient_top_color:#ffffff;--button_gradient_bottom_color:#ffffff;--button_gradient_top_color_hover:#996699;--button_gradient_bottom_color_hover:#996699;\" target=\"_self\" href=\"mailto: info@asf-quebec.org\"><span class=\"fusion-button-text awb-button__text awb-button__text--default\">CONTACTEZ-NOUS<\/span><\/a><\/div><div class=\"fusion-clearfix\"><\/div><\/div><\/div><\/div><\/div><div class=\"fusion-fullwidth fullwidth-box fusion-builder-row-8 nonhundred-percent-fullwidth non-hundred-percent-height-scrolling\" style=\"--awb-border-radius-top-left:0px;--awb-border-radius-top-right:0px;--awb-border-radius-bottom-right:0px;--awb-border-radius-bottom-left:0px;--awb-padding-top:40px;--awb-padding-bottom:40px;--awb-margin-top:0px;--awb-margin-bottom:0px;--awb-background-color:#ede4ef;--awb-flex-wrap:wrap;\" ><div class=\"fusion-builder-row fusion-row\"><div class=\"fusion-layout-column fusion_builder_column fusion-builder-column-15 fusion_builder_column_1_1 1_1 fusion-one-full fusion-column-first fusion-column-last\" style=\"--awb-padding-top:50px;--awb-bg-size:cover;\"><div class=\"fusion-column-wrapper fusion-column-has-shadow fusion-flex-column-wrapper-legacy\"><div class=\"fusion-text fusion-text-16\"><h2><\/h2>\n<h2><strong><span style=\"color: #333333;\">Actualit\u00e9s du programme<\/span><\/strong><\/h2>\n<\/div><div class=\"fusion-sep-clear\"><\/div><div class=\"fusion-separator fusion-full-width-sep\" style=\"margin-left: auto;margin-right: auto;margin-top:10px;margin-bottom:10px;width:100%;\"><div class=\"fusion-separator-border sep-double\" style=\"--awb-height:20px;--awb-amount:20px;border-color:#e0dede;border-top-width:0px;border-bottom-width:0px;\"><\/div><\/div><div class=\"fusion-sep-clear\"><\/div><div class=\"fusion-recent-posts fusion-recent-posts-1 avada-container layout-default layout-columns-5 fusion-recent-posts-left\"><section class=\"fusion-columns columns fusion-columns-5 columns-5\"><article class=\"post fusion-column column col-lg-2 col-md-2 col-sm-2\"><div class=\"fusion-flexslider fusion-flexslider-loading flexslider flexslider-hover-type-liftup\"><ul class=\"slides\"><li><a href=\"https:\/\/www.asf-quebec.org\/en\/entretien-avec-joan-razafimaharo-architecte-malgache-engagee\/\" aria-label=\"Portrait de Joan Razafimaharo, architecte malgache engag\u00e9e\" class=\"hover-type-liftup\"><img decoding=\"async\" width=\"1936\" height=\"1195\" src=\"https:\/\/www.asf-quebec.org\/wp-content\/uploads\/2021\/03\/Joan2.jpg\" class=\"attachment-full size-full lazyload\" alt=\"\" srcset=\"data:image\/svg+xml,%3Csvg%20xmlns%3D%27http%3A%2F%2Fwww.w3.org%2F2000%2Fsvg%27%20width%3D%271936%27%20height%3D%271195%27%20viewBox%3D%270%200%201936%201195%27%3E%3Crect%20width%3D%271936%27%20height%3D%271195%27%20fill-opacity%3D%220%22%2F%3E%3C%2Fsvg%3E\" data-orig-src=\"https:\/\/www.asf-quebec.org\/wp-content\/uploads\/2021\/03\/Joan2.jpg\" data-srcset=\"https:\/\/www.asf-quebec.org\/wp-content\/uploads\/2021\/03\/Joan2-200x123.jpg 200w, https:\/\/www.asf-quebec.org\/wp-content\/uploads\/2021\/03\/Joan2-400x247.jpg 400w, https:\/\/www.asf-quebec.org\/wp-content\/uploads\/2021\/03\/Joan2-600x370.jpg 600w, https:\/\/www.asf-quebec.org\/wp-content\/uploads\/2021\/03\/Joan2-800x494.jpg 800w, https:\/\/www.asf-quebec.org\/wp-content\/uploads\/2021\/03\/Joan2-1200x741.jpg 1200w, https:\/\/www.asf-quebec.org\/wp-content\/uploads\/2021\/03\/Joan2.jpg 1936w\" data-sizes=\"auto\" \/><\/a><\/li><\/ul><\/div><div class=\"recent-posts-content\"><span class=\"vcard\" style=\"display: none;\"><span class=\"fn\"><a href=\"https:\/\/www.asf-quebec.org\/en\/\" title=\"Posts by asf-quebec\" rel=\"author\">asf-quebec<\/a><\/span><\/span><span class=\"updated\" style=\"display:none;\">2021-03-16T16:18:15-04:00<\/span><h4 class=\"entry-title\"><a href=\"https:\/\/www.asf-quebec.org\/en\/entretien-avec-joan-razafimaharo-architecte-malgache-engagee\/\">Portrait de Joan Razafimaharo, architecte malgache engag\u00e9e<\/a><\/h4><p>Pour Joan, travailler sur le projet d\u2019Ambatofotsy avec ASFQ est un retour aux sources, non seulement parce qu\u2019il se situe<a href=\"https:\/\/www.asf-quebec.org\/en\/entretien-avec-joan-razafimaharo-architecte-malgache-engagee\/\"> [...]<\/a><\/p><\/div><\/article><article class=\"post fusion-column column col-lg-2 col-md-2 col-sm-2\"><div class=\"fusion-flexslider fusion-flexslider-loading flexslider flexslider-hover-type-liftup\"><ul class=\"slides\"><li><a href=\"https:\/\/www.asf-quebec.org\/en\/appel-a-idees-design-anti-pandemique-et-transformation-a-long-terme-des-commerces\/\" aria-label=\"Appel \u00e0 id\u00e9es &#8211; Design anti-pand\u00e9mique et transformation \u00e0 long terme des commerces\" class=\"hover-type-liftup\"><img decoding=\"async\" width=\"970\" height=\"545\" src=\"https:\/\/www.asf-quebec.org\/wp-content\/uploads\/2020\/09\/Ide\u0301es.jpg\" class=\"attachment-full size-full lazyload\" alt=\"\" srcset=\"data:image\/svg+xml,%3Csvg%20xmlns%3D%27http%3A%2F%2Fwww.w3.org%2F2000%2Fsvg%27%20width%3D%27970%27%20height%3D%27545%27%20viewBox%3D%270%200%20970%20545%27%3E%3Crect%20width%3D%27970%27%20height%3D%27545%27%20fill-opacity%3D%220%22%2F%3E%3C%2Fsvg%3E\" data-orig-src=\"https:\/\/www.asf-quebec.org\/wp-content\/uploads\/2020\/09\/Ide\u0301es.jpg\" data-srcset=\"https:\/\/www.asf-quebec.org\/wp-content\/uploads\/2020\/09\/Ide\u0301es-200x112.jpg 200w, https:\/\/www.asf-quebec.org\/wp-content\/uploads\/2020\/09\/Ide\u0301es-400x225.jpg 400w, https:\/\/www.asf-quebec.org\/wp-content\/uploads\/2020\/09\/Ide\u0301es-600x337.jpg 600w, https:\/\/www.asf-quebec.org\/wp-content\/uploads\/2020\/09\/Ide\u0301es-800x449.jpg 800w, https:\/\/www.asf-quebec.org\/wp-content\/uploads\/2020\/09\/Ide\u0301es.jpg 970w\" data-sizes=\"auto\" \/><\/a><\/li><\/ul><\/div><div class=\"recent-posts-content\"><span class=\"vcard\" style=\"display: none;\"><span class=\"fn\"><a href=\"https:\/\/www.asf-quebec.org\/en\/\" title=\"Posts by asf-quebec\" rel=\"author\">asf-quebec<\/a><\/span><\/span><span class=\"updated\" style=\"display:none;\">2020-09-30T18:35:58-04:00<\/span><h4 class=\"entry-title\"><a href=\"https:\/\/www.asf-quebec.org\/en\/appel-a-idees-design-anti-pandemique-et-transformation-a-long-terme-des-commerces\/\">Appel \u00e0 id\u00e9es &#8211; Design anti-pand\u00e9mique et transformation \u00e0 long terme des commerces<\/a><\/h4><p>Quelles sont vos id\u00e9es pour adapter les commerces \u00e0 la nouvelle normalit\u00e9 impos\u00e9e par la COVID-19? Comment repenser les commerces<a href=\"https:\/\/www.asf-quebec.org\/en\/appel-a-idees-design-anti-pandemique-et-transformation-a-long-terme-des-commerces\/\"> [...]<\/a><\/p><\/div><\/article><article class=\"post fusion-column column col-lg-2 col-md-2 col-sm-2\"><div class=\"fusion-flexslider fusion-flexslider-loading flexslider flexslider-hover-type-liftup\"><ul class=\"slides\"><li><a href=\"https:\/\/www.asf-quebec.org\/en\/recherche-dun%c2%b7e-architecte-benevole-pour-un-projet-en-sante-en-republique-democratique-du-congo-rdc\/\" aria-label=\"Recherch\u00e9 : architecte b\u00e9n\u00e9vole pour un projet en R\u00e9publique d\u00e9mocratique du Congo (RDC)\" class=\"hover-type-liftup\"><img decoding=\"async\" width=\"750\" height=\"300\" src=\"https:\/\/www.asf-quebec.org\/wp-content\/uploads\/2020\/01\/CCISD_3-750x300.jpg\" class=\"attachment-full size-full lazyload\" alt=\"\" srcset=\"data:image\/svg+xml,%3Csvg%20xmlns%3D%27http%3A%2F%2Fwww.w3.org%2F2000%2Fsvg%27%20width%3D%27750%27%20height%3D%27300%27%20viewBox%3D%270%200%20750%20300%27%3E%3Crect%20width%3D%27750%27%20height%3D%27300%27%20fill-opacity%3D%220%22%2F%3E%3C%2Fsvg%3E\" data-orig-src=\"https:\/\/www.asf-quebec.org\/wp-content\/uploads\/2020\/01\/CCISD_3-750x300.jpg\" data-srcset=\"https:\/\/www.asf-quebec.org\/wp-content\/uploads\/2020\/01\/CCISD_3-750x300-200x80.jpg 200w, https:\/\/www.asf-quebec.org\/wp-content\/uploads\/2020\/01\/CCISD_3-750x300-400x160.jpg 400w, https:\/\/www.asf-quebec.org\/wp-content\/uploads\/2020\/01\/CCISD_3-750x300-600x240.jpg 600w\" data-sizes=\"auto\" \/><\/a><\/li><\/ul><\/div><div class=\"recent-posts-content\"><span class=\"vcard\" style=\"display: none;\"><span class=\"fn\"><a href=\"https:\/\/www.asf-quebec.org\/en\/\" title=\"Posts by asf-quebec\" rel=\"author\">asf-quebec<\/a><\/span><\/span><span class=\"updated\" style=\"display:none;\">2020-04-30T01:08:48-04:00<\/span><h4 class=\"entry-title\"><a href=\"https:\/\/www.asf-quebec.org\/en\/recherche-dun%c2%b7e-architecte-benevole-pour-un-projet-en-sante-en-republique-democratique-du-congo-rdc\/\">Recherch\u00e9 : architecte b\u00e9n\u00e9vole pour un projet en R\u00e9publique d\u00e9mocratique du Congo (RDC)<\/a><\/h4><p>Type de fonction : Architecte pour le projet Acc\u00e8s aux services de sant\u00e9 \u00e0 Kinshasa (ASSK) mis en \u0153uvre par<a href=\"https:\/\/www.asf-quebec.org\/en\/recherche-dun%c2%b7e-architecte-benevole-pour-un-projet-en-sante-en-republique-democratique-du-congo-rdc\/\"> [...]<\/a><\/p><\/div><\/article><article class=\"post fusion-column column col-lg-2 col-md-2 col-sm-2\"><div class=\"fusion-flexslider fusion-flexslider-loading flexslider flexslider-hover-type-liftup\"><ul class=\"slides\"><li><a href=\"https:\/\/www.asf-quebec.org\/en\/amenagement-anti-covid-19-du-pavillon-patricia-makenzie-de-la-mission-old-brewery\/\" aria-label=\"Am\u00e9nagement anti-COVID-19 du Pavillon Patricia Makenzie de la Mission Old Brewery\" class=\"hover-type-liftup\"><img decoding=\"async\" width=\"1496\" height=\"550\" src=\"https:\/\/www.asf-quebec.org\/wp-content\/uploads\/2020\/04\/Pavillon-Makenzie_Murale.jpg\" class=\"attachment-full size-full lazyload\" alt=\"\" srcset=\"data:image\/svg+xml,%3Csvg%20xmlns%3D%27http%3A%2F%2Fwww.w3.org%2F2000%2Fsvg%27%20width%3D%271496%27%20height%3D%27550%27%20viewBox%3D%270%200%201496%20550%27%3E%3Crect%20width%3D%271496%27%20height%3D%27550%27%20fill-opacity%3D%220%22%2F%3E%3C%2Fsvg%3E\" data-orig-src=\"https:\/\/www.asf-quebec.org\/wp-content\/uploads\/2020\/04\/Pavillon-Makenzie_Murale.jpg\" data-srcset=\"https:\/\/www.asf-quebec.org\/wp-content\/uploads\/2020\/04\/Pavillon-Makenzie_Murale-200x74.jpg 200w, https:\/\/www.asf-quebec.org\/wp-content\/uploads\/2020\/04\/Pavillon-Makenzie_Murale-400x147.jpg 400w, https:\/\/www.asf-quebec.org\/wp-content\/uploads\/2020\/04\/Pavillon-Makenzie_Murale-600x221.jpg 600w, https:\/\/www.asf-quebec.org\/wp-content\/uploads\/2020\/04\/Pavillon-Makenzie_Murale-800x294.jpg 800w, https:\/\/www.asf-quebec.org\/wp-content\/uploads\/2020\/04\/Pavillon-Makenzie_Murale-1200x441.jpg 1200w, https:\/\/www.asf-quebec.org\/wp-content\/uploads\/2020\/04\/Pavillon-Makenzie_Murale.jpg 1496w\" data-sizes=\"auto\" \/><\/a><\/li><\/ul><\/div><div class=\"recent-posts-content\"><span class=\"vcard\" style=\"display: none;\"><span class=\"fn\"><a href=\"https:\/\/www.asf-quebec.org\/en\/\" title=\"Posts by asf-quebec\" rel=\"author\">asf-quebec<\/a><\/span><\/span><span class=\"updated\" style=\"display:none;\">2020-04-29T19:23:19-04:00<\/span><h4 class=\"entry-title\"><a href=\"https:\/\/www.asf-quebec.org\/en\/amenagement-anti-covid-19-du-pavillon-patricia-makenzie-de-la-mission-old-brewery\/\">Am\u00e9nagement anti-COVID-19 du Pavillon Patricia Makenzie de la Mission Old Brewery<\/a><\/h4><p>Un article de Cl\u00e9mentine Viel, r\u00e9dactrice b\u00e9n\u00e9vole. Le pavillon Patricia Mackenzie est un lieu d\u2019accueil d\u2019urgence d\u00e9di\u00e9 aux femmes \u00e0<a href=\"https:\/\/www.asf-quebec.org\/en\/amenagement-anti-covid-19-du-pavillon-patricia-makenzie-de-la-mission-old-brewery\/\"> [...]<\/a><\/p><\/div><\/article><article class=\"post fusion-column column col-lg-2 col-md-2 col-sm-2\"><div class=\"fusion-flexslider fusion-flexslider-loading flexslider flexslider-hover-type-liftup\"><ul class=\"slides\"><li><a href=\"https:\/\/www.asf-quebec.org\/en\/nathan-barre-stagiaire-en-architecture-sur-le-programme-de-solidarite-urbaine\/\" aria-label=\"Nathan Barr\u00e9, stagiaire en architecture sur le programme de Solidarit\u00e9 Urbaine\" class=\"hover-type-liftup\"><img decoding=\"async\" width=\"4823\" height=\"2240\" src=\"https:\/\/www.asf-quebec.org\/wp-content\/uploads\/2020\/04\/Nathan-Barre_portrait.jpg\" class=\"attachment-full size-full lazyload\" alt=\"\" srcset=\"data:image\/svg+xml,%3Csvg%20xmlns%3D%27http%3A%2F%2Fwww.w3.org%2F2000%2Fsvg%27%20width%3D%274823%27%20height%3D%272240%27%20viewBox%3D%270%200%204823%202240%27%3E%3Crect%20width%3D%274823%27%20height%3D%272240%27%20fill-opacity%3D%220%22%2F%3E%3C%2Fsvg%3E\" data-orig-src=\"https:\/\/www.asf-quebec.org\/wp-content\/uploads\/2020\/04\/Nathan-Barre_portrait.jpg\" data-srcset=\"https:\/\/www.asf-quebec.org\/wp-content\/uploads\/2020\/04\/Nathan-Barre_portrait-200x93.jpg 200w, https:\/\/www.asf-quebec.org\/wp-content\/uploads\/2020\/04\/Nathan-Barre_portrait-400x186.jpg 400w, https:\/\/www.asf-quebec.org\/wp-content\/uploads\/2020\/04\/Nathan-Barre_portrait-600x279.jpg 600w, https:\/\/www.asf-quebec.org\/wp-content\/uploads\/2020\/04\/Nathan-Barre_portrait-800x372.jpg 800w, https:\/\/www.asf-quebec.org\/wp-content\/uploads\/2020\/04\/Nathan-Barre_portrait-1200x557.jpg 1200w, https:\/\/www.asf-quebec.org\/wp-content\/uploads\/2020\/04\/Nathan-Barre_portrait.jpg 4823w\" data-sizes=\"auto\" \/><\/a><\/li><\/ul><\/div><div class=\"recent-posts-content\"><span class=\"vcard\" style=\"display: none;\"><span class=\"fn\"><a href=\"https:\/\/www.asf-quebec.org\/en\/\" title=\"Posts by asf-quebec\" rel=\"author\">asf-quebec<\/a><\/span><\/span><span class=\"updated\" style=\"display:none;\">2020-03-29T20:11:53-04:00<\/span><h4 class=\"entry-title\"><a href=\"https:\/\/www.asf-quebec.org\/en\/nathan-barre-stagiaire-en-architecture-sur-le-programme-de-solidarite-urbaine\/\">Nathan Barr\u00e9, stagiaire en architecture sur le programme de Solidarit\u00e9 Urbaine<\/a><\/h4><p>Entretien avec St\u00e9phanie Roy et r\u00e9daction de Cl\u00e9mentine Viel. ASFQ ne pourrait fonctionner sans les b\u00e9n\u00e9voles, coop\u00e9rants volontaires et stagiaires<a href=\"https:\/\/www.asf-quebec.org\/en\/nathan-barre-stagiaire-en-architecture-sur-le-programme-de-solidarite-urbaine\/\"> [...]<\/a><\/p><\/div><\/article><\/section><\/div><div class=\"fusion-clearfix\"><\/div><\/div><\/div><\/div><\/div><div class=\"fusion-fullwidth fullwidth-box fusion-builder-row-9 nonhundred-percent-fullwidth non-hundred-percent-height-scrolling\" style=\"--awb-border-radius-top-left:0px;--awb-border-radius-top-right:0px;--awb-border-radius-bottom-right:0px;--awb-border-radius-bottom-left:0px;--awb-margin-top:100px;--awb-margin-bottom:70px;--awb-flex-wrap:wrap;\" ><div class=\"fusion-builder-row fusion-row\"><div class=\"fusion-layout-column fusion_builder_column fusion-builder-column-16 fusion_builder_column_1_1 1_1 fusion-one-full fusion-column-first fusion-column-last\" style=\"--awb-bg-size:cover;\"><div class=\"fusion-column-wrapper fusion-column-has-shadow fusion-flex-column-wrapper-legacy\"><div class=\"fusion-text fusion-text-17\"><h2><strong>Our other programs<\/strong><\/h2>\n<\/div><div class=\"fusion-sep-clear\"><\/div><div class=\"fusion-separator\" style=\"margin-left: auto;margin-right: auto;margin-top:15px;margin-bottom:15px;width:100%;max-width:20px;\"><div class=\"fusion-separator-border sep-double\" style=\"--awb-height:20px;--awb-amount:20px;--awb-sep-color:rgba(224,222,222,0);border-color:rgba(224,222,222,0);border-top-width:0px;border-bottom-width:0px;\"><\/div><\/div><div class=\"fusion-sep-clear\"><\/div><div class=\"fusion-clearfix\"><\/div><\/div><\/div><div class=\"fusion-layout-column fusion_builder_column fusion-builder-column-17 fusion_builder_column_1_6 1_6 fusion-one-sixth fusion-column-first\" style=\"--awb-bg-size:cover;--awb-margin-bottom:0px;width:16.666666666667%;width:calc(16.666666666667% - ( ( 4% + 4% + 4% + 4% + 4% ) * 0.16666666666667 ) );margin-right: 4%;\"><div class=\"fusion-column-wrapper fusion-column-has-shadow fusion-flex-column-wrapper-legacy\"><div class=\"fusion-image-element fusion-image-align-center in-legacy-container\" style=\"text-align:center;--awb-max-width:160px;--awb-caption-title-font-family:var(--h2_typography-font-family);--awb-caption-title-font-weight:var(--h2_typography-font-weight);--awb-caption-title-font-style:var(--h2_typography-font-style);--awb-caption-title-size:var(--h2_typography-font-size);--awb-caption-title-transform:var(--h2_typography-text-transform);--awb-caption-title-line-height:var(--h2_typography-line-height);--awb-caption-title-letter-spacing:var(--h2_typography-letter-spacing);\"><div class=\"imageframe-align-center\"><span class=\" fusion-imageframe imageframe-none imageframe-7 hover-type-zoomin\"><a class=\"fusion-no-lightbox\" href=\"https:\/\/www.asf-quebec.org\/en\/our-programs\/international-cooperation\/\" target=\"_self\" aria-label=\"pictos_Zoom-05\"><img decoding=\"async\" width=\"260\" height=\"260\" src=\"https:\/\/www.asf-quebec.org\/wp-content\/uploads\/2020\/04\/pictos_Zoom-05.png\" data-orig-src=\"https:\/\/www.asf-quebec.org\/wp-content\/uploads\/2020\/04\/pictos_Zoom-05.png\" alt class=\"lazyload img-responsive wp-image-302346\" srcset=\"data:image\/svg+xml,%3Csvg%20xmlns%3D%27http%3A%2F%2Fwww.w3.org%2F2000%2Fsvg%27%20width%3D%27260%27%20height%3D%27260%27%20viewBox%3D%270%200%20260%20260%27%3E%3Crect%20width%3D%27260%27%20height%3D%27260%27%20fill-opacity%3D%220%22%2F%3E%3C%2Fsvg%3E\" data-srcset=\"https:\/\/www.asf-quebec.org\/wp-content\/uploads\/2020\/04\/pictos_Zoom-05-200x200.png 200w, https:\/\/www.asf-quebec.org\/wp-content\/uploads\/2020\/04\/pictos_Zoom-05.png 260w\" data-sizes=\"auto\" data-orig-sizes=\"(max-width: 800px) 100vw, 260px\" \/><\/a><\/span><\/div><\/div><div class=\"fusion-sep-clear\"><\/div><div class=\"fusion-separator\" style=\"margin-left: auto;margin-right: auto;margin-top:10px;margin-bottom:5px;width:100%;max-width:20px;\"><div class=\"fusion-separator-border sep-double\" style=\"--awb-height:20px;--awb-amount:20px;--awb-sep-color:rgba(224,222,222,0);border-color:rgba(224,222,222,0);border-top-width:0px;border-bottom-width:0px;\"><\/div><\/div><div class=\"fusion-sep-clear\"><\/div><div class=\"fusion-text fusion-text-18\"><p style=\"text-align: center;\">International Cooperation<\/p>\n<\/div><div class=\"fusion-clearfix\"><\/div><\/div><\/div><div class=\"fusion-layout-column fusion_builder_column fusion-builder-column-18 fusion_builder_column_1_6 1_6 fusion-one-sixth\" style=\"--awb-bg-size:cover;width:16.666666666667%;width:calc(16.666666666667% - ( ( 4% + 4% + 4% + 4% + 4% ) * 0.16666666666667 ) );margin-right: 4%;\"><div class=\"fusion-column-wrapper fusion-column-has-shadow fusion-flex-column-wrapper-legacy\"><div class=\"fusion-image-element fusion-image-align-center in-legacy-container\" style=\"text-align:center;--awb-max-width:160px;--awb-caption-title-font-family:var(--h2_typography-font-family);--awb-caption-title-font-weight:var(--h2_typography-font-weight);--awb-caption-title-font-style:var(--h2_typography-font-style);--awb-caption-title-size:var(--h2_typography-font-size);--awb-caption-title-transform:var(--h2_typography-text-transform);--awb-caption-title-line-height:var(--h2_typography-line-height);--awb-caption-title-letter-spacing:var(--h2_typography-letter-spacing);\"><div class=\"imageframe-align-center\"><span class=\" fusion-imageframe imageframe-none imageframe-8 hover-type-zoomin\"><a class=\"fusion-no-lightbox\" href=\"https:\/\/www.asf-quebec.org\/en\/our-programs\/urban-solidarity\/\" target=\"_self\" aria-label=\"pictos_Zoom-04\"><img decoding=\"async\" width=\"260\" height=\"260\" src=\"https:\/\/www.asf-quebec.org\/wp-content\/uploads\/2020\/04\/pictos_Zoom-04.png\" data-orig-src=\"https:\/\/www.asf-quebec.org\/wp-content\/uploads\/2020\/04\/pictos_Zoom-04.png\" alt class=\"lazyload img-responsive wp-image-302345\" srcset=\"data:image\/svg+xml,%3Csvg%20xmlns%3D%27http%3A%2F%2Fwww.w3.org%2F2000%2Fsvg%27%20width%3D%27260%27%20height%3D%27260%27%20viewBox%3D%270%200%20260%20260%27%3E%3Crect%20width%3D%27260%27%20height%3D%27260%27%20fill-opacity%3D%220%22%2F%3E%3C%2Fsvg%3E\" data-srcset=\"https:\/\/www.asf-quebec.org\/wp-content\/uploads\/2020\/04\/pictos_Zoom-04-200x200.png 200w, https:\/\/www.asf-quebec.org\/wp-content\/uploads\/2020\/04\/pictos_Zoom-04.png 260w\" data-sizes=\"auto\" data-orig-sizes=\"(max-width: 800px) 100vw, 260px\" \/><\/a><\/span><\/div><\/div><div class=\"fusion-sep-clear\"><\/div><div class=\"fusion-separator\" style=\"margin-left: auto;margin-right: auto;margin-top:10px;margin-bottom:5px;width:100%;max-width:20px;\"><div class=\"fusion-separator-border sep-double\" style=\"--awb-height:20px;--awb-amount:20px;--awb-sep-color:rgba(224,222,222,0);border-color:rgba(224,222,222,0);border-top-width:0px;border-bottom-width:0px;\"><\/div><\/div><div class=\"fusion-sep-clear\"><\/div><div class=\"fusion-text fusion-text-19\"><p style=\"text-align: center;\">Urban Solidarity<\/p>\n<\/div><div class=\"fusion-clearfix\"><\/div><\/div><\/div><div class=\"fusion-layout-column fusion_builder_column fusion-builder-column-19 fusion_builder_column_1_6 1_6 fusion-one-sixth\" style=\"--awb-bg-size:cover;width:16.666666666667%;width:calc(16.666666666667% - ( ( 4% + 4% + 4% + 4% + 4% ) * 0.16666666666667 ) );margin-right: 4%;\"><div class=\"fusion-column-wrapper fusion-column-has-shadow fusion-flex-column-wrapper-legacy\"><div class=\"fusion-image-element fusion-image-align-center in-legacy-container\" style=\"text-align:center;--awb-max-width:160px;--awb-caption-title-font-family:var(--h2_typography-font-family);--awb-caption-title-font-weight:var(--h2_typography-font-weight);--awb-caption-title-font-style:var(--h2_typography-font-style);--awb-caption-title-size:var(--h2_typography-font-size);--awb-caption-title-transform:var(--h2_typography-text-transform);--awb-caption-title-line-height:var(--h2_typography-line-height);--awb-caption-title-letter-spacing:var(--h2_typography-letter-spacing);\"><div class=\"imageframe-align-center\"><span class=\" fusion-imageframe imageframe-none imageframe-9 hover-type-zoomin\"><a class=\"fusion-no-lightbox\" href=\"https:\/\/www.asf-quebec.org\/en\/our-programs\/indigenous-habitat\/\" target=\"_self\" aria-label=\"pictos_Zoom-03\"><img decoding=\"async\" width=\"260\" height=\"260\" src=\"https:\/\/www.asf-quebec.org\/wp-content\/uploads\/2020\/04\/pictos_Zoom-03.png\" data-orig-src=\"https:\/\/www.asf-quebec.org\/wp-content\/uploads\/2020\/04\/pictos_Zoom-03.png\" alt class=\"lazyload img-responsive wp-image-302352\" srcset=\"data:image\/svg+xml,%3Csvg%20xmlns%3D%27http%3A%2F%2Fwww.w3.org%2F2000%2Fsvg%27%20width%3D%27260%27%20height%3D%27260%27%20viewBox%3D%270%200%20260%20260%27%3E%3Crect%20width%3D%27260%27%20height%3D%27260%27%20fill-opacity%3D%220%22%2F%3E%3C%2Fsvg%3E\" data-srcset=\"https:\/\/www.asf-quebec.org\/wp-content\/uploads\/2020\/04\/pictos_Zoom-03-200x200.png 200w, https:\/\/www.asf-quebec.org\/wp-content\/uploads\/2020\/04\/pictos_Zoom-03.png 260w\" data-sizes=\"auto\" data-orig-sizes=\"(max-width: 800px) 100vw, 260px\" \/><\/a><\/span><\/div><\/div><div class=\"fusion-sep-clear\"><\/div><div class=\"fusion-separator\" style=\"margin-left: auto;margin-right: auto;margin-top:10px;margin-bottom:5px;width:100%;max-width:20px;\"><div class=\"fusion-separator-border sep-double\" style=\"--awb-height:20px;--awb-amount:20px;--awb-sep-color:rgba(224,222,222,0);border-color:rgba(224,222,222,0);border-top-width:0px;border-bottom-width:0px;\"><\/div><\/div><div class=\"fusion-sep-clear\"><\/div><div class=\"fusion-text fusion-text-20\"><p style=\"text-align: center;\">Indigenous Habitat<\/p>\n<\/div><div class=\"fusion-clearfix\"><\/div><\/div><\/div><div class=\"fusion-layout-column fusion_builder_column fusion-builder-column-20 fusion_builder_column_1_6 1_6 fusion-one-sixth\" style=\"--awb-bg-size:cover;width:16.666666666667%;width:calc(16.666666666667% - ( ( 4% + 4% + 4% + 4% + 4% ) * 0.16666666666667 ) );margin-right: 4%;\"><div class=\"fusion-column-wrapper fusion-column-has-shadow fusion-flex-column-wrapper-legacy\"><div class=\"fusion-image-element fusion-image-align-center in-legacy-container\" style=\"text-align:center;--awb-max-width:160px;--awb-caption-title-font-family:var(--h2_typography-font-family);--awb-caption-title-font-weight:var(--h2_typography-font-weight);--awb-caption-title-font-style:var(--h2_typography-font-style);--awb-caption-title-size:var(--h2_typography-font-size);--awb-caption-title-transform:var(--h2_typography-text-transform);--awb-caption-title-line-height:var(--h2_typography-line-height);--awb-caption-title-letter-spacing:var(--h2_typography-letter-spacing);\"><div class=\"imageframe-align-center\"><span class=\" fusion-imageframe imageframe-none imageframe-10 hover-type-zoomin\"><a class=\"fusion-no-lightbox\" href=\"https:\/\/www.asf-quebec.org\/nos-programmes\/engagement-benevole\/\" target=\"_self\" aria-label=\"pictos_Zoom-02\"><img decoding=\"async\" width=\"260\" height=\"260\" src=\"https:\/\/www.asf-quebec.org\/wp-content\/uploads\/2020\/04\/pictos_Zoom-02.png\" data-orig-src=\"https:\/\/www.asf-quebec.org\/wp-content\/uploads\/2020\/04\/pictos_Zoom-02.png\" alt class=\"lazyload img-responsive wp-image-302351\" srcset=\"data:image\/svg+xml,%3Csvg%20xmlns%3D%27http%3A%2F%2Fwww.w3.org%2F2000%2Fsvg%27%20width%3D%27260%27%20height%3D%27260%27%20viewBox%3D%270%200%20260%20260%27%3E%3Crect%20width%3D%27260%27%20height%3D%27260%27%20fill-opacity%3D%220%22%2F%3E%3C%2Fsvg%3E\" data-srcset=\"https:\/\/www.asf-quebec.org\/wp-content\/uploads\/2020\/04\/pictos_Zoom-02-200x200.png 200w, https:\/\/www.asf-quebec.org\/wp-content\/uploads\/2020\/04\/pictos_Zoom-02.png 260w\" data-sizes=\"auto\" data-orig-sizes=\"(max-width: 800px) 100vw, 260px\" \/><\/a><\/span><\/div><\/div><div class=\"fusion-sep-clear\"><\/div><div class=\"fusion-separator\" style=\"margin-left: auto;margin-right: auto;margin-top:10px;margin-bottom:5px;width:100%;max-width:20px;\"><div class=\"fusion-separator-border sep-double\" style=\"--awb-height:20px;--awb-amount:20px;--awb-sep-color:rgba(224,222,222,0);border-color:rgba(224,222,222,0);border-top-width:0px;border-bottom-width:0px;\"><\/div><\/div><div class=\"fusion-sep-clear\"><\/div><div class=\"fusion-text fusion-text-21\"><p style=\"text-align: center;\">Flood Resilience<\/p>\n<\/div><div class=\"fusion-clearfix\"><\/div><\/div><\/div><div class=\"fusion-layout-column fusion_builder_column fusion-builder-column-21 fusion_builder_column_1_6 1_6 fusion-one-sixth\" style=\"--awb-bg-size:cover;width:16.666666666667%;width:calc(16.666666666667% - ( ( 4% + 4% + 4% + 4% + 4% ) * 0.16666666666667 ) );margin-right: 4%;\"><div class=\"fusion-column-wrapper fusion-column-has-shadow fusion-flex-column-wrapper-legacy\"><div class=\"fusion-image-element fusion-image-align-center in-legacy-container\" style=\"text-align:center;--awb-max-width:160px;--awb-caption-title-font-family:var(--h2_typography-font-family);--awb-caption-title-font-weight:var(--h2_typography-font-weight);--awb-caption-title-font-style:var(--h2_typography-font-style);--awb-caption-title-size:var(--h2_typography-font-size);--awb-caption-title-transform:var(--h2_typography-text-transform);--awb-caption-title-line-height:var(--h2_typography-line-height);--awb-caption-title-letter-spacing:var(--h2_typography-letter-spacing);\"><div class=\"imageframe-align-center\"><span class=\" fusion-imageframe imageframe-none imageframe-11 hover-type-zoomin\"><a class=\"fusion-no-lightbox\" href=\"https:\/\/www.asf-quebec.org\/en\/our-programs\/circular-economy\/\" target=\"_self\" aria-label=\"pictos_Zoom-06\"><img decoding=\"async\" width=\"260\" height=\"260\" src=\"https:\/\/www.asf-quebec.org\/wp-content\/uploads\/2020\/04\/pictos_Zoom-06.png\" data-orig-src=\"https:\/\/www.asf-quebec.org\/wp-content\/uploads\/2020\/04\/pictos_Zoom-06.png\" alt class=\"lazyload img-responsive wp-image-302347\" srcset=\"data:image\/svg+xml,%3Csvg%20xmlns%3D%27http%3A%2F%2Fwww.w3.org%2F2000%2Fsvg%27%20width%3D%27260%27%20height%3D%27260%27%20viewBox%3D%270%200%20260%20260%27%3E%3Crect%20width%3D%27260%27%20height%3D%27260%27%20fill-opacity%3D%220%22%2F%3E%3C%2Fsvg%3E\" data-srcset=\"https:\/\/www.asf-quebec.org\/wp-content\/uploads\/2020\/04\/pictos_Zoom-06-200x200.png 200w, https:\/\/www.asf-quebec.org\/wp-content\/uploads\/2020\/04\/pictos_Zoom-06.png 260w\" data-sizes=\"auto\" data-orig-sizes=\"(max-width: 800px) 100vw, 260px\" \/><\/a><\/span><\/div><\/div><div class=\"fusion-sep-clear\"><\/div><div class=\"fusion-separator\" style=\"margin-left: auto;margin-right: auto;margin-top:10px;margin-bottom:5px;width:100%;max-width:20px;\"><div class=\"fusion-separator-border sep-double\" style=\"--awb-height:20px;--awb-amount:20px;--awb-sep-color:rgba(224,222,222,0);border-color:rgba(224,222,222,0);border-top-width:0px;border-bottom-width:0px;\"><\/div><\/div><div class=\"fusion-sep-clear\"><\/div><div class=\"fusion-text fusion-text-22\"><p style=\"text-align: center;\">Circular Economy<\/p>\n<\/div><div class=\"fusion-clearfix\"><\/div><\/div><\/div><div class=\"fusion-layout-column fusion_builder_column fusion-builder-column-22 fusion_builder_column_1_6 1_6 fusion-one-sixth fusion-column-last\" style=\"--awb-bg-size:cover;width:16.666666666667%;width:calc(16.666666666667% - ( ( 4% + 4% + 4% + 4% + 4% ) * 0.16666666666667 ) );\"><div class=\"fusion-column-wrapper fusion-column-has-shadow fusion-flex-column-wrapper-legacy\"><div class=\"fusion-image-element fusion-image-align-center in-legacy-container\" style=\"text-align:center;--awb-max-width:160px;--awb-caption-title-font-family:var(--h2_typography-font-family);--awb-caption-title-font-weight:var(--h2_typography-font-weight);--awb-caption-title-font-style:var(--h2_typography-font-style);--awb-caption-title-size:var(--h2_typography-font-size);--awb-caption-title-transform:var(--h2_typography-text-transform);--awb-caption-title-line-height:var(--h2_typography-line-height);--awb-caption-title-letter-spacing:var(--h2_typography-letter-spacing);\"><div class=\"imageframe-align-center\"><span class=\" fusion-imageframe imageframe-none imageframe-12 hover-type-zoomin\"><a class=\"fusion-no-lightbox\" href=\"https:\/\/www.asf-quebec.org\/en\/our-programs\/architectural-education\/\" target=\"_self\" aria-label=\"pictos_Zoom-08\"><img decoding=\"async\" width=\"125\" height=\"125\" src=\"data:image\/svg+xml,%3Csvg%20xmlns%3D%27http%3A%2F%2Fwww.w3.org%2F2000%2Fsvg%27%20width%3D%27125%27%20height%3D%27125%27%20viewBox%3D%270%200%20125%20125%27%3E%3Crect%20width%3D%27125%27%20height%3D%27125%27%20fill-opacity%3D%220%22%2F%3E%3C%2Fsvg%3E\" data-orig-src=\"https:\/\/www.asf-quebec.org\/wp-content\/uploads\/2020\/04\/pictos_Zoom-08.png\" alt class=\"lazyload img-responsive wp-image-302349\"\/><\/a><\/span><\/div><\/div><div class=\"fusion-sep-clear\"><\/div><div class=\"fusion-separator\" style=\"margin-left: auto;margin-right: auto;margin-top:10px;margin-bottom:5px;width:100%;max-width:20px;\"><div class=\"fusion-separator-border sep-double\" style=\"--awb-height:20px;--awb-amount:20px;--awb-sep-color:rgba(224,222,222,0);border-color:rgba(224,222,222,0);border-top-width:0px;border-bottom-width:0px;\"><\/div><\/div><div class=\"fusion-sep-clear\"><\/div><div class=\"fusion-text fusion-text-23\"><p style=\"text-align: center;\">Architectural Education<\/p>\n<\/div><div class=\"fusion-clearfix\"><\/div><\/div><\/div><\/div><\/div><div class=\"fusion-fullwidth fullwidth-box fusion-builder-row-10 nonhundred-percent-fullwidth non-hundred-percent-height-scrolling fusion-equal-height-columns\" style=\"--awb-border-radius-top-left:0px;--awb-border-radius-top-right:0px;--awb-border-radius-bottom-right:0px;--awb-border-radius-bottom-left:0px;--awb-flex-wrap:wrap;\" ><div class=\"fusion-builder-row fusion-row\"><div class=\"fusion-layout-column fusion_builder_column fusion-builder-column-23 fusion_builder_column_3_4 3_4 fusion-three-fourth fusion-column-first\" style=\"--awb-bg-size:cover;width:75%;width:calc(75% - ( ( 4% ) * 0.75 ) );margin-right: 4%;\"><div class=\"fusion-column-wrapper fusion-column-has-shadow fusion-flex-column-wrapper-legacy\"><div class=\"fusion-text fusion-text-24\"><h1>Lorem ipsum dolor<\/h1>\n<\/div><div class=\"fusion-builder-row fusion-builder-row-inner fusion-row\"><div class=\"fusion-layout-column fusion_builder_column_inner fusion-builder-nested-column-0 fusion_builder_column_inner_1_2 1_2 fusion-one-half fusion-column-first\" style=\"--awb-bg-size:cover;width:50%;width:calc(50% - ( ( 4% ) * 0.5 ) );margin-right: 4%;\"><div class=\"fusion-column-wrapper fusion-column-has-shadow fusion-flex-column-wrapper-legacy\"><div class=\"fusion-text fusion-text-25\"><p>Lorem ipsum dolor sit amet, consectetur adipisicing elit, sed do eiusmod tempor incididunt ut labore et dolore magna aliqua. Ut enim ad minim veniam, quis nostrud exercitation ullamco laboris nisi ut aliquip ex ea commodo consequat. Duis aute irure dolor in reprehenderit in voluptate velit esse cillum dolore eu fugiat nulla pariatur. Excepteur sint occaecat cupidatat non proident, sunt in culpa qui officia deserunt mollit anim id est laborum.<\/p>\n<p>Nulla sed massa venenatis, malesuada neque nec, ornare libero. Donec placerat tortor tellus, quis bibendum diam dictum non. In sit amet urna id massa hendrerit posuere sit amet ac lectus. Donec ac elit quam. Morbi quis placerat ligula. Integer sit amet laoreet sem. Nunc at eros est. Nullam sed suscipit dolor, quis atoma molestie diam. Donec placerat tortor tellus, quis bibendum diam dictum non. In sit amet urna id massa hendrerit posuere sit amet.<\/p>\n<\/div><div class=\"fusion-clearfix\"><\/div><\/div><\/div><div class=\"fusion-layout-column fusion_builder_column_inner fusion-builder-nested-column-1 fusion_builder_column_inner_1_2 1_2 fusion-one-half fusion-column-last\" style=\"--awb-bg-size:cover;width:50%;width:calc(50% - ( ( 4% ) * 0.5 ) );\"><div class=\"fusion-column-wrapper fusion-column-has-shadow fusion-flex-column-wrapper-legacy\"><div class=\"fusion-text fusion-text-26\"><p>Sed ut perspiciatis unde omnis iste natus error sit voluptatem accusantium doloremque laudantium, totam rem aperiam, eaque ipsa quae ab illo inventore veritatis et quasi architecto beatae vitae dicta sunt explicabo. Nemo enim ipsam voluptatem quia voluptas sit aspernatur aut odit aut fugit, sed quia consequuntur magni dolores eos qui ratione voluptatem sequi nesciunt. Neque porro quisquam est, qui dolorem ipsum quia dolor sit amet, consectetur, adipisci velit, sed quia non numquam eius modi tempora incidunt ut labore et dolore magnam aliquam quaerat voluptatem.<\/p>\n<\/div><div class=\"fusion-clearfix\"><\/div><\/div><\/div><\/div><div class=\"fusion-clearfix\"><\/div><\/div><\/div><div class=\"fusion-layout-column fusion_builder_column fusion-builder-column-24 fusion_builder_column_1_4 1_4 fusion-one-fourth fusion-column-last fusion-no-small-visibility\" style=\"--awb-bg-size:cover;width:25%;width:calc(25% - ( ( 4% ) * 0.25 ) );\"><div class=\"fusion-column-wrapper fusion-column-has-shadow fusion-flex-column-wrapper-legacy\"><div class=\"fusion-column-content-centered\"><div class=\"fusion-column-content\"><div class=\"fusion-image-element in-legacy-container\" style=\"--awb-caption-title-font-family:var(--h2_typography-font-family);--awb-caption-title-font-weight:var(--h2_typography-font-weight);--awb-caption-title-font-style:var(--h2_typography-font-style);--awb-caption-title-size:var(--h2_typography-font-size);--awb-caption-title-transform:var(--h2_typography-text-transform);--awb-caption-title-line-height:var(--h2_typography-line-height);--awb-caption-title-letter-spacing:var(--h2_typography-letter-spacing);\"><span class=\" fusion-imageframe imageframe-none imageframe-13 hover-type-none fusion-animated\" data-animationType=\"slideInRight\" data-animationDuration=\"1.0\" data-animationOffset=\"top-into-view\"><img decoding=\"async\" width=\"363\" height=\"363\" title=\"ProgrammeType_PlanCercle\" src=\"https:\/\/www.asf-quebec.org\/wp-content\/uploads\/2019\/09\/ProgrammeType_PlanCercle.png\" data-orig-src=\"https:\/\/www.asf-quebec.org\/wp-content\/uploads\/2019\/09\/ProgrammeType_PlanCercle.png\" alt class=\"lazyload img-responsive wp-image-301870\" srcset=\"data:image\/svg+xml,%3Csvg%20xmlns%3D%27http%3A%2F%2Fwww.w3.org%2F2000%2Fsvg%27%20width%3D%27363%27%20height%3D%27363%27%20viewBox%3D%270%200%20363%20363%27%3E%3Crect%20width%3D%27363%27%20height%3D%27363%27%20fill-opacity%3D%220%22%2F%3E%3C%2Fsvg%3E\" data-srcset=\"https:\/\/www.asf-quebec.org\/wp-content\/uploads\/2019\/09\/ProgrammeType_PlanCercle-200x200.png 200w, https:\/\/www.asf-quebec.org\/wp-content\/uploads\/2019\/09\/ProgrammeType_PlanCercle.png 363w\" data-sizes=\"auto\" data-orig-sizes=\"(max-width: 800px) 100vw, 363px\" \/><\/span><\/div><\/div><\/div><div class=\"fusion-clearfix\"><\/div><\/div><\/div><\/div><\/div><div class=\"fusion-fullwidth fullwidth-box fusion-builder-row-11 fusion-parallax-none nonhundred-percent-fullwidth non-hundred-percent-height-scrolling fusion-equal-height-columns lazyload\" style=\"--awb-border-radius-top-left:0px;--awb-border-radius-top-right:0px;--awb-border-radius-bottom-right:0px;--awb-border-radius-bottom-left:0px;--awb-padding-top:0px;--awb-padding-right:0px;--awb-padding-bottom:10px;--awb-padding-left:0px;--awb-margin-top:0px;--awb-margin-bottom:0px;--awb-background-size:cover;--awb-flex-wrap:wrap;\" data-bg=\"https:\/\/www.asf-quebec.org\/wp-content\/uploads\/2019\/09\/ProgrammeType_FondVertBlanc2.jpg\" ><div class=\"fusion-builder-row fusion-row\"><div class=\"fusion-layout-column fusion_builder_column fusion-builder-column-25 fusion_builder_column_1_1 1_1 fusion-one-full fusion-column-first fusion-column-last\" style=\"--awb-bg-size:cover;--awb-margin-bottom:0px;\"><div class=\"fusion-column-wrapper fusion-column-has-shadow fusion-flex-column-wrapper-legacy\"><div class=\"fusion-image-carousel fusion-image-carousel-fixed fusion-image-carousel-2 lightbox-enabled\"><div class=\"awb-carousel awb-swiper awb-swiper-carousel awb-carousel--carousel awb-swiper-dots-position-bottom\" data-layout=\"carousel\" data-autoplay=\"no\" data-autoplayspeed=\"2500\" data-autoplaypause=\"no\" data-columns=\"5\" data-columnsmedium=\"1\" data-columnssmall=\"1\" data-itemmargin=\"4\" data-itemwidth=\"180\" data-touchscroll=\"no\" data-freemode=\"no\" data-imagesize=\"fixed\" data-scrollitems=\"0\" data-centeredslides=\"no\" data-rotationangle=\"50\" data-depth=\"100\" data-speed=\"500\" data-shadow=\"no\" data-pagination=\"bullets\" style=\"--awb-column-spacing:4px;\"><div class=\"swiper-wrapper awb-image-carousel-wrapper fusion-flex-align-items-center\"><div class=\"swiper-slide\"><div class=\"fusion-carousel-item-wrapper\"><div class=\"fusion-image-wrapper hover-type-zoomin\"><a data-rel=\"iLightbox[image_carousel_2]\" data-caption=\"Centre de sant\u00e9 Ambatofotsy - Termin\u00e9 - Vue d&#039;ensemble\" data-title=\"Madagascar 8\" aria-label=\"Madagascar 8\" href=\"https:\/\/www.asf-quebec.org\/wp-content\/uploads\/2019\/07\/DSC2752-b.jpg\" target=\"_self\"><img decoding=\"async\" width=\"320\" height=\"202\" src=\"data:image\/svg+xml,%3Csvg%20xmlns%3D%27http%3A%2F%2Fwww.w3.org%2F2000%2Fsvg%27%20width%3D%276000%27%20height%3D%274000%27%20viewBox%3D%270%200%206000%204000%27%3E%3Crect%20width%3D%276000%27%20height%3D%274000%27%20fill-opacity%3D%220%22%2F%3E%3C%2Fsvg%3E\" class=\"attachment-blog-medium size-blog-medium lazyload\" alt=\"Centre de sant\u00e9 Ambatofotsy - Vue d&#039;ensemble\" data-orig-src=\"https:\/\/www.asf-quebec.org\/wp-content\/uploads\/2019\/07\/DSC2752-b-320x202.jpg\" \/><\/a><\/div><\/div><\/div><div class=\"swiper-slide\"><div class=\"fusion-carousel-item-wrapper\"><div class=\"fusion-image-wrapper hover-type-zoomin\"><a data-rel=\"iLightbox[image_carousel_2]\" data-title=\"5.4_Madagascar\" aria-label=\"5.4_Madagascar\" href=\"https:\/\/www.asf-quebec.org\/wp-content\/uploads\/2019\/07\/5.4_Madagascar.jpg\" target=\"_self\"><img decoding=\"async\" width=\"267\" height=\"202\" src=\"data:image\/svg+xml,%3Csvg%20xmlns%3D%27http%3A%2F%2Fwww.w3.org%2F2000%2Fsvg%27%20width%3D%27267%27%20height%3D%27262%27%20viewBox%3D%270%200%20267%20262%27%3E%3Crect%20width%3D%27267%27%20height%3D%27262%27%20fill-opacity%3D%220%22%2F%3E%3C%2Fsvg%3E\" class=\"attachment-blog-medium size-blog-medium lazyload\" alt=\"Enfant au Madagascar\" data-orig-src=\"https:\/\/www.asf-quebec.org\/wp-content\/uploads\/2019\/07\/5.4_Madagascar-267x202.png\" \/><\/a><\/div><\/div><\/div><div class=\"swiper-slide\"><div class=\"fusion-carousel-item-wrapper\"><div class=\"fusion-image-wrapper hover-type-zoomin\"><a data-rel=\"iLightbox[image_carousel_2]\" data-caption=\"Centre de sant\u00e9 Ambatofotsy - Projet initial - Simulation\" data-title=\"Madagascar 1\" aria-label=\"Madagascar 1\" href=\"https:\/\/www.asf-quebec.org\/wp-content\/uploads\/2019\/07\/Simulation.jpg\" target=\"_self\"><img decoding=\"async\" width=\"320\" height=\"202\" src=\"data:image\/svg+xml,%3Csvg%20xmlns%3D%27http%3A%2F%2Fwww.w3.org%2F2000%2Fsvg%27%20width%3D%272340%27%20height%3D%27783%27%20viewBox%3D%270%200%202340%20783%27%3E%3Crect%20width%3D%272340%27%20height%3D%27783%27%20fill-opacity%3D%220%22%2F%3E%3C%2Fsvg%3E\" class=\"attachment-blog-medium size-blog-medium lazyload\" alt=\"Centre de sant\u00e9 Ambatofotsy - Projet initial - Simulation\" data-orig-src=\"https:\/\/www.asf-quebec.org\/wp-content\/uploads\/2019\/07\/Simulation-320x202.png\" \/><\/a><\/div><\/div><\/div><div class=\"swiper-slide\"><div class=\"fusion-carousel-item-wrapper\"><div class=\"fusion-image-wrapper hover-type-zoomin\"><a data-rel=\"iLightbox[image_carousel_2]\" data-caption=\"Centre de sant\u00e9 Ambatofotsy - Plan\" data-title=\"Madagascar 4\" aria-label=\"Madagascar 4\" href=\"https:\/\/www.asf-quebec.org\/wp-content\/uploads\/2019\/07\/IMG_2817.jpg\" target=\"_self\"><img decoding=\"async\" width=\"320\" height=\"202\" src=\"data:image\/svg+xml,%3Csvg%20xmlns%3D%27http%3A%2F%2Fwww.w3.org%2F2000%2Fsvg%27%20width%3D%273264%27%20height%3D%272448%27%20viewBox%3D%270%200%203264%202448%27%3E%3Crect%20width%3D%273264%27%20height%3D%272448%27%20fill-opacity%3D%220%22%2F%3E%3C%2Fsvg%3E\" class=\"attachment-blog-medium size-blog-medium lazyload\" alt=\"Centre de sant\u00e9 Ambatofotsy - Plan\" data-orig-src=\"https:\/\/www.asf-quebec.org\/wp-content\/uploads\/2019\/07\/IMG_2817-320x202.jpg\" \/><\/a><\/div><\/div><\/div><div class=\"swiper-slide\"><div class=\"fusion-carousel-item-wrapper\"><div class=\"fusion-image-wrapper hover-type-zoomin\"><a data-rel=\"iLightbox[image_carousel_2]\" data-caption=\"Centre de sant\u00e9 d&#039;Ambatofotsy - Phase de construction\" data-title=\"Madagascar 7\" aria-label=\"Madagascar 7\" href=\"https:\/\/www.asf-quebec.org\/wp-content\/uploads\/2019\/07\/DSC7858.jpg\" target=\"_self\"><img decoding=\"async\" width=\"320\" height=\"202\" src=\"data:image\/svg+xml,%3Csvg%20xmlns%3D%27http%3A%2F%2Fwww.w3.org%2F2000%2Fsvg%27%20width%3D%276000%27%20height%3D%274000%27%20viewBox%3D%270%200%206000%204000%27%3E%3Crect%20width%3D%276000%27%20height%3D%274000%27%20fill-opacity%3D%220%22%2F%3E%3C%2Fsvg%3E\" class=\"attachment-blog-medium size-blog-medium lazyload\" alt=\"Centre de sant\u00e9 d&#039;Ambatofotsy - Phase de construction\" data-orig-src=\"https:\/\/www.asf-quebec.org\/wp-content\/uploads\/2019\/07\/DSC7858-320x202.jpg\" \/><\/a><\/div><\/div><\/div><div class=\"swiper-slide\"><div class=\"fusion-carousel-item-wrapper\"><div class=\"fusion-image-wrapper hover-type-zoomin\"><a data-rel=\"iLightbox[image_carousel_2]\" data-caption=\"Centre de sant\u00e9 d&#039;Ambatofotsy - Phase de construction\" data-title=\"Madagascar 6\" aria-label=\"Madagascar 6\" href=\"https:\/\/www.asf-quebec.org\/wp-content\/uploads\/2019\/07\/DSC9059-1.jpg\" target=\"_self\"><img decoding=\"async\" width=\"320\" height=\"202\" src=\"data:image\/svg+xml,%3Csvg%20xmlns%3D%27http%3A%2F%2Fwww.w3.org%2F2000%2Fsvg%27%20width%3D%276000%27%20height%3D%274000%27%20viewBox%3D%270%200%206000%204000%27%3E%3Crect%20width%3D%276000%27%20height%3D%274000%27%20fill-opacity%3D%220%22%2F%3E%3C%2Fsvg%3E\" class=\"attachment-blog-medium size-blog-medium lazyload\" alt=\"Centre de sant\u00e9 d&#039;Ambatofotsy - Phase de construction\" data-orig-src=\"https:\/\/www.asf-quebec.org\/wp-content\/uploads\/2019\/07\/DSC9059-1-320x202.jpg\" \/><\/a><\/div><\/div><\/div><div class=\"swiper-slide\"><div class=\"fusion-carousel-item-wrapper\"><div class=\"fusion-image-wrapper hover-type-zoomin\"><a data-rel=\"iLightbox[image_carousel_2]\" data-caption=\"Centre de sant\u00e9 Ambatofotsy - Phase de construction\" data-title=\"Madagascar 5\" aria-label=\"Madagascar 5\" href=\"https:\/\/www.asf-quebec.org\/wp-content\/uploads\/2019\/07\/pano-2r-1.jpg\" target=\"_self\"><img decoding=\"async\" width=\"320\" height=\"202\" src=\"data:image\/svg+xml,%3Csvg%20xmlns%3D%27http%3A%2F%2Fwww.w3.org%2F2000%2Fsvg%27%20width%3D%271200%27%20height%3D%27468%27%20viewBox%3D%270%200%201200%20468%27%3E%3Crect%20width%3D%271200%27%20height%3D%27468%27%20fill-opacity%3D%220%22%2F%3E%3C%2Fsvg%3E\" class=\"attachment-blog-medium size-blog-medium lazyload\" alt=\"Centre de sant\u00e9 Ambatofotsy - Phase de construction\" data-orig-src=\"https:\/\/www.asf-quebec.org\/wp-content\/uploads\/2019\/07\/pano-2r-1-320x202.jpg\" \/><\/a><\/div><\/div><\/div><div class=\"swiper-slide\"><div class=\"fusion-carousel-item-wrapper\"><div class=\"fusion-image-wrapper hover-type-zoomin\"><a data-rel=\"iLightbox[image_carousel_2]\" data-title=\"Madagascar 10\" aria-label=\"Madagascar 10\" href=\"https:\/\/www.asf-quebec.org\/wp-content\/uploads\/2019\/07\/MG_2918-2.jpg\" target=\"_self\"><img decoding=\"async\" width=\"320\" height=\"202\" src=\"data:image\/svg+xml,%3Csvg%20xmlns%3D%27http%3A%2F%2Fwww.w3.org%2F2000%2Fsvg%27%20width%3D%273543%27%20height%3D%271993%27%20viewBox%3D%270%200%203543%201993%27%3E%3Crect%20width%3D%273543%27%20height%3D%271993%27%20fill-opacity%3D%220%22%2F%3E%3C%2Fsvg%3E\" class=\"attachment-blog-medium size-blog-medium lazyload\" alt=\"Enfants au Madagascar\" data-orig-src=\"https:\/\/www.asf-quebec.org\/wp-content\/uploads\/2019\/07\/MG_2918-2-320x202.jpg\" \/><\/a><\/div><\/div><\/div><div class=\"swiper-slide\"><div class=\"fusion-carousel-item-wrapper\"><div class=\"fusion-image-wrapper hover-type-zoomin\"><a data-rel=\"iLightbox[image_carousel_2]\" data-caption=\"La commune d&#039;Ambatofotsy est situ\u00e9e \u00e0 l&#039;Ouest d&#039;Antananarivo sur les hauts-plateaux malgaches, dans la r\u00e9gion de l&#039;Itasy.\" data-title=\"Madagascar 11\" aria-label=\"Madagascar 11\" href=\"https:\/\/www.asf-quebec.org\/wp-content\/uploads\/2019\/07\/MG_2883.jpg\" target=\"_self\"><img decoding=\"async\" width=\"320\" height=\"202\" src=\"data:image\/svg+xml,%3Csvg%20xmlns%3D%27http%3A%2F%2Fwww.w3.org%2F2000%2Fsvg%27%20width%3D%272835%27%20height%3D%271890%27%20viewBox%3D%270%200%202835%201890%27%3E%3Crect%20width%3D%272835%27%20height%3D%271890%27%20fill-opacity%3D%220%22%2F%3E%3C%2Fsvg%3E\" class=\"attachment-blog-medium size-blog-medium lazyload\" alt=\"La commune d&#039;Ambatofotsy est situ\u00e9e \u00e0 l&#039;Ouest d&#039;Antananarivo sur les hauts-plateaux malgaches, dans la r\u00e9gion de l&#039;Itasy.\" data-orig-src=\"https:\/\/www.asf-quebec.org\/wp-content\/uploads\/2019\/07\/MG_2883-320x202.jpg\" \/><\/a><\/div><\/div><\/div><\/div><div class=\"awb-swiper-button awb-swiper-button-prev\"><i class=\"awb-icon-angle-left\" aria-hidden=\"true\"><\/i><\/div><div class=\"awb-swiper-button awb-swiper-button-next\"><i class=\"awb-icon-angle-right\" aria-hidden=\"true\"><\/i><\/div><\/div><\/div><div class=\"fusion-clearfix\"><\/div><\/div><\/div><\/div><\/div><div class=\"fusion-fullwidth fullwidth-box fusion-builder-row-12 nonhundred-percent-fullwidth non-hundred-percent-height-scrolling\" style=\"--awb-border-radius-top-left:0px;--awb-border-radius-top-right:0px;--awb-border-radius-bottom-right:0px;--awb-border-radius-bottom-left:0px;--awb-padding-top:50px;--awb-padding-bottom:70px;--awb-margin-top:0px;--awb-margin-bottom:0px;--awb-background-color:#eaf8ee;--awb-flex-wrap:wrap;\" ><div class=\"fusion-builder-row fusion-row\"><div class=\"fusion-layout-column fusion_builder_column fusion-builder-column-26 fusion_builder_column_1_1 1_1 fusion-one-full fusion-column-first fusion-column-last\" style=\"--awb-padding-bottom:40px;--awb-bg-size:cover;--awb-margin-bottom:0px;\"><div class=\"fusion-column-wrapper fusion-column-has-shadow fusion-flex-column-wrapper-legacy\"><div class=\"fusion-image-element in-legacy-container\" style=\"--awb-caption-title-font-family:var(--h2_typography-font-family);--awb-caption-title-font-weight:var(--h2_typography-font-weight);--awb-caption-title-font-style:var(--h2_typography-font-style);--awb-caption-title-size:var(--h2_typography-font-size);--awb-caption-title-transform:var(--h2_typography-text-transform);--awb-caption-title-line-height:var(--h2_typography-line-height);--awb-caption-title-letter-spacing:var(--h2_typography-letter-spacing);\"><span class=\" fusion-imageframe imageframe-none imageframe-14 hover-type-none\"><img decoding=\"async\" width=\"191\" height=\"90\" title=\"ProgrammeType_Forme-verte\" src=\"data:image\/svg+xml,%3Csvg%20xmlns%3D%27http%3A%2F%2Fwww.w3.org%2F2000%2Fsvg%27%20width%3D%27191%27%20height%3D%2790%27%20viewBox%3D%270%200%20191%2090%27%3E%3Crect%20width%3D%27191%27%20height%3D%2790%27%20fill-opacity%3D%220%22%2F%3E%3C%2Fsvg%3E\" data-orig-src=\"https:\/\/www.asf-quebec.org\/wp-content\/uploads\/2019\/09\/ProgrammeType_Forme-verte.png\" alt class=\"lazyload img-responsive wp-image-301877\"\/><\/span><\/div><div class=\"fusion-clearfix\"><\/div><\/div><\/div><div class=\"fusion-layout-column fusion_builder_column fusion-builder-column-27 fusion_builder_column_1_2 1_2 fusion-one-half fusion-column-first\" style=\"--awb-bg-size:cover;--awb-margin-bottom:0px;width:50%;width:calc(50% - ( ( 4% ) * 0.5 ) );margin-right: 4%;\"><div class=\"fusion-column-wrapper fusion-column-has-shadow fusion-flex-column-wrapper-legacy\"><div class=\"fusion-text fusion-text-27\"><h1>Lorem ipsum<br \/>\ndolor sit amet<\/h1>\n<p>Lorem ipsum dolor sit amet, consectetur adipisicing elit, sed do eiusmod tempor incididunt ut labore et dolore magna aliqua. Ut enim ad minim veniam, quis nostrud exercitation ullamco laboris nisi ut aliquip ex ea commodo consequat. Duis aute irure dolor in reprehenderit in voluptate velit esse cillum dolore eu fugiat.<\/p>\n<p>Nulla sed massa venenatis, malesuada neque nec, ornare libero. Donec placerat tortor tellus, quis bibendum diam dictum non. In sit amet urna id massa hendrerit posuere sit amet ac lectus. Donec ac elit quam. Morbi quis placerat ligula. Integer sit amet laoreet sem. Nunc at eros est. Nullam sed suscipit dolor, quis molestie diam.<\/p>\n<\/div><div class=\"fusion-sep-clear\"><\/div><div class=\"fusion-separator fusion-full-width-sep\" style=\"margin-left: auto;margin-right: auto;margin-top:0px;margin-bottom:30px;width:100%;\"><div class=\"fusion-separator-border sep-double\" style=\"--awb-height:20px;--awb-amount:20px;border-color:#e0dede;border-top-width:0px;border-bottom-width:0px;\"><\/div><\/div><div class=\"fusion-sep-clear\"><\/div><div class=\"fusion-clearfix\"><\/div><\/div><\/div><div class=\"fusion-layout-column fusion_builder_column fusion-builder-column-28 fusion_builder_column_1_2 1_2 fusion-one-half fusion-column-last\" style=\"--awb-bg-size:cover;--awb-margin-bottom:0px;width:50%;width:calc(50% - ( ( 4% ) * 0.5 ) );\"><div class=\"fusion-column-wrapper fusion-column-has-shadow fusion-flex-column-wrapper-legacy\"><div class=\"fusion-image-element in-legacy-container\" style=\"--awb-caption-title-font-family:var(--h2_typography-font-family);--awb-caption-title-font-weight:var(--h2_typography-font-weight);--awb-caption-title-font-style:var(--h2_typography-font-style);--awb-caption-title-size:var(--h2_typography-font-size);--awb-caption-title-transform:var(--h2_typography-text-transform);--awb-caption-title-line-height:var(--h2_typography-line-height);--awb-caption-title-letter-spacing:var(--h2_typography-letter-spacing);\"><span class=\" fusion-imageframe imageframe-none imageframe-15 hover-type-none\"><img decoding=\"async\" width=\"899\" height=\"516\" title=\"ProgrammeType_NepalLucGauvin\" src=\"https:\/\/www.asf-quebec.org\/wp-content\/uploads\/2019\/09\/ProgrammeType_NepalLucGauvin.jpg\" data-orig-src=\"https:\/\/www.asf-quebec.org\/wp-content\/uploads\/2019\/09\/ProgrammeType_NepalLucGauvin.jpg\" alt class=\"lazyload img-responsive wp-image-301878\" srcset=\"data:image\/svg+xml,%3Csvg%20xmlns%3D%27http%3A%2F%2Fwww.w3.org%2F2000%2Fsvg%27%20width%3D%27899%27%20height%3D%27516%27%20viewBox%3D%270%200%20899%20516%27%3E%3Crect%20width%3D%27899%27%20height%3D%27516%27%20fill-opacity%3D%220%22%2F%3E%3C%2Fsvg%3E\" data-srcset=\"https:\/\/www.asf-quebec.org\/wp-content\/uploads\/2019\/09\/ProgrammeType_NepalLucGauvin-200x115.jpg 200w, https:\/\/www.asf-quebec.org\/wp-content\/uploads\/2019\/09\/ProgrammeType_NepalLucGauvin-400x230.jpg 400w, https:\/\/www.asf-quebec.org\/wp-content\/uploads\/2019\/09\/ProgrammeType_NepalLucGauvin-600x344.jpg 600w, https:\/\/www.asf-quebec.org\/wp-content\/uploads\/2019\/09\/ProgrammeType_NepalLucGauvin-800x459.jpg 800w, https:\/\/www.asf-quebec.org\/wp-content\/uploads\/2019\/09\/ProgrammeType_NepalLucGauvin.jpg 899w\" data-sizes=\"auto\" data-orig-sizes=\"(max-width: 800px) 100vw, 800px\" \/><\/span><\/div><div class=\"fusion-clearfix\"><\/div><\/div><\/div><\/div><\/div><div class=\"fusion-fullwidth fullwidth-box fusion-builder-row-13 nonhundred-percent-fullwidth non-hundred-percent-height-scrolling fusion-equal-height-columns\" style=\"--awb-background-position:right center;--awb-border-radius-top-left:0px;--awb-border-radius-top-right:0px;--awb-border-radius-bottom-right:0px;--awb-border-radius-bottom-left:0px;--awb-padding-top:70px;--awb-padding-right:0px;--awb-padding-bottom:70px;--awb-padding-left:0px;--awb-margin-top:0px;--awb-margin-bottom:0px;--awb-background-color:#ffffff;--awb-flex-wrap:wrap;\" ><div class=\"fusion-builder-row fusion-row\"><div class=\"fusion-layout-column fusion_builder_column fusion-builder-column-29 fusion_builder_column_1_4 1_4 fusion-one-fourth fusion-column-first\" style=\"--awb-bg-size:cover;--awb-margin-bottom:0px;width:25%;width:calc(25% - ( ( 4% + 4% + 4% ) * 0.25 ) );margin-right: 4%;\"><div class=\"fusion-column-wrapper fusion-column-has-shadow fusion-flex-column-wrapper-legacy\"><div class=\"fusion-column-content-centered\"><div class=\"fusion-column-content\"><div class=\"fusion-image-element in-legacy-container\" style=\"--awb-caption-title-font-family:var(--h2_typography-font-family);--awb-caption-title-font-weight:var(--h2_typography-font-weight);--awb-caption-title-font-style:var(--h2_typography-font-style);--awb-caption-title-size:var(--h2_typography-font-size);--awb-caption-title-transform:var(--h2_typography-text-transform);--awb-caption-title-line-height:var(--h2_typography-line-height);--awb-caption-title-letter-spacing:var(--h2_typography-letter-spacing);\"><span class=\" fusion-imageframe imageframe-none imageframe-16 hover-type-none\"><img decoding=\"async\" width=\"436\" height=\"516\" title=\"ProgrammeType_JeuneHomme\" src=\"https:\/\/www.asf-quebec.org\/wp-content\/uploads\/2019\/09\/ProgrammeType_JeuneHomme.jpg\" data-orig-src=\"https:\/\/www.asf-quebec.org\/wp-content\/uploads\/2019\/09\/ProgrammeType_JeuneHomme.jpg\" alt class=\"lazyload img-responsive wp-image-301882\" srcset=\"data:image\/svg+xml,%3Csvg%20xmlns%3D%27http%3A%2F%2Fwww.w3.org%2F2000%2Fsvg%27%20width%3D%27436%27%20height%3D%27516%27%20viewBox%3D%270%200%20436%20516%27%3E%3Crect%20width%3D%27436%27%20height%3D%27516%27%20fill-opacity%3D%220%22%2F%3E%3C%2Fsvg%3E\" data-srcset=\"https:\/\/www.asf-quebec.org\/wp-content\/uploads\/2019\/09\/ProgrammeType_JeuneHomme-200x237.jpg 200w, https:\/\/www.asf-quebec.org\/wp-content\/uploads\/2019\/09\/ProgrammeType_JeuneHomme-400x473.jpg 400w, https:\/\/www.asf-quebec.org\/wp-content\/uploads\/2019\/09\/ProgrammeType_JeuneHomme.jpg 436w\" data-sizes=\"auto\" data-orig-sizes=\"(max-width: 800px) 100vw, 400px\" \/><\/span><\/div><div class=\"fusion-sep-clear\"><\/div><div class=\"fusion-separator fusion-full-width-sep\" style=\"margin-left: auto;margin-right: auto;margin-bottom:30px;width:100%;\"><div class=\"fusion-separator-border sep-double\" style=\"--awb-height:20px;--awb-amount:20px;border-color:#e0dede;border-top-width:0px;border-bottom-width:0px;\"><\/div><\/div><div class=\"fusion-sep-clear\"><\/div><\/div><\/div><div class=\"fusion-clearfix\"><\/div><\/div><\/div><div class=\"fusion-layout-column fusion_builder_column fusion-builder-column-30 fusion_builder_column_1_4 1_4 fusion-one-fourth\" style=\"--awb-bg-size:cover;--awb-margin-bottom:0px;width:25%;width:calc(25% - ( ( 4% + 4% + 4% ) * 0.25 ) );margin-right: 4%;\"><div class=\"fusion-column-wrapper fusion-column-has-shadow fusion-flex-column-wrapper-legacy\"><div class=\"fusion-column-content-centered\"><div class=\"fusion-column-content\"><div class=\"fusion-image-element in-legacy-container\" style=\"--awb-caption-title-font-family:var(--h2_typography-font-family);--awb-caption-title-font-weight:var(--h2_typography-font-weight);--awb-caption-title-font-style:var(--h2_typography-font-style);--awb-caption-title-size:var(--h2_typography-font-size);--awb-caption-title-transform:var(--h2_typography-text-transform);--awb-caption-title-line-height:var(--h2_typography-line-height);--awb-caption-title-letter-spacing:var(--h2_typography-letter-spacing);\"><span class=\" fusion-imageframe imageframe-none imageframe-17 hover-type-none\"><img decoding=\"async\" width=\"436\" height=\"516\" title=\"ProgrammeType_Batisse\" src=\"https:\/\/www.asf-quebec.org\/wp-content\/uploads\/2019\/09\/ProgrammeType_Batisse.jpg\" data-orig-src=\"https:\/\/www.asf-quebec.org\/wp-content\/uploads\/2019\/09\/ProgrammeType_Batisse.jpg\" alt class=\"lazyload img-responsive wp-image-301881\" srcset=\"data:image\/svg+xml,%3Csvg%20xmlns%3D%27http%3A%2F%2Fwww.w3.org%2F2000%2Fsvg%27%20width%3D%27436%27%20height%3D%27516%27%20viewBox%3D%270%200%20436%20516%27%3E%3Crect%20width%3D%27436%27%20height%3D%27516%27%20fill-opacity%3D%220%22%2F%3E%3C%2Fsvg%3E\" data-srcset=\"https:\/\/www.asf-quebec.org\/wp-content\/uploads\/2019\/09\/ProgrammeType_Batisse-200x237.jpg 200w, https:\/\/www.asf-quebec.org\/wp-content\/uploads\/2019\/09\/ProgrammeType_Batisse-400x473.jpg 400w, https:\/\/www.asf-quebec.org\/wp-content\/uploads\/2019\/09\/ProgrammeType_Batisse.jpg 436w\" data-sizes=\"auto\" data-orig-sizes=\"(max-width: 800px) 100vw, 400px\" \/><\/span><\/div><div class=\"fusion-sep-clear\"><\/div><div class=\"fusion-separator fusion-full-width-sep\" style=\"margin-left: auto;margin-right: auto;margin-bottom:30px;width:100%;\"><div class=\"fusion-separator-border sep-double\" style=\"--awb-height:20px;--awb-amount:20px;border-color:#e0dede;border-top-width:0px;border-bottom-width:0px;\"><\/div><\/div><div class=\"fusion-sep-clear\"><\/div><\/div><\/div><div class=\"fusion-clearfix\"><\/div><\/div><\/div><div class=\"fusion-layout-column fusion_builder_column fusion-builder-column-31 fusion_builder_column_1_3 1_3 fusion-one-third\" style=\"--awb-padding-right:30px;--awb-padding-left:30px;--awb-bg-size:cover;--awb-margin-bottom:0px;width:33.333333333333%;width:calc(33.333333333333% - ( ( 4% + 4% + 4% ) * 0.33333333333333 ) );margin-right: 4%;\"><div class=\"fusion-column-wrapper fusion-column-has-shadow fusion-flex-column-wrapper-legacy\"><div class=\"fusion-column-content-centered\"><div class=\"fusion-column-content\"><div class=\"fusion-text fusion-text-28\"><h1>Lorem ipsum<br \/>\ndolor sit amet<\/h1>\n<p>Lorem ipsum dolor sit amet, consectetur adipisicing elit, sed do eiusmod tempor incididunt ut labore et dolore magna aliqua. Ut enim ad minim veniam, quis nostrud exercitation ullamco laboris nisi ut aliquip ex ea commodo consequat. Duis aute irure dolor in reprehenderit in voluptate velit esse cillum dolore eu fugiat.<\/p>\n<\/div><\/div><\/div><div class=\"fusion-clearfix\"><\/div><\/div><\/div><div class=\"fusion-layout-column fusion_builder_column fusion-builder-column-32 fusion_builder_column_1_6 1_6 fusion-one-sixth fusion-column-last fusion-no-small-visibility fusion-no-medium-visibility\" style=\"--awb-bg-size:cover;--awb-margin-bottom:0px;width:16.666666666667%;width:calc(16.666666666667% - ( ( 4% + 4% + 4% ) * 0.16666666666667 ) );\"><div class=\"fusion-column-wrapper fusion-column-has-shadow fusion-flex-column-wrapper-legacy\"><div class=\"fusion-column-content-centered\"><div class=\"fusion-column-content\"><div class=\"fusion-image-element fusion-image-align-right in-legacy-container\" style=\"text-align:right;--awb-caption-title-font-family:var(--h2_typography-font-family);--awb-caption-title-font-weight:var(--h2_typography-font-weight);--awb-caption-title-font-style:var(--h2_typography-font-style);--awb-caption-title-size:var(--h2_typography-font-size);--awb-caption-title-transform:var(--h2_typography-text-transform);--awb-caption-title-line-height:var(--h2_typography-line-height);--awb-caption-title-letter-spacing:var(--h2_typography-letter-spacing);\"><span class=\" fusion-imageframe imageframe-none imageframe-18 hover-type-none\" style=\"margin-left:25px;float:right;\"><img decoding=\"async\" width=\"257\" height=\"671\" title=\"ProgrammeType_Forme-CerclesJauneOrange\" src=\"https:\/\/www.asf-quebec.org\/wp-content\/uploads\/2019\/09\/ProgrammeType_Forme-CerclesJauneOrange.png\" data-orig-src=\"https:\/\/www.asf-quebec.org\/wp-content\/uploads\/2019\/09\/ProgrammeType_Forme-CerclesJauneOrange.png\" alt class=\"lazyload img-responsive wp-image-301880\" srcset=\"data:image\/svg+xml,%3Csvg%20xmlns%3D%27http%3A%2F%2Fwww.w3.org%2F2000%2Fsvg%27%20width%3D%27257%27%20height%3D%27671%27%20viewBox%3D%270%200%20257%20671%27%3E%3Crect%20width%3D%27257%27%20height%3D%27671%27%20fill-opacity%3D%220%22%2F%3E%3C%2Fsvg%3E\" data-srcset=\"https:\/\/www.asf-quebec.org\/wp-content\/uploads\/2019\/09\/ProgrammeType_Forme-CerclesJauneOrange-200x522.png 200w, https:\/\/www.asf-quebec.org\/wp-content\/uploads\/2019\/09\/ProgrammeType_Forme-CerclesJauneOrange.png 257w\" data-sizes=\"auto\" data-orig-sizes=\"(max-width: 800px) 100vw, 257px\" \/><\/span><\/div><\/div><\/div><div class=\"fusion-clearfix\"><\/div><\/div><\/div><\/div><\/div><div class=\"fusion-fullwidth fullwidth-box fusion-builder-row-14 nonhundred-percent-fullwidth non-hundred-percent-height-scrolling\" style=\"--awb-border-radius-top-left:0px;--awb-border-radius-top-right:0px;--awb-border-radius-bottom-right:0px;--awb-border-radius-bottom-left:0px;--awb-padding-top:70px;--awb-padding-bottom:15px;--awb-margin-top:0px;--awb-margin-bottom:0px;--awb-background-color:#eaf8ee;--awb-flex-wrap:wrap;\" ><div class=\"fusion-builder-row fusion-row\"><div class=\"fusion-layout-column fusion_builder_column fusion-builder-column-33 fusion_builder_column_1_2 1_2 fusion-one-half fusion-column-first\" style=\"--awb-bg-size:cover;--awb-margin-bottom:0px;width:50%;width:calc(50% - ( ( 4% ) * 0.5 ) );margin-right: 4%;\"><div class=\"fusion-column-wrapper fusion-column-has-shadow fusion-flex-column-wrapper-legacy\"><div class=\"fusion-text fusion-text-29\"><h1>Lorem ipsum<br \/>\ndolor sit amet<\/h1>\n<p>Lorem ipsum dolor sit amet, consectetur adipisicing elit, sed do eiusmod tempor incididunt ut labore et dolore magna aliqua. Ut enim ad minim veniam, quis nostrud exercitation ullamco laboris nisi ut aliquip ex ea commodo consequat. Duis aute irure dolor in reprehenderit in voluptate velit esse cillum dolore eu fugiat.<\/p>\n<p>Nulla sed massa venenatis, malesuada neque nec, ornare libero. Donec placerat tortor tellus, quis bibendum diam dictum non. In sit amet urna id massa hendrerit posuere sit amet ac lectus. Donec ac elit quam. Morbi quis placerat ligula. Integer sit amet laoreet sem. Nunc at eros est. Nullam sed suscipit dolor, quis molestie diam.<\/p>\n<p>Cras finibus dui aliquam pulvinar blandit. Vivamus bibendum finibus risus ac imperdiet. Quisque elementum rhoncus tempus. Sed in luctus odio. Quisque in molestie nisi, a posuere felis. Sed hendrerit lobortis ante id tempor. Mauris ac scelerisque tortor. Vestibulum ante ipsum primis in faucibus orci luctus et ultrices posuere cubilia Curae; Ut id urna hendrerit, ultrices orci nec, volutpat mi. Sed tellus tortor, consequat ac diam sit amet, rhoncus interdum augue.<\/p>\n<\/div><div class=\"fusion-sep-clear\"><\/div><div class=\"fusion-separator fusion-full-width-sep\" style=\"margin-left: auto;margin-right: auto;margin-top:0px;margin-bottom:30px;width:100%;\"><div class=\"fusion-separator-border sep-double\" style=\"--awb-height:20px;--awb-amount:20px;border-color:#e0dede;border-top-width:0px;border-bottom-width:0px;\"><\/div><\/div><div class=\"fusion-sep-clear\"><\/div><div class=\"fusion-image-element in-legacy-container\" style=\"--awb-caption-title-font-family:var(--h2_typography-font-family);--awb-caption-title-font-weight:var(--h2_typography-font-weight);--awb-caption-title-font-style:var(--h2_typography-font-style);--awb-caption-title-size:var(--h2_typography-font-size);--awb-caption-title-transform:var(--h2_typography-text-transform);--awb-caption-title-line-height:var(--h2_typography-line-height);--awb-caption-title-letter-spacing:var(--h2_typography-letter-spacing);\"><span class=\" fusion-imageframe imageframe-none imageframe-19 hover-type-none\"><img decoding=\"async\" width=\"125\" height=\"120\" title=\"ProgrammeType_Forme-jaune\" src=\"data:image\/svg+xml,%3Csvg%20xmlns%3D%27http%3A%2F%2Fwww.w3.org%2F2000%2Fsvg%27%20width%3D%27125%27%20height%3D%27120%27%20viewBox%3D%270%200%20125%20120%27%3E%3Crect%20width%3D%27125%27%20height%3D%27120%27%20fill-opacity%3D%220%22%2F%3E%3C%2Fsvg%3E\" data-orig-src=\"https:\/\/www.asf-quebec.org\/wp-content\/uploads\/2019\/09\/ProgrammeType_Forme-jaune.png\" alt class=\"lazyload img-responsive wp-image-301883\"\/><\/span><\/div><div class=\"fusion-sep-clear\"><\/div><div class=\"fusion-separator fusion-full-width-sep\" style=\"margin-left: auto;margin-right: auto;margin-top:0px;margin-bottom:50px;width:100%;\"><div class=\"fusion-separator-border sep-double\" style=\"--awb-height:20px;--awb-amount:20px;border-color:#e0dede;border-top-width:0px;border-bottom-width:0px;\"><\/div><\/div><div class=\"fusion-sep-clear\"><\/div><div class=\"fusion-clearfix\"><\/div><\/div><\/div><div class=\"fusion-layout-column fusion_builder_column fusion-builder-column-34 fusion_builder_column_1_2 1_2 fusion-one-half fusion-column-last\" style=\"--awb-bg-size:cover;--awb-margin-bottom:0px;width:50%;width:calc(50% - ( ( 4% ) * 0.5 ) );\"><div class=\"fusion-column-wrapper fusion-column-has-shadow fusion-flex-column-wrapper-legacy\"><div class=\"fusion-image-element in-legacy-container\" style=\"--awb-caption-title-font-family:var(--h2_typography-font-family);--awb-caption-title-font-weight:var(--h2_typography-font-weight);--awb-caption-title-font-style:var(--h2_typography-font-style);--awb-caption-title-size:var(--h2_typography-font-size);--awb-caption-title-transform:var(--h2_typography-text-transform);--awb-caption-title-line-height:var(--h2_typography-line-height);--awb-caption-title-letter-spacing:var(--h2_typography-letter-spacing);\"><span class=\" fusion-imageframe imageframe-none imageframe-20 hover-type-none\"><img decoding=\"async\" width=\"899\" height=\"812\" title=\"ProgrammeType_EnfantsMadagascar\" src=\"https:\/\/www.asf-quebec.org\/wp-content\/uploads\/2019\/09\/ProgrammeType_EnfantsMadagascar.jpg\" data-orig-src=\"https:\/\/www.asf-quebec.org\/wp-content\/uploads\/2019\/09\/ProgrammeType_EnfantsMadagascar.jpg\" alt class=\"lazyload img-responsive wp-image-301884\" srcset=\"data:image\/svg+xml,%3Csvg%20xmlns%3D%27http%3A%2F%2Fwww.w3.org%2F2000%2Fsvg%27%20width%3D%27899%27%20height%3D%27812%27%20viewBox%3D%270%200%20899%20812%27%3E%3Crect%20width%3D%27899%27%20height%3D%27812%27%20fill-opacity%3D%220%22%2F%3E%3C%2Fsvg%3E\" data-srcset=\"https:\/\/www.asf-quebec.org\/wp-content\/uploads\/2019\/09\/ProgrammeType_EnfantsMadagascar-200x181.jpg 200w, https:\/\/www.asf-quebec.org\/wp-content\/uploads\/2019\/09\/ProgrammeType_EnfantsMadagascar-400x361.jpg 400w, https:\/\/www.asf-quebec.org\/wp-content\/uploads\/2019\/09\/ProgrammeType_EnfantsMadagascar-600x542.jpg 600w, https:\/\/www.asf-quebec.org\/wp-content\/uploads\/2019\/09\/ProgrammeType_EnfantsMadagascar-800x723.jpg 800w, https:\/\/www.asf-quebec.org\/wp-content\/uploads\/2019\/09\/ProgrammeType_EnfantsMadagascar.jpg 899w\" data-sizes=\"auto\" data-orig-sizes=\"(max-width: 800px) 100vw, 800px\" \/><\/span><\/div><div class=\"fusion-sep-clear\"><\/div><div class=\"fusion-separator fusion-full-width-sep\" style=\"margin-left: auto;margin-right: auto;margin-top:0px;margin-bottom:50px;width:100%;\"><div class=\"fusion-separator-border sep-double\" style=\"--awb-height:20px;--awb-amount:20px;border-color:#e0dede;border-top-width:0px;border-bottom-width:0px;\"><\/div><\/div><div class=\"fusion-sep-clear\"><\/div><div class=\"fusion-clearfix\"><\/div><\/div><\/div><\/div><\/div><div class=\"fusion-fullwidth fullwidth-box fusion-builder-row-15 nonhundred-percent-fullwidth non-hundred-percent-height-scrolling\" style=\"--awb-border-radius-top-left:0px;--awb-border-radius-top-right:0px;--awb-border-radius-bottom-right:0px;--awb-border-radius-bottom-left:0px;--awb-padding-top:70px;--awb-padding-bottom:15px;--awb-margin-top:0px;--awb-margin-bottom:0px;--awb-background-color:#ffffff;--awb-flex-wrap:wrap;\" ><div class=\"fusion-builder-row fusion-row\"><div class=\"fusion-layout-column fusion_builder_column fusion-builder-column-35 fusion_builder_column_1_2 1_2 fusion-one-half fusion-column-first\" style=\"--awb-bg-size:cover;--awb-margin-bottom:0px;width:50%;width:calc(50% - ( ( 4% ) * 0.5 ) );margin-right: 4%;\"><div class=\"fusion-column-wrapper fusion-column-has-shadow fusion-flex-column-wrapper-legacy\"><div class=\"fusion-image-element in-legacy-container\" style=\"--awb-caption-title-font-family:var(--h2_typography-font-family);--awb-caption-title-font-weight:var(--h2_typography-font-weight);--awb-caption-title-font-style:var(--h2_typography-font-style);--awb-caption-title-size:var(--h2_typography-font-size);--awb-caption-title-transform:var(--h2_typography-text-transform);--awb-caption-title-line-height:var(--h2_typography-line-height);--awb-caption-title-letter-spacing:var(--h2_typography-letter-spacing);\"><span class=\" fusion-imageframe imageframe-none imageframe-21 hover-type-none\"><img decoding=\"async\" width=\"899\" height=\"812\" title=\"ProgrammeType_EnfantsMadagascar\" src=\"https:\/\/www.asf-quebec.org\/wp-content\/uploads\/2019\/09\/ProgrammeType_EnfantsMadagascar.jpg\" data-orig-src=\"https:\/\/www.asf-quebec.org\/wp-content\/uploads\/2019\/09\/ProgrammeType_EnfantsMadagascar.jpg\" alt class=\"lazyload img-responsive wp-image-301884\" srcset=\"data:image\/svg+xml,%3Csvg%20xmlns%3D%27http%3A%2F%2Fwww.w3.org%2F2000%2Fsvg%27%20width%3D%27899%27%20height%3D%27812%27%20viewBox%3D%270%200%20899%20812%27%3E%3Crect%20width%3D%27899%27%20height%3D%27812%27%20fill-opacity%3D%220%22%2F%3E%3C%2Fsvg%3E\" data-srcset=\"https:\/\/www.asf-quebec.org\/wp-content\/uploads\/2019\/09\/ProgrammeType_EnfantsMadagascar-200x181.jpg 200w, https:\/\/www.asf-quebec.org\/wp-content\/uploads\/2019\/09\/ProgrammeType_EnfantsMadagascar-400x361.jpg 400w, https:\/\/www.asf-quebec.org\/wp-content\/uploads\/2019\/09\/ProgrammeType_EnfantsMadagascar-600x542.jpg 600w, https:\/\/www.asf-quebec.org\/wp-content\/uploads\/2019\/09\/ProgrammeType_EnfantsMadagascar-800x723.jpg 800w, https:\/\/www.asf-quebec.org\/wp-content\/uploads\/2019\/09\/ProgrammeType_EnfantsMadagascar.jpg 899w\" data-sizes=\"auto\" data-orig-sizes=\"(max-width: 800px) 100vw, 800px\" \/><\/span><\/div><div class=\"fusion-sep-clear\"><\/div><div class=\"fusion-separator fusion-full-width-sep\" style=\"margin-left: auto;margin-right: auto;margin-top:0px;margin-bottom:50px;width:100%;\"><div class=\"fusion-separator-border sep-double\" style=\"--awb-height:20px;--awb-amount:20px;border-color:#e0dede;border-top-width:0px;border-bottom-width:0px;\"><\/div><\/div><div class=\"fusion-sep-clear\"><\/div><div class=\"fusion-clearfix\"><\/div><\/div><\/div><div class=\"fusion-layout-column fusion_builder_column fusion-builder-column-36 fusion_builder_column_1_2 1_2 fusion-one-half fusion-column-last\" style=\"--awb-bg-size:cover;--awb-margin-bottom:0px;width:50%;width:calc(50% - ( ( 4% ) * 0.5 ) );\"><div class=\"fusion-column-wrapper fusion-column-has-shadow fusion-flex-column-wrapper-legacy\"><div class=\"fusion-text fusion-text-30\"><h1>Lorem ipsum<br \/>\ndolor sit amet<\/h1>\n<p>Lorem ipsum dolor sit amet, consectetur adipisicing elit, sed do eiusmod tempor incididunt ut labore et dolore magna aliqua. Ut enim ad minim veniam, quis nostrud exercitation ullamco laboris nisi ut aliquip ex ea commodo consequat. Duis aute irure dolor in reprehenderit in voluptate velit esse cillum dolore eu fugiat.<\/p>\n<p>Nulla sed massa venenatis, malesuada neque nec, ornare libero. Donec placerat tortor tellus, quis bibendum diam dictum non. In sit amet urna id massa hendrerit posuere sit amet ac lectus. Donec ac elit quam. Morbi quis placerat ligula. Integer sit amet laoreet sem. Nunc at eros est. Nullam sed suscipit dolor, quis molestie diam.<\/p>\n<p>Cras finibus dui aliquam pulvinar blandit. Vivamus bibendum finibus risus ac imperdiet. Quisque elementum rhoncus tempus. Sed in luctus odio. Quisque in molestie nisi, a posuere felis. Sed hendrerit lobortis ante id tempor. Mauris ac scelerisque tortor. Vestibulum ante ipsum primis in faucibus orci luctus et ultrices posuere cubilia Curae; Ut id urna hendrerit, ultrices orci nec, volutpat mi. Sed tellus tortor, consequat ac diam sit amet, rhoncus interdum augue.<\/p>\n<\/div><div class=\"fusion-sep-clear\"><\/div><div class=\"fusion-separator fusion-full-width-sep\" style=\"margin-left: auto;margin-right: auto;margin-top:0px;margin-bottom:30px;width:100%;\"><div class=\"fusion-separator-border sep-double\" style=\"--awb-height:20px;--awb-amount:20px;border-color:#e0dede;border-top-width:0px;border-bottom-width:0px;\"><\/div><\/div><div class=\"fusion-sep-clear\"><\/div><div class=\"fusion-image-element fusion-image-align-right in-legacy-container\" style=\"text-align:right;--awb-caption-title-font-family:var(--h2_typography-font-family);--awb-caption-title-font-weight:var(--h2_typography-font-weight);--awb-caption-title-font-style:var(--h2_typography-font-style);--awb-caption-title-size:var(--h2_typography-font-size);--awb-caption-title-transform:var(--h2_typography-text-transform);--awb-caption-title-line-height:var(--h2_typography-line-height);--awb-caption-title-letter-spacing:var(--h2_typography-letter-spacing);\"><span class=\" fusion-imageframe imageframe-none imageframe-22 hover-type-none\" style=\"margin-left:25px;float:right;\"><img decoding=\"async\" width=\"125\" height=\"120\" title=\"ProgrammeType_Forme-jaune\" src=\"data:image\/svg+xml,%3Csvg%20xmlns%3D%27http%3A%2F%2Fwww.w3.org%2F2000%2Fsvg%27%20width%3D%27125%27%20height%3D%27120%27%20viewBox%3D%270%200%20125%20120%27%3E%3Crect%20width%3D%27125%27%20height%3D%27120%27%20fill-opacity%3D%220%22%2F%3E%3C%2Fsvg%3E\" data-orig-src=\"https:\/\/www.asf-quebec.org\/wp-content\/uploads\/2019\/09\/ProgrammeType_Forme-jaune.png\" alt class=\"lazyload img-responsive wp-image-301883\"\/><\/span><\/div><div class=\"fusion-sep-clear\"><\/div><div class=\"fusion-separator fusion-full-width-sep\" style=\"margin-left: auto;margin-right: auto;margin-top:0px;margin-bottom:50px;width:100%;\"><div class=\"fusion-separator-border sep-double\" style=\"--awb-height:20px;--awb-amount:20px;border-color:#e0dede;border-top-width:0px;border-bottom-width:0px;\"><\/div><\/div><div class=\"fusion-sep-clear\"><\/div><div class=\"fusion-clearfix\"><\/div><\/div><\/div><\/div><\/div><div class=\"fusion-fullwidth fullwidth-box fusion-builder-row-16 nonhundred-percent-fullwidth non-hundred-percent-height-scrolling\" style=\"--awb-border-radius-top-left:0px;--awb-border-radius-top-right:0px;--awb-border-radius-bottom-right:0px;--awb-border-radius-bottom-left:0px;--awb-padding-top:90px;--awb-padding-bottom:40px;--awb-margin-top:0px;--awb-margin-bottom:0px;--awb-background-color:#ffffff;--awb-flex-wrap:wrap;\" ><div class=\"fusion-builder-row fusion-row\"><div class=\"fusion-layout-column fusion_builder_column fusion-builder-column-37 fusion_builder_column_1_2 1_2 fusion-one-half fusion-column-first\" style=\"--awb-bg-size:cover;--awb-margin-bottom:0px;width:50%;width:calc(50% - ( ( 4% ) * 0.5 ) );margin-right: 4%;\"><div class=\"fusion-column-wrapper fusion-column-has-shadow fusion-flex-column-wrapper-legacy\"><div class=\"fusion-image-element fusion-image-align-center in-legacy-container\" style=\"text-align:center;--awb-caption-title-font-family:var(--h2_typography-font-family);--awb-caption-title-font-weight:var(--h2_typography-font-weight);--awb-caption-title-font-style:var(--h2_typography-font-style);--awb-caption-title-size:var(--h2_typography-font-size);--awb-caption-title-transform:var(--h2_typography-text-transform);--awb-caption-title-line-height:var(--h2_typography-line-height);--awb-caption-title-letter-spacing:var(--h2_typography-letter-spacing);\"><div class=\"imageframe-align-center\"><span class=\" fusion-imageframe imageframe-none imageframe-23 hover-type-none\"><img decoding=\"async\" width=\"576\" height=\"300\" title=\"ProgrammeType_photoBas_gauche\" src=\"https:\/\/www.asf-quebec.org\/wp-content\/uploads\/2019\/09\/ProgrammeType_photoBas_gauche.jpg\" data-orig-src=\"https:\/\/www.asf-quebec.org\/wp-content\/uploads\/2019\/09\/ProgrammeType_photoBas_gauche.jpg\" alt class=\"lazyload img-responsive wp-image-301886\" srcset=\"data:image\/svg+xml,%3Csvg%20xmlns%3D%27http%3A%2F%2Fwww.w3.org%2F2000%2Fsvg%27%20width%3D%27576%27%20height%3D%27300%27%20viewBox%3D%270%200%20576%20300%27%3E%3Crect%20width%3D%27576%27%20height%3D%27300%27%20fill-opacity%3D%220%22%2F%3E%3C%2Fsvg%3E\" data-srcset=\"https:\/\/www.asf-quebec.org\/wp-content\/uploads\/2019\/09\/ProgrammeType_photoBas_gauche-200x104.jpg 200w, https:\/\/www.asf-quebec.org\/wp-content\/uploads\/2019\/09\/ProgrammeType_photoBas_gauche-400x208.jpg 400w, https:\/\/www.asf-quebec.org\/wp-content\/uploads\/2019\/09\/ProgrammeType_photoBas_gauche.jpg 576w\" data-sizes=\"auto\" data-orig-sizes=\"(max-width: 800px) 100vw, 576px\" \/><\/span><\/div><\/div><div class=\"fusion-sep-clear\"><\/div><div class=\"fusion-separator fusion-full-width-sep\" style=\"margin-left: auto;margin-right: auto;margin-top:15px;margin-bottom:15px;width:100%;\"><div class=\"fusion-separator-border sep-double\" style=\"--awb-height:20px;--awb-amount:20px;border-color:#e0dede;border-top-width:0px;border-bottom-width:0px;\"><\/div><\/div><div class=\"fusion-sep-clear\"><\/div><div class=\"fusion-aligncenter\"><a class=\"fusion-button button-flat fusion-button-default-size button-custom fusion-button-default button-2 fusion-button-default-span fusion-button-default-type\" style=\"--button_accent_color:#000000;--button_accent_hover_color:#ffffff;--button_border_hover_color:#ffffff;--button_border_width-top:1px;--button_border_width-right:1px;--button_border_width-bottom:1px;--button_border_width-left:1px;--button_gradient_top_color:#ffffff;--button_gradient_bottom_color:#ffffff;--button_gradient_top_color_hover:#03a9f4;--button_gradient_bottom_color_hover:#03a9f4;--button_text_transform:uppercase;\" target=\"_self\" href=\"https:\/\/www.asf-quebec.org\/en\/our-projects\/\"><span class=\"fusion-button-text awb-button__text awb-button__text--default\">D\u00e9couvrez les projets r\u00e9alis\u00e9s<\/span><\/a><\/div><div class=\"fusion-sep-clear\"><\/div><div class=\"fusion-separator fusion-full-width-sep\" style=\"margin-left: auto;margin-right: auto;margin-top:25px;margin-bottom:25px;width:100%;\"><div class=\"fusion-separator-border sep-double\" style=\"--awb-height:20px;--awb-amount:20px;border-color:#e0dede;border-top-width:0px;border-bottom-width:0px;\"><\/div><\/div><div class=\"fusion-sep-clear\"><\/div><div class=\"fusion-clearfix\"><\/div><\/div><\/div><div class=\"fusion-layout-column fusion_builder_column fusion-builder-column-38 fusion_builder_column_1_2 1_2 fusion-one-half fusion-column-last\" style=\"--awb-bg-size:cover;--awb-margin-bottom:0px;width:50%;width:calc(50% - ( ( 4% ) * 0.5 ) );\"><div class=\"fusion-column-wrapper fusion-column-has-shadow fusion-flex-column-wrapper-legacy\"><div class=\"fusion-image-element fusion-image-align-center in-legacy-container\" style=\"text-align:center;--awb-caption-title-font-family:var(--h2_typography-font-family);--awb-caption-title-font-weight:var(--h2_typography-font-weight);--awb-caption-title-font-style:var(--h2_typography-font-style);--awb-caption-title-size:var(--h2_typography-font-size);--awb-caption-title-transform:var(--h2_typography-text-transform);--awb-caption-title-line-height:var(--h2_typography-line-height);--awb-caption-title-letter-spacing:var(--h2_typography-letter-spacing);\"><div class=\"imageframe-align-center\"><span class=\" fusion-imageframe imageframe-none imageframe-24 hover-type-none\"><img decoding=\"async\" width=\"576\" height=\"300\" title=\"ProgrammeType_photoBas_droite\" src=\"https:\/\/www.asf-quebec.org\/wp-content\/uploads\/2019\/09\/ProgrammeType_photoBas_droite.jpg\" data-orig-src=\"https:\/\/www.asf-quebec.org\/wp-content\/uploads\/2019\/09\/ProgrammeType_photoBas_droite.jpg\" alt class=\"lazyload img-responsive wp-image-301885\" srcset=\"data:image\/svg+xml,%3Csvg%20xmlns%3D%27http%3A%2F%2Fwww.w3.org%2F2000%2Fsvg%27%20width%3D%27576%27%20height%3D%27300%27%20viewBox%3D%270%200%20576%20300%27%3E%3Crect%20width%3D%27576%27%20height%3D%27300%27%20fill-opacity%3D%220%22%2F%3E%3C%2Fsvg%3E\" data-srcset=\"https:\/\/www.asf-quebec.org\/wp-content\/uploads\/2019\/09\/ProgrammeType_photoBas_droite-200x104.jpg 200w, https:\/\/www.asf-quebec.org\/wp-content\/uploads\/2019\/09\/ProgrammeType_photoBas_droite-400x208.jpg 400w, https:\/\/www.asf-quebec.org\/wp-content\/uploads\/2019\/09\/ProgrammeType_photoBas_droite.jpg 576w\" data-sizes=\"auto\" data-orig-sizes=\"(max-width: 800px) 100vw, 576px\" \/><\/span><\/div><\/div><div class=\"fusion-sep-clear\"><\/div><div class=\"fusion-separator fusion-full-width-sep\" style=\"margin-left: auto;margin-right: auto;margin-top:15px;margin-bottom:15px;width:100%;\"><div class=\"fusion-separator-border sep-double\" style=\"--awb-height:20px;--awb-amount:20px;border-color:#e0dede;border-top-width:0px;border-bottom-width:0px;\"><\/div><\/div><div class=\"fusion-sep-clear\"><\/div><div class=\"fusion-aligncenter\"><a class=\"fusion-button button-flat fusion-button-default-size button-custom fusion-button-default button-3 fusion-button-default-span fusion-button-default-type\" style=\"--button_accent_color:#000000;--button_accent_hover_color:#ffffff;--button_border_hover_color:#ffffff;--button_border_width-top:1px;--button_border_width-right:1px;--button_border_width-bottom:1px;--button_border_width-left:1px;--button_gradient_top_color:#ffffff;--button_gradient_bottom_color:#ffffff;--button_gradient_top_color_hover:#03a9f4;--button_gradient_bottom_color_hover:#03a9f4;--button_text_transform:uppercase;\" target=\"_self\" href=\"#\"><span class=\"fusion-button-text awb-button__text awb-button__text--default\">Soumettez un projet<\/span><\/a><\/div><div class=\"fusion-clearfix\"><\/div><\/div><\/div><\/div><\/div><div class=\"fusion-fullwidth fullwidth-box fusion-builder-row-17 nonhundred-percent-fullwidth non-hundred-percent-height-scrolling\" style=\"--awb-border-radius-top-left:0px;--awb-border-radius-top-right:0px;--awb-border-radius-bottom-right:0px;--awb-border-radius-bottom-left:0px;--awb-padding-top:50px;--awb-padding-bottom:50px;--awb-flex-wrap:wrap;\" ><div class=\"fusion-builder-row fusion-row\"><div class=\"fusion-layout-column fusion_builder_column fusion-builder-column-39 fusion_builder_column_1_1 1_1 fusion-one-full fusion-column-first fusion-column-last\" style=\"--awb-bg-size:cover;\"><div class=\"fusion-column-wrapper fusion-column-has-shadow fusion-flex-column-wrapper-legacy\"><div class=\"fusion-text fusion-text-31\"><h3><span style=\"color: #f38919;\">Nos partenaires du programme<\/span><\/h3>\n<\/div><div class=\"fusion-image-carousel fusion-image-carousel-fixed fusion-image-carousel-3\"><div class=\"awb-carousel awb-swiper awb-swiper-carousel awb-carousel--carousel awb-swiper-dots-position-bottom\" data-layout=\"carousel\" data-autoplay=\"no\" data-autoplayspeed=\"2500\" data-autoplaypause=\"no\" data-columns=\"5\" data-columnsmedium=\"1\" data-columnssmall=\"1\" data-itemmargin=\"13\" data-itemwidth=\"180\" data-touchscroll=\"no\" data-freemode=\"no\" data-imagesize=\"fixed\" data-scrollitems=\"0\" data-centeredslides=\"no\" data-rotationangle=\"50\" data-depth=\"100\" data-speed=\"500\" data-shadow=\"no\" data-pagination=\"bullets\"><div class=\"swiper-wrapper awb-image-carousel-wrapper fusion-flex-align-items-center\"><div class=\"swiper-slide\"><div class=\"fusion-carousel-item-wrapper\"><div class=\"fusion-image-wrapper hover-type-none\"><img decoding=\"async\" width=\"232\" height=\"101\" src=\"https:\/\/www.asf-quebec.org\/wp-content\/uploads\/2019\/07\/AluQuebec.png\" class=\"attachment-blog-medium size-blog-medium lazyload\" alt=\"\" srcset=\"data:image\/svg+xml,%3Csvg%20xmlns%3D%27http%3A%2F%2Fwww.w3.org%2F2000%2Fsvg%27%20width%3D%27232%27%20height%3D%27101%27%20viewBox%3D%270%200%20232%20101%27%3E%3Crect%20width%3D%27232%27%20height%3D%27101%27%20fill-opacity%3D%220%22%2F%3E%3C%2Fsvg%3E\" data-orig-src=\"https:\/\/www.asf-quebec.org\/wp-content\/uploads\/2019\/07\/AluQuebec.png\" data-srcset=\"https:\/\/www.asf-quebec.org\/wp-content\/uploads\/2019\/07\/AluQuebec-200x87.png 200w, https:\/\/www.asf-quebec.org\/wp-content\/uploads\/2019\/07\/AluQuebec.png 232w\" data-sizes=\"auto\" \/><\/div><\/div><\/div><div class=\"swiper-slide\"><div class=\"fusion-carousel-item-wrapper\"><div class=\"fusion-image-wrapper hover-type-none\"><img decoding=\"async\" width=\"121\" height=\"54\" src=\"data:image\/svg+xml,%3Csvg%20xmlns%3D%27http%3A%2F%2Fwww.w3.org%2F2000%2Fsvg%27%20width%3D%27121%27%20height%3D%2754%27%20viewBox%3D%270%200%20121%2054%27%3E%3Crect%20width%3D%27121%27%20height%3D%2754%27%20fill-opacity%3D%220%22%2F%3E%3C%2Fsvg%3E\" class=\"attachment-blog-medium size-blog-medium lazyload\" alt=\"\" data-orig-src=\"https:\/\/www.asf-quebec.org\/wp-content\/uploads\/2019\/07\/Poly.png\" \/><\/div><\/div><\/div><div class=\"swiper-slide\"><div class=\"fusion-carousel-item-wrapper\"><div class=\"fusion-image-wrapper hover-type-none\"><img decoding=\"async\" width=\"167\" height=\"53\" src=\"data:image\/svg+xml,%3Csvg%20xmlns%3D%27http%3A%2F%2Fwww.w3.org%2F2000%2Fsvg%27%20width%3D%27167%27%20height%3D%2753%27%20viewBox%3D%270%200%20167%2053%27%3E%3Crect%20width%3D%27167%27%20height%3D%2753%27%20fill-opacity%3D%220%22%2F%3E%3C%2Fsvg%3E\" class=\"attachment-blog-medium size-blog-medium lazyload\" alt=\"\" data-orig-src=\"https:\/\/www.asf-quebec.org\/wp-content\/uploads\/2019\/07\/sidlee.png\" \/><\/div><\/div><\/div><div class=\"swiper-slide\"><div class=\"fusion-carousel-item-wrapper\"><div class=\"fusion-image-wrapper hover-type-none\"><img decoding=\"async\" width=\"134\" height=\"18\" src=\"data:image\/svg+xml,%3Csvg%20xmlns%3D%27http%3A%2F%2Fwww.w3.org%2F2000%2Fsvg%27%20width%3D%27134%27%20height%3D%2718%27%20viewBox%3D%270%200%20134%2018%27%3E%3Crect%20width%3D%27134%27%20height%3D%2718%27%20fill-opacity%3D%220%22%2F%3E%3C%2Fsvg%3E\" class=\"attachment-blog-medium size-blog-medium lazyload\" alt=\"\" data-orig-src=\"https:\/\/www.asf-quebec.org\/wp-content\/uploads\/2019\/07\/Werkliv.png\" \/><\/div><\/div><\/div><\/div><div class=\"awb-swiper-button awb-swiper-button-prev\"><i class=\"awb-icon-angle-left\" aria-hidden=\"true\"><\/i><\/div><div class=\"awb-swiper-button awb-swiper-button-next\"><i class=\"awb-icon-angle-right\" aria-hidden=\"true\"><\/i><\/div><\/div><\/div><div class=\"fusion-clearfix\"><\/div><\/div><\/div><\/div><\/div><\/p>\n","protected":false},"excerpt":{"rendered":"","protected":false},"author":2,"featured_media":0,"parent":331739,"menu_order":0,"comment_status":"closed","ping_status":"closed","template":"100-width.php","meta":{"_acf_changed":false,"footnotes":""},"class_list":["post-332347","page","type-page","status-publish","hentry"],"acf":[],"yoast_head":"<!-- This site is optimized with the Yoast SEO plugin v26.8 - https:\/\/yoast.com\/product\/yoast-seo-wordpress\/ -->\n<title>Volunteer Commitment - Architecture Sans Fronti\u00e8res Qu\u00e9bec<\/title>\n<meta name=\"robots\" content=\"index, follow, max-snippet:-1, max-image-preview:large, max-video-preview:-1\" \/>\n<link rel=\"canonical\" href=\"https:\/\/www.asf-quebec.org\/en\/our-programs\/volunteer-commitment\/\" \/>\n<meta property=\"og:locale\" content=\"en_US\" \/>\n<meta property=\"og:type\" content=\"article\" \/>\n<meta property=\"og:title\" content=\"Volunteer Commitment - Architecture Sans Fronti\u00e8res Qu\u00e9bec\" \/>\n<meta property=\"og:url\" content=\"https:\/\/www.asf-quebec.org\/en\/our-programs\/volunteer-commitment\/\" \/>\n<meta property=\"og:site_name\" content=\"Architecture Sans Fronti\u00e8res Qu\u00e9bec\" \/>\n<meta property=\"article:publisher\" content=\"https:\/\/www.facebook.com\/architecturesansfrontieres\/\" \/>\n<meta property=\"article:modified_time\" content=\"2021-06-16T17:34:57+00:00\" \/>\n<meta name=\"twitter:card\" content=\"summary_large_image\" \/>\n<meta name=\"twitter:label1\" content=\"Est. reading time\" \/>\n\t<meta name=\"twitter:data1\" content=\"63 minutes\" \/>\n<script type=\"application\/ld+json\" class=\"yoast-schema-graph\">{\"@context\":\"https:\/\/schema.org\",\"@graph\":[{\"@type\":\"WebPage\",\"@id\":\"https:\/\/www.asf-quebec.org\/en\/our-programs\/volunteer-commitment\/\",\"url\":\"https:\/\/www.asf-quebec.org\/en\/our-programs\/volunteer-commitment\/\",\"name\":\"Volunteer Commitment - Architecture Sans Fronti\u00e8res Qu\u00e9bec\",\"isPartOf\":{\"@id\":\"https:\/\/www.asf-quebec.org\/en\/#website\"},\"datePublished\":\"2021-06-16T17:34:48+00:00\",\"dateModified\":\"2021-06-16T17:34:57+00:00\",\"breadcrumb\":{\"@id\":\"https:\/\/www.asf-quebec.org\/en\/our-programs\/volunteer-commitment\/#breadcrumb\"},\"inLanguage\":\"en-US\",\"potentialAction\":[{\"@type\":\"ReadAction\",\"target\":[\"https:\/\/www.asf-quebec.org\/en\/our-programs\/volunteer-commitment\/\"]}]},{\"@type\":\"BreadcrumbList\",\"@id\":\"https:\/\/www.asf-quebec.org\/en\/our-programs\/volunteer-commitment\/#breadcrumb\",\"itemListElement\":[{\"@type\":\"ListItem\",\"position\":1,\"name\":\"Accueil\",\"item\":\"https:\/\/www.asf-quebec.org\/en\/\"},{\"@type\":\"ListItem\",\"position\":2,\"name\":\"Our Programs\",\"item\":\"https:\/\/www.asf-quebec.org\/en\/our-programs\/\"},{\"@type\":\"ListItem\",\"position\":3,\"name\":\"Volunteer Commitment\"}]},{\"@type\":\"WebSite\",\"@id\":\"https:\/\/www.asf-quebec.org\/en\/#website\",\"url\":\"https:\/\/www.asf-quebec.org\/en\/\",\"name\":\"Architecture sans fronti\u00e8res Qu\u00e9bec\",\"description\":\"ASFQ\",\"publisher\":{\"@id\":\"https:\/\/www.asf-quebec.org\/en\/#organization\"},\"potentialAction\":[{\"@type\":\"SearchAction\",\"target\":{\"@type\":\"EntryPoint\",\"urlTemplate\":\"https:\/\/www.asf-quebec.org\/en\/?s={search_term_string}\"},\"query-input\":{\"@type\":\"PropertyValueSpecification\",\"valueRequired\":true,\"valueName\":\"search_term_string\"}}],\"inLanguage\":\"en-US\"},{\"@type\":\"Organization\",\"@id\":\"https:\/\/www.asf-quebec.org\/en\/#organization\",\"name\":\"Architecture sans fronti\u00e8res Qu\u00e9bec (ASFQ)\",\"url\":\"https:\/\/www.asf-quebec.org\/en\/\",\"logo\":{\"@type\":\"ImageObject\",\"inLanguage\":\"en-US\",\"@id\":\"https:\/\/www.asf-quebec.org\/en\/#\/schema\/logo\/image\/\",\"url\":\"https:\/\/www.asf-quebec.org\/wp-content\/uploads\/2019\/07\/Logo-asfq-retina.jpg\",\"contentUrl\":\"https:\/\/www.asf-quebec.org\/wp-content\/uploads\/2019\/07\/Logo-asfq-retina.jpg\",\"width\":564,\"height\":219,\"caption\":\"Architecture sans fronti\u00e8res Qu\u00e9bec (ASFQ)\"},\"image\":{\"@id\":\"https:\/\/www.asf-quebec.org\/en\/#\/schema\/logo\/image\/\"},\"sameAs\":[\"https:\/\/www.facebook.com\/architecturesansfrontieres\/\",\"https:\/\/www.instagram.com\/asfquebec\/\",\"https:\/\/www.linkedin.com\/company\/asf-quebec\/\"]}]}<\/script>\n<!-- \/ Yoast SEO plugin. -->","yoast_head_json":{"title":"Volunteer Commitment - Architecture Sans Fronti\u00e8res Qu\u00e9bec","robots":{"index":"index","follow":"follow","max-snippet":"max-snippet:-1","max-image-preview":"max-image-preview:large","max-video-preview":"max-video-preview:-1"},"canonical":"https:\/\/www.asf-quebec.org\/en\/our-programs\/volunteer-commitment\/","og_locale":"en_US","og_type":"article","og_title":"Volunteer Commitment - Architecture Sans Fronti\u00e8res Qu\u00e9bec","og_url":"https:\/\/www.asf-quebec.org\/en\/our-programs\/volunteer-commitment\/","og_site_name":"Architecture Sans Fronti\u00e8res Qu\u00e9bec","article_publisher":"https:\/\/www.facebook.com\/architecturesansfrontieres\/","article_modified_time":"2021-06-16T17:34:57+00:00","twitter_card":"summary_large_image","twitter_misc":{"Est. reading time":"63 minutes"},"schema":{"@context":"https:\/\/schema.org","@graph":[{"@type":"WebPage","@id":"https:\/\/www.asf-quebec.org\/en\/our-programs\/volunteer-commitment\/","url":"https:\/\/www.asf-quebec.org\/en\/our-programs\/volunteer-commitment\/","name":"Volunteer Commitment - Architecture Sans Fronti\u00e8res Qu\u00e9bec","isPartOf":{"@id":"https:\/\/www.asf-quebec.org\/en\/#website"},"datePublished":"2021-06-16T17:34:48+00:00","dateModified":"2021-06-16T17:34:57+00:00","breadcrumb":{"@id":"https:\/\/www.asf-quebec.org\/en\/our-programs\/volunteer-commitment\/#breadcrumb"},"inLanguage":"en-US","potentialAction":[{"@type":"ReadAction","target":["https:\/\/www.asf-quebec.org\/en\/our-programs\/volunteer-commitment\/"]}]},{"@type":"BreadcrumbList","@id":"https:\/\/www.asf-quebec.org\/en\/our-programs\/volunteer-commitment\/#breadcrumb","itemListElement":[{"@type":"ListItem","position":1,"name":"Accueil","item":"https:\/\/www.asf-quebec.org\/en\/"},{"@type":"ListItem","position":2,"name":"Our Programs","item":"https:\/\/www.asf-quebec.org\/en\/our-programs\/"},{"@type":"ListItem","position":3,"name":"Volunteer Commitment"}]},{"@type":"WebSite","@id":"https:\/\/www.asf-quebec.org\/en\/#website","url":"https:\/\/www.asf-quebec.org\/en\/","name":"Architecture sans fronti\u00e8res Qu\u00e9bec","description":"ASFQ","publisher":{"@id":"https:\/\/www.asf-quebec.org\/en\/#organization"},"potentialAction":[{"@type":"SearchAction","target":{"@type":"EntryPoint","urlTemplate":"https:\/\/www.asf-quebec.org\/en\/?s={search_term_string}"},"query-input":{"@type":"PropertyValueSpecification","valueRequired":true,"valueName":"search_term_string"}}],"inLanguage":"en-US"},{"@type":"Organization","@id":"https:\/\/www.asf-quebec.org\/en\/#organization","name":"Architecture sans fronti\u00e8res Qu\u00e9bec (ASFQ)","url":"https:\/\/www.asf-quebec.org\/en\/","logo":{"@type":"ImageObject","inLanguage":"en-US","@id":"https:\/\/www.asf-quebec.org\/en\/#\/schema\/logo\/image\/","url":"https:\/\/www.asf-quebec.org\/wp-content\/uploads\/2019\/07\/Logo-asfq-retina.jpg","contentUrl":"https:\/\/www.asf-quebec.org\/wp-content\/uploads\/2019\/07\/Logo-asfq-retina.jpg","width":564,"height":219,"caption":"Architecture sans fronti\u00e8res Qu\u00e9bec (ASFQ)"},"image":{"@id":"https:\/\/www.asf-quebec.org\/en\/#\/schema\/logo\/image\/"},"sameAs":["https:\/\/www.facebook.com\/architecturesansfrontieres\/","https:\/\/www.instagram.com\/asfquebec\/","https:\/\/www.linkedin.com\/company\/asf-quebec\/"]}]}},"_links":{"self":[{"href":"https:\/\/www.asf-quebec.org\/en\/wp-json\/wp\/v2\/pages\/332347","targetHints":{"allow":["GET"]}}],"collection":[{"href":"https:\/\/www.asf-quebec.org\/en\/wp-json\/wp\/v2\/pages"}],"about":[{"href":"https:\/\/www.asf-quebec.org\/en\/wp-json\/wp\/v2\/types\/page"}],"author":[{"embeddable":true,"href":"https:\/\/www.asf-quebec.org\/en\/wp-json\/wp\/v2\/users\/2"}],"replies":[{"embeddable":true,"href":"https:\/\/www.asf-quebec.org\/en\/wp-json\/wp\/v2\/comments?post=332347"}],"version-history":[{"count":3,"href":"https:\/\/www.asf-quebec.org\/en\/wp-json\/wp\/v2\/pages\/332347\/revisions"}],"predecessor-version":[{"id":332351,"href":"https:\/\/www.asf-quebec.org\/en\/wp-json\/wp\/v2\/pages\/332347\/revisions\/332351"}],"up":[{"embeddable":true,"href":"https:\/\/www.asf-quebec.org\/en\/wp-json\/wp\/v2\/pages\/331739"}],"wp:attachment":[{"href":"https:\/\/www.asf-quebec.org\/en\/wp-json\/wp\/v2\/media?parent=332347"}],"curies":[{"name":"wp","href":"https:\/\/api.w.org\/{rel}","templated":true}]}}