{"id":332323,"date":"2021-06-16T17:26:04","date_gmt":"2021-06-16T17:26:04","guid":{"rendered":"https:\/\/www.asf-quebec.org\/our-programs\/circular-economy\/"},"modified":"2026-04-16T15:20:18","modified_gmt":"2026-04-16T19:20:18","slug":"circular-economy","status":"publish","type":"page","link":"https:\/\/www.asf-quebec.org\/en\/our-programs\/circular-economy\/","title":{"rendered":"Circular Economy"},"content":{"rendered":"<p><div class=\"fusion-fullwidth fullwidth-box fusion-builder-row-1 nonhundred-percent-fullwidth non-hundred-percent-height-scrolling fusion-equal-height-columns\" style=\"--awb-border-radius-top-left:0px;--awb-border-radius-top-right:0px;--awb-border-radius-bottom-right:0px;--awb-border-radius-bottom-left:0px;--awb-padding-top:100px;--awb-padding-right:100px;--awb-padding-bottom:100px;--awb-padding-left:60px;--awb-flex-wrap:wrap;\" ><div class=\"fusion-builder-row fusion-row\"><div class=\"fusion-layout-column fusion_builder_column fusion-builder-column-0 fusion_builder_column_1_1 1_1 fusion-one-full fusion-column-first fusion-column-last\" style=\"--awb-padding-right:70px;--awb-padding-left:50px;--awb-bg-size:cover;\"><div class=\"fusion-column-wrapper fusion-column-has-shadow fusion-flex-column-wrapper-legacy\"><div class=\"fusion-text fusion-text-1\"><h2><span style=\"color: #999999;\">An environmentally friendly and solidarity-based architecture through the reclaiming, redistribution and reuse of building materials<\/span><\/h2>\n<\/div><div class=\"fusion-clearfix\"><\/div><\/div><\/div><\/div><\/div><div class=\"fusion-fullwidth fullwidth-box fusion-builder-row-2 nonhundred-percent-fullwidth non-hundred-percent-height-scrolling\" style=\"--awb-border-radius-top-left:0px;--awb-border-radius-top-right:0px;--awb-border-radius-bottom-right:0px;--awb-border-radius-bottom-left:0px;--awb-padding-top:100px;--awb-padding-right:60px;--awb-padding-bottom:100px;--awb-padding-left:60px;--awb-margin-top:0px;--awb-margin-bottom:0px;--awb-background-color:#e5e5e5;--awb-flex-wrap:wrap;\" ><div class=\"fusion-builder-row fusion-row\"><div class=\"fusion-layout-column fusion_builder_column fusion-builder-column-1 fusion_builder_column_1_1 1_1 fusion-one-full fusion-column-first fusion-column-last\" style=\"--awb-padding-left:35px;--awb-bg-size:cover;\"><div class=\"fusion-column-wrapper fusion-column-has-shadow fusion-flex-column-wrapper-legacy\"><div class=\"fusion-text fusion-text-2\"><h2><span style=\"color: #333333;\"><strong>Le d\u00e9fi \u00e0 relever<\/strong><\/span><\/h2>\n<\/div><div class=\"fusion-clearfix\"><\/div><\/div><\/div><div class=\"fusion-layout-column fusion_builder_column fusion-builder-column-2 fusion_builder_column_1_2 1_2 fusion-one-half fusion-column-first\" style=\"--awb-padding-top:15px;--awb-padding-right:35px;--awb-padding-left:35px;--awb-bg-size:cover;--awb-margin-bottom:0px;width:50%;width:calc(50% - ( ( 4% ) * 0.5 ) );margin-right: 4%;\"><div class=\"fusion-column-wrapper fusion-column-has-shadow fusion-flex-column-wrapper-legacy\"><div class=\"fusion-text fusion-text-3\"><h5>Une gestion insoutenable des ressources<\/h5>\n<\/div><div class=\"fusion-sep-clear\"><\/div><div class=\"fusion-separator fusion-full-width-sep\" style=\"margin-left: auto;margin-right: auto;margin-top:10px;margin-bottom:0px;width:100%;\"><div class=\"fusion-separator-border sep-double\" style=\"--awb-height:20px;--awb-amount:20px;border-color:#e0dede;border-top-width:0px;border-bottom-width:0px;\"><\/div><\/div><div class=\"fusion-sep-clear\"><\/div><div class=\"fusion-text fusion-text-4\"><p><span style=\"font-weight: 400;\">\u00c0 l\u2019\u00e9chelle plan\u00e9taire, le secteur du b\u00e2timent est responsable de 30% des ressources extraites, des gaz \u00e0 effet de serre et des d\u00e9chets. Les chantiers du Qu\u00e9bec produisent \u00e0 eux seuls quelques 3 millions de tonnes de mat\u00e9riaux r\u00e9siduels, dont moins de 1% est r\u00e9utilis\u00e9. Les cons\u00e9quences d\u2019un tel mode de production sont autant environnementales que sociales. L\u2019\u00e9puisement des ressources, la pollution et les changements climatiques causent la d\u00e9t\u00e9rioration croissante des habitats naturels et humains. Notre \u00e9conomie lin\u00e9aire mondialis\u00e9e affecte ainsi directement les conditions de vie des populations, surtout celles des plus vuln\u00e9rables, qui sont pourtant les moins \u00e0 bl\u00e2mer.<\/span><\/p>\n<\/div><div class=\"fusion-sep-clear\"><\/div><div class=\"fusion-separator fusion-full-width-sep\" style=\"margin-left: auto;margin-right: auto;margin-top:15px;margin-bottom:0px;width:100%;\"><div class=\"fusion-separator-border sep-double\" style=\"--awb-height:20px;--awb-amount:20px;border-color:#e0dede;border-top-width:0px;border-bottom-width:0px;\"><\/div><\/div><div class=\"fusion-sep-clear\"><\/div><div class=\"fusion-text fusion-text-5\"><h5>R\u00e9inventer la roue de l\u2019architecture<\/h5>\n<\/div><div class=\"fusion-sep-clear\"><\/div><div class=\"fusion-separator fusion-full-width-sep\" style=\"margin-left: auto;margin-right: auto;margin-top:10px;margin-bottom:0px;width:100%;\"><div class=\"fusion-separator-border sep-double\" style=\"--awb-height:20px;--awb-amount:20px;border-color:#e0dede;border-top-width:0px;border-bottom-width:0px;\"><\/div><\/div><div class=\"fusion-sep-clear\"><\/div><div class=\"fusion-text fusion-text-6\"><p><span style=\"font-weight: 400;\">L\u2019architecture est d\u00e9sormais consciente de son impact et peut contribuer \u00e0 une gestion plus durable de nos ressources collectives. Inventive et cr\u00e9ative, elle doit trouver des moyens pour faire du probl\u00e8me une opportunit\u00e9 et r\u00e9inventer la roue de notre \u00e9conomie lin\u00e9aire. D\u00e9termin\u00e9e \u00e0 faire sa part et \u00e0 agir en leader en cette mati\u00e8re, notre \u00e9quipe d\u00e9veloppe des initiatives d\u2019\u00e9conomie circulaire innovantes pour l&#8217;industrie et solidaires des communaut\u00e9s. Le <strong>r\u00e9emploi<\/strong> repr\u00e9sente l\u2019une des meilleures solutions pour prolonger le cycle de vie des mat\u00e9riaux de la construction, sauver de l&#8217;enfouissement des composantes patrimoniales et redistribuer des ressources encore utiles \u00e0 ceux qui en ont besoin.<\/span><\/p>\n<\/div><div class=\"fusion-clearfix\"><\/div><\/div><\/div><div class=\"fusion-layout-column fusion_builder_column fusion-builder-column-3 fusion_builder_column_1_2 1_2 fusion-one-half fusion-column-last\" style=\"--awb-padding-top:15px;--awb-padding-right:35px;--awb-padding-left:35px;--awb-bg-size:cover;--awb-margin-bottom:0px;width:50%;width:calc(50% - ( ( 4% ) * 0.5 ) );\"><div class=\"fusion-column-wrapper fusion-column-has-shadow fusion-flex-column-wrapper-legacy\"><div class=\"fusion-image-element in-legacy-container\" style=\"--awb-caption-title-font-family:var(--h2_typography-font-family);--awb-caption-title-font-weight:var(--h2_typography-font-weight);--awb-caption-title-font-style:var(--h2_typography-font-style);--awb-caption-title-size:var(--h2_typography-font-size);--awb-caption-title-transform:var(--h2_typography-text-transform);--awb-caption-title-line-height:var(--h2_typography-line-height);--awb-caption-title-letter-spacing:var(--h2_typography-letter-spacing);\"><span class=\" fusion-imageframe imageframe-none imageframe-1 hover-type-none\"><img decoding=\"async\" width=\"1097\" height=\"810\" title=\"APTOPIX New Zealand Earthquake\" src=\"https:\/\/www.asf-quebec.org\/wp-content\/uploads\/2020\/04\/Sydenham_Heritage_Church_demolition-e1587849490867.jpg\" data-orig-src=\"https:\/\/www.asf-quebec.org\/wp-content\/uploads\/2020\/04\/Sydenham_Heritage_Church_demolition-e1587849490867.jpg\" alt class=\"lazyload img-responsive wp-image-302360\" srcset=\"data:image\/svg+xml,%3Csvg%20xmlns%3D%27http%3A%2F%2Fwww.w3.org%2F2000%2Fsvg%27%20width%3D%271097%27%20height%3D%27810%27%20viewBox%3D%270%200%201097%20810%27%3E%3Crect%20width%3D%271097%27%20height%3D%27810%27%20fill-opacity%3D%220%22%2F%3E%3C%2Fsvg%3E\" data-srcset=\"https:\/\/www.asf-quebec.org\/wp-content\/uploads\/2020\/04\/Sydenham_Heritage_Church_demolition-e1587849490867-200x148.jpg 200w, https:\/\/www.asf-quebec.org\/wp-content\/uploads\/2020\/04\/Sydenham_Heritage_Church_demolition-e1587849490867-400x295.jpg 400w, https:\/\/www.asf-quebec.org\/wp-content\/uploads\/2020\/04\/Sydenham_Heritage_Church_demolition-e1587849490867-600x443.jpg 600w, https:\/\/www.asf-quebec.org\/wp-content\/uploads\/2020\/04\/Sydenham_Heritage_Church_demolition-e1587849490867-800x591.jpg 800w, https:\/\/www.asf-quebec.org\/wp-content\/uploads\/2020\/04\/Sydenham_Heritage_Church_demolition-e1587849490867.jpg 1097w\" data-sizes=\"auto\" data-orig-sizes=\"(max-width: 800px) 100vw, 1097px\" \/><\/span><\/div><div class=\"fusion-clearfix\"><\/div><\/div><\/div><\/div><\/div><div class=\"fusion-fullwidth fullwidth-box fusion-builder-row-3 nonhundred-percent-fullwidth non-hundred-percent-height-scrolling\" style=\"--awb-border-radius-top-left:0px;--awb-border-radius-top-right:0px;--awb-border-radius-bottom-right:0px;--awb-border-radius-bottom-left:0px;--awb-padding-top:100px;--awb-padding-bottom:100px;--awb-background-color:#999999;--awb-flex-wrap:wrap;\" ><div class=\"fusion-builder-row fusion-row\"><div class=\"fusion-layout-column fusion_builder_column fusion-builder-column-4 fusion_builder_column_2_5 2_5 fusion-two-fifth fusion-column-first\" style=\"--awb-padding-top:15px;--awb-padding-right:35px;--awb-padding-left:35px;--awb-bg-size:cover;--awb-margin-bottom:0px;width:40%;width:calc(40% - ( ( 4% ) * 0.4 ) );margin-right: 4%;\"><div class=\"fusion-column-wrapper fusion-column-has-shadow fusion-flex-column-wrapper-legacy\"><div class=\"fusion-image-element in-legacy-container\" style=\"--awb-caption-title-font-family:var(--h2_typography-font-family);--awb-caption-title-font-weight:var(--h2_typography-font-weight);--awb-caption-title-font-style:var(--h2_typography-font-style);--awb-caption-title-size:var(--h2_typography-font-size);--awb-caption-title-transform:var(--h2_typography-text-transform);--awb-caption-title-line-height:var(--h2_typography-line-height);--awb-caption-title-letter-spacing:var(--h2_typography-letter-spacing);\"><span class=\" fusion-imageframe imageframe-none imageframe-2 hover-type-none\"><img decoding=\"async\" width=\"400\" height=\"268\" title=\"21543898_1944054759185429_1871065800496728365_o\" src=\"https:\/\/www.asf-quebec.org\/wp-content\/uploads\/2020\/04\/21543898_1944054759185429_1871065800496728365_o-1.jpg\" data-orig-src=\"https:\/\/www.asf-quebec.org\/wp-content\/uploads\/2020\/04\/21543898_1944054759185429_1871065800496728365_o-1-400x268.jpg\" alt class=\"lazyload img-responsive wp-image-302359\" srcset=\"data:image\/svg+xml,%3Csvg%20xmlns%3D%27http%3A%2F%2Fwww.w3.org%2F2000%2Fsvg%27%20width%3D%272048%27%20height%3D%271370%27%20viewBox%3D%270%200%202048%201370%27%3E%3Crect%20width%3D%272048%27%20height%3D%271370%27%20fill-opacity%3D%220%22%2F%3E%3C%2Fsvg%3E\" data-srcset=\"https:\/\/www.asf-quebec.org\/wp-content\/uploads\/2020\/04\/21543898_1944054759185429_1871065800496728365_o-1-200x134.jpg 200w, https:\/\/www.asf-quebec.org\/wp-content\/uploads\/2020\/04\/21543898_1944054759185429_1871065800496728365_o-1-400x268.jpg 400w, https:\/\/www.asf-quebec.org\/wp-content\/uploads\/2020\/04\/21543898_1944054759185429_1871065800496728365_o-1-600x401.jpg 600w, https:\/\/www.asf-quebec.org\/wp-content\/uploads\/2020\/04\/21543898_1944054759185429_1871065800496728365_o-1-800x535.jpg 800w, https:\/\/www.asf-quebec.org\/wp-content\/uploads\/2020\/04\/21543898_1944054759185429_1871065800496728365_o-1-1200x803.jpg 1200w\" data-sizes=\"auto\" data-orig-sizes=\"(max-width: 800px) 100vw, 600px\" \/><\/span><\/div><div class=\"fusion-clearfix\"><\/div><\/div><\/div><div class=\"fusion-layout-column fusion_builder_column fusion-builder-column-5 fusion_builder_column_3_5 3_5 fusion-three-fifth fusion-column-last\" style=\"--awb-bg-size:cover;width:60%;width:calc(60% - ( ( 4% ) * 0.6 ) );\"><div class=\"fusion-column-wrapper fusion-column-has-shadow fusion-flex-column-wrapper-legacy\"><div class=\"fusion-sep-clear\"><\/div><div class=\"fusion-separator\" style=\"margin-left: auto;margin-right: auto;margin-top:15px;margin-bottom:15px;width:100%;max-width:70px;\"><div class=\"fusion-separator-border sep-double\" style=\"--awb-height:20px;--awb-amount:20px;--awb-sep-color:rgba(224,222,222,0);border-color:rgba(224,222,222,0);border-top-width:0px;border-bottom-width:0px;\"><\/div><\/div><div class=\"fusion-sep-clear\"><\/div><div class=\"fusion-text fusion-text-7\"><h5><span style=\"color: #ffffff;\"><em><strong>Les solutions commencent par des mesures modestes pour changer le mode de fonctionnement de nos villes. Nous devons r\u00e9duire la quantit\u00e9 de d\u00e9chets que nous produisons et consid\u00e9rer ces d\u00e9chets comme des ressources pr\u00e9cieuses, qui peuvent \u00eatre r\u00e9utilis\u00e9es.<\/strong><\/em><\/span><\/h5>\n<p><span style=\"color: #999999;\">.<\/span><\/p>\n<h5><span style=\"color: #ffffff;\"> \u2014 Ant\u00f3nio Guterres, Secr\u00e9taire g\u00e9n\u00e9ral de l&#8217;ONU\u00a0<\/span><\/h5>\n<\/div><div class=\"fusion-clearfix\"><\/div><\/div><\/div><\/div><\/div><div class=\"fusion-fullwidth fullwidth-box fusion-builder-row-4 nonhundred-percent-fullwidth non-hundred-percent-height-scrolling\" style=\"--awb-border-radius-top-left:0px;--awb-border-radius-top-right:0px;--awb-border-radius-bottom-right:0px;--awb-border-radius-bottom-left:0px;--awb-padding-top:100px;--awb-padding-right:60px;--awb-padding-left:60px;--awb-margin-top:0px;--awb-margin-bottom:0px;--awb-background-color:#ffffff;--awb-flex-wrap:wrap;\" ><div class=\"fusion-builder-row fusion-row\"><div class=\"fusion-layout-column fusion_builder_column fusion-builder-column-6 fusion_builder_column_5_6 5_6 fusion-five-sixth fusion-column-first\" style=\"--awb-bg-size:cover;width:83.333333333333%;width:calc(83.333333333333% - ( ( 4% ) * 0.83333333333333 ) );margin-right: 4%;\"><div class=\"fusion-column-wrapper fusion-column-has-shadow fusion-flex-column-wrapper-legacy\"><div class=\"fusion-sep-clear\"><\/div><div class=\"fusion-separator\" style=\"margin-left: auto;margin-right: auto;margin-top:15px;margin-bottom:15px;width:100%;max-width:20px;\"><div class=\"fusion-separator-border sep-double\" style=\"--awb-height:20px;--awb-amount:20px;--awb-sep-color:rgba(224,222,222,0);border-color:rgba(224,222,222,0);border-top-width:0px;border-bottom-width:0px;\"><\/div><\/div><div class=\"fusion-sep-clear\"><\/div><div class=\"fusion-text fusion-text-8\"><h2><span style=\"color: #333333;\"><strong>Nos initiatives d&#8217;\u00e9conomie circulaire<\/strong><\/span><\/h2>\n<\/div><div class=\"fusion-sep-clear\"><\/div><div class=\"fusion-separator\" style=\"margin-left: auto;margin-right: auto;margin-top:15px;margin-bottom:15px;width:100%;max-width:20px;\"><div class=\"fusion-separator-border sep-double\" style=\"--awb-height:20px;--awb-amount:20px;--awb-sep-color:rgba(224,222,222,0);border-color:rgba(224,222,222,0);border-top-width:0px;border-bottom-width:0px;\"><\/div><\/div><div class=\"fusion-sep-clear\"><\/div><div class=\"fusion-clearfix\"><\/div><\/div><\/div><\/div><\/div><div class=\"fusion-fullwidth fullwidth-box fusion-builder-row-5 nonhundred-percent-fullwidth non-hundred-percent-height-scrolling\" style=\"--awb-border-radius-top-left:0px;--awb-border-radius-top-right:0px;--awb-border-radius-bottom-right:0px;--awb-border-radius-bottom-left:0px;--awb-padding-top:30px;--awb-padding-right:60px;--awb-padding-bottom:60px;--awb-padding-left:60px;--awb-margin-top:0px;--awb-margin-bottom:0px;--awb-background-color:#ffffff;--awb-flex-wrap:wrap;\" ><div class=\"fusion-builder-row fusion-row\"><div class=\"fusion-layout-column fusion_builder_column fusion-builder-column-7 fusion_builder_column_1_4 1_4 fusion-one-fourth fusion-column-first\" style=\"--awb-padding-right:15px;--awb-padding-bottom:15px;--awb-padding-left:15px;--awb-bg-size:cover;--awb-margin-bottom:0px;width:25%;width:calc(25% - ( ( 4% ) * 0.25 ) );margin-right: 4%;\"><div class=\"fusion-column-wrapper fusion-column-has-shadow fusion-flex-column-wrapper-legacy\"><div class=\"fusion-image-element fusion-image-align-right in-legacy-container\" style=\"text-align:right;--awb-caption-title-font-family:var(--h2_typography-font-family);--awb-caption-title-font-weight:var(--h2_typography-font-weight);--awb-caption-title-font-style:var(--h2_typography-font-style);--awb-caption-title-size:var(--h2_typography-font-size);--awb-caption-title-transform:var(--h2_typography-text-transform);--awb-caption-title-line-height:var(--h2_typography-line-height);--awb-caption-title-letter-spacing:var(--h2_typography-letter-spacing);\"><span class=\" fusion-imageframe imageframe-none imageframe-3 hover-type-none\" style=\"margin-left:25px;float:right;\"><a class=\"fusion-no-lightbox\" href=\"https:\/\/www.asf-quebec.org\/en\/appel-aux-dons-de-materiaux-de-construction\/\" target=\"_self\" aria-label=\"capture-dzezcran-2018-12-21-az-153801\"><img decoding=\"async\" width=\"479\" height=\"454\" src=\"https:\/\/www.asf-quebec.org\/wp-content\/uploads\/2020\/04\/capture-dzezcran-2018-12-21-az-153801-e1587867180780.jpg\" data-orig-src=\"https:\/\/www.asf-quebec.org\/wp-content\/uploads\/2020\/04\/capture-dzezcran-2018-12-21-az-153801-e1587867180780.jpg\" alt class=\"lazyload img-responsive wp-image-302378\" srcset=\"data:image\/svg+xml,%3Csvg%20xmlns%3D%27http%3A%2F%2Fwww.w3.org%2F2000%2Fsvg%27%20width%3D%27479%27%20height%3D%27454%27%20viewBox%3D%270%200%20479%20454%27%3E%3Crect%20width%3D%27479%27%20height%3D%27454%27%20fill-opacity%3D%220%22%2F%3E%3C%2Fsvg%3E\" data-srcset=\"https:\/\/www.asf-quebec.org\/wp-content\/uploads\/2020\/04\/capture-dzezcran-2018-12-21-az-153801-e1587867180780-200x190.jpg 200w, https:\/\/www.asf-quebec.org\/wp-content\/uploads\/2020\/04\/capture-dzezcran-2018-12-21-az-153801-e1587867180780-400x379.jpg 400w, https:\/\/www.asf-quebec.org\/wp-content\/uploads\/2020\/04\/capture-dzezcran-2018-12-21-az-153801-e1587867180780.jpg 479w\" data-sizes=\"auto\" data-orig-sizes=\"(max-width: 800px) 100vw, 479px\" \/><\/a><\/span><\/div><div class=\"fusion-sep-clear\"><\/div><div class=\"fusion-separator fusion-full-width-sep\" style=\"margin-left: auto;margin-right: auto;margin-top:0px;margin-bottom:50px;width:100%;\"><div class=\"fusion-separator-border sep-double\" style=\"--awb-height:20px;--awb-amount:20px;border-color:#e0dede;border-top-width:0px;border-bottom-width:0px;\"><\/div><\/div><div class=\"fusion-sep-clear\"><\/div><div class=\"fusion-clearfix\"><\/div><\/div><\/div><div class=\"fusion-layout-column fusion_builder_column fusion-builder-column-8 fusion_builder_column_2_3 2_3 fusion-two-third fusion-column-last\" style=\"--awb-padding-right:80px;--awb-bg-size:cover;--awb-margin-bottom:0px;width:66.666666666667%;width:calc(66.666666666667% - ( ( 4% ) * 0.66666666666667 ) );\"><div class=\"fusion-column-wrapper fusion-column-has-shadow fusion-flex-column-wrapper-legacy\"><div class=\"fusion-text fusion-text-9\"><h5><span style=\"color: #999999;\">Mat\u00e9riaux Sans Fronti\u00e8res<\/span><\/h5>\n<\/div><div class=\"fusion-sep-clear\"><\/div><div class=\"fusion-separator fusion-full-width-sep\" style=\"margin-left: auto;margin-right: auto;margin-top:15px;margin-bottom:0px;width:100%;\"><div class=\"fusion-separator-border sep-double\" style=\"--awb-height:20px;--awb-amount:20px;border-color:#e0dede;border-top-width:0px;border-bottom-width:0px;\"><\/div><\/div><div class=\"fusion-sep-clear\"><\/div><div class=\"fusion-text fusion-text-10\"><p>Mat\u00e9riaux Sans Fronti\u00e8res est un programme de r\u00e9cup\u00e9ration de dons de mat\u00e9riaux de construction neufs et usag\u00e9s. Gr\u00e2ce \u00e0 lui, ASFQ permet aux architectes, aux entrepreneurs, aux particuliers et aux entreprises de disposer de composantes d&#8217;une mani\u00e8re \u00e9cologique, solidaire et m\u00eame rentable. Tandis que certains donateurs corporatifs sont valoris\u00e9s \u00e0 titre de commanditaires, la majorit\u00e9 des donateurs peuvent b\u00e9n\u00e9ficier d&#8217;un re\u00e7u de charit\u00e9 \u00e9gal \u00e0 la valeur marchande du don. Un tel incitatif fiscal permet souvent de rentabiliser des co\u00fbts associ\u00e9s au don, tels que le transport ou encore le d\u00e9mant\u00e8lement d&#8217;un b\u00e2timent. Au lieu de finir aux ordures, tous les dons accept\u00e9s dans le cadre du programme Mat\u00e9riaux Sans Fronti\u00e8res sont ensuite redonn\u00e9s par ASFQ pour soutenir des projets communautaires ou revendus au profit de sa mission gr\u00e2ce au programme compl\u00e9mentaire \u00c9co-R\u00e9no.<\/p>\n<\/div><div class=\"fusion-alignleft\"><a class=\"fusion-button button-flat fusion-button-default-size button-custom fusion-button-default button-1 fusion-button-default-span fusion-button-default-type\" style=\"--button_accent_color:#000000;--button_border_color:#000000;--button_accent_hover_color:#ffffff;--button_border_hover_color:#ffffff;--button_border_width-top:1px;--button_border_width-right:1px;--button_border_width-bottom:1px;--button_border_width-left:1px;--button_gradient_top_color:#ffffff;--button_gradient_bottom_color:#ffffff;--button_gradient_top_color_hover:#999999;--button_gradient_bottom_color_hover:#999999;\" target=\"_self\" href=\"https:\/\/www.asf-quebec.org\/en\/appel-aux-dons-de-materiaux-de-construction\/\"><span class=\"fusion-button-text awb-button__text awb-button__text--default\">EN SAVOIR PLUS<\/span><\/a><\/div><div class=\"fusion-sep-clear\"><\/div><div class=\"fusion-separator fusion-full-width-sep\" style=\"margin-left: auto;margin-right: auto;margin-top:15px;margin-bottom:0px;width:100%;\"><div class=\"fusion-separator-border sep-double\" style=\"--awb-height:20px;--awb-amount:20px;border-color:#e0dede;border-top-width:0px;border-bottom-width:0px;\"><\/div><\/div><div class=\"fusion-sep-clear\"><\/div><div class=\"fusion-clearfix\"><\/div><\/div><\/div><div class=\"fusion-layout-column fusion_builder_column fusion-builder-column-9 fusion_builder_column_1_4 1_4 fusion-one-fourth fusion-column-first\" style=\"--awb-padding-right:15px;--awb-padding-bottom:15px;--awb-padding-left:15px;--awb-bg-size:cover;--awb-margin-bottom:0px;width:25%;width:calc(25% - ( ( 4% ) * 0.25 ) );margin-right: 4%;\"><div class=\"fusion-column-wrapper fusion-column-has-shadow fusion-flex-column-wrapper-legacy\"><div class=\"fusion-image-element fusion-image-align-right in-legacy-container\" style=\"text-align:right;--awb-caption-title-font-family:var(--h2_typography-font-family);--awb-caption-title-font-weight:var(--h2_typography-font-weight);--awb-caption-title-font-style:var(--h2_typography-font-style);--awb-caption-title-size:var(--h2_typography-font-size);--awb-caption-title-transform:var(--h2_typography-text-transform);--awb-caption-title-line-height:var(--h2_typography-line-height);--awb-caption-title-letter-spacing:var(--h2_typography-letter-spacing);\"><span class=\" fusion-imageframe imageframe-none imageframe-4 hover-type-none\" style=\"margin-left:25px;float:right;\"><a class=\"fusion-no-lightbox\" href=\"http:\/\/ecoreno.com\/\" target=\"_blank\" aria-label=\"ER_Logo Rond-03\" rel=\"noopener noreferrer\"><img decoding=\"async\" width=\"596\" height=\"596\" src=\"https:\/\/www.asf-quebec.org\/wp-content\/uploads\/2021\/05\/ER_Logo-Rond-03.jpg\" data-orig-src=\"https:\/\/www.asf-quebec.org\/wp-content\/uploads\/2021\/05\/ER_Logo-Rond-03.jpg\" alt class=\"lazyload img-responsive wp-image-302541\" srcset=\"data:image\/svg+xml,%3Csvg%20xmlns%3D%27http%3A%2F%2Fwww.w3.org%2F2000%2Fsvg%27%20width%3D%27596%27%20height%3D%27596%27%20viewBox%3D%270%200%20596%20596%27%3E%3Crect%20width%3D%27596%27%20height%3D%27596%27%20fill-opacity%3D%220%22%2F%3E%3C%2Fsvg%3E\" data-srcset=\"https:\/\/www.asf-quebec.org\/wp-content\/uploads\/2021\/05\/ER_Logo-Rond-03-200x200.jpg 200w, https:\/\/www.asf-quebec.org\/wp-content\/uploads\/2021\/05\/ER_Logo-Rond-03-400x400.jpg 400w, https:\/\/www.asf-quebec.org\/wp-content\/uploads\/2021\/05\/ER_Logo-Rond-03.jpg 596w\" data-sizes=\"auto\" data-orig-sizes=\"(max-width: 800px) 100vw, 400px\" \/><\/a><\/span><\/div><div class=\"fusion-sep-clear\"><\/div><div class=\"fusion-separator fusion-full-width-sep\" style=\"margin-left: auto;margin-right: auto;margin-top:0px;margin-bottom:50px;width:100%;\"><div class=\"fusion-separator-border sep-double\" style=\"--awb-height:20px;--awb-amount:20px;border-color:#e0dede;border-top-width:0px;border-bottom-width:0px;\"><\/div><\/div><div class=\"fusion-sep-clear\"><\/div><div class=\"fusion-clearfix\"><\/div><\/div><\/div><div class=\"fusion-layout-column fusion_builder_column fusion-builder-column-10 fusion_builder_column_2_3 2_3 fusion-two-third fusion-column-last\" style=\"--awb-padding-right:80px;--awb-bg-size:cover;--awb-margin-bottom:0px;width:66.666666666667%;width:calc(66.666666666667% - ( ( 4% ) * 0.66666666666667 ) );\"><div class=\"fusion-column-wrapper fusion-column-has-shadow fusion-flex-column-wrapper-legacy\"><div class=\"fusion-text fusion-text-11\"><h5><span style=\"color: #999999;\">\u00c9co-R\u00e9no<\/span><\/h5>\n<\/div><div class=\"fusion-sep-clear\"><\/div><div class=\"fusion-separator fusion-full-width-sep\" style=\"margin-left: auto;margin-right: auto;margin-top:15px;margin-bottom:0px;width:100%;\"><div class=\"fusion-separator-border sep-double\" style=\"--awb-height:20px;--awb-amount:20px;border-color:#e0dede;border-top-width:0px;border-bottom-width:0px;\"><\/div><\/div><div class=\"fusion-sep-clear\"><\/div><div class=\"fusion-text fusion-text-12\"><div class=\"_5aj7 _3-8j\">\n<div class=\"_4bl9\">\n<div class=\"_3-8w\">\n<div id=\"id_5ea4e05fee16c2968337877\" class=\"text_exposed_root text_exposed\">\u00c9co-R\u00e9no est une entreprise de revente de mat\u00e9riaux neufs, usag\u00e9s et de composantes<span class=\"text_exposed_show\"> architecturales anciennes : bois, portes, fen\u00eatres, bains sur pattes, \u00e9viers, lavabos, quincaillerie, robinetterie, moulures, boiseries, vitres, miroirs, planchers de bois franc, armoires, luminaires et plus encore. \u00c9co-R\u00e9no dispose d&#8217;un magasin \u00e0 Montr\u00e9al, sur la rue Papineau, et offre un service de collecte sur place ou \u00e0 domicile. Cr\u00e9\u00e9 en 2002, \u00c9co-R\u00e9no est l&#8217;un des fleurons qu\u00e9b\u00e9cois de la sauvegarde du patrimoine b\u00e2ti et l&#8217;une des rares entreprises sp\u00e9cialis\u00e9es dans l&#8217;\u00e9conomie sociale, solidaire, \u00e9cologique et circulaire des mat\u00e9riaux. Entreprise affili\u00e9e \u00e0 ASFQ, \u00c9co-R\u00e9no fait partie des synergies innovantes d\u00e9ploy\u00e9es par l&#8217;organisme pour soutenir ses projets et propulser l&#8217;architecture sur la voie du d\u00e9veloppement durable.<\/span><\/div>\n<\/div>\n<\/div>\n<\/div>\n<\/div><div class=\"fusion-sep-clear\"><\/div><div class=\"fusion-separator fusion-full-width-sep\" style=\"margin-left: auto;margin-right: auto;margin-top:15px;margin-bottom:0px;width:100%;\"><div class=\"fusion-separator-border sep-double\" style=\"--awb-height:20px;--awb-amount:20px;border-color:#e0dede;border-top-width:0px;border-bottom-width:0px;\"><\/div><\/div><div class=\"fusion-sep-clear\"><\/div><div class=\"fusion-alignleft\"><a class=\"fusion-button button-flat fusion-button-default-size button-custom fusion-button-default button-2 fusion-button-default-span fusion-button-default-type\" style=\"--button_accent_color:#000000;--button_border_color:#000000;--button_accent_hover_color:#ffffff;--button_border_hover_color:#ffffff;--button_border_width-top:1px;--button_border_width-right:1px;--button_border_width-bottom:1px;--button_border_width-left:1px;--button_gradient_top_color:#ffffff;--button_gradient_bottom_color:#ffffff;--button_gradient_top_color_hover:#999999;--button_gradient_bottom_color_hover:#999999;\" target=\"_self\" href=\"http:\/\/ecoreno.com\/\"><span class=\"fusion-button-text awb-button__text awb-button__text--default\">EN SAVOIR PLUS<\/span><\/a><\/div><div class=\"fusion-clearfix\"><\/div><\/div><\/div><\/div><\/div><div class=\"fusion-fullwidth fullwidth-box fusion-builder-row-6 nonhundred-percent-fullwidth non-hundred-percent-height-scrolling fusion-equal-height-columns fusion-no-small-visibility fusion-no-medium-visibility\" style=\"--awb-border-radius-top-left:0px;--awb-border-radius-top-right:0px;--awb-border-radius-bottom-right:0px;--awb-border-radius-bottom-left:0px;--awb-padding-top:90px;--awb-padding-right:30px;--awb-padding-bottom:90px;--awb-padding-left:30px;--awb-margin-top:0px;--awb-margin-bottom:0px;--awb-background-color:#e5e5e5;--awb-flex-wrap:wrap;\" ><div class=\"fusion-builder-row fusion-row\"><div class=\"fusion-layout-column fusion_builder_column fusion-builder-column-11 fusion_builder_column_1_1 1_1 fusion-one-full fusion-column-first fusion-column-last\" style=\"--awb-padding-top:0px;--awb-bg-size:cover;--awb-margin-bottom:0px;\"><div class=\"fusion-column-wrapper fusion-column-has-shadow fusion-flex-column-wrapper-legacy\"><div class=\"fusion-text fusion-text-13\"><h2><strong>Impact<\/strong><\/h2>\n<\/div><div class=\"fusion-sep-clear\"><\/div><div class=\"fusion-separator fusion-full-width-sep\" style=\"margin-left: auto;margin-right: auto;margin-bottom:30px;width:100%;\"><div class=\"fusion-separator-border sep-double\" style=\"--awb-height:20px;--awb-amount:20px;border-color:#e0dede;border-top-width:0px;border-bottom-width:0px;\"><\/div><\/div><div class=\"fusion-sep-clear\"><\/div><div class=\"fusion-builder-row fusion-builder-row-inner fusion-row\"><div class=\"fusion-layout-column fusion_builder_column_inner fusion-builder-nested-column-0 fusion_builder_column_inner_1_4 1_4 fusion-one-fourth fusion-column-first\" style=\"--awb-padding-top:50px;--awb-padding-right:30px;--awb-padding-bottom:50px;--awb-padding-left:30px;--awb-bg-color:#999999;--awb-bg-color-hover:#999999;--awb-bg-size:cover;width:25%;width:calc(25% - ( ( 10px + 10px + 10px ) * 0.25 ) );margin-right: 10px;\"><div class=\"fusion-column-wrapper fusion-column-has-shadow fusion-flex-column-wrapper-legacy\"><div class=\"fusion-text fusion-text-14\"><h2 style=\"text-align: center;\"><span style=\"color: #ffffff;\"><b>1375<br \/>\n<\/b><\/span><\/h2>\n<\/div><div class=\"fusion-text fusion-text-15\"><h3 style=\"text-align: center;\"><span style=\"color: #ffffff;\">dons r\u00e9colt\u00e9s depuis 2002<\/span><\/h3>\n<\/div><div class=\"fusion-clearfix\"><\/div><\/div><\/div><div class=\"fusion-layout-column fusion_builder_column_inner fusion-builder-nested-column-1 fusion_builder_column_inner_1_4 1_4 fusion-one-fourth\" style=\"--awb-padding-top:50px;--awb-padding-right:30px;--awb-padding-bottom:50px;--awb-padding-left:30px;--awb-bg-color:#999999;--awb-bg-color-hover:#999999;--awb-bg-size:cover;width:25%;width:calc(25% - ( ( 10px + 10px + 10px ) * 0.25 ) );margin-right: 10px;\"><div class=\"fusion-column-wrapper fusion-column-has-shadow fusion-flex-column-wrapper-legacy\"><div class=\"fusion-text fusion-text-16\"><h2 style=\"text-align: center;\"><span style=\"color: #ffffff;\"><b>720<br \/>\n<\/b><\/span><\/h2>\n<\/div><div class=\"fusion-text fusion-text-17\"><h3 style=\"text-align: center;\"><span style=\"color: #ffffff;\">tonnes de mat\u00e9riaux r\u00e9cup\u00e9r\u00e9s<\/span><\/h3>\n<\/div><div class=\"fusion-clearfix\"><\/div><\/div><\/div><div class=\"fusion-layout-column fusion_builder_column_inner fusion-builder-nested-column-2 fusion_builder_column_inner_1_4 1_4 fusion-one-fourth\" style=\"--awb-padding-top:50px;--awb-padding-right:30px;--awb-padding-bottom:50px;--awb-padding-left:30px;--awb-bg-color:#999999;--awb-bg-color-hover:#999999;--awb-bg-size:cover;width:25%;width:calc(25% - ( ( 10px + 10px + 10px ) * 0.25 ) );margin-right: 10px;\"><div class=\"fusion-column-wrapper fusion-column-has-shadow fusion-flex-column-wrapper-legacy\"><div class=\"fusion-text fusion-text-18\"><h2 style=\"text-align: center;\"><span style=\"color: #f38919;\"><b><span style=\"color: #ffffff;\">2 066 226<\/span><br \/>\n<\/b><\/span><\/h2>\n<\/div><div class=\"fusion-text fusion-text-19\"><h3 style=\"text-align: center;\"><span style=\"color: #ffffff;\">$ de valeur sauvegard\u00e9e<\/span><\/h3>\n<\/div><div class=\"fusion-clearfix\"><\/div><\/div><\/div><div class=\"fusion-layout-column fusion_builder_column_inner fusion-builder-nested-column-3 fusion_builder_column_inner_1_4 1_4 fusion-one-fourth fusion-column-last\" style=\"--awb-padding-top:50px;--awb-padding-right:30px;--awb-padding-bottom:50px;--awb-padding-left:30px;--awb-bg-color:#999999;--awb-bg-color-hover:#999999;--awb-bg-size:cover;width:25%;width:calc(25% - ( ( 10px + 10px + 10px ) * 0.25 ) );\"><div class=\"fusion-column-wrapper fusion-column-has-shadow fusion-flex-column-wrapper-legacy\"><div class=\"fusion-text fusion-text-20\"><h2 style=\"text-align: center;\"><span style=\"color: #ffffff;\"><b>108 900<\/b><\/span><\/h2>\n<\/div><div class=\"fusion-text fusion-text-21\"><h3 style=\"text-align: center;\"><span style=\"color: #ffffff;\"><strong>kg de GES \u00e9vit\u00e9s<\/strong><\/span><\/h3>\n<\/div><div class=\"fusion-clearfix\"><\/div><\/div><\/div><\/div><div class=\"fusion-clearfix\"><\/div><\/div><\/div><\/div><\/div><div class=\"fusion-fullwidth fullwidth-box fusion-builder-row-7 nonhundred-percent-fullwidth non-hundred-percent-height-scrolling fusion-equal-height-columns\" style=\"--awb-background-position:right center;--awb-border-radius-top-left:0px;--awb-border-radius-top-right:0px;--awb-border-radius-bottom-right:0px;--awb-border-radius-bottom-left:0px;--awb-padding-top:100px;--awb-padding-right:0px;--awb-padding-bottom:100px;--awb-padding-left:0px;--awb-margin-top:0px;--awb-margin-bottom:0px;--awb-background-color:#ffffff;--awb-flex-wrap:wrap;\" ><div class=\"fusion-builder-row fusion-row\"><div class=\"fusion-layout-column fusion_builder_column fusion-builder-column-12 fusion_builder_column_1_4 1_4 fusion-one-fourth fusion-column-first\" style=\"--awb-bg-size:cover;--awb-margin-bottom:0px;width:25%;width:calc(25% - ( ( 4% + 4% + 4% ) * 0.25 ) );margin-right: 4%;\"><div class=\"fusion-column-wrapper fusion-column-has-shadow fusion-flex-column-wrapper-legacy\"><div class=\"fusion-column-content-centered\"><div class=\"fusion-column-content\"><div class=\"fusion-image-element in-legacy-container\" style=\"--awb-caption-title-font-family:var(--h2_typography-font-family);--awb-caption-title-font-weight:var(--h2_typography-font-weight);--awb-caption-title-font-style:var(--h2_typography-font-style);--awb-caption-title-size:var(--h2_typography-font-size);--awb-caption-title-transform:var(--h2_typography-text-transform);--awb-caption-title-line-height:var(--h2_typography-line-height);--awb-caption-title-letter-spacing:var(--h2_typography-letter-spacing);\"><span class=\" fusion-imageframe imageframe-none imageframe-5 hover-type-none\"><img decoding=\"async\" width=\"2146\" height=\"2840\" title=\"DSC_0064\" src=\"https:\/\/www.asf-quebec.org\/wp-content\/uploads\/2020\/04\/DSC_0064-e1587863382391.jpg\" data-orig-src=\"https:\/\/www.asf-quebec.org\/wp-content\/uploads\/2020\/04\/DSC_0064-e1587863382391.jpg\" alt class=\"lazyload img-responsive wp-image-302372\" srcset=\"data:image\/svg+xml,%3Csvg%20xmlns%3D%27http%3A%2F%2Fwww.w3.org%2F2000%2Fsvg%27%20width%3D%272146%27%20height%3D%272840%27%20viewBox%3D%270%200%202146%202840%27%3E%3Crect%20width%3D%272146%27%20height%3D%272840%27%20fill-opacity%3D%220%22%2F%3E%3C%2Fsvg%3E\" data-srcset=\"https:\/\/www.asf-quebec.org\/wp-content\/uploads\/2020\/04\/DSC_0064-e1587863382391-200x265.jpg 200w, https:\/\/www.asf-quebec.org\/wp-content\/uploads\/2020\/04\/DSC_0064-e1587863382391-400x529.jpg 400w, https:\/\/www.asf-quebec.org\/wp-content\/uploads\/2020\/04\/DSC_0064-e1587863382391-600x794.jpg 600w, https:\/\/www.asf-quebec.org\/wp-content\/uploads\/2020\/04\/DSC_0064-e1587863382391-800x1059.jpg 800w, https:\/\/www.asf-quebec.org\/wp-content\/uploads\/2020\/04\/DSC_0064-e1587863382391-1200x1588.jpg 1200w, https:\/\/www.asf-quebec.org\/wp-content\/uploads\/2020\/04\/DSC_0064-e1587863382391.jpg 2146w\" data-sizes=\"auto\" data-orig-sizes=\"(max-width: 800px) 100vw, 2146px\" \/><\/span><\/div><div class=\"fusion-sep-clear\"><\/div><div class=\"fusion-separator fusion-full-width-sep\" style=\"margin-left: auto;margin-right: auto;margin-bottom:30px;width:100%;\"><div class=\"fusion-separator-border sep-double\" style=\"--awb-height:20px;--awb-amount:20px;border-color:#e0dede;border-top-width:0px;border-bottom-width:0px;\"><\/div><\/div><div class=\"fusion-sep-clear\"><\/div><\/div><\/div><div class=\"fusion-clearfix\"><\/div><\/div><\/div><div class=\"fusion-layout-column fusion_builder_column fusion-builder-column-13 fusion_builder_column_1_4 1_4 fusion-one-fourth\" style=\"--awb-padding-right:30px;--awb-padding-left:10px;--awb-bg-size:cover;--awb-margin-bottom:0px;width:25%;width:calc(25% - ( ( 4% + 4% + 4% ) * 0.25 ) );margin-right: 4%;\"><div class=\"fusion-column-wrapper fusion-column-has-shadow fusion-flex-column-wrapper-legacy\"><div class=\"fusion-column-content-centered\"><div class=\"fusion-column-content\"><div class=\"fusion-text fusion-text-22\"><h2><span style=\"color: #ff9900;\"><strong>Donner des mat\u00e9riaux<\/strong><\/span><\/h2>\n<p><span style=\"font-weight: 400;\">Vous souhaitez vous d\u00e9partir de mat\u00e9riaux ? Vous connaissez des propri\u00e9taires de b\u00e2timents \u00e0 d\u00e9molir ou d&#8217;autres sources de mat\u00e9riaux encore utiles \u00e0 r\u00e9cup\u00e9rer? Informez-vous sur les avantages que peut offrir le programme Mat\u00e9riaux Sans Fronti\u00e8res et la possibilit\u00e9 de faire un don.<\/span><\/p>\n<\/div><div class=\"fusion-alignleft\"><a class=\"fusion-button button-flat fusion-button-default-size button-custom fusion-button-default button-3 fusion-button-default-span fusion-button-default-type\" style=\"--button_accent_color:#000000;--button_border_color:#000000;--button_accent_hover_color:#ffffff;--button_border_hover_color:#ffffff;--button_border_width-top:1px;--button_border_width-right:1px;--button_border_width-bottom:1px;--button_border_width-left:1px;--button_gradient_top_color:#ffffff;--button_gradient_bottom_color:#ffffff;--button_gradient_top_color_hover:#999999;--button_gradient_bottom_color_hover:#999999;\" target=\"_self\" href=\"mailto:msf@asf-quebec.org\"><span class=\"fusion-button-text awb-button__text awb-button__text--default\">donner<\/span><\/a><\/div><\/div><\/div><div class=\"fusion-clearfix\"><\/div><\/div><\/div><div class=\"fusion-layout-column fusion_builder_column fusion-builder-column-14 fusion_builder_column_1_4 1_4 fusion-one-fourth\" style=\"--awb-bg-size:cover;--awb-margin-bottom:0px;width:25%;width:calc(25% - ( ( 4% + 4% + 4% ) * 0.25 ) );margin-right: 4%;\"><div class=\"fusion-column-wrapper fusion-column-has-shadow fusion-flex-column-wrapper-legacy\"><div class=\"fusion-column-content-centered\"><div class=\"fusion-column-content\"><div class=\"fusion-image-element in-legacy-container\" style=\"--awb-caption-title-font-family:var(--h2_typography-font-family);--awb-caption-title-font-weight:var(--h2_typography-font-weight);--awb-caption-title-font-style:var(--h2_typography-font-style);--awb-caption-title-size:var(--h2_typography-font-size);--awb-caption-title-transform:var(--h2_typography-text-transform);--awb-caption-title-line-height:var(--h2_typography-line-height);--awb-caption-title-letter-spacing:var(--h2_typography-letter-spacing);\"><span class=\" fusion-imageframe imageframe-none imageframe-6 hover-type-none\"><img decoding=\"async\" width=\"688\" height=\"916\" title=\"73013802_2662136033807573_1150535006028824576_n\" src=\"https:\/\/www.asf-quebec.org\/wp-content\/uploads\/2020\/04\/73013802_2662136033807573_1150535006028824576_n-e1587863215318.jpg\" data-orig-src=\"https:\/\/www.asf-quebec.org\/wp-content\/uploads\/2020\/04\/73013802_2662136033807573_1150535006028824576_n-e1587863215318.jpg\" alt class=\"lazyload img-responsive wp-image-302376\" srcset=\"data:image\/svg+xml,%3Csvg%20xmlns%3D%27http%3A%2F%2Fwww.w3.org%2F2000%2Fsvg%27%20width%3D%27688%27%20height%3D%27916%27%20viewBox%3D%270%200%20688%20916%27%3E%3Crect%20width%3D%27688%27%20height%3D%27916%27%20fill-opacity%3D%220%22%2F%3E%3C%2Fsvg%3E\" data-srcset=\"https:\/\/www.asf-quebec.org\/wp-content\/uploads\/2020\/04\/73013802_2662136033807573_1150535006028824576_n-e1587863215318-200x266.jpg 200w, https:\/\/www.asf-quebec.org\/wp-content\/uploads\/2020\/04\/73013802_2662136033807573_1150535006028824576_n-e1587863215318-400x533.jpg 400w, https:\/\/www.asf-quebec.org\/wp-content\/uploads\/2020\/04\/73013802_2662136033807573_1150535006028824576_n-e1587863215318-600x799.jpg 600w, https:\/\/www.asf-quebec.org\/wp-content\/uploads\/2020\/04\/73013802_2662136033807573_1150535006028824576_n-e1587863215318.jpg 688w\" data-sizes=\"auto\" data-orig-sizes=\"(max-width: 800px) 100vw, 688px\" \/><\/span><\/div><div class=\"fusion-sep-clear\"><\/div><div class=\"fusion-separator fusion-full-width-sep\" style=\"margin-left: auto;margin-right: auto;margin-bottom:30px;width:100%;\"><div class=\"fusion-separator-border sep-double\" style=\"--awb-height:20px;--awb-amount:20px;border-color:#e0dede;border-top-width:0px;border-bottom-width:0px;\"><\/div><\/div><div class=\"fusion-sep-clear\"><\/div><\/div><\/div><div class=\"fusion-clearfix\"><\/div><\/div><\/div><div class=\"fusion-layout-column fusion_builder_column fusion-builder-column-15 fusion_builder_column_1_4 1_4 fusion-one-fourth fusion-column-last\" style=\"--awb-padding-right:30px;--awb-padding-left:10px;--awb-bg-size:cover;--awb-margin-bottom:0px;width:25%;width:calc(25% - ( ( 4% + 4% + 4% ) * 0.25 ) );\"><div class=\"fusion-column-wrapper fusion-column-has-shadow fusion-flex-column-wrapper-legacy\"><div class=\"fusion-column-content-centered\"><div class=\"fusion-column-content\"><div class=\"fusion-text fusion-text-23\"><h2><span style=\"color: #ff9900;\"><strong>Acheter des mat\u00e9riaux<\/strong><\/span><\/h2>\n<p><span style=\"font-weight: 400;\">Vous \u00eates architecte, designer, entrepreneur, r\u00e9novateur, artisan ou bricoleur? Vous cherchez des mat\u00e9riaux diversifi\u00e9s, abordables et de qualit\u00e9? Consultez le site web d&#8217;\u00c9co-R\u00e9no pour en connaitre l&#8217;inventaire et suivez son infolettre pour \u00eatre tenu au courant des derniers arrivages.<\/span><\/p>\n<\/div><div class=\"fusion-alignleft\"><a class=\"fusion-button button-flat fusion-button-default-size button-custom fusion-button-default button-4 fusion-button-default-span fusion-button-default-type\" style=\"--button_accent_color:#000000;--button_border_color:#000000;--button_accent_hover_color:#ffffff;--button_border_hover_color:#ffffff;--button_gradient_top_color:#ffffff;--button_gradient_bottom_color:#ffffff;--button_gradient_top_color_hover:#999999;--button_gradient_bottom_color_hover:#999999;\" target=\"_self\" href=\"http:\/\/ecoreno.com\/\"><span class=\"fusion-button-text awb-button__text awb-button__text--default\">acheter<\/span><\/a><\/div><\/div><\/div><div class=\"fusion-clearfix\"><\/div><\/div><\/div><\/div><\/div><div class=\"fusion-fullwidth fullwidth-box fusion-builder-row-8 nonhundred-percent-fullwidth non-hundred-percent-height-scrolling\" style=\"--awb-border-radius-top-left:0px;--awb-border-radius-top-right:0px;--awb-border-radius-bottom-right:0px;--awb-border-radius-bottom-left:0px;--awb-padding-top:70px;--awb-padding-bottom:70px;--awb-background-color:#e5e5e5;--awb-flex-wrap:wrap;\" ><div class=\"fusion-builder-row fusion-row\"><div class=\"fusion-layout-column fusion_builder_column fusion-builder-column-16 fusion_builder_column_1_1 1_1 fusion-one-full fusion-column-first fusion-column-last\" style=\"--awb-padding-top:50px;--awb-bg-size:cover;\"><div class=\"fusion-column-wrapper fusion-column-has-shadow fusion-flex-column-wrapper-legacy\"><div class=\"fusion-text fusion-text-24\"><h2><strong>Projets soutenus par nos dons de mat\u00e9riaux<\/strong><\/h2>\n<\/div><div class=\"fusion-sep-clear\"><\/div><div class=\"fusion-separator fusion-full-width-sep\" style=\"margin-left: auto;margin-right: auto;margin-top:10px;margin-bottom:10px;width:100%;\"><div class=\"fusion-separator-border sep-double\" style=\"--awb-height:20px;--awb-amount:20px;border-color:#e0dede;border-top-width:0px;border-bottom-width:0px;\"><\/div><\/div><div class=\"fusion-sep-clear\"><\/div><div class=\"fusion-clearfix\"><\/div><\/div><\/div><\/div><\/div><div class=\"fusion-fullwidth fullwidth-box fusion-builder-row-9 nonhundred-percent-fullwidth non-hundred-percent-height-scrolling fusion-equal-height-columns\" style=\"--awb-border-radius-top-left:0px;--awb-border-radius-top-right:0px;--awb-border-radius-bottom-right:0px;--awb-border-radius-bottom-left:0px;--awb-padding-top:100px;--awb-padding-right:50px;--awb-padding-bottom:30px;--awb-padding-left:50px;--awb-flex-wrap:wrap;\" ><div class=\"fusion-builder-row fusion-row\"><div class=\"fusion-layout-column fusion_builder_column fusion-builder-column-17 fusion_builder_column_3_4 3_4 fusion-three-fourth fusion-column-first\" style=\"--awb-padding-right:100px;--awb-padding-left:30px;--awb-bg-size:cover;width:75%;width:calc(75% - ( ( 4% ) * 0.75 ) );margin-right: 4%;\"><div class=\"fusion-column-wrapper fusion-column-has-shadow fusion-flex-column-wrapper-legacy\"><div class=\"fusion-column-content-centered\"><div class=\"fusion-column-content\"><div class=\"fusion-text fusion-text-25\"><h2 style=\"text-align: left;\"><span style=\"color: #333333;\"><strong>Nos affiliations sectorielles<\/strong><\/span><\/h2>\n<\/div><div class=\"fusion-sep-clear\"><\/div><div class=\"fusion-separator\" style=\"margin-left: auto;margin-right: auto;margin-top:10px;margin-bottom:10px;width:100%;max-width:20px;\"><div class=\"fusion-separator-border sep-double\" style=\"--awb-height:20px;--awb-amount:20px;--awb-sep-color:rgba(224,222,222,0);border-color:rgba(224,222,222,0);border-top-width:0px;border-bottom-width:0px;\"><\/div><\/div><div class=\"fusion-sep-clear\"><\/div><div class=\"fusion-image-carousel fusion-image-carousel-auto fusion-image-carousel-1\"><div class=\"awb-carousel awb-swiper awb-swiper-carousel awb-carousel--carousel awb-swiper-dots-position-bottom\" data-layout=\"carousel\" data-autoplay=\"no\" data-autoplayspeed=\"2500\" data-autoplaypause=\"no\" data-columns=\"4\" data-columnsmedium=\"1\" data-columnssmall=\"1\" data-itemmargin=\"46\" data-itemwidth=\"180\" data-touchscroll=\"no\" data-freemode=\"no\" data-imagesize=\"auto\" data-scrollitems=\"0\" data-centeredslides=\"no\" data-rotationangle=\"50\" data-depth=\"100\" data-speed=\"500\" data-shadow=\"no\" data-pagination=\"bullets\" style=\"--awb-columns:4;--awb-column-spacing:46px;\"><div class=\"swiper-wrapper awb-image-carousel-wrapper fusion-flex-align-items-center\"><div class=\"swiper-slide\"><div class=\"fusion-carousel-item-wrapper\"><div class=\"fusion-image-wrapper hover-type-none\"><img decoding=\"async\" width=\"1131\" height=\"973\" src=\"https:\/\/www.asf-quebec.org\/wp-content\/uploads\/2020\/04\/logo-aqmat.png\" class=\"attachment-full size-full lazyload\" alt=\"\" srcset=\"data:image\/svg+xml,%3Csvg%20xmlns%3D%27http%3A%2F%2Fwww.w3.org%2F2000%2Fsvg%27%20width%3D%271131%27%20height%3D%27973%27%20viewBox%3D%270%200%201131%20973%27%3E%3Crect%20width%3D%271131%27%20height%3D%27973%27%20fill-opacity%3D%220%22%2F%3E%3C%2Fsvg%3E\" data-orig-src=\"https:\/\/www.asf-quebec.org\/wp-content\/uploads\/2020\/04\/logo-aqmat.png\" data-srcset=\"https:\/\/www.asf-quebec.org\/wp-content\/uploads\/2020\/04\/logo-aqmat-200x172.png 200w, https:\/\/www.asf-quebec.org\/wp-content\/uploads\/2020\/04\/logo-aqmat-400x344.png 400w, https:\/\/www.asf-quebec.org\/wp-content\/uploads\/2020\/04\/logo-aqmat-600x516.png 600w, https:\/\/www.asf-quebec.org\/wp-content\/uploads\/2020\/04\/logo-aqmat-800x688.png 800w, https:\/\/www.asf-quebec.org\/wp-content\/uploads\/2020\/04\/logo-aqmat.png 1131w\" data-sizes=\"auto\" \/><\/div><\/div><\/div><div class=\"swiper-slide\"><div class=\"fusion-carousel-item-wrapper\"><div class=\"fusion-image-wrapper hover-type-none\"><img decoding=\"async\" width=\"1200\" height=\"632\" src=\"https:\/\/www.asf-quebec.org\/wp-content\/uploads\/2021\/07\/20210322202241-ceriec-logo-horizontal-couleur.jpg\" class=\"attachment-full size-full lazyload\" alt=\"\" srcset=\"data:image\/svg+xml,%3Csvg%20xmlns%3D%27http%3A%2F%2Fwww.w3.org%2F2000%2Fsvg%27%20width%3D%271200%27%20height%3D%27632%27%20viewBox%3D%270%200%201200%20632%27%3E%3Crect%20width%3D%271200%27%20height%3D%27632%27%20fill-opacity%3D%220%22%2F%3E%3C%2Fsvg%3E\" data-orig-src=\"https:\/\/www.asf-quebec.org\/wp-content\/uploads\/2021\/07\/20210322202241-ceriec-logo-horizontal-couleur.jpg\" data-srcset=\"https:\/\/www.asf-quebec.org\/wp-content\/uploads\/2021\/07\/20210322202241-ceriec-logo-horizontal-couleur-200x105.jpg 200w, https:\/\/www.asf-quebec.org\/wp-content\/uploads\/2021\/07\/20210322202241-ceriec-logo-horizontal-couleur-400x211.jpg 400w, https:\/\/www.asf-quebec.org\/wp-content\/uploads\/2021\/07\/20210322202241-ceriec-logo-horizontal-couleur-600x316.jpg 600w, https:\/\/www.asf-quebec.org\/wp-content\/uploads\/2021\/07\/20210322202241-ceriec-logo-horizontal-couleur-800x421.jpg 800w, https:\/\/www.asf-quebec.org\/wp-content\/uploads\/2021\/07\/20210322202241-ceriec-logo-horizontal-couleur.jpg 1200w\" data-sizes=\"auto\" \/><\/div><\/div><\/div><div class=\"swiper-slide\"><div class=\"fusion-carousel-item-wrapper\"><div class=\"fusion-image-wrapper hover-type-none\"><img decoding=\"async\" width=\"1040\" height=\"347\" src=\"https:\/\/www.asf-quebec.org\/wp-content\/uploads\/2020\/11\/3RMCDQ-01-1-1040x347.jpg\" class=\"attachment-full size-full lazyload\" alt=\"\" srcset=\"data:image\/svg+xml,%3Csvg%20xmlns%3D%27http%3A%2F%2Fwww.w3.org%2F2000%2Fsvg%27%20width%3D%271040%27%20height%3D%27347%27%20viewBox%3D%270%200%201040%20347%27%3E%3Crect%20width%3D%271040%27%20height%3D%27347%27%20fill-opacity%3D%220%22%2F%3E%3C%2Fsvg%3E\" data-orig-src=\"https:\/\/www.asf-quebec.org\/wp-content\/uploads\/2020\/11\/3RMCDQ-01-1-1040x347.jpg\" data-srcset=\"https:\/\/www.asf-quebec.org\/wp-content\/uploads\/2020\/11\/3RMCDQ-01-1-1040x347-200x67.jpg 200w, https:\/\/www.asf-quebec.org\/wp-content\/uploads\/2020\/11\/3RMCDQ-01-1-1040x347-400x133.jpg 400w, https:\/\/www.asf-quebec.org\/wp-content\/uploads\/2020\/11\/3RMCDQ-01-1-1040x347-600x200.jpg 600w, https:\/\/www.asf-quebec.org\/wp-content\/uploads\/2020\/11\/3RMCDQ-01-1-1040x347-800x267.jpg 800w\" data-sizes=\"auto\" \/><\/div><\/div><\/div><div class=\"swiper-slide\"><div class=\"fusion-carousel-item-wrapper\"><div class=\"fusion-image-wrapper hover-type-none\"><img decoding=\"async\" width=\"1500\" height=\"840\" src=\"https:\/\/www.asf-quebec.org\/wp-content\/uploads\/2021\/07\/logo-TIESS-RGB.jpg\" class=\"attachment-full size-full lazyload\" alt=\"\" srcset=\"data:image\/svg+xml,%3Csvg%20xmlns%3D%27http%3A%2F%2Fwww.w3.org%2F2000%2Fsvg%27%20width%3D%271500%27%20height%3D%27840%27%20viewBox%3D%270%200%201500%20840%27%3E%3Crect%20width%3D%271500%27%20height%3D%27840%27%20fill-opacity%3D%220%22%2F%3E%3C%2Fsvg%3E\" data-orig-src=\"https:\/\/www.asf-quebec.org\/wp-content\/uploads\/2021\/07\/logo-TIESS-RGB.jpg\" data-srcset=\"https:\/\/www.asf-quebec.org\/wp-content\/uploads\/2021\/07\/logo-TIESS-RGB-200x112.jpg 200w, https:\/\/www.asf-quebec.org\/wp-content\/uploads\/2021\/07\/logo-TIESS-RGB-400x224.jpg 400w, https:\/\/www.asf-quebec.org\/wp-content\/uploads\/2021\/07\/logo-TIESS-RGB-600x336.jpg 600w, https:\/\/www.asf-quebec.org\/wp-content\/uploads\/2021\/07\/logo-TIESS-RGB-800x448.jpg 800w, https:\/\/www.asf-quebec.org\/wp-content\/uploads\/2021\/07\/logo-TIESS-RGB-1200x672.jpg 1200w, https:\/\/www.asf-quebec.org\/wp-content\/uploads\/2021\/07\/logo-TIESS-RGB.jpg 1500w\" data-sizes=\"auto\" \/><\/div><\/div><\/div><\/div><\/div><\/div><\/div><\/div><div class=\"fusion-clearfix\"><\/div><\/div><\/div><div class=\"fusion-layout-column fusion_builder_column fusion-builder-column-18 fusion_builder_column_1_4 1_4 fusion-one-fourth fusion-column-last\" style=\"--awb-bg-size:cover;width:25%;width:calc(25% - ( ( 4% ) * 0.25 ) );\"><div class=\"fusion-column-wrapper fusion-column-has-shadow fusion-flex-column-wrapper-legacy\"><div class=\"fusion-image-element fusion-image-align-center in-legacy-container\" style=\"text-align:center;--awb-max-width:160px;--awb-caption-title-font-family:var(--h2_typography-font-family);--awb-caption-title-font-weight:var(--h2_typography-font-weight);--awb-caption-title-font-style:var(--h2_typography-font-style);--awb-caption-title-size:var(--h2_typography-font-size);--awb-caption-title-transform:var(--h2_typography-text-transform);--awb-caption-title-line-height:var(--h2_typography-line-height);--awb-caption-title-letter-spacing:var(--h2_typography-letter-spacing);\"><div class=\"imageframe-align-center\"><span class=\" fusion-imageframe imageframe-none imageframe-7 hover-type-zoomin\"><img decoding=\"async\" width=\"260\" height=\"260\" title=\"pictos_Zoom-06\" src=\"https:\/\/www.asf-quebec.org\/wp-content\/uploads\/2020\/07\/pictos_Zoom-06.png\" data-orig-src=\"https:\/\/www.asf-quebec.org\/wp-content\/uploads\/2020\/07\/pictos_Zoom-06.png\" alt class=\"lazyload img-responsive wp-image-302421\" srcset=\"data:image\/svg+xml,%3Csvg%20xmlns%3D%27http%3A%2F%2Fwww.w3.org%2F2000%2Fsvg%27%20width%3D%27260%27%20height%3D%27260%27%20viewBox%3D%270%200%20260%20260%27%3E%3Crect%20width%3D%27260%27%20height%3D%27260%27%20fill-opacity%3D%220%22%2F%3E%3C%2Fsvg%3E\" data-srcset=\"https:\/\/www.asf-quebec.org\/wp-content\/uploads\/2020\/07\/pictos_Zoom-06-200x200.png 200w, https:\/\/www.asf-quebec.org\/wp-content\/uploads\/2020\/07\/pictos_Zoom-06.png 260w\" data-sizes=\"auto\" data-orig-sizes=\"(max-width: 800px) 100vw, 260px\" \/><\/span><\/div><\/div><div class=\"fusion-sep-clear\"><\/div><div class=\"fusion-separator\" style=\"margin-left: auto;margin-right: auto;margin-top:10px;margin-bottom:5px;width:100%;max-width:20px;\"><div class=\"fusion-separator-border sep-double\" style=\"--awb-height:20px;--awb-amount:20px;--awb-sep-color:rgba(224,222,222,0);border-color:rgba(224,222,222,0);border-top-width:0px;border-bottom-width:0px;\"><\/div><\/div><div class=\"fusion-sep-clear\"><\/div><div class=\"fusion-text fusion-text-26\"><p style=\"text-align: center;\">Vous souhaitez suivre l&#8217;actualit\u00e9 de nos autres initiatives d&#8217;\u00e9conomie circulaire? Inscrivez-vous \u00e0 notre infolettre.<\/p>\n<\/div><div class=\"fusion-sep-clear\"><\/div><div class=\"fusion-separator\" style=\"margin-left: auto;margin-right: auto;margin-top:0px;margin-bottom:0px;width:100%;max-width:0px;\"><div class=\"fusion-separator-border sep-double\" style=\"--awb-height:20px;--awb-amount:20px;--awb-sep-color:rgba(224,222,222,0);border-color:rgba(224,222,222,0);border-top-width:0px;border-bottom-width:0px;\"><\/div><\/div><div class=\"fusion-sep-clear\"><\/div><div class=\"fusion-aligncenter\"><a class=\"fusion-button button-flat fusion-button-default-size button-custom fusion-button-default button-5 fusion-button-default-span fusion-button-default-type\" style=\"--button_accent_color:#000000;--button_border_color:#000000;--button_accent_hover_color:#ffffff;--button_border_hover_color:#ffffff;--button_border_width-top:1px;--button_border_width-right:1px;--button_border_width-bottom:1px;--button_border_width-left:1px;--button_gradient_top_color:#ffffff;--button_gradient_bottom_color:#ffffff;--button_gradient_top_color_hover:#999999;--button_gradient_bottom_color_hover:#999999;\" target=\"_self\" href=\"http:\/\/eepurl.com\/dKe1hU\"><span class=\"fusion-button-text awb-button__text awb-button__text--default\">INFOLETTRE<\/span><\/a><\/div><div class=\"fusion-clearfix\"><\/div><\/div><\/div><\/div><\/div><div class=\"fusion-fullwidth fullwidth-box fusion-builder-row-10 nonhundred-percent-fullwidth non-hundred-percent-height-scrolling\" style=\"--awb-border-radius-top-left:0px;--awb-border-radius-top-right:0px;--awb-border-radius-bottom-right:0px;--awb-border-radius-bottom-left:0px;--awb-padding-top:40px;--awb-padding-bottom:40px;--awb-margin-top:0px;--awb-margin-bottom:0px;--awb-background-color:#e5e5e5;--awb-flex-wrap:wrap;\" ><div class=\"fusion-builder-row fusion-row\"><div class=\"fusion-layout-column fusion_builder_column fusion-builder-column-19 fusion_builder_column_1_1 1_1 fusion-one-full fusion-column-first fusion-column-last\" style=\"--awb-padding-top:50px;--awb-bg-size:cover;\"><div class=\"fusion-column-wrapper fusion-column-has-shadow fusion-flex-column-wrapper-legacy\"><div class=\"fusion-text fusion-text-27\"><h2><\/h2>\n<h2><strong><span style=\"color: #333333;\">Actualit\u00e9s du programme<\/span><\/strong><\/h2>\n<\/div><div class=\"fusion-sep-clear\"><\/div><div class=\"fusion-separator fusion-full-width-sep\" style=\"margin-left: auto;margin-right: auto;margin-top:10px;margin-bottom:10px;width:100%;\"><div class=\"fusion-separator-border sep-double\" style=\"--awb-height:20px;--awb-amount:20px;border-color:#e0dede;border-top-width:0px;border-bottom-width:0px;\"><\/div><\/div><div class=\"fusion-sep-clear\"><\/div><div class=\"fusion-recent-posts fusion-recent-posts-1 avada-container layout-default layout-columns-5 fusion-recent-posts-left\"><section class=\"fusion-columns columns fusion-columns-5 columns-5\"><article class=\"post fusion-column column col-lg-2 col-md-2 col-sm-2\"><div class=\"fusion-flexslider fusion-flexslider-loading flexslider flexslider-hover-type-liftup\"><ul class=\"slides\"><li><a href=\"https:\/\/www.asf-quebec.org\/en\/launch-les-materialistes\/\" aria-label=\"Welcome to 2050 \/\/ Virtual launch of the futuristic short film Les Mat\u00e9rialistes\" class=\"hover-type-liftup\"><img decoding=\"async\" width=\"1488\" height=\"837\" src=\"https:\/\/www.asf-quebec.org\/wp-content\/uploads\/2024\/06\/Les-Materialistes-0.jpg\" class=\"attachment-full size-full lazyload\" alt=\"\" srcset=\"data:image\/svg+xml,%3Csvg%20xmlns%3D%27http%3A%2F%2Fwww.w3.org%2F2000%2Fsvg%27%20width%3D%271488%27%20height%3D%27837%27%20viewBox%3D%270%200%201488%20837%27%3E%3Crect%20width%3D%271488%27%20height%3D%27837%27%20fill-opacity%3D%220%22%2F%3E%3C%2Fsvg%3E\" data-orig-src=\"https:\/\/www.asf-quebec.org\/wp-content\/uploads\/2024\/06\/Les-Materialistes-0.jpg\" data-srcset=\"https:\/\/www.asf-quebec.org\/wp-content\/uploads\/2024\/06\/Les-Materialistes-0-200x113.jpg 200w, https:\/\/www.asf-quebec.org\/wp-content\/uploads\/2024\/06\/Les-Materialistes-0-400x225.jpg 400w, https:\/\/www.asf-quebec.org\/wp-content\/uploads\/2024\/06\/Les-Materialistes-0-600x338.jpg 600w, https:\/\/www.asf-quebec.org\/wp-content\/uploads\/2024\/06\/Les-Materialistes-0-800x450.jpg 800w, https:\/\/www.asf-quebec.org\/wp-content\/uploads\/2024\/06\/Les-Materialistes-0-1200x675.jpg 1200w, https:\/\/www.asf-quebec.org\/wp-content\/uploads\/2024\/06\/Les-Materialistes-0.jpg 1488w\" data-sizes=\"auto\" \/><\/a><\/li><\/ul><\/div><div class=\"recent-posts-content\"><span class=\"vcard\" style=\"display: none;\"><span class=\"fn\"><a href=\"https:\/\/www.asf-quebec.org\/en\/\" title=\"Posts by asf-quebec\" rel=\"author\">asf-quebec<\/a><\/span><\/span><span class=\"updated\" style=\"display:none;\">2024-08-15T12:04:28-04:00<\/span><h4 class=\"entry-title\"><a href=\"https:\/\/www.asf-quebec.org\/en\/launch-les-materialistes\/\">Welcome to 2050 \/\/ Virtual launch of the futuristic short film Les Mat\u00e9rialistes<\/a><\/h4><p>Architecture Without Borders Quebec (AWBQ), Dark Matter Labs, Les Interstices, and RECYC-QU\u00c9BEC are thrilled to announce the world premiere of<a href=\"https:\/\/www.asf-quebec.org\/en\/launch-les-materialistes\/\"> [...]<\/a><\/p><\/div><\/article><article class=\"post fusion-column column col-lg-2 col-md-2 col-sm-2\"><div class=\"fusion-flexslider fusion-flexslider-loading flexslider flexslider-hover-type-liftup\"><ul class=\"slides\"><li><a href=\"https:\/\/www.asf-quebec.org\/en\/donner-et-acheter-de-la-brique-usagee-naura-jamais-ete-si-facile\/\" aria-label=\"WEB-RECYC &#8211; Giving and buying used bricks has never been easier\" class=\"hover-type-liftup\"><img decoding=\"async\" width=\"2000\" height=\"1451\" src=\"https:\/\/www.asf-quebec.org\/wp-content\/uploads\/2023\/06\/lancement-web-recyc-2996.jpg\" class=\"attachment-full size-full lazyload\" alt=\"\" srcset=\"data:image\/svg+xml,%3Csvg%20xmlns%3D%27http%3A%2F%2Fwww.w3.org%2F2000%2Fsvg%27%20width%3D%272000%27%20height%3D%271451%27%20viewBox%3D%270%200%202000%201451%27%3E%3Crect%20width%3D%272000%27%20height%3D%271451%27%20fill-opacity%3D%220%22%2F%3E%3C%2Fsvg%3E\" data-orig-src=\"https:\/\/www.asf-quebec.org\/wp-content\/uploads\/2023\/06\/lancement-web-recyc-2996.jpg\" data-srcset=\"https:\/\/www.asf-quebec.org\/wp-content\/uploads\/2023\/06\/lancement-web-recyc-2996-200x145.jpg 200w, https:\/\/www.asf-quebec.org\/wp-content\/uploads\/2023\/06\/lancement-web-recyc-2996-400x290.jpg 400w, https:\/\/www.asf-quebec.org\/wp-content\/uploads\/2023\/06\/lancement-web-recyc-2996-600x435.jpg 600w, https:\/\/www.asf-quebec.org\/wp-content\/uploads\/2023\/06\/lancement-web-recyc-2996-800x580.jpg 800w, https:\/\/www.asf-quebec.org\/wp-content\/uploads\/2023\/06\/lancement-web-recyc-2996-1200x871.jpg 1200w, https:\/\/www.asf-quebec.org\/wp-content\/uploads\/2023\/06\/lancement-web-recyc-2996.jpg 2000w\" data-sizes=\"auto\" \/><\/a><\/li><\/ul><\/div><div class=\"recent-posts-content\"><span class=\"vcard\" style=\"display: none;\"><span class=\"fn\"><a href=\"https:\/\/www.asf-quebec.org\/en\/\" title=\"Posts by asf-quebec\" rel=\"author\">asf-quebec<\/a><\/span><\/span><span class=\"updated\" style=\"display:none;\">2023-06-19T19:55:28-04:00<\/span><h4 class=\"entry-title\"><a href=\"https:\/\/www.asf-quebec.org\/en\/donner-et-acheter-de-la-brique-usagee-naura-jamais-ete-si-facile\/\">WEB-RECYC &#8211; Giving and buying used bricks has never been easier<\/a><\/h4><p>\u00a0 Montreal, June 19th 2023 \u2014 In order to allow Montreal residents to easily and economically participate in building decarbonization<a href=\"https:\/\/www.asf-quebec.org\/en\/donner-et-acheter-de-la-brique-usagee-naura-jamais-ete-si-facile\/\"> [...]<\/a><\/p><\/div><\/article><article class=\"post fusion-column column col-lg-2 col-md-2 col-sm-2\"><div class=\"fusion-flexslider fusion-flexslider-loading flexslider flexslider-hover-type-liftup\"><ul class=\"slides\"><li><a href=\"https:\/\/www.asf-quebec.org\/en\/ivanhoe-cambridge-devient-partenaire-du-programme-deconomie-circulaire-darchitecture-sans-frontieres-quebec\/\" aria-label=\"Ivanho\u00e9 Cambridge devient partenaire du programme d&#8217;\u00e9conomie circulaire d\u2019Architecture Sans Fronti\u00e8res Qu\u00e9bec\" class=\"hover-type-liftup\"><img decoding=\"async\" width=\"1308\" height=\"755\" src=\"data:image\/svg+xml,%3Csvg%20xmlns%3D%27http%3A%2F%2Fwww.w3.org%2F2000%2Fsvg%27%20width%3D%271308%27%20height%3D%27755%27%20viewBox%3D%270%200%201308%20755%27%3E%3Crect%20width%3D%271308%27%20height%3D%27755%27%20fill-opacity%3D%220%22%2F%3E%3C%2Fsvg%3E\" class=\"attachment-full size-full lazyload\" alt=\"\" data-orig-src=\"https:\/\/www.asf-quebec.org\/wp-content\/uploads\/2022\/02\/Capture-de\u0301cran-le-2022-02-09-a\u0300-21.56.07.jpg\" \/><\/a><\/li><\/ul><\/div><div class=\"recent-posts-content\"><span class=\"vcard\" style=\"display: none;\"><span class=\"fn\"><a href=\"https:\/\/www.asf-quebec.org\/en\/\" title=\"Posts by asf-quebec\" rel=\"author\">asf-quebec<\/a><\/span><\/span><span class=\"updated\" style=\"display:none;\">2022-02-10T14:17:26-05:00<\/span><h4 class=\"entry-title\"><a href=\"https:\/\/www.asf-quebec.org\/en\/ivanhoe-cambridge-devient-partenaire-du-programme-deconomie-circulaire-darchitecture-sans-frontieres-quebec\/\">Ivanho\u00e9 Cambridge devient partenaire du programme d&#8217;\u00e9conomie circulaire d\u2019Architecture Sans Fronti\u00e8res Qu\u00e9bec<\/a><\/h4><p>Architecture Sans Fronti\u00e8res Qu\u00e9bec (ASFQ) est heureux d'annoncer la conclusion d\u2019un nouveau partenariat strat\u00e9gique avec l'investisseur immobilier Ivanho\u00e9 Cambridge. Celui-ci<a href=\"https:\/\/www.asf-quebec.org\/en\/ivanhoe-cambridge-devient-partenaire-du-programme-deconomie-circulaire-darchitecture-sans-frontieres-quebec\/\"> [...]<\/a><\/p><\/div><\/article><article class=\"post fusion-column column col-lg-2 col-md-2 col-sm-2\"><div class=\"fusion-flexslider fusion-flexslider-loading flexslider flexslider-hover-type-liftup\"><ul class=\"slides\"><li><a href=\"https:\/\/www.asf-quebec.org\/en\/le-projet-materiaux-sans-frontieres-grand-gagnant-des-prix-initiatives-circulaires-2021\/\" aria-label=\"Le projet Mat\u00e9riaux Sans Fronti\u00e8res : grand gagnant des Prix initiatives circulaires 2021\" class=\"hover-type-liftup\"><img decoding=\"async\" width=\"1200\" height=\"627\" src=\"https:\/\/www.asf-quebec.org\/wp-content\/uploads\/2021\/10\/20211019151801-1200x627-materiaux-sans-frontieres-coup-de-coeur.jpg\" class=\"attachment-full size-full lazyload\" alt=\"\" srcset=\"data:image\/svg+xml,%3Csvg%20xmlns%3D%27http%3A%2F%2Fwww.w3.org%2F2000%2Fsvg%27%20width%3D%271200%27%20height%3D%27627%27%20viewBox%3D%270%200%201200%20627%27%3E%3Crect%20width%3D%271200%27%20height%3D%27627%27%20fill-opacity%3D%220%22%2F%3E%3C%2Fsvg%3E\" data-orig-src=\"https:\/\/www.asf-quebec.org\/wp-content\/uploads\/2021\/10\/20211019151801-1200x627-materiaux-sans-frontieres-coup-de-coeur.jpg\" data-srcset=\"https:\/\/www.asf-quebec.org\/wp-content\/uploads\/2021\/10\/20211019151801-1200x627-materiaux-sans-frontieres-coup-de-coeur-200x105.jpg 200w, https:\/\/www.asf-quebec.org\/wp-content\/uploads\/2021\/10\/20211019151801-1200x627-materiaux-sans-frontieres-coup-de-coeur-400x209.jpg 400w, https:\/\/www.asf-quebec.org\/wp-content\/uploads\/2021\/10\/20211019151801-1200x627-materiaux-sans-frontieres-coup-de-coeur-600x314.jpg 600w, https:\/\/www.asf-quebec.org\/wp-content\/uploads\/2021\/10\/20211019151801-1200x627-materiaux-sans-frontieres-coup-de-coeur-800x418.jpg 800w, https:\/\/www.asf-quebec.org\/wp-content\/uploads\/2021\/10\/20211019151801-1200x627-materiaux-sans-frontieres-coup-de-coeur.jpg 1200w\" data-sizes=\"auto\" \/><\/a><\/li><\/ul><\/div><div class=\"recent-posts-content\"><span class=\"vcard\" style=\"display: none;\"><span class=\"fn\"><a href=\"https:\/\/www.asf-quebec.org\/en\/\" title=\"Posts by asf-quebec\" rel=\"author\">asf-quebec<\/a><\/span><\/span><span class=\"updated\" style=\"display:none;\">2021-10-22T20:20:06-04:00<\/span><h4 class=\"entry-title\"><a href=\"https:\/\/www.asf-quebec.org\/en\/le-projet-materiaux-sans-frontieres-grand-gagnant-des-prix-initiatives-circulaires-2021\/\">Le projet Mat\u00e9riaux Sans Fronti\u00e8res : grand gagnant des Prix initiatives circulaires 2021<\/a><\/h4><p>L'\u00e9dition 2021 du coucours des Prix initiatives circulaires se conclut avec le d\u00e9voilement de l'initiative coup de c\u0153ur, \u00e9lue suite<a href=\"https:\/\/www.asf-quebec.org\/en\/le-projet-materiaux-sans-frontieres-grand-gagnant-des-prix-initiatives-circulaires-2021\/\"> [...]<\/a><\/p><\/div><\/article><article class=\"post fusion-column column col-lg-2 col-md-2 col-sm-2\"><div class=\"fusion-flexslider fusion-flexslider-loading flexslider flexslider-hover-type-liftup\"><ul class=\"slides\"><li><a href=\"https:\/\/www.asf-quebec.org\/en\/la-ville-de-montreal-choisit-asfq-pour-creer-un-grand-centre-de-reemploi-de-materiaux\/\" aria-label=\"GRANDE ANNONCE : La Ville de Montr\u00e9al choisit ASFQ pour cr\u00e9er un grand centre de r\u00e9emploi de mat\u00e9riaux\" class=\"hover-type-liftup\"><img decoding=\"async\" width=\"1209\" height=\"618\" src=\"data:image\/svg+xml,%3Csvg%20xmlns%3D%27http%3A%2F%2Fwww.w3.org%2F2000%2Fsvg%27%20width%3D%271209%27%20height%3D%27618%27%20viewBox%3D%270%200%201209%20618%27%3E%3Crect%20width%3D%271209%27%20height%3D%27618%27%20fill-opacity%3D%220%22%2F%3E%3C%2Fsvg%3E\" class=\"attachment-full size-full lazyload\" alt=\"\" data-orig-src=\"https:\/\/www.asf-quebec.org\/wp-content\/uploads\/2021\/10\/Capture-de\u0301cran-le-2021-10-14-a\u0300-00.17.21.jpg\" \/><\/a><\/li><\/ul><\/div><div class=\"recent-posts-content\"><span class=\"vcard\" style=\"display: none;\"><span class=\"fn\"><a href=\"https:\/\/www.asf-quebec.org\/en\/\" title=\"Posts by asf-quebec\" rel=\"author\">asf-quebec<\/a><\/span><\/span><span class=\"updated\" style=\"display:none;\">2023-07-17T14:57:58-04:00<\/span><h4 class=\"entry-title\"><a href=\"https:\/\/www.asf-quebec.org\/en\/la-ville-de-montreal-choisit-asfq-pour-creer-un-grand-centre-de-reemploi-de-materiaux\/\">GRANDE ANNONCE : La Ville de Montr\u00e9al choisit ASFQ pour cr\u00e9er un grand centre de r\u00e9emploi de mat\u00e9riaux<\/a><\/h4><p>ASFQ est fier d'annoncer que son projet \"Mat\u00e9riaux sans fronti\u00e8res\" a remport\u00e9 un appel \u00e0 projets r\u00e9cent de la Ville<a href=\"https:\/\/www.asf-quebec.org\/en\/la-ville-de-montreal-choisit-asfq-pour-creer-un-grand-centre-de-reemploi-de-materiaux\/\"> [...]<\/a><\/p><\/div><\/article><\/section><\/div><div class=\"fusion-clearfix\"><\/div><\/div><\/div><\/div><\/div><div class=\"fusion-fullwidth fullwidth-box fusion-builder-row-11 nonhundred-percent-fullwidth non-hundred-percent-height-scrolling\" style=\"--awb-border-radius-top-left:0px;--awb-border-radius-top-right:0px;--awb-border-radius-bottom-right:0px;--awb-border-radius-bottom-left:0px;--awb-margin-top:100px;--awb-margin-bottom:70px;--awb-flex-wrap:wrap;\" ><div class=\"fusion-builder-row fusion-row\"><div class=\"fusion-layout-column fusion_builder_column fusion-builder-column-20 fusion_builder_column_1_1 1_1 fusion-one-full fusion-column-first fusion-column-last\" style=\"--awb-bg-size:cover;\"><div class=\"fusion-column-wrapper fusion-column-has-shadow fusion-flex-column-wrapper-legacy\"><div class=\"fusion-text fusion-text-28\"><h2><strong>Our other programs<\/strong><\/h2>\n<\/div><div class=\"fusion-sep-clear\"><\/div><div class=\"fusion-separator\" style=\"margin-left: auto;margin-right: auto;margin-top:15px;margin-bottom:15px;width:100%;max-width:20px;\"><div class=\"fusion-separator-border sep-double\" style=\"--awb-height:20px;--awb-amount:20px;--awb-sep-color:rgba(224,222,222,0);border-color:rgba(224,222,222,0);border-top-width:0px;border-bottom-width:0px;\"><\/div><\/div><div class=\"fusion-sep-clear\"><\/div><div class=\"fusion-clearfix\"><\/div><\/div><\/div><div class=\"fusion-layout-column fusion_builder_column fusion-builder-column-21 fusion_builder_column_1_6 1_6 fusion-one-sixth fusion-column-first\" style=\"--awb-bg-size:cover;--awb-margin-bottom:0px;width:16.666666666667%;width:calc(16.666666666667% - ( ( 4% + 4% + 4% + 4% + 4% ) * 0.16666666666667 ) );margin-right: 4%;\"><div class=\"fusion-column-wrapper fusion-column-has-shadow fusion-flex-column-wrapper-legacy\"><div class=\"fusion-image-element fusion-image-align-center in-legacy-container\" style=\"text-align:center;--awb-max-width:160px;--awb-caption-title-font-family:var(--h2_typography-font-family);--awb-caption-title-font-weight:var(--h2_typography-font-weight);--awb-caption-title-font-style:var(--h2_typography-font-style);--awb-caption-title-size:var(--h2_typography-font-size);--awb-caption-title-transform:var(--h2_typography-text-transform);--awb-caption-title-line-height:var(--h2_typography-line-height);--awb-caption-title-letter-spacing:var(--h2_typography-letter-spacing);\"><div class=\"imageframe-align-center\"><span class=\" fusion-imageframe imageframe-none imageframe-8 hover-type-zoomin\"><a class=\"fusion-no-lightbox\" href=\"https:\/\/www.asf-quebec.org\/en\/our-programs\/international-cooperation\/\" target=\"_self\" aria-label=\"pictos_Zoom-05\"><img decoding=\"async\" width=\"260\" height=\"260\" src=\"https:\/\/www.asf-quebec.org\/wp-content\/uploads\/2020\/04\/pictos_Zoom-05.png\" data-orig-src=\"https:\/\/www.asf-quebec.org\/wp-content\/uploads\/2020\/04\/pictos_Zoom-05.png\" alt class=\"lazyload img-responsive wp-image-302346\" srcset=\"data:image\/svg+xml,%3Csvg%20xmlns%3D%27http%3A%2F%2Fwww.w3.org%2F2000%2Fsvg%27%20width%3D%27260%27%20height%3D%27260%27%20viewBox%3D%270%200%20260%20260%27%3E%3Crect%20width%3D%27260%27%20height%3D%27260%27%20fill-opacity%3D%220%22%2F%3E%3C%2Fsvg%3E\" data-srcset=\"https:\/\/www.asf-quebec.org\/wp-content\/uploads\/2020\/04\/pictos_Zoom-05-200x200.png 200w, https:\/\/www.asf-quebec.org\/wp-content\/uploads\/2020\/04\/pictos_Zoom-05.png 260w\" data-sizes=\"auto\" data-orig-sizes=\"(max-width: 800px) 100vw, 260px\" \/><\/a><\/span><\/div><\/div><div class=\"fusion-sep-clear\"><\/div><div class=\"fusion-separator\" style=\"margin-left: auto;margin-right: auto;margin-top:10px;margin-bottom:5px;width:100%;max-width:20px;\"><div class=\"fusion-separator-border sep-double\" style=\"--awb-height:20px;--awb-amount:20px;--awb-sep-color:rgba(224,222,222,0);border-color:rgba(224,222,222,0);border-top-width:0px;border-bottom-width:0px;\"><\/div><\/div><div class=\"fusion-sep-clear\"><\/div><div class=\"fusion-text fusion-text-29\"><p style=\"text-align: center;\">International Cooperation<\/p>\n<\/div><div class=\"fusion-clearfix\"><\/div><\/div><\/div><div class=\"fusion-layout-column fusion_builder_column fusion-builder-column-22 fusion_builder_column_1_6 1_6 fusion-one-sixth\" style=\"--awb-bg-size:cover;width:16.666666666667%;width:calc(16.666666666667% - ( ( 4% + 4% + 4% + 4% + 4% ) * 0.16666666666667 ) );margin-right: 4%;\"><div class=\"fusion-column-wrapper fusion-column-has-shadow fusion-flex-column-wrapper-legacy\"><div class=\"fusion-image-element fusion-image-align-center in-legacy-container\" style=\"text-align:center;--awb-max-width:160px;--awb-caption-title-font-family:var(--h2_typography-font-family);--awb-caption-title-font-weight:var(--h2_typography-font-weight);--awb-caption-title-font-style:var(--h2_typography-font-style);--awb-caption-title-size:var(--h2_typography-font-size);--awb-caption-title-transform:var(--h2_typography-text-transform);--awb-caption-title-line-height:var(--h2_typography-line-height);--awb-caption-title-letter-spacing:var(--h2_typography-letter-spacing);\"><div class=\"imageframe-align-center\"><span class=\" fusion-imageframe imageframe-none imageframe-9 hover-type-zoomin\"><a class=\"fusion-no-lightbox\" href=\"https:\/\/www.asf-quebec.org\/en\/our-programs\/urban-solidarity\/\" target=\"_self\" aria-label=\"pictos_Zoom-04\"><img decoding=\"async\" width=\"260\" height=\"260\" src=\"https:\/\/www.asf-quebec.org\/wp-content\/uploads\/2020\/04\/pictos_Zoom-04.png\" data-orig-src=\"https:\/\/www.asf-quebec.org\/wp-content\/uploads\/2020\/04\/pictos_Zoom-04.png\" alt class=\"lazyload img-responsive wp-image-302345\" srcset=\"data:image\/svg+xml,%3Csvg%20xmlns%3D%27http%3A%2F%2Fwww.w3.org%2F2000%2Fsvg%27%20width%3D%27260%27%20height%3D%27260%27%20viewBox%3D%270%200%20260%20260%27%3E%3Crect%20width%3D%27260%27%20height%3D%27260%27%20fill-opacity%3D%220%22%2F%3E%3C%2Fsvg%3E\" data-srcset=\"https:\/\/www.asf-quebec.org\/wp-content\/uploads\/2020\/04\/pictos_Zoom-04-200x200.png 200w, https:\/\/www.asf-quebec.org\/wp-content\/uploads\/2020\/04\/pictos_Zoom-04.png 260w\" data-sizes=\"auto\" data-orig-sizes=\"(max-width: 800px) 100vw, 260px\" \/><\/a><\/span><\/div><\/div><div class=\"fusion-sep-clear\"><\/div><div class=\"fusion-separator\" style=\"margin-left: auto;margin-right: auto;margin-top:10px;margin-bottom:5px;width:100%;max-width:20px;\"><div class=\"fusion-separator-border sep-double\" style=\"--awb-height:20px;--awb-amount:20px;--awb-sep-color:rgba(224,222,222,0);border-color:rgba(224,222,222,0);border-top-width:0px;border-bottom-width:0px;\"><\/div><\/div><div class=\"fusion-sep-clear\"><\/div><div class=\"fusion-text fusion-text-30\"><p style=\"text-align: center;\">Urban Solidarity<\/p>\n<\/div><div class=\"fusion-clearfix\"><\/div><\/div><\/div><div class=\"fusion-layout-column fusion_builder_column fusion-builder-column-23 fusion_builder_column_1_6 1_6 fusion-one-sixth\" style=\"--awb-bg-size:cover;width:16.666666666667%;width:calc(16.666666666667% - ( ( 4% + 4% + 4% + 4% + 4% ) * 0.16666666666667 ) );margin-right: 4%;\"><div class=\"fusion-column-wrapper fusion-column-has-shadow fusion-flex-column-wrapper-legacy\"><div class=\"fusion-image-element fusion-image-align-center in-legacy-container\" style=\"text-align:center;--awb-max-width:160px;--awb-caption-title-font-family:var(--h2_typography-font-family);--awb-caption-title-font-weight:var(--h2_typography-font-weight);--awb-caption-title-font-style:var(--h2_typography-font-style);--awb-caption-title-size:var(--h2_typography-font-size);--awb-caption-title-transform:var(--h2_typography-text-transform);--awb-caption-title-line-height:var(--h2_typography-line-height);--awb-caption-title-letter-spacing:var(--h2_typography-letter-spacing);\"><div class=\"imageframe-align-center\"><span class=\" fusion-imageframe imageframe-none imageframe-10 hover-type-zoomin\"><a class=\"fusion-no-lightbox\" href=\"https:\/\/www.asf-quebec.org\/en\/our-programs\/indigenous-habitat\/\" target=\"_self\" aria-label=\"ZoomHA\"><img decoding=\"async\" width=\"260\" height=\"260\" src=\"https:\/\/www.asf-quebec.org\/wp-content\/uploads\/2026\/04\/ZoomHA.png\" data-orig-src=\"https:\/\/www.asf-quebec.org\/wp-content\/uploads\/2026\/04\/ZoomHA.png\" alt class=\"lazyload img-responsive wp-image-3637036\" srcset=\"data:image\/svg+xml,%3Csvg%20xmlns%3D%27http%3A%2F%2Fwww.w3.org%2F2000%2Fsvg%27%20width%3D%27260%27%20height%3D%27260%27%20viewBox%3D%270%200%20260%20260%27%3E%3Crect%20width%3D%27260%27%20height%3D%27260%27%20fill-opacity%3D%220%22%2F%3E%3C%2Fsvg%3E\" data-srcset=\"https:\/\/www.asf-quebec.org\/wp-content\/uploads\/2026\/04\/ZoomHA-200x200.png 200w, https:\/\/www.asf-quebec.org\/wp-content\/uploads\/2026\/04\/ZoomHA.png 260w\" data-sizes=\"auto\" data-orig-sizes=\"(max-width: 800px) 100vw, 260px\" \/><\/a><\/span><\/div><\/div><div class=\"fusion-sep-clear\"><\/div><div class=\"fusion-separator\" style=\"margin-left: auto;margin-right: auto;margin-top:10px;margin-bottom:5px;width:100%;max-width:20px;\"><div class=\"fusion-separator-border sep-double\" style=\"--awb-height:20px;--awb-amount:20px;--awb-sep-color:rgba(224,222,222,0);border-color:rgba(224,222,222,0);border-top-width:0px;border-bottom-width:0px;\"><\/div><\/div><div class=\"fusion-sep-clear\"><\/div><div class=\"fusion-text fusion-text-31\"><p style=\"text-align: center;\">Indigenous Habitat<\/p>\n<\/div><div class=\"fusion-clearfix\"><\/div><\/div><\/div><div class=\"fusion-layout-column fusion_builder_column fusion-builder-column-24 fusion_builder_column_1_6 1_6 fusion-one-sixth\" style=\"--awb-bg-size:cover;width:16.666666666667%;width:calc(16.666666666667% - ( ( 4% + 4% + 4% + 4% + 4% ) * 0.16666666666667 ) );margin-right: 4%;\"><div class=\"fusion-column-wrapper fusion-column-has-shadow fusion-flex-column-wrapper-legacy\"><div class=\"fusion-image-element fusion-image-align-center in-legacy-container\" style=\"text-align:center;--awb-max-width:160px;--awb-caption-title-font-family:var(--h2_typography-font-family);--awb-caption-title-font-weight:var(--h2_typography-font-weight);--awb-caption-title-font-style:var(--h2_typography-font-style);--awb-caption-title-size:var(--h2_typography-font-size);--awb-caption-title-transform:var(--h2_typography-text-transform);--awb-caption-title-line-height:var(--h2_typography-line-height);--awb-caption-title-letter-spacing:var(--h2_typography-letter-spacing);\"><div class=\"imageframe-align-center\"><span class=\" fusion-imageframe imageframe-none imageframe-11 hover-type-zoomin\"><a class=\"fusion-no-lightbox\" href=\"https:\/\/www.asf-quebec.org\/en\/our-programs\/flood-resilience\/\" target=\"_self\" aria-label=\"pictos_Zoom-02\"><img decoding=\"async\" width=\"260\" height=\"260\" src=\"https:\/\/www.asf-quebec.org\/wp-content\/uploads\/2020\/04\/pictos_Zoom-02.png\" data-orig-src=\"https:\/\/www.asf-quebec.org\/wp-content\/uploads\/2020\/04\/pictos_Zoom-02.png\" alt class=\"lazyload img-responsive wp-image-302351\" srcset=\"data:image\/svg+xml,%3Csvg%20xmlns%3D%27http%3A%2F%2Fwww.w3.org%2F2000%2Fsvg%27%20width%3D%27260%27%20height%3D%27260%27%20viewBox%3D%270%200%20260%20260%27%3E%3Crect%20width%3D%27260%27%20height%3D%27260%27%20fill-opacity%3D%220%22%2F%3E%3C%2Fsvg%3E\" data-srcset=\"https:\/\/www.asf-quebec.org\/wp-content\/uploads\/2020\/04\/pictos_Zoom-02-200x200.png 200w, https:\/\/www.asf-quebec.org\/wp-content\/uploads\/2020\/04\/pictos_Zoom-02.png 260w\" data-sizes=\"auto\" data-orig-sizes=\"(max-width: 800px) 100vw, 260px\" \/><\/a><\/span><\/div><\/div><div class=\"fusion-sep-clear\"><\/div><div class=\"fusion-separator\" style=\"margin-left: auto;margin-right: auto;margin-top:10px;margin-bottom:5px;width:100%;max-width:20px;\"><div class=\"fusion-separator-border sep-double\" style=\"--awb-height:20px;--awb-amount:20px;--awb-sep-color:rgba(224,222,222,0);border-color:rgba(224,222,222,0);border-top-width:0px;border-bottom-width:0px;\"><\/div><\/div><div class=\"fusion-sep-clear\"><\/div><div class=\"fusion-text fusion-text-32\"><p style=\"text-align: center;\">R\u00e9silience climatique<\/p>\n<\/div><div class=\"fusion-clearfix\"><\/div><\/div><\/div><div class=\"fusion-layout-column fusion_builder_column fusion-builder-column-25 fusion_builder_column_1_6 1_6 fusion-one-sixth\" style=\"--awb-bg-size:cover;width:16.666666666667%;width:calc(16.666666666667% - ( ( 4% + 4% + 4% + 4% + 4% ) * 0.16666666666667 ) );margin-right: 4%;\"><div class=\"fusion-column-wrapper fusion-column-has-shadow fusion-flex-column-wrapper-legacy\"><div class=\"fusion-image-element fusion-image-align-center in-legacy-container\" style=\"text-align:center;--awb-max-width:160px;--awb-caption-title-font-family:var(--h2_typography-font-family);--awb-caption-title-font-weight:var(--h2_typography-font-weight);--awb-caption-title-font-style:var(--h2_typography-font-style);--awb-caption-title-size:var(--h2_typography-font-size);--awb-caption-title-transform:var(--h2_typography-text-transform);--awb-caption-title-line-height:var(--h2_typography-line-height);--awb-caption-title-letter-spacing:var(--h2_typography-letter-spacing);\"><div class=\"imageframe-align-center\"><span class=\" fusion-imageframe imageframe-none imageframe-12 hover-type-zoomin\"><a class=\"fusion-no-lightbox\" href=\"https:\/\/forms.gle\/BywUnZPGRE7kW5Du6\" target=\"_self\" aria-label=\"pictos_Zoom-01\"><img decoding=\"async\" width=\"260\" height=\"260\" src=\"https:\/\/www.asf-quebec.org\/wp-content\/uploads\/2020\/04\/pictos_Zoom-01.png\" data-orig-src=\"https:\/\/www.asf-quebec.org\/wp-content\/uploads\/2020\/04\/pictos_Zoom-01.png\" alt class=\"lazyload img-responsive wp-image-302350\" srcset=\"data:image\/svg+xml,%3Csvg%20xmlns%3D%27http%3A%2F%2Fwww.w3.org%2F2000%2Fsvg%27%20width%3D%27260%27%20height%3D%27260%27%20viewBox%3D%270%200%20260%20260%27%3E%3Crect%20width%3D%27260%27%20height%3D%27260%27%20fill-opacity%3D%220%22%2F%3E%3C%2Fsvg%3E\" data-srcset=\"https:\/\/www.asf-quebec.org\/wp-content\/uploads\/2020\/04\/pictos_Zoom-01-200x200.png 200w, https:\/\/www.asf-quebec.org\/wp-content\/uploads\/2020\/04\/pictos_Zoom-01.png 260w\" data-sizes=\"auto\" data-orig-sizes=\"(max-width: 800px) 100vw, 260px\" \/><\/a><\/span><\/div><\/div><div class=\"fusion-sep-clear\"><\/div><div class=\"fusion-separator\" style=\"margin-left: auto;margin-right: auto;margin-top:10px;margin-bottom:5px;width:100%;max-width:20px;\"><div class=\"fusion-separator-border sep-double\" style=\"--awb-height:20px;--awb-amount:20px;--awb-sep-color:rgba(224,222,222,0);border-color:rgba(224,222,222,0);border-top-width:0px;border-bottom-width:0px;\"><\/div><\/div><div class=\"fusion-sep-clear\"><\/div><div class=\"fusion-text fusion-text-33\"><p style=\"text-align: center;\">Volunteer Commitment<\/p>\n<\/div><div class=\"fusion-clearfix\"><\/div><\/div><\/div><div class=\"fusion-layout-column fusion_builder_column fusion-builder-column-26 fusion_builder_column_1_6 1_6 fusion-one-sixth fusion-column-last\" style=\"--awb-bg-size:cover;width:16.666666666667%;width:calc(16.666666666667% - ( ( 4% + 4% + 4% + 4% + 4% ) * 0.16666666666667 ) );\"><div class=\"fusion-column-wrapper fusion-column-has-shadow fusion-flex-column-wrapper-legacy\"><div class=\"fusion-image-element fusion-image-align-center in-legacy-container\" style=\"text-align:center;--awb-max-width:160px;--awb-caption-title-font-family:var(--h2_typography-font-family);--awb-caption-title-font-weight:var(--h2_typography-font-weight);--awb-caption-title-font-style:var(--h2_typography-font-style);--awb-caption-title-size:var(--h2_typography-font-size);--awb-caption-title-transform:var(--h2_typography-text-transform);--awb-caption-title-line-height:var(--h2_typography-line-height);--awb-caption-title-letter-spacing:var(--h2_typography-letter-spacing);\"><div class=\"imageframe-align-center\"><span class=\" fusion-imageframe imageframe-none imageframe-13 hover-type-zoomin\"><a class=\"fusion-no-lightbox\" href=\"https:\/\/www.asf-quebec.org\/en\/our-programs\/architectural-education\/\" target=\"_self\" aria-label=\"pictos_Zoom-08\"><img decoding=\"async\" width=\"260\" height=\"260\" src=\"https:\/\/www.asf-quebec.org\/wp-content\/uploads\/2020\/12\/pictos_Zoom-08.png\" data-orig-src=\"https:\/\/www.asf-quebec.org\/wp-content\/uploads\/2020\/12\/pictos_Zoom-08.png\" alt class=\"lazyload img-responsive wp-image-302490\" srcset=\"data:image\/svg+xml,%3Csvg%20xmlns%3D%27http%3A%2F%2Fwww.w3.org%2F2000%2Fsvg%27%20width%3D%27260%27%20height%3D%27260%27%20viewBox%3D%270%200%20260%20260%27%3E%3Crect%20width%3D%27260%27%20height%3D%27260%27%20fill-opacity%3D%220%22%2F%3E%3C%2Fsvg%3E\" data-srcset=\"https:\/\/www.asf-quebec.org\/wp-content\/uploads\/2020\/12\/pictos_Zoom-08-200x200.png 200w, https:\/\/www.asf-quebec.org\/wp-content\/uploads\/2020\/12\/pictos_Zoom-08.png 260w\" data-sizes=\"auto\" data-orig-sizes=\"(max-width: 800px) 100vw, 260px\" \/><\/a><\/span><\/div><\/div><div class=\"fusion-sep-clear\"><\/div><div class=\"fusion-separator\" style=\"margin-left: auto;margin-right: auto;margin-top:10px;margin-bottom:5px;width:100%;max-width:20px;\"><div class=\"fusion-separator-border sep-double\" style=\"--awb-height:20px;--awb-amount:20px;--awb-sep-color:rgba(224,222,222,0);border-color:rgba(224,222,222,0);border-top-width:0px;border-bottom-width:0px;\"><\/div><\/div><div class=\"fusion-sep-clear\"><\/div><div class=\"fusion-text fusion-text-34\"><p style=\"text-align: center;\">Architectural Education<\/p>\n<\/div><div class=\"fusion-clearfix\"><\/div><\/div><\/div><\/div><\/div><\/p>\n","protected":false},"excerpt":{"rendered":"","protected":false},"author":2,"featured_media":0,"parent":331739,"menu_order":0,"comment_status":"closed","ping_status":"closed","template":"100-width.php","meta":{"_acf_changed":false,"footnotes":""},"class_list":["post-332323","page","type-page","status-publish","hentry"],"acf":[],"yoast_head":"<!-- This site is optimized with the Yoast SEO plugin v26.8 - https:\/\/yoast.com\/product\/yoast-seo-wordpress\/ -->\n<title>Circular Economy - Architecture Sans Fronti\u00e8res Qu\u00e9bec<\/title>\n<meta name=\"robots\" content=\"index, follow, max-snippet:-1, max-image-preview:large, max-video-preview:-1\" \/>\n<link rel=\"canonical\" href=\"https:\/\/www.asf-quebec.org\/en\/our-programs\/circular-economy\/\" \/>\n<meta property=\"og:locale\" content=\"en_US\" \/>\n<meta property=\"og:type\" content=\"article\" \/>\n<meta property=\"og:title\" content=\"Circular Economy - Architecture Sans Fronti\u00e8res Qu\u00e9bec\" \/>\n<meta property=\"og:url\" content=\"https:\/\/www.asf-quebec.org\/en\/our-programs\/circular-economy\/\" \/>\n<meta property=\"og:site_name\" content=\"Architecture Sans Fronti\u00e8res Qu\u00e9bec\" \/>\n<meta property=\"article:publisher\" content=\"https:\/\/www.facebook.com\/architecturesansfrontieres\/\" \/>\n<meta property=\"article:modified_time\" content=\"2026-04-16T19:20:18+00:00\" \/>\n<meta name=\"twitter:card\" content=\"summary_large_image\" \/>\n<meta name=\"twitter:label1\" content=\"Est. reading time\" \/>\n\t<meta name=\"twitter:data1\" content=\"9 minutes\" \/>\n<script type=\"application\/ld+json\" class=\"yoast-schema-graph\">{\"@context\":\"https:\/\/schema.org\",\"@graph\":[{\"@type\":\"WebPage\",\"@id\":\"https:\/\/www.asf-quebec.org\/en\/our-programs\/circular-economy\/\",\"url\":\"https:\/\/www.asf-quebec.org\/en\/our-programs\/circular-economy\/\",\"name\":\"Circular Economy - Architecture Sans Fronti\u00e8res Qu\u00e9bec\",\"isPartOf\":{\"@id\":\"https:\/\/www.asf-quebec.org\/en\/#website\"},\"datePublished\":\"2021-06-16T17:26:04+00:00\",\"dateModified\":\"2026-04-16T19:20:18+00:00\",\"breadcrumb\":{\"@id\":\"https:\/\/www.asf-quebec.org\/en\/our-programs\/circular-economy\/#breadcrumb\"},\"inLanguage\":\"en-US\",\"potentialAction\":[{\"@type\":\"ReadAction\",\"target\":[\"https:\/\/www.asf-quebec.org\/en\/our-programs\/circular-economy\/\"]}]},{\"@type\":\"BreadcrumbList\",\"@id\":\"https:\/\/www.asf-quebec.org\/en\/our-programs\/circular-economy\/#breadcrumb\",\"itemListElement\":[{\"@type\":\"ListItem\",\"position\":1,\"name\":\"Accueil\",\"item\":\"https:\/\/www.asf-quebec.org\/en\/\"},{\"@type\":\"ListItem\",\"position\":2,\"name\":\"Our Programs\",\"item\":\"https:\/\/www.asf-quebec.org\/en\/our-programs\/\"},{\"@type\":\"ListItem\",\"position\":3,\"name\":\"Circular Economy\"}]},{\"@type\":\"WebSite\",\"@id\":\"https:\/\/www.asf-quebec.org\/en\/#website\",\"url\":\"https:\/\/www.asf-quebec.org\/en\/\",\"name\":\"Architecture sans fronti\u00e8res Qu\u00e9bec\",\"description\":\"ASFQ\",\"publisher\":{\"@id\":\"https:\/\/www.asf-quebec.org\/en\/#organization\"},\"potentialAction\":[{\"@type\":\"SearchAction\",\"target\":{\"@type\":\"EntryPoint\",\"urlTemplate\":\"https:\/\/www.asf-quebec.org\/en\/?s={search_term_string}\"},\"query-input\":{\"@type\":\"PropertyValueSpecification\",\"valueRequired\":true,\"valueName\":\"search_term_string\"}}],\"inLanguage\":\"en-US\"},{\"@type\":\"Organization\",\"@id\":\"https:\/\/www.asf-quebec.org\/en\/#organization\",\"name\":\"Architecture sans fronti\u00e8res Qu\u00e9bec (ASFQ)\",\"url\":\"https:\/\/www.asf-quebec.org\/en\/\",\"logo\":{\"@type\":\"ImageObject\",\"inLanguage\":\"en-US\",\"@id\":\"https:\/\/www.asf-quebec.org\/en\/#\/schema\/logo\/image\/\",\"url\":\"https:\/\/www.asf-quebec.org\/wp-content\/uploads\/2019\/07\/Logo-asfq-retina.jpg\",\"contentUrl\":\"https:\/\/www.asf-quebec.org\/wp-content\/uploads\/2019\/07\/Logo-asfq-retina.jpg\",\"width\":564,\"height\":219,\"caption\":\"Architecture sans fronti\u00e8res Qu\u00e9bec (ASFQ)\"},\"image\":{\"@id\":\"https:\/\/www.asf-quebec.org\/en\/#\/schema\/logo\/image\/\"},\"sameAs\":[\"https:\/\/www.facebook.com\/architecturesansfrontieres\/\",\"https:\/\/www.instagram.com\/asfquebec\/\",\"https:\/\/www.linkedin.com\/company\/asf-quebec\/\"]}]}<\/script>\n<!-- \/ Yoast SEO plugin. -->","yoast_head_json":{"title":"Circular Economy - Architecture Sans Fronti\u00e8res Qu\u00e9bec","robots":{"index":"index","follow":"follow","max-snippet":"max-snippet:-1","max-image-preview":"max-image-preview:large","max-video-preview":"max-video-preview:-1"},"canonical":"https:\/\/www.asf-quebec.org\/en\/our-programs\/circular-economy\/","og_locale":"en_US","og_type":"article","og_title":"Circular Economy - Architecture Sans Fronti\u00e8res Qu\u00e9bec","og_url":"https:\/\/www.asf-quebec.org\/en\/our-programs\/circular-economy\/","og_site_name":"Architecture Sans Fronti\u00e8res Qu\u00e9bec","article_publisher":"https:\/\/www.facebook.com\/architecturesansfrontieres\/","article_modified_time":"2026-04-16T19:20:18+00:00","twitter_card":"summary_large_image","twitter_misc":{"Est. reading time":"9 minutes"},"schema":{"@context":"https:\/\/schema.org","@graph":[{"@type":"WebPage","@id":"https:\/\/www.asf-quebec.org\/en\/our-programs\/circular-economy\/","url":"https:\/\/www.asf-quebec.org\/en\/our-programs\/circular-economy\/","name":"Circular Economy - Architecture Sans Fronti\u00e8res Qu\u00e9bec","isPartOf":{"@id":"https:\/\/www.asf-quebec.org\/en\/#website"},"datePublished":"2021-06-16T17:26:04+00:00","dateModified":"2026-04-16T19:20:18+00:00","breadcrumb":{"@id":"https:\/\/www.asf-quebec.org\/en\/our-programs\/circular-economy\/#breadcrumb"},"inLanguage":"en-US","potentialAction":[{"@type":"ReadAction","target":["https:\/\/www.asf-quebec.org\/en\/our-programs\/circular-economy\/"]}]},{"@type":"BreadcrumbList","@id":"https:\/\/www.asf-quebec.org\/en\/our-programs\/circular-economy\/#breadcrumb","itemListElement":[{"@type":"ListItem","position":1,"name":"Accueil","item":"https:\/\/www.asf-quebec.org\/en\/"},{"@type":"ListItem","position":2,"name":"Our Programs","item":"https:\/\/www.asf-quebec.org\/en\/our-programs\/"},{"@type":"ListItem","position":3,"name":"Circular Economy"}]},{"@type":"WebSite","@id":"https:\/\/www.asf-quebec.org\/en\/#website","url":"https:\/\/www.asf-quebec.org\/en\/","name":"Architecture sans fronti\u00e8res Qu\u00e9bec","description":"ASFQ","publisher":{"@id":"https:\/\/www.asf-quebec.org\/en\/#organization"},"potentialAction":[{"@type":"SearchAction","target":{"@type":"EntryPoint","urlTemplate":"https:\/\/www.asf-quebec.org\/en\/?s={search_term_string}"},"query-input":{"@type":"PropertyValueSpecification","valueRequired":true,"valueName":"search_term_string"}}],"inLanguage":"en-US"},{"@type":"Organization","@id":"https:\/\/www.asf-quebec.org\/en\/#organization","name":"Architecture sans fronti\u00e8res Qu\u00e9bec (ASFQ)","url":"https:\/\/www.asf-quebec.org\/en\/","logo":{"@type":"ImageObject","inLanguage":"en-US","@id":"https:\/\/www.asf-quebec.org\/en\/#\/schema\/logo\/image\/","url":"https:\/\/www.asf-quebec.org\/wp-content\/uploads\/2019\/07\/Logo-asfq-retina.jpg","contentUrl":"https:\/\/www.asf-quebec.org\/wp-content\/uploads\/2019\/07\/Logo-asfq-retina.jpg","width":564,"height":219,"caption":"Architecture sans fronti\u00e8res Qu\u00e9bec (ASFQ)"},"image":{"@id":"https:\/\/www.asf-quebec.org\/en\/#\/schema\/logo\/image\/"},"sameAs":["https:\/\/www.facebook.com\/architecturesansfrontieres\/","https:\/\/www.instagram.com\/asfquebec\/","https:\/\/www.linkedin.com\/company\/asf-quebec\/"]}]}},"_links":{"self":[{"href":"https:\/\/www.asf-quebec.org\/en\/wp-json\/wp\/v2\/pages\/332323","targetHints":{"allow":["GET"]}}],"collection":[{"href":"https:\/\/www.asf-quebec.org\/en\/wp-json\/wp\/v2\/pages"}],"about":[{"href":"https:\/\/www.asf-quebec.org\/en\/wp-json\/wp\/v2\/types\/page"}],"author":[{"embeddable":true,"href":"https:\/\/www.asf-quebec.org\/en\/wp-json\/wp\/v2\/users\/2"}],"replies":[{"embeddable":true,"href":"https:\/\/www.asf-quebec.org\/en\/wp-json\/wp\/v2\/comments?post=332323"}],"version-history":[{"count":8,"href":"https:\/\/www.asf-quebec.org\/en\/wp-json\/wp\/v2\/pages\/332323\/revisions"}],"predecessor-version":[{"id":3637419,"href":"https:\/\/www.asf-quebec.org\/en\/wp-json\/wp\/v2\/pages\/332323\/revisions\/3637419"}],"up":[{"embeddable":true,"href":"https:\/\/www.asf-quebec.org\/en\/wp-json\/wp\/v2\/pages\/331739"}],"wp:attachment":[{"href":"https:\/\/www.asf-quebec.org\/en\/wp-json\/wp\/v2\/media?parent=332323"}],"curies":[{"name":"wp","href":"https:\/\/api.w.org\/{rel}","templated":true}]}}