{"id":332314,"date":"2021-06-16T17:22:25","date_gmt":"2021-06-16T17:22:25","guid":{"rendered":"https:\/\/www.asf-quebec.org\/our-programs\/indigenous-habitat\/"},"modified":"2023-02-17T04:25:59","modified_gmt":"2023-02-17T04:25:59","slug":"indigenous-habitat","status":"publish","type":"page","link":"https:\/\/www.asf-quebec.org\/en\/our-programs\/indigenous-habitat\/","title":{"rendered":"Indigenous Habitat"},"content":{"rendered":"<p><div class=\"fusion-fullwidth fullwidth-box fusion-builder-row-1 nonhundred-percent-fullwidth non-hundred-percent-height-scrolling fusion-equal-height-columns\" style=\"--awb-border-radius-top-left:0px;--awb-border-radius-top-right:0px;--awb-border-radius-bottom-right:0px;--awb-border-radius-bottom-left:0px;--awb-padding-top:100px;--awb-padding-right:100px;--awb-padding-bottom:100px;--awb-padding-left:60px;--awb-flex-wrap:wrap;\" ><div class=\"fusion-builder-row fusion-row\"><div class=\"fusion-layout-column fusion_builder_column fusion-builder-column-0 fusion_builder_column_1_1 1_1 fusion-one-full fusion-column-first fusion-column-last\" style=\"--awb-padding-right:70px;--awb-padding-left:50px;--awb-bg-size:cover;\"><div class=\"fusion-column-wrapper fusion-column-has-shadow fusion-flex-column-wrapper-legacy\"><div class=\"fusion-text fusion-text-1\"><h2><span style=\"color: #cccc33;\">Architecture to support infrastructure projects, build capacity and mitigate the housing crisis among First Nations and Inuit<\/span><\/h2>\n<\/div><div class=\"fusion-clearfix\"><\/div><\/div><\/div><\/div><\/div><div class=\"fusion-fullwidth fullwidth-box fusion-builder-row-2 nonhundred-percent-fullwidth non-hundred-percent-height-scrolling\" style=\"--awb-border-radius-top-left:0px;--awb-border-radius-top-right:0px;--awb-border-radius-bottom-right:0px;--awb-border-radius-bottom-left:0px;--awb-padding-top:100px;--awb-padding-right:60px;--awb-padding-bottom:100px;--awb-padding-left:60px;--awb-margin-top:0px;--awb-margin-bottom:0px;--awb-background-color:#faf9cc;--awb-flex-wrap:wrap;\" ><div class=\"fusion-builder-row fusion-row\"><div class=\"fusion-layout-column fusion_builder_column fusion-builder-column-1 fusion_builder_column_1_1 1_1 fusion-one-full fusion-column-first fusion-column-last\" style=\"--awb-padding-left:5px;--awb-bg-size:cover;\"><div class=\"fusion-column-wrapper fusion-column-has-shadow fusion-flex-column-wrapper-legacy\"><div class=\"fusion-text fusion-text-2\"><h2><span style=\"color: #333333;\"><strong>Le d\u00e9fi \u00e0 relever<\/strong><\/span><\/h2>\n<\/div><div class=\"fusion-clearfix\"><\/div><\/div><\/div><div class=\"fusion-layout-column fusion_builder_column fusion-builder-column-2 fusion_builder_column_1_2 1_2 fusion-one-half fusion-column-first\" style=\"--awb-padding-top:15px;--awb-padding-right:35px;--awb-padding-left:5px;--awb-bg-size:cover;--awb-margin-bottom:0px;width:50%;width:calc(50% - ( ( 4% ) * 0.5 ) );margin-right: 4%;\"><div class=\"fusion-column-wrapper fusion-column-has-shadow fusion-flex-column-wrapper-legacy\"><div class=\"fusion-text fusion-text-3\"><h5><span style=\"color: #454444;\">Le poids du pass\u00e9 colonial<\/span><\/h5>\n<\/div><div class=\"fusion-sep-clear\"><\/div><div class=\"fusion-separator fusion-full-width-sep\" style=\"margin-left: auto;margin-right: auto;margin-top:10px;margin-bottom:0px;width:100%;\"><div class=\"fusion-separator-border sep-double\" style=\"--awb-height:20px;--awb-amount:20px;border-color:#e0dede;border-top-width:0px;border-bottom-width:0px;\"><\/div><\/div><div class=\"fusion-sep-clear\"><\/div><div class=\"fusion-text fusion-text-4\"><p><span style=\"font-weight: 400;\">La colonisation p\u00e8se lourd sur les premiers peuples des territoires que nous appelons aujourd\u2019hui le Canada et le Qu\u00e9bec. Les entreprises de g\u00e9nocide, d\u2019oppression, de d\u00e9possession et de discrimination syst\u00e9mique, auxquelles ils ont surv\u00e9cu et continue de faire face avec r\u00e9silience, laissent des traces qui appellent la r\u00e9paration. La s\u00e9dentarisation forc\u00e9e et le mod\u00e8le de d\u00e9veloppement urbain nord-am\u00e9ricain, en plus d\u2019avoir affect\u00e9 leurs capacit\u00e9s \u00e0 habiter le territoire et \u00e0 am\u00e9nager l\u2019espace en toute autonomie, ont impos\u00e9 aux communaut\u00e9s des formes architecturales souvent inadapt\u00e9es \u00e0 leurs cultures. La crise actuelle du logement en est un exemple \u00e9loquent et l\u2019\u00e9picentre de nombreux probl\u00e8mes v\u00e9cus par les Premi\u00e8res Nations et les Inuit. Alors que la responsabilit\u00e9 des gouvernements a \u00e9t\u00e9 mise en lumi\u00e8re et reconnue en s&#8217;engageant vers la r\u00e9conciliation, les communaut\u00e9s autochtones regardent vers l&#8217;avenir et cherchent des solutions \u00e0 leur image.<\/span><\/p>\n<\/div><div class=\"fusion-sep-clear\"><\/div><div class=\"fusion-separator fusion-full-width-sep\" style=\"margin-left: auto;margin-right: auto;margin-top:15px;margin-bottom:0px;width:100%;\"><div class=\"fusion-separator-border sep-double\" style=\"--awb-height:20px;--awb-amount:20px;border-color:#e0dede;border-top-width:0px;border-bottom-width:0px;\"><\/div><\/div><div class=\"fusion-sep-clear\"><\/div><div class=\"fusion-text fusion-text-5\"><h5><span style=\"color: #454444;\">L&#8217;architecture de la r\u00e9conciliation<\/span><\/h5>\n<\/div><div class=\"fusion-sep-clear\"><\/div><div class=\"fusion-separator fusion-full-width-sep\" style=\"margin-left: auto;margin-right: auto;margin-top:10px;margin-bottom:0px;width:100%;\"><div class=\"fusion-separator-border sep-double\" style=\"--awb-height:20px;--awb-amount:20px;border-color:#e0dede;border-top-width:0px;border-bottom-width:0px;\"><\/div><\/div><div class=\"fusion-sep-clear\"><\/div><div class=\"fusion-text fusion-text-6\"><p><span style=\"font-weight: 400;\">Pour am\u00e9liorer les conditions de vie des populations autochtones et renforcer leurs capacit\u00e9s, l&#8217;architecture doit \u00eatre pratiqu\u00e9e avec sensibilit\u00e9, respect et humilit\u00e9, en visant d&#8217;abord l\u2019autonomie des communaut\u00e9s. En donnant la parole \u00e0 leurs membres et en les reconnaissant comme les experts de leurs r\u00e9alit\u00e9s, l&#8217;architecte peut servir leurs int\u00e9r\u00eats et les d\u00e9fendre si n\u00e9cessaire. Les consulter ne suffit pas. Il faut les laisser \u00eatre les acteurs du processus de design. Une telle approche participative permet des projets d\u2019une grande pertinence sociale, qui contribueront \u00e0 l&#8217;\u00e9mergence des architectes et des architectures autochtones de demain. C&#8217;est par une telle alliance que les professionnels peuvent appuyer la longue marche des Autochtones vers la r\u00e9conciliation, la r\u00e9paration et l\u2019\u00e9mancipation. L\u2019architecture a elle aussi beaucoup \u00e0 apprendre d&#8217;un tel cheminement, afin de d\u00e9coloniser davantage sa pratique. Voil\u00e0 la vision qu\u2019ASFQ promeut aupr\u00e8s de ses membres et l\u2019esprit dans lequel son \u00e9quipe cherche \u00e0 collaborer avec les communaut\u00e9s.<\/span><\/p>\n<\/div><div class=\"fusion-clearfix\"><\/div><\/div><\/div><div class=\"fusion-layout-column fusion_builder_column fusion-builder-column-3 fusion_builder_column_1_2 1_2 fusion-one-half fusion-column-last\" style=\"--awb-padding-top:15px;--awb-padding-left:15px;--awb-bg-size:cover;--awb-margin-bottom:0px;width:50%;width:calc(50% - ( ( 4% ) * 0.5 ) );\"><div class=\"fusion-column-wrapper fusion-column-has-shadow fusion-flex-column-wrapper-legacy\"><div class=\"fusion-image-element in-legacy-container\" style=\"--awb-caption-title-font-family:var(--h2_typography-font-family);--awb-caption-title-font-weight:var(--h2_typography-font-weight);--awb-caption-title-font-style:var(--h2_typography-font-style);--awb-caption-title-size:var(--h2_typography-font-size);--awb-caption-title-transform:var(--h2_typography-text-transform);--awb-caption-title-line-height:var(--h2_typography-line-height);--awb-caption-title-letter-spacing:var(--h2_typography-letter-spacing);\"><span class=\" fusion-imageframe imageframe-none imageframe-1 hover-type-none\"><img decoding=\"async\" width=\"1344\" height=\"1200\" title=\"IMG_1306\" src=\"https:\/\/www.asf-quebec.org\/wp-content\/uploads\/2020\/04\/IMG_1306-1-e1587327246892.jpg\" data-orig-src=\"https:\/\/www.asf-quebec.org\/wp-content\/uploads\/2020\/04\/IMG_1306-1-e1587327246892.jpg\" alt class=\"lazyload img-responsive wp-image-302367\" srcset=\"data:image\/svg+xml,%3Csvg%20xmlns%3D%27http%3A%2F%2Fwww.w3.org%2F2000%2Fsvg%27%20width%3D%271344%27%20height%3D%271200%27%20viewBox%3D%270%200%201344%201200%27%3E%3Crect%20width%3D%271344%27%20height%3D%271200%27%20fill-opacity%3D%220%22%2F%3E%3C%2Fsvg%3E\" data-srcset=\"https:\/\/www.asf-quebec.org\/wp-content\/uploads\/2020\/04\/IMG_1306-1-e1587327246892-200x179.jpg 200w, https:\/\/www.asf-quebec.org\/wp-content\/uploads\/2020\/04\/IMG_1306-1-e1587327246892-400x357.jpg 400w, https:\/\/www.asf-quebec.org\/wp-content\/uploads\/2020\/04\/IMG_1306-1-e1587327246892-600x536.jpg 600w, https:\/\/www.asf-quebec.org\/wp-content\/uploads\/2020\/04\/IMG_1306-1-e1587327246892-800x714.jpg 800w, https:\/\/www.asf-quebec.org\/wp-content\/uploads\/2020\/04\/IMG_1306-1-e1587327246892-1200x1071.jpg 1200w, https:\/\/www.asf-quebec.org\/wp-content\/uploads\/2020\/04\/IMG_1306-1-e1587327246892.jpg 1344w\" data-sizes=\"auto\" data-orig-sizes=\"(max-width: 800px) 100vw, 1344px\" \/><\/span><\/div><div class=\"fusion-clearfix\"><\/div><\/div><\/div><\/div><\/div><div class=\"fusion-fullwidth fullwidth-box fusion-builder-row-3 nonhundred-percent-fullwidth non-hundred-percent-height-scrolling\" style=\"--awb-border-radius-top-left:0px;--awb-border-radius-top-right:0px;--awb-border-radius-bottom-right:0px;--awb-border-radius-bottom-left:0px;--awb-padding-top:100px;--awb-padding-right:60px;--awb-padding-bottom:20px;--awb-padding-left:60px;--awb-margin-top:0px;--awb-margin-bottom:0px;--awb-background-color:#ffffff;--awb-flex-wrap:wrap;\" ><div class=\"fusion-builder-row fusion-row\"><div class=\"fusion-layout-column fusion_builder_column fusion-builder-column-4 fusion_builder_column_5_6 5_6 fusion-five-sixth fusion-column-first\" style=\"--awb-padding-left:5px;--awb-bg-size:cover;width:83.333333333333%;width:calc(83.333333333333% - ( ( 4% ) * 0.83333333333333 ) );margin-right: 4%;\"><div class=\"fusion-column-wrapper fusion-column-has-shadow fusion-flex-column-wrapper-legacy\"><div class=\"fusion-sep-clear\"><\/div><div class=\"fusion-separator\" style=\"margin-left: auto;margin-right: auto;margin-top:15px;margin-bottom:15px;width:100%;max-width:20px;\"><div class=\"fusion-separator-border sep-double\" style=\"--awb-height:20px;--awb-amount:20px;--awb-sep-color:rgba(224,222,222,0);border-color:rgba(224,222,222,0);border-top-width:0px;border-bottom-width:0px;\"><\/div><\/div><div class=\"fusion-sep-clear\"><\/div><div class=\"fusion-text fusion-text-7\"><h2 style=\"text-align: left;\"><span style=\"color: #333333;\"><strong>Axes d&#8217;intervention du programme<\/strong><\/span><\/h2>\n<\/div><div class=\"fusion-sep-clear\"><\/div><div class=\"fusion-separator\" style=\"margin-left: auto;margin-right: auto;margin-top:15px;margin-bottom:15px;width:100%;max-width:20px;\"><div class=\"fusion-separator-border sep-double\" style=\"--awb-height:20px;--awb-amount:20px;--awb-sep-color:rgba(224,222,222,0);border-color:rgba(224,222,222,0);border-top-width:0px;border-bottom-width:0px;\"><\/div><\/div><div class=\"fusion-sep-clear\"><\/div><div class=\"fusion-clearfix\"><\/div><\/div><\/div><\/div><\/div><div class=\"fusion-fullwidth fullwidth-box fusion-builder-row-4 nonhundred-percent-fullwidth non-hundred-percent-height-scrolling\" style=\"--awb-border-radius-top-left:0px;--awb-border-radius-top-right:0px;--awb-border-radius-bottom-right:0px;--awb-border-radius-bottom-left:0px;--awb-padding-top:0px;--awb-padding-right:60px;--awb-padding-bottom:0px;--awb-padding-left:60px;--awb-margin-top:0px;--awb-margin-bottom:0px;--awb-background-color:#ffffff;--awb-flex-wrap:wrap;\" ><div class=\"fusion-builder-row fusion-row\"><div class=\"fusion-layout-column fusion_builder_column fusion-builder-column-5 fusion_builder_column_1_4 1_4 fusion-one-fourth fusion-column-first\" style=\"--awb-padding-top:15px;--awb-padding-left:5px;--awb-bg-size:cover;--awb-margin-bottom:0px;width:25%;width:calc(25% - ( ( 4% ) * 0.25 ) );margin-right: 4%;\"><div class=\"fusion-column-wrapper fusion-column-has-shadow fusion-flex-column-wrapper-legacy\"><div class=\"fusion-image-element in-legacy-container\" style=\"--awb-caption-title-font-family:var(--h2_typography-font-family);--awb-caption-title-font-weight:var(--h2_typography-font-weight);--awb-caption-title-font-style:var(--h2_typography-font-style);--awb-caption-title-size:var(--h2_typography-font-size);--awb-caption-title-transform:var(--h2_typography-text-transform);--awb-caption-title-line-height:var(--h2_typography-line-height);--awb-caption-title-letter-spacing:var(--h2_typography-letter-spacing);\"><span class=\" fusion-imageframe imageframe-none imageframe-2 hover-type-none\"><img decoding=\"async\" width=\"929\" height=\"768\" title=\"Algonquins et GL\" src=\"https:\/\/www.asf-quebec.org\/wp-content\/uploads\/2020\/04\/Algonquins-et-GL-e1587937220712.jpg\" data-orig-src=\"https:\/\/www.asf-quebec.org\/wp-content\/uploads\/2020\/04\/Algonquins-et-GL-e1587937220712.jpg\" alt class=\"lazyload img-responsive wp-image-302383\" srcset=\"data:image\/svg+xml,%3Csvg%20xmlns%3D%27http%3A%2F%2Fwww.w3.org%2F2000%2Fsvg%27%20width%3D%27929%27%20height%3D%27768%27%20viewBox%3D%270%200%20929%20768%27%3E%3Crect%20width%3D%27929%27%20height%3D%27768%27%20fill-opacity%3D%220%22%2F%3E%3C%2Fsvg%3E\" data-srcset=\"https:\/\/www.asf-quebec.org\/wp-content\/uploads\/2020\/04\/Algonquins-et-GL-e1587937220712-200x165.jpg 200w, https:\/\/www.asf-quebec.org\/wp-content\/uploads\/2020\/04\/Algonquins-et-GL-e1587937220712-400x331.jpg 400w, https:\/\/www.asf-quebec.org\/wp-content\/uploads\/2020\/04\/Algonquins-et-GL-e1587937220712-600x496.jpg 600w, https:\/\/www.asf-quebec.org\/wp-content\/uploads\/2020\/04\/Algonquins-et-GL-e1587937220712-800x661.jpg 800w, https:\/\/www.asf-quebec.org\/wp-content\/uploads\/2020\/04\/Algonquins-et-GL-e1587937220712.jpg 929w\" data-sizes=\"auto\" data-orig-sizes=\"(max-width: 800px) 100vw, 929px\" \/><\/span><\/div><div class=\"fusion-clearfix\"><\/div><\/div><\/div><div class=\"fusion-layout-column fusion_builder_column fusion-builder-column-6 fusion_builder_column_3_4 3_4 fusion-three-fourth fusion-column-last\" style=\"--awb-padding-right:20px;--awb-bg-size:cover;--awb-margin-bottom:0px;width:75%;width:calc(75% - ( ( 4% ) * 0.75 ) );\"><div class=\"fusion-column-wrapper fusion-column-has-shadow fusion-flex-column-wrapper-legacy\"><div class=\"fusion-text fusion-text-8\"><h5><span style=\"color: #cccc33;\">Aide aux projets des communaut\u00e9s<\/span><\/h5>\n<\/div><div class=\"fusion-sep-clear\"><\/div><div class=\"fusion-separator fusion-full-width-sep\" style=\"margin-left: auto;margin-right: auto;margin-top:15px;margin-bottom:0px;width:100%;\"><div class=\"fusion-separator-border sep-double\" style=\"--awb-height:20px;--awb-amount:20px;border-color:#e0dede;border-top-width:0px;border-bottom-width:0px;\"><\/div><\/div><div class=\"fusion-sep-clear\"><\/div><div class=\"fusion-text fusion-text-9 awb-text-cols fusion-text-columns-2\" style=\"--awb-columns:2;--awb-column-spacing:30px;--awb-column-min-width:100px;--awb-rule-style:1px solid #ffffff;\"><p><span style=\"font-weight: 400;\">ASFQ appui des projets de<\/span><span style=\"font-weight: 400;\"> b\u00e2timents et d&#8217;am\u00e9nagements capables de renforcer les conditions de vie et les comp\u00e9tences des communaut\u00e9s. Si de nombreux projets sont d\u00e9j\u00e0 pris en charge par les instances autochtones, les gouvernements et les firmes priv\u00e9es, les besoins demeurent \u00e9normes. Plusieurs aspirations ne trouvent pas de r\u00e9ponse du c\u00f4t\u00e9 des programmes et des services conventionnels. <\/span><\/p>\n<p><span style=\"font-weight: 400;\">ASFQ travaille pour cette raison en compl\u00e9mentarit\u00e9 avec les autres parties prenantes pour r\u00e9pondre \u00e0 des demandes laiss\u00e9es dans les interstices. Ses services sont accessibles aux 12 Premi\u00e8res Nations du Qu\u00e9bec et des 14 villages inuits du Nunavik. <\/span><span style=\"font-weight: 400;\">Les porteurs de projets locaux peuvent soumettre un projet en tout temps ou contacter notre \u00e9quipe directement.<\/span><\/p>\n<p><span style=\"font-weight: 400;\">Les services d&#8217;ASFQ s&#8217;adressent \u00e0 de petits projets de solidarit\u00e9 capables d&#8217;avoir un impact significatif sur la sant\u00e9, l&#8217;\u00e9ducation, la vitalit\u00e9 communautaire et l&#8217;habitation.<\/span> Une des premi\u00e8res actions d&#8217;ASFQ fut d&#8217;ailleurs<span style=\"font-weight: 400;\">\u00a0la <a href=\"https:\/\/www.asf-quebec.org\/en\/portfolio-items\/rehabilitation-des-habitations-de-kitcisakik\/\">r\u00e9habilitation des maisons du village de Kitcisakik,<\/a> qui amena plus tard l&#8217;organisme \u00e0 r\u00e9viser la <a href=\"https:\/\/fc.cegepgarneau.ca\/techniques-en-gestion-de-lhabitation-pour-les-premieres-nations-au-quebec\">formation des gestionnaires de l&#8217;habitation autochtone<\/a> du C\u00e9gep Garneau. <\/span><\/p>\n<p><span style=\"font-weight: 400;\">Alors qu&#8217;on assiste \u00e0 une explosion d\u00e9mographique sans pr\u00e9c\u00e9dent, que 10 000 maisons manquent d\u00e9j\u00e0 \u00e0 l&#8217;\u00e9chelle du Qu\u00e9bec et que les financements sont insuffisants, la crise du logement autochtone demeure une priorit\u00e9 pour ASFQ. Notre \u00e9quipe a la conviction qu&#8217;une<\/span> architecture participative est plus que jamais n\u00e9cessaire pour trouver des solutions nouvelles et culturellement adapt\u00e9es.<\/p>\n<\/div><div class=\"fusion-clearfix\"><\/div><\/div><\/div><\/div><\/div><div class=\"fusion-fullwidth fullwidth-box fusion-builder-row-5 nonhundred-percent-fullwidth non-hundred-percent-height-scrolling\" style=\"--awb-border-radius-top-left:0px;--awb-border-radius-top-right:0px;--awb-border-radius-bottom-right:0px;--awb-border-radius-bottom-left:0px;--awb-padding-top:20px;--awb-padding-bottom:30px;--awb-background-color:#ffffff;--awb-flex-wrap:wrap;\" ><div class=\"fusion-builder-row fusion-row\"><div class=\"fusion-layout-column fusion_builder_column fusion-builder-column-7 fusion_builder_column_1_5 1_5 fusion-one-fifth fusion-column-first\" style=\"--awb-padding-top:15px;--awb-padding-left:5px;--awb-bg-size:cover;--awb-margin-bottom:0px;width:20%;width:calc(20% - ( ( 4% + 4% + 4% + 4% ) * 0.2 ) );margin-right: 4%;\"><div class=\"fusion-column-wrapper fusion-column-has-shadow fusion-flex-column-wrapper-legacy\"><div class=\"fusion-image-element in-legacy-container\" style=\"--awb-caption-title-font-family:var(--h2_typography-font-family);--awb-caption-title-font-weight:var(--h2_typography-font-weight);--awb-caption-title-font-style:var(--h2_typography-font-style);--awb-caption-title-size:var(--h2_typography-font-size);--awb-caption-title-transform:var(--h2_typography-text-transform);--awb-caption-title-line-height:var(--h2_typography-line-height);--awb-caption-title-letter-spacing:var(--h2_typography-letter-spacing);\"><span class=\" fusion-imageframe imageframe-none imageframe-3 hover-type-none\"><img decoding=\"async\" width=\"3264\" height=\"2448\" title=\"IMG_4428\" src=\"https:\/\/www.asf-quebec.org\/wp-content\/uploads\/2020\/04\/IMG_4428.jpg\" data-orig-src=\"https:\/\/www.asf-quebec.org\/wp-content\/uploads\/2020\/04\/IMG_4428.jpg\" alt class=\"lazyload img-responsive wp-image-302384\" srcset=\"data:image\/svg+xml,%3Csvg%20xmlns%3D%27http%3A%2F%2Fwww.w3.org%2F2000%2Fsvg%27%20width%3D%273264%27%20height%3D%272448%27%20viewBox%3D%270%200%203264%202448%27%3E%3Crect%20width%3D%273264%27%20height%3D%272448%27%20fill-opacity%3D%220%22%2F%3E%3C%2Fsvg%3E\" data-srcset=\"https:\/\/www.asf-quebec.org\/wp-content\/uploads\/2020\/04\/IMG_4428-200x150.jpg 200w, https:\/\/www.asf-quebec.org\/wp-content\/uploads\/2020\/04\/IMG_4428-400x300.jpg 400w, https:\/\/www.asf-quebec.org\/wp-content\/uploads\/2020\/04\/IMG_4428-600x450.jpg 600w, https:\/\/www.asf-quebec.org\/wp-content\/uploads\/2020\/04\/IMG_4428-800x600.jpg 800w, https:\/\/www.asf-quebec.org\/wp-content\/uploads\/2020\/04\/IMG_4428-1200x900.jpg 1200w, https:\/\/www.asf-quebec.org\/wp-content\/uploads\/2020\/04\/IMG_4428.jpg 3264w\" data-sizes=\"auto\" data-orig-sizes=\"(max-width: 800px) 100vw, 400px\" \/><\/span><\/div><div class=\"fusion-sep-clear\"><\/div><div class=\"fusion-separator fusion-full-width-sep\" style=\"margin-left: auto;margin-right: auto;margin-top:0px;margin-bottom:50px;width:100%;\"><div class=\"fusion-separator-border sep-double\" style=\"--awb-height:20px;--awb-amount:20px;border-color:#e0dede;border-top-width:0px;border-bottom-width:0px;\"><\/div><\/div><div class=\"fusion-sep-clear\"><\/div><div class=\"fusion-clearfix\"><\/div><\/div><\/div><div class=\"fusion-layout-column fusion_builder_column fusion-builder-column-8 fusion_builder_column_1_5 1_5 fusion-one-fifth\" style=\"--awb-padding-top:15px;--awb-padding-left:5px;--awb-bg-size:cover;--awb-margin-bottom:0px;width:20%;width:calc(20% - ( ( 4% + 4% + 4% + 4% ) * 0.2 ) );margin-right: 4%;\"><div class=\"fusion-column-wrapper fusion-column-has-shadow fusion-flex-column-wrapper-legacy\"><div class=\"fusion-image-element in-legacy-container\" style=\"--awb-caption-title-font-family:var(--h2_typography-font-family);--awb-caption-title-font-weight:var(--h2_typography-font-weight);--awb-caption-title-font-style:var(--h2_typography-font-style);--awb-caption-title-size:var(--h2_typography-font-size);--awb-caption-title-transform:var(--h2_typography-text-transform);--awb-caption-title-line-height:var(--h2_typography-line-height);--awb-caption-title-letter-spacing:var(--h2_typography-letter-spacing);\"><span class=\" fusion-imageframe imageframe-none imageframe-4 hover-type-none\"><img decoding=\"async\" width=\"642\" height=\"480\" title=\"Capture d\u2019e\u0301cran, le 2020-04-26 a\u0300 10.01.10\" src=\"data:image\/svg+xml,%3Csvg%20xmlns%3D%27http%3A%2F%2Fwww.w3.org%2F2000%2Fsvg%27%20width%3D%27642%27%20height%3D%27480%27%20viewBox%3D%270%200%20642%20480%27%3E%3Crect%20width%3D%27642%27%20height%3D%27480%27%20fill-opacity%3D%220%22%2F%3E%3C%2Fsvg%3E\" data-orig-src=\"https:\/\/www.asf-quebec.org\/wp-content\/uploads\/2020\/04\/Capture-de\u0301cran-le-2020-04-26-a\u0300-10.01.10.jpg\" alt class=\"lazyload img-responsive wp-image-302387\"\/><\/span><\/div><div class=\"fusion-sep-clear\"><\/div><div class=\"fusion-separator fusion-full-width-sep\" style=\"margin-left: auto;margin-right: auto;margin-top:0px;margin-bottom:50px;width:100%;\"><div class=\"fusion-separator-border sep-double\" style=\"--awb-height:20px;--awb-amount:20px;border-color:#e0dede;border-top-width:0px;border-bottom-width:0px;\"><\/div><\/div><div class=\"fusion-sep-clear\"><\/div><div class=\"fusion-clearfix\"><\/div><\/div><\/div><div class=\"fusion-layout-column fusion_builder_column fusion-builder-column-9 fusion_builder_column_1_5 1_5 fusion-one-fifth\" style=\"--awb-padding-top:15px;--awb-padding-left:5px;--awb-bg-size:cover;--awb-margin-bottom:0px;width:20%;width:calc(20% - ( ( 4% + 4% + 4% + 4% ) * 0.2 ) );margin-right: 4%;\"><div class=\"fusion-column-wrapper fusion-column-has-shadow fusion-flex-column-wrapper-legacy\"><div class=\"fusion-image-element in-legacy-container\" style=\"--awb-caption-title-font-family:var(--h2_typography-font-family);--awb-caption-title-font-weight:var(--h2_typography-font-weight);--awb-caption-title-font-style:var(--h2_typography-font-style);--awb-caption-title-size:var(--h2_typography-font-size);--awb-caption-title-transform:var(--h2_typography-text-transform);--awb-caption-title-line-height:var(--h2_typography-line-height);--awb-caption-title-letter-spacing:var(--h2_typography-letter-spacing);\"><span class=\" fusion-imageframe imageframe-none imageframe-5 hover-type-none\"><img decoding=\"async\" width=\"867\" height=\"651\" title=\"Capture d\u2019e\u0301cran, le 2020-04-26 a\u0300 10.02.23\" src=\"data:image\/svg+xml,%3Csvg%20xmlns%3D%27http%3A%2F%2Fwww.w3.org%2F2000%2Fsvg%27%20width%3D%27867%27%20height%3D%27651%27%20viewBox%3D%270%200%20867%20651%27%3E%3Crect%20width%3D%27867%27%20height%3D%27651%27%20fill-opacity%3D%220%22%2F%3E%3C%2Fsvg%3E\" data-orig-src=\"https:\/\/www.asf-quebec.org\/wp-content\/uploads\/2020\/04\/Capture-de\u0301cran-le-2020-04-26-a\u0300-10.02.23-e1587917190246.jpg\" alt class=\"lazyload img-responsive wp-image-302385\"\/><\/span><\/div><div class=\"fusion-sep-clear\"><\/div><div class=\"fusion-separator fusion-full-width-sep\" style=\"margin-left: auto;margin-right: auto;margin-top:0px;margin-bottom:50px;width:100%;\"><div class=\"fusion-separator-border sep-double\" style=\"--awb-height:20px;--awb-amount:20px;border-color:#e0dede;border-top-width:0px;border-bottom-width:0px;\"><\/div><\/div><div class=\"fusion-sep-clear\"><\/div><div class=\"fusion-clearfix\"><\/div><\/div><\/div><div class=\"fusion-layout-column fusion_builder_column fusion-builder-column-10 fusion_builder_column_1_5 1_5 fusion-one-fifth\" style=\"--awb-padding-top:15px;--awb-padding-left:5px;--awb-bg-size:cover;--awb-margin-bottom:0px;width:20%;width:calc(20% - ( ( 4% + 4% + 4% + 4% ) * 0.2 ) );margin-right: 4%;\"><div class=\"fusion-column-wrapper fusion-column-has-shadow fusion-flex-column-wrapper-legacy\"><div class=\"fusion-image-element in-legacy-container\" style=\"--awb-caption-title-font-family:var(--h2_typography-font-family);--awb-caption-title-font-weight:var(--h2_typography-font-weight);--awb-caption-title-font-style:var(--h2_typography-font-style);--awb-caption-title-size:var(--h2_typography-font-size);--awb-caption-title-transform:var(--h2_typography-text-transform);--awb-caption-title-line-height:var(--h2_typography-line-height);--awb-caption-title-letter-spacing:var(--h2_typography-letter-spacing);\"><span class=\" fusion-imageframe imageframe-none imageframe-6 hover-type-none\"><img decoding=\"async\" width=\"1708\" height=\"1281\" title=\"canada-kitcisakik-5905\" src=\"https:\/\/www.asf-quebec.org\/wp-content\/uploads\/2020\/04\/canada-kitcisakik-5905-e1587917294610.jpg\" data-orig-src=\"https:\/\/www.asf-quebec.org\/wp-content\/uploads\/2020\/04\/canada-kitcisakik-5905-e1587917294610.jpg\" alt class=\"lazyload img-responsive wp-image-302390\" srcset=\"data:image\/svg+xml,%3Csvg%20xmlns%3D%27http%3A%2F%2Fwww.w3.org%2F2000%2Fsvg%27%20width%3D%271708%27%20height%3D%271281%27%20viewBox%3D%270%200%201708%201281%27%3E%3Crect%20width%3D%271708%27%20height%3D%271281%27%20fill-opacity%3D%220%22%2F%3E%3C%2Fsvg%3E\" data-srcset=\"https:\/\/www.asf-quebec.org\/wp-content\/uploads\/2020\/04\/canada-kitcisakik-5905-e1587917294610-200x150.jpg 200w, https:\/\/www.asf-quebec.org\/wp-content\/uploads\/2020\/04\/canada-kitcisakik-5905-e1587917294610-400x300.jpg 400w, https:\/\/www.asf-quebec.org\/wp-content\/uploads\/2020\/04\/canada-kitcisakik-5905-e1587917294610-600x450.jpg 600w, https:\/\/www.asf-quebec.org\/wp-content\/uploads\/2020\/04\/canada-kitcisakik-5905-e1587917294610-800x600.jpg 800w, https:\/\/www.asf-quebec.org\/wp-content\/uploads\/2020\/04\/canada-kitcisakik-5905-e1587917294610-1200x900.jpg 1200w, https:\/\/www.asf-quebec.org\/wp-content\/uploads\/2020\/04\/canada-kitcisakik-5905-e1587917294610.jpg 1708w\" data-sizes=\"auto\" data-orig-sizes=\"(max-width: 800px) 100vw, 1708px\" \/><\/span><\/div><div class=\"fusion-sep-clear\"><\/div><div class=\"fusion-separator fusion-full-width-sep\" style=\"margin-left: auto;margin-right: auto;margin-top:0px;margin-bottom:50px;width:100%;\"><div class=\"fusion-separator-border sep-double\" style=\"--awb-height:20px;--awb-amount:20px;border-color:#e0dede;border-top-width:0px;border-bottom-width:0px;\"><\/div><\/div><div class=\"fusion-sep-clear\"><\/div><div class=\"fusion-clearfix\"><\/div><\/div><\/div><div class=\"fusion-layout-column fusion_builder_column fusion-builder-column-11 fusion_builder_column_1_5 1_5 fusion-one-fifth fusion-column-last\" style=\"--awb-padding-top:15px;--awb-padding-left:5px;--awb-bg-size:cover;--awb-margin-bottom:0px;width:20%;width:calc(20% - ( ( 4% + 4% + 4% + 4% ) * 0.2 ) );\"><div class=\"fusion-column-wrapper fusion-column-has-shadow fusion-flex-column-wrapper-legacy\"><div class=\"fusion-image-element in-legacy-container\" style=\"--awb-caption-title-font-family:var(--h2_typography-font-family);--awb-caption-title-font-weight:var(--h2_typography-font-weight);--awb-caption-title-font-style:var(--h2_typography-font-style);--awb-caption-title-size:var(--h2_typography-font-size);--awb-caption-title-transform:var(--h2_typography-text-transform);--awb-caption-title-line-height:var(--h2_typography-line-height);--awb-caption-title-letter-spacing:var(--h2_typography-letter-spacing);\"><span class=\" fusion-imageframe imageframe-none imageframe-7 hover-type-none\"><img decoding=\"async\" width=\"820\" height=\"612\" title=\"maison Dannes Nouv 02\" src=\"https:\/\/www.asf-quebec.org\/wp-content\/uploads\/2020\/04\/maison-Dannes-Nouv-02-e1587917078919.jpg\" data-orig-src=\"https:\/\/www.asf-quebec.org\/wp-content\/uploads\/2020\/04\/maison-Dannes-Nouv-02-e1587917078919.jpg\" alt class=\"lazyload img-responsive wp-image-302391\" srcset=\"data:image\/svg+xml,%3Csvg%20xmlns%3D%27http%3A%2F%2Fwww.w3.org%2F2000%2Fsvg%27%20width%3D%27820%27%20height%3D%27612%27%20viewBox%3D%270%200%20820%20612%27%3E%3Crect%20width%3D%27820%27%20height%3D%27612%27%20fill-opacity%3D%220%22%2F%3E%3C%2Fsvg%3E\" data-srcset=\"https:\/\/www.asf-quebec.org\/wp-content\/uploads\/2020\/04\/maison-Dannes-Nouv-02-e1587917078919-200x149.jpg 200w, https:\/\/www.asf-quebec.org\/wp-content\/uploads\/2020\/04\/maison-Dannes-Nouv-02-e1587917078919-400x299.jpg 400w, https:\/\/www.asf-quebec.org\/wp-content\/uploads\/2020\/04\/maison-Dannes-Nouv-02-e1587917078919-600x448.jpg 600w, https:\/\/www.asf-quebec.org\/wp-content\/uploads\/2020\/04\/maison-Dannes-Nouv-02-e1587917078919-800x597.jpg 800w, https:\/\/www.asf-quebec.org\/wp-content\/uploads\/2020\/04\/maison-Dannes-Nouv-02-e1587917078919.jpg 820w\" data-sizes=\"auto\" data-orig-sizes=\"(max-width: 800px) 100vw, 820px\" \/><\/span><\/div><div class=\"fusion-sep-clear\"><\/div><div class=\"fusion-separator fusion-full-width-sep\" style=\"margin-left: auto;margin-right: auto;margin-top:0px;margin-bottom:50px;width:100%;\"><div class=\"fusion-separator-border sep-double\" style=\"--awb-height:20px;--awb-amount:20px;border-color:#e0dede;border-top-width:0px;border-bottom-width:0px;\"><\/div><\/div><div class=\"fusion-sep-clear\"><\/div><div class=\"fusion-clearfix\"><\/div><\/div><\/div><\/div><\/div><div class=\"fusion-fullwidth fullwidth-box fusion-builder-row-6 nonhundred-percent-fullwidth non-hundred-percent-height-scrolling\" style=\"--awb-border-radius-top-left:0px;--awb-border-radius-top-right:0px;--awb-border-radius-bottom-right:0px;--awb-border-radius-bottom-left:0px;--awb-padding-top:10px;--awb-padding-right:60px;--awb-padding-bottom:110px;--awb-padding-left:60px;--awb-margin-top:0px;--awb-margin-bottom:0px;--awb-background-color:#ffffff;--awb-flex-wrap:wrap;\" ><div class=\"fusion-builder-row fusion-row\"><div class=\"fusion-layout-column fusion_builder_column fusion-builder-column-12 fusion_builder_column_1_4 1_4 fusion-one-fourth fusion-column-first\" style=\"--awb-padding-top:45px;--awb-padding-left:5px;--awb-bg-size:cover;--awb-margin-bottom:0px;width:25%;width:calc(25% - ( ( 4% + 4% ) * 0.25 ) );margin-right: 4%;\"><div class=\"fusion-column-wrapper fusion-column-has-shadow fusion-flex-column-wrapper-legacy\"><div class=\"fusion-image-element in-legacy-container\" style=\"--awb-caption-title-font-family:var(--h2_typography-font-family);--awb-caption-title-font-weight:var(--h2_typography-font-weight);--awb-caption-title-font-style:var(--h2_typography-font-style);--awb-caption-title-size:var(--h2_typography-font-size);--awb-caption-title-transform:var(--h2_typography-text-transform);--awb-caption-title-line-height:var(--h2_typography-line-height);--awb-caption-title-letter-spacing:var(--h2_typography-letter-spacing);\"><span class=\" fusion-imageframe imageframe-none imageframe-8 hover-type-none\"><img decoding=\"async\" width=\"547\" height=\"640\" title=\"65221375_2519919701354330_3413002079663292416_o\" src=\"https:\/\/www.asf-quebec.org\/wp-content\/uploads\/2020\/04\/65221375_2519919701354330_3413002079663292416_o-e1587912978517.jpg\" data-orig-src=\"https:\/\/www.asf-quebec.org\/wp-content\/uploads\/2020\/04\/65221375_2519919701354330_3413002079663292416_o-e1587912978517.jpg\" alt class=\"lazyload img-responsive wp-image-302382\" srcset=\"data:image\/svg+xml,%3Csvg%20xmlns%3D%27http%3A%2F%2Fwww.w3.org%2F2000%2Fsvg%27%20width%3D%27547%27%20height%3D%27640%27%20viewBox%3D%270%200%20547%20640%27%3E%3Crect%20width%3D%27547%27%20height%3D%27640%27%20fill-opacity%3D%220%22%2F%3E%3C%2Fsvg%3E\" data-srcset=\"https:\/\/www.asf-quebec.org\/wp-content\/uploads\/2020\/04\/65221375_2519919701354330_3413002079663292416_o-e1587912978517-200x234.jpg 200w, https:\/\/www.asf-quebec.org\/wp-content\/uploads\/2020\/04\/65221375_2519919701354330_3413002079663292416_o-e1587912978517-400x468.jpg 400w, https:\/\/www.asf-quebec.org\/wp-content\/uploads\/2020\/04\/65221375_2519919701354330_3413002079663292416_o-e1587912978517.jpg 547w\" data-sizes=\"auto\" data-orig-sizes=\"(max-width: 800px) 100vw, 547px\" \/><\/span><\/div><div class=\"fusion-clearfix\"><\/div><\/div><\/div><div class=\"fusion-layout-column fusion_builder_column fusion-builder-column-13 fusion_builder_column_1_4 1_4 fusion-one-fourth\" style=\"--awb-padding-top:45px;--awb-padding-left:5px;--awb-bg-size:cover;--awb-margin-bottom:0px;width:25%;width:calc(25% - ( ( 4% + 4% ) * 0.25 ) );margin-right: 4%;\"><div class=\"fusion-column-wrapper fusion-column-has-shadow fusion-flex-column-wrapper-legacy\"><div class=\"fusion-image-element in-legacy-container\" style=\"--awb-caption-title-font-family:var(--h2_typography-font-family);--awb-caption-title-font-weight:var(--h2_typography-font-weight);--awb-caption-title-font-style:var(--h2_typography-font-style);--awb-caption-title-size:var(--h2_typography-font-size);--awb-caption-title-transform:var(--h2_typography-text-transform);--awb-caption-title-line-height:var(--h2_typography-line-height);--awb-caption-title-letter-spacing:var(--h2_typography-letter-spacing);\"><span class=\" fusion-imageframe imageframe-none imageframe-9 hover-type-none\"><img decoding=\"async\" width=\"1536\" height=\"2048\" title=\"11834840_10153497168698967_6743126576538302629_o\" src=\"https:\/\/www.asf-quebec.org\/wp-content\/uploads\/2015\/07\/11834840_10153497168698967_6743126576538302629_o.jpg\" data-orig-src=\"https:\/\/www.asf-quebec.org\/wp-content\/uploads\/2015\/07\/11834840_10153497168698967_6743126576538302629_o.jpg\" alt class=\"lazyload img-responsive wp-image-302331\" srcset=\"data:image\/svg+xml,%3Csvg%20xmlns%3D%27http%3A%2F%2Fwww.w3.org%2F2000%2Fsvg%27%20width%3D%271536%27%20height%3D%272048%27%20viewBox%3D%270%200%201536%202048%27%3E%3Crect%20width%3D%271536%27%20height%3D%272048%27%20fill-opacity%3D%220%22%2F%3E%3C%2Fsvg%3E\" data-srcset=\"https:\/\/www.asf-quebec.org\/wp-content\/uploads\/2015\/07\/11834840_10153497168698967_6743126576538302629_o-200x267.jpg 200w, https:\/\/www.asf-quebec.org\/wp-content\/uploads\/2015\/07\/11834840_10153497168698967_6743126576538302629_o-400x533.jpg 400w, https:\/\/www.asf-quebec.org\/wp-content\/uploads\/2015\/07\/11834840_10153497168698967_6743126576538302629_o-600x800.jpg 600w, https:\/\/www.asf-quebec.org\/wp-content\/uploads\/2015\/07\/11834840_10153497168698967_6743126576538302629_o-800x1067.jpg 800w, https:\/\/www.asf-quebec.org\/wp-content\/uploads\/2015\/07\/11834840_10153497168698967_6743126576538302629_o-1200x1600.jpg 1200w, https:\/\/www.asf-quebec.org\/wp-content\/uploads\/2015\/07\/11834840_10153497168698967_6743126576538302629_o.jpg 1536w\" data-sizes=\"auto\" data-orig-sizes=\"(max-width: 800px) 100vw, 400px\" \/><\/span><\/div><div class=\"fusion-clearfix\"><\/div><\/div><\/div><div class=\"fusion-layout-column fusion_builder_column fusion-builder-column-14 fusion_builder_column_1_2 1_2 fusion-one-half fusion-column-last\" style=\"--awb-padding-top:35px;--awb-padding-right:80px;--awb-bg-size:cover;--awb-margin-bottom:0px;width:50%;width:calc(50% - ( ( 4% + 4% ) * 0.5 ) );\"><div class=\"fusion-column-wrapper fusion-column-has-shadow fusion-flex-column-wrapper-legacy\"><div class=\"fusion-text fusion-text-10\"><h5><span style=\"color: #cccc33;\">Les Autochtones et la ville<\/span><\/h5>\n<\/div><div class=\"fusion-sep-clear\"><\/div><div class=\"fusion-separator fusion-full-width-sep\" style=\"margin-left: auto;margin-right: auto;margin-top:15px;margin-bottom:0px;width:100%;\"><div class=\"fusion-separator-border sep-double\" style=\"--awb-height:20px;--awb-amount:20px;border-color:#e0dede;border-top-width:0px;border-bottom-width:0px;\"><\/div><\/div><div class=\"fusion-sep-clear\"><\/div><div class=\"fusion-text fusion-text-11\"><p><span style=\"font-weight: 400;\">L\u2019habitat urbain autochtone est aussi une priorit\u00e9 pour ASFQ, dont les bureaux sont d&#8217;ailleurs situ\u00e9s au coeur de l&#8217;\u00eele de <\/span><i><span style=\"font-weight: 400;\">Tiohti\u00e1:ke,<\/span><\/i><span style=\"font-weight: 400;\"> aujourd&#8217;hui connue sous le nom de Montr\u00e9al. Lieu de rencontre mill\u00e9naire des premiers peuples et territoire ancestral non-c\u00e9d\u00e9 de la nation mohawk <\/span><i><span style=\"font-weight: 400;\">Kanien\u2019keh\u00e1:ka,<\/span><\/i><span style=\"font-weight: 400;\"> la m\u00e9tropole accueille d\u00e9sormais des membres de toutes les nations, qui c\u00f4toient des citadins allochtones et \u00e9trangers de toutes origines. <\/span><span style=\"font-weight: 400;\">Si un tel contexte pose certains d\u00e9fis, il repr\u00e9sente surtout une opportunit\u00e9 pour promouvoir la r\u00e9conciliation et le d\u00e9veloppement culturel autochtone.<\/span><\/p>\n<p><span style=\"font-weight: 400;\">ASFQ collabore avec les partenaires et les projets qui cherchent \u00e0 favoriser, par le design et l\u2019architecture, les conditions de vie et les cultures autochtones en milieu urbain. Ceci inclut des projets qui pourront se r\u00e9aliser dans le cadre de son nouveau programme de <a href=\"https:\/\/www.asf-quebec.org\/en\/our-programs\/urban-solidarity\/\">Solidarit\u00e9 urbaine<\/a> et de collaborations avec des initiatives, des \u00e9v\u00e9nements ou des projets sp\u00e9ciaux.<\/span><\/p>\n<\/div><div class=\"fusion-clearfix\"><\/div><\/div><\/div><\/div><\/div><div class=\"fusion-fullwidth fullwidth-box fusion-builder-row-7 nonhundred-percent-fullwidth non-hundred-percent-height-scrolling\" style=\"--awb-border-radius-top-left:0px;--awb-border-radius-top-right:0px;--awb-border-radius-bottom-right:0px;--awb-border-radius-bottom-left:0px;--awb-padding-top:100px;--awb-padding-right:60px;--awb-padding-bottom:100px;--awb-padding-left:60px;--awb-margin-top:0px;--awb-margin-bottom:0px;--awb-background-color:#faf9cc;--awb-flex-wrap:wrap;\" ><div class=\"fusion-builder-row fusion-row\"><div class=\"fusion-layout-column fusion_builder_column fusion-builder-column-15 fusion_builder_column_1_6 1_6 fusion-one-sixth fusion-column-first\" style=\"--awb-padding-top:30px;--awb-bg-size:cover;width:16.666666666667%;width:calc(16.666666666667% - ( ( 4% + 4% ) * 0.16666666666667 ) );margin-right: 4%;\"><div class=\"fusion-column-wrapper fusion-column-has-shadow fusion-flex-column-wrapper-legacy\"><div class=\"fusion-image-element fusion-image-align-center in-legacy-container\" style=\"text-align:center;--awb-caption-title-font-family:var(--h2_typography-font-family);--awb-caption-title-font-weight:var(--h2_typography-font-weight);--awb-caption-title-font-style:var(--h2_typography-font-style);--awb-caption-title-size:var(--h2_typography-font-size);--awb-caption-title-transform:var(--h2_typography-text-transform);--awb-caption-title-line-height:var(--h2_typography-line-height);--awb-caption-title-letter-spacing:var(--h2_typography-letter-spacing);\"><div class=\"imageframe-align-center\"><span class=\" fusion-imageframe imageframe-none imageframe-10 hover-type-none\"><img decoding=\"async\" width=\"82\" height=\"82\" title=\"Forme-mauve-cercle\" src=\"data:image\/svg+xml,%3Csvg%20xmlns%3D%27http%3A%2F%2Fwww.w3.org%2F2000%2Fsvg%27%20width%3D%2782%27%20height%3D%2782%27%20viewBox%3D%270%200%2082%2082%27%3E%3Crect%20width%3D%2782%27%20height%3D%2782%27%20fill-opacity%3D%220%22%2F%3E%3C%2Fsvg%3E\" data-orig-src=\"https:\/\/www.asf-quebec.org\/wp-content\/uploads\/2019\/09\/Forme-mauve-cercle.png\" alt class=\"lazyload img-responsive wp-image-301892\"\/><\/span><\/div><\/div><div class=\"fusion-clearfix\"><\/div><\/div><\/div><div class=\"fusion-layout-column fusion_builder_column fusion-builder-column-16 fusion_builder_column_1_2 1_2 fusion-one-half\" style=\"--awb-padding-top:35px;--awb-bg-size:cover;--awb-margin-bottom:0px;width:50%;width:calc(50% - ( ( 4% + 4% ) * 0.5 ) );margin-right: 4%;\"><div class=\"fusion-column-wrapper fusion-column-has-shadow fusion-flex-column-wrapper-legacy\"><div class=\"fusion-text fusion-text-12\"><h2><strong><span style=\"color: #333333;\">Une distinction nationale<\/span><\/strong><\/h2>\n<\/div><div class=\"fusion-sep-clear\"><\/div><div class=\"fusion-separator fusion-full-width-sep\" style=\"margin-left: auto;margin-right: auto;margin-top:px;margin-bottom:0px;width:100%;\"><div class=\"fusion-separator-border sep-double\" style=\"--awb-height:20px;--awb-amount:20px;border-color:#e0dede;border-top-width:0px;border-bottom-width:0px;\"><\/div><\/div><div class=\"fusion-sep-clear\"><\/div><div class=\"fusion-text fusion-text-13\"><p>En 2012, l&#8217;Institut royal d&#8217;architecture du Canada (IRAC) a d\u00e9cern\u00e9 la m\u00e9daille du Gouverneur g\u00e9n\u00e9ral en architecture au projet de r\u00e9habilitation des habitations du village de Kitcisakik d\u00e9velopp\u00e9 par ASFQ. Le jury de l&#8217;IRAC a salu\u00e9 l&#8217;audace d&#8217;une approche m\u00e9ritant d&#8217;\u00eatre r\u00e9pliqu\u00e9e dans d&#8217;autres projets :<\/p>\n<p><em>\u00ab Cette initiative originale et novatrice, qui vise \u00e0 am\u00e9liorer les conditions de vie dans les communaut\u00e9s des Premi\u00e8res nations, ne peut pas \u00eatre qualifi\u00e9e de projet d\u2019architecture conventionnel, mais elle m\u00e9rite n\u00e9anmoins d\u2019\u00eatre reconnue pour sa valeur et son importance. En son essence m\u00eame, et avec une grande puissance, elle int\u00e8gre l\u2019aspect le plus fondamental de l\u2019architecture : transformer et am\u00e9liorer la vie humaine. Les participants au projet ont su r\u00e9pondre \u00e0 des besoins r\u00e9els et urgents et ils ont appliqu\u00e9 leurs comp\u00e9tences techniques avec \u00e9nergie et enthousiasme. Il est \u00e0 souhaiter que les initiatives semblables se multiplient. \u00bb<\/em><\/p>\n<\/div><div class=\"fusion-clearfix\"><\/div><\/div><\/div><div class=\"fusion-layout-column fusion_builder_column fusion-builder-column-17 fusion_builder_column_1_3 1_3 fusion-one-third fusion-column-last\" style=\"--awb-padding-top:30px;--awb-padding-right:0px;--awb-padding-bottom:15px;--awb-padding-left:0px;--awb-bg-size:cover;--awb-margin-bottom:0px;width:33.333333333333%;width:calc(33.333333333333% - ( ( 4% + 4% ) * 0.33333333333333 ) );\"><div class=\"fusion-column-wrapper fusion-column-has-shadow fusion-flex-column-wrapper-legacy\"><div class=\"fusion-image-element in-legacy-container\" style=\"--awb-caption-title-font-family:var(--h2_typography-font-family);--awb-caption-title-font-weight:var(--h2_typography-font-weight);--awb-caption-title-font-style:var(--h2_typography-font-style);--awb-caption-title-size:var(--h2_typography-font-size);--awb-caption-title-transform:var(--h2_typography-text-transform);--awb-caption-title-line-height:var(--h2_typography-line-height);--awb-caption-title-letter-spacing:var(--h2_typography-letter-spacing);\"><span class=\" fusion-imageframe imageframe-none imageframe-11 hover-type-none\"><img decoding=\"async\" width=\"2000\" height=\"1333\" title=\"018sm\" src=\"https:\/\/www.asf-quebec.org\/wp-content\/uploads\/2019\/11\/018sm.jpg\" data-orig-src=\"https:\/\/www.asf-quebec.org\/wp-content\/uploads\/2019\/11\/018sm.jpg\" alt class=\"lazyload img-responsive wp-image-301922\" srcset=\"data:image\/svg+xml,%3Csvg%20xmlns%3D%27http%3A%2F%2Fwww.w3.org%2F2000%2Fsvg%27%20width%3D%272000%27%20height%3D%271333%27%20viewBox%3D%270%200%202000%201333%27%3E%3Crect%20width%3D%272000%27%20height%3D%271333%27%20fill-opacity%3D%220%22%2F%3E%3C%2Fsvg%3E\" data-srcset=\"https:\/\/www.asf-quebec.org\/wp-content\/uploads\/2019\/11\/018sm-200x133.jpg 200w, https:\/\/www.asf-quebec.org\/wp-content\/uploads\/2019\/11\/018sm-400x267.jpg 400w, https:\/\/www.asf-quebec.org\/wp-content\/uploads\/2019\/11\/018sm-600x400.jpg 600w, https:\/\/www.asf-quebec.org\/wp-content\/uploads\/2019\/11\/018sm-800x533.jpg 800w, https:\/\/www.asf-quebec.org\/wp-content\/uploads\/2019\/11\/018sm-1200x800.jpg 1200w, https:\/\/www.asf-quebec.org\/wp-content\/uploads\/2019\/11\/018sm.jpg 2000w\" data-sizes=\"auto\" data-orig-sizes=\"(max-width: 800px) 100vw, 600px\" \/><\/span><\/div><div class=\"fusion-clearfix\"><\/div><\/div><\/div><\/div><\/div><div class=\"fusion-fullwidth fullwidth-box fusion-builder-row-8 nonhundred-percent-fullwidth non-hundred-percent-height-scrolling fusion-equal-height-columns\" style=\"--awb-border-radius-top-left:0px;--awb-border-radius-top-right:0px;--awb-border-radius-bottom-right:0px;--awb-border-radius-bottom-left:0px;--awb-padding-top:100px;--awb-padding-right:50px;--awb-padding-bottom:40px;--awb-padding-left:50px;--awb-flex-wrap:wrap;\" ><div class=\"fusion-builder-row fusion-row\"><div class=\"fusion-layout-column fusion_builder_column fusion-builder-column-18 fusion_builder_column_3_4 3_4 fusion-three-fourth fusion-column-first\" style=\"--awb-padding-right:70px;--awb-padding-bottom:50px;--awb-bg-size:cover;width:75%;width:calc(75% - ( ( 4% ) * 0.75 ) );margin-right: 4%;\"><div class=\"fusion-column-wrapper fusion-column-has-shadow fusion-flex-column-wrapper-legacy\"><div class=\"fusion-column-content-centered\"><div class=\"fusion-column-content\"><div class=\"fusion-image-element in-legacy-container\" style=\"--awb-caption-title-font-family:var(--h2_typography-font-family);--awb-caption-title-font-weight:var(--h2_typography-font-weight);--awb-caption-title-font-style:var(--h2_typography-font-style);--awb-caption-title-size:var(--h2_typography-font-size);--awb-caption-title-transform:var(--h2_typography-text-transform);--awb-caption-title-line-height:var(--h2_typography-line-height);--awb-caption-title-letter-spacing:var(--h2_typography-letter-spacing);\"><span class=\" fusion-imageframe imageframe-none imageframe-12 hover-type-none\"><img decoding=\"async\" width=\"4114\" height=\"1404\" title=\"murale_03resize &#8211; copie\" src=\"https:\/\/www.asf-quebec.org\/wp-content\/uploads\/2020\/04\/murale_03resize-copie.jpg\" data-orig-src=\"https:\/\/www.asf-quebec.org\/wp-content\/uploads\/2020\/04\/murale_03resize-copie.jpg\" alt class=\"lazyload img-responsive wp-image-302368\" srcset=\"data:image\/svg+xml,%3Csvg%20xmlns%3D%27http%3A%2F%2Fwww.w3.org%2F2000%2Fsvg%27%20width%3D%274114%27%20height%3D%271404%27%20viewBox%3D%270%200%204114%201404%27%3E%3Crect%20width%3D%274114%27%20height%3D%271404%27%20fill-opacity%3D%220%22%2F%3E%3C%2Fsvg%3E\" data-srcset=\"https:\/\/www.asf-quebec.org\/wp-content\/uploads\/2020\/04\/murale_03resize-copie-200x68.jpg 200w, https:\/\/www.asf-quebec.org\/wp-content\/uploads\/2020\/04\/murale_03resize-copie-400x137.jpg 400w, https:\/\/www.asf-quebec.org\/wp-content\/uploads\/2020\/04\/murale_03resize-copie-600x205.jpg 600w, https:\/\/www.asf-quebec.org\/wp-content\/uploads\/2020\/04\/murale_03resize-copie-800x273.jpg 800w, https:\/\/www.asf-quebec.org\/wp-content\/uploads\/2020\/04\/murale_03resize-copie-1200x410.jpg 1200w, https:\/\/www.asf-quebec.org\/wp-content\/uploads\/2020\/04\/murale_03resize-copie.jpg 4114w\" data-sizes=\"auto\" data-orig-sizes=\"(max-width: 800px) 100vw, 1200px\" \/><\/span><\/div><\/div><\/div><div class=\"fusion-clearfix\"><\/div><\/div><\/div><div class=\"fusion-layout-column fusion_builder_column fusion-builder-column-19 fusion_builder_column_1_4 1_4 fusion-one-fourth fusion-column-last\" style=\"--awb-bg-size:cover;width:25%;width:calc(25% - ( ( 4% ) * 0.25 ) );\"><div class=\"fusion-column-wrapper fusion-column-has-shadow fusion-flex-column-wrapper-legacy\"><div class=\"fusion-image-element fusion-image-align-center in-legacy-container\" style=\"text-align:center;--awb-max-width:160px;--awb-caption-title-font-family:var(--h2_typography-font-family);--awb-caption-title-font-weight:var(--h2_typography-font-weight);--awb-caption-title-font-style:var(--h2_typography-font-style);--awb-caption-title-size:var(--h2_typography-font-size);--awb-caption-title-transform:var(--h2_typography-text-transform);--awb-caption-title-line-height:var(--h2_typography-line-height);--awb-caption-title-letter-spacing:var(--h2_typography-letter-spacing);\"><div class=\"imageframe-align-center\"><span class=\" fusion-imageframe imageframe-none imageframe-13 hover-type-zoomin\"><img decoding=\"async\" width=\"260\" height=\"260\" title=\"pictos_Zoom-03\" src=\"https:\/\/www.asf-quebec.org\/wp-content\/uploads\/2020\/04\/pictos_Zoom-03.png\" data-orig-src=\"https:\/\/www.asf-quebec.org\/wp-content\/uploads\/2020\/04\/pictos_Zoom-03.png\" alt class=\"lazyload img-responsive wp-image-302352\" srcset=\"data:image\/svg+xml,%3Csvg%20xmlns%3D%27http%3A%2F%2Fwww.w3.org%2F2000%2Fsvg%27%20width%3D%27260%27%20height%3D%27260%27%20viewBox%3D%270%200%20260%20260%27%3E%3Crect%20width%3D%27260%27%20height%3D%27260%27%20fill-opacity%3D%220%22%2F%3E%3C%2Fsvg%3E\" data-srcset=\"https:\/\/www.asf-quebec.org\/wp-content\/uploads\/2020\/04\/pictos_Zoom-03-200x200.png 200w, https:\/\/www.asf-quebec.org\/wp-content\/uploads\/2020\/04\/pictos_Zoom-03.png 260w\" data-sizes=\"auto\" data-orig-sizes=\"(max-width: 800px) 100vw, 260px\" \/><\/span><\/div><\/div><div class=\"fusion-sep-clear\"><\/div><div class=\"fusion-separator\" style=\"margin-left: auto;margin-right: auto;margin-top:10px;margin-bottom:5px;width:100%;max-width:20px;\"><div class=\"fusion-separator-border sep-double\" style=\"--awb-height:20px;--awb-amount:20px;--awb-sep-color:rgba(224,222,222,0);border-color:rgba(224,222,222,0);border-top-width:0px;border-bottom-width:0px;\"><\/div><\/div><div class=\"fusion-sep-clear\"><\/div><div class=\"fusion-text fusion-text-14\"><div class=\"fusion-text\">\n<p>Vous \u00eates un partenaire du secteur et souhaitez obtenir notre appui ? Contactez-nous ou consultez notre processus de s\u00e9lection de projet.<\/p>\n<\/div>\n<\/div><div class=\"fusion-sep-clear\"><\/div><div class=\"fusion-separator\" style=\"margin-left: auto;margin-right: auto;margin-top:0px;margin-bottom:0px;width:100%;max-width:0px;\"><div class=\"fusion-separator-border sep-double\" style=\"--awb-height:20px;--awb-amount:20px;--awb-sep-color:rgba(224,222,222,0);border-color:rgba(224,222,222,0);border-top-width:0px;border-bottom-width:0px;\"><\/div><\/div><div class=\"fusion-sep-clear\"><\/div><div class=\"fusion-aligncenter\"><a class=\"fusion-button button-flat fusion-button-default-size button-custom fusion-button-default button-1 fusion-button-default-span fusion-button-default-type\" style=\"--button_accent_color:#000000;--button_border_color:#000000;--button_accent_hover_color:#ffffff;--button_border_hover_color:#ffffff;--button_border_width-top:1px;--button_border_width-right:1px;--button_border_width-bottom:1px;--button_border_width-left:1px;--button_gradient_top_color:#ffffff;--button_gradient_bottom_color:#ffffff;--button_gradient_top_color_hover:#cccc33;--button_gradient_bottom_color_hover:#cccc33;\" target=\"_self\" href=\"https:\/\/www.asf-quebec.org\/en\/our-programs\/soumettre-un-projet\/\"><span class=\"fusion-button-text awb-button__text awb-button__text--default\">EN SAVOIR PLUS<\/span><\/a><\/div><div class=\"fusion-clearfix\"><\/div><\/div><\/div><\/div><\/div><div class=\"fusion-fullwidth fullwidth-box fusion-builder-row-9 nonhundred-percent-fullwidth non-hundred-percent-height-scrolling\" style=\"--awb-border-radius-top-left:0px;--awb-border-radius-top-right:0px;--awb-border-radius-bottom-right:0px;--awb-border-radius-bottom-left:0px;--awb-padding-top:40px;--awb-padding-bottom:40px;--awb-margin-top:0px;--awb-margin-bottom:0px;--awb-background-color:#faf9cc;--awb-flex-wrap:wrap;\" ><div class=\"fusion-builder-row fusion-row\"><div class=\"fusion-layout-column fusion_builder_column fusion-builder-column-20 fusion_builder_column_1_1 1_1 fusion-one-full fusion-column-first fusion-column-last\" style=\"--awb-padding-top:50px;--awb-bg-size:cover;\"><div class=\"fusion-column-wrapper fusion-column-has-shadow fusion-flex-column-wrapper-legacy\"><div class=\"fusion-text fusion-text-15\"><h2><\/h2>\n<h2><strong><span style=\"color: #333333;\">Actualit\u00e9s du programme<\/span><\/strong><\/h2>\n<\/div><div class=\"fusion-sep-clear\"><\/div><div class=\"fusion-separator fusion-full-width-sep\" style=\"margin-left: auto;margin-right: auto;margin-top:10px;margin-bottom:10px;width:100%;\"><div class=\"fusion-separator-border sep-double\" style=\"--awb-height:20px;--awb-amount:20px;border-color:#e0dede;border-top-width:0px;border-bottom-width:0px;\"><\/div><\/div><div class=\"fusion-sep-clear\"><\/div><div class=\"fusion-recent-posts fusion-recent-posts-1 avada-container layout-default layout-columns-5 fusion-recent-posts-left\"><section class=\"fusion-columns columns fusion-columns-5 columns-5\"><article class=\"post fusion-column column col-lg-2 col-md-2 col-sm-2\"><div class=\"fusion-flexslider fusion-flexslider-loading flexslider flexslider-hover-type-liftup\"><ul class=\"slides\"><li><a href=\"https:\/\/www.asf-quebec.org\/en\/conference-perspectives-autochtones\/\" aria-label=\"Conf\u00e9rence Perspectives autochtones\" class=\"hover-type-liftup\"><img decoding=\"async\" width=\"2013\" height=\"1086\" src=\"data:image\/svg+xml,%3Csvg%20xmlns%3D%27http%3A%2F%2Fwww.w3.org%2F2000%2Fsvg%27%20width%3D%272013%27%20height%3D%271086%27%20viewBox%3D%270%200%202013%201086%27%3E%3Crect%20width%3D%272013%27%20height%3D%271086%27%20fill-opacity%3D%220%22%2F%3E%3C%2Fsvg%3E\" class=\"attachment-full size-full lazyload\" alt=\"\" data-orig-src=\"https:\/\/www.asf-quebec.org\/wp-content\/uploads\/2021\/10\/Capture-de\u0301cran-le-2021-10-19-a\u0300-09.59.44.jpg\" \/><\/a><\/li><\/ul><\/div><div class=\"recent-posts-content\"><span class=\"vcard\" style=\"display: none;\"><span class=\"fn\"><a href=\"https:\/\/www.asf-quebec.org\/en\/\" title=\"Posts by asf-quebec\" rel=\"author\">asf-quebec<\/a><\/span><\/span><span class=\"updated\" style=\"display:none;\">2022-11-29T17:57:41-05:00<\/span><h4 class=\"entry-title\"><a href=\"https:\/\/www.asf-quebec.org\/en\/conference-perspectives-autochtones\/\">Conf\u00e9rence Perspectives autochtones<\/a><\/h4><p>En partetariat avec ASFQ, l\u2019Ordre des architectes du Qu\u00e9bec vous convie, le 19 octobre prochain, \u00e0 un \u00e9change virtuel en<a href=\"https:\/\/www.asf-quebec.org\/en\/conference-perspectives-autochtones\/\"> [...]<\/a><\/p><\/div><\/article><article class=\"post fusion-column column col-lg-2 col-md-2 col-sm-2\"><div class=\"fusion-flexslider fusion-flexslider-loading flexslider flexslider-hover-type-liftup\"><ul class=\"slides\"><li><a href=\"https:\/\/www.asf-quebec.org\/en\/un-nouveau-batiment-au-nunavik-pour-le-centre-de-pediatrie-sociale-minnies-hope\/\" aria-label=\"Un nouveau b\u00e2timent au Nunavik pour le centre de p\u00e9diatrie sociale Minnie&#8217;s Hope\" class=\"hover-type-liftup\"><img decoding=\"async\" width=\"2500\" height=\"1406\" src=\"https:\/\/www.asf-quebec.org\/wp-content\/uploads\/2021\/09\/IMAGE-NUNAVIK-2.jpg\" class=\"attachment-full size-full lazyload\" alt=\"\" srcset=\"data:image\/svg+xml,%3Csvg%20xmlns%3D%27http%3A%2F%2Fwww.w3.org%2F2000%2Fsvg%27%20width%3D%272500%27%20height%3D%271406%27%20viewBox%3D%270%200%202500%201406%27%3E%3Crect%20width%3D%272500%27%20height%3D%271406%27%20fill-opacity%3D%220%22%2F%3E%3C%2Fsvg%3E\" data-orig-src=\"https:\/\/www.asf-quebec.org\/wp-content\/uploads\/2021\/09\/IMAGE-NUNAVIK-2.jpg\" data-srcset=\"https:\/\/www.asf-quebec.org\/wp-content\/uploads\/2021\/09\/IMAGE-NUNAVIK-2-200x112.jpg 200w, https:\/\/www.asf-quebec.org\/wp-content\/uploads\/2021\/09\/IMAGE-NUNAVIK-2-400x225.jpg 400w, https:\/\/www.asf-quebec.org\/wp-content\/uploads\/2021\/09\/IMAGE-NUNAVIK-2-600x337.jpg 600w, https:\/\/www.asf-quebec.org\/wp-content\/uploads\/2021\/09\/IMAGE-NUNAVIK-2-800x450.jpg 800w, https:\/\/www.asf-quebec.org\/wp-content\/uploads\/2021\/09\/IMAGE-NUNAVIK-2-1200x675.jpg 1200w, https:\/\/www.asf-quebec.org\/wp-content\/uploads\/2021\/09\/IMAGE-NUNAVIK-2.jpg 2500w\" data-sizes=\"auto\" \/><\/a><\/li><\/ul><\/div><div class=\"recent-posts-content\"><span class=\"vcard\" style=\"display: none;\"><span class=\"fn\"><a href=\"https:\/\/www.asf-quebec.org\/en\/\" title=\"Posts by asf-quebec\" rel=\"author\">asf-quebec<\/a><\/span><\/span><span class=\"updated\" style=\"display:none;\">2021-09-16T02:49:56-04:00<\/span><h4 class=\"entry-title\"><a href=\"https:\/\/www.asf-quebec.org\/en\/un-nouveau-batiment-au-nunavik-pour-le-centre-de-pediatrie-sociale-minnies-hope\/\">Un nouveau b\u00e2timent au Nunavik pour le centre de p\u00e9diatrie sociale Minnie&#8217;s Hope<\/a><\/h4><p>Au Nunavik, un nouveau projet se pr\u00e9pare : la conception du nouveau centre de p\u00e9diatrie sociale Minnie\u2019s Hope, qui contribue<a href=\"https:\/\/www.asf-quebec.org\/en\/un-nouveau-batiment-au-nunavik-pour-le-centre-de-pediatrie-sociale-minnies-hope\/\"> [...]<\/a><\/p><\/div><\/article><article class=\"post fusion-column column col-lg-2 col-md-2 col-sm-2\"><div class=\"fusion-flexslider fusion-flexslider-loading flexslider flexslider-hover-type-liftup\"><ul class=\"slides\"><li><a href=\"https:\/\/www.asf-quebec.org\/en\/asfq-lance-une-declaration-dappui-au-projet-destinations\/\" aria-label=\"D\u00e9claration d&#8217;appui pour l&#8217;ambassade culturelle autochtone DestiNATIONS\" class=\"hover-type-liftup\"><img decoding=\"async\" width=\"734\" height=\"458\" src=\"https:\/\/www.asf-quebec.org\/wp-content\/uploads\/2020\/01\/79188850_10157889640928967_2799180953040191488_o-e1583265424163.jpg\" class=\"attachment-full size-full lazyload\" alt=\"\" srcset=\"data:image\/svg+xml,%3Csvg%20xmlns%3D%27http%3A%2F%2Fwww.w3.org%2F2000%2Fsvg%27%20width%3D%27734%27%20height%3D%27458%27%20viewBox%3D%270%200%20734%20458%27%3E%3Crect%20width%3D%27734%27%20height%3D%27458%27%20fill-opacity%3D%220%22%2F%3E%3C%2Fsvg%3E\" data-orig-src=\"https:\/\/www.asf-quebec.org\/wp-content\/uploads\/2020\/01\/79188850_10157889640928967_2799180953040191488_o-e1583265424163.jpg\" data-srcset=\"https:\/\/www.asf-quebec.org\/wp-content\/uploads\/2020\/01\/79188850_10157889640928967_2799180953040191488_o-e1583265424163-200x125.jpg 200w, https:\/\/www.asf-quebec.org\/wp-content\/uploads\/2020\/01\/79188850_10157889640928967_2799180953040191488_o-e1583265424163-400x250.jpg 400w, https:\/\/www.asf-quebec.org\/wp-content\/uploads\/2020\/01\/79188850_10157889640928967_2799180953040191488_o-e1583265424163-600x374.jpg 600w, https:\/\/www.asf-quebec.org\/wp-content\/uploads\/2020\/01\/79188850_10157889640928967_2799180953040191488_o-e1583265424163.jpg 734w\" data-sizes=\"auto\" \/><\/a><\/li><\/ul><\/div><div class=\"recent-posts-content\"><span class=\"vcard\" style=\"display: none;\"><span class=\"fn\"><a href=\"https:\/\/www.asf-quebec.org\/en\/\" title=\"Posts by asf-quebec\" rel=\"author\">asf-quebec<\/a><\/span><\/span><span class=\"updated\" style=\"display:none;\">2020-06-18T16:24:37-04:00<\/span><h4 class=\"entry-title\"><a href=\"https:\/\/www.asf-quebec.org\/en\/asfq-lance-une-declaration-dappui-au-projet-destinations\/\">D\u00e9claration d&#8217;appui pour l&#8217;ambassade culturelle autochtone DestiNATIONS<\/a><\/h4><p>Pour la Journ\u00e9e nationale des peuples autochtones du 21 juin 2020, Architecture sans fronti\u00e8res Qu\u00e9bec (ASFQ) souhaite souligner l'importance du<a href=\"https:\/\/www.asf-quebec.org\/en\/asfq-lance-une-declaration-dappui-au-projet-destinations\/\"> [...]<\/a><\/p><\/div><\/article><article class=\"post fusion-column column col-lg-2 col-md-2 col-sm-2\"><div class=\"fusion-flexslider fusion-flexslider-loading flexslider flexslider-hover-type-liftup\"><ul class=\"slides\"><li><a href=\"https:\/\/www.asf-quebec.org\/en\/cetait-impossible-alors-nous-lavons-fait-inauguration-du-projet-resilience-montreal\/\" aria-label=\"C\u2019\u00e9tait impossible. Alors nous l\u2019avons fait ! Inauguration du projet R\u00e9silience Montr\u00e9al\" class=\"hover-type-liftup\"><img decoding=\"async\" width=\"750\" height=\"330\" src=\"https:\/\/www.asf-quebec.org\/wp-content\/uploads\/2020\/01\/75443125_10162576929385858_711540523189403648_o-750x330.jpg\" class=\"attachment-full size-full lazyload\" alt=\"\" srcset=\"data:image\/svg+xml,%3Csvg%20xmlns%3D%27http%3A%2F%2Fwww.w3.org%2F2000%2Fsvg%27%20width%3D%27750%27%20height%3D%27330%27%20viewBox%3D%270%200%20750%20330%27%3E%3Crect%20width%3D%27750%27%20height%3D%27330%27%20fill-opacity%3D%220%22%2F%3E%3C%2Fsvg%3E\" data-orig-src=\"https:\/\/www.asf-quebec.org\/wp-content\/uploads\/2020\/01\/75443125_10162576929385858_711540523189403648_o-750x330.jpg\" data-srcset=\"https:\/\/www.asf-quebec.org\/wp-content\/uploads\/2020\/01\/75443125_10162576929385858_711540523189403648_o-750x330-200x88.jpg 200w, https:\/\/www.asf-quebec.org\/wp-content\/uploads\/2020\/01\/75443125_10162576929385858_711540523189403648_o-750x330-400x176.jpg 400w, https:\/\/www.asf-quebec.org\/wp-content\/uploads\/2020\/01\/75443125_10162576929385858_711540523189403648_o-750x330-600x264.jpg 600w\" data-sizes=\"auto\" \/><\/a><\/li><\/ul><\/div><div class=\"recent-posts-content\"><span class=\"vcard\" style=\"display: none;\"><span class=\"fn\"><a href=\"https:\/\/www.asf-quebec.org\/en\/\" title=\"Posts by asf-quebec\" rel=\"author\">asf-quebec<\/a><\/span><\/span><span class=\"updated\" style=\"display:none;\">2019-11-14T20:39:31-05:00<\/span><h4 class=\"entry-title\"><a href=\"https:\/\/www.asf-quebec.org\/en\/cetait-impossible-alors-nous-lavons-fait-inauguration-du-projet-resilience-montreal\/\">C\u2019\u00e9tait impossible. Alors nous l\u2019avons fait ! Inauguration du projet R\u00e9silience Montr\u00e9al<\/a><\/h4><p>Est-il possible de transformer un restaurant v\u00e9tuste en un centre de bien-\u00eatre pour sans-abri, le tout en moins d\u2019un mois,<a href=\"https:\/\/www.asf-quebec.org\/en\/cetait-impossible-alors-nous-lavons-fait-inauguration-du-projet-resilience-montreal\/\"> [...]<\/a><\/p><\/div><\/article><article class=\"post fusion-column column col-lg-2 col-md-2 col-sm-2\"><div class=\"fusion-flexslider fusion-flexslider-loading flexslider flexslider-hover-type-liftup\"><ul class=\"slides\"><li><a href=\"https:\/\/www.asf-quebec.org\/en\/kitcisakik-une-communaute-a-la-croisee-des-chemins\/\" aria-label=\"Kitcisakik : une communaut\u00e9 \u00e0 la crois\u00e9e des chemins\" class=\"hover-type-liftup\"><img decoding=\"async\" width=\"1281\" height=\"670\" src=\"data:image\/svg+xml,%3Csvg%20xmlns%3D%27http%3A%2F%2Fwww.w3.org%2F2000%2Fsvg%27%20width%3D%271281%27%20height%3D%27670%27%20viewBox%3D%270%200%201281%20670%27%3E%3Crect%20width%3D%271281%27%20height%3D%27670%27%20fill-opacity%3D%220%22%2F%3E%3C%2Fsvg%3E\" class=\"attachment-full size-full lazyload\" alt=\"\" data-orig-src=\"https:\/\/www.asf-quebec.org\/wp-content\/uploads\/2020\/04\/Capture-de\u0301cran-le-2020-04-07-a\u0300-15.46.04.jpg\" \/><\/a><\/li><\/ul><\/div><div class=\"recent-posts-content\"><span class=\"vcard\" style=\"display: none;\"><span class=\"fn\"><a href=\"https:\/\/www.asf-quebec.org\/en\/\" title=\"Posts by asf-quebec\" rel=\"author\">asf-quebec<\/a><\/span><\/span><span class=\"updated\" style=\"display:none;\">2018-03-13T19:39:18-04:00<\/span><h4 class=\"entry-title\"><a href=\"https:\/\/www.asf-quebec.org\/en\/kitcisakik-une-communaute-a-la-croisee-des-chemins\/\">Kitcisakik : une communaut\u00e9 \u00e0 la crois\u00e9e des chemins<\/a><\/h4><p>Comment se porte la communaut\u00e9 de Kitcisakik 5 ans apr\u00e8s l'intervention d'ASFQ pour r\u00e9habiliter les habitations de ce village autochtone<a href=\"https:\/\/www.asf-quebec.org\/en\/kitcisakik-une-communaute-a-la-croisee-des-chemins\/\"> [...]<\/a><\/p><\/div><\/article><\/section><\/div><div class=\"fusion-clearfix\"><\/div><\/div><\/div><\/div><\/div><div class=\"fusion-fullwidth fullwidth-box fusion-builder-row-10 nonhundred-percent-fullwidth non-hundred-percent-height-scrolling\" style=\"--awb-border-radius-top-left:0px;--awb-border-radius-top-right:0px;--awb-border-radius-bottom-right:0px;--awb-border-radius-bottom-left:0px;--awb-margin-top:100px;--awb-margin-bottom:70px;--awb-flex-wrap:wrap;\" ><div class=\"fusion-builder-row fusion-row\"><div class=\"fusion-layout-column fusion_builder_column fusion-builder-column-21 fusion_builder_column_1_1 1_1 fusion-one-full fusion-column-first fusion-column-last\" style=\"--awb-bg-size:cover;\"><div class=\"fusion-column-wrapper fusion-column-has-shadow fusion-flex-column-wrapper-legacy\"><div class=\"fusion-text fusion-text-16\"><h2><strong>Our other programs<\/strong><\/h2>\n<\/div><div class=\"fusion-sep-clear\"><\/div><div class=\"fusion-separator\" style=\"margin-left: auto;margin-right: auto;margin-top:15px;margin-bottom:15px;width:100%;max-width:20px;\"><div class=\"fusion-separator-border sep-double\" style=\"--awb-height:20px;--awb-amount:20px;--awb-sep-color:rgba(224,222,222,0);border-color:rgba(224,222,222,0);border-top-width:0px;border-bottom-width:0px;\"><\/div><\/div><div class=\"fusion-sep-clear\"><\/div><div class=\"fusion-clearfix\"><\/div><\/div><\/div><div class=\"fusion-layout-column fusion_builder_column fusion-builder-column-22 fusion_builder_column_1_6 1_6 fusion-one-sixth fusion-column-first\" style=\"--awb-bg-size:cover;--awb-margin-bottom:0px;width:16.666666666667%;width:calc(16.666666666667% - ( ( 4% + 4% + 4% + 4% + 4% ) * 0.16666666666667 ) );margin-right: 4%;\"><div class=\"fusion-column-wrapper fusion-column-has-shadow fusion-flex-column-wrapper-legacy\"><div class=\"fusion-image-element fusion-image-align-center in-legacy-container\" style=\"text-align:center;--awb-max-width:160px;--awb-caption-title-font-family:var(--h2_typography-font-family);--awb-caption-title-font-weight:var(--h2_typography-font-weight);--awb-caption-title-font-style:var(--h2_typography-font-style);--awb-caption-title-size:var(--h2_typography-font-size);--awb-caption-title-transform:var(--h2_typography-text-transform);--awb-caption-title-line-height:var(--h2_typography-line-height);--awb-caption-title-letter-spacing:var(--h2_typography-letter-spacing);\"><div class=\"imageframe-align-center\"><span class=\" fusion-imageframe imageframe-none imageframe-14 hover-type-zoomin\"><a class=\"fusion-no-lightbox\" href=\"https:\/\/www.asf-quebec.org\/en\/our-programs\/international-cooperation\/\" target=\"_self\" aria-label=\"pictos_Zoom-05\"><img decoding=\"async\" width=\"260\" height=\"260\" src=\"https:\/\/www.asf-quebec.org\/wp-content\/uploads\/2020\/04\/pictos_Zoom-05.png\" data-orig-src=\"https:\/\/www.asf-quebec.org\/wp-content\/uploads\/2020\/04\/pictos_Zoom-05.png\" alt class=\"lazyload img-responsive wp-image-302346\" srcset=\"data:image\/svg+xml,%3Csvg%20xmlns%3D%27http%3A%2F%2Fwww.w3.org%2F2000%2Fsvg%27%20width%3D%27260%27%20height%3D%27260%27%20viewBox%3D%270%200%20260%20260%27%3E%3Crect%20width%3D%27260%27%20height%3D%27260%27%20fill-opacity%3D%220%22%2F%3E%3C%2Fsvg%3E\" data-srcset=\"https:\/\/www.asf-quebec.org\/wp-content\/uploads\/2020\/04\/pictos_Zoom-05-200x200.png 200w, https:\/\/www.asf-quebec.org\/wp-content\/uploads\/2020\/04\/pictos_Zoom-05.png 260w\" data-sizes=\"auto\" data-orig-sizes=\"(max-width: 800px) 100vw, 260px\" \/><\/a><\/span><\/div><\/div><div class=\"fusion-sep-clear\"><\/div><div class=\"fusion-separator\" style=\"margin-left: auto;margin-right: auto;margin-top:10px;margin-bottom:5px;width:100%;max-width:20px;\"><div class=\"fusion-separator-border sep-double\" style=\"--awb-height:20px;--awb-amount:20px;--awb-sep-color:rgba(224,222,222,0);border-color:rgba(224,222,222,0);border-top-width:0px;border-bottom-width:0px;\"><\/div><\/div><div class=\"fusion-sep-clear\"><\/div><div class=\"fusion-text fusion-text-17\"><p style=\"text-align: center;\">International Cooperation<\/p>\n<\/div><div class=\"fusion-clearfix\"><\/div><\/div><\/div><div class=\"fusion-layout-column fusion_builder_column fusion-builder-column-23 fusion_builder_column_1_6 1_6 fusion-one-sixth\" style=\"--awb-bg-size:cover;width:16.666666666667%;width:calc(16.666666666667% - ( ( 4% + 4% + 4% + 4% + 4% ) * 0.16666666666667 ) );margin-right: 4%;\"><div class=\"fusion-column-wrapper fusion-column-has-shadow fusion-flex-column-wrapper-legacy\"><div class=\"fusion-image-element fusion-image-align-center in-legacy-container\" style=\"text-align:center;--awb-max-width:160px;--awb-caption-title-font-family:var(--h2_typography-font-family);--awb-caption-title-font-weight:var(--h2_typography-font-weight);--awb-caption-title-font-style:var(--h2_typography-font-style);--awb-caption-title-size:var(--h2_typography-font-size);--awb-caption-title-transform:var(--h2_typography-text-transform);--awb-caption-title-line-height:var(--h2_typography-line-height);--awb-caption-title-letter-spacing:var(--h2_typography-letter-spacing);\"><div class=\"imageframe-align-center\"><span class=\" fusion-imageframe imageframe-none imageframe-15 hover-type-zoomin\"><a class=\"fusion-no-lightbox\" href=\"https:\/\/www.asf-quebec.org\/en\/our-programs\/urban-solidarity\/\" target=\"_self\" aria-label=\"pictos_Zoom-04\"><img decoding=\"async\" width=\"260\" height=\"260\" src=\"https:\/\/www.asf-quebec.org\/wp-content\/uploads\/2020\/04\/pictos_Zoom-04.png\" data-orig-src=\"https:\/\/www.asf-quebec.org\/wp-content\/uploads\/2020\/04\/pictos_Zoom-04.png\" alt class=\"lazyload img-responsive wp-image-302345\" srcset=\"data:image\/svg+xml,%3Csvg%20xmlns%3D%27http%3A%2F%2Fwww.w3.org%2F2000%2Fsvg%27%20width%3D%27260%27%20height%3D%27260%27%20viewBox%3D%270%200%20260%20260%27%3E%3Crect%20width%3D%27260%27%20height%3D%27260%27%20fill-opacity%3D%220%22%2F%3E%3C%2Fsvg%3E\" data-srcset=\"https:\/\/www.asf-quebec.org\/wp-content\/uploads\/2020\/04\/pictos_Zoom-04-200x200.png 200w, https:\/\/www.asf-quebec.org\/wp-content\/uploads\/2020\/04\/pictos_Zoom-04.png 260w\" data-sizes=\"auto\" data-orig-sizes=\"(max-width: 800px) 100vw, 260px\" \/><\/a><\/span><\/div><\/div><div class=\"fusion-sep-clear\"><\/div><div class=\"fusion-separator\" style=\"margin-left: auto;margin-right: auto;margin-top:10px;margin-bottom:5px;width:100%;max-width:20px;\"><div class=\"fusion-separator-border sep-double\" style=\"--awb-height:20px;--awb-amount:20px;--awb-sep-color:rgba(224,222,222,0);border-color:rgba(224,222,222,0);border-top-width:0px;border-bottom-width:0px;\"><\/div><\/div><div class=\"fusion-sep-clear\"><\/div><div class=\"fusion-text fusion-text-18\"><p style=\"text-align: center;\">Urban Solidarity<\/p>\n<\/div><div class=\"fusion-clearfix\"><\/div><\/div><\/div><div class=\"fusion-layout-column fusion_builder_column fusion-builder-column-24 fusion_builder_column_1_6 1_6 fusion-one-sixth\" style=\"--awb-bg-size:cover;width:16.666666666667%;width:calc(16.666666666667% - ( ( 4% + 4% + 4% + 4% + 4% ) * 0.16666666666667 ) );margin-right: 4%;\"><div class=\"fusion-column-wrapper fusion-column-has-shadow fusion-flex-column-wrapper-legacy\"><div class=\"fusion-image-element fusion-image-align-center in-legacy-container\" style=\"text-align:center;--awb-max-width:160px;--awb-caption-title-font-family:var(--h2_typography-font-family);--awb-caption-title-font-weight:var(--h2_typography-font-weight);--awb-caption-title-font-style:var(--h2_typography-font-style);--awb-caption-title-size:var(--h2_typography-font-size);--awb-caption-title-transform:var(--h2_typography-text-transform);--awb-caption-title-line-height:var(--h2_typography-line-height);--awb-caption-title-letter-spacing:var(--h2_typography-letter-spacing);\"><div class=\"imageframe-align-center\"><span class=\" fusion-imageframe imageframe-none imageframe-16 hover-type-zoomin\"><a class=\"fusion-no-lightbox\" href=\"https:\/\/www.asf-quebec.org\/en\/our-programs\/flood-resilience\/\" target=\"_self\" aria-label=\"pictos_Zoom-02\"><img decoding=\"async\" width=\"260\" height=\"260\" src=\"https:\/\/www.asf-quebec.org\/wp-content\/uploads\/2020\/04\/pictos_Zoom-02.png\" data-orig-src=\"https:\/\/www.asf-quebec.org\/wp-content\/uploads\/2020\/04\/pictos_Zoom-02.png\" alt class=\"lazyload img-responsive wp-image-302351\" srcset=\"data:image\/svg+xml,%3Csvg%20xmlns%3D%27http%3A%2F%2Fwww.w3.org%2F2000%2Fsvg%27%20width%3D%27260%27%20height%3D%27260%27%20viewBox%3D%270%200%20260%20260%27%3E%3Crect%20width%3D%27260%27%20height%3D%27260%27%20fill-opacity%3D%220%22%2F%3E%3C%2Fsvg%3E\" data-srcset=\"https:\/\/www.asf-quebec.org\/wp-content\/uploads\/2020\/04\/pictos_Zoom-02-200x200.png 200w, https:\/\/www.asf-quebec.org\/wp-content\/uploads\/2020\/04\/pictos_Zoom-02.png 260w\" data-sizes=\"auto\" data-orig-sizes=\"(max-width: 800px) 100vw, 260px\" \/><\/a><\/span><\/div><\/div><div class=\"fusion-sep-clear\"><\/div><div class=\"fusion-separator\" style=\"margin-left: auto;margin-right: auto;margin-top:10px;margin-bottom:5px;width:100%;max-width:20px;\"><div class=\"fusion-separator-border sep-double\" style=\"--awb-height:20px;--awb-amount:20px;--awb-sep-color:rgba(224,222,222,0);border-color:rgba(224,222,222,0);border-top-width:0px;border-bottom-width:0px;\"><\/div><\/div><div class=\"fusion-sep-clear\"><\/div><div class=\"fusion-text fusion-text-19\"><p style=\"text-align: center;\">R\u00e9silience climatique<\/p>\n<\/div><div class=\"fusion-clearfix\"><\/div><\/div><\/div><div class=\"fusion-layout-column fusion_builder_column fusion-builder-column-25 fusion_builder_column_1_6 1_6 fusion-one-sixth\" style=\"--awb-bg-size:cover;width:16.666666666667%;width:calc(16.666666666667% - ( ( 4% + 4% + 4% + 4% + 4% ) * 0.16666666666667 ) );margin-right: 4%;\"><div class=\"fusion-column-wrapper fusion-column-has-shadow fusion-flex-column-wrapper-legacy\"><div class=\"fusion-image-element fusion-image-align-center in-legacy-container\" style=\"text-align:center;--awb-max-width:160px;--awb-caption-title-font-family:var(--h2_typography-font-family);--awb-caption-title-font-weight:var(--h2_typography-font-weight);--awb-caption-title-font-style:var(--h2_typography-font-style);--awb-caption-title-size:var(--h2_typography-font-size);--awb-caption-title-transform:var(--h2_typography-text-transform);--awb-caption-title-line-height:var(--h2_typography-line-height);--awb-caption-title-letter-spacing:var(--h2_typography-letter-spacing);\"><div class=\"imageframe-align-center\"><span class=\" fusion-imageframe imageframe-none imageframe-17 hover-type-zoomin\"><a class=\"fusion-no-lightbox\" href=\"https:\/\/www.asf-quebec.org\/en\/our-programs\/circular-economy\/\" target=\"_self\" aria-label=\"pictos_Zoom-06\"><img decoding=\"async\" width=\"260\" height=\"260\" src=\"https:\/\/www.asf-quebec.org\/wp-content\/uploads\/2020\/07\/pictos_Zoom-06.png\" data-orig-src=\"https:\/\/www.asf-quebec.org\/wp-content\/uploads\/2020\/07\/pictos_Zoom-06.png\" alt class=\"lazyload img-responsive wp-image-302421\" srcset=\"data:image\/svg+xml,%3Csvg%20xmlns%3D%27http%3A%2F%2Fwww.w3.org%2F2000%2Fsvg%27%20width%3D%27260%27%20height%3D%27260%27%20viewBox%3D%270%200%20260%20260%27%3E%3Crect%20width%3D%27260%27%20height%3D%27260%27%20fill-opacity%3D%220%22%2F%3E%3C%2Fsvg%3E\" data-srcset=\"https:\/\/www.asf-quebec.org\/wp-content\/uploads\/2020\/07\/pictos_Zoom-06-200x200.png 200w, https:\/\/www.asf-quebec.org\/wp-content\/uploads\/2020\/07\/pictos_Zoom-06.png 260w\" data-sizes=\"auto\" data-orig-sizes=\"(max-width: 800px) 100vw, 260px\" \/><\/a><\/span><\/div><\/div><div class=\"fusion-sep-clear\"><\/div><div class=\"fusion-separator\" style=\"margin-left: auto;margin-right: auto;margin-top:10px;margin-bottom:5px;width:100%;max-width:20px;\"><div class=\"fusion-separator-border sep-double\" style=\"--awb-height:20px;--awb-amount:20px;--awb-sep-color:rgba(224,222,222,0);border-color:rgba(224,222,222,0);border-top-width:0px;border-bottom-width:0px;\"><\/div><\/div><div class=\"fusion-sep-clear\"><\/div><div class=\"fusion-text fusion-text-20\"><p style=\"text-align: center;\">Circular Economy<\/p>\n<\/div><div class=\"fusion-clearfix\"><\/div><\/div><\/div><div class=\"fusion-layout-column fusion_builder_column fusion-builder-column-26 fusion_builder_column_1_6 1_6 fusion-one-sixth\" style=\"--awb-bg-size:cover;width:16.666666666667%;width:calc(16.666666666667% - ( ( 4% + 4% + 4% + 4% + 4% ) * 0.16666666666667 ) );margin-right: 4%;\"><div class=\"fusion-column-wrapper fusion-column-has-shadow fusion-flex-column-wrapper-legacy\"><div class=\"fusion-image-element fusion-image-align-center in-legacy-container\" style=\"text-align:center;--awb-max-width:160px;--awb-caption-title-font-family:var(--h2_typography-font-family);--awb-caption-title-font-weight:var(--h2_typography-font-weight);--awb-caption-title-font-style:var(--h2_typography-font-style);--awb-caption-title-size:var(--h2_typography-font-size);--awb-caption-title-transform:var(--h2_typography-text-transform);--awb-caption-title-line-height:var(--h2_typography-line-height);--awb-caption-title-letter-spacing:var(--h2_typography-letter-spacing);\"><div class=\"imageframe-align-center\"><span class=\" fusion-imageframe imageframe-none imageframe-18 hover-type-zoomin\"><a class=\"fusion-no-lightbox\" href=\"https:\/\/forms.gle\/BywUnZPGRE7kW5Du6\" target=\"_self\" aria-label=\"pictos_Zoom-01\"><img decoding=\"async\" width=\"260\" height=\"260\" src=\"https:\/\/www.asf-quebec.org\/wp-content\/uploads\/2020\/04\/pictos_Zoom-01.png\" data-orig-src=\"https:\/\/www.asf-quebec.org\/wp-content\/uploads\/2020\/04\/pictos_Zoom-01.png\" alt class=\"lazyload img-responsive wp-image-302350\" srcset=\"data:image\/svg+xml,%3Csvg%20xmlns%3D%27http%3A%2F%2Fwww.w3.org%2F2000%2Fsvg%27%20width%3D%27260%27%20height%3D%27260%27%20viewBox%3D%270%200%20260%20260%27%3E%3Crect%20width%3D%27260%27%20height%3D%27260%27%20fill-opacity%3D%220%22%2F%3E%3C%2Fsvg%3E\" data-srcset=\"https:\/\/www.asf-quebec.org\/wp-content\/uploads\/2020\/04\/pictos_Zoom-01-200x200.png 200w, https:\/\/www.asf-quebec.org\/wp-content\/uploads\/2020\/04\/pictos_Zoom-01.png 260w\" data-sizes=\"auto\" data-orig-sizes=\"(max-width: 800px) 100vw, 260px\" \/><\/a><\/span><\/div><\/div><div class=\"fusion-sep-clear\"><\/div><div class=\"fusion-separator\" style=\"margin-left: auto;margin-right: auto;margin-top:10px;margin-bottom:5px;width:100%;max-width:20px;\"><div class=\"fusion-separator-border sep-double\" style=\"--awb-height:20px;--awb-amount:20px;--awb-sep-color:rgba(224,222,222,0);border-color:rgba(224,222,222,0);border-top-width:0px;border-bottom-width:0px;\"><\/div><\/div><div class=\"fusion-sep-clear\"><\/div><div class=\"fusion-text fusion-text-21\"><p style=\"text-align: center;\">Volunteer Commitment<\/p>\n<\/div><div class=\"fusion-clearfix\"><\/div><\/div><\/div><div class=\"fusion-layout-column fusion_builder_column fusion-builder-column-27 fusion_builder_column_1_6 1_6 fusion-one-sixth fusion-column-last\" style=\"--awb-bg-size:cover;width:16.666666666667%;width:calc(16.666666666667% - ( ( 4% + 4% + 4% + 4% + 4% ) * 0.16666666666667 ) );\"><div class=\"fusion-column-wrapper fusion-column-has-shadow fusion-flex-column-wrapper-legacy\"><div class=\"fusion-image-element fusion-image-align-center in-legacy-container\" style=\"text-align:center;--awb-max-width:160px;--awb-caption-title-font-family:var(--h2_typography-font-family);--awb-caption-title-font-weight:var(--h2_typography-font-weight);--awb-caption-title-font-style:var(--h2_typography-font-style);--awb-caption-title-size:var(--h2_typography-font-size);--awb-caption-title-transform:var(--h2_typography-text-transform);--awb-caption-title-line-height:var(--h2_typography-line-height);--awb-caption-title-letter-spacing:var(--h2_typography-letter-spacing);\"><div class=\"imageframe-align-center\"><span class=\" fusion-imageframe imageframe-none imageframe-19 hover-type-zoomin\"><a class=\"fusion-no-lightbox\" href=\"https:\/\/www.asf-quebec.org\/en\/our-programs\/architectural-education\/\" target=\"_self\" aria-label=\"pictos_Zoom-08\"><img decoding=\"async\" width=\"260\" height=\"260\" src=\"https:\/\/www.asf-quebec.org\/wp-content\/uploads\/2020\/12\/pictos_Zoom-08.png\" data-orig-src=\"https:\/\/www.asf-quebec.org\/wp-content\/uploads\/2020\/12\/pictos_Zoom-08.png\" alt class=\"lazyload img-responsive wp-image-302490\" srcset=\"data:image\/svg+xml,%3Csvg%20xmlns%3D%27http%3A%2F%2Fwww.w3.org%2F2000%2Fsvg%27%20width%3D%27260%27%20height%3D%27260%27%20viewBox%3D%270%200%20260%20260%27%3E%3Crect%20width%3D%27260%27%20height%3D%27260%27%20fill-opacity%3D%220%22%2F%3E%3C%2Fsvg%3E\" data-srcset=\"https:\/\/www.asf-quebec.org\/wp-content\/uploads\/2020\/12\/pictos_Zoom-08-200x200.png 200w, https:\/\/www.asf-quebec.org\/wp-content\/uploads\/2020\/12\/pictos_Zoom-08.png 260w\" data-sizes=\"auto\" data-orig-sizes=\"(max-width: 800px) 100vw, 260px\" \/><\/a><\/span><\/div><\/div><div class=\"fusion-sep-clear\"><\/div><div class=\"fusion-separator\" style=\"margin-left: auto;margin-right: auto;margin-top:10px;margin-bottom:5px;width:100%;max-width:20px;\"><div class=\"fusion-separator-border sep-double\" style=\"--awb-height:20px;--awb-amount:20px;--awb-sep-color:rgba(224,222,222,0);border-color:rgba(224,222,222,0);border-top-width:0px;border-bottom-width:0px;\"><\/div><\/div><div class=\"fusion-sep-clear\"><\/div><div class=\"fusion-text fusion-text-22\"><p style=\"text-align: center;\">Architectural Education<\/p>\n<\/div><div class=\"fusion-clearfix\"><\/div><\/div><\/div><\/div><\/div><\/p>\n","protected":false},"excerpt":{"rendered":"","protected":false},"author":2,"featured_media":0,"parent":331739,"menu_order":0,"comment_status":"closed","ping_status":"closed","template":"100-width.php","meta":{"_acf_changed":false,"footnotes":""},"class_list":["post-332314","page","type-page","status-publish","hentry"],"acf":[],"yoast_head":"<!-- This site is optimized with the Yoast SEO plugin v26.8 - https:\/\/yoast.com\/product\/yoast-seo-wordpress\/ -->\n<title>Indigenous Habitat - Architecture Sans Fronti\u00e8res Qu\u00e9bec<\/title>\n<meta name=\"robots\" content=\"index, follow, max-snippet:-1, max-image-preview:large, max-video-preview:-1\" \/>\n<link rel=\"canonical\" href=\"https:\/\/www.asf-quebec.org\/en\/our-programs\/indigenous-habitat\/\" \/>\n<meta property=\"og:locale\" content=\"en_US\" \/>\n<meta property=\"og:type\" content=\"article\" \/>\n<meta property=\"og:title\" content=\"Indigenous Habitat - Architecture Sans Fronti\u00e8res Qu\u00e9bec\" \/>\n<meta property=\"og:url\" content=\"https:\/\/www.asf-quebec.org\/en\/our-programs\/indigenous-habitat\/\" \/>\n<meta property=\"og:site_name\" content=\"Architecture Sans Fronti\u00e8res Qu\u00e9bec\" \/>\n<meta property=\"article:publisher\" content=\"https:\/\/www.facebook.com\/architecturesansfrontieres\/\" \/>\n<meta property=\"article:modified_time\" content=\"2023-02-17T04:25:59+00:00\" \/>\n<meta name=\"twitter:card\" content=\"summary_large_image\" \/>\n<meta name=\"twitter:label1\" content=\"Est. reading time\" \/>\n\t<meta name=\"twitter:data1\" content=\"44 minutes\" \/>\n<script type=\"application\/ld+json\" class=\"yoast-schema-graph\">{\"@context\":\"https:\/\/schema.org\",\"@graph\":[{\"@type\":\"WebPage\",\"@id\":\"https:\/\/www.asf-quebec.org\/en\/our-programs\/indigenous-habitat\/\",\"url\":\"https:\/\/www.asf-quebec.org\/en\/our-programs\/indigenous-habitat\/\",\"name\":\"Indigenous Habitat - Architecture Sans Fronti\u00e8res Qu\u00e9bec\",\"isPartOf\":{\"@id\":\"https:\/\/www.asf-quebec.org\/en\/#website\"},\"datePublished\":\"2021-06-16T17:22:25+00:00\",\"dateModified\":\"2023-02-17T04:25:59+00:00\",\"breadcrumb\":{\"@id\":\"https:\/\/www.asf-quebec.org\/en\/our-programs\/indigenous-habitat\/#breadcrumb\"},\"inLanguage\":\"en-US\",\"potentialAction\":[{\"@type\":\"ReadAction\",\"target\":[\"https:\/\/www.asf-quebec.org\/en\/our-programs\/indigenous-habitat\/\"]}]},{\"@type\":\"BreadcrumbList\",\"@id\":\"https:\/\/www.asf-quebec.org\/en\/our-programs\/indigenous-habitat\/#breadcrumb\",\"itemListElement\":[{\"@type\":\"ListItem\",\"position\":1,\"name\":\"Accueil\",\"item\":\"https:\/\/www.asf-quebec.org\/en\/\"},{\"@type\":\"ListItem\",\"position\":2,\"name\":\"Our Programs\",\"item\":\"https:\/\/www.asf-quebec.org\/en\/our-programs\/\"},{\"@type\":\"ListItem\",\"position\":3,\"name\":\"Indigenous Habitat\"}]},{\"@type\":\"WebSite\",\"@id\":\"https:\/\/www.asf-quebec.org\/en\/#website\",\"url\":\"https:\/\/www.asf-quebec.org\/en\/\",\"name\":\"Architecture sans fronti\u00e8res Qu\u00e9bec\",\"description\":\"ASFQ\",\"publisher\":{\"@id\":\"https:\/\/www.asf-quebec.org\/en\/#organization\"},\"potentialAction\":[{\"@type\":\"SearchAction\",\"target\":{\"@type\":\"EntryPoint\",\"urlTemplate\":\"https:\/\/www.asf-quebec.org\/en\/?s={search_term_string}\"},\"query-input\":{\"@type\":\"PropertyValueSpecification\",\"valueRequired\":true,\"valueName\":\"search_term_string\"}}],\"inLanguage\":\"en-US\"},{\"@type\":\"Organization\",\"@id\":\"https:\/\/www.asf-quebec.org\/en\/#organization\",\"name\":\"Architecture sans fronti\u00e8res Qu\u00e9bec (ASFQ)\",\"url\":\"https:\/\/www.asf-quebec.org\/en\/\",\"logo\":{\"@type\":\"ImageObject\",\"inLanguage\":\"en-US\",\"@id\":\"https:\/\/www.asf-quebec.org\/en\/#\/schema\/logo\/image\/\",\"url\":\"https:\/\/www.asf-quebec.org\/wp-content\/uploads\/2019\/07\/Logo-asfq-retina.jpg\",\"contentUrl\":\"https:\/\/www.asf-quebec.org\/wp-content\/uploads\/2019\/07\/Logo-asfq-retina.jpg\",\"width\":564,\"height\":219,\"caption\":\"Architecture sans fronti\u00e8res Qu\u00e9bec (ASFQ)\"},\"image\":{\"@id\":\"https:\/\/www.asf-quebec.org\/en\/#\/schema\/logo\/image\/\"},\"sameAs\":[\"https:\/\/www.facebook.com\/architecturesansfrontieres\/\",\"https:\/\/www.instagram.com\/asfquebec\/\",\"https:\/\/www.linkedin.com\/company\/asf-quebec\/\"]}]}<\/script>\n<!-- \/ Yoast SEO plugin. -->","yoast_head_json":{"title":"Indigenous Habitat - Architecture Sans Fronti\u00e8res Qu\u00e9bec","robots":{"index":"index","follow":"follow","max-snippet":"max-snippet:-1","max-image-preview":"max-image-preview:large","max-video-preview":"max-video-preview:-1"},"canonical":"https:\/\/www.asf-quebec.org\/en\/our-programs\/indigenous-habitat\/","og_locale":"en_US","og_type":"article","og_title":"Indigenous Habitat - Architecture Sans Fronti\u00e8res Qu\u00e9bec","og_url":"https:\/\/www.asf-quebec.org\/en\/our-programs\/indigenous-habitat\/","og_site_name":"Architecture Sans Fronti\u00e8res Qu\u00e9bec","article_publisher":"https:\/\/www.facebook.com\/architecturesansfrontieres\/","article_modified_time":"2023-02-17T04:25:59+00:00","twitter_card":"summary_large_image","twitter_misc":{"Est. reading time":"44 minutes"},"schema":{"@context":"https:\/\/schema.org","@graph":[{"@type":"WebPage","@id":"https:\/\/www.asf-quebec.org\/en\/our-programs\/indigenous-habitat\/","url":"https:\/\/www.asf-quebec.org\/en\/our-programs\/indigenous-habitat\/","name":"Indigenous Habitat - Architecture Sans Fronti\u00e8res Qu\u00e9bec","isPartOf":{"@id":"https:\/\/www.asf-quebec.org\/en\/#website"},"datePublished":"2021-06-16T17:22:25+00:00","dateModified":"2023-02-17T04:25:59+00:00","breadcrumb":{"@id":"https:\/\/www.asf-quebec.org\/en\/our-programs\/indigenous-habitat\/#breadcrumb"},"inLanguage":"en-US","potentialAction":[{"@type":"ReadAction","target":["https:\/\/www.asf-quebec.org\/en\/our-programs\/indigenous-habitat\/"]}]},{"@type":"BreadcrumbList","@id":"https:\/\/www.asf-quebec.org\/en\/our-programs\/indigenous-habitat\/#breadcrumb","itemListElement":[{"@type":"ListItem","position":1,"name":"Accueil","item":"https:\/\/www.asf-quebec.org\/en\/"},{"@type":"ListItem","position":2,"name":"Our Programs","item":"https:\/\/www.asf-quebec.org\/en\/our-programs\/"},{"@type":"ListItem","position":3,"name":"Indigenous Habitat"}]},{"@type":"WebSite","@id":"https:\/\/www.asf-quebec.org\/en\/#website","url":"https:\/\/www.asf-quebec.org\/en\/","name":"Architecture sans fronti\u00e8res Qu\u00e9bec","description":"ASFQ","publisher":{"@id":"https:\/\/www.asf-quebec.org\/en\/#organization"},"potentialAction":[{"@type":"SearchAction","target":{"@type":"EntryPoint","urlTemplate":"https:\/\/www.asf-quebec.org\/en\/?s={search_term_string}"},"query-input":{"@type":"PropertyValueSpecification","valueRequired":true,"valueName":"search_term_string"}}],"inLanguage":"en-US"},{"@type":"Organization","@id":"https:\/\/www.asf-quebec.org\/en\/#organization","name":"Architecture sans fronti\u00e8res Qu\u00e9bec (ASFQ)","url":"https:\/\/www.asf-quebec.org\/en\/","logo":{"@type":"ImageObject","inLanguage":"en-US","@id":"https:\/\/www.asf-quebec.org\/en\/#\/schema\/logo\/image\/","url":"https:\/\/www.asf-quebec.org\/wp-content\/uploads\/2019\/07\/Logo-asfq-retina.jpg","contentUrl":"https:\/\/www.asf-quebec.org\/wp-content\/uploads\/2019\/07\/Logo-asfq-retina.jpg","width":564,"height":219,"caption":"Architecture sans fronti\u00e8res Qu\u00e9bec (ASFQ)"},"image":{"@id":"https:\/\/www.asf-quebec.org\/en\/#\/schema\/logo\/image\/"},"sameAs":["https:\/\/www.facebook.com\/architecturesansfrontieres\/","https:\/\/www.instagram.com\/asfquebec\/","https:\/\/www.linkedin.com\/company\/asf-quebec\/"]}]}},"_links":{"self":[{"href":"https:\/\/www.asf-quebec.org\/en\/wp-json\/wp\/v2\/pages\/332314","targetHints":{"allow":["GET"]}}],"collection":[{"href":"https:\/\/www.asf-quebec.org\/en\/wp-json\/wp\/v2\/pages"}],"about":[{"href":"https:\/\/www.asf-quebec.org\/en\/wp-json\/wp\/v2\/types\/page"}],"author":[{"embeddable":true,"href":"https:\/\/www.asf-quebec.org\/en\/wp-json\/wp\/v2\/users\/2"}],"replies":[{"embeddable":true,"href":"https:\/\/www.asf-quebec.org\/en\/wp-json\/wp\/v2\/comments?post=332314"}],"version-history":[{"count":6,"href":"https:\/\/www.asf-quebec.org\/en\/wp-json\/wp\/v2\/pages\/332314\/revisions"}],"predecessor-version":[{"id":1139291,"href":"https:\/\/www.asf-quebec.org\/en\/wp-json\/wp\/v2\/pages\/332314\/revisions\/1139291"}],"up":[{"embeddable":true,"href":"https:\/\/www.asf-quebec.org\/en\/wp-json\/wp\/v2\/pages\/331739"}],"wp:attachment":[{"href":"https:\/\/www.asf-quebec.org\/en\/wp-json\/wp\/v2\/media?parent=332314"}],"curies":[{"name":"wp","href":"https:\/\/api.w.org\/{rel}","templated":true}]}}