{"id":331662,"date":"2021-06-16T14:16:50","date_gmt":"2021-06-16T14:16:50","guid":{"rendered":"https:\/\/www.asf-quebec.org\/our-projects\/"},"modified":"2024-07-19T09:35:48","modified_gmt":"2024-07-19T13:35:48","slug":"our-projects","status":"publish","type":"page","link":"https:\/\/www.asf-quebec.org\/en\/our-projects\/","title":{"rendered":"Our projects"},"content":{"rendered":"<div class=\"fusion-fullwidth fullwidth-box fusion-builder-row-1 nonhundred-percent-fullwidth non-hundred-percent-height-scrolling\" style=\"--awb-border-radius-top-left:0px;--awb-border-radius-top-right:0px;--awb-border-radius-bottom-right:0px;--awb-border-radius-bottom-left:0px;--awb-padding-top:0px;--awb-padding-right:0px;--awb-padding-bottom:30px;--awb-padding-left:0px;--awb-margin-top:80px;--awb-margin-bottom:20px;--awb-background-color:#ffffff;--awb-flex-wrap:wrap;\" ><div class=\"fusion-builder-row fusion-row\"><div class=\"fusion-layout-column fusion_builder_column fusion-builder-column-0 fusion_builder_column_1_1 1_1 fusion-one-full fusion-column-first fusion-column-last\" style=\"--awb-padding-top:0px;--awb-padding-right:0px;--awb-padding-bottom:0px;--awb-padding-left:0px;--awb-bg-size:cover;--awb-margin-bottom:0px;\"><div class=\"fusion-column-wrapper fusion-column-has-shadow fusion-flex-column-wrapper-legacy\"><style type=\"text\/css\">.fusion-portfolio-wrapper#fusion-portfolio-1 .fusion-portfolio-content{ padding: 25px 25px 25px 25px; text-align: left; }<\/style><div class=\"fusion-recent-works fusion-portfolio-element fusion-portfolio fusion-portfolio-1 fusion-portfolio-grid fusion-portfolio-paging-infinite fusion-portfolio-four fusion-portfolio-boxed fusion-portfolio-text fusion-portfolio-equal-heights\" data-id=\"-rw-1\" data-columns=\"four\"><div><ul class=\"fusion-filters\" role=\"menu\" aria-label=\"Portfolio Filters\"><li role=\"presentation\" class=\"fusion-filter fusion-filter-all fusion-active\"><a href=\"#\" data-filter=\"*\" role=\"menuitem\">All<\/a><\/li><li role=\"presentation\" class=\"fusion-filter fusion-hidden\"><a href=\"#\" data-filter=\".indigenous-habitat\" role=\"menuitem\">Indigenous Habitat<\/a><\/li><li role=\"presentation\" class=\"fusion-filter fusion-hidden\"><a href=\"#\" data-filter=\".international-cooperation\" role=\"menuitem\">International Cooperation<\/a><\/li><li role=\"presentation\" class=\"fusion-filter fusion-hidden\"><a href=\"#\" data-filter=\".materials-without-borders\" role=\"menuitem\">Materials without borders<\/a><\/li><li role=\"presentation\" class=\"fusion-filter fusion-hidden\"><a href=\"#\" data-filter=\".urban-solidarity\" role=\"menuitem\">Urban Solidarity<\/a><\/li><li role=\"presentation\" class=\"fusion-filter fusion-hidden\"><a href=\"#\" data-filter=\".voluntary-cooperation\" role=\"menuitem\">Voluntary cooperation<\/a><\/li><\/ul><\/div><style type=\"text\/css\">.fusion-portfolio-1 .fusion-portfolio-wrapper .fusion-col-spacing{padding:15px;}<\/style><div class=\"fusion-portfolio-wrapper\" id=\"fusion-portfolio-1\" data-picturesize=\"auto\" data-pages=\"2\" style=\"margin:-15px;\"><article id=\"portfolio-1-post-1139325\" class=\"fusion-portfolio-post urban-solidarity fusion-col-spacing post-1139325\"><div class=\"fusion-portfolio-content-wrapper\" style=\"border:1px solid #ffffff;border-bottom-width:3px;background-color:rgba(255,255,255,1);\"><span class=\"vcard rich-snippet-hidden\"><span class=\"fn\"><a href=\"https:\/\/www.asf-quebec.org\/en\/\" title=\"Posts by Isabelle Huiban\" rel=\"author\">Isabelle Huiban<\/a><\/span><\/span><span class=\"updated rich-snippet-hidden\">2023-02-17T04:46:06-05:00<\/span><div  class=\"fusion-image-wrapper\" aria-haspopup=\"true\">\n\t\t\t\t\t\t\t<a href=\"https:\/\/www.asf-quebec.org\/en\/portfolio-items\/covidesign\/?portfolioCats=52%2C44%2C51%2C53%2C54%2C45\" aria-label=\"COVIDesign\">\n\t\t\t\t\t\t\t<img decoding=\"async\" width=\"1326\" height=\"759\" src=\"https:\/\/www.asf-quebec.org\/wp-content\/uploads\/2022\/09\/COVIDesign.png\" class=\"attachment-full size-full lazyload wp-post-image\" alt=\"\" srcset=\"data:image\/svg+xml,%3Csvg%20xmlns%3D%27http%3A%2F%2Fwww.w3.org%2F2000%2Fsvg%27%20width%3D%271326%27%20height%3D%27759%27%20viewBox%3D%270%200%201326%20759%27%3E%3Crect%20width%3D%271326%27%20height%3D%27759%27%20fill-opacity%3D%220%22%2F%3E%3C%2Fsvg%3E\" data-orig-src=\"https:\/\/www.asf-quebec.org\/wp-content\/uploads\/2022\/09\/COVIDesign.png\" data-srcset=\"https:\/\/www.asf-quebec.org\/wp-content\/uploads\/2022\/09\/COVIDesign-200x114.png 200w, https:\/\/www.asf-quebec.org\/wp-content\/uploads\/2022\/09\/COVIDesign-400x229.png 400w, https:\/\/www.asf-quebec.org\/wp-content\/uploads\/2022\/09\/COVIDesign-600x343.png 600w, https:\/\/www.asf-quebec.org\/wp-content\/uploads\/2022\/09\/COVIDesign-800x458.png 800w, https:\/\/www.asf-quebec.org\/wp-content\/uploads\/2022\/09\/COVIDesign-1200x687.png 1200w, https:\/\/www.asf-quebec.org\/wp-content\/uploads\/2022\/09\/COVIDesign.png 1326w\" data-sizes=\"auto\" \/>\t\t\t<\/a>\n\t\t\t\t\t\t\t<\/div>\n<div class=\"fusion-portfolio-content\" style=\"background-color:rgba(255,255,255,1);\"><h2 class=\"entry-title fusion-post-title\"><a href=\"https:\/\/www.asf-quebec.org\/en\/portfolio-items\/covidesign\/?portfolioCats=52%2C44%2C51%2C53%2C54%2C45\">COVIDesign<\/a><\/h2><div class=\"fusion-post-content\"><\/div><\/div><\/div><\/article><article id=\"portfolio-1-post-951075\" class=\"fusion-portfolio-post indigenous-habitat urban-solidarity fusion-col-spacing post-951075\"><div class=\"fusion-portfolio-content-wrapper\" style=\"border:1px solid #ffffff;border-bottom-width:3px;background-color:rgba(255,255,255,1);\"><span class=\"vcard rich-snippet-hidden\"><span class=\"fn\"><a href=\"https:\/\/www.asf-quebec.org\/en\/\" title=\"Posts by Sarah Bengle\" rel=\"author\">Sarah Bengle<\/a><\/span><\/span><span class=\"updated rich-snippet-hidden\">2023-02-17T04:53:01-05:00<\/span><div  class=\"fusion-image-wrapper\" aria-haspopup=\"true\">\n\t\t\t\t\t\t\t<a href=\"https:\/\/www.asf-quebec.org\/en\/portfolio-items\/projet-iskweu\/?portfolioCats=52%2C44%2C51%2C53%2C54%2C45\" aria-label=\"Projet Iskweu\">\n\t\t\t\t\t\t\t<img decoding=\"async\" src=\"data:image\/gif;base64,R0lGODlhAQABAAAAACH5BAEKAAEALAAAAAABAAEAAAICTAEAOw==\" class=\"attachment-full size-full lazyload wp-post-image\" alt=\"\" data-orig-src=\"https:\/\/www.asf-quebec.org\/wp-content\/uploads\/2021\/09\/ASF_ISKWEU-4017.jpg\" \/>\t\t\t<\/a>\n\t\t\t\t\t\t\t<\/div>\n<div class=\"fusion-portfolio-content\" style=\"background-color:rgba(255,255,255,1);\"><h2 class=\"entry-title fusion-post-title\"><a href=\"https:\/\/www.asf-quebec.org\/en\/portfolio-items\/projet-iskweu\/?portfolioCats=52%2C44%2C51%2C53%2C54%2C45\">Projet Iskweu<\/a><\/h2><div class=\"fusion-post-content\"><\/div><\/div><\/div><\/article><article id=\"portfolio-1-post-332459\" class=\"fusion-portfolio-post indigenous-habitat fusion-col-spacing post-332459\"><div class=\"fusion-portfolio-content-wrapper\" style=\"border:1px solid #ffffff;border-bottom-width:3px;background-color:rgba(255,255,255,1);\"><span class=\"vcard rich-snippet-hidden\"><span class=\"fn\"><a href=\"https:\/\/www.asf-quebec.org\/en\/\" title=\"Posts by asf-quebec\" rel=\"author\">asf-quebec<\/a><\/span><\/span><span class=\"updated rich-snippet-hidden\">2023-02-17T04:53:30-05:00<\/span><div  class=\"fusion-image-wrapper\" aria-haspopup=\"true\">\n\t\t\t\t\t\t\t<a href=\"https:\/\/www.asf-quebec.org\/en\/portfolio-items\/rehabilitation-des-habitations-de-kitcisakik\/?portfolioCats=52%2C44%2C51%2C53%2C54%2C45\" aria-label=\"R\u00e9habilitation des habitations de Kitcisakik\">\n\t\t\t\t\t\t\t<img decoding=\"async\" width=\"3648\" height=\"2562\" src=\"data:image\/svg+xml,%3Csvg%20xmlns%3D%27http%3A%2F%2Fwww.w3.org%2F2000%2Fsvg%27%20width%3D%273648%27%20height%3D%272562%27%20viewBox%3D%270%200%203648%202562%27%3E%3Crect%20width%3D%273648%27%20height%3D%272562%27%20fill-opacity%3D%220%22%2F%3E%3C%2Fsvg%3E\" class=\"attachment-full size-full lazyload wp-post-image\" alt=\"\" data-orig-src=\"https:\/\/www.asf-quebec.org\/wp-content\/uploads\/2019\/11\/IMG_7812-e1624462124515.jpg\" \/>\t\t\t<\/a>\n\t\t\t\t\t\t\t<\/div>\n<div class=\"fusion-portfolio-content\" style=\"background-color:rgba(255,255,255,1);\"><h2 class=\"entry-title fusion-post-title\"><a href=\"https:\/\/www.asf-quebec.org\/en\/portfolio-items\/rehabilitation-des-habitations-de-kitcisakik\/?portfolioCats=52%2C44%2C51%2C53%2C54%2C45\">R\u00e9habilitation des habitations de Kitcisakik<\/a><\/h2><div class=\"fusion-post-content\"><\/div><\/div><\/div><\/article><article id=\"portfolio-1-post-332453\" class=\"fusion-portfolio-post international-cooperation volunteer-commitment fusion-col-spacing post-332453\"><div class=\"fusion-portfolio-content-wrapper\" style=\"border:1px solid #ffffff;border-bottom-width:3px;background-color:rgba(255,255,255,1);\"><span class=\"vcard rich-snippet-hidden\"><span class=\"fn\"><a href=\"https:\/\/www.asf-quebec.org\/en\/\" title=\"Posts by asf-quebec\" rel=\"author\">asf-quebec<\/a><\/span><\/span><span class=\"updated rich-snippet-hidden\">2023-02-17T04:53:50-05:00<\/span><div  class=\"fusion-image-wrapper\" aria-haspopup=\"true\">\n\t\t\t\t\t\t\t<a href=\"https:\/\/www.asf-quebec.org\/en\/portfolio-items\/centre-communautaire-para-sismique-de-chhulemu\/?portfolioCats=52%2C44%2C51%2C53%2C54%2C45\" aria-label=\"Centre communautaire para-sismique de Chhulemu\">\n\t\t\t\t\t\t\t<img decoding=\"async\" width=\"704\" height=\"500\" src=\"data:image\/svg+xml,%3Csvg%20xmlns%3D%27http%3A%2F%2Fwww.w3.org%2F2000%2Fsvg%27%20width%3D%27704%27%20height%3D%27500%27%20viewBox%3D%270%200%20704%20500%27%3E%3Crect%20width%3D%27704%27%20height%3D%27500%27%20fill-opacity%3D%220%22%2F%3E%3C%2Fsvg%3E\" class=\"attachment-full size-full lazyload wp-post-image\" alt=\"\" data-orig-src=\"https:\/\/www.asf-quebec.org\/wp-content\/uploads\/2019\/09\/ASFQ-MatSansFront-Photo-e1624462021619.jpg\" \/>\t\t\t<\/a>\n\t\t\t\t\t\t\t<\/div>\n<div class=\"fusion-portfolio-content\" style=\"background-color:rgba(255,255,255,1);\"><h2 class=\"entry-title fusion-post-title\"><a href=\"https:\/\/www.asf-quebec.org\/en\/portfolio-items\/centre-communautaire-para-sismique-de-chhulemu\/?portfolioCats=52%2C44%2C51%2C53%2C54%2C45\">Centre communautaire para-sismique de Chhulemu<\/a><\/h2><div class=\"fusion-post-content\"><\/div><\/div><\/div><\/article><article id=\"portfolio-1-post-332442\" class=\"fusion-portfolio-post international-cooperation volunteer-commitment fusion-col-spacing post-332442\"><div class=\"fusion-portfolio-content-wrapper\" style=\"border:1px solid #ffffff;border-bottom-width:3px;background-color:rgba(255,255,255,1);\"><span class=\"vcard rich-snippet-hidden\"><span class=\"fn\"><a href=\"https:\/\/www.asf-quebec.org\/en\/\" title=\"Posts by asf-quebec\" rel=\"author\">asf-quebec<\/a><\/span><\/span><span class=\"updated rich-snippet-hidden\">2023-02-17T04:53:59-05:00<\/span><div  class=\"fusion-image-wrapper\" aria-haspopup=\"true\">\n\t\t\t\t\t\t\t<a href=\"https:\/\/www.asf-quebec.org\/en\/portfolio-items\/centre-de-sante-dambatofotsy\/?portfolioCats=52%2C44%2C51%2C53%2C54%2C45\" aria-label=\"Centre de sant\u00e9 d&#8217;Ambatofotsy\">\n\t\t\t\t\t\t\t<img decoding=\"async\" width=\"6000\" height=\"4000\" src=\"https:\/\/www.asf-quebec.org\/wp-content\/uploads\/2019\/11\/DSC1672.jpg\" class=\"attachment-full size-full lazyload wp-post-image\" alt=\"\" srcset=\"data:image\/svg+xml,%3Csvg%20xmlns%3D%27http%3A%2F%2Fwww.w3.org%2F2000%2Fsvg%27%20width%3D%276000%27%20height%3D%274000%27%20viewBox%3D%270%200%206000%204000%27%3E%3Crect%20width%3D%276000%27%20height%3D%274000%27%20fill-opacity%3D%220%22%2F%3E%3C%2Fsvg%3E\" data-orig-src=\"https:\/\/www.asf-quebec.org\/wp-content\/uploads\/2019\/11\/DSC1672.jpg\" data-srcset=\"https:\/\/www.asf-quebec.org\/wp-content\/uploads\/2019\/11\/DSC1672-200x133.jpg 200w, https:\/\/www.asf-quebec.org\/wp-content\/uploads\/2019\/11\/DSC1672-400x267.jpg 400w, https:\/\/www.asf-quebec.org\/wp-content\/uploads\/2019\/11\/DSC1672-600x400.jpg 600w, https:\/\/www.asf-quebec.org\/wp-content\/uploads\/2019\/11\/DSC1672-800x533.jpg 800w, https:\/\/www.asf-quebec.org\/wp-content\/uploads\/2019\/11\/DSC1672-1200x800.jpg 1200w, https:\/\/www.asf-quebec.org\/wp-content\/uploads\/2019\/11\/DSC1672.jpg 6000w\" data-sizes=\"auto\" \/>\t\t\t<\/a>\n\t\t\t\t\t\t\t<\/div>\n<div class=\"fusion-portfolio-content\" style=\"background-color:rgba(255,255,255,1);\"><h2 class=\"entry-title fusion-post-title\"><a href=\"https:\/\/www.asf-quebec.org\/en\/portfolio-items\/centre-de-sante-dambatofotsy\/?portfolioCats=52%2C44%2C51%2C53%2C54%2C45\">Centre de sant\u00e9 d&#8217;Ambatofotsy<\/a><\/h2><div class=\"fusion-post-content\"><\/div><\/div><\/div><\/article><article id=\"portfolio-1-post-332431\" class=\"fusion-portfolio-post international-cooperation fusion-col-spacing post-332431\"><div class=\"fusion-portfolio-content-wrapper\" style=\"border:1px solid #ffffff;border-bottom-width:3px;background-color:rgba(255,255,255,1);\"><span class=\"vcard rich-snippet-hidden\"><span class=\"fn\"><a href=\"https:\/\/www.asf-quebec.org\/en\/\" title=\"Posts by asf-quebec\" rel=\"author\">asf-quebec<\/a><\/span><\/span><span class=\"updated rich-snippet-hidden\">2023-02-17T04:54:09-05:00<\/span><div  class=\"fusion-image-wrapper\" aria-haspopup=\"true\">\n\t\t\t\t\t\t\t<a href=\"https:\/\/www.asf-quebec.org\/en\/portfolio-items\/un-toit-pour-haiti\/?portfolioCats=52%2C44%2C51%2C53%2C54%2C45\" aria-label=\"Un toit pour Ha\u00efti\">\n\t\t\t\t\t\t\t<img decoding=\"async\" width=\"1675\" height=\"1100\" src=\"https:\/\/www.asf-quebec.org\/wp-content\/uploads\/2020\/01\/Toiture-tole6b.jpg\" class=\"attachment-full size-full lazyload wp-post-image\" alt=\"\" srcset=\"data:image\/svg+xml,%3Csvg%20xmlns%3D%27http%3A%2F%2Fwww.w3.org%2F2000%2Fsvg%27%20width%3D%271675%27%20height%3D%271100%27%20viewBox%3D%270%200%201675%201100%27%3E%3Crect%20width%3D%271675%27%20height%3D%271100%27%20fill-opacity%3D%220%22%2F%3E%3C%2Fsvg%3E\" data-orig-src=\"https:\/\/www.asf-quebec.org\/wp-content\/uploads\/2020\/01\/Toiture-tole6b.jpg\" data-srcset=\"https:\/\/www.asf-quebec.org\/wp-content\/uploads\/2020\/01\/Toiture-tole6b-200x131.jpg 200w, https:\/\/www.asf-quebec.org\/wp-content\/uploads\/2020\/01\/Toiture-tole6b-400x263.jpg 400w, https:\/\/www.asf-quebec.org\/wp-content\/uploads\/2020\/01\/Toiture-tole6b-600x394.jpg 600w, https:\/\/www.asf-quebec.org\/wp-content\/uploads\/2020\/01\/Toiture-tole6b-800x525.jpg 800w, https:\/\/www.asf-quebec.org\/wp-content\/uploads\/2020\/01\/Toiture-tole6b-1200x788.jpg 1200w, https:\/\/www.asf-quebec.org\/wp-content\/uploads\/2020\/01\/Toiture-tole6b.jpg 1675w\" data-sizes=\"auto\" \/>\t\t\t<\/a>\n\t\t\t\t\t\t\t<\/div>\n<div class=\"fusion-portfolio-content\" style=\"background-color:rgba(255,255,255,1);\"><h2 class=\"entry-title fusion-post-title\"><a href=\"https:\/\/www.asf-quebec.org\/en\/portfolio-items\/un-toit-pour-haiti\/?portfolioCats=52%2C44%2C51%2C53%2C54%2C45\">Un toit pour Ha\u00efti<\/a><\/h2><div class=\"fusion-post-content\"><\/div><\/div><\/div><\/article><article id=\"portfolio-1-post-332425\" class=\"fusion-portfolio-post international-cooperation volunteer-commitment fusion-col-spacing post-332425\"><div class=\"fusion-portfolio-content-wrapper\" style=\"border:1px solid #ffffff;border-bottom-width:3px;background-color:rgba(255,255,255,1);\"><span class=\"vcard rich-snippet-hidden\"><span class=\"fn\"><a href=\"https:\/\/www.asf-quebec.org\/en\/\" title=\"Posts by duvaldc123\" rel=\"author\">duvaldc123<\/a><\/span><\/span><span class=\"updated rich-snippet-hidden\">2023-02-17T04:54:30-05:00<\/span><div  class=\"fusion-image-wrapper\" aria-haspopup=\"true\">\n\t\t\t\t\t\t\t<a href=\"https:\/\/www.asf-quebec.org\/en\/portfolio-items\/poste-de-sante-de-kunturo\/?portfolioCats=52%2C44%2C51%2C53%2C54%2C45\" aria-label=\"Poste de sant\u00e9 de Kunturo\">\n\t\t\t\t\t\t\t<img decoding=\"async\" width=\"6000\" height=\"4000\" src=\"https:\/\/www.asf-quebec.org\/wp-content\/uploads\/2019\/09\/Copie-de-_DSC4581.jpg\" class=\"attachment-full size-full lazyload wp-post-image\" alt=\"\" srcset=\"data:image\/svg+xml,%3Csvg%20xmlns%3D%27http%3A%2F%2Fwww.w3.org%2F2000%2Fsvg%27%20width%3D%276000%27%20height%3D%274000%27%20viewBox%3D%270%200%206000%204000%27%3E%3Crect%20width%3D%276000%27%20height%3D%274000%27%20fill-opacity%3D%220%22%2F%3E%3C%2Fsvg%3E\" data-orig-src=\"https:\/\/www.asf-quebec.org\/wp-content\/uploads\/2019\/09\/Copie-de-_DSC4581.jpg\" data-srcset=\"https:\/\/www.asf-quebec.org\/wp-content\/uploads\/2019\/09\/Copie-de-_DSC4581-200x133.jpg 200w, https:\/\/www.asf-quebec.org\/wp-content\/uploads\/2019\/09\/Copie-de-_DSC4581-400x267.jpg 400w, https:\/\/www.asf-quebec.org\/wp-content\/uploads\/2019\/09\/Copie-de-_DSC4581-600x400.jpg 600w, https:\/\/www.asf-quebec.org\/wp-content\/uploads\/2019\/09\/Copie-de-_DSC4581-800x533.jpg 800w, https:\/\/www.asf-quebec.org\/wp-content\/uploads\/2019\/09\/Copie-de-_DSC4581-1200x800.jpg 1200w, https:\/\/www.asf-quebec.org\/wp-content\/uploads\/2019\/09\/Copie-de-_DSC4581.jpg 6000w\" data-sizes=\"auto\" \/>\t\t\t<\/a>\n\t\t\t\t\t\t\t<\/div>\n<div class=\"fusion-portfolio-content\" style=\"background-color:rgba(255,255,255,1);\"><h2 class=\"entry-title fusion-post-title\"><a href=\"https:\/\/www.asf-quebec.org\/en\/portfolio-items\/poste-de-sante-de-kunturo\/?portfolioCats=52%2C44%2C51%2C53%2C54%2C45\">Poste de sant\u00e9 de Kunturo<\/a><\/h2><div class=\"fusion-post-content\"><\/div><\/div><\/div><\/article><article id=\"portfolio-1-post-332391\" class=\"fusion-portfolio-post international-cooperation volunteer-commitment fusion-col-spacing post-332391\"><div class=\"fusion-portfolio-content-wrapper\" style=\"border:1px solid #ffffff;border-bottom-width:3px;background-color:rgba(255,255,255,1);\"><span class=\"vcard rich-snippet-hidden\"><span class=\"fn\"><a href=\"https:\/\/www.asf-quebec.org\/en\/\" title=\"Posts by asf-quebec\" rel=\"author\">asf-quebec<\/a><\/span><\/span><span class=\"updated rich-snippet-hidden\">2022-09-02T16:12:18-04:00<\/span><div  class=\"fusion-image-wrapper\" aria-haspopup=\"true\">\n\t\t\t\t\t\t\t<a href=\"https:\/\/www.asf-quebec.org\/en\/portfolio-items\/ecole-de-nainokanoka-tanzanie-2019\/?portfolioCats=52%2C44%2C51%2C53%2C54%2C45\" aria-label=\"\u00c9cole maternelle de Nainokanoka\">\n\t\t\t\t\t\t\t<img decoding=\"async\" width=\"1727\" height=\"1311\" src=\"data:image\/svg+xml,%3Csvg%20xmlns%3D%27http%3A%2F%2Fwww.w3.org%2F2000%2Fsvg%27%20width%3D%271727%27%20height%3D%271311%27%20viewBox%3D%270%200%201727%201311%27%3E%3Crect%20width%3D%271727%27%20height%3D%271311%27%20fill-opacity%3D%220%22%2F%3E%3C%2Fsvg%3E\" class=\"attachment-full size-full lazyload wp-post-image\" alt=\"\" data-orig-src=\"https:\/\/www.asf-quebec.org\/wp-content\/uploads\/2020\/02\/tanzz-1-e1624479637803.jpg\" \/>\t\t\t<\/a>\n\t\t\t\t\t\t\t<\/div>\n<div class=\"fusion-portfolio-content\" style=\"background-color:rgba(255,255,255,1);\"><h2 class=\"entry-title fusion-post-title\"><a href=\"https:\/\/www.asf-quebec.org\/en\/portfolio-items\/ecole-de-nainokanoka-tanzanie-2019\/?portfolioCats=52%2C44%2C51%2C53%2C54%2C45\">\u00c9cole maternelle de Nainokanoka<\/a><\/h2><div class=\"fusion-post-content\"><\/div><\/div><\/div><\/article><article id=\"portfolio-1-post-332399\" class=\"fusion-portfolio-post indigenous-habitat urban-solidarity fusion-col-spacing post-332399\"><div class=\"fusion-portfolio-content-wrapper\" style=\"border:1px solid #ffffff;border-bottom-width:3px;background-color:rgba(255,255,255,1);\"><span class=\"vcard rich-snippet-hidden\"><span class=\"fn\"><a href=\"https:\/\/www.asf-quebec.org\/en\/\" title=\"Posts by asf-quebec\" rel=\"author\">asf-quebec<\/a><\/span><\/span><span class=\"updated rich-snippet-hidden\">2024-07-23T15:34:01-04:00<\/span><div  class=\"fusion-image-wrapper\" aria-haspopup=\"true\">\n\t\t\t\t\t\t\t<a href=\"https:\/\/www.asf-quebec.org\/en\/portfolio-items\/resilience-montreal-montreal-2019\/?portfolioCats=52%2C44%2C51%2C53%2C54%2C45\" aria-label=\"R\u00e9silience Montr\u00e9al\">\n\t\t\t\t\t\t\t<img decoding=\"async\" width=\"2048\" height=\"1536\" src=\"data:image\/svg+xml,%3Csvg%20xmlns%3D%27http%3A%2F%2Fwww.w3.org%2F2000%2Fsvg%27%20width%3D%272048%27%20height%3D%271536%27%20viewBox%3D%270%200%202048%201536%27%3E%3Crect%20width%3D%272048%27%20height%3D%271536%27%20fill-opacity%3D%220%22%2F%3E%3C%2Fsvg%3E\" class=\"attachment-full size-full lazyload wp-post-image\" alt=\"\" data-orig-src=\"https:\/\/www.asf-quebec.org\/wp-content\/uploads\/2020\/01\/IMG_4403-e1624479299998.jpg\" \/>\t\t\t<\/a>\n\t\t\t\t\t\t\t<\/div>\n<div class=\"fusion-portfolio-content\" style=\"background-color:rgba(255,255,255,1);\"><h2 class=\"entry-title fusion-post-title\"><a href=\"https:\/\/www.asf-quebec.org\/en\/portfolio-items\/resilience-montreal-montreal-2019\/?portfolioCats=52%2C44%2C51%2C53%2C54%2C45\">R\u00e9silience Montr\u00e9al<\/a><\/h2><div class=\"fusion-post-content\"><\/div><\/div><\/div><\/article><article id=\"portfolio-1-post-332409\" class=\"fusion-portfolio-post urban-solidarity fusion-col-spacing post-332409\"><div class=\"fusion-portfolio-content-wrapper\" style=\"border:1px solid #ffffff;border-bottom-width:3px;background-color:rgba(255,255,255,1);\"><span class=\"vcard rich-snippet-hidden\"><span class=\"fn\"><a href=\"https:\/\/www.asf-quebec.org\/en\/\" title=\"Posts by asf-quebec\" rel=\"author\">asf-quebec<\/a><\/span><\/span><span class=\"updated rich-snippet-hidden\">2024-07-24T09:57:32-04:00<\/span><div  class=\"fusion-image-wrapper\" aria-haspopup=\"true\">\n\t\t\t\t\t\t\t<a href=\"https:\/\/www.asf-quebec.org\/en\/portfolio-items\/2973\/?portfolioCats=52%2C44%2C51%2C53%2C54%2C45\" aria-label=\"Am\u00e9nagement ext\u00e9rieur du B\u00e2timent 7\">\n\t\t\t\t\t\t\t<img decoding=\"async\" width=\"3984\" height=\"2988\" src=\"data:image\/svg+xml,%3Csvg%20xmlns%3D%27http%3A%2F%2Fwww.w3.org%2F2000%2Fsvg%27%20width%3D%273984%27%20height%3D%272988%27%20viewBox%3D%270%200%203984%202988%27%3E%3Crect%20width%3D%273984%27%20height%3D%272988%27%20fill-opacity%3D%220%22%2F%3E%3C%2Fsvg%3E\" class=\"attachment-full size-full lazyload wp-post-image\" alt=\"\" data-orig-src=\"https:\/\/www.asf-quebec.org\/wp-content\/uploads\/2019\/09\/2-PHOTO-fabrication-du-dome2-e1624477745372.jpg\" \/>\t\t\t<\/a>\n\t\t\t\t\t\t\t<\/div>\n<div class=\"fusion-portfolio-content\" style=\"background-color:rgba(255,255,255,1);\"><h2 class=\"entry-title fusion-post-title\"><a href=\"https:\/\/www.asf-quebec.org\/en\/portfolio-items\/2973\/?portfolioCats=52%2C44%2C51%2C53%2C54%2C45\">Am\u00e9nagement ext\u00e9rieur du B\u00e2timent 7<\/a><\/h2><div class=\"fusion-post-content\"><\/div><\/div><\/div><\/article><\/div><div class=\"fusion-infinite-scroll-trigger\"><\/div><div class=\"pagination infinite-scroll clearfix\" style=\"display:none;\"><span class=\"current\">1<\/span><a href=\"https:\/\/www.asf-quebec.org\/en\/wp-json\/wp\/v2\/pages\/331662\/page\/2\/\" class=\"inactive\">2<\/a><a class=\"pagination-next\" rel=\"next\" href=\"https:\/\/www.asf-quebec.org\/en\/wp-json\/wp\/v2\/pages\/331662\/page\/2\/\"><span class=\"page-text\">Next<\/span><span class=\"page-next\"><\/span><\/a><\/div><div class=\"fusion-clearfix\"><\/div><\/div><div class=\"fusion-clearfix\"><\/div><\/div><\/div><\/div><\/div>\n","protected":false},"excerpt":{"rendered":"","protected":false},"author":1,"featured_media":0,"parent":0,"menu_order":0,"comment_status":"closed","ping_status":"closed","template":"","meta":{"_acf_changed":false,"footnotes":""},"class_list":["post-331662","page","type-page","status-publish","hentry"],"acf":[],"yoast_head":"<!-- This site is optimized with the Yoast SEO plugin v26.8 - https:\/\/yoast.com\/product\/yoast-seo-wordpress\/ -->\n<title>Our projects - Architecture Sans Fronti\u00e8res Qu\u00e9bec<\/title>\n<meta name=\"robots\" content=\"index, follow, max-snippet:-1, max-image-preview:large, max-video-preview:-1\" \/>\n<link rel=\"canonical\" href=\"https:\/\/www.asf-quebec.org\/en\/our-projects\/\" \/>\n<meta property=\"og:locale\" content=\"en_US\" \/>\n<meta property=\"og:type\" content=\"article\" \/>\n<meta property=\"og:title\" content=\"Our projects - Architecture Sans Fronti\u00e8res Qu\u00e9bec\" \/>\n<meta property=\"og:url\" content=\"https:\/\/www.asf-quebec.org\/en\/our-projects\/\" \/>\n<meta property=\"og:site_name\" content=\"Architecture Sans Fronti\u00e8res Qu\u00e9bec\" \/>\n<meta property=\"article:publisher\" content=\"https:\/\/www.facebook.com\/architecturesansfrontieres\/\" \/>\n<meta property=\"article:modified_time\" content=\"2024-07-19T13:35:48+00:00\" \/>\n<meta name=\"twitter:card\" content=\"summary_large_image\" \/>\n<script type=\"application\/ld+json\" class=\"yoast-schema-graph\">{\"@context\":\"https:\/\/schema.org\",\"@graph\":[{\"@type\":\"WebPage\",\"@id\":\"https:\/\/www.asf-quebec.org\/en\/our-projects\/\",\"url\":\"https:\/\/www.asf-quebec.org\/en\/our-projects\/\",\"name\":\"Our projects - Architecture Sans Fronti\u00e8res Qu\u00e9bec\",\"isPartOf\":{\"@id\":\"https:\/\/www.asf-quebec.org\/en\/#website\"},\"datePublished\":\"2021-06-16T14:16:50+00:00\",\"dateModified\":\"2024-07-19T13:35:48+00:00\",\"breadcrumb\":{\"@id\":\"https:\/\/www.asf-quebec.org\/en\/our-projects\/#breadcrumb\"},\"inLanguage\":\"en-US\",\"potentialAction\":[{\"@type\":\"ReadAction\",\"target\":[\"https:\/\/www.asf-quebec.org\/en\/our-projects\/\"]}]},{\"@type\":\"BreadcrumbList\",\"@id\":\"https:\/\/www.asf-quebec.org\/en\/our-projects\/#breadcrumb\",\"itemListElement\":[{\"@type\":\"ListItem\",\"position\":1,\"name\":\"Accueil\",\"item\":\"https:\/\/www.asf-quebec.org\/en\/\"},{\"@type\":\"ListItem\",\"position\":2,\"name\":\"Our projects\"}]},{\"@type\":\"WebSite\",\"@id\":\"https:\/\/www.asf-quebec.org\/en\/#website\",\"url\":\"https:\/\/www.asf-quebec.org\/en\/\",\"name\":\"Architecture sans fronti\u00e8res Qu\u00e9bec\",\"description\":\"ASFQ\",\"publisher\":{\"@id\":\"https:\/\/www.asf-quebec.org\/en\/#organization\"},\"potentialAction\":[{\"@type\":\"SearchAction\",\"target\":{\"@type\":\"EntryPoint\",\"urlTemplate\":\"https:\/\/www.asf-quebec.org\/en\/?s={search_term_string}\"},\"query-input\":{\"@type\":\"PropertyValueSpecification\",\"valueRequired\":true,\"valueName\":\"search_term_string\"}}],\"inLanguage\":\"en-US\"},{\"@type\":\"Organization\",\"@id\":\"https:\/\/www.asf-quebec.org\/en\/#organization\",\"name\":\"Architecture sans fronti\u00e8res Qu\u00e9bec (ASFQ)\",\"url\":\"https:\/\/www.asf-quebec.org\/en\/\",\"logo\":{\"@type\":\"ImageObject\",\"inLanguage\":\"en-US\",\"@id\":\"https:\/\/www.asf-quebec.org\/en\/#\/schema\/logo\/image\/\",\"url\":\"https:\/\/www.asf-quebec.org\/wp-content\/uploads\/2019\/07\/Logo-asfq-retina.jpg\",\"contentUrl\":\"https:\/\/www.asf-quebec.org\/wp-content\/uploads\/2019\/07\/Logo-asfq-retina.jpg\",\"width\":564,\"height\":219,\"caption\":\"Architecture sans fronti\u00e8res Qu\u00e9bec (ASFQ)\"},\"image\":{\"@id\":\"https:\/\/www.asf-quebec.org\/en\/#\/schema\/logo\/image\/\"},\"sameAs\":[\"https:\/\/www.facebook.com\/architecturesansfrontieres\/\",\"https:\/\/www.instagram.com\/asfquebec\/\",\"https:\/\/www.linkedin.com\/company\/asf-quebec\/\"]}]}<\/script>\n<!-- \/ Yoast SEO plugin. -->","yoast_head_json":{"title":"Our projects - Architecture Sans Fronti\u00e8res Qu\u00e9bec","robots":{"index":"index","follow":"follow","max-snippet":"max-snippet:-1","max-image-preview":"max-image-preview:large","max-video-preview":"max-video-preview:-1"},"canonical":"https:\/\/www.asf-quebec.org\/en\/our-projects\/","og_locale":"en_US","og_type":"article","og_title":"Our projects - Architecture Sans Fronti\u00e8res Qu\u00e9bec","og_url":"https:\/\/www.asf-quebec.org\/en\/our-projects\/","og_site_name":"Architecture Sans Fronti\u00e8res Qu\u00e9bec","article_publisher":"https:\/\/www.facebook.com\/architecturesansfrontieres\/","article_modified_time":"2024-07-19T13:35:48+00:00","twitter_card":"summary_large_image","schema":{"@context":"https:\/\/schema.org","@graph":[{"@type":"WebPage","@id":"https:\/\/www.asf-quebec.org\/en\/our-projects\/","url":"https:\/\/www.asf-quebec.org\/en\/our-projects\/","name":"Our projects - Architecture Sans Fronti\u00e8res Qu\u00e9bec","isPartOf":{"@id":"https:\/\/www.asf-quebec.org\/en\/#website"},"datePublished":"2021-06-16T14:16:50+00:00","dateModified":"2024-07-19T13:35:48+00:00","breadcrumb":{"@id":"https:\/\/www.asf-quebec.org\/en\/our-projects\/#breadcrumb"},"inLanguage":"en-US","potentialAction":[{"@type":"ReadAction","target":["https:\/\/www.asf-quebec.org\/en\/our-projects\/"]}]},{"@type":"BreadcrumbList","@id":"https:\/\/www.asf-quebec.org\/en\/our-projects\/#breadcrumb","itemListElement":[{"@type":"ListItem","position":1,"name":"Accueil","item":"https:\/\/www.asf-quebec.org\/en\/"},{"@type":"ListItem","position":2,"name":"Our projects"}]},{"@type":"WebSite","@id":"https:\/\/www.asf-quebec.org\/en\/#website","url":"https:\/\/www.asf-quebec.org\/en\/","name":"Architecture sans fronti\u00e8res Qu\u00e9bec","description":"ASFQ","publisher":{"@id":"https:\/\/www.asf-quebec.org\/en\/#organization"},"potentialAction":[{"@type":"SearchAction","target":{"@type":"EntryPoint","urlTemplate":"https:\/\/www.asf-quebec.org\/en\/?s={search_term_string}"},"query-input":{"@type":"PropertyValueSpecification","valueRequired":true,"valueName":"search_term_string"}}],"inLanguage":"en-US"},{"@type":"Organization","@id":"https:\/\/www.asf-quebec.org\/en\/#organization","name":"Architecture sans fronti\u00e8res Qu\u00e9bec (ASFQ)","url":"https:\/\/www.asf-quebec.org\/en\/","logo":{"@type":"ImageObject","inLanguage":"en-US","@id":"https:\/\/www.asf-quebec.org\/en\/#\/schema\/logo\/image\/","url":"https:\/\/www.asf-quebec.org\/wp-content\/uploads\/2019\/07\/Logo-asfq-retina.jpg","contentUrl":"https:\/\/www.asf-quebec.org\/wp-content\/uploads\/2019\/07\/Logo-asfq-retina.jpg","width":564,"height":219,"caption":"Architecture sans fronti\u00e8res Qu\u00e9bec (ASFQ)"},"image":{"@id":"https:\/\/www.asf-quebec.org\/en\/#\/schema\/logo\/image\/"},"sameAs":["https:\/\/www.facebook.com\/architecturesansfrontieres\/","https:\/\/www.instagram.com\/asfquebec\/","https:\/\/www.linkedin.com\/company\/asf-quebec\/"]}]}},"_links":{"self":[{"href":"https:\/\/www.asf-quebec.org\/en\/wp-json\/wp\/v2\/pages\/331662","targetHints":{"allow":["GET"]}}],"collection":[{"href":"https:\/\/www.asf-quebec.org\/en\/wp-json\/wp\/v2\/pages"}],"about":[{"href":"https:\/\/www.asf-quebec.org\/en\/wp-json\/wp\/v2\/types\/page"}],"author":[{"embeddable":true,"href":"https:\/\/www.asf-quebec.org\/en\/wp-json\/wp\/v2\/users\/1"}],"replies":[{"embeddable":true,"href":"https:\/\/www.asf-quebec.org\/en\/wp-json\/wp\/v2\/comments?post=331662"}],"version-history":[{"count":5,"href":"https:\/\/www.asf-quebec.org\/en\/wp-json\/wp\/v2\/pages\/331662\/revisions"}],"predecessor-version":[{"id":1824366,"href":"https:\/\/www.asf-quebec.org\/en\/wp-json\/wp\/v2\/pages\/331662\/revisions\/1824366"}],"wp:attachment":[{"href":"https:\/\/www.asf-quebec.org\/en\/wp-json\/wp\/v2\/media?parent=331662"}],"curies":[{"name":"wp","href":"https:\/\/api.w.org\/{rel}","templated":true}]}}