{"id":1139274,"date":"2021-10-05T16:23:37","date_gmt":"2021-10-05T16:23:37","guid":{"rendered":"https:\/\/www.asf-quebec.org\/service-damenagement-pour-les-projets-communautaires\/"},"modified":"2023-02-17T04:13:28","modified_gmt":"2023-02-17T04:13:28","slug":"service-damenagement-pour-les-projets-communautaires","status":"publish","type":"page","link":"https:\/\/www.asf-quebec.org\/en\/service-damenagement-pour-les-projets-communautaires\/","title":{"rendered":"Service d&#8217;am\u00e9nagement pour les projets communautaires \u00e0 Montr\u00e9al &#8211; GRATUIT !"},"content":{"rendered":"<h2>Service d&#8217;am\u00e9nagement pour les projets communautaires<\/h2>\n<p>&nbsp;<\/p>\n<h3><b>Vous \u00eates responsable d\u2019un projet communautaire visant l\u2019\u00e9quit\u00e9 urbaine, l\u2019inclusion sociale ou l\u2019aide aux plus vuln\u00e9rables \u00e0 Montr\u00e9al ? Vous souhaitez optimiser vos espaces ou en am\u00e9nager de nouveaux pour mieux r\u00e9aliser votre mission? Obtenez un accompagnement personnalis\u00e9 et gratuit offert par notre \u00e9quipe de professionnels.\u00a0<\/b><strong>Ce service d&#8217;am\u00e9nagement pour les projets communautaires est offert dans le cadre du programme de <a href=\"https:\/\/www.asf-quebec.org\/nos-programmes\/solidarite-urbaine\/\">Solidarit\u00e9 urbaine<\/a> d\u2019ASFQ<\/strong><\/h3>\n<p>&nbsp;<\/p>\n<h5><b>Appels \u00e0 projets<\/b><\/h5>\n<p><span style=\"font-weight: 400;\">Les demandes d\u2019accompagnement doivent \u00eatre adress\u00e9es dans le cadre d\u2019appels \u00e0 projets cycliques communiqu\u00e9s 2 \u00e0 3 fois par ann\u00e9e. <\/span><span style=\"font-weight: 400;\">Tenez-vous inform\u00e9s des appels \u00e0 projets suivants et de nos actualit\u00e9s en vous inscrivant \u00e0 <\/span><a href=\"https:\/\/architectes-urgence.us19.list-manage.com\/subscribe?u=fcb062f955f21d347ac8885e5&amp;id=c227abc5ec\"><span style=\"font-weight: 400;\">l\u2019infolettre d\u2019ASFQ<\/span><\/a><span style=\"font-weight: 400;\">.<\/span><\/p>\n<h5><b><i><\/i><\/b><b>Contexte\u00a0<\/b><\/h5>\n<p><span style=\"font-weight: 400;\">Montr\u00e9al regorge d\u2019initiatives communautaires audacieuses qui cherchent \u00e0 am\u00e9liorer nos milieux de vie urbains. Ceci est d\u2019autant plus vrai depuis la pand\u00e9mie, alors que de nombreux organismes sont amen\u00e9s \u00e0 red\u00e9finir leurs activit\u00e9s pour mieux servir leurs client\u00e8les, suscitant de nouveaux besoins en termes d\u2019utilisation des espaces. Or bon nombre d\u2019id\u00e9es ne r\u00e9ussissent pas \u00e0 se mat\u00e9rialiser, faute d\u2019un accompagnement ad\u00e9quat. Voil\u00e0 pourquoi ASFQ propose ses services aux organismes pour augmenter, \u00e0 moindres frais, la qualit\u00e9 des espaces du r\u00e9seau communautaire. Rendus possibles gr\u00e2ce \u00e0 l\u2019appui financier du gouvernement du Qu\u00e9bec, de tels services de design abordables sont essentiels pour un acc\u00e8s \u00e9quitable \u00e0 des espaces fonctionnels, dignes et accueillants.<\/span><\/p>\n<h5><b>Notre \u00e9quipe<\/b><\/h5>\n<p><span style=\"font-weight: 400;\">ASFQ met \u00e0 disposition une \u00e9quipe de professionnels du design et de l&#8217;architecture exp\u00e9riment\u00e9e, connaissant les r\u00e9alit\u00e9s du milieu communautaire et pr\u00eate \u00e0 vous accompagner dans une ou plusieurs \u00e9tapes de votre projet. En plus de poss\u00e9der un solide r\u00e9seau dans le domaine de la construction, nous travaillons avec une communaut\u00e9 de professionnels bienveillants. Ces partenaires essentiels nous permettent d\u2019\u00eatre agiles dans la r\u00e9alisation d\u2019une diversit\u00e9 de mandats.<\/span><\/p>\n<h5><b>Projets vis\u00e9s\u00a0<\/b><\/h5>\n<p><span style=\"font-weight: 400;\">Les projets admissibles doivent disposer de moyens limit\u00e9s pour r\u00e9aliser des am\u00e9nagements \u00e0 fort impact social sur des enjeux urbains importants (l\u2019itin\u00e9rance, l\u2019aide alimentaire, l\u2019\u00e9radication de la discrimination, les causes autochtones, l\u2019inclusion des communaut\u00e9s, etc.) Le service vise d\u2019abord des projets s\u2019adressant aux plus vuln\u00e9rables, mais reste ouvert aux projets contribuant aussi au mieux-\u00eatre des citoyens en g\u00e9n\u00e9ral dans la mesure o\u00f9 ceux-ci favorisent la cohabitation et la mixit\u00e9 sociale.<\/span><\/p>\n<h5><b>Offre de services en am\u00e9nagement<\/b><\/h5>\n<p><span style=\"font-weight: 400;\">ASFQ peut vous accompagner de diff\u00e9rentes mani\u00e8res selon l\u2019\u00e9chelle de votre projet :<\/span><\/p>\n<p><b>PETITE ET MOYENNE \u00c9CHELLES\u00a0<\/b><\/p>\n<ul>\n<li style=\"font-weight: 400;\" aria-level=\"1\"><span style=\"font-weight: 400;\">R\u00e9am\u00e9nagement de l\u2019existant ou d\u2019un nouveau lieu, r\u00e9organisation spatiale, cr\u00e9ation d\u2019espace<\/span><\/li>\n<li style=\"font-weight: 400;\" aria-level=\"1\"><span style=\"font-weight: 400;\">R\u00e9alisation de plans pour des am\u00e9nagements non structurels sans plans et devis scell\u00e9s<\/span><\/li>\n<li style=\"font-weight: 400;\" aria-level=\"1\"><span style=\"font-weight: 400;\">Mobilisation de professionnels \u00e0 tarifs abordables pour la mise en \u0153uvre (pour certains travaux permis par la Commission de la construction du Qu\u00e9bec)<\/span><\/li>\n<li style=\"font-weight: 400;\" aria-level=\"1\"><span style=\"font-weight: 400;\">Coordination de professionnels de la construction pour la mise en \u0153uvre, aux frais de l\u2019organisme.<\/span><\/li>\n<\/ul>\n<p><span style=\"font-weight: 400;\">Exemples de projets : Design d\u2019une pi\u00e8ce existante pour changement de fonction d\u2019usage \/ Am\u00e9lioration des circulations et de l\u2019usage de pi\u00e8ces existantes \/ Conception de mobilier adapt\u00e9 \/\u00a0 Cr\u00e9ation de placette ext\u00e9rieure ou installation temporaire \/ Division d\u2019un espace avec cloisons non porteuses.\u00a0<\/span><\/p>\n<p><b>GRANDE \u00c9CHELLE<\/b><\/p>\n<ul>\n<li style=\"font-weight: 400;\" aria-level=\"1\"><span style=\"font-weight: 400;\">Accompagnement au d\u00e9marrage d\u2019un grand projet d\u2019am\u00e9nagement, conception spatiale pour r\u00e9novation partielle\u00a0<\/span><\/li>\n<li style=\"font-weight: 400;\" aria-level=\"1\"><span style=\"font-weight: 400;\">\u00c9tudes pr\u00e9-conceptuelles (faisabilit\u00e9, d\u00e9finition des besoins).\u00a0<\/span><\/li>\n<li style=\"font-weight: 400;\" aria-level=\"1\"><span style=\"font-weight: 400;\">R\u00e9alisation de plans conceptuels<\/span><\/li>\n<li style=\"font-weight: 400;\" aria-level=\"1\"><span style=\"font-weight: 400;\">Coordination avec d\u2019autres professionnels de conception ou de mise en \u0153uvre; ces services d\u2019autres professionnels seront au frais de l\u2019organisation.<\/span><\/li>\n<li style=\"font-weight: 400;\" aria-level=\"1\"><span style=\"font-weight: 400;\">Des services complets d\u2019architecture impliquant des plans scell\u00e9s ne sont pas admissibles. De tels services pourraient cependant \u00eatre offerts en dehors de cette offre d\u2019accompagnement pour des cas sp\u00e9cifiques et \u00e0 la charge de l\u2019organisme.<\/span><i><span style=\"font-weight: 400;\">\u00a0<\/span><\/i><\/li>\n<\/ul>\n<h5><b>Comment soumettre un projet?<\/b><\/h5>\n<p><b>\u00c9TAPE 1 :: V\u00e9rifier votre admissibilit\u00e9<\/b><\/p>\n<ul>\n<li style=\"font-weight: 400;\" aria-level=\"1\"><span style=\"font-weight: 400;\">\u00catre un organisme communautaire, un groupe citoyen ou une entreprise d\u2019\u00e9conomie sociale<\/span><\/li>\n<li style=\"font-weight: 400;\" aria-level=\"1\"><span style=\"font-weight: 400;\">\u00catre localis\u00e9 sur le territoire de l\u2019\u00eele de Montr\u00e9al.<\/span><\/li>\n<li style=\"font-weight: 400;\" aria-level=\"1\"><span style=\"font-weight: 400;\">Porter un projet bien d\u00e9fini visant un enjeu urbain li\u00e9 \u00e0 l\u2019\u00e9quit\u00e9 et la justice sociale\u00a0 (l\u2019itin\u00e9rance, l\u2019aide alimentaire, l\u2019\u00e9radication de la discrimination, les causes autochtones, l\u2019inclusion des communaut\u00e9s, etc.)\u00a0<\/span><\/li>\n<li style=\"font-weight: 400;\" aria-level=\"1\"><span style=\"font-weight: 400;\">\u00catre dans une situation financi\u00e8re justifiant le recours \u00e0 nos services (des \u00e9tats financiers pourraient \u00eatre demand\u00e9s)<\/span><\/li>\n<li style=\"font-weight: 400;\" aria-level=\"1\"><span style=\"font-weight: 400;\">\u00catre pleinement disponible pour collaborer avec l\u2019\u00e9quipe d\u2019ASFQ tout au long du processus et \u00eatre en mesure d\u2019investir des ressources pour mat\u00e9rialiser l\u2019adaptation de son espace.<\/span><\/li>\n<li style=\"font-weight: 400;\" aria-level=\"1\"><span style=\"font-weight: 400;\">Disposer d\u2019un d\u00e9lai suffisant entre le d\u00e9marrage du projet et sa r\u00e9alisation pour permettre \u00e0 ASFQ d\u2019oeuvrer dans un \u00e9ch\u00e9ancier raisonnable<\/span><\/li>\n<li style=\"font-weight: 400;\" aria-level=\"1\"><span style=\"font-weight: 400;\">Disposer de ressources financi\u00e8res ad\u00e9quates pour la r\u00e9alisation du projet, ASFQ n\u2019assumant pas les co\u00fbts de mat\u00e9riaux et de travaux.<\/span><\/li>\n<\/ul>\n<p><b>\u00c9TAPE 2 :: Accepter nos crit\u00e8res de s\u00e9lection et d\u2019op\u00e9ration<\/b><\/p>\n<ul>\n<li style=\"font-weight: 400;\" aria-level=\"1\"><span style=\"font-weight: 400;\">L\u2019organisme dont le projet est retenu s\u2019engage \u00e0 participer aux suivis aux fins d\u2019auto\u00e9valuation et aux communications d\u2019ASFQ (courts sondages, photos, t\u00e9moignages).\u00a0<\/span><\/li>\n<li style=\"font-weight: 400;\" aria-level=\"1\"><span style=\"font-weight: 400;\">ASFQ se r\u00e9serve le droit de refuser certains projets et de d\u00e9terminer l\u2019\u00e9tendue des services offerts par projet en fonction de ses capacit\u00e9s.<\/span><\/li>\n<li style=\"font-weight: 400;\" aria-level=\"1\"><span style=\"font-weight: 400;\">La s\u00e9lection des demandes se fera par ASFQ en favorisant des projets diversifi\u00e9s en termes de localisation, de typologies et d\u2019impacts sociaux vis\u00e9s.<\/span><\/li>\n<li style=\"font-weight: 400;\" aria-level=\"1\"><span style=\"font-weight: 400;\">Le soutien technique sera offert du lundi au vendredi, entre 9h et 17h.<\/span><\/li>\n<li style=\"font-weight: 400;\" aria-level=\"1\"><span style=\"font-weight: 400;\">L\u2019intervention d\u2019ASFQ pourrait n\u00e9cessiter la diminution ou l\u2019interruption temporaire de vos services, en vue de prot\u00e9ger la sant\u00e9 et la s\u00e9curit\u00e9 des intervenants.<\/span><\/li>\n<\/ul>\n<p><b>\u00c9TAPE 3 :: Remplir le formulaire de soumission de projet<\/b><\/p>\n<p><span style=\"font-weight: 400;\">Les projets doivent \u00eatre soumis par l&#8217;entremise d&#8217;un formulaire durant les dates d\u2019appels \u00e0 projet (voir plus haut).<\/span><span style=\"font-weight: 400;\"> Lorsque vous compl\u00e9ter le formulaire, celui-ci sera automatiquement envoy\u00e9 une fois compl\u00e9t\u00e9. Vous recevrez un accus\u00e9 de r\u00e9ception.<\/span><\/p>\n<p>** LE DERNIER APPEL S&#8217;EST TERMIN\u00c9 LE 17 MAI 2022.**<\/p>\n<p><b>\u00c9TAPE 4 :: Analyse du projet<\/b><\/p>\n<p><span style=\"font-weight: 400;\">Toute demande r\u00e9pondant aux crit\u00e8res d\u2019admissibilit\u00e9 et d\u00fbment compl\u00e9t\u00e9e fera l\u2019objet d\u2019une r\u00e9ponse au maximum dans un d\u00e9lai d\u2019environ 10 jours ouvrables apr\u00e8s la cl\u00f4ture de l\u2019appel \u00e0 projet. Durant cette p\u00e9riode, des informations additionnelles pourraient \u00eatre demand\u00e9es.<\/span><\/p>\n<p><b>Demandes retenues <\/b><span style=\"font-weight: 400;\">: Nous vous aviserons par courriel et vous contacterons ensuite par t\u00e9l\u00e9phone pour convenir d\u2019une premi\u00e8re visite sur les lieux avec la personne responsable du projet. Lors de cette visite, assurez-vous que cette personne soit bien inform\u00e9e de votre projet et pleinement disponible. Les \u00e9tapes subs\u00e9quentes vous seront clarifi\u00e9es suivant l\u2019analyse de vos besoins et la capacit\u00e9 de nos ressources internes. Des frais de 150$ seront demand\u00e9s pour l\u2019ouverture du dossier.<\/span><\/p>\n<p><b>Demandes non retenues <\/b><span style=\"font-weight: 400;\">: Nous vous aviserons par courriel. Les demandes non retenues pourraient \u00eatre orient\u00e9es vers des ressources externes compl\u00e9mentaires.\u00a0<\/span><\/p>\n<p><b>Des questions?<\/b><\/p>\n<p><span style=\"font-weight: 400;\">Pour toute question concernant le service, veuillez formuler clairement votre demande et nous la faire parvenir \u00e0 cette adresse : <\/span><a href=\"mailto:solidarite.urbaine@asf-quebec.org\"><span style=\"font-weight: 400;\">solidarite.urbaine@asf-quebec.org<\/span><\/a><span style=\"font-weight: 400;\">\u00a0et n<\/span><span style=\"font-weight: 400;\">ous vous reviendrons d\u00e8s que possible.<\/span><\/p>\n<p>&nbsp;<\/p>\n<h5>Partenaire principal<\/h5>\n<p><img decoding=\"async\" class=\"lazyload alignnone wp-image-507961 size-medium\" src=\"https:\/\/www.asf-quebec.org\/wp-content\/uploads\/2021\/10\/QUEBi2c-300x90.png\" data-orig-src=\"https:\/\/www.asf-quebec.org\/wp-content\/uploads\/2021\/10\/QUEBi2c-300x90.png\" alt=\"\" width=\"300\" height=\"90\" srcset=\"data:image\/svg+xml,%3Csvg%20xmlns%3D%27http%3A%2F%2Fwww.w3.org%2F2000%2Fsvg%27%20width%3D%27300%27%20height%3D%2790%27%20viewBox%3D%270%200%20300%2090%27%3E%3Crect%20width%3D%27300%27%20height%3D%2790%27%20fill-opacity%3D%220%22%2F%3E%3C%2Fsvg%3E\" data-srcset=\"https:\/\/www.asf-quebec.org\/wp-content\/uploads\/2021\/10\/QUEBi2c-200x60.png 200w, https:\/\/www.asf-quebec.org\/wp-content\/uploads\/2021\/10\/QUEBi2c-300x90.png 300w, https:\/\/www.asf-quebec.org\/wp-content\/uploads\/2021\/10\/QUEBi2c-400x121.png 400w, https:\/\/www.asf-quebec.org\/wp-content\/uploads\/2021\/10\/QUEBi2c-600x181.png 600w, https:\/\/www.asf-quebec.org\/wp-content\/uploads\/2021\/10\/QUEBi2c-768x231.png 768w, https:\/\/www.asf-quebec.org\/wp-content\/uploads\/2021\/10\/QUEBi2c-800x241.png 800w, https:\/\/www.asf-quebec.org\/wp-content\/uploads\/2021\/10\/QUEBi2c-1024x309.png 1024w, https:\/\/www.asf-quebec.org\/wp-content\/uploads\/2021\/10\/QUEBi2c.png 1168w\" data-sizes=\"auto\" data-orig-sizes=\"(max-width: 300px) 100vw, 300px\" \/><\/p>\n<p>&nbsp;<\/p>\n","protected":false},"excerpt":{"rendered":"<p>Service d&#8217;am\u00e9nagement pour les projets communautaires &nbsp; Vous \u00eates responsable <a href=\"https:\/\/www.asf-quebec.org\/en\/service-damenagement-pour-les-projets-communautaires\/\"> [&#8230;]<\/a><\/p>\n","protected":false},"author":2,"featured_media":507920,"parent":0,"menu_order":0,"comment_status":"closed","ping_status":"closed","template":"","meta":{"_acf_changed":false,"footnotes":""},"class_list":["post-1139274","page","type-page","status-publish","has-post-thumbnail","hentry"],"acf":[],"yoast_head":"<!-- This site is optimized with the Yoast SEO plugin v26.8 - https:\/\/yoast.com\/product\/yoast-seo-wordpress\/ -->\n<title>Service d&#039;am\u00e9nagement pour les projets communautaires \u00e0 Montr\u00e9al - GRATUIT ! - Architecture Sans Fronti\u00e8res Qu\u00e9bec<\/title>\n<meta name=\"robots\" content=\"index, follow, max-snippet:-1, max-image-preview:large, max-video-preview:-1\" \/>\n<link rel=\"canonical\" href=\"https:\/\/www.asf-quebec.org\/en\/service-damenagement-pour-les-projets-communautaires\/\" \/>\n<meta property=\"og:locale\" content=\"en_US\" \/>\n<meta property=\"og:type\" content=\"article\" \/>\n<meta property=\"og:title\" content=\"Service d&#039;am\u00e9nagement pour les projets communautaires \u00e0 Montr\u00e9al - GRATUIT ! - Architecture Sans Fronti\u00e8res Qu\u00e9bec\" \/>\n<meta property=\"og:description\" content=\"Service d&#8217;am\u00e9nagement pour les projets communautaires &nbsp; Vous \u00eates responsable [...]\" \/>\n<meta property=\"og:url\" content=\"https:\/\/www.asf-quebec.org\/en\/service-damenagement-pour-les-projets-communautaires\/\" \/>\n<meta property=\"og:site_name\" content=\"Architecture Sans Fronti\u00e8res Qu\u00e9bec\" \/>\n<meta property=\"article:publisher\" content=\"https:\/\/www.facebook.com\/architecturesansfrontieres\/\" \/>\n<meta property=\"article:modified_time\" content=\"2023-02-17T04:13:28+00:00\" \/>\n<meta property=\"og:image\" content=\"https:\/\/www.asf-quebec.org\/wp-content\/uploads\/2021\/10\/1955009095-vector-1.png\" \/>\n\t<meta property=\"og:image:width\" content=\"2500\" \/>\n\t<meta property=\"og:image:height\" content=\"1308\" \/>\n\t<meta property=\"og:image:type\" content=\"image\/png\" \/>\n<meta name=\"twitter:card\" content=\"summary_large_image\" \/>\n<meta name=\"twitter:label1\" content=\"Est. reading time\" \/>\n\t<meta name=\"twitter:data1\" content=\"6 minutes\" \/>\n<script type=\"application\/ld+json\" class=\"yoast-schema-graph\">{\"@context\":\"https:\/\/schema.org\",\"@graph\":[{\"@type\":\"WebPage\",\"@id\":\"https:\/\/www.asf-quebec.org\/en\/service-damenagement-pour-les-projets-communautaires\/\",\"url\":\"https:\/\/www.asf-quebec.org\/en\/service-damenagement-pour-les-projets-communautaires\/\",\"name\":\"Service d'am\u00e9nagement pour les projets communautaires \u00e0 Montr\u00e9al - GRATUIT ! - Architecture Sans Fronti\u00e8res Qu\u00e9bec\",\"isPartOf\":{\"@id\":\"https:\/\/www.asf-quebec.org\/en\/#website\"},\"primaryImageOfPage\":{\"@id\":\"https:\/\/www.asf-quebec.org\/en\/service-damenagement-pour-les-projets-communautaires\/#primaryimage\"},\"image\":{\"@id\":\"https:\/\/www.asf-quebec.org\/en\/service-damenagement-pour-les-projets-communautaires\/#primaryimage\"},\"thumbnailUrl\":\"https:\/\/www.asf-quebec.org\/wp-content\/uploads\/2021\/10\/1955009095-vector-1.png\",\"datePublished\":\"2021-10-05T16:23:37+00:00\",\"dateModified\":\"2023-02-17T04:13:28+00:00\",\"breadcrumb\":{\"@id\":\"https:\/\/www.asf-quebec.org\/en\/service-damenagement-pour-les-projets-communautaires\/#breadcrumb\"},\"inLanguage\":\"en-US\",\"potentialAction\":[{\"@type\":\"ReadAction\",\"target\":[\"https:\/\/www.asf-quebec.org\/en\/service-damenagement-pour-les-projets-communautaires\/\"]}]},{\"@type\":\"ImageObject\",\"inLanguage\":\"en-US\",\"@id\":\"https:\/\/www.asf-quebec.org\/en\/service-damenagement-pour-les-projets-communautaires\/#primaryimage\",\"url\":\"https:\/\/www.asf-quebec.org\/wp-content\/uploads\/2021\/10\/1955009095-vector-1.png\",\"contentUrl\":\"https:\/\/www.asf-quebec.org\/wp-content\/uploads\/2021\/10\/1955009095-vector-1.png\",\"width\":2500,\"height\":1308},{\"@type\":\"BreadcrumbList\",\"@id\":\"https:\/\/www.asf-quebec.org\/en\/service-damenagement-pour-les-projets-communautaires\/#breadcrumb\",\"itemListElement\":[{\"@type\":\"ListItem\",\"position\":1,\"name\":\"Accueil\",\"item\":\"https:\/\/www.asf-quebec.org\/en\/\"},{\"@type\":\"ListItem\",\"position\":2,\"name\":\"Service d&rsquo;am\u00e9nagement pour les projets communautaires \u00e0 Montr\u00e9al &#8211; GRATUIT !\"}]},{\"@type\":\"WebSite\",\"@id\":\"https:\/\/www.asf-quebec.org\/en\/#website\",\"url\":\"https:\/\/www.asf-quebec.org\/en\/\",\"name\":\"Architecture sans fronti\u00e8res Qu\u00e9bec\",\"description\":\"ASFQ\",\"publisher\":{\"@id\":\"https:\/\/www.asf-quebec.org\/en\/#organization\"},\"potentialAction\":[{\"@type\":\"SearchAction\",\"target\":{\"@type\":\"EntryPoint\",\"urlTemplate\":\"https:\/\/www.asf-quebec.org\/en\/?s={search_term_string}\"},\"query-input\":{\"@type\":\"PropertyValueSpecification\",\"valueRequired\":true,\"valueName\":\"search_term_string\"}}],\"inLanguage\":\"en-US\"},{\"@type\":\"Organization\",\"@id\":\"https:\/\/www.asf-quebec.org\/en\/#organization\",\"name\":\"Architecture sans fronti\u00e8res Qu\u00e9bec (ASFQ)\",\"url\":\"https:\/\/www.asf-quebec.org\/en\/\",\"logo\":{\"@type\":\"ImageObject\",\"inLanguage\":\"en-US\",\"@id\":\"https:\/\/www.asf-quebec.org\/en\/#\/schema\/logo\/image\/\",\"url\":\"https:\/\/www.asf-quebec.org\/wp-content\/uploads\/2019\/07\/Logo-asfq-retina.jpg\",\"contentUrl\":\"https:\/\/www.asf-quebec.org\/wp-content\/uploads\/2019\/07\/Logo-asfq-retina.jpg\",\"width\":564,\"height\":219,\"caption\":\"Architecture sans fronti\u00e8res Qu\u00e9bec (ASFQ)\"},\"image\":{\"@id\":\"https:\/\/www.asf-quebec.org\/en\/#\/schema\/logo\/image\/\"},\"sameAs\":[\"https:\/\/www.facebook.com\/architecturesansfrontieres\/\",\"https:\/\/www.instagram.com\/asfquebec\/\",\"https:\/\/www.linkedin.com\/company\/asf-quebec\/\"]}]}<\/script>\n<!-- \/ Yoast SEO plugin. -->","yoast_head_json":{"title":"Service d'am\u00e9nagement pour les projets communautaires \u00e0 Montr\u00e9al - GRATUIT ! - Architecture Sans Fronti\u00e8res Qu\u00e9bec","robots":{"index":"index","follow":"follow","max-snippet":"max-snippet:-1","max-image-preview":"max-image-preview:large","max-video-preview":"max-video-preview:-1"},"canonical":"https:\/\/www.asf-quebec.org\/en\/service-damenagement-pour-les-projets-communautaires\/","og_locale":"en_US","og_type":"article","og_title":"Service d'am\u00e9nagement pour les projets communautaires \u00e0 Montr\u00e9al - GRATUIT ! - Architecture Sans Fronti\u00e8res Qu\u00e9bec","og_description":"Service d&#8217;am\u00e9nagement pour les projets communautaires &nbsp; Vous \u00eates responsable [...]","og_url":"https:\/\/www.asf-quebec.org\/en\/service-damenagement-pour-les-projets-communautaires\/","og_site_name":"Architecture Sans Fronti\u00e8res Qu\u00e9bec","article_publisher":"https:\/\/www.facebook.com\/architecturesansfrontieres\/","article_modified_time":"2023-02-17T04:13:28+00:00","og_image":[{"width":2500,"height":1308,"url":"https:\/\/www.asf-quebec.org\/wp-content\/uploads\/2021\/10\/1955009095-vector-1.png","type":"image\/png"}],"twitter_card":"summary_large_image","twitter_misc":{"Est. reading time":"6 minutes"},"schema":{"@context":"https:\/\/schema.org","@graph":[{"@type":"WebPage","@id":"https:\/\/www.asf-quebec.org\/en\/service-damenagement-pour-les-projets-communautaires\/","url":"https:\/\/www.asf-quebec.org\/en\/service-damenagement-pour-les-projets-communautaires\/","name":"Service d'am\u00e9nagement pour les projets communautaires \u00e0 Montr\u00e9al - GRATUIT ! - Architecture Sans Fronti\u00e8res Qu\u00e9bec","isPartOf":{"@id":"https:\/\/www.asf-quebec.org\/en\/#website"},"primaryImageOfPage":{"@id":"https:\/\/www.asf-quebec.org\/en\/service-damenagement-pour-les-projets-communautaires\/#primaryimage"},"image":{"@id":"https:\/\/www.asf-quebec.org\/en\/service-damenagement-pour-les-projets-communautaires\/#primaryimage"},"thumbnailUrl":"https:\/\/www.asf-quebec.org\/wp-content\/uploads\/2021\/10\/1955009095-vector-1.png","datePublished":"2021-10-05T16:23:37+00:00","dateModified":"2023-02-17T04:13:28+00:00","breadcrumb":{"@id":"https:\/\/www.asf-quebec.org\/en\/service-damenagement-pour-les-projets-communautaires\/#breadcrumb"},"inLanguage":"en-US","potentialAction":[{"@type":"ReadAction","target":["https:\/\/www.asf-quebec.org\/en\/service-damenagement-pour-les-projets-communautaires\/"]}]},{"@type":"ImageObject","inLanguage":"en-US","@id":"https:\/\/www.asf-quebec.org\/en\/service-damenagement-pour-les-projets-communautaires\/#primaryimage","url":"https:\/\/www.asf-quebec.org\/wp-content\/uploads\/2021\/10\/1955009095-vector-1.png","contentUrl":"https:\/\/www.asf-quebec.org\/wp-content\/uploads\/2021\/10\/1955009095-vector-1.png","width":2500,"height":1308},{"@type":"BreadcrumbList","@id":"https:\/\/www.asf-quebec.org\/en\/service-damenagement-pour-les-projets-communautaires\/#breadcrumb","itemListElement":[{"@type":"ListItem","position":1,"name":"Accueil","item":"https:\/\/www.asf-quebec.org\/en\/"},{"@type":"ListItem","position":2,"name":"Service d&rsquo;am\u00e9nagement pour les projets communautaires \u00e0 Montr\u00e9al &#8211; GRATUIT !"}]},{"@type":"WebSite","@id":"https:\/\/www.asf-quebec.org\/en\/#website","url":"https:\/\/www.asf-quebec.org\/en\/","name":"Architecture sans fronti\u00e8res Qu\u00e9bec","description":"ASFQ","publisher":{"@id":"https:\/\/www.asf-quebec.org\/en\/#organization"},"potentialAction":[{"@type":"SearchAction","target":{"@type":"EntryPoint","urlTemplate":"https:\/\/www.asf-quebec.org\/en\/?s={search_term_string}"},"query-input":{"@type":"PropertyValueSpecification","valueRequired":true,"valueName":"search_term_string"}}],"inLanguage":"en-US"},{"@type":"Organization","@id":"https:\/\/www.asf-quebec.org\/en\/#organization","name":"Architecture sans fronti\u00e8res Qu\u00e9bec (ASFQ)","url":"https:\/\/www.asf-quebec.org\/en\/","logo":{"@type":"ImageObject","inLanguage":"en-US","@id":"https:\/\/www.asf-quebec.org\/en\/#\/schema\/logo\/image\/","url":"https:\/\/www.asf-quebec.org\/wp-content\/uploads\/2019\/07\/Logo-asfq-retina.jpg","contentUrl":"https:\/\/www.asf-quebec.org\/wp-content\/uploads\/2019\/07\/Logo-asfq-retina.jpg","width":564,"height":219,"caption":"Architecture sans fronti\u00e8res Qu\u00e9bec (ASFQ)"},"image":{"@id":"https:\/\/www.asf-quebec.org\/en\/#\/schema\/logo\/image\/"},"sameAs":["https:\/\/www.facebook.com\/architecturesansfrontieres\/","https:\/\/www.instagram.com\/asfquebec\/","https:\/\/www.linkedin.com\/company\/asf-quebec\/"]}]}},"_links":{"self":[{"href":"https:\/\/www.asf-quebec.org\/en\/wp-json\/wp\/v2\/pages\/1139274","targetHints":{"allow":["GET"]}}],"collection":[{"href":"https:\/\/www.asf-quebec.org\/en\/wp-json\/wp\/v2\/pages"}],"about":[{"href":"https:\/\/www.asf-quebec.org\/en\/wp-json\/wp\/v2\/types\/page"}],"author":[{"embeddable":true,"href":"https:\/\/www.asf-quebec.org\/en\/wp-json\/wp\/v2\/users\/2"}],"replies":[{"embeddable":true,"href":"https:\/\/www.asf-quebec.org\/en\/wp-json\/wp\/v2\/comments?post=1139274"}],"version-history":[{"count":1,"href":"https:\/\/www.asf-quebec.org\/en\/wp-json\/wp\/v2\/pages\/1139274\/revisions"}],"predecessor-version":[{"id":1139275,"href":"https:\/\/www.asf-quebec.org\/en\/wp-json\/wp\/v2\/pages\/1139274\/revisions\/1139275"}],"wp:featuredmedia":[{"embeddable":true,"href":"https:\/\/www.asf-quebec.org\/en\/wp-json\/wp\/v2\/media\/507920"}],"wp:attachment":[{"href":"https:\/\/www.asf-quebec.org\/en\/wp-json\/wp\/v2\/media?parent=1139274"}],"curies":[{"name":"wp","href":"https:\/\/api.w.org\/{rel}","templated":true}]}}