{"id":951075,"date":"2022-08-25T16:02:22","date_gmt":"2022-08-25T16:02:22","guid":{"rendered":"https:\/\/www.asf-quebec.org\/portfolio-items\/projet-iskweu\/"},"modified":"2023-02-17T04:53:01","modified_gmt":"2023-02-17T04:53:01","slug":"projet-iskweu","status":"publish","type":"avada_portfolio","link":"https:\/\/www.asf-quebec.org\/en\/portfolio-items\/projet-iskweu\/","title":{"rendered":"Projet Iskweu"},"content":{"rendered":"<p><div class=\"fusion-fullwidth fullwidth-box fusion-builder-row-1 nonhundred-percent-fullwidth non-hundred-percent-height-scrolling\" style=\"--awb-border-radius-top-left:0px;--awb-border-radius-top-right:0px;--awb-border-radius-bottom-right:0px;--awb-border-radius-bottom-left:0px;--awb-padding-top:0px;--awb-padding-right:30px;--awb-padding-bottom:0px;--awb-padding-left:30px;--awb-margin-top:50px;--awb-margin-bottom:50px;--awb-background-color:#ffffff;--awb-flex-wrap:wrap;\" ><div class=\"fusion-builder-row fusion-row\"><div class=\"fusion-layout-column fusion_builder_column fusion-builder-column-0 fusion_builder_column_4_5 4_5 fusion-four-fifth fusion-column-first\" style=\"--awb-bg-size:cover;--awb-margin-bottom:0px;width:80%;width:calc(80% - ( ( 4% ) * 0.8 ) );margin-right: 4%;\"><div class=\"fusion-column-wrapper fusion-column-has-shadow fusion-flex-column-wrapper-legacy\"><div class=\"fusion-text fusion-text-1\"><h2><strong><span style=\"color: #ff9900;\">Am\u00e9nagement d\u2019un nouvel espace de vie et de travail pour le projet Iskweu<\/span><\/strong><\/h2>\n<\/div><div class=\"fusion-sep-clear\"><\/div><div class=\"fusion-separator fusion-full-width-sep\" style=\"margin-left: auto;margin-right: auto;margin-top:20px;margin-bottom:20px;width:100%;\"><div class=\"fusion-separator-border sep-double\" style=\"--awb-height:20px;--awb-amount:20px;border-color:#e0dede;border-top-width:0px;border-bottom-width:0px;\"><\/div><\/div><div class=\"fusion-sep-clear\"><\/div><div class=\"fusion-builder-row fusion-builder-row-inner fusion-row\"><div class=\"fusion-layout-column fusion_builder_column_inner fusion-builder-nested-column-0 fusion_builder_column_inner_1_2 1_2 fusion-one-half fusion-column-first\" style=\"--awb-bg-size:cover;width:50%;width:calc(50% - ( ( 4% ) * 0.5 ) );margin-right: 4%;\"><div class=\"fusion-column-wrapper fusion-column-has-shadow fusion-flex-column-wrapper-legacy\"><div class=\"fusion-text fusion-text-2\"><h5>(French content only)<\/h5>\n<h5><b>Trop de femmes autochtones disparues<\/b><\/h5>\n<\/div><div class=\"fusion-sep-clear\"><\/div><div class=\"fusion-separator fusion-full-width-sep\" style=\"margin-left: auto;margin-right: auto;margin-bottom:20px;width:100%;\"><\/div><div class=\"fusion-sep-clear\"><\/div><div class=\"fusion-text fusion-text-3\"><p>La violence que subissent les femmes, les filles, les personnes trans et les personnes bispirituelles est g\u00e9n\u00e9ralis\u00e9e dans l\u2019histoire coloniale du Canada et est maintenant reconnue. Malgr\u00e9 les enqu\u00eates et les commissions, il est impossible de d\u00e9nombrer le nombre exact de femmes, de filles ainsi que de personnes trans et bispirituelles qui sont port\u00e9es disparues ou assassin\u00e9es. Malgr\u00e9 cela, il est facilement et tristement d\u00e9montrable que le nombre de victimes est anormalement beaucoup plus \u00e9lev\u00e9 proportionnellement aux victimes de la population non autochtone.<\/p>\n<\/div><div class=\"fusion-clearfix\"><\/div><\/div><\/div><div class=\"fusion-layout-column fusion_builder_column_inner fusion-builder-nested-column-1 fusion_builder_column_inner_1_2 1_2 fusion-one-half fusion-column-last\" style=\"--awb-bg-size:cover;width:50%;width:calc(50% - ( ( 4% ) * 0.5 ) );\"><div class=\"fusion-column-wrapper fusion-column-has-shadow fusion-flex-column-wrapper-legacy\"><div class=\"fusion-text fusion-text-4\"><h5><b>Les cons\u00e9quences d&#8217;un lourd pass\u00e9 colonial<\/b><\/h5>\n<\/div><div class=\"fusion-sep-clear\"><\/div><div class=\"fusion-separator fusion-full-width-sep\" style=\"margin-left: auto;margin-right: auto;margin-bottom:20px;width:100%;\"><\/div><div class=\"fusion-sep-clear\"><\/div><div class=\"fusion-text fusion-text-5\"><p>En 2019 para\u00eet <a href=\"https:\/\/www.mmiwg-ffada.ca\/wp-content\/uploads\/2018\/05\/MMIWG-Executive-Summary-French.pdf\" target=\"_blank\" rel=\"noopener noreferrer\">L&#8217;Enqu\u00eate nationale sur les femmes et les filles autochtones disparues et assassin\u00e9es<\/a>. Cette \u00e9tude se base sur pr\u00e8s de 100 rapports existants, en plus de nombreuses rencontres effectu\u00e9es avec les communaut\u00e9s. Les conclusions sont unanimes: \u00ab la violence contre les peuples autochtones \u2013 y compris les femmes et les filles autochtones \u2013 prenait racine dans la colonisation. Sans changement fondamental au rapport de force qui caract\u00e9rise ce lien, cette relation demeure, aujourd\u2019hui encore, empreinte d\u2019une violence inh\u00e9rente \u00bb Il est plus que temps de reconna\u00eetre ces faits, de poser les actions n\u00e9cessaires pour permettre une gu\u00e9rison et de redonner la place et la voix des femmes et des peuples autochtones.<\/p>\n<\/div><div class=\"fusion-clearfix\"><\/div><\/div><\/div><\/div><div class=\"fusion-clearfix\"><\/div><\/div><\/div><div class=\"fusion-layout-column fusion_builder_column fusion-builder-column-1 fusion_builder_column_1_5 1_5 fusion-one-fifth fusion-column-last fusion-no-small-visibility\" style=\"--awb-bg-size:cover;--awb-margin-bottom:0px;width:20%;width:calc(20% - ( ( 4% ) * 0.2 ) );\"><div class=\"fusion-column-wrapper fusion-column-has-shadow fusion-flex-column-wrapper-legacy\"><div class=\"fusion-image-element fusion-image-align-center in-legacy-container\" style=\"text-align:center;--awb-margin-top:110px;--awb-caption-title-font-family:var(--h2_typography-font-family);--awb-caption-title-font-weight:var(--h2_typography-font-weight);--awb-caption-title-font-style:var(--h2_typography-font-style);--awb-caption-title-size:var(--h2_typography-font-size);--awb-caption-title-transform:var(--h2_typography-text-transform);--awb-caption-title-line-height:var(--h2_typography-line-height);--awb-caption-title-letter-spacing:var(--h2_typography-letter-spacing);\"><div class=\"imageframe-align-center\"><span class=\" fusion-imageframe imageframe-none imageframe-1 hover-type-none fusion-animated\" data-animationType=\"slideInRight\" data-animationDuration=\"1.0\" data-animationOffset=\"top-into-view\"><img decoding=\"async\" width=\"300\" height=\"194\" title=\"Montreal_ProjetIskweu\" src=\"https:\/\/www.asf-quebec.org\/wp-content\/uploads\/2021\/08\/Montreal_ProjetIskweu.png\" data-orig-src=\"https:\/\/www.asf-quebec.org\/wp-content\/uploads\/2021\/08\/Montreal_ProjetIskweu-300x194.png\" alt class=\"lazyload img-responsive wp-image-447117\" srcset=\"data:image\/svg+xml,%3Csvg%20xmlns%3D%27http%3A%2F%2Fwww.w3.org%2F2000%2Fsvg%27%20width%3D%27950%27%20height%3D%27615%27%20viewBox%3D%270%200%20950%20615%27%3E%3Crect%20width%3D%27950%27%20height%3D%27615%27%20fill-opacity%3D%220%22%2F%3E%3C%2Fsvg%3E\" data-srcset=\"https:\/\/www.asf-quebec.org\/wp-content\/uploads\/2021\/08\/Montreal_ProjetIskweu-200x129.png 200w, https:\/\/www.asf-quebec.org\/wp-content\/uploads\/2021\/08\/Montreal_ProjetIskweu-400x259.png 400w, https:\/\/www.asf-quebec.org\/wp-content\/uploads\/2021\/08\/Montreal_ProjetIskweu-600x388.png 600w, https:\/\/www.asf-quebec.org\/wp-content\/uploads\/2021\/08\/Montreal_ProjetIskweu-800x518.png 800w, https:\/\/www.asf-quebec.org\/wp-content\/uploads\/2021\/08\/Montreal_ProjetIskweu.png 950w\" data-sizes=\"auto\" data-orig-sizes=\"(max-width: 800px) 100vw, 400px\" \/><\/span><\/div><\/div><div class=\"fusion-clearfix\"><\/div><\/div><\/div><\/div><\/div><div class=\"fusion-fullwidth fullwidth-box fusion-builder-row-2 nonhundred-percent-fullwidth non-hundred-percent-height-scrolling fusion-equal-height-columns\" style=\"--awb-border-radius-top-left:0px;--awb-border-radius-top-right:0px;--awb-border-radius-bottom-right:0px;--awb-border-radius-bottom-left:0px;--awb-padding-top:80px;--awb-padding-bottom:80px;--awb-margin-top:0px;--awb-margin-bottom:0px;--awb-background-color:#dcedef;--awb-flex-wrap:wrap;\" ><div class=\"fusion-builder-row fusion-row\"><div class=\"fusion-layout-column fusion_builder_column fusion-builder-column-2 fusion_builder_column_4_5 4_5 fusion-four-fifth fusion-column-first\" style=\"--awb-padding-bottom:30px;--awb-bg-size:cover;--awb-margin-bottom:0px;width:80%;width:calc(80% - ( ( 4% ) * 0.8 ) );margin-right: 4%;\"><div class=\"fusion-column-wrapper fusion-column-has-shadow fusion-flex-column-wrapper-legacy\"><div class=\"fusion-column-content-centered\"><div class=\"fusion-column-content\"><div class=\"fusion-text fusion-text-6\"><h5>Le projet Iskweu<\/h5>\n<\/div><div class=\"fusion-sep-clear\"><\/div><div class=\"fusion-separator fusion-full-width-sep\" style=\"margin-left: auto;margin-right: auto;margin-top:5px;margin-bottom:5px;width:100%;\"><div class=\"fusion-separator-border sep-double\" style=\"--awb-height:20px;--awb-amount:20px;border-color:#e0dede;border-top-width:0px;border-bottom-width:0px;\"><\/div><\/div><div class=\"fusion-sep-clear\"><\/div><div class=\"fusion-text fusion-text-7\"><p>Le <a href=\"http:\/\/www.nwsm.info\/en\/iskweu-project\" target=\"_blank\" rel=\"noopener noreferrer\">projet Iskweu<\/a> est une initiative du <a href=\"https:\/\/ffamfr.squarespace.com\" target=\"_blank\" rel=\"noopener noreferrer\">Foyer des femmes autochtones de Montr\u00e9al<\/a>. Leur mission est de r\u00e9pondre \u00e0 un besoin d\u2019aide imm\u00e9diat exprim\u00e9 par les familles et les proches dans le cas d\u2019une femme, d\u2019une fille, d\u2019une personne trangenre ou bispirituelle autochtone disparue. Plus largement, le projet vise \u00e0 r\u00e9duire et \u00e9ventuellement \u00e9radiquer le nombre de disparitions et d\u2019assassinats chez cette population au Qu\u00e9bec.<\/p>\n<p>Concr\u00e8tement, Iskweu apporte un soutien affectif aupr\u00e8s des familles et des proches qui vivent cette \u00e9preuve difficile, et travaille activement en aval pour mettre en \u0153uvre des strat\u00e9gies de pr\u00e9vention. Iskweu s\u2019assure \u00e9galement que la police offre une r\u00e9ponse ad\u00e9quate aux victimes; qu\u2019elle d\u00e9pose un rapport, m\u00e8ne une enqu\u00eate appropri\u00e9e et qu\u2019elle adopte des pratiques exemplaires tout au long des divers processus de pr\u00e9vention et de judiciarisation.<\/p>\n<\/div><div class=\"fusion-sep-clear\"><\/div><div class=\"fusion-separator fusion-full-width-sep\" style=\"margin-left: auto;margin-right: auto;margin-top:5px;margin-bottom:5px;width:100%;\"><div class=\"fusion-separator-border sep-double\" style=\"--awb-height:20px;--awb-amount:20px;border-color:#e0dede;border-top-width:0px;border-bottom-width:0px;\"><\/div><\/div><div class=\"fusion-sep-clear\"><\/div><\/div><\/div><div class=\"fusion-clearfix\"><\/div><\/div><\/div><div class=\"fusion-layout-column fusion_builder_column fusion-builder-column-3 fusion_builder_column_1_5 1_5 fusion-one-fifth fusion-column-last\" style=\"--awb-bg-size:cover;--awb-margin-bottom:0px;width:20%;width:calc(20% - ( ( 4% ) * 0.2 ) );\"><div class=\"fusion-column-wrapper fusion-column-has-shadow fusion-flex-column-wrapper-legacy\"><div class=\"fusion-column-content-centered\"><div class=\"fusion-column-content\"><div class=\"fusion-image-element in-legacy-container\" style=\"--awb-caption-title-font-family:var(--h2_typography-font-family);--awb-caption-title-font-weight:var(--h2_typography-font-weight);--awb-caption-title-font-style:var(--h2_typography-font-style);--awb-caption-title-size:var(--h2_typography-font-size);--awb-caption-title-transform:var(--h2_typography-text-transform);--awb-caption-title-line-height:var(--h2_typography-line-height);--awb-caption-title-letter-spacing:var(--h2_typography-letter-spacing);\"><span class=\" fusion-imageframe imageframe-none imageframe-2 hover-type-none\"><img decoding=\"async\" width=\"300\" height=\"300\" title=\"Iskweu logo\" src=\"https:\/\/www.asf-quebec.org\/wp-content\/uploads\/2021\/08\/Iskweu-logo.jpg\" data-orig-src=\"https:\/\/www.asf-quebec.org\/wp-content\/uploads\/2021\/08\/Iskweu-logo-300x300.jpg\" alt class=\"lazyload img-responsive wp-image-446876\" srcset=\"data:image\/svg+xml,%3Csvg%20xmlns%3D%27http%3A%2F%2Fwww.w3.org%2F2000%2Fsvg%27%20width%3D%271638%27%20height%3D%271638%27%20viewBox%3D%270%200%201638%201638%27%3E%3Crect%20width%3D%271638%27%20height%3D%271638%27%20fill-opacity%3D%220%22%2F%3E%3C%2Fsvg%3E\" data-srcset=\"https:\/\/www.asf-quebec.org\/wp-content\/uploads\/2021\/08\/Iskweu-logo-200x200.jpg 200w, https:\/\/www.asf-quebec.org\/wp-content\/uploads\/2021\/08\/Iskweu-logo-400x400.jpg 400w, https:\/\/www.asf-quebec.org\/wp-content\/uploads\/2021\/08\/Iskweu-logo-600x600.jpg 600w, https:\/\/www.asf-quebec.org\/wp-content\/uploads\/2021\/08\/Iskweu-logo-800x800.jpg 800w, https:\/\/www.asf-quebec.org\/wp-content\/uploads\/2021\/08\/Iskweu-logo-1200x1200.jpg 1200w, https:\/\/www.asf-quebec.org\/wp-content\/uploads\/2021\/08\/Iskweu-logo.jpg 1638w\" data-sizes=\"auto\" data-orig-sizes=\"(max-width: 800px) 100vw, 400px\" \/><\/span><\/div><\/div><\/div><div class=\"fusion-clearfix\"><\/div><\/div><\/div><\/div><\/div><div class=\"fusion-fullwidth fullwidth-box fusion-builder-row-3 nonhundred-percent-fullwidth non-hundred-percent-height-scrolling fusion-equal-height-columns\" style=\"--awb-border-radius-top-left:0px;--awb-border-radius-top-right:0px;--awb-border-radius-bottom-right:0px;--awb-border-radius-bottom-left:0px;--awb-padding-top:80px;--awb-padding-bottom:80px;--awb-margin-top:0px;--awb-margin-bottom:0px;--awb-background-color:#ffffff;--awb-flex-wrap:wrap;\" ><div class=\"fusion-builder-row fusion-row\"><div class=\"fusion-layout-column fusion_builder_column fusion-builder-column-4 fusion_builder_column_1_2 1_2 fusion-one-half fusion-column-first\" style=\"--awb-bg-size:cover;--awb-margin-bottom:0px;width:50%;width:calc(50% - ( ( 4% ) * 0.5 ) );margin-right: 4%;\"><div class=\"fusion-column-wrapper fusion-column-has-shadow fusion-flex-column-wrapper-legacy\"><div class=\"fusion-column-content-centered\"><div class=\"fusion-column-content\"><div class=\"fusion-image-element in-legacy-container\" style=\"--awb-caption-title-font-family:var(--h2_typography-font-family);--awb-caption-title-font-weight:var(--h2_typography-font-weight);--awb-caption-title-font-style:var(--h2_typography-font-style);--awb-caption-title-size:var(--h2_typography-font-size);--awb-caption-title-transform:var(--h2_typography-text-transform);--awb-caption-title-line-height:var(--h2_typography-line-height);--awb-caption-title-letter-spacing:var(--h2_typography-letter-spacing);\"><span class=\" fusion-imageframe imageframe-none imageframe-3 hover-type-none\"><img decoding=\"async\" width=\"1024\" height=\"682\" alt=\"Urgence COVID - Architecture Sans Fronti\u00e8res Qu\u00e9bec\" title=\"00image 3836\" src=\"https:\/\/www.asf-quebec.org\/wp-content\/uploads\/2021\/09\/00image-3836-scaled.jpg\" data-orig-src=\"https:\/\/www.asf-quebec.org\/wp-content\/uploads\/2021\/09\/00image-3836-1024x682.jpg\" class=\"lazyload img-responsive wp-image-488354\" srcset=\"data:image\/svg+xml,%3Csvg%20xmlns%3D%27http%3A%2F%2Fwww.w3.org%2F2000%2Fsvg%27%20width%3D%272560%27%20height%3D%271706%27%20viewBox%3D%270%200%202560%201706%27%3E%3Crect%20width%3D%272560%27%20height%3D%271706%27%20fill-opacity%3D%220%22%2F%3E%3C%2Fsvg%3E\" data-srcset=\"https:\/\/www.asf-quebec.org\/wp-content\/uploads\/2021\/09\/00image-3836-200x133.jpg 200w, https:\/\/www.asf-quebec.org\/wp-content\/uploads\/2021\/09\/00image-3836-400x267.jpg 400w, https:\/\/www.asf-quebec.org\/wp-content\/uploads\/2021\/09\/00image-3836-600x400.jpg 600w, https:\/\/www.asf-quebec.org\/wp-content\/uploads\/2021\/09\/00image-3836-800x533.jpg 800w, https:\/\/www.asf-quebec.org\/wp-content\/uploads\/2021\/09\/00image-3836-1200x800.jpg 1200w\" data-sizes=\"auto\" data-orig-sizes=\"(max-width: 800px) 100vw, 800px\" \/><\/span><\/div><\/div><\/div><div class=\"fusion-clearfix\"><\/div><\/div><\/div><div class=\"fusion-layout-column fusion_builder_column fusion-builder-column-5 fusion_builder_column_1_2 1_2 fusion-one-half fusion-column-last\" style=\"--awb-padding-top:30px;--awb-bg-size:cover;--awb-margin-bottom:0px;width:50%;width:calc(50% - ( ( 4% ) * 0.5 ) );\"><div class=\"fusion-column-wrapper fusion-column-has-shadow fusion-flex-column-wrapper-legacy\"><div class=\"fusion-column-content-centered\"><div class=\"fusion-column-content\"><div class=\"fusion-text fusion-text-8\"><h5>De l\u2019intervention nomade vers un lieu s\u00e9curitaire<\/h5>\n<\/div><div class=\"fusion-sep-clear\"><\/div><div class=\"fusion-separator fusion-full-width-sep\" style=\"margin-left: auto;margin-right: auto;margin-top:20px;margin-bottom:20px;width:100%;\"><div class=\"fusion-separator-border sep-double\" style=\"--awb-height:20px;--awb-amount:20px;border-color:#e0dede;border-top-width:0px;border-bottom-width:0px;\"><\/div><\/div><div class=\"fusion-sep-clear\"><\/div><div class=\"fusion-text fusion-text-9\"><p>En d\u00e9cembre 2020, Janis Qavavauq-Bibeau, coordonatrice de recherche du projet Iskweu, rejoint ASFQ afin qu\u2019une \u00e9quipe d\u00e9di\u00e9e de professionnels en am\u00e9nagement les accompagne dans l\u2019installation de leur premier local. Depuis la cr\u00e9ation du projet en 2017, les intervenantes n\u2019ont pas d\u2019espace d\u00e9sign\u00e9 et doivent faire leurs rencontres dans des endroits informels comme des caf\u00e9s ou des lieux ext\u00e9rieurs. Un nouveau local leur permettra d&#8217;accueillir les femmes, les familles et les proches des victimes dans un endroit convivial et s\u00e9curitaire afin de leur apporter tout le soutien n\u00e9cessaire.<\/p>\n<\/div><\/div><\/div><div class=\"fusion-clearfix\"><\/div><\/div><\/div><\/div><\/div><div class=\"fusion-fullwidth fullwidth-box fusion-builder-row-4 nonhundred-percent-fullwidth non-hundred-percent-height-scrolling fusion-equal-height-columns\" style=\"--awb-border-radius-top-left:0px;--awb-border-radius-top-right:0px;--awb-border-radius-bottom-right:0px;--awb-border-radius-bottom-left:0px;--awb-padding-top:80px;--awb-padding-bottom:0px;--awb-margin-top:0px;--awb-margin-bottom:0px;--awb-background-color:#dcedef;--awb-flex-wrap:wrap;\" ><div class=\"fusion-builder-row fusion-row\"><div class=\"fusion-layout-column fusion_builder_column fusion-builder-column-6 fusion_builder_column_2_3 2_3 fusion-two-third fusion-column-first\" style=\"--awb-padding-bottom:30px;--awb-bg-size:cover;--awb-margin-bottom:0px;width:66.666666666667%;width:calc(66.666666666667% - ( ( 4% ) * 0.66666666666667 ) );margin-right: 4%;\"><div class=\"fusion-column-wrapper fusion-column-has-shadow fusion-flex-column-wrapper-legacy\"><div class=\"fusion-column-content-centered\"><div class=\"fusion-column-content\"><div class=\"fusion-text fusion-text-10\"><h5>Concevoir et construire, entre femmes!<\/h5>\n<\/div><div class=\"fusion-sep-clear\"><\/div><div class=\"fusion-separator fusion-full-width-sep\" style=\"margin-left: auto;margin-right: auto;margin-top:20px;margin-bottom:20px;width:100%;\"><div class=\"fusion-separator-border sep-double\" style=\"--awb-height:20px;--awb-amount:20px;border-color:#e0dede;border-top-width:0px;border-bottom-width:0px;\"><\/div><\/div><div class=\"fusion-sep-clear\"><\/div><div class=\"fusion-text fusion-text-11\"><p>En janvier 2021, ASFQ visite le local convoit\u00e9 avec Janis Qavavauq-Bibeau. Ensemble, l\u2019\u00e9quipe identifie les travaux prioritaires \u00e0 mettre en oeuvre par le propri\u00e9taire avant de louer et d\u2019am\u00e9nager les lieux. Un mur est retir\u00e9 pour donner un endroit ouvert et lumineux. Un nouveau plancher est pos\u00e9, et le choix de peinture donne rapidement le ton sur le potentiel du lieu. C\u2019est \u00e9galement durant cette p\u00e9riode que l\u2019\u00e9quipe interne d\u2019ASFQ oeuvre en parall\u00e8le \u00e0 la conception de l\u2019am\u00e9nagement de l\u2019espace.<\/p>\n<p>C\u2019est le mois suivant, en f\u00e9vrier, que ASFQ r\u00e9alise la construction avec l\u2019aide pr\u00e9cieuse de dix b\u00e9n\u00e9voles professionnels et \u00e9tudiants provenant des domaines de l\u2019architecture et du design. Il est essentiel de mentionner que ce projet a \u00e9t\u00e9 pilot\u00e9, con\u00e7u et construit en presque totalit\u00e9 par des femmes! Durant deux semaines, les membres de l\u2019\u00e9quipe multidisciplinaire ont mis leurs comp\u00e9tences en commun afin d\u2019offrir un local non seulement ad\u00e9quat mais accueillant \u00e0 la communaut\u00e9 et aux usag\u00e8res du projet.<\/p>\n<\/div><div class=\"fusion-sep-clear\"><\/div><div class=\"fusion-separator fusion-full-width-sep\" style=\"margin-left: auto;margin-right: auto;margin-top:5px;margin-bottom:5px;width:100%;\"><div class=\"fusion-separator-border sep-double\" style=\"--awb-height:20px;--awb-amount:20px;border-color:#e0dede;border-top-width:0px;border-bottom-width:0px;\"><\/div><\/div><div class=\"fusion-sep-clear\"><\/div><div class=\"fusion-image-element fusion-image-align-right in-legacy-container\" style=\"text-align:right;--awb-caption-title-font-family:var(--h2_typography-font-family);--awb-caption-title-font-weight:var(--h2_typography-font-weight);--awb-caption-title-font-style:var(--h2_typography-font-style);--awb-caption-title-size:var(--h2_typography-font-size);--awb-caption-title-transform:var(--h2_typography-text-transform);--awb-caption-title-line-height:var(--h2_typography-line-height);--awb-caption-title-letter-spacing:var(--h2_typography-letter-spacing);\"><span class=\" fusion-imageframe imageframe-none imageframe-4 hover-type-none fusion-animated\" style=\"margin-left:25px;float:right;\" data-animationType=\"slideInLeft\" data-animationDuration=\"1.0\" data-animationOffset=\"top-into-view\"><img decoding=\"async\" width=\"102\" height=\"102\" title=\"Forme-jaune-cercle\" src=\"data:image\/svg+xml,%3Csvg%20xmlns%3D%27http%3A%2F%2Fwww.w3.org%2F2000%2Fsvg%27%20width%3D%27102%27%20height%3D%27102%27%20viewBox%3D%270%200%20102%20102%27%3E%3Crect%20width%3D%27102%27%20height%3D%27102%27%20fill-opacity%3D%220%22%2F%3E%3C%2Fsvg%3E\" data-orig-src=\"https:\/\/www.asf-quebec.org\/wp-content\/uploads\/2019\/09\/Forme-jaune-cercle.png\" alt class=\"lazyload img-responsive wp-image-301896\"\/><\/span><\/div><div class=\"fusion-sep-clear\"><\/div><div class=\"fusion-separator fusion-full-width-sep\" style=\"margin-left: auto;margin-right: auto;margin-top:5px;margin-bottom:5px;width:100%;\"><div class=\"fusion-separator-border sep-double\" style=\"--awb-height:20px;--awb-amount:20px;border-color:#e0dede;border-top-width:0px;border-bottom-width:0px;\"><\/div><\/div><div class=\"fusion-sep-clear\"><\/div><\/div><\/div><div class=\"fusion-clearfix\"><\/div><\/div><\/div><div class=\"fusion-layout-column fusion_builder_column fusion-builder-column-7 fusion_builder_column_1_3 1_3 fusion-one-third fusion-column-last\" style=\"--awb-bg-size:cover;--awb-margin-bottom:0px;width:33.333333333333%;width:calc(33.333333333333% - ( ( 4% ) * 0.33333333333333 ) );\"><div class=\"fusion-column-wrapper fusion-column-has-shadow fusion-flex-column-wrapper-legacy\"><div class=\"fusion-column-content-centered\"><div class=\"fusion-column-content\"><div class=\"fusion-image-element in-legacy-container\" style=\"--awb-caption-title-font-family:var(--h2_typography-font-family);--awb-caption-title-font-weight:var(--h2_typography-font-weight);--awb-caption-title-font-style:var(--h2_typography-font-style);--awb-caption-title-size:var(--h2_typography-font-size);--awb-caption-title-transform:var(--h2_typography-text-transform);--awb-caption-title-line-height:var(--h2_typography-line-height);--awb-caption-title-letter-spacing:var(--h2_typography-letter-spacing);\"><span class=\" fusion-imageframe imageframe-none imageframe-5 hover-type-none\"><img decoding=\"async\" width=\"1024\" height=\"767\" alt=\"Urgence COVID - Architecture Sans Fronti\u00e8res Qu\u00e9bec\" title=\"00image Carrousel 2\" src=\"https:\/\/www.asf-quebec.org\/wp-content\/uploads\/2021\/09\/00image-Carrousel-2-scaled.jpg\" data-orig-src=\"https:\/\/www.asf-quebec.org\/wp-content\/uploads\/2021\/09\/00image-Carrousel-2-1024x767.jpg\" class=\"lazyload img-responsive wp-image-488421\" srcset=\"data:image\/svg+xml,%3Csvg%20xmlns%3D%27http%3A%2F%2Fwww.w3.org%2F2000%2Fsvg%27%20width%3D%272560%27%20height%3D%271917%27%20viewBox%3D%270%200%202560%201917%27%3E%3Crect%20width%3D%272560%27%20height%3D%271917%27%20fill-opacity%3D%220%22%2F%3E%3C%2Fsvg%3E\" data-srcset=\"https:\/\/www.asf-quebec.org\/wp-content\/uploads\/2021\/09\/00image-Carrousel-2-200x150.jpg 200w, https:\/\/www.asf-quebec.org\/wp-content\/uploads\/2021\/09\/00image-Carrousel-2-400x300.jpg 400w, https:\/\/www.asf-quebec.org\/wp-content\/uploads\/2021\/09\/00image-Carrousel-2-600x449.jpg 600w, https:\/\/www.asf-quebec.org\/wp-content\/uploads\/2021\/09\/00image-Carrousel-2-800x599.jpg 800w, https:\/\/www.asf-quebec.org\/wp-content\/uploads\/2021\/09\/00image-Carrousel-2-1200x899.jpg 1200w\" data-sizes=\"auto\" data-orig-sizes=\"(max-width: 800px) 100vw, 600px\" \/><\/span><\/div><\/div><\/div><div class=\"fusion-clearfix\"><\/div><\/div><\/div><\/div><\/div><div class=\"fusion-fullwidth fullwidth-box fusion-builder-row-5 nonhundred-percent-fullwidth non-hundred-percent-height-scrolling fusion-equal-height-columns\" style=\"--awb-border-radius-top-left:0px;--awb-border-radius-top-right:0px;--awb-border-radius-bottom-right:0px;--awb-border-radius-bottom-left:0px;--awb-padding-top:80px;--awb-padding-bottom:80px;--awb-margin-top:0px;--awb-margin-bottom:0px;--awb-background-color:#ffffff;--awb-flex-wrap:wrap;\" ><div class=\"fusion-builder-row fusion-row\"><div class=\"fusion-layout-column fusion_builder_column fusion-builder-column-8 fusion_builder_column_1_2 1_2 fusion-one-half fusion-column-first\" style=\"--awb-bg-size:cover;--awb-margin-bottom:0px;width:50%;width:calc(50% - ( ( 4% ) * 0.5 ) );margin-right: 4%;\"><div class=\"fusion-column-wrapper fusion-column-has-shadow fusion-flex-column-wrapper-legacy\"><div class=\"fusion-column-content-centered\"><div class=\"fusion-column-content\"><div class=\"fusion-image-element in-legacy-container\" style=\"--awb-caption-title-font-family:var(--h2_typography-font-family);--awb-caption-title-font-weight:var(--h2_typography-font-weight);--awb-caption-title-font-style:var(--h2_typography-font-style);--awb-caption-title-size:var(--h2_typography-font-size);--awb-caption-title-transform:var(--h2_typography-text-transform);--awb-caption-title-line-height:var(--h2_typography-line-height);--awb-caption-title-letter-spacing:var(--h2_typography-letter-spacing);\"><span class=\" fusion-imageframe imageframe-none imageframe-6 hover-type-none\"><img decoding=\"async\" width=\"1024\" height=\"681\" alt=\"Urgence COVID - Architecture Sans Fronti\u00e8res Qu\u00e9bec\" title=\"00image 1ApresMR\" src=\"https:\/\/www.asf-quebec.org\/wp-content\/uploads\/2021\/09\/00image-1ApresMR-1-scaled.jpg\" data-orig-src=\"https:\/\/www.asf-quebec.org\/wp-content\/uploads\/2021\/09\/00image-1ApresMR-1-1024x681.jpg\" class=\"lazyload img-responsive wp-image-488426\" srcset=\"data:image\/svg+xml,%3Csvg%20xmlns%3D%27http%3A%2F%2Fwww.w3.org%2F2000%2Fsvg%27%20width%3D%272560%27%20height%3D%271703%27%20viewBox%3D%270%200%202560%201703%27%3E%3Crect%20width%3D%272560%27%20height%3D%271703%27%20fill-opacity%3D%220%22%2F%3E%3C%2Fsvg%3E\" data-srcset=\"https:\/\/www.asf-quebec.org\/wp-content\/uploads\/2021\/09\/00image-1ApresMR-1-200x133.jpg 200w, https:\/\/www.asf-quebec.org\/wp-content\/uploads\/2021\/09\/00image-1ApresMR-1-400x266.jpg 400w, https:\/\/www.asf-quebec.org\/wp-content\/uploads\/2021\/09\/00image-1ApresMR-1-600x399.jpg 600w, https:\/\/www.asf-quebec.org\/wp-content\/uploads\/2021\/09\/00image-1ApresMR-1-800x532.jpg 800w, https:\/\/www.asf-quebec.org\/wp-content\/uploads\/2021\/09\/00image-1ApresMR-1-1200x798.jpg 1200w\" data-sizes=\"auto\" data-orig-sizes=\"(max-width: 800px) 100vw, 800px\" \/><\/span><\/div><\/div><\/div><div class=\"fusion-clearfix\"><\/div><\/div><\/div><div class=\"fusion-layout-column fusion_builder_column fusion-builder-column-9 fusion_builder_column_1_2 1_2 fusion-one-half fusion-column-last\" style=\"--awb-padding-top:30px;--awb-bg-size:cover;--awb-margin-bottom:0px;width:50%;width:calc(50% - ( ( 4% ) * 0.5 ) );\"><div class=\"fusion-column-wrapper fusion-column-has-shadow fusion-flex-column-wrapper-legacy\"><div class=\"fusion-column-content-centered\"><div class=\"fusion-column-content\"><div class=\"fusion-text fusion-text-12\"><h5>Design et r\u00e9emploi<\/h5>\n<\/div><div class=\"fusion-sep-clear\"><\/div><div class=\"fusion-separator fusion-full-width-sep\" style=\"margin-left: auto;margin-right: auto;margin-top:20px;margin-bottom:20px;width:100%;\"><div class=\"fusion-separator-border sep-double\" style=\"--awb-height:20px;--awb-amount:20px;border-color:#e0dede;border-top-width:0px;border-bottom-width:0px;\"><\/div><\/div><div class=\"fusion-sep-clear\"><\/div><div class=\"fusion-text fusion-text-13\"><p>L\u2019\u00e9quipe d\u2019ASFQ souhaitait r\u00e9aliser un endroit accueillant en utilisant le plus possible des mat\u00e9riaux de seconde main afin de cr\u00e9er un espace en synergie avec les valeurs communautaires, environnementales, et d\u2019\u00e9conomie circulaire de l\u2019organisme. Les cloisons de l&#8217;espace ont \u00e9t\u00e9 con\u00e7ues en fonction d\u2019\u00e9l\u00e9ments architecturaux choisis en amont du design. Pr\u00e8s d\u2019une dizaine de portes pleines et vitr\u00e9es ont ainsi \u00e9t\u00e9s r\u00e9cup\u00e9r\u00e9es. La majorit\u00e9 de ces mat\u00e9riaux provient de la boutique <a href=\"http:\/\/ecoreno.com\/\" target=\"_blank\" rel=\"noopener noreferrer\">\u00c9co-R\u00e9no<\/a>, entreprise partenaire de ASFQ.<\/p>\n<\/div><\/div><\/div><div class=\"fusion-clearfix\"><\/div><\/div><\/div><\/div><\/div><div class=\"fusion-fullwidth fullwidth-box fusion-builder-row-6 nonhundred-percent-fullwidth non-hundred-percent-height-scrolling fusion-equal-height-columns\" style=\"--awb-border-radius-top-left:0px;--awb-border-radius-top-right:0px;--awb-border-radius-bottom-right:0px;--awb-border-radius-bottom-left:0px;--awb-padding-top:54px;--awb-padding-bottom:58px;--awb-margin-top:0px;--awb-margin-bottom:0px;--awb-background-color:#dcedef;--awb-flex-wrap:wrap;\" ><div class=\"fusion-builder-row fusion-row\"><div class=\"fusion-layout-column fusion_builder_column fusion-builder-column-10 fusion_builder_column_1_2 1_2 fusion-one-half fusion-column-first\" style=\"--awb-padding-bottom:30px;--awb-bg-size:cover;--awb-margin-bottom:0px;width:50%;width:calc(50% - ( ( 4% ) * 0.5 ) );margin-right: 4%;\"><div class=\"fusion-column-wrapper fusion-column-has-shadow fusion-flex-column-wrapper-legacy\"><div class=\"fusion-column-content-centered\"><div class=\"fusion-column-content\"><div class=\"fusion-text fusion-text-14\"><h5>Inauguration durant l&#8217;\u00e9t\u00e9 2021<\/h5>\n<\/div><div class=\"fusion-sep-clear\"><\/div><div class=\"fusion-separator fusion-full-width-sep\" style=\"margin-left: auto;margin-right: auto;margin-top:5px;margin-bottom:5px;width:100%;\"><div class=\"fusion-separator-border sep-double\" style=\"--awb-height:20px;--awb-amount:20px;border-color:#e0dede;border-top-width:0px;border-bottom-width:0px;\"><\/div><\/div><div class=\"fusion-sep-clear\"><\/div><div class=\"fusion-text fusion-text-15\"><p><span style=\"font-weight: 400; font-size: 14px; line-height: 21px; letter-spacing: 1px; font-family: 'Source Sans Pro';\" data-fusion-font=\"true\" data-fusion-google-font=\"Source Sans Pro\" data-fusion-google-variant=\"400\">Un bureau vitr\u00e9 permet aux travailleuses de se retirer momentan\u00e9ment, tout en gardant acc\u00e8s \u00e0 la belle lumi\u00e8re du jour et en restant disponible visuellement. Cet espace permet \u00e9galement aux intervenantes de faire des consultations en retrait pour conserver la privacit\u00e9 des usag\u00e8res. Un espace cuisinette est \u00e9galement mis \u00e0 la disposition de toutes pour se rassembler ou casser la cro\u00fbte. Globalement, le design convivial et chaleureux permet aux usag\u00e8res de se reposer et de se sentir confortables pour partager leurs situations souvent difficiles.s <\/span><\/p>\n<\/div><div class=\"fusion-sep-clear\"><\/div><div class=\"fusion-separator fusion-full-width-sep\" style=\"margin-left: auto;margin-right: auto;margin-top:5px;margin-bottom:5px;width:100%;\"><div class=\"fusion-separator-border sep-double\" style=\"--awb-height:20px;--awb-amount:20px;border-color:#e0dede;border-top-width:0px;border-bottom-width:0px;\"><\/div><\/div><div class=\"fusion-sep-clear\"><\/div><div class=\"fusion-builder-row fusion-builder-row-inner fusion-row\"><div class=\"fusion-layout-column fusion_builder_column_inner fusion-builder-nested-column-2 fusion_builder_column_inner_1_1 1_1 fusion-one-full fusion-column-first fusion-column-last\" style=\"--awb-bg-size:cover;\"><div class=\"fusion-column-wrapper fusion-column-has-shadow fusion-flex-column-wrapper-legacy\"><div class=\"fusion-text fusion-text-16\"><h2><span style=\"color: #ffffff;\">Avancement du projet<\/span><\/h2>\n<\/div><div class=\"fusion-text fusion-text-17\"><\/div><div class=\"fusion-clearfix\"><\/div><\/div><\/div><div class=\"fusion-layout-column fusion_builder_column_inner fusion-builder-nested-column-3 fusion_builder_column_inner_2_3 2_3 fusion-two-third fusion-column-first\" style=\"--awb-bg-size:cover;width:66.666666666667%;width:calc(66.666666666667% - ( ( 4% ) * 0.66666666666667 ) );margin-right: 4%;\"><div class=\"fusion-column-wrapper fusion-column-has-shadow fusion-flex-column-wrapper-legacy\"><div class=\"fusion-progressbar fusion-no-small-visibility\" style=\"--awb-textcolor:#f38919;--awb-height:8px;--awb-filledcolor:#f38919;--awb-maximum-value-wrapper-width:0%;\"><div class=\"fusion-progressbar-bar progress-bar\"><div class=\"progress progress-bar-content not-animated\" role=\"progressbar\" aria-labelledby=\"awb-progressbar-label-1\" aria-valuemin=\"0\" aria-valuemax=\"100\" aria-valuenow=\"100\" data-filling-speed=\"600\"><\/div><span class=\"awb-pb-max-value-wrap awb-on-bar\"><span class=\"awb-pb-max-value-text\"><\/span><\/span><\/div><div class=\"progress-title awb-below-bar awb-align-start\"><span class=\"fusion-progressbar-text\" id=\"awb-progressbar-label-1\">Projet compl\u00e9t\u00e9 \u00e0<\/span> <span class=\"fusion-progressbar-value\">100%<\/span><\/div><\/div><div class=\"fusion-clearfix\"><\/div><\/div><\/div><\/div><\/div><\/div><div class=\"fusion-clearfix\"><\/div><\/div><\/div><div class=\"fusion-layout-column fusion_builder_column fusion-builder-column-11 fusion_builder_column_1_2 1_2 fusion-one-half fusion-column-last\" style=\"--awb-bg-size:cover;--awb-margin-bottom:0px;width:50%;width:calc(50% - ( ( 4% ) * 0.5 ) );\"><div class=\"fusion-column-wrapper fusion-column-has-shadow fusion-flex-column-wrapper-legacy\"><div class=\"fusion-column-content-centered\"><div class=\"fusion-column-content\"><div class=\"fusion-image-element in-legacy-container\" style=\"--awb-caption-title-font-family:var(--h2_typography-font-family);--awb-caption-title-font-weight:var(--h2_typography-font-weight);--awb-caption-title-font-style:var(--h2_typography-font-style);--awb-caption-title-size:var(--h2_typography-font-size);--awb-caption-title-transform:var(--h2_typography-text-transform);--awb-caption-title-line-height:var(--h2_typography-line-height);--awb-caption-title-letter-spacing:var(--h2_typography-letter-spacing);\"><span class=\" fusion-imageframe imageframe-none imageframe-7 hover-type-none\"><img decoding=\"async\" width=\"1024\" height=\"681\" alt=\"Urgence COVID - Architecture Sans Fronti\u00e8res Qu\u00e9bec\" title=\"00image 3854\" src=\"https:\/\/www.asf-quebec.org\/wp-content\/uploads\/2021\/09\/00image-3854-scaled.jpg\" data-orig-src=\"https:\/\/www.asf-quebec.org\/wp-content\/uploads\/2021\/09\/00image-3854-1024x681.jpg\" class=\"lazyload img-responsive wp-image-488446\" srcset=\"data:image\/svg+xml,%3Csvg%20xmlns%3D%27http%3A%2F%2Fwww.w3.org%2F2000%2Fsvg%27%20width%3D%272560%27%20height%3D%271702%27%20viewBox%3D%270%200%202560%201702%27%3E%3Crect%20width%3D%272560%27%20height%3D%271702%27%20fill-opacity%3D%220%22%2F%3E%3C%2Fsvg%3E\" data-srcset=\"https:\/\/www.asf-quebec.org\/wp-content\/uploads\/2021\/09\/00image-3854-200x133.jpg 200w, https:\/\/www.asf-quebec.org\/wp-content\/uploads\/2021\/09\/00image-3854-400x266.jpg 400w, https:\/\/www.asf-quebec.org\/wp-content\/uploads\/2021\/09\/00image-3854-600x399.jpg 600w, https:\/\/www.asf-quebec.org\/wp-content\/uploads\/2021\/09\/00image-3854-800x532.jpg 800w, https:\/\/www.asf-quebec.org\/wp-content\/uploads\/2021\/09\/00image-3854-1200x798.jpg 1200w\" data-sizes=\"auto\" data-orig-sizes=\"(max-width: 800px) 100vw, 800px\" \/><\/span><\/div><\/div><\/div><div class=\"fusion-clearfix\"><\/div><\/div><\/div><\/div><\/div><div class=\"fusion-fullwidth fullwidth-box fusion-builder-row-7 nonhundred-percent-fullwidth non-hundred-percent-height-scrolling fusion-equal-height-columns\" style=\"--awb-background-blend-mode:overlay;--awb-border-radius-top-left:0px;--awb-border-radius-top-right:0px;--awb-border-radius-bottom-right:0px;--awb-border-radius-bottom-left:0px;--awb-padding-top:60px;--awb-padding-bottom:20px;--awb-margin-top:0px;--awb-margin-bottom:0px;--awb-background-color:rgba(255,255,255,0.72);--awb-flex-wrap:wrap;\" ><div class=\"fusion-builder-row fusion-row\"><div class=\"fusion-layout-column fusion_builder_column fusion-builder-column-12 fusion_builder_column_1_6 1_6 fusion-one-sixth fusion-column-first fusion-column-no-min-height\" style=\"--awb-bg-size:cover;--awb-margin-bottom:0px;width:16.666666666667%;width:calc(16.666666666667% - ( ( 4% + 4% ) * 0.16666666666667 ) );margin-right: 4%;\"><div class=\"fusion-column-wrapper fusion-column-has-shadow fusion-flex-column-wrapper-legacy\"><div class=\"fusion-column-content-centered\"><div class=\"fusion-column-content\"><div class=\"fusion-image-element in-legacy-container\" style=\"--awb-margin-left:100px;--awb-caption-title-font-family:var(--h2_typography-font-family);--awb-caption-title-font-weight:var(--h2_typography-font-weight);--awb-caption-title-font-style:var(--h2_typography-font-style);--awb-caption-title-size:var(--h2_typography-font-size);--awb-caption-title-transform:var(--h2_typography-text-transform);--awb-caption-title-line-height:var(--h2_typography-line-height);--awb-caption-title-letter-spacing:var(--h2_typography-letter-spacing);\"><span class=\" fusion-imageframe imageframe-none imageframe-8 hover-type-none\"><img decoding=\"async\" width=\"250\" height=\"476\" title=\"slash_bleu-08\" src=\"https:\/\/www.asf-quebec.org\/wp-content\/uploads\/2019\/12\/slash_bleu-08.png\" data-orig-src=\"https:\/\/www.asf-quebec.org\/wp-content\/uploads\/2019\/12\/slash_bleu-08.png\" alt class=\"lazyload img-responsive wp-image-302054\" srcset=\"data:image\/svg+xml,%3Csvg%20xmlns%3D%27http%3A%2F%2Fwww.w3.org%2F2000%2Fsvg%27%20width%3D%27250%27%20height%3D%27476%27%20viewBox%3D%270%200%20250%20476%27%3E%3Crect%20width%3D%27250%27%20height%3D%27476%27%20fill-opacity%3D%220%22%2F%3E%3C%2Fsvg%3E\" data-srcset=\"https:\/\/www.asf-quebec.org\/wp-content\/uploads\/2019\/12\/slash_bleu-08-200x381.png 200w, https:\/\/www.asf-quebec.org\/wp-content\/uploads\/2019\/12\/slash_bleu-08.png 250w\" data-sizes=\"auto\" data-orig-sizes=\"(max-width: 800px) 100vw, 250px\" \/><\/span><\/div><\/div><\/div><div class=\"fusion-clearfix\"><\/div><\/div><\/div><div class=\"fusion-layout-column fusion_builder_column fusion-builder-column-13 fusion_builder_column_1_3 1_3 fusion-one-third\" style=\"--awb-padding-bottom:30px;--awb-bg-size:cover;--awb-margin-bottom:0px;width:33.333333333333%;width:calc(33.333333333333% - ( ( 4% + 4% ) * 0.33333333333333 ) );margin-right: 4%;\"><div class=\"fusion-column-wrapper fusion-column-has-shadow fusion-flex-column-wrapper-legacy\"><div class=\"fusion-image-element in-legacy-container\" style=\"--awb-caption-title-font-family:var(--h2_typography-font-family);--awb-caption-title-font-weight:var(--h2_typography-font-weight);--awb-caption-title-font-style:var(--h2_typography-font-style);--awb-caption-title-size:var(--h2_typography-font-size);--awb-caption-title-transform:var(--h2_typography-text-transform);--awb-caption-title-line-height:var(--h2_typography-line-height);--awb-caption-title-letter-spacing:var(--h2_typography-letter-spacing);\"><span class=\" fusion-imageframe imageframe-none imageframe-9 hover-type-none\"><img decoding=\"async\" width=\"1024\" height=\"841\" alt=\"Urgence COVID - Architecture Sans Fronti\u00e8res Qu\u00e9bec\" title=\"00image 4096\" src=\"https:\/\/www.asf-quebec.org\/wp-content\/uploads\/2021\/09\/00image-4096.jpg\" data-orig-src=\"https:\/\/www.asf-quebec.org\/wp-content\/uploads\/2021\/09\/00image-4096-1024x841.jpg\" class=\"lazyload img-responsive wp-image-488504\" srcset=\"data:image\/svg+xml,%3Csvg%20xmlns%3D%27http%3A%2F%2Fwww.w3.org%2F2000%2Fsvg%27%20width%3D%272350%27%20height%3D%271930%27%20viewBox%3D%270%200%202350%201930%27%3E%3Crect%20width%3D%272350%27%20height%3D%271930%27%20fill-opacity%3D%220%22%2F%3E%3C%2Fsvg%3E\" data-srcset=\"https:\/\/www.asf-quebec.org\/wp-content\/uploads\/2021\/09\/00image-4096-200x164.jpg 200w, https:\/\/www.asf-quebec.org\/wp-content\/uploads\/2021\/09\/00image-4096-400x329.jpg 400w, https:\/\/www.asf-quebec.org\/wp-content\/uploads\/2021\/09\/00image-4096-600x493.jpg 600w, https:\/\/www.asf-quebec.org\/wp-content\/uploads\/2021\/09\/00image-4096-800x657.jpg 800w, https:\/\/www.asf-quebec.org\/wp-content\/uploads\/2021\/09\/00image-4096-1200x986.jpg 1200w\" data-sizes=\"auto\" data-orig-sizes=\"(max-width: 800px) 100vw, 600px\" \/><\/span><\/div><div class=\"fusion-sep-clear\"><\/div><div class=\"fusion-separator fusion-full-width-sep\" style=\"margin-left: auto;margin-right: auto;margin-top:15px;margin-bottom:15px;width:100%;\"><div class=\"fusion-separator-border sep-double\" style=\"--awb-height:20px;--awb-amount:20px;border-color:#e0dede;border-top-width:0px;border-bottom-width:0px;\"><\/div><\/div><div class=\"fusion-sep-clear\"><\/div><div class=\"fusion-clearfix\"><\/div><\/div><\/div><div class=\"fusion-layout-column fusion_builder_column fusion-builder-column-14 fusion_builder_column_1_2 1_2 fusion-one-half fusion-column-last fusion-column-no-min-height\" style=\"--awb-bg-size:cover;--awb-margin-bottom:0px;width:50%;width:calc(50% - ( ( 4% + 4% ) * 0.5 ) );\"><div class=\"fusion-column-wrapper fusion-column-has-shadow fusion-flex-column-wrapper-legacy\"><div class=\"fusion-column-content-centered\"><div class=\"fusion-column-content\"><div class=\"fusion-text fusion-text-18\"><p><i><b>L\u2019\u00e9quipe d\u2019ASFQ tient \u00e0 remercier les porteuses du projet Iskweu pour le travail essentiel de pr\u00e9vention et de soutien qu\u2019elles offrent aupr\u00e8s des femmes, filles et personnes trans ou bispirituelles autochtones \u00e0 Montr\u00e9al.<\/b><\/i><\/p>\n<\/div><div class=\"fusion-testimonials classic awb-speech-bubble-show fusion-testimonials-1\" style=\"--awb-textcolor:#000000;--awb-backgroundcolor:#dcedef;--awb-testimonial-border-style:solid;--awb-testimonial-border-color:var(--awb-color3);--awb-border-top-left-radius:0px;--awb-border-top-right-radius:0px;--awb-border-bottom-left-radius:0px;--awb-border-bottom-right-radius:0px;--testimonial-border-width-top:0px;--testimonial-border-width-right:0px;--testimonial-border-width-bottom:0px;--testimonial-border-width-left:0px;\" data-random=\"0\" data-speed=\"10000\"><div class=\"reviews\"><div class=\"review active-testimonial avatar-image\"><blockquote><div class=\"awb-quote\"><div class=\"awb-quote-content\">\n<p>Depuis la cr\u00e9ation du projet Iskweu en 2017, nous avons constat\u00e9 le besoin d\u2019un espace o\u00f9 les femmes qui sont victimes de violences pourraient retrouver un sentiment de s\u00e9curit\u00e9. Avec le travail d\u2019architecte sans fronti\u00e8res \u00e0 R\u00e9silience Montr\u00e9al, j\u2019avais pens\u00e9 qu\u2019ils pourraient avec leurs expertises cr\u00e9er un espace s\u00e9curitaire. L\u2019\u00e9quipe compos\u00e9e de b\u00e9n\u00e9voles ont su exactement comment cr\u00e9er un bureau qui r\u00e9pond aux besoins des femmes qui ont besoin de nos services.<\/p>\n<\/div><\/div><span class=\"awb-triangle\"><\/span><\/blockquote><div class=\"author\"><span class=\"testimonial-thumbnail\"><img decoding=\"async\" class=\"testimonial-image lazyload\" src=\"data:image\/svg+xml,%3Csvg%20xmlns%3D%27http%3A%2F%2Fwww.w3.org%2F2000%2Fsvg%27%20width%3D%27233%27%20height%3D%27234%27%20viewBox%3D%270%200%20233%20234%27%3E%3Crect%20width%3D%27233%27%20height%3D%27234%27%20fill-opacity%3D%220%22%2F%3E%3C%2Fsvg%3E\" width=\"233\" height=\"234\" data-orig-src=\"https:\/\/www.asf-quebec.org\/wp-content\/uploads\/2021\/09\/Janis_ROND-01.png\" \/><\/span><span class=\"company-name\"><strong>Janis Qavavauq-Bibeau<\/strong><span>, <\/span><span>Coordonatrice du projet Iskweu<\/span><\/span><\/div><\/div><div class=\"review avatar-image\"><blockquote><div class=\"awb-quote\"><div class=\"awb-quote-content\">\n<p><span style=\"font-weight: 400;\">J&#8217;ai eu le privil\u00e8ge de participer \u00e0 la construction d&#8217;un espace cl\u00e9 pour le projet Iskweu. En tant que jeune architecte, ce projet m&#8217;a offert l&#8217;opportunit\u00e9 de participer \u00e0 la mat\u00e9rialisation des plans. L&#8217;explication par l&#8217;une des responsables du projet sur l&#8217;effet du design du local pour le bien-\u00eatre de la communaut\u00e9 a \u00e9t\u00e9 l&#8217;un des moments marquants du projet. Red\u00e9couvrir cet espace \u00e0 travers leurs yeux a certainement enrichi ma vision de l&#8217;architecture.<\/span><\/p>\n<\/div><\/div><span class=\"awb-triangle\"><\/span><\/blockquote><div class=\"author\"><span class=\"testimonial-thumbnail\"><img decoding=\"async\" class=\"testimonial-image lazyload\" src=\"data:image\/svg+xml,%3Csvg%20xmlns%3D%27http%3A%2F%2Fwww.w3.org%2F2000%2Fsvg%27%20width%3D%27600%27%20height%3D%27600%27%20viewBox%3D%270%200%20600%20600%27%3E%3Crect%20width%3D%27600%27%20height%3D%27600%27%20fill-opacity%3D%220%22%2F%3E%3C%2Fsvg%3E\" width=\"300\" height=\"300\" data-orig-src=\"https:\/\/www.asf-quebec.org\/wp-content\/uploads\/2021\/08\/FlorenceParentBeaudin-01-300x300.png\" \/><\/span><span class=\"company-name\"><strong>Florence Parent-Beaudin<\/strong><span>, <\/span><span>\u00e9tudiante en architecture b\u00e9n\u00e9vole<\/span><\/span><\/div><\/div><\/div><div class=\"testimonial-pagination\" id=\"fusion-testimonials-1\"><a href=\"#\" aria-label=\"Testimonial Pagination\"  class=\"activeSlide\"><\/a><a href=\"#\" aria-label=\"Testimonial Pagination\" ><\/a><\/div><\/div><div class=\"fusion-text fusion-text-19\"><p><b>B\u00e9n\u00e9voles:<\/b> Anissa Colasante, Antoine B. de G\u00e9ry, Catherine Juneau, Daniela Gomez, Emmanuelle Page, Fanny Lorchat, Florence Parent-Beaudin, Marie-Jo\u00eblle Larin-Lampron, Sheila Lanthier, Simone Mauro<span style=\"color: var(--body_typography-color); font-family: var(--body_typography-font-family); font-size: var(--body_typography-font-size); font-style: var(--body_typography-font-style,normal); font-weight: var(--body_typography-font-weight); letter-spacing: var(--body_typography-letter-spacing);\"><br \/>\n<\/span><\/p>\n<\/div><\/div><\/div><div class=\"fusion-clearfix\"><\/div><\/div><\/div><\/div><\/div><div class=\"fusion-fullwidth fullwidth-box fusion-builder-row-8 nonhundred-percent-fullwidth non-hundred-percent-height-scrolling fusion-equal-height-columns\" style=\"--awb-border-radius-top-left:0px;--awb-border-radius-top-right:0px;--awb-border-radius-bottom-right:0px;--awb-border-radius-bottom-left:0px;--awb-padding-top:20px;--awb-padding-bottom:6px;--awb-margin-top:0px;--awb-margin-bottom:0px;--awb-flex-wrap:wrap;\" ><div class=\"fusion-builder-row fusion-row\"><div class=\"fusion-layout-column fusion_builder_column fusion-builder-column-15 fusion_builder_column_1_1 1_1 fusion-one-full fusion-column-first fusion-column-last\" style=\"--awb-padding-top:0px;--awb-bg-size:cover;--awb-margin-bottom:0px;\"><div class=\"fusion-column-wrapper fusion-column-has-shadow fusion-flex-column-wrapper-legacy\"><div class=\"fusion-builder-row fusion-builder-row-inner fusion-row\"><div class=\"fusion-layout-column fusion_builder_column_inner fusion-builder-nested-column-4 fusion_builder_column_inner_1_4 1_4 fusion-one-fourth fusion-column-first\" style=\"--awb-padding-top:50px;--awb-padding-right:30px;--awb-padding-bottom:50px;--awb-padding-left:30px;--awb-bg-color:rgba(244,208,173,0.72);--awb-bg-color-hover:rgba(244,208,173,0.72);--awb-bg-size:cover;width:25%;width:calc(25% - ( ( 10px + 10px + 10px ) * 0.25 ) );margin-right: 10px;\"><div class=\"fusion-column-wrapper fusion-column-has-shadow fusion-flex-column-wrapper-legacy\"><div class=\"fusion-text fusion-text-20\"><h2 style=\"text-align: center;\"><span style=\"color: #f38919;\"><b>1\/3<br \/>\n<\/b><\/span><\/h2>\n<\/div><div class=\"fusion-text fusion-text-21\"><h3 style=\"text-align: center;\"><b>des mat\u00e9riaux utilis\u00e9s<br \/>\n<\/b><b>issus du r\u00e9emploi<\/b><\/h3>\n<\/div><div class=\"fusion-clearfix\"><\/div><\/div><\/div><div class=\"fusion-layout-column fusion_builder_column_inner fusion-builder-nested-column-5 fusion_builder_column_inner_1_4 1_4 fusion-one-fourth\" style=\"--awb-padding-top:50px;--awb-padding-right:30px;--awb-padding-bottom:50px;--awb-padding-left:30px;--awb-bg-color:rgba(244,208,173,0.72);--awb-bg-color-hover:rgba(244,208,173,0.72);--awb-bg-size:cover;width:25%;width:calc(25% - ( ( 10px + 10px + 10px ) * 0.25 ) );margin-right: 10px;\"><div class=\"fusion-column-wrapper fusion-column-has-shadow fusion-flex-column-wrapper-legacy\"><div class=\"fusion-text fusion-text-22\"><h2 style=\"text-align: center;\"><span style=\"color: #f38919;\"><b>10<br \/>\n<\/b><\/span><\/h2>\n<\/div><div class=\"fusion-text fusion-text-23\"><h3 style=\"text-align: center;\"><b>b\u00e9n\u00e9voles pour la<br \/>\nmise en oeuvre<\/b><\/h3>\n<\/div><div class=\"fusion-clearfix\"><\/div><\/div><\/div><div class=\"fusion-layout-column fusion_builder_column_inner fusion-builder-nested-column-6 fusion_builder_column_inner_1_4 1_4 fusion-one-fourth\" style=\"--awb-padding-top:50px;--awb-padding-right:30px;--awb-padding-bottom:50px;--awb-padding-left:30px;--awb-bg-color:rgba(244,208,173,0.72);--awb-bg-color-hover:rgba(244,208,173,0.72);--awb-bg-size:cover;width:25%;width:calc(25% - ( ( 10px + 10px + 10px ) * 0.25 ) );margin-right: 10px;\"><div class=\"fusion-column-wrapper fusion-column-has-shadow fusion-flex-column-wrapper-legacy\"><div class=\"fusion-text fusion-text-24\"><h2 style=\"text-align: center;\"><span style=\"color: #f38919;\"><b>2 080<\/b><\/span><\/h2>\n<\/div><div class=\"fusion-text fusion-text-25\"><h3 style=\"text-align: center;\"><b>heures de travail<br \/>\n<span style=\"font-weight: 400;\">\u00a0<strong>offertes gr\u00e2ce \u00e0 ASFQ<\/strong><\/span><\/b><\/h3>\n<\/div><div class=\"fusion-clearfix\"><\/div><\/div><\/div><div class=\"fusion-layout-column fusion_builder_column_inner fusion-builder-nested-column-7 fusion_builder_column_inner_1_4 1_4 fusion-one-fourth fusion-column-last\" style=\"--awb-padding-top:50px;--awb-padding-right:30px;--awb-padding-bottom:50px;--awb-padding-left:30px;--awb-bg-color:rgba(244,208,173,0.72);--awb-bg-color-hover:rgba(244,208,173,0.72);--awb-bg-size:cover;width:25%;width:calc(25% - ( ( 10px + 10px + 10px ) * 0.25 ) );\"><div class=\"fusion-column-wrapper fusion-column-has-shadow fusion-flex-column-wrapper-legacy\"><div class=\"fusion-text fusion-text-26\"><h2 style=\"text-align: center;\"><strong><span style=\"color: #f38919;\">15 000 $<\/span><\/strong><\/h2>\n<\/div><div class=\"fusion-text fusion-text-27\"><h3 style=\"text-align: center;\"><strong>de valeur offerte<br \/>\nen services par ASFQ<\/strong><\/h3>\n<\/div><div class=\"fusion-clearfix\"><\/div><\/div><\/div><\/div><div class=\"fusion-sep-clear\"><\/div><div class=\"fusion-separator fusion-full-width-sep\" style=\"margin-left: auto;margin-right: auto;margin-top:5px;margin-bottom:5px;width:100%;\"><div class=\"fusion-separator-border sep-double\" style=\"--awb-height:20px;--awb-amount:20px;border-color:#e0dede;border-top-width:0px;border-bottom-width:0px;\"><\/div><\/div><div class=\"fusion-sep-clear\"><\/div><div class=\"fusion-clearfix\"><\/div><\/div><\/div><\/div><\/div><div class=\"fusion-fullwidth fullwidth-box fusion-builder-row-9 nonhundred-percent-fullwidth non-hundred-percent-height-scrolling fusion-equal-height-columns\" style=\"--awb-border-radius-top-left:0px;--awb-border-radius-top-right:0px;--awb-border-radius-bottom-right:0px;--awb-border-radius-bottom-left:0px;--awb-padding-top:0px;--awb-padding-bottom:0px;--awb-flex-wrap:wrap;\" ><div class=\"fusion-builder-row fusion-row\"><div class=\"fusion-layout-column fusion_builder_column fusion-builder-column-16 fusion_builder_column_2_3 2_3 fusion-two-third fusion-column-first\" style=\"--awb-padding-left:100px;--awb-bg-size:cover;width:66.666666666667%;width:calc(66.666666666667% - ( ( 4% ) * 0.66666666666667 ) );margin-right: 4%;\"><div class=\"fusion-column-wrapper fusion-column-has-shadow fusion-flex-column-wrapper-legacy\"><div class=\"fusion-column-content-centered\"><div class=\"fusion-column-content\"><div class=\"fusion-text fusion-text-28\"><h2 style=\"text-align: left;\"><span style=\"color: #f38919;\">Partenaires du projet<\/span><\/h2>\n<\/div><div class=\"fusion-sep-clear\"><\/div><div class=\"fusion-separator\" style=\"margin-left: auto;margin-right: auto;margin-top:20px;margin-bottom:20px;width:100%;max-width:20px;\"><div class=\"fusion-separator-border sep-double\" style=\"--awb-height:20px;--awb-amount:20px;--awb-sep-color:rgba(224,222,222,0);border-color:rgba(224,222,222,0);border-top-width:0px;border-bottom-width:0px;\"><\/div><\/div><div class=\"fusion-sep-clear\"><\/div><div class=\"fusion-builder-row fusion-builder-row-inner fusion-row\"><div class=\"fusion-layout-column fusion_builder_column_inner fusion-builder-nested-column-8 fusion_builder_column_inner_1_3 1_3 fusion-one-third fusion-column-first\" style=\"--awb-bg-size:cover;width:33.333333333333%;width:calc(33.333333333333% - ( ( 4% + 4% ) * 0.33333333333333 ) );margin-right: 4%;\"><div class=\"fusion-column-wrapper fusion-column-has-shadow fusion-flex-column-wrapper-legacy\"><div class=\"fusion-image-element in-legacy-container\" style=\"--awb-caption-title-font-family:var(--h2_typography-font-family);--awb-caption-title-font-weight:var(--h2_typography-font-weight);--awb-caption-title-font-style:var(--h2_typography-font-style);--awb-caption-title-size:var(--h2_typography-font-size);--awb-caption-title-transform:var(--h2_typography-text-transform);--awb-caption-title-line-height:var(--h2_typography-line-height);--awb-caption-title-letter-spacing:var(--h2_typography-letter-spacing);\"><span class=\" fusion-imageframe imageframe-none imageframe-10 hover-type-none\"><img decoding=\"async\" width=\"1024\" height=\"411\" title=\"Logo-Centraide\" src=\"https:\/\/www.asf-quebec.org\/wp-content\/uploads\/2021\/08\/Logo-Centraide.png\" data-orig-src=\"https:\/\/www.asf-quebec.org\/wp-content\/uploads\/2021\/08\/Logo-Centraide-1024x411.png\" alt class=\"lazyload img-responsive wp-image-447357\" srcset=\"data:image\/svg+xml,%3Csvg%20xmlns%3D%27http%3A%2F%2Fwww.w3.org%2F2000%2Fsvg%27%20width%3D%271374%27%20height%3D%27552%27%20viewBox%3D%270%200%201374%20552%27%3E%3Crect%20width%3D%271374%27%20height%3D%27552%27%20fill-opacity%3D%220%22%2F%3E%3C%2Fsvg%3E\" data-srcset=\"https:\/\/www.asf-quebec.org\/wp-content\/uploads\/2021\/08\/Logo-Centraide-200x80.png 200w, https:\/\/www.asf-quebec.org\/wp-content\/uploads\/2021\/08\/Logo-Centraide-400x161.png 400w, https:\/\/www.asf-quebec.org\/wp-content\/uploads\/2021\/08\/Logo-Centraide-600x241.png 600w, https:\/\/www.asf-quebec.org\/wp-content\/uploads\/2021\/08\/Logo-Centraide-800x321.png 800w, https:\/\/www.asf-quebec.org\/wp-content\/uploads\/2021\/08\/Logo-Centraide-1200x482.png 1200w, https:\/\/www.asf-quebec.org\/wp-content\/uploads\/2021\/08\/Logo-Centraide.png 1374w\" data-sizes=\"auto\" data-orig-sizes=\"(max-width: 800px) 100vw, 600px\" \/><\/span><\/div><div class=\"fusion-clearfix\"><\/div><\/div><\/div><div class=\"fusion-layout-column fusion_builder_column_inner fusion-builder-nested-column-9 fusion_builder_column_inner_1_3 1_3 fusion-one-third\" style=\"--awb-bg-size:cover;width:33.333333333333%;width:calc(33.333333333333% - ( ( 4% + 4% ) * 0.33333333333333 ) );margin-right: 4%;\"><div class=\"fusion-column-wrapper fusion-column-has-shadow fusion-flex-column-wrapper-legacy\"><div class=\"fusion-image-element in-legacy-container\" style=\"--awb-caption-title-font-family:var(--h2_typography-font-family);--awb-caption-title-font-weight:var(--h2_typography-font-weight);--awb-caption-title-font-style:var(--h2_typography-font-style);--awb-caption-title-size:var(--h2_typography-font-size);--awb-caption-title-transform:var(--h2_typography-text-transform);--awb-caption-title-line-height:var(--h2_typography-line-height);--awb-caption-title-letter-spacing:var(--h2_typography-letter-spacing);\"><span class=\" fusion-imageframe imageframe-none imageframe-11 hover-type-none\"><img decoding=\"async\" width=\"1024\" height=\"420\" title=\"Logo-EcoReno-01\" src=\"https:\/\/www.asf-quebec.org\/wp-content\/uploads\/2021\/08\/Logo-EcoReno-01.png\" data-orig-src=\"https:\/\/www.asf-quebec.org\/wp-content\/uploads\/2021\/08\/Logo-EcoReno-01-1024x420.png\" alt class=\"lazyload img-responsive wp-image-447370\" srcset=\"data:image\/svg+xml,%3Csvg%20xmlns%3D%27http%3A%2F%2Fwww.w3.org%2F2000%2Fsvg%27%20width%3D%271050%27%20height%3D%27431%27%20viewBox%3D%270%200%201050%20431%27%3E%3Crect%20width%3D%271050%27%20height%3D%27431%27%20fill-opacity%3D%220%22%2F%3E%3C%2Fsvg%3E\" data-srcset=\"https:\/\/www.asf-quebec.org\/wp-content\/uploads\/2021\/08\/Logo-EcoReno-01-200x82.png 200w, https:\/\/www.asf-quebec.org\/wp-content\/uploads\/2021\/08\/Logo-EcoReno-01-400x164.png 400w, https:\/\/www.asf-quebec.org\/wp-content\/uploads\/2021\/08\/Logo-EcoReno-01-600x246.png 600w, https:\/\/www.asf-quebec.org\/wp-content\/uploads\/2021\/08\/Logo-EcoReno-01-800x328.png 800w, https:\/\/www.asf-quebec.org\/wp-content\/uploads\/2021\/08\/Logo-EcoReno-01.png 1050w\" data-sizes=\"auto\" data-orig-sizes=\"(max-width: 800px) 100vw, 600px\" \/><\/span><\/div><div class=\"fusion-clearfix\"><\/div><\/div><\/div><div class=\"fusion-layout-column fusion_builder_column_inner fusion-builder-nested-column-10 fusion_builder_column_inner_1_3 1_3 fusion-one-third fusion-column-last\" style=\"--awb-bg-size:cover;width:33.333333333333%;width:calc(33.333333333333% - ( ( 4% + 4% ) * 0.33333333333333 ) );\"><div class=\"fusion-column-wrapper fusion-column-has-shadow fusion-flex-column-wrapper-legacy\"><div class=\"fusion-clearfix\"><\/div><\/div><\/div><\/div><\/div><\/div><div class=\"fusion-clearfix\"><\/div><\/div><\/div><div class=\"fusion-layout-column fusion_builder_column fusion-builder-column-17 fusion_builder_column_1_3 1_3 fusion-one-third fusion-column-last\" style=\"--awb-padding-top:50px;--awb-padding-right:80px;--awb-padding-bottom:50px;--awb-padding-left:80px;--awb-bg-color:#dcedef;--awb-bg-color-hover:#dcedef;--awb-bg-size:cover;width:33.333333333333%;width:calc(33.333333333333% - ( ( 4% ) * 0.33333333333333 ) );\"><div class=\"fusion-column-wrapper fusion-column-has-shadow fusion-flex-column-wrapper-legacy\"><div class=\"fusion-column-content-centered\"><div class=\"fusion-column-content\"><div class=\"fusion-image-element in-legacy-container\" style=\"--awb-caption-title-font-family:var(--h2_typography-font-family);--awb-caption-title-font-weight:var(--h2_typography-font-weight);--awb-caption-title-font-style:var(--h2_typography-font-style);--awb-caption-title-size:var(--h2_typography-font-size);--awb-caption-title-transform:var(--h2_typography-text-transform);--awb-caption-title-line-height:var(--h2_typography-line-height);--awb-caption-title-letter-spacing:var(--h2_typography-letter-spacing);\"><span class=\" fusion-imageframe imageframe-none imageframe-12 hover-type-zoomin\"><img decoding=\"async\" width=\"1396\" height=\"1054\" title=\"fondCarte\" src=\"https:\/\/www.asf-quebec.org\/wp-content\/uploads\/2020\/02\/fondCarte.jpg\" data-orig-src=\"https:\/\/www.asf-quebec.org\/wp-content\/uploads\/2020\/02\/fondCarte.jpg\" alt class=\"lazyload img-responsive wp-image-302173\" srcset=\"data:image\/svg+xml,%3Csvg%20xmlns%3D%27http%3A%2F%2Fwww.w3.org%2F2000%2Fsvg%27%20width%3D%271396%27%20height%3D%271054%27%20viewBox%3D%270%200%201396%201054%27%3E%3Crect%20width%3D%271396%27%20height%3D%271054%27%20fill-opacity%3D%220%22%2F%3E%3C%2Fsvg%3E\" data-srcset=\"https:\/\/www.asf-quebec.org\/wp-content\/uploads\/2020\/02\/fondCarte-200x151.jpg 200w, https:\/\/www.asf-quebec.org\/wp-content\/uploads\/2020\/02\/fondCarte-400x302.jpg 400w, https:\/\/www.asf-quebec.org\/wp-content\/uploads\/2020\/02\/fondCarte-600x453.jpg 600w, https:\/\/www.asf-quebec.org\/wp-content\/uploads\/2020\/02\/fondCarte-800x604.jpg 800w, https:\/\/www.asf-quebec.org\/wp-content\/uploads\/2020\/02\/fondCarte-1200x906.jpg 1200w, https:\/\/www.asf-quebec.org\/wp-content\/uploads\/2020\/02\/fondCarte.jpg 1396w\" data-sizes=\"auto\" data-orig-sizes=\"(max-width: 800px) 100vw, 400px\" \/><\/span><\/div><div class=\"fusion-sep-clear\"><\/div><div class=\"fusion-separator\" style=\"margin-left: auto;margin-right: auto;margin-top:20px;margin-bottom:20px;width:100%;max-width:20px;\"><div class=\"fusion-separator-border sep-double\" style=\"--awb-height:20px;--awb-amount:20px;--awb-sep-color:rgba(224,222,222,0);border-color:rgba(224,222,222,0);border-top-width:0px;border-bottom-width:0px;\"><\/div><\/div><div class=\"fusion-sep-clear\"><\/div><div class=\"fusion-aligncenter\"><a class=\"fusion-button button-flat button-medium button-custom fusion-button-default button-1 fusion-button-default-span \" style=\"--button_accent_color:#000000;--button_border_color:#000000;--button_accent_hover_color:#ffffff;--button_border_hover_color:#ffffff;--button_border_width-top:1px;--button_border_width-right:1px;--button_border_width-bottom:1px;--button_border_width-left:1px;--button_gradient_top_color:#ffffff;--button_gradient_bottom_color:#ffffff;--button_gradient_top_color_hover:#03a9f4;--button_gradient_bottom_color_hover:#03a9f4;--button_text_transform:uppercase;\" target=\"_self\" href=\"https:\/\/www.asf-quebec.org\/en\/our-projects\/\"><span class=\"fusion-button-text awb-button__text awb-button__text--default\">Voyez tous les projets<\/span><\/a><\/div><\/div><\/div><div class=\"fusion-clearfix\"><\/div><\/div><\/div><\/div><\/div><\/p>\n","protected":false},"excerpt":{"rendered":"","protected":false},"author":6,"featured_media":487187,"menu_order":0,"template":"","format":"standard","meta":{"_acf_changed":false,"footnotes":""},"portfolio_category":[44,54],"portfolio_skills":[],"portfolio_tags":[],"class_list":["post-951075","avada_portfolio","type-avada_portfolio","status-publish","format-standard","has-post-thumbnail","hentry","portfolio_category-indigenous-habitat","portfolio_category-urban-solidarity"],"acf":[],"yoast_head":"<!-- This site is optimized with the Yoast SEO plugin v26.8 - https:\/\/yoast.com\/product\/yoast-seo-wordpress\/ -->\n<title>Projet Iskweu - Architecture Sans Fronti\u00e8res Qu\u00e9bec<\/title>\n<meta name=\"robots\" content=\"index, follow, max-snippet:-1, max-image-preview:large, max-video-preview:-1\" \/>\n<link rel=\"canonical\" href=\"https:\/\/www.asf-quebec.org\/en\/portfolio-items\/projet-iskweu\/\" \/>\n<meta property=\"og:locale\" content=\"en_US\" \/>\n<meta property=\"og:type\" content=\"article\" \/>\n<meta property=\"og:title\" content=\"Projet Iskweu - Architecture Sans Fronti\u00e8res Qu\u00e9bec\" \/>\n<meta property=\"og:url\" content=\"https:\/\/www.asf-quebec.org\/en\/portfolio-items\/projet-iskweu\/\" \/>\n<meta property=\"og:site_name\" content=\"Architecture Sans Fronti\u00e8res Qu\u00e9bec\" \/>\n<meta property=\"article:publisher\" content=\"https:\/\/www.facebook.com\/architecturesansfrontieres\/\" \/>\n<meta property=\"article:modified_time\" content=\"2023-02-17T04:53:01+00:00\" \/>\n<meta property=\"og:image\" content=\"https:\/\/www.asf-quebec.org\/wp-content\/uploads\/2021\/09\/ASF_ISKWEU-4017.jpg\" \/>\n\t<meta property=\"og:image:width\" content=\"1\" \/>\n\t<meta property=\"og:image:height\" content=\"1\" \/>\n\t<meta property=\"og:image:type\" content=\"image\/jpeg\" \/>\n<meta name=\"twitter:card\" content=\"summary_large_image\" \/>\n<meta name=\"twitter:label1\" content=\"Est. reading time\" \/>\n\t<meta name=\"twitter:data1\" content=\"22 minutes\" \/>\n<script type=\"application\/ld+json\" class=\"yoast-schema-graph\">{\"@context\":\"https:\/\/schema.org\",\"@graph\":[{\"@type\":\"WebPage\",\"@id\":\"https:\/\/www.asf-quebec.org\/en\/portfolio-items\/projet-iskweu\/\",\"url\":\"https:\/\/www.asf-quebec.org\/en\/portfolio-items\/projet-iskweu\/\",\"name\":\"Projet Iskweu - Architecture Sans Fronti\u00e8res Qu\u00e9bec\",\"isPartOf\":{\"@id\":\"https:\/\/www.asf-quebec.org\/en\/#website\"},\"primaryImageOfPage\":{\"@id\":\"https:\/\/www.asf-quebec.org\/en\/portfolio-items\/projet-iskweu\/#primaryimage\"},\"image\":{\"@id\":\"https:\/\/www.asf-quebec.org\/en\/portfolio-items\/projet-iskweu\/#primaryimage\"},\"thumbnailUrl\":\"https:\/\/www.asf-quebec.org\/wp-content\/uploads\/2021\/09\/ASF_ISKWEU-4017.jpg\",\"datePublished\":\"2022-08-25T16:02:22+00:00\",\"dateModified\":\"2023-02-17T04:53:01+00:00\",\"breadcrumb\":{\"@id\":\"https:\/\/www.asf-quebec.org\/en\/portfolio-items\/projet-iskweu\/#breadcrumb\"},\"inLanguage\":\"en-US\",\"potentialAction\":[{\"@type\":\"ReadAction\",\"target\":[\"https:\/\/www.asf-quebec.org\/en\/portfolio-items\/projet-iskweu\/\"]}]},{\"@type\":\"ImageObject\",\"inLanguage\":\"en-US\",\"@id\":\"https:\/\/www.asf-quebec.org\/en\/portfolio-items\/projet-iskweu\/#primaryimage\",\"url\":\"https:\/\/www.asf-quebec.org\/wp-content\/uploads\/2021\/09\/ASF_ISKWEU-4017.jpg\",\"contentUrl\":\"https:\/\/www.asf-quebec.org\/wp-content\/uploads\/2021\/09\/ASF_ISKWEU-4017.jpg\"},{\"@type\":\"BreadcrumbList\",\"@id\":\"https:\/\/www.asf-quebec.org\/en\/portfolio-items\/projet-iskweu\/#breadcrumb\",\"itemListElement\":[{\"@type\":\"ListItem\",\"position\":1,\"name\":\"Accueil\",\"item\":\"https:\/\/www.asf-quebec.org\/en\/\"},{\"@type\":\"ListItem\",\"position\":2,\"name\":\"Portfolio\",\"item\":\"https:\/\/www.asf-quebec.org\/en\/portfolio-items\/\"},{\"@type\":\"ListItem\",\"position\":3,\"name\":\"Projet Iskweu\"}]},{\"@type\":\"WebSite\",\"@id\":\"https:\/\/www.asf-quebec.org\/en\/#website\",\"url\":\"https:\/\/www.asf-quebec.org\/en\/\",\"name\":\"Architecture sans fronti\u00e8res Qu\u00e9bec\",\"description\":\"ASFQ\",\"publisher\":{\"@id\":\"https:\/\/www.asf-quebec.org\/en\/#organization\"},\"potentialAction\":[{\"@type\":\"SearchAction\",\"target\":{\"@type\":\"EntryPoint\",\"urlTemplate\":\"https:\/\/www.asf-quebec.org\/en\/?s={search_term_string}\"},\"query-input\":{\"@type\":\"PropertyValueSpecification\",\"valueRequired\":true,\"valueName\":\"search_term_string\"}}],\"inLanguage\":\"en-US\"},{\"@type\":\"Organization\",\"@id\":\"https:\/\/www.asf-quebec.org\/en\/#organization\",\"name\":\"Architecture sans fronti\u00e8res Qu\u00e9bec (ASFQ)\",\"url\":\"https:\/\/www.asf-quebec.org\/en\/\",\"logo\":{\"@type\":\"ImageObject\",\"inLanguage\":\"en-US\",\"@id\":\"https:\/\/www.asf-quebec.org\/en\/#\/schema\/logo\/image\/\",\"url\":\"https:\/\/www.asf-quebec.org\/wp-content\/uploads\/2019\/07\/Logo-asfq-retina.jpg\",\"contentUrl\":\"https:\/\/www.asf-quebec.org\/wp-content\/uploads\/2019\/07\/Logo-asfq-retina.jpg\",\"width\":564,\"height\":219,\"caption\":\"Architecture sans fronti\u00e8res Qu\u00e9bec (ASFQ)\"},\"image\":{\"@id\":\"https:\/\/www.asf-quebec.org\/en\/#\/schema\/logo\/image\/\"},\"sameAs\":[\"https:\/\/www.facebook.com\/architecturesansfrontieres\/\",\"https:\/\/www.instagram.com\/asfquebec\/\",\"https:\/\/www.linkedin.com\/company\/asf-quebec\/\"]}]}<\/script>\n<!-- \/ Yoast SEO plugin. -->","yoast_head_json":{"title":"Projet Iskweu - Architecture Sans Fronti\u00e8res Qu\u00e9bec","robots":{"index":"index","follow":"follow","max-snippet":"max-snippet:-1","max-image-preview":"max-image-preview:large","max-video-preview":"max-video-preview:-1"},"canonical":"https:\/\/www.asf-quebec.org\/en\/portfolio-items\/projet-iskweu\/","og_locale":"en_US","og_type":"article","og_title":"Projet Iskweu - Architecture Sans Fronti\u00e8res Qu\u00e9bec","og_url":"https:\/\/www.asf-quebec.org\/en\/portfolio-items\/projet-iskweu\/","og_site_name":"Architecture Sans Fronti\u00e8res Qu\u00e9bec","article_publisher":"https:\/\/www.facebook.com\/architecturesansfrontieres\/","article_modified_time":"2023-02-17T04:53:01+00:00","og_image":[{"url":"https:\/\/www.asf-quebec.org\/wp-content\/uploads\/2021\/09\/ASF_ISKWEU-4017.jpg","width":1,"height":1,"type":"image\/jpeg"}],"twitter_card":"summary_large_image","twitter_misc":{"Est. reading time":"22 minutes"},"schema":{"@context":"https:\/\/schema.org","@graph":[{"@type":"WebPage","@id":"https:\/\/www.asf-quebec.org\/en\/portfolio-items\/projet-iskweu\/","url":"https:\/\/www.asf-quebec.org\/en\/portfolio-items\/projet-iskweu\/","name":"Projet Iskweu - Architecture Sans Fronti\u00e8res Qu\u00e9bec","isPartOf":{"@id":"https:\/\/www.asf-quebec.org\/en\/#website"},"primaryImageOfPage":{"@id":"https:\/\/www.asf-quebec.org\/en\/portfolio-items\/projet-iskweu\/#primaryimage"},"image":{"@id":"https:\/\/www.asf-quebec.org\/en\/portfolio-items\/projet-iskweu\/#primaryimage"},"thumbnailUrl":"https:\/\/www.asf-quebec.org\/wp-content\/uploads\/2021\/09\/ASF_ISKWEU-4017.jpg","datePublished":"2022-08-25T16:02:22+00:00","dateModified":"2023-02-17T04:53:01+00:00","breadcrumb":{"@id":"https:\/\/www.asf-quebec.org\/en\/portfolio-items\/projet-iskweu\/#breadcrumb"},"inLanguage":"en-US","potentialAction":[{"@type":"ReadAction","target":["https:\/\/www.asf-quebec.org\/en\/portfolio-items\/projet-iskweu\/"]}]},{"@type":"ImageObject","inLanguage":"en-US","@id":"https:\/\/www.asf-quebec.org\/en\/portfolio-items\/projet-iskweu\/#primaryimage","url":"https:\/\/www.asf-quebec.org\/wp-content\/uploads\/2021\/09\/ASF_ISKWEU-4017.jpg","contentUrl":"https:\/\/www.asf-quebec.org\/wp-content\/uploads\/2021\/09\/ASF_ISKWEU-4017.jpg"},{"@type":"BreadcrumbList","@id":"https:\/\/www.asf-quebec.org\/en\/portfolio-items\/projet-iskweu\/#breadcrumb","itemListElement":[{"@type":"ListItem","position":1,"name":"Accueil","item":"https:\/\/www.asf-quebec.org\/en\/"},{"@type":"ListItem","position":2,"name":"Portfolio","item":"https:\/\/www.asf-quebec.org\/en\/portfolio-items\/"},{"@type":"ListItem","position":3,"name":"Projet Iskweu"}]},{"@type":"WebSite","@id":"https:\/\/www.asf-quebec.org\/en\/#website","url":"https:\/\/www.asf-quebec.org\/en\/","name":"Architecture sans fronti\u00e8res Qu\u00e9bec","description":"ASFQ","publisher":{"@id":"https:\/\/www.asf-quebec.org\/en\/#organization"},"potentialAction":[{"@type":"SearchAction","target":{"@type":"EntryPoint","urlTemplate":"https:\/\/www.asf-quebec.org\/en\/?s={search_term_string}"},"query-input":{"@type":"PropertyValueSpecification","valueRequired":true,"valueName":"search_term_string"}}],"inLanguage":"en-US"},{"@type":"Organization","@id":"https:\/\/www.asf-quebec.org\/en\/#organization","name":"Architecture sans fronti\u00e8res Qu\u00e9bec (ASFQ)","url":"https:\/\/www.asf-quebec.org\/en\/","logo":{"@type":"ImageObject","inLanguage":"en-US","@id":"https:\/\/www.asf-quebec.org\/en\/#\/schema\/logo\/image\/","url":"https:\/\/www.asf-quebec.org\/wp-content\/uploads\/2019\/07\/Logo-asfq-retina.jpg","contentUrl":"https:\/\/www.asf-quebec.org\/wp-content\/uploads\/2019\/07\/Logo-asfq-retina.jpg","width":564,"height":219,"caption":"Architecture sans fronti\u00e8res Qu\u00e9bec (ASFQ)"},"image":{"@id":"https:\/\/www.asf-quebec.org\/en\/#\/schema\/logo\/image\/"},"sameAs":["https:\/\/www.facebook.com\/architecturesansfrontieres\/","https:\/\/www.instagram.com\/asfquebec\/","https:\/\/www.linkedin.com\/company\/asf-quebec\/"]}]}},"_links":{"self":[{"href":"https:\/\/www.asf-quebec.org\/en\/wp-json\/wp\/v2\/avada_portfolio\/951075","targetHints":{"allow":["GET"]}}],"collection":[{"href":"https:\/\/www.asf-quebec.org\/en\/wp-json\/wp\/v2\/avada_portfolio"}],"about":[{"href":"https:\/\/www.asf-quebec.org\/en\/wp-json\/wp\/v2\/types\/avada_portfolio"}],"author":[{"embeddable":true,"href":"https:\/\/www.asf-quebec.org\/en\/wp-json\/wp\/v2\/users\/6"}],"version-history":[{"count":9,"href":"https:\/\/www.asf-quebec.org\/en\/wp-json\/wp\/v2\/avada_portfolio\/951075\/revisions"}],"predecessor-version":[{"id":1139337,"href":"https:\/\/www.asf-quebec.org\/en\/wp-json\/wp\/v2\/avada_portfolio\/951075\/revisions\/1139337"}],"wp:featuredmedia":[{"embeddable":true,"href":"https:\/\/www.asf-quebec.org\/en\/wp-json\/wp\/v2\/media\/487187"}],"wp:attachment":[{"href":"https:\/\/www.asf-quebec.org\/en\/wp-json\/wp\/v2\/media?parent=951075"}],"wp:term":[{"taxonomy":"portfolio_category","embeddable":true,"href":"https:\/\/www.asf-quebec.org\/en\/wp-json\/wp\/v2\/portfolio_category?post=951075"},{"taxonomy":"portfolio_skills","embeddable":true,"href":"https:\/\/www.asf-quebec.org\/en\/wp-json\/wp\/v2\/portfolio_skills?post=951075"},{"taxonomy":"portfolio_tags","embeddable":true,"href":"https:\/\/www.asf-quebec.org\/en\/wp-json\/wp\/v2\/portfolio_tags?post=951075"}],"curies":[{"name":"wp","href":"https:\/\/api.w.org\/{rel}","templated":true}]}}