{"id":332459,"date":"2021-06-16T18:07:16","date_gmt":"2021-06-16T18:07:16","guid":{"rendered":"https:\/\/www.asf-quebec.org\/portfolio-items\/rehabilitation-des-habitations-de-kitcisakik\/"},"modified":"2023-02-17T04:53:30","modified_gmt":"2023-02-17T04:53:30","slug":"rehabilitation-des-habitations-de-kitcisakik","status":"publish","type":"avada_portfolio","link":"https:\/\/www.asf-quebec.org\/en\/portfolio-items\/rehabilitation-des-habitations-de-kitcisakik\/","title":{"rendered":"R\u00e9habilitation des habitations de Kitcisakik"},"content":{"rendered":"<p><div class=\"fusion-fullwidth fullwidth-box fusion-builder-row-1 nonhundred-percent-fullwidth non-hundred-percent-height-scrolling\" style=\"--awb-border-radius-top-left:0px;--awb-border-radius-top-right:0px;--awb-border-radius-bottom-right:0px;--awb-border-radius-bottom-left:0px;--awb-padding-top:0px;--awb-padding-right:30px;--awb-padding-bottom:0px;--awb-padding-left:30px;--awb-margin-top:50px;--awb-margin-bottom:50px;--awb-background-color:#ffffff;--awb-flex-wrap:wrap;\" ><div class=\"fusion-builder-row fusion-row\"><div class=\"fusion-layout-column fusion_builder_column fusion-builder-column-0 fusion_builder_column_4_5 4_5 fusion-four-fifth fusion-column-first\" style=\"--awb-bg-size:cover;--awb-margin-bottom:0px;width:80%;width:calc(80% - ( ( 4% ) * 0.8 ) );margin-right: 4%;\"><div class=\"fusion-column-wrapper fusion-column-has-shadow fusion-flex-column-wrapper-legacy\"><div class=\"fusion-text fusion-text-1\"><h2><span style=\"color: #ff9900;\">Conception et r\u00e9novation de 30 maisons pour la population algonquine du village de Kitcisakik.<\/span><\/h2>\n<\/div><div class=\"fusion-sep-clear\"><\/div><div class=\"fusion-separator fusion-full-width-sep\" style=\"margin-left: auto;margin-right: auto;margin-top:20px;margin-bottom:20px;width:100%;\"><div class=\"fusion-separator-border sep-double\" style=\"--awb-height:20px;--awb-amount:20px;border-color:#e0dede;border-top-width:0px;border-bottom-width:0px;\"><\/div><\/div><div class=\"fusion-sep-clear\"><\/div><div class=\"fusion-builder-row fusion-builder-row-inner fusion-row\"><div class=\"fusion-layout-column fusion_builder_column_inner fusion-builder-nested-column-0 fusion_builder_column_inner_1_2 1_2 fusion-one-half fusion-column-first\" style=\"--awb-bg-size:cover;width:50%;width:calc(50% - ( ( 4% ) * 0.5 ) );margin-right: 4%;\"><div class=\"fusion-column-wrapper fusion-column-has-shadow fusion-flex-column-wrapper-legacy\"><div class=\"fusion-text fusion-text-2\"><h5><b>La crise du logement des Premi\u00e8res Nations du Canada<br \/>\n<\/b><\/h5>\n<\/div><div class=\"fusion-sep-clear\"><\/div><div class=\"fusion-separator fusion-full-width-sep\" style=\"margin-left: auto;margin-right: auto;margin-bottom:20px;width:100%;\"><\/div><div class=\"fusion-sep-clear\"><\/div><div class=\"fusion-text fusion-text-3\"><p><span style=\"font-weight: 400;\">Communaut\u00e9 Ashninabe hors-r\u00e9serve de Kitcisakik \u00e9volue dans un parc d\u2019habitations v\u00e9tuste qui impacte le bien-\u00eatre de ses 500 membres. Au manque d\u2019espace, \u00e0 l\u2019absence d\u2019eau courante et d\u2019\u00e9lectricit\u00e9, ainsi qu\u2019\u00e0 la d\u00e9pendance aux co\u00fbteuses \u00e9nergies fossiles, s\u2019ajoutent des d\u00e9ficiences dans l\u2019isolation et l\u2019\u00e9tanch\u00e9it\u00e9 des habitations. Cette situation inacceptable se rencontre dans d\u2019autres communaut\u00e9s. Lors de sa visite de 2013 au Canada, le Rapporteur sp\u00e9cial des Nations Unies pour les droits des peuples autochtones, James Anaya, a document\u00e9 le cercle vicieux d\u00fb \u00e0 la p\u00e9nurie de logements, \u00e0 la surpopulation et au manque de salubrit\u00e9 qui s\u2019ensuivent et leurs cons\u00e9quences sur l\u2019\u00e9ducation, la sant\u00e9, la s\u00e9curit\u00e9 et l\u2019emploi des jeunes<\/span><span style=\"font-weight: 400;\">\u00b9.<\/span><\/p>\n<h6><span style=\"font-weight: 400;\">\u00b9 UN, Report of the Special Rapporteur on the rights of Indigenous Peoples, James Anaya &#8211; &#8220;<a href=\"ttp:\/\/unsr.jamesanaya.org\/docs\/countries\/2014-report-canada-a-hrc-27-52-add-2-en.pdf.\">The situation of indigenous peoples in Canada<\/a>&#8220;, 2014.<\/span><\/h6>\n<\/div><div class=\"fusion-clearfix\"><\/div><\/div><\/div><div class=\"fusion-layout-column fusion_builder_column_inner fusion-builder-nested-column-1 fusion_builder_column_inner_1_2 1_2 fusion-one-half fusion-column-last\" style=\"--awb-bg-size:cover;width:50%;width:calc(50% - ( ( 4% ) * 0.5 ) );\"><div class=\"fusion-column-wrapper fusion-column-has-shadow fusion-flex-column-wrapper-legacy\"><div class=\"fusion-text fusion-text-4\"><h5><b><i>Le Peuple invisible<\/i><\/b><\/h5>\n<\/div><div class=\"fusion-sep-clear\"><\/div><div class=\"fusion-separator fusion-full-width-sep\" style=\"margin-left: auto;margin-right: auto;margin-bottom:20px;width:100%;\"><\/div><div class=\"fusion-sep-clear\"><\/div><div class=\"fusion-text fusion-text-5\"><p><span style=\"font-weight: 400;\">En janvier 2008,Guillaume L\u00e9vesque assiste \u00e0 la projection du film <\/span><i><span style=\"font-weight: 400;\">Le peuple Invisible<\/span><\/i><span style=\"font-weight: 400;\"> de Richard Desjardin. Ce film est un \u00e9v\u00e9nement d\u00e9clencheur. Touch\u00e9 par les pi\u00e8tres conditions de vie de la population algonquine de Kitcisakik et des autres communaut\u00e9s hors r\u00e9serve, l\u2019architecte d\u00e9cide d\u2019agir, et trouve un point d\u2019appui en la personne de Bernard McNamara, fondateur de l&#8217;Architectes de l\u2019urgence Canada (AUC) dont le nom a \u00e9t\u00e9 chang\u00e9 en 2017 pour ASFQ. L\u2019organisation juge<\/span><span style=\"font-weight: 400;\"> indispensable, pour le d\u00e9veloppement durable et \u00e9quitable du pays, que soient r\u00e9solus les probl\u00e8mes li\u00e9s au mal-logement des Premi\u00e8res Nations.Une mission est alors imagin\u00e9e, impliquant \u00e0 la fois la communaut\u00e9 locale, ainsi que des b\u00e9n\u00e9voles et des professionnels qu\u00e9becois.<\/span><\/p>\n<\/div><div class=\"fusion-clearfix\"><\/div><\/div><\/div><\/div><div class=\"fusion-clearfix\"><\/div><\/div><\/div><div class=\"fusion-layout-column fusion_builder_column fusion-builder-column-1 fusion_builder_column_1_5 1_5 fusion-one-fifth fusion-column-last fusion-no-small-visibility\" style=\"--awb-bg-size:cover;--awb-margin-bottom:0px;width:20%;width:calc(20% - ( ( 4% ) * 0.2 ) );\"><div class=\"fusion-column-wrapper fusion-column-has-shadow fusion-flex-column-wrapper-legacy\"><div class=\"fusion-image-element fusion-image-align-center in-legacy-container\" style=\"text-align:center;--awb-caption-title-font-family:var(--h2_typography-font-family);--awb-caption-title-font-weight:var(--h2_typography-font-weight);--awb-caption-title-font-style:var(--h2_typography-font-style);--awb-caption-title-size:var(--h2_typography-font-size);--awb-caption-title-transform:var(--h2_typography-text-transform);--awb-caption-title-line-height:var(--h2_typography-line-height);--awb-caption-title-letter-spacing:var(--h2_typography-letter-spacing);\"><div class=\"imageframe-align-center\"><span class=\" fusion-imageframe imageframe-none imageframe-1 hover-type-none fusion-animated\" data-animationType=\"slideInRight\" data-animationDuration=\"1.0\" data-animationOffset=\"top-into-view\"><img decoding=\"async\" width=\"656\" height=\"805\" title=\"Cartes interventions copy-08\" src=\"https:\/\/www.asf-quebec.org\/wp-content\/uploads\/2019\/11\/Cartes-interventions-copy-08.jpg\" data-orig-src=\"https:\/\/www.asf-quebec.org\/wp-content\/uploads\/2019\/11\/Cartes-interventions-copy-08.jpg\" alt class=\"lazyload img-responsive wp-image-301919\" srcset=\"data:image\/svg+xml,%3Csvg%20xmlns%3D%27http%3A%2F%2Fwww.w3.org%2F2000%2Fsvg%27%20width%3D%27656%27%20height%3D%27805%27%20viewBox%3D%270%200%20656%20805%27%3E%3Crect%20width%3D%27656%27%20height%3D%27805%27%20fill-opacity%3D%220%22%2F%3E%3C%2Fsvg%3E\" data-srcset=\"https:\/\/www.asf-quebec.org\/wp-content\/uploads\/2019\/11\/Cartes-interventions-copy-08-200x245.jpg 200w, https:\/\/www.asf-quebec.org\/wp-content\/uploads\/2019\/11\/Cartes-interventions-copy-08-400x491.jpg 400w, https:\/\/www.asf-quebec.org\/wp-content\/uploads\/2019\/11\/Cartes-interventions-copy-08-600x736.jpg 600w, https:\/\/www.asf-quebec.org\/wp-content\/uploads\/2019\/11\/Cartes-interventions-copy-08.jpg 656w\" data-sizes=\"auto\" data-orig-sizes=\"(max-width: 800px) 100vw, 400px\" \/><\/span><\/div><\/div><div class=\"fusion-clearfix\"><\/div><\/div><\/div><\/div><\/div><div class=\"fusion-fullwidth fullwidth-box fusion-builder-row-2 nonhundred-percent-fullwidth non-hundred-percent-height-scrolling fusion-equal-height-columns\" style=\"--awb-border-radius-top-left:0px;--awb-border-radius-top-right:0px;--awb-border-radius-bottom-right:0px;--awb-border-radius-bottom-left:0px;--awb-padding-top:80px;--awb-padding-bottom:80px;--awb-margin-top:0px;--awb-margin-bottom:0px;--awb-background-color:#dcedef;--awb-flex-wrap:wrap;\" ><div class=\"fusion-builder-row fusion-row\"><div class=\"fusion-layout-column fusion_builder_column fusion-builder-column-2 fusion_builder_column_1_2 1_2 fusion-one-half fusion-column-first\" style=\"--awb-padding-bottom:30px;--awb-bg-size:cover;--awb-margin-bottom:0px;width:50%;width:calc(50% - ( ( 4% ) * 0.5 ) );margin-right: 4%;\"><div class=\"fusion-column-wrapper fusion-column-has-shadow fusion-flex-column-wrapper-legacy\"><div class=\"fusion-column-content-centered\"><div class=\"fusion-column-content\"><div class=\"fusion-text fusion-text-6\"><h5><b>Rencontre avec la communaut\u00e9<\/b><\/h5>\n<\/div><div class=\"fusion-sep-clear\"><\/div><div class=\"fusion-separator fusion-full-width-sep\" style=\"margin-left: auto;margin-right: auto;margin-top:20px;width:100%;\"><div class=\"fusion-separator-border sep-double\" style=\"--awb-height:20px;--awb-amount:20px;--awb-sep-color:rgba(224,222,222,0);border-color:rgba(224,222,222,0);border-top-width:0px;border-bottom-width:0px;\"><\/div><\/div><div class=\"fusion-sep-clear\"><\/div><div class=\"fusion-text fusion-text-7\"><p><span style=\"font-weight: 400;\">\u00c0 la fin de la projection du documentaire, Guillaume rencontre Steve Papatie. Un premier contact avec un membre de la communaut\u00e9 m\u00e8nera \u00e0 des rencontres avec le Conseil de bande de Kitcisakik. En mai de la m\u00eame ann\u00e9e, un s\u00e9jour sur place de 7 b\u00e9n\u00e9voles, permet d\u2019effectuer des relev\u00e9s sur la centaine de maisons. Les objectifs de la mission prennent forme. Leur r\u00e9novation permettra d\u2019\u00e9viter les probl\u00e8mes respiratoires dus \u00e0 la qualit\u00e9 de l\u2019air, de diminuer la consommation de bois et de gaz en am\u00e9liorant l\u2019isolation et l\u2019\u00e9tanch\u00e9it\u00e9. Des maisons seront b\u00e2ties pour accueillir de grandes familles. Le tout renforcera des capacit\u00e9s locale, cr\u00e9era des emplois, favorisera l\u2019autonomie et la r\u00e9silience et encouragera le partage et le transfert de connaissances.<\/span><\/p>\n<\/div><div class=\"fusion-sep-clear\"><\/div><div class=\"fusion-separator fusion-full-width-sep\" style=\"margin-left: auto;margin-right: auto;margin-top:5px;margin-bottom:5px;width:100%;\"><div class=\"fusion-separator-border sep-double\" style=\"--awb-height:20px;--awb-amount:20px;border-color:#e0dede;border-top-width:0px;border-bottom-width:0px;\"><\/div><\/div><div class=\"fusion-sep-clear\"><\/div><div class=\"fusion-image-element fusion-image-align-left in-legacy-container\" style=\"text-align:left;--awb-caption-title-font-family:var(--h2_typography-font-family);--awb-caption-title-font-weight:var(--h2_typography-font-weight);--awb-caption-title-font-style:var(--h2_typography-font-style);--awb-caption-title-size:var(--h2_typography-font-size);--awb-caption-title-transform:var(--h2_typography-text-transform);--awb-caption-title-line-height:var(--h2_typography-line-height);--awb-caption-title-letter-spacing:var(--h2_typography-letter-spacing);\"><span class=\" fusion-imageframe imageframe-none imageframe-2 hover-type-none fusion-animated\" style=\"margin-right:25px;float:left;\" data-animationType=\"slideInLeft\" data-animationDuration=\"1.0\" data-animationOffset=\"top-into-view\"><img decoding=\"async\" width=\"179\" height=\"68\" title=\"Forme-orange-petite\" src=\"data:image\/svg+xml,%3Csvg%20xmlns%3D%27http%3A%2F%2Fwww.w3.org%2F2000%2Fsvg%27%20width%3D%27179%27%20height%3D%2768%27%20viewBox%3D%270%200%20179%2068%27%3E%3Crect%20width%3D%27179%27%20height%3D%2768%27%20fill-opacity%3D%220%22%2F%3E%3C%2Fsvg%3E\" data-orig-src=\"https:\/\/www.asf-quebec.org\/wp-content\/uploads\/2019\/07\/Forme-orange-petite.png\" alt class=\"lazyload img-responsive wp-image-301842\"\/><\/span><\/div><div class=\"fusion-sep-clear\"><\/div><div class=\"fusion-separator fusion-full-width-sep\" style=\"margin-left: auto;margin-right: auto;margin-top:5px;margin-bottom:5px;width:100%;\"><div class=\"fusion-separator-border sep-double\" style=\"--awb-height:20px;--awb-amount:20px;border-color:#e0dede;border-top-width:0px;border-bottom-width:0px;\"><\/div><\/div><div class=\"fusion-sep-clear\"><\/div><\/div><\/div><div class=\"fusion-clearfix\"><\/div><\/div><\/div><div class=\"fusion-layout-column fusion_builder_column fusion-builder-column-3 fusion_builder_column_1_2 1_2 fusion-one-half fusion-column-last\" style=\"--awb-bg-size:cover;--awb-margin-bottom:0px;width:50%;width:calc(50% - ( ( 4% ) * 0.5 ) );\"><div class=\"fusion-column-wrapper fusion-column-has-shadow fusion-flex-column-wrapper-legacy\"><div class=\"fusion-column-content-centered\"><div class=\"fusion-column-content\"><div class=\"fusion-image-element in-legacy-container\" style=\"--awb-caption-title-font-family:var(--h2_typography-font-family);--awb-caption-title-font-weight:var(--h2_typography-font-weight);--awb-caption-title-font-style:var(--h2_typography-font-style);--awb-caption-title-size:var(--h2_typography-font-size);--awb-caption-title-transform:var(--h2_typography-text-transform);--awb-caption-title-line-height:var(--h2_typography-line-height);--awb-caption-title-letter-spacing:var(--h2_typography-letter-spacing);\"><span class=\" fusion-imageframe imageframe-none imageframe-3 hover-type-none\"><img decoding=\"async\" width=\"1263\" height=\"891\" title=\"Kitcisakik-Lac Victoria aout 2013.01\" src=\"https:\/\/www.asf-quebec.org\/wp-content\/uploads\/2019\/11\/Kitcisakik-Lac-Victoria-aout-2013.01.jpg\" data-orig-src=\"https:\/\/www.asf-quebec.org\/wp-content\/uploads\/2019\/11\/Kitcisakik-Lac-Victoria-aout-2013.01.jpg\" alt class=\"lazyload img-responsive wp-image-301920\" srcset=\"data:image\/svg+xml,%3Csvg%20xmlns%3D%27http%3A%2F%2Fwww.w3.org%2F2000%2Fsvg%27%20width%3D%271263%27%20height%3D%27891%27%20viewBox%3D%270%200%201263%20891%27%3E%3Crect%20width%3D%271263%27%20height%3D%27891%27%20fill-opacity%3D%220%22%2F%3E%3C%2Fsvg%3E\" data-srcset=\"https:\/\/www.asf-quebec.org\/wp-content\/uploads\/2019\/11\/Kitcisakik-Lac-Victoria-aout-2013.01-200x141.jpg 200w, https:\/\/www.asf-quebec.org\/wp-content\/uploads\/2019\/11\/Kitcisakik-Lac-Victoria-aout-2013.01-400x282.jpg 400w, https:\/\/www.asf-quebec.org\/wp-content\/uploads\/2019\/11\/Kitcisakik-Lac-Victoria-aout-2013.01-600x423.jpg 600w, https:\/\/www.asf-quebec.org\/wp-content\/uploads\/2019\/11\/Kitcisakik-Lac-Victoria-aout-2013.01-800x564.jpg 800w, https:\/\/www.asf-quebec.org\/wp-content\/uploads\/2019\/11\/Kitcisakik-Lac-Victoria-aout-2013.01-1200x847.jpg 1200w, https:\/\/www.asf-quebec.org\/wp-content\/uploads\/2019\/11\/Kitcisakik-Lac-Victoria-aout-2013.01.jpg 1263w\" data-sizes=\"auto\" data-orig-sizes=\"(max-width: 800px) 100vw, 800px\" \/><\/span><\/div><\/div><\/div><div class=\"fusion-clearfix\"><\/div><\/div><\/div><\/div><\/div><div class=\"fusion-fullwidth fullwidth-box fusion-builder-row-3 nonhundred-percent-fullwidth non-hundred-percent-height-scrolling fusion-equal-height-columns\" style=\"--awb-border-radius-top-left:0px;--awb-border-radius-top-right:0px;--awb-border-radius-bottom-right:0px;--awb-border-radius-bottom-left:0px;--awb-padding-top:80px;--awb-padding-bottom:80px;--awb-margin-top:0px;--awb-margin-bottom:0px;--awb-background-color:#ffffff;--awb-flex-wrap:wrap;\" ><div class=\"fusion-builder-row fusion-row\"><div class=\"fusion-layout-column fusion_builder_column fusion-builder-column-4 fusion_builder_column_1_2 1_2 fusion-one-half fusion-column-first\" style=\"--awb-bg-size:cover;--awb-margin-bottom:0px;width:50%;width:calc(50% - ( ( 4% ) * 0.5 ) );margin-right: 4%;\"><div class=\"fusion-column-wrapper fusion-column-has-shadow fusion-flex-column-wrapper-legacy\"><div class=\"fusion-column-content-centered\"><div class=\"fusion-column-content\"><div class=\"fusion-image-element in-legacy-container\" style=\"--awb-caption-title-font-family:var(--h2_typography-font-family);--awb-caption-title-font-weight:var(--h2_typography-font-weight);--awb-caption-title-font-style:var(--h2_typography-font-style);--awb-caption-title-size:var(--h2_typography-font-size);--awb-caption-title-transform:var(--h2_typography-text-transform);--awb-caption-title-line-height:var(--h2_typography-line-height);--awb-caption-title-letter-spacing:var(--h2_typography-letter-spacing);\"><span class=\" fusion-imageframe imageframe-none imageframe-4 hover-type-none\"><img decoding=\"async\" width=\"2800\" height=\"1867\" title=\"03maisonrenoveejeanpaul-M\" src=\"https:\/\/www.asf-quebec.org\/wp-content\/uploads\/2019\/11\/03maisonrenoveejeanpaul-M.jpg\" data-orig-src=\"https:\/\/www.asf-quebec.org\/wp-content\/uploads\/2019\/11\/03maisonrenoveejeanpaul-M.jpg\" alt class=\"lazyload img-responsive wp-image-301921\" srcset=\"data:image\/svg+xml,%3Csvg%20xmlns%3D%27http%3A%2F%2Fwww.w3.org%2F2000%2Fsvg%27%20width%3D%272800%27%20height%3D%271867%27%20viewBox%3D%270%200%202800%201867%27%3E%3Crect%20width%3D%272800%27%20height%3D%271867%27%20fill-opacity%3D%220%22%2F%3E%3C%2Fsvg%3E\" data-srcset=\"https:\/\/www.asf-quebec.org\/wp-content\/uploads\/2019\/11\/03maisonrenoveejeanpaul-M-200x133.jpg 200w, https:\/\/www.asf-quebec.org\/wp-content\/uploads\/2019\/11\/03maisonrenoveejeanpaul-M-400x267.jpg 400w, https:\/\/www.asf-quebec.org\/wp-content\/uploads\/2019\/11\/03maisonrenoveejeanpaul-M-600x400.jpg 600w, https:\/\/www.asf-quebec.org\/wp-content\/uploads\/2019\/11\/03maisonrenoveejeanpaul-M-800x533.jpg 800w, https:\/\/www.asf-quebec.org\/wp-content\/uploads\/2019\/11\/03maisonrenoveejeanpaul-M-1200x800.jpg 1200w, https:\/\/www.asf-quebec.org\/wp-content\/uploads\/2019\/11\/03maisonrenoveejeanpaul-M.jpg 2800w\" data-sizes=\"auto\" data-orig-sizes=\"(max-width: 800px) 100vw, 800px\" \/><\/span><\/div><\/div><\/div><div class=\"fusion-clearfix\"><\/div><\/div><\/div><div class=\"fusion-layout-column fusion_builder_column fusion-builder-column-5 fusion_builder_column_1_2 1_2 fusion-one-half fusion-column-last\" style=\"--awb-padding-top:30px;--awb-bg-size:cover;--awb-margin-bottom:0px;width:50%;width:calc(50% - ( ( 4% ) * 0.5 ) );\"><div class=\"fusion-column-wrapper fusion-column-has-shadow fusion-flex-column-wrapper-legacy\"><div class=\"fusion-column-content-centered\"><div class=\"fusion-column-content\"><div class=\"fusion-text fusion-text-8\"><h3><b>Une conception inclusive<\/b><\/h3>\n<\/div><div class=\"fusion-sep-clear\"><\/div><div class=\"fusion-separator fusion-full-width-sep\" style=\"margin-left: auto;margin-right: auto;margin-bottom:20px;width:100%;\"><div class=\"fusion-separator-border sep-double\" style=\"--awb-height:20px;--awb-amount:20px;--awb-sep-color:rgba(224,222,222,0);border-color:rgba(224,222,222,0);border-top-width:1px;border-bottom-width:1px;\"><\/div><\/div><div class=\"fusion-sep-clear\"><\/div><div class=\"fusion-text fusion-text-9\"><p><span style=\"font-weight: 400;\">Le rapport d\u2019\u00e9tude initial souligne la n\u00e9cessit\u00e9 d\u2019am\u00e9liorer la durabilit\u00e9 des maisons et d\u2019\u00e9tablir un meilleur environnement de vie au b\u00e9n\u00e9fice notamment de la sant\u00e9 des enfants. D\u00e8s le d\u00e9part, Guillaume sugg\u00e8re l&#8217;installation d\u2019un moulin \u00e0 scie, garantissant aux futurs ouvriers autochtones, form\u00e9s sur place, leur autonomie en production de bois de construction. <\/span><span style=\"font-weight: 400;\">En septembre 2009, les travaux commencent, appuy\u00e9 par la Fondation Fronti\u00e8res et plusieurs donateurs manufacturiers. En d\u00e9cembre le gouvernement f\u00e9d\u00e9ral annonce un appui substantiel par l\u2019entremise de la SHQ, afin d&#8217;encourager les r\u00e9novations et r\u00e9mun\u00e9rer les 20 ouvriers autochtones sur une p\u00e9riode de 3 ans. Entre 2008 et 2015, des maisons sont s\u00e9lectionn\u00e9es par priorit\u00e9 de besoin. <\/span><span style=\"font-weight: 400;\">En cours de r\u00e9alisation, le projet inclura la r\u00e9novation d\u2019habitations d&#8217;une communaut\u00e9 voisine, ainsi que les esquisses pour une \u00e9cole primaire, dont le Gouvernement f\u00e9d\u00e9ral financera la construction en 2010.<\/span><\/p>\n<\/div><div class=\"fusion-image-element fusion-image-align-right in-legacy-container\" style=\"text-align:right;--awb-caption-title-font-family:var(--h2_typography-font-family);--awb-caption-title-font-weight:var(--h2_typography-font-weight);--awb-caption-title-font-style:var(--h2_typography-font-style);--awb-caption-title-size:var(--h2_typography-font-size);--awb-caption-title-transform:var(--h2_typography-text-transform);--awb-caption-title-line-height:var(--h2_typography-line-height);--awb-caption-title-letter-spacing:var(--h2_typography-letter-spacing);\"><span class=\" fusion-imageframe imageframe-none imageframe-5 hover-type-none fusion-animated\" style=\"margin-left:25px;float:right;\" data-animationType=\"slideInLeft\" data-animationDuration=\"1.0\" data-animationOffset=\"top-into-view\"><img decoding=\"async\" width=\"102\" height=\"102\" title=\"Forme-jaune-cercle\" src=\"data:image\/svg+xml,%3Csvg%20xmlns%3D%27http%3A%2F%2Fwww.w3.org%2F2000%2Fsvg%27%20width%3D%27102%27%20height%3D%27102%27%20viewBox%3D%270%200%20102%20102%27%3E%3Crect%20width%3D%27102%27%20height%3D%27102%27%20fill-opacity%3D%220%22%2F%3E%3C%2Fsvg%3E\" data-orig-src=\"https:\/\/www.asf-quebec.org\/wp-content\/uploads\/2019\/09\/Forme-jaune-cercle.png\" alt class=\"lazyload img-responsive wp-image-301896\"\/><\/span><\/div><\/div><\/div><div class=\"fusion-clearfix\"><\/div><\/div><\/div><\/div><\/div><div class=\"fusion-fullwidth fullwidth-box fusion-builder-row-4 nonhundred-percent-fullwidth non-hundred-percent-height-scrolling fusion-equal-height-columns\" style=\"--awb-border-radius-top-left:0px;--awb-border-radius-top-right:0px;--awb-border-radius-bottom-right:0px;--awb-border-radius-bottom-left:0px;--awb-padding-top:50px;--awb-padding-bottom:20px;--awb-margin-top:0px;--awb-margin-bottom:0px;--awb-background-color:#dcedef;--awb-flex-wrap:wrap;\" ><div class=\"fusion-builder-row fusion-row\"><div class=\"fusion-layout-column fusion_builder_column fusion-builder-column-6 fusion_builder_column_3_5 3_5 fusion-three-fifth fusion-column-first\" style=\"--awb-padding-bottom:30px;--awb-bg-size:cover;--awb-margin-bottom:0px;width:60%;width:calc(60% - ( ( 4% ) * 0.6 ) );margin-right: 4%;\"><div class=\"fusion-column-wrapper fusion-column-has-shadow fusion-flex-column-wrapper-legacy\"><div class=\"fusion-column-content-centered\"><div class=\"fusion-column-content\"><div class=\"fusion-text fusion-text-10\"><h5><b>Une grande r\u00e9ussite<\/b><\/h5>\n<\/div><div class=\"fusion-sep-clear\"><\/div><div class=\"fusion-separator fusion-full-width-sep\" style=\"margin-left: auto;margin-right: auto;margin-bottom:20px;width:100%;\"><div class=\"fusion-separator-border sep-double\" style=\"--awb-height:20px;--awb-amount:20px;--awb-sep-color:rgba(224,222,222,0);border-color:rgba(224,222,222,0);border-top-width:1px;border-bottom-width:1px;\"><\/div><\/div><div class=\"fusion-sep-clear\"><\/div><div class=\"fusion-text fusion-text-11\"><p><span style=\"font-weight: 400;\">Ce processus d\u2019architecture participative, a su conjuguer la formation au renforcement des capacit\u00e9s locales, la prise en compte des traditions, ainsi que l\u2019utilisation de mat\u00e9riaux propres \u00e0 l\u2019identit\u00e9 <\/span><span style=\"font-weight: 400;\">Anishnabe<\/span><span style=\"font-weight: 400;\">. En 2011, ce travail est salu\u00e9 par le Prix Action de l\u2019Ordre des Architectes du Qu\u00e9bec, en 2012, le projet se voit d\u00e9cerner <\/span><a href=\"http:\/\/www.gg.ca\/document.aspx?id=14918&amp;lan=fra\"><span style=\"font-weight: 400;\">la M\u00e9daille du Gouverneur G\u00e9n\u00e9ral en architecture du Canada<\/span><\/a><span style=\"font-weight: 400;\">.En septembre 2015, les 14 ouvriers form\u00e9s re\u00e7oivent leurs cartes de comp\u00e9tences CCQ leur permettant d\u2019exercer officiellement comme charpentiers-menuisiers.<\/span><span style=\"font-weight: 400;\"><br \/>\n<\/span><span style=\"font-weight: 400;\"><br \/>\n<\/span><span style=\"font-weight: 400;\">Ce projet a ralli\u00e9 de nombreux partenaires priv\u00e9s et publics, ainsi qu\u2019une centaine de b\u00e9n\u00e9voles et a permis l\u2019enrichissement des relations entre Autochtones et non-autochtones. Le r\u00e9seau ainsi g\u00e9n\u00e9r\u00e9 a contribu\u00e9 \u00e0 briser l\u2019isolement, valoriser les comp\u00e9tences traditionnelles, ins\u00e9rer professionnellement plusieurs membres de la communaut\u00e9, et surtout, accro\u00eetre la fiert\u00e9 des familles de Kitcisakik.<\/span><\/p>\n<\/div><div class=\"fusion-builder-row fusion-builder-row-inner fusion-row\"><div class=\"fusion-layout-column fusion_builder_column_inner fusion-builder-nested-column-2 fusion_builder_column_inner_1_1 1_1 fusion-one-full fusion-column-first fusion-column-last\" style=\"--awb-padding-top:30px;--awb-padding-right:0px;--awb-padding-bottom:30px;--awb-padding-left:0px;--awb-bg-size:cover;--awb-margin-top:30px;--awb-margin-bottom:0px;\"><div class=\"fusion-column-wrapper fusion-column-has-shadow fusion-flex-column-wrapper-legacy\"><div class=\"fusion-text fusion-text-12\"><h2><span style=\"color: #808080;\">Avancement du projet<\/span><\/h2>\n<\/div><div class=\"fusion-progressbar\" style=\"--awb-textcolor:#f38919;--awb-height:8px;--awb-filledcolor:#f38919;--awb-unfilledcolor:#ffffff;--awb-maximum-value-wrapper-width:0%;\"><div class=\"fusion-progressbar-bar progress-bar\"><div class=\"progress progress-bar-content not-animated\" role=\"progressbar\" aria-labelledby=\"awb-progressbar-label-1\" aria-valuemin=\"0\" aria-valuemax=\"100\" aria-valuenow=\"100\" data-filling-speed=\"600\"><\/div><span class=\"awb-pb-max-value-wrap awb-on-bar\"><span class=\"awb-pb-max-value-text\"><\/span><\/span><\/div><div class=\"progress-title awb-below-bar awb-align-start\"><span class=\"fusion-progressbar-text\" id=\"awb-progressbar-label-1\">Compl\u00e9t\u00e9 \u00e0<\/span> <span class=\"fusion-progressbar-value\">100%<\/span><\/div><\/div><div class=\"fusion-clearfix\"><\/div><\/div><\/div><\/div><\/div><\/div><div class=\"fusion-clearfix\"><\/div><\/div><\/div><div class=\"fusion-layout-column fusion_builder_column fusion-builder-column-7 fusion_builder_column_2_5 2_5 fusion-two-fifth fusion-column-last fusion-column-no-min-height\" style=\"--awb-bg-size:cover;--awb-margin-bottom:0px;width:40%;width:calc(40% - ( ( 4% ) * 0.4 ) );\"><div class=\"fusion-column-wrapper fusion-column-has-shadow fusion-flex-column-wrapper-legacy\"><div class=\"fusion-column-content-centered\"><div class=\"fusion-column-content\"><div class=\"fusion-image-carousel fusion-image-carousel-auto fusion-image-carousel-1 lightbox-enabled fusion-carousel-border\"><div class=\"awb-carousel awb-swiper awb-swiper-carousel awb-carousel--carousel awb-swiper-dots-position-bottom\" data-layout=\"carousel\" data-autoplay=\"yes\" data-autoplayspeed=\"2500\" data-autoplaypause=\"no\" data-columns=\"1\" data-columnsmedium=\"1\" data-columnssmall=\"1\" data-itemmargin=\"0\" data-itemwidth=\"180\" data-touchscroll=\"no\" data-freemode=\"no\" data-imagesize=\"auto\" data-scrollitems=\"1\" data-centeredslides=\"no\" data-rotationangle=\"50\" data-depth=\"100\" data-speed=\"500\" data-shadow=\"no\" data-pagination=\"bullets\" style=\"--awb-columns:1;--awb-column-spacing:0px;--awb-border-width:1px;--awb-border-color:#e9eaee;\"><div class=\"swiper-wrapper awb-image-carousel-wrapper fusion-flex-align-items-center\"><div class=\"swiper-slide\"><div class=\"fusion-carousel-item-wrapper\"><div class=\"fusion-image-wrapper hover-type-liftup\"><a data-rel=\"iLightbox[image_carousel_1]\" data-title=\"018sm\" aria-label=\"018sm\" href=\"https:\/\/www.asf-quebec.org\/wp-content\/uploads\/2019\/11\/018sm.jpg\" target=\"_self\"><img decoding=\"async\" width=\"2000\" height=\"1333\" src=\"https:\/\/www.asf-quebec.org\/wp-content\/uploads\/2019\/11\/018sm.jpg\" class=\"attachment-full size-full lazyload\" alt=\"\" srcset=\"data:image\/svg+xml,%3Csvg%20xmlns%3D%27http%3A%2F%2Fwww.w3.org%2F2000%2Fsvg%27%20width%3D%272000%27%20height%3D%271333%27%20viewBox%3D%270%200%202000%201333%27%3E%3Crect%20width%3D%272000%27%20height%3D%271333%27%20fill-opacity%3D%220%22%2F%3E%3C%2Fsvg%3E\" data-orig-src=\"https:\/\/www.asf-quebec.org\/wp-content\/uploads\/2019\/11\/018sm.jpg\" data-srcset=\"https:\/\/www.asf-quebec.org\/wp-content\/uploads\/2019\/11\/018sm-200x133.jpg 200w, https:\/\/www.asf-quebec.org\/wp-content\/uploads\/2019\/11\/018sm-300x200.jpg 300w, https:\/\/www.asf-quebec.org\/wp-content\/uploads\/2019\/11\/018sm-400x267.jpg 400w, https:\/\/www.asf-quebec.org\/wp-content\/uploads\/2019\/11\/018sm-600x400.jpg 600w, https:\/\/www.asf-quebec.org\/wp-content\/uploads\/2019\/11\/018sm-768x512.jpg 768w, https:\/\/www.asf-quebec.org\/wp-content\/uploads\/2019\/11\/018sm-800x533.jpg 800w, https:\/\/www.asf-quebec.org\/wp-content\/uploads\/2019\/11\/018sm-1024x682.jpg 1024w, https:\/\/www.asf-quebec.org\/wp-content\/uploads\/2019\/11\/018sm-1200x800.jpg 1200w, https:\/\/www.asf-quebec.org\/wp-content\/uploads\/2019\/11\/018sm.jpg 2000w\" data-sizes=\"auto\" \/><\/a><\/div><\/div><\/div><div class=\"swiper-slide\"><div class=\"fusion-carousel-item-wrapper\"><div class=\"fusion-image-wrapper hover-type-liftup\"><a data-rel=\"iLightbox[image_carousel_1]\" data-title=\"_MG_3294\" aria-label=\"_MG_3294\" href=\"https:\/\/www.asf-quebec.org\/wp-content\/uploads\/2019\/11\/MG_3294-e1583866861957.jpg\" target=\"_self\"><img decoding=\"async\" width=\"3748\" height=\"2555\" src=\"https:\/\/www.asf-quebec.org\/wp-content\/uploads\/2019\/11\/MG_3294-e1583866861957.jpg\" class=\"attachment-full size-full lazyload\" alt=\"\" srcset=\"data:image\/svg+xml,%3Csvg%20xmlns%3D%27http%3A%2F%2Fwww.w3.org%2F2000%2Fsvg%27%20width%3D%273748%27%20height%3D%272555%27%20viewBox%3D%270%200%203748%202555%27%3E%3Crect%20width%3D%273748%27%20height%3D%272555%27%20fill-opacity%3D%220%22%2F%3E%3C%2Fsvg%3E\" data-orig-src=\"https:\/\/www.asf-quebec.org\/wp-content\/uploads\/2019\/11\/MG_3294-e1583866861957.jpg\" data-srcset=\"https:\/\/www.asf-quebec.org\/wp-content\/uploads\/2019\/11\/MG_3294-e1583866861957-200x136.jpg 200w, https:\/\/www.asf-quebec.org\/wp-content\/uploads\/2019\/11\/MG_3294-e1583866861957-300x205.jpg 300w, https:\/\/www.asf-quebec.org\/wp-content\/uploads\/2019\/11\/MG_3294-e1583866861957-400x273.jpg 400w, https:\/\/www.asf-quebec.org\/wp-content\/uploads\/2019\/11\/MG_3294-e1583866861957-600x409.jpg 600w, https:\/\/www.asf-quebec.org\/wp-content\/uploads\/2019\/11\/MG_3294-e1583866861957-768x524.jpg 768w, https:\/\/www.asf-quebec.org\/wp-content\/uploads\/2019\/11\/MG_3294-e1583866861957-800x545.jpg 800w, https:\/\/www.asf-quebec.org\/wp-content\/uploads\/2019\/11\/MG_3294-e1583866861957-1024x698.jpg 1024w, https:\/\/www.asf-quebec.org\/wp-content\/uploads\/2019\/11\/MG_3294-e1583866861957-1200x818.jpg 1200w, https:\/\/www.asf-quebec.org\/wp-content\/uploads\/2019\/11\/MG_3294-e1583866861957.jpg 3748w\" data-sizes=\"auto\" \/><\/a><\/div><\/div><\/div><div class=\"swiper-slide\"><div class=\"fusion-carousel-item-wrapper\"><div class=\"fusion-image-wrapper hover-type-liftup\"><a data-rel=\"iLightbox[image_carousel_1]\" data-title=\"04terrassecouverte-M\" aria-label=\"04terrassecouverte-M\" href=\"https:\/\/www.asf-quebec.org\/wp-content\/uploads\/2019\/11\/04terrassecouverte-M-e1583866907639.jpg\" target=\"_self\"><img decoding=\"async\" width=\"2100\" height=\"1414\" src=\"https:\/\/www.asf-quebec.org\/wp-content\/uploads\/2019\/11\/04terrassecouverte-M-e1583866907639.jpg\" class=\"attachment-full size-full lazyload\" alt=\"\" srcset=\"data:image\/svg+xml,%3Csvg%20xmlns%3D%27http%3A%2F%2Fwww.w3.org%2F2000%2Fsvg%27%20width%3D%272100%27%20height%3D%271414%27%20viewBox%3D%270%200%202100%201414%27%3E%3Crect%20width%3D%272100%27%20height%3D%271414%27%20fill-opacity%3D%220%22%2F%3E%3C%2Fsvg%3E\" data-orig-src=\"https:\/\/www.asf-quebec.org\/wp-content\/uploads\/2019\/11\/04terrassecouverte-M-e1583866907639.jpg\" data-srcset=\"https:\/\/www.asf-quebec.org\/wp-content\/uploads\/2019\/11\/04terrassecouverte-M-e1583866907639-200x135.jpg 200w, https:\/\/www.asf-quebec.org\/wp-content\/uploads\/2019\/11\/04terrassecouverte-M-e1583866907639-300x202.jpg 300w, https:\/\/www.asf-quebec.org\/wp-content\/uploads\/2019\/11\/04terrassecouverte-M-e1583866907639-400x269.jpg 400w, https:\/\/www.asf-quebec.org\/wp-content\/uploads\/2019\/11\/04terrassecouverte-M-e1583866907639-600x404.jpg 600w, https:\/\/www.asf-quebec.org\/wp-content\/uploads\/2019\/11\/04terrassecouverte-M-e1583866907639-768x517.jpg 768w, https:\/\/www.asf-quebec.org\/wp-content\/uploads\/2019\/11\/04terrassecouverte-M-e1583866907639-800x539.jpg 800w, https:\/\/www.asf-quebec.org\/wp-content\/uploads\/2019\/11\/04terrassecouverte-M-e1583866907639-1024x689.jpg 1024w, https:\/\/www.asf-quebec.org\/wp-content\/uploads\/2019\/11\/04terrassecouverte-M-e1583866907639-1200x808.jpg 1200w, https:\/\/www.asf-quebec.org\/wp-content\/uploads\/2019\/11\/04terrassecouverte-M-e1583866907639.jpg 2100w\" data-sizes=\"auto\" \/><\/a><\/div><\/div><\/div><div class=\"swiper-slide\"><div class=\"fusion-carousel-item-wrapper\"><div class=\"fusion-image-wrapper hover-type-liftup\"><a data-rel=\"iLightbox[image_carousel_1]\" data-title=\"06moulinascie-M\" aria-label=\"06moulinascie-M\" href=\"https:\/\/www.asf-quebec.org\/wp-content\/uploads\/2019\/11\/06moulinascie-M-e1583866946427.jpg\" target=\"_self\"><img decoding=\"async\" width=\"1862\" height=\"1260\" src=\"https:\/\/www.asf-quebec.org\/wp-content\/uploads\/2019\/11\/06moulinascie-M-e1583866946427.jpg\" class=\"attachment-full size-full lazyload\" alt=\"\" srcset=\"data:image\/svg+xml,%3Csvg%20xmlns%3D%27http%3A%2F%2Fwww.w3.org%2F2000%2Fsvg%27%20width%3D%271862%27%20height%3D%271260%27%20viewBox%3D%270%200%201862%201260%27%3E%3Crect%20width%3D%271862%27%20height%3D%271260%27%20fill-opacity%3D%220%22%2F%3E%3C%2Fsvg%3E\" data-orig-src=\"https:\/\/www.asf-quebec.org\/wp-content\/uploads\/2019\/11\/06moulinascie-M-e1583866946427.jpg\" data-srcset=\"https:\/\/www.asf-quebec.org\/wp-content\/uploads\/2019\/11\/06moulinascie-M-e1583866946427-200x135.jpg 200w, https:\/\/www.asf-quebec.org\/wp-content\/uploads\/2019\/11\/06moulinascie-M-e1583866946427-300x203.jpg 300w, https:\/\/www.asf-quebec.org\/wp-content\/uploads\/2019\/11\/06moulinascie-M-e1583866946427-400x271.jpg 400w, https:\/\/www.asf-quebec.org\/wp-content\/uploads\/2019\/11\/06moulinascie-M-e1583866946427-600x406.jpg 600w, https:\/\/www.asf-quebec.org\/wp-content\/uploads\/2019\/11\/06moulinascie-M-e1583866946427-768x520.jpg 768w, https:\/\/www.asf-quebec.org\/wp-content\/uploads\/2019\/11\/06moulinascie-M-e1583866946427-800x541.jpg 800w, https:\/\/www.asf-quebec.org\/wp-content\/uploads\/2019\/11\/06moulinascie-M-e1583866946427-1024x693.jpg 1024w, https:\/\/www.asf-quebec.org\/wp-content\/uploads\/2019\/11\/06moulinascie-M-e1583866946427-1200x812.jpg 1200w, https:\/\/www.asf-quebec.org\/wp-content\/uploads\/2019\/11\/06moulinascie-M-e1583866946427.jpg 1862w\" data-sizes=\"auto\" \/><\/a><\/div><\/div><\/div><div class=\"swiper-slide\"><div class=\"fusion-carousel-item-wrapper\"><div class=\"fusion-image-wrapper hover-type-liftup\"><a data-rel=\"iLightbox[image_carousel_1]\" data-title=\"2013-08-21 10.49.49\" aria-label=\"2013-08-21 10.49.49\" href=\"https:\/\/www.asf-quebec.org\/wp-content\/uploads\/2019\/11\/2013-08-21-10.49.49-e1583866984283.jpg\" target=\"_self\"><img decoding=\"async\" width=\"2448\" height=\"1713\" src=\"https:\/\/www.asf-quebec.org\/wp-content\/uploads\/2019\/11\/2013-08-21-10.49.49-e1583866984283.jpg\" class=\"attachment-full size-full lazyload\" alt=\"\" srcset=\"data:image\/svg+xml,%3Csvg%20xmlns%3D%27http%3A%2F%2Fwww.w3.org%2F2000%2Fsvg%27%20width%3D%272448%27%20height%3D%271713%27%20viewBox%3D%270%200%202448%201713%27%3E%3Crect%20width%3D%272448%27%20height%3D%271713%27%20fill-opacity%3D%220%22%2F%3E%3C%2Fsvg%3E\" data-orig-src=\"https:\/\/www.asf-quebec.org\/wp-content\/uploads\/2019\/11\/2013-08-21-10.49.49-e1583866984283.jpg\" data-srcset=\"https:\/\/www.asf-quebec.org\/wp-content\/uploads\/2019\/11\/2013-08-21-10.49.49-e1583866984283-200x140.jpg 200w, https:\/\/www.asf-quebec.org\/wp-content\/uploads\/2019\/11\/2013-08-21-10.49.49-e1583866984283-300x210.jpg 300w, https:\/\/www.asf-quebec.org\/wp-content\/uploads\/2019\/11\/2013-08-21-10.49.49-e1583866984283-400x280.jpg 400w, https:\/\/www.asf-quebec.org\/wp-content\/uploads\/2019\/11\/2013-08-21-10.49.49-e1583866984283-600x420.jpg 600w, https:\/\/www.asf-quebec.org\/wp-content\/uploads\/2019\/11\/2013-08-21-10.49.49-e1583866984283-768x537.jpg 768w, https:\/\/www.asf-quebec.org\/wp-content\/uploads\/2019\/11\/2013-08-21-10.49.49-e1583866984283-800x560.jpg 800w, https:\/\/www.asf-quebec.org\/wp-content\/uploads\/2019\/11\/2013-08-21-10.49.49-e1583866984283-1024x717.jpg 1024w, https:\/\/www.asf-quebec.org\/wp-content\/uploads\/2019\/11\/2013-08-21-10.49.49-e1583866984283-1200x840.jpg 1200w, https:\/\/www.asf-quebec.org\/wp-content\/uploads\/2019\/11\/2013-08-21-10.49.49-e1583866984283.jpg 2448w\" data-sizes=\"auto\" \/><\/a><\/div><\/div><\/div><div class=\"swiper-slide\"><div class=\"fusion-carousel-item-wrapper\"><div class=\"fusion-image-wrapper hover-type-liftup\"><a data-rel=\"iLightbox[image_carousel_1]\" data-caption=\"GG2013-0002-079February 1, 2013 Rideau Hall, Ottawa, Canada His Excellency the Right Honourable David Johnston, Governor General of Canada, presented the Governor General\u0092s Medals in Architecture during a ceremony at Rideau Hall, on February 1, 2013.The Governor General\u0092s Medals in Architecture recognize outstanding achievement in recently built projects by Canadian architects. This program, created by the Royal Architectural Institute of Canada (RAIC), contributes to the development of the discipline and practice of architecture, and increases public awareness of architecture as a vital cultural force in Canadian society. These awards are administered jointly by Architecture Canada | RAIC and the Canada Council for the Arts, which is responsible for the adjudication process and contributes to the publication highlighting the medal winners. The winners were announced by the RAIC and the Canada Council for the Arts in May 2012.Credit: Cpl Roxanne Shewchuk, Rideau Hall, OSGG\" data-title=\"2012 Governor General\u0092s Medals in Architecture\" aria-label=\"2012 Governor General\u0092s Medals in Architecture\" href=\"https:\/\/www.asf-quebec.org\/wp-content\/uploads\/2019\/11\/016.jpg\" target=\"_self\"><img decoding=\"async\" width=\"4219\" height=\"2813\" src=\"https:\/\/www.asf-quebec.org\/wp-content\/uploads\/2019\/11\/016.jpg\" class=\"attachment-full size-full lazyload\" alt=\"\" srcset=\"data:image\/svg+xml,%3Csvg%20xmlns%3D%27http%3A%2F%2Fwww.w3.org%2F2000%2Fsvg%27%20width%3D%274219%27%20height%3D%272813%27%20viewBox%3D%270%200%204219%202813%27%3E%3Crect%20width%3D%274219%27%20height%3D%272813%27%20fill-opacity%3D%220%22%2F%3E%3C%2Fsvg%3E\" data-orig-src=\"https:\/\/www.asf-quebec.org\/wp-content\/uploads\/2019\/11\/016.jpg\" data-srcset=\"https:\/\/www.asf-quebec.org\/wp-content\/uploads\/2019\/11\/016-200x133.jpg 200w, https:\/\/www.asf-quebec.org\/wp-content\/uploads\/2019\/11\/016-300x200.jpg 300w, https:\/\/www.asf-quebec.org\/wp-content\/uploads\/2019\/11\/016-400x267.jpg 400w, https:\/\/www.asf-quebec.org\/wp-content\/uploads\/2019\/11\/016-600x400.jpg 600w, https:\/\/www.asf-quebec.org\/wp-content\/uploads\/2019\/11\/016-768x512.jpg 768w, https:\/\/www.asf-quebec.org\/wp-content\/uploads\/2019\/11\/016-800x533.jpg 800w, https:\/\/www.asf-quebec.org\/wp-content\/uploads\/2019\/11\/016-1024x683.jpg 1024w, https:\/\/www.asf-quebec.org\/wp-content\/uploads\/2019\/11\/016-1200x800.jpg 1200w, https:\/\/www.asf-quebec.org\/wp-content\/uploads\/2019\/11\/016.jpg 4219w\" data-sizes=\"auto\" \/><\/a><\/div><\/div><\/div><div class=\"swiper-slide\"><div class=\"fusion-carousel-item-wrapper\"><div class=\"fusion-image-wrapper hover-type-liftup\"><a data-rel=\"iLightbox[image_carousel_1]\" data-title=\"09ouvrier-Peter Papatie-M\" aria-label=\"09ouvrier-Peter Papatie-M\" href=\"https:\/\/www.asf-quebec.org\/wp-content\/uploads\/2019\/11\/09ouvrier-Peter-Papatie-M.jpg\" target=\"_self\"><img decoding=\"async\" width=\"2800\" height=\"2100\" src=\"https:\/\/www.asf-quebec.org\/wp-content\/uploads\/2019\/11\/09ouvrier-Peter-Papatie-M.jpg\" class=\"attachment-full size-full lazyload\" alt=\"\" srcset=\"data:image\/svg+xml,%3Csvg%20xmlns%3D%27http%3A%2F%2Fwww.w3.org%2F2000%2Fsvg%27%20width%3D%272800%27%20height%3D%272100%27%20viewBox%3D%270%200%202800%202100%27%3E%3Crect%20width%3D%272800%27%20height%3D%272100%27%20fill-opacity%3D%220%22%2F%3E%3C%2Fsvg%3E\" data-orig-src=\"https:\/\/www.asf-quebec.org\/wp-content\/uploads\/2019\/11\/09ouvrier-Peter-Papatie-M.jpg\" data-srcset=\"https:\/\/www.asf-quebec.org\/wp-content\/uploads\/2019\/11\/09ouvrier-Peter-Papatie-M-200x150.jpg 200w, https:\/\/www.asf-quebec.org\/wp-content\/uploads\/2019\/11\/09ouvrier-Peter-Papatie-M-300x225.jpg 300w, https:\/\/www.asf-quebec.org\/wp-content\/uploads\/2019\/11\/09ouvrier-Peter-Papatie-M-400x300.jpg 400w, https:\/\/www.asf-quebec.org\/wp-content\/uploads\/2019\/11\/09ouvrier-Peter-Papatie-M-600x450.jpg 600w, https:\/\/www.asf-quebec.org\/wp-content\/uploads\/2019\/11\/09ouvrier-Peter-Papatie-M-768x576.jpg 768w, https:\/\/www.asf-quebec.org\/wp-content\/uploads\/2019\/11\/09ouvrier-Peter-Papatie-M-800x600.jpg 800w, https:\/\/www.asf-quebec.org\/wp-content\/uploads\/2019\/11\/09ouvrier-Peter-Papatie-M-1024x768.jpg 1024w, https:\/\/www.asf-quebec.org\/wp-content\/uploads\/2019\/11\/09ouvrier-Peter-Papatie-M-1200x900.jpg 1200w, https:\/\/www.asf-quebec.org\/wp-content\/uploads\/2019\/11\/09ouvrier-Peter-Papatie-M.jpg 2800w\" data-sizes=\"auto\" \/><\/a><\/div><\/div><\/div><div class=\"swiper-slide\"><div class=\"fusion-carousel-item-wrapper\"><div class=\"fusion-image-wrapper hover-type-liftup\"><a data-rel=\"iLightbox[image_carousel_1]\" data-title=\"07ouvriersautochtones-M\" aria-label=\"07ouvriersautochtones-M\" href=\"https:\/\/www.asf-quebec.org\/wp-content\/uploads\/2019\/11\/07ouvriersautochtones-M-e1583867030459.jpg\" target=\"_self\"><img decoding=\"async\" width=\"2100\" height=\"1470\" src=\"https:\/\/www.asf-quebec.org\/wp-content\/uploads\/2019\/11\/07ouvriersautochtones-M-e1583867030459.jpg\" class=\"attachment-full size-full lazyload\" alt=\"\" srcset=\"data:image\/svg+xml,%3Csvg%20xmlns%3D%27http%3A%2F%2Fwww.w3.org%2F2000%2Fsvg%27%20width%3D%272100%27%20height%3D%271470%27%20viewBox%3D%270%200%202100%201470%27%3E%3Crect%20width%3D%272100%27%20height%3D%271470%27%20fill-opacity%3D%220%22%2F%3E%3C%2Fsvg%3E\" data-orig-src=\"https:\/\/www.asf-quebec.org\/wp-content\/uploads\/2019\/11\/07ouvriersautochtones-M-e1583867030459.jpg\" data-srcset=\"https:\/\/www.asf-quebec.org\/wp-content\/uploads\/2019\/11\/07ouvriersautochtones-M-e1583867030459-200x140.jpg 200w, https:\/\/www.asf-quebec.org\/wp-content\/uploads\/2019\/11\/07ouvriersautochtones-M-e1583867030459-300x210.jpg 300w, https:\/\/www.asf-quebec.org\/wp-content\/uploads\/2019\/11\/07ouvriersautochtones-M-e1583867030459-400x280.jpg 400w, https:\/\/www.asf-quebec.org\/wp-content\/uploads\/2019\/11\/07ouvriersautochtones-M-e1583867030459-600x420.jpg 600w, https:\/\/www.asf-quebec.org\/wp-content\/uploads\/2019\/11\/07ouvriersautochtones-M-e1583867030459-768x538.jpg 768w, https:\/\/www.asf-quebec.org\/wp-content\/uploads\/2019\/11\/07ouvriersautochtones-M-e1583867030459-800x560.jpg 800w, https:\/\/www.asf-quebec.org\/wp-content\/uploads\/2019\/11\/07ouvriersautochtones-M-e1583867030459-1024x717.jpg 1024w, https:\/\/www.asf-quebec.org\/wp-content\/uploads\/2019\/11\/07ouvriersautochtones-M-e1583867030459-1200x840.jpg 1200w, https:\/\/www.asf-quebec.org\/wp-content\/uploads\/2019\/11\/07ouvriersautochtones-M-e1583867030459.jpg 2100w\" data-sizes=\"auto\" \/><\/a><\/div><\/div><\/div><div class=\"swiper-slide\"><div class=\"fusion-carousel-item-wrapper\"><div class=\"fusion-image-wrapper hover-type-liftup\"><a data-rel=\"iLightbox[image_carousel_1]\" data-title=\"DSC_2724\" aria-label=\"DSC_2724\" href=\"https:\/\/www.asf-quebec.org\/wp-content\/uploads\/2019\/11\/DSC_2724.jpg\" target=\"_self\"><img decoding=\"async\" width=\"3696\" height=\"2448\" src=\"https:\/\/www.asf-quebec.org\/wp-content\/uploads\/2019\/11\/DSC_2724.jpg\" class=\"attachment-full size-full lazyload\" alt=\"\" srcset=\"data:image\/svg+xml,%3Csvg%20xmlns%3D%27http%3A%2F%2Fwww.w3.org%2F2000%2Fsvg%27%20width%3D%273696%27%20height%3D%272448%27%20viewBox%3D%270%200%203696%202448%27%3E%3Crect%20width%3D%273696%27%20height%3D%272448%27%20fill-opacity%3D%220%22%2F%3E%3C%2Fsvg%3E\" data-orig-src=\"https:\/\/www.asf-quebec.org\/wp-content\/uploads\/2019\/11\/DSC_2724.jpg\" data-srcset=\"https:\/\/www.asf-quebec.org\/wp-content\/uploads\/2019\/11\/DSC_2724-200x132.jpg 200w, https:\/\/www.asf-quebec.org\/wp-content\/uploads\/2019\/11\/DSC_2724-300x199.jpg 300w, https:\/\/www.asf-quebec.org\/wp-content\/uploads\/2019\/11\/DSC_2724-400x265.jpg 400w, https:\/\/www.asf-quebec.org\/wp-content\/uploads\/2019\/11\/DSC_2724-600x397.jpg 600w, https:\/\/www.asf-quebec.org\/wp-content\/uploads\/2019\/11\/DSC_2724-768x509.jpg 768w, https:\/\/www.asf-quebec.org\/wp-content\/uploads\/2019\/11\/DSC_2724-800x530.jpg 800w, https:\/\/www.asf-quebec.org\/wp-content\/uploads\/2019\/11\/DSC_2724-1024x678.jpg 1024w, https:\/\/www.asf-quebec.org\/wp-content\/uploads\/2019\/11\/DSC_2724-1200x795.jpg 1200w, https:\/\/www.asf-quebec.org\/wp-content\/uploads\/2019\/11\/DSC_2724.jpg 3696w\" data-sizes=\"auto\" \/><\/a><\/div><\/div><\/div><div class=\"swiper-slide\"><div class=\"fusion-carousel-item-wrapper\"><div class=\"fusion-image-wrapper hover-type-liftup\"><a data-rel=\"iLightbox[image_carousel_1]\" data-title=\"DSC_6238\" aria-label=\"DSC_6238\" href=\"https:\/\/www.asf-quebec.org\/wp-content\/uploads\/2019\/11\/DSC_6238.jpg\" target=\"_self\"><img decoding=\"async\" width=\"2896\" height=\"1944\" src=\"https:\/\/www.asf-quebec.org\/wp-content\/uploads\/2019\/11\/DSC_6238.jpg\" class=\"attachment-full size-full lazyload\" alt=\"\" srcset=\"data:image\/svg+xml,%3Csvg%20xmlns%3D%27http%3A%2F%2Fwww.w3.org%2F2000%2Fsvg%27%20width%3D%272896%27%20height%3D%271944%27%20viewBox%3D%270%200%202896%201944%27%3E%3Crect%20width%3D%272896%27%20height%3D%271944%27%20fill-opacity%3D%220%22%2F%3E%3C%2Fsvg%3E\" data-orig-src=\"https:\/\/www.asf-quebec.org\/wp-content\/uploads\/2019\/11\/DSC_6238.jpg\" data-srcset=\"https:\/\/www.asf-quebec.org\/wp-content\/uploads\/2019\/11\/DSC_6238-200x134.jpg 200w, https:\/\/www.asf-quebec.org\/wp-content\/uploads\/2019\/11\/DSC_6238-300x201.jpg 300w, https:\/\/www.asf-quebec.org\/wp-content\/uploads\/2019\/11\/DSC_6238-400x269.jpg 400w, https:\/\/www.asf-quebec.org\/wp-content\/uploads\/2019\/11\/DSC_6238-600x403.jpg 600w, https:\/\/www.asf-quebec.org\/wp-content\/uploads\/2019\/11\/DSC_6238-768x516.jpg 768w, https:\/\/www.asf-quebec.org\/wp-content\/uploads\/2019\/11\/DSC_6238-800x537.jpg 800w, https:\/\/www.asf-quebec.org\/wp-content\/uploads\/2019\/11\/DSC_6238-1024x687.jpg 1024w, https:\/\/www.asf-quebec.org\/wp-content\/uploads\/2019\/11\/DSC_6238-1200x806.jpg 1200w, https:\/\/www.asf-quebec.org\/wp-content\/uploads\/2019\/11\/DSC_6238.jpg 2896w\" data-sizes=\"auto\" \/><\/a><\/div><\/div><\/div><div class=\"swiper-slide\"><div class=\"fusion-carousel-item-wrapper\"><div class=\"fusion-image-wrapper hover-type-liftup\"><a data-rel=\"iLightbox[image_carousel_1]\" data-title=\"DSC_6542-crop\" aria-label=\"DSC_6542-crop\" href=\"https:\/\/www.asf-quebec.org\/wp-content\/uploads\/2019\/11\/DSC_6542-crop.jpg\" target=\"_self\"><img decoding=\"async\" width=\"1766\" height=\"1456\" src=\"https:\/\/www.asf-quebec.org\/wp-content\/uploads\/2019\/11\/DSC_6542-crop.jpg\" class=\"attachment-full size-full lazyload\" alt=\"\" srcset=\"data:image\/svg+xml,%3Csvg%20xmlns%3D%27http%3A%2F%2Fwww.w3.org%2F2000%2Fsvg%27%20width%3D%271766%27%20height%3D%271456%27%20viewBox%3D%270%200%201766%201456%27%3E%3Crect%20width%3D%271766%27%20height%3D%271456%27%20fill-opacity%3D%220%22%2F%3E%3C%2Fsvg%3E\" data-orig-src=\"https:\/\/www.asf-quebec.org\/wp-content\/uploads\/2019\/11\/DSC_6542-crop.jpg\" data-srcset=\"https:\/\/www.asf-quebec.org\/wp-content\/uploads\/2019\/11\/DSC_6542-crop-200x165.jpg 200w, https:\/\/www.asf-quebec.org\/wp-content\/uploads\/2019\/11\/DSC_6542-crop-300x247.jpg 300w, https:\/\/www.asf-quebec.org\/wp-content\/uploads\/2019\/11\/DSC_6542-crop-400x330.jpg 400w, https:\/\/www.asf-quebec.org\/wp-content\/uploads\/2019\/11\/DSC_6542-crop-600x495.jpg 600w, https:\/\/www.asf-quebec.org\/wp-content\/uploads\/2019\/11\/DSC_6542-crop-768x633.jpg 768w, https:\/\/www.asf-quebec.org\/wp-content\/uploads\/2019\/11\/DSC_6542-crop-800x660.jpg 800w, https:\/\/www.asf-quebec.org\/wp-content\/uploads\/2019\/11\/DSC_6542-crop-1024x844.jpg 1024w, https:\/\/www.asf-quebec.org\/wp-content\/uploads\/2019\/11\/DSC_6542-crop-1200x989.jpg 1200w, https:\/\/www.asf-quebec.org\/wp-content\/uploads\/2019\/11\/DSC_6542-crop.jpg 1766w\" data-sizes=\"auto\" \/><\/a><\/div><\/div><\/div><div class=\"swiper-slide\"><div class=\"fusion-carousel-item-wrapper\"><div class=\"fusion-image-wrapper hover-type-liftup\"><a data-rel=\"iLightbox[image_carousel_1]\" data-title=\"IMG_1143\" aria-label=\"IMG_1143\" href=\"https:\/\/www.asf-quebec.org\/wp-content\/uploads\/2019\/11\/IMG_1143.jpg\" target=\"_self\"><img decoding=\"async\" width=\"800\" height=\"600\" src=\"https:\/\/www.asf-quebec.org\/wp-content\/uploads\/2019\/11\/IMG_1143.jpg\" class=\"attachment-full size-full lazyload\" alt=\"\" srcset=\"data:image\/svg+xml,%3Csvg%20xmlns%3D%27http%3A%2F%2Fwww.w3.org%2F2000%2Fsvg%27%20width%3D%27800%27%20height%3D%27600%27%20viewBox%3D%270%200%20800%20600%27%3E%3Crect%20width%3D%27800%27%20height%3D%27600%27%20fill-opacity%3D%220%22%2F%3E%3C%2Fsvg%3E\" data-orig-src=\"https:\/\/www.asf-quebec.org\/wp-content\/uploads\/2019\/11\/IMG_1143.jpg\" data-srcset=\"https:\/\/www.asf-quebec.org\/wp-content\/uploads\/2019\/11\/IMG_1143-200x150.jpg 200w, https:\/\/www.asf-quebec.org\/wp-content\/uploads\/2019\/11\/IMG_1143-300x225.jpg 300w, https:\/\/www.asf-quebec.org\/wp-content\/uploads\/2019\/11\/IMG_1143-400x300.jpg 400w, https:\/\/www.asf-quebec.org\/wp-content\/uploads\/2019\/11\/IMG_1143-600x450.jpg 600w, https:\/\/www.asf-quebec.org\/wp-content\/uploads\/2019\/11\/IMG_1143-768x576.jpg 768w, https:\/\/www.asf-quebec.org\/wp-content\/uploads\/2019\/11\/IMG_1143.jpg 800w\" data-sizes=\"auto\" \/><\/a><\/div><\/div><\/div><div class=\"swiper-slide\"><div class=\"fusion-carousel-item-wrapper\"><div class=\"fusion-image-wrapper hover-type-liftup\"><a data-rel=\"iLightbox[image_carousel_1]\" data-title=\"Kitcisakik-Lac Victoria aout 2013.01\" aria-label=\"Kitcisakik-Lac Victoria aout 2013.01\" href=\"https:\/\/www.asf-quebec.org\/wp-content\/uploads\/2019\/11\/Kitcisakik-Lac-Victoria-aout-2013.01-1.jpg\" target=\"_self\"><img decoding=\"async\" width=\"1263\" height=\"891\" src=\"https:\/\/www.asf-quebec.org\/wp-content\/uploads\/2019\/11\/Kitcisakik-Lac-Victoria-aout-2013.01-1.jpg\" class=\"attachment-full size-full lazyload\" alt=\"\" srcset=\"data:image\/svg+xml,%3Csvg%20xmlns%3D%27http%3A%2F%2Fwww.w3.org%2F2000%2Fsvg%27%20width%3D%271263%27%20height%3D%27891%27%20viewBox%3D%270%200%201263%20891%27%3E%3Crect%20width%3D%271263%27%20height%3D%27891%27%20fill-opacity%3D%220%22%2F%3E%3C%2Fsvg%3E\" data-orig-src=\"https:\/\/www.asf-quebec.org\/wp-content\/uploads\/2019\/11\/Kitcisakik-Lac-Victoria-aout-2013.01-1.jpg\" data-srcset=\"https:\/\/www.asf-quebec.org\/wp-content\/uploads\/2019\/11\/Kitcisakik-Lac-Victoria-aout-2013.01-1-200x141.jpg 200w, https:\/\/www.asf-quebec.org\/wp-content\/uploads\/2019\/11\/Kitcisakik-Lac-Victoria-aout-2013.01-1-300x212.jpg 300w, https:\/\/www.asf-quebec.org\/wp-content\/uploads\/2019\/11\/Kitcisakik-Lac-Victoria-aout-2013.01-1-400x282.jpg 400w, https:\/\/www.asf-quebec.org\/wp-content\/uploads\/2019\/11\/Kitcisakik-Lac-Victoria-aout-2013.01-1-600x423.jpg 600w, https:\/\/www.asf-quebec.org\/wp-content\/uploads\/2019\/11\/Kitcisakik-Lac-Victoria-aout-2013.01-1-768x542.jpg 768w, https:\/\/www.asf-quebec.org\/wp-content\/uploads\/2019\/11\/Kitcisakik-Lac-Victoria-aout-2013.01-1-800x564.jpg 800w, https:\/\/www.asf-quebec.org\/wp-content\/uploads\/2019\/11\/Kitcisakik-Lac-Victoria-aout-2013.01-1-1024x722.jpg 1024w, https:\/\/www.asf-quebec.org\/wp-content\/uploads\/2019\/11\/Kitcisakik-Lac-Victoria-aout-2013.01-1-1200x847.jpg 1200w, https:\/\/www.asf-quebec.org\/wp-content\/uploads\/2019\/11\/Kitcisakik-Lac-Victoria-aout-2013.01-1.jpg 1263w\" data-sizes=\"auto\" \/><\/a><\/div><\/div><\/div><div class=\"swiper-slide\"><div class=\"fusion-carousel-item-wrapper\"><div class=\"fusion-image-wrapper hover-type-liftup\"><a data-rel=\"iLightbox[image_carousel_1]\" data-title=\"IMG_9711\" aria-label=\"IMG_9711\" href=\"https:\/\/www.asf-quebec.org\/wp-content\/uploads\/2019\/11\/IMG_9711.jpg\" target=\"_self\"><img decoding=\"async\" width=\"3456\" height=\"5184\" src=\"https:\/\/www.asf-quebec.org\/wp-content\/uploads\/2019\/11\/IMG_9711.jpg\" class=\"attachment-full size-full lazyload\" alt=\"\" srcset=\"data:image\/svg+xml,%3Csvg%20xmlns%3D%27http%3A%2F%2Fwww.w3.org%2F2000%2Fsvg%27%20width%3D%273456%27%20height%3D%275184%27%20viewBox%3D%270%200%203456%205184%27%3E%3Crect%20width%3D%273456%27%20height%3D%275184%27%20fill-opacity%3D%220%22%2F%3E%3C%2Fsvg%3E\" data-orig-src=\"https:\/\/www.asf-quebec.org\/wp-content\/uploads\/2019\/11\/IMG_9711.jpg\" data-srcset=\"https:\/\/www.asf-quebec.org\/wp-content\/uploads\/2019\/11\/IMG_9711-200x300.jpg 200w, https:\/\/www.asf-quebec.org\/wp-content\/uploads\/2019\/11\/IMG_9711-400x600.jpg 400w, https:\/\/www.asf-quebec.org\/wp-content\/uploads\/2019\/11\/IMG_9711-600x900.jpg 600w, https:\/\/www.asf-quebec.org\/wp-content\/uploads\/2019\/11\/IMG_9711-683x1024.jpg 683w, https:\/\/www.asf-quebec.org\/wp-content\/uploads\/2019\/11\/IMG_9711-768x1152.jpg 768w, https:\/\/www.asf-quebec.org\/wp-content\/uploads\/2019\/11\/IMG_9711-800x1200.jpg 800w, https:\/\/www.asf-quebec.org\/wp-content\/uploads\/2019\/11\/IMG_9711-1200x1800.jpg 1200w, https:\/\/www.asf-quebec.org\/wp-content\/uploads\/2019\/11\/IMG_9711.jpg 3456w\" data-sizes=\"auto\" \/><\/a><\/div><\/div><\/div><div class=\"swiper-slide\"><div class=\"fusion-carousel-item-wrapper\"><div class=\"fusion-image-wrapper hover-type-liftup\"><a data-rel=\"iLightbox[image_carousel_1]\" data-title=\"IMG_7812\" aria-label=\"IMG_7812\" href=\"https:\/\/www.asf-quebec.org\/wp-content\/uploads\/2019\/11\/IMG_7812.jpg\" target=\"_self\"><img decoding=\"async\" width=\"3648\" height=\"2562\" src=\"data:image\/svg+xml,%3Csvg%20xmlns%3D%27http%3A%2F%2Fwww.w3.org%2F2000%2Fsvg%27%20width%3D%273648%27%20height%3D%272562%27%20viewBox%3D%270%200%203648%202562%27%3E%3Crect%20width%3D%273648%27%20height%3D%272562%27%20fill-opacity%3D%220%22%2F%3E%3C%2Fsvg%3E\" class=\"attachment-full size-full lazyload\" alt=\"\" data-orig-src=\"https:\/\/www.asf-quebec.org\/wp-content\/uploads\/2019\/11\/IMG_7812-e1624462124515.jpg\" \/><\/a><\/div><\/div><\/div><div class=\"swiper-slide\"><div class=\"fusion-carousel-item-wrapper\"><div class=\"fusion-image-wrapper hover-type-liftup\"><a data-rel=\"iLightbox[image_carousel_1]\" data-title=\"kitcisakik, Guillaume Le\u0301vesque\" aria-label=\"kitcisakik, Guillaume Le\u0301vesque\" href=\"https:\/\/www.asf-quebec.org\/wp-content\/uploads\/2019\/11\/kitcisakik-Guillaume-Le\u0301vesque.jpg\" target=\"_self\"><img decoding=\"async\" width=\"1197\" height=\"797\" src=\"https:\/\/www.asf-quebec.org\/wp-content\/uploads\/2019\/11\/kitcisakik-Guillaume-Le\u0301vesque.jpg\" class=\"attachment-full size-full lazyload\" alt=\"\" srcset=\"data:image\/svg+xml,%3Csvg%20xmlns%3D%27http%3A%2F%2Fwww.w3.org%2F2000%2Fsvg%27%20width%3D%271197%27%20height%3D%27797%27%20viewBox%3D%270%200%201197%20797%27%3E%3Crect%20width%3D%271197%27%20height%3D%27797%27%20fill-opacity%3D%220%22%2F%3E%3C%2Fsvg%3E\" data-orig-src=\"https:\/\/www.asf-quebec.org\/wp-content\/uploads\/2019\/11\/kitcisakik-Guillaume-Le\u0301vesque.jpg\" data-srcset=\"https:\/\/www.asf-quebec.org\/wp-content\/uploads\/2019\/11\/kitcisakik-Guillaume-Le\u0301vesque-200x133.jpg 200w, https:\/\/www.asf-quebec.org\/wp-content\/uploads\/2019\/11\/kitcisakik-Guillaume-Le\u0301vesque-300x200.jpg 300w, https:\/\/www.asf-quebec.org\/wp-content\/uploads\/2019\/11\/kitcisakik-Guillaume-Le\u0301vesque-400x266.jpg 400w, https:\/\/www.asf-quebec.org\/wp-content\/uploads\/2019\/11\/kitcisakik-Guillaume-Le\u0301vesque-600x399.jpg 600w, https:\/\/www.asf-quebec.org\/wp-content\/uploads\/2019\/11\/kitcisakik-Guillaume-Le\u0301vesque-768x511.jpg 768w, https:\/\/www.asf-quebec.org\/wp-content\/uploads\/2019\/11\/kitcisakik-Guillaume-Le\u0301vesque-800x533.jpg 800w, https:\/\/www.asf-quebec.org\/wp-content\/uploads\/2019\/11\/kitcisakik-Guillaume-Le\u0301vesque-1024x682.jpg 1024w, https:\/\/www.asf-quebec.org\/wp-content\/uploads\/2019\/11\/kitcisakik-Guillaume-Le\u0301vesque.jpg 1197w\" data-sizes=\"auto\" \/><\/a><\/div><\/div><\/div><div class=\"swiper-slide\"><div class=\"fusion-carousel-item-wrapper\"><div class=\"fusion-image-wrapper hover-type-liftup\"><a data-rel=\"iLightbox[image_carousel_1]\" data-title=\"Me\u0301daille du gouverneur\" aria-label=\"Me\u0301daille du gouverneur\" href=\"https:\/\/www.asf-quebec.org\/wp-content\/uploads\/2019\/11\/Me\u0301daille-du-gouverneur.jpg\" target=\"_self\"><img decoding=\"async\" width=\"480\" height=\"320\" src=\"https:\/\/www.asf-quebec.org\/wp-content\/uploads\/2019\/11\/Me\u0301daille-du-gouverneur.jpg\" class=\"attachment-full size-full lazyload\" alt=\"\" srcset=\"data:image\/svg+xml,%3Csvg%20xmlns%3D%27http%3A%2F%2Fwww.w3.org%2F2000%2Fsvg%27%20width%3D%27480%27%20height%3D%27320%27%20viewBox%3D%270%200%20480%20320%27%3E%3Crect%20width%3D%27480%27%20height%3D%27320%27%20fill-opacity%3D%220%22%2F%3E%3C%2Fsvg%3E\" data-orig-src=\"https:\/\/www.asf-quebec.org\/wp-content\/uploads\/2019\/11\/Me\u0301daille-du-gouverneur.jpg\" data-srcset=\"https:\/\/www.asf-quebec.org\/wp-content\/uploads\/2019\/11\/Me\u0301daille-du-gouverneur-200x133.jpg 200w, https:\/\/www.asf-quebec.org\/wp-content\/uploads\/2019\/11\/Me\u0301daille-du-gouverneur-300x200.jpg 300w, https:\/\/www.asf-quebec.org\/wp-content\/uploads\/2019\/11\/Me\u0301daille-du-gouverneur-400x267.jpg 400w, https:\/\/www.asf-quebec.org\/wp-content\/uploads\/2019\/11\/Me\u0301daille-du-gouverneur.jpg 480w\" data-sizes=\"auto\" \/><\/a><\/div><\/div><\/div><\/div><div class=\"awb-swiper-button awb-swiper-button-prev\"><i class=\"awb-icon-angle-left\" aria-hidden=\"true\"><\/i><\/div><div class=\"awb-swiper-button awb-swiper-button-next\"><i class=\"awb-icon-angle-right\" aria-hidden=\"true\"><\/i><\/div><\/div><\/div><\/div><\/div><div class=\"fusion-clearfix\"><\/div><\/div><\/div><\/div><\/div><div class=\"fusion-fullwidth fullwidth-box fusion-builder-row-5 nonhundred-percent-fullwidth non-hundred-percent-height-scrolling fusion-equal-height-columns\" style=\"--awb-border-radius-top-left:0px;--awb-border-radius-top-right:0px;--awb-border-radius-bottom-right:0px;--awb-border-radius-bottom-left:0px;--awb-padding-top:40px;--awb-padding-bottom:40px;--awb-margin-top:0px;--awb-margin-bottom:0px;--awb-background-color:rgba(255,255,255,0.72);--awb-flex-wrap:wrap;\" ><div class=\"fusion-builder-row fusion-row\"><div class=\"fusion-layout-column fusion_builder_column fusion-builder-column-8 fusion_builder_column_1_5 1_5 fusion-one-fifth fusion-column-first\" style=\"--awb-padding-bottom:30px;--awb-bg-size:cover;--awb-margin-bottom:0px;width:20%;width:calc(20% - ( ( 4% + 4% ) * 0.2 ) );margin-right: 4%;\"><div class=\"fusion-column-wrapper fusion-column-has-shadow fusion-flex-column-wrapper-legacy\"><div class=\"fusion-image-element in-legacy-container\" style=\"--awb-caption-title-font-family:var(--h2_typography-font-family);--awb-caption-title-font-weight:var(--h2_typography-font-weight);--awb-caption-title-font-style:var(--h2_typography-font-style);--awb-caption-title-size:var(--h2_typography-font-size);--awb-caption-title-transform:var(--h2_typography-text-transform);--awb-caption-title-line-height:var(--h2_typography-line-height);--awb-caption-title-letter-spacing:var(--h2_typography-letter-spacing);\"><span class=\" fusion-imageframe imageframe-none imageframe-6 hover-type-none\"><img decoding=\"async\" width=\"1216\" height=\"1099\" title=\"rond2-01\" src=\"https:\/\/www.asf-quebec.org\/wp-content\/uploads\/2019\/11\/rond2-01.png\" data-orig-src=\"https:\/\/www.asf-quebec.org\/wp-content\/uploads\/2019\/11\/rond2-01.png\" alt class=\"lazyload img-responsive wp-image-301923\" srcset=\"data:image\/svg+xml,%3Csvg%20xmlns%3D%27http%3A%2F%2Fwww.w3.org%2F2000%2Fsvg%27%20width%3D%271216%27%20height%3D%271099%27%20viewBox%3D%270%200%201216%201099%27%3E%3Crect%20width%3D%271216%27%20height%3D%271099%27%20fill-opacity%3D%220%22%2F%3E%3C%2Fsvg%3E\" data-srcset=\"https:\/\/www.asf-quebec.org\/wp-content\/uploads\/2019\/11\/rond2-01-200x181.png 200w, https:\/\/www.asf-quebec.org\/wp-content\/uploads\/2019\/11\/rond2-01-400x362.png 400w, https:\/\/www.asf-quebec.org\/wp-content\/uploads\/2019\/11\/rond2-01-600x542.png 600w, https:\/\/www.asf-quebec.org\/wp-content\/uploads\/2019\/11\/rond2-01-800x723.png 800w, https:\/\/www.asf-quebec.org\/wp-content\/uploads\/2019\/11\/rond2-01-1200x1085.png 1200w, https:\/\/www.asf-quebec.org\/wp-content\/uploads\/2019\/11\/rond2-01.png 1216w\" data-sizes=\"auto\" data-orig-sizes=\"(max-width: 800px) 100vw, 400px\" \/><\/span><\/div><div class=\"fusion-clearfix\"><\/div><\/div><\/div><div class=\"fusion-layout-column fusion_builder_column fusion-builder-column-9 fusion_builder_column_2_5 2_5 fusion-two-fifth\" style=\"--awb-padding-bottom:30px;--awb-bg-size:cover;--awb-margin-bottom:30px;width:40%;width:calc(40% - ( ( 4% + 4% ) * 0.4 ) );margin-right: 4%;\"><div class=\"fusion-column-wrapper fusion-column-has-shadow fusion-flex-column-wrapper-legacy\"><div class=\"fusion-text fusion-text-13\"><h3>Charg\u00e9 de projet b\u00e9n\u00e9vole<\/h3>\n<h5>Guillaume L\u00e9vesque<\/h5>\n<p><span style=\"font-weight: 400;\">architecte, administrateur d\u2019ASFQ<\/span><\/p>\n<\/div><div class=\"fusion-text fusion-text-14\"><p><span style=\"color: #808080;\">\u00abLa valeur ajout\u00e9e du travail de l\u2019architecte, r\u00e9side en sa capacit\u00e9 \u00e0 transformer une probl\u00e9matique spatiale en une solution cr\u00e9ative, \u00e9l\u00e9gante, et durable r\u00e9pondant parfaitement aux besoins des humains, peu importe l&#8217;origine ou le pays de r\u00e9sidence. Si l&#8217;on souhaite voir l&#8217;architecture occuper une place pr\u00e9pond\u00e9rante, nous devons nous impliquer afin de contribuer au bien-\u00eatre des populations dans le besoin.\u00bb<\/span><\/p>\n<\/div><div class=\"fusion-clearfix\"><\/div><\/div><\/div><div class=\"fusion-layout-column fusion_builder_column fusion-builder-column-10 fusion_builder_column_2_5 2_5 fusion-two-fifth fusion-column-last fusion-column-no-min-height\" style=\"--awb-bg-size:cover;--awb-margin-bottom:0px;width:40%;width:calc(40% - ( ( 4% + 4% ) * 0.4 ) );\"><div class=\"fusion-column-wrapper fusion-column-has-shadow fusion-flex-column-wrapper-legacy\"><div class=\"fusion-column-content-centered\"><div class=\"fusion-column-content\"><div class=\"fusion-text fusion-text-15\"><h3>T\u00e9moignages<\/h3>\n<\/div><div class=\"fusion-testimonials classic awb-speech-bubble-show fusion-testimonials-1\" style=\"--awb-textcolor:#000000;--awb-backgroundcolor:#d4fcde;--awb-testimonial-border-style:solid;--awb-testimonial-border-color:var(--awb-color3);--awb-border-top-left-radius:0px;--awb-border-top-right-radius:0px;--awb-border-bottom-left-radius:0px;--awb-border-bottom-right-radius:0px;--testimonial-border-width-top:0px;--testimonial-border-width-right:0px;--testimonial-border-width-bottom:0px;--testimonial-border-width-left:0px;\" data-random=\"0\" data-speed=\"5000\"><div class=\"reviews\"><div class=\"review active-testimonial avatar-image\"><blockquote><div class=\"awb-quote\"><div class=\"awb-quote-content\">\n<p><span style=\"font-weight: 400;\">\u00ab C\u2019est la premi\u00e8re fois que les Allochtones ont pris le temps de venir nous aider. \u00c0 travers \u00e7a, on a d\u00e9velopp\u00e9 des amiti\u00e9s. Avant, j\u2019\u00e9tais craintif; la construction, je ne savais pas comment \u00e7a fonctionnait. Maintenant, je me sens plus confiant, je n\u2019ai pas peur de prendre les devants. J\u2019ai senti une grande fiert\u00e9 d\u2019avoir termin\u00e9 la formation. Maintenant, ce qui me reste \u00e0 faire, c\u2019est voler de mes propres ailes. \u00bb<\/span><\/p>\n<\/div><\/div><span class=\"awb-triangle\"><\/span><\/blockquote><div class=\"author\"><span class=\"testimonial-thumbnail\"><img decoding=\"async\" class=\"testimonial-image lazyload\" src=\"data:image\/svg+xml,%3Csvg%20xmlns%3D%27http%3A%2F%2Fwww.w3.org%2F2000%2Fsvg%27%20width%3D%27828%27%20height%3D%27828%27%20viewBox%3D%270%200%20828%20828%27%3E%3Crect%20width%3D%27828%27%20height%3D%27828%27%20fill-opacity%3D%220%22%2F%3E%3C%2Fsvg%3E\" width=\"828\" height=\"828\" data-orig-src=\"https:\/\/www.asf-quebec.org\/wp-content\/uploads\/2019\/11\/portraits_Tciky-Penosway_rond-04.png\" \/><\/span><span class=\"company-name\"><strong>Tciky Penosway<\/strong><span>, <\/span><span>nouveau leader charpentier-menuisier<\/span><\/span><\/div><\/div><\/div><\/div><\/div><\/div><div class=\"fusion-clearfix\"><\/div><\/div><\/div><\/div><\/div><div class=\"fusion-fullwidth fullwidth-box fusion-builder-row-6 nonhundred-percent-fullwidth non-hundred-percent-height-scrolling fusion-equal-height-columns\" style=\"--awb-border-radius-top-left:0px;--awb-border-radius-top-right:0px;--awb-border-radius-bottom-right:0px;--awb-border-radius-bottom-left:0px;--awb-padding-top:0px;--awb-padding-bottom:50px;--awb-margin-top:0px;--awb-margin-bottom:0px;--awb-flex-wrap:wrap;\" ><div class=\"fusion-builder-row fusion-row\"><div class=\"fusion-layout-column fusion_builder_column fusion-builder-column-11 fusion_builder_column_1_1 1_1 fusion-one-full fusion-column-first fusion-column-last\" style=\"--awb-padding-top:0px;--awb-bg-size:cover;--awb-margin-bottom:0px;\"><div class=\"fusion-column-wrapper fusion-column-has-shadow fusion-flex-column-wrapper-legacy\"><div class=\"fusion-builder-row fusion-builder-row-inner fusion-row\"><div class=\"fusion-layout-column fusion_builder_column_inner fusion-builder-nested-column-3 fusion_builder_column_inner_1_4 1_4 fusion-one-fourth fusion-column-first\" style=\"--awb-padding-top:50px;--awb-padding-right:30px;--awb-padding-bottom:50px;--awb-padding-left:30px;--awb-bg-color:rgba(244,208,173,0.72);--awb-bg-color-hover:rgba(244,208,173,0.72);--awb-bg-size:cover;width:25%;width:calc(25% - ( ( 10px + 10px + 10px ) * 0.25 ) );margin-right: 10px;\"><div class=\"fusion-column-wrapper fusion-column-has-shadow fusion-flex-column-wrapper-legacy\"><div class=\"fusion-text fusion-text-16\"><h2 style=\"text-align: center;\"><span style=\"color: #f38919;\"><b>90<br \/>\n<\/b><\/span><\/h2>\n<\/div><div class=\"fusion-text fusion-text-17\"><h3 style=\"text-align: center;\"><b>personnes<br \/>\nb\u00e9n\u00e9ficiaires<br \/>\nde maisons saines<\/b><\/h3>\n<\/div><div class=\"fusion-clearfix\"><\/div><\/div><\/div><div class=\"fusion-layout-column fusion_builder_column_inner fusion-builder-nested-column-4 fusion_builder_column_inner_1_4 1_4 fusion-one-fourth\" style=\"--awb-padding-top:50px;--awb-padding-right:30px;--awb-padding-bottom:50px;--awb-padding-left:30px;--awb-bg-color:rgba(244,208,173,0.72);--awb-bg-color-hover:rgba(244,208,173,0.72);--awb-bg-size:cover;width:25%;width:calc(25% - ( ( 10px + 10px + 10px ) * 0.25 ) );margin-right: 10px;\"><div class=\"fusion-column-wrapper fusion-column-has-shadow fusion-flex-column-wrapper-legacy\"><div class=\"fusion-text fusion-text-18\"><h2 style=\"text-align: center;\"><span style=\"color: #f38919;\"><b>800<br \/>\n<\/b><\/span><\/h2>\n<\/div><div class=\"fusion-text fusion-text-19\"><h3 style=\"text-align: center;\"><b>heure de travail<br \/>\npour les ouvriers autochtones,<br \/>\nnos architectes et 100 b\u00e9n\u00e9voles<\/b><\/h3>\n<\/div><div class=\"fusion-clearfix\"><\/div><\/div><\/div><div class=\"fusion-layout-column fusion_builder_column_inner fusion-builder-nested-column-5 fusion_builder_column_inner_1_4 1_4 fusion-one-fourth\" style=\"--awb-padding-top:50px;--awb-padding-right:30px;--awb-padding-bottom:50px;--awb-padding-left:30px;--awb-bg-color:rgba(244,208,173,0.72);--awb-bg-color-hover:rgba(244,208,173,0.72);--awb-bg-size:cover;width:25%;width:calc(25% - ( ( 10px + 10px + 10px ) * 0.25 ) );margin-right: 10px;\"><div class=\"fusion-column-wrapper fusion-column-has-shadow fusion-flex-column-wrapper-legacy\"><div class=\"fusion-text fusion-text-20\"><h2 style=\"text-align: center;\"><span style=\"color: #f38919;\"><b>500 000<br \/>\n<\/b><\/span><\/h2>\n<\/div><div class=\"fusion-text fusion-text-21\"><h3 style=\"text-align: center;\"><b>$ de valeur<br \/>\nofferte par<br \/>\nASFQ<\/b><\/h3>\n<\/div><div class=\"fusion-clearfix\"><\/div><\/div><\/div><div class=\"fusion-layout-column fusion_builder_column_inner fusion-builder-nested-column-6 fusion_builder_column_inner_1_4 1_4 fusion-one-fourth fusion-column-last\" style=\"--awb-padding-top:50px;--awb-padding-right:30px;--awb-padding-bottom:50px;--awb-padding-left:30px;--awb-bg-color:rgba(244,208,173,0.72);--awb-bg-color-hover:rgba(244,208,173,0.72);--awb-bg-size:cover;width:25%;width:calc(25% - ( ( 10px + 10px + 10px ) * 0.25 ) );\"><div class=\"fusion-column-wrapper fusion-column-has-shadow fusion-flex-column-wrapper-legacy\"><div class=\"fusion-text fusion-text-22\"><h2 style=\"text-align: center;\"><span style=\"color: #f38919;\"><b>30<\/b><\/span><\/h2>\n<\/div><div class=\"fusion-text fusion-text-23\"><h3 style=\"text-align: center;\"><strong>maisons r\u00e9nov\u00e9es<\/strong><br \/>\n<strong>+ autres interventions<br \/>\nhors programme<\/strong><\/h3>\n<\/div><div class=\"fusion-clearfix\"><\/div><\/div><\/div><\/div><div class=\"fusion-clearfix\"><\/div><\/div><\/div><\/div><\/div><div class=\"fusion-fullwidth fullwidth-box fusion-builder-row-7 nonhundred-percent-fullwidth non-hundred-percent-height-scrolling fusion-equal-height-columns\" style=\"--awb-border-radius-top-left:0px;--awb-border-radius-top-right:0px;--awb-border-radius-bottom-right:0px;--awb-border-radius-bottom-left:0px;--awb-padding-top:0px;--awb-padding-bottom:0px;--awb-flex-wrap:wrap;\" ><div class=\"fusion-builder-row fusion-row\"><div class=\"fusion-layout-column fusion_builder_column fusion-builder-column-12 fusion_builder_column_2_3 2_3 fusion-two-third fusion-column-first\" style=\"--awb-padding-right:20px;--awb-padding-left:20px;--awb-bg-size:cover;width:66.666666666667%;width:calc(66.666666666667% - ( ( 4% ) * 0.66666666666667 ) );margin-right: 4%;\"><div class=\"fusion-column-wrapper fusion-column-has-shadow fusion-flex-column-wrapper-legacy\"><div class=\"fusion-column-content-centered\"><div class=\"fusion-column-content\"><div class=\"fusion-text fusion-text-24\"><h2 style=\"text-align: left;\"><span style=\"color: #f38919;\">Partenaires du projet<\/span><\/h2>\n<\/div><div class=\"fusion-sep-clear\"><\/div><div class=\"fusion-separator\" style=\"margin-left: auto;margin-right: auto;margin-top:20px;margin-bottom:20px;width:100%;max-width:20px;\"><div class=\"fusion-separator-border sep-double\" style=\"--awb-height:20px;--awb-amount:20px;--awb-sep-color:rgba(224,222,222,0);border-color:rgba(224,222,222,0);border-top-width:0px;border-bottom-width:0px;\"><\/div><\/div><div class=\"fusion-sep-clear\"><\/div><div class=\"fusion-builder-row fusion-builder-row-inner fusion-row\"><div class=\"fusion-layout-column fusion_builder_column_inner fusion-builder-nested-column-7 fusion_builder_column_inner_1_3 1_3 fusion-one-third fusion-column-first\" style=\"--awb-bg-size:cover;width:33.333333333333%;width:calc(33.333333333333% - ( ( 4% + 4% + 4% + 4% ) * 0.33333333333333 ) );margin-right: 4%;\"><div class=\"fusion-column-wrapper fusion-column-has-shadow fusion-flex-column-wrapper-legacy\"><div class=\"fusion-image-element in-legacy-container\" style=\"--awb-caption-title-font-family:var(--h2_typography-font-family);--awb-caption-title-font-weight:var(--h2_typography-font-weight);--awb-caption-title-font-style:var(--h2_typography-font-style);--awb-caption-title-size:var(--h2_typography-font-size);--awb-caption-title-transform:var(--h2_typography-text-transform);--awb-caption-title-line-height:var(--h2_typography-line-height);--awb-caption-title-letter-spacing:var(--h2_typography-letter-spacing);\"><span class=\" fusion-imageframe imageframe-none imageframe-7 hover-type-none\"><img decoding=\"async\" width=\"1379\" height=\"1004\" title=\"frontieres-05\" src=\"https:\/\/www.asf-quebec.org\/wp-content\/uploads\/2019\/11\/frontieres-05.png\" data-orig-src=\"https:\/\/www.asf-quebec.org\/wp-content\/uploads\/2019\/11\/frontieres-05.png\" alt class=\"lazyload img-responsive wp-image-301944\" srcset=\"data:image\/svg+xml,%3Csvg%20xmlns%3D%27http%3A%2F%2Fwww.w3.org%2F2000%2Fsvg%27%20width%3D%271379%27%20height%3D%271004%27%20viewBox%3D%270%200%201379%201004%27%3E%3Crect%20width%3D%271379%27%20height%3D%271004%27%20fill-opacity%3D%220%22%2F%3E%3C%2Fsvg%3E\" data-srcset=\"https:\/\/www.asf-quebec.org\/wp-content\/uploads\/2019\/11\/frontieres-05-200x146.png 200w, https:\/\/www.asf-quebec.org\/wp-content\/uploads\/2019\/11\/frontieres-05-400x291.png 400w, https:\/\/www.asf-quebec.org\/wp-content\/uploads\/2019\/11\/frontieres-05-600x437.png 600w, https:\/\/www.asf-quebec.org\/wp-content\/uploads\/2019\/11\/frontieres-05-800x582.png 800w, https:\/\/www.asf-quebec.org\/wp-content\/uploads\/2019\/11\/frontieres-05-1200x874.png 1200w, https:\/\/www.asf-quebec.org\/wp-content\/uploads\/2019\/11\/frontieres-05.png 1379w\" data-sizes=\"auto\" data-orig-sizes=\"(max-width: 800px) 100vw, 600px\" \/><\/span><\/div><div class=\"fusion-clearfix\"><\/div><\/div><\/div><div class=\"fusion-layout-column fusion_builder_column_inner fusion-builder-nested-column-8 fusion_builder_column_inner_1_6 1_6 fusion-one-sixth\" style=\"--awb-padding-top:60px;--awb-bg-size:cover;width:16.666666666667%;width:calc(16.666666666667% - ( ( 4% + 4% + 4% + 4% ) * 0.16666666666667 ) );margin-right: 4%;\"><div class=\"fusion-column-wrapper fusion-column-has-shadow fusion-flex-column-wrapper-legacy\"><div class=\"fusion-image-element fusion-image-align-center in-legacy-container\" style=\"text-align:center;--awb-caption-title-font-family:var(--h2_typography-font-family);--awb-caption-title-font-weight:var(--h2_typography-font-weight);--awb-caption-title-font-style:var(--h2_typography-font-style);--awb-caption-title-size:var(--h2_typography-font-size);--awb-caption-title-transform:var(--h2_typography-text-transform);--awb-caption-title-line-height:var(--h2_typography-line-height);--awb-caption-title-letter-spacing:var(--h2_typography-letter-spacing);\"><div class=\"imageframe-align-center\"><span class=\" fusion-imageframe imageframe-none imageframe-8 hover-type-none\"><img decoding=\"async\" width=\"300\" height=\"150\" title=\"goodfellow-flooring-supplier-1-300&#215;150\" src=\"data:image\/svg+xml,%3Csvg%20xmlns%3D%27http%3A%2F%2Fwww.w3.org%2F2000%2Fsvg%27%20width%3D%27300%27%20height%3D%27150%27%20viewBox%3D%270%200%20300%20150%27%3E%3Crect%20width%3D%27300%27%20height%3D%27150%27%20fill-opacity%3D%220%22%2F%3E%3C%2Fsvg%3E\" data-orig-src=\"https:\/\/www.asf-quebec.org\/wp-content\/uploads\/2019\/11\/goodfellow-flooring-supplier-1-300x150.jpg\" alt class=\"lazyload img-responsive wp-image-301946\"\/><\/span><\/div><\/div><div class=\"fusion-clearfix\"><\/div><\/div><\/div><div class=\"fusion-layout-column fusion_builder_column_inner fusion-builder-nested-column-9 fusion_builder_column_inner_1_6 1_6 fusion-one-sixth\" style=\"--awb-padding-top:60px;--awb-bg-size:cover;width:16.666666666667%;width:calc(16.666666666667% - ( ( 4% + 4% + 4% + 4% ) * 0.16666666666667 ) );margin-right: 4%;\"><div class=\"fusion-column-wrapper fusion-column-has-shadow fusion-flex-column-wrapper-legacy\"><div class=\"fusion-image-element fusion-image-align-center in-legacy-container\" style=\"text-align:center;--awb-caption-title-font-family:var(--h2_typography-font-family);--awb-caption-title-font-weight:var(--h2_typography-font-weight);--awb-caption-title-font-style:var(--h2_typography-font-style);--awb-caption-title-size:var(--h2_typography-font-size);--awb-caption-title-transform:var(--h2_typography-text-transform);--awb-caption-title-line-height:var(--h2_typography-line-height);--awb-caption-title-letter-spacing:var(--h2_typography-letter-spacing);\"><div class=\"imageframe-align-center\"><span class=\" fusion-imageframe imageframe-none imageframe-9 hover-type-none\"><img decoding=\"async\" width=\"1667\" height=\"611\" title=\"SOPREMA-CMJN-300dpi\" src=\"https:\/\/www.asf-quebec.org\/wp-content\/uploads\/2020\/01\/SOPREMA-CMJN-300dpi.jpg\" data-orig-src=\"https:\/\/www.asf-quebec.org\/wp-content\/uploads\/2020\/01\/SOPREMA-CMJN-300dpi.jpg\" alt class=\"lazyload img-responsive wp-image-302063\" srcset=\"data:image\/svg+xml,%3Csvg%20xmlns%3D%27http%3A%2F%2Fwww.w3.org%2F2000%2Fsvg%27%20width%3D%271667%27%20height%3D%27611%27%20viewBox%3D%270%200%201667%20611%27%3E%3Crect%20width%3D%271667%27%20height%3D%27611%27%20fill-opacity%3D%220%22%2F%3E%3C%2Fsvg%3E\" data-srcset=\"https:\/\/www.asf-quebec.org\/wp-content\/uploads\/2020\/01\/SOPREMA-CMJN-300dpi-200x73.jpg 200w, https:\/\/www.asf-quebec.org\/wp-content\/uploads\/2020\/01\/SOPREMA-CMJN-300dpi-400x147.jpg 400w, https:\/\/www.asf-quebec.org\/wp-content\/uploads\/2020\/01\/SOPREMA-CMJN-300dpi-600x220.jpg 600w, https:\/\/www.asf-quebec.org\/wp-content\/uploads\/2020\/01\/SOPREMA-CMJN-300dpi-800x293.jpg 800w, https:\/\/www.asf-quebec.org\/wp-content\/uploads\/2020\/01\/SOPREMA-CMJN-300dpi-1200x440.jpg 1200w, https:\/\/www.asf-quebec.org\/wp-content\/uploads\/2020\/01\/SOPREMA-CMJN-300dpi.jpg 1667w\" data-sizes=\"auto\" data-orig-sizes=\"(max-width: 800px) 100vw, 400px\" \/><\/span><\/div><\/div><div class=\"fusion-clearfix\"><\/div><\/div><\/div><div class=\"fusion-layout-column fusion_builder_column_inner fusion-builder-nested-column-10 fusion_builder_column_inner_1_6 1_6 fusion-one-sixth\" style=\"--awb-padding-top:60px;--awb-bg-size:cover;width:16.666666666667%;width:calc(16.666666666667% - ( ( 4% + 4% + 4% + 4% ) * 0.16666666666667 ) );margin-right: 4%;\"><div class=\"fusion-column-wrapper fusion-column-has-shadow fusion-flex-column-wrapper-legacy\"><div class=\"fusion-image-element fusion-image-align-center in-legacy-container\" style=\"text-align:center;--awb-caption-title-font-family:var(--h2_typography-font-family);--awb-caption-title-font-weight:var(--h2_typography-font-weight);--awb-caption-title-font-style:var(--h2_typography-font-style);--awb-caption-title-size:var(--h2_typography-font-size);--awb-caption-title-transform:var(--h2_typography-text-transform);--awb-caption-title-line-height:var(--h2_typography-line-height);--awb-caption-title-letter-spacing:var(--h2_typography-letter-spacing);\"><div class=\"imageframe-align-center\"><span class=\" fusion-imageframe imageframe-none imageframe-10 hover-type-none\"><img decoding=\"async\" width=\"2249\" height=\"593\" title=\"BMR_logo\" src=\"https:\/\/www.asf-quebec.org\/wp-content\/uploads\/2019\/11\/BMR_logo.png\" data-orig-src=\"https:\/\/www.asf-quebec.org\/wp-content\/uploads\/2019\/11\/BMR_logo.png\" alt class=\"lazyload img-responsive wp-image-301945\" srcset=\"data:image\/svg+xml,%3Csvg%20xmlns%3D%27http%3A%2F%2Fwww.w3.org%2F2000%2Fsvg%27%20width%3D%272249%27%20height%3D%27593%27%20viewBox%3D%270%200%202249%20593%27%3E%3Crect%20width%3D%272249%27%20height%3D%27593%27%20fill-opacity%3D%220%22%2F%3E%3C%2Fsvg%3E\" data-srcset=\"https:\/\/www.asf-quebec.org\/wp-content\/uploads\/2019\/11\/BMR_logo-200x53.png 200w, https:\/\/www.asf-quebec.org\/wp-content\/uploads\/2019\/11\/BMR_logo-400x105.png 400w, https:\/\/www.asf-quebec.org\/wp-content\/uploads\/2019\/11\/BMR_logo-600x158.png 600w, https:\/\/www.asf-quebec.org\/wp-content\/uploads\/2019\/11\/BMR_logo-800x211.png 800w, https:\/\/www.asf-quebec.org\/wp-content\/uploads\/2019\/11\/BMR_logo-1200x316.png 1200w, https:\/\/www.asf-quebec.org\/wp-content\/uploads\/2019\/11\/BMR_logo.png 2249w\" data-sizes=\"auto\" data-orig-sizes=\"(max-width: 800px) 100vw, 400px\" \/><\/span><\/div><\/div><div class=\"fusion-clearfix\"><\/div><\/div><\/div><div class=\"fusion-layout-column fusion_builder_column_inner fusion-builder-nested-column-11 fusion_builder_column_inner_1_6 1_6 fusion-one-sixth fusion-column-last\" style=\"--awb-padding-top:60px;--awb-bg-size:cover;width:16.666666666667%;width:calc(16.666666666667% - ( ( 4% + 4% + 4% + 4% ) * 0.16666666666667 ) );\"><div class=\"fusion-column-wrapper fusion-column-has-shadow fusion-flex-column-wrapper-legacy\"><div class=\"fusion-image-element fusion-image-align-center in-legacy-container\" style=\"text-align:center;--awb-caption-title-font-family:var(--h2_typography-font-family);--awb-caption-title-font-weight:var(--h2_typography-font-weight);--awb-caption-title-font-style:var(--h2_typography-font-style);--awb-caption-title-size:var(--h2_typography-font-size);--awb-caption-title-transform:var(--h2_typography-text-transform);--awb-caption-title-line-height:var(--h2_typography-line-height);--awb-caption-title-letter-spacing:var(--h2_typography-letter-spacing);\"><div class=\"imageframe-align-center\"><span class=\" fusion-imageframe imageframe-none imageframe-11 hover-type-none\"><img decoding=\"async\" width=\"1256\" height=\"288\" title=\"sico\" src=\"https:\/\/www.asf-quebec.org\/wp-content\/uploads\/2019\/11\/sico.png\" data-orig-src=\"https:\/\/www.asf-quebec.org\/wp-content\/uploads\/2019\/11\/sico.png\" alt class=\"lazyload img-responsive wp-image-301947\" srcset=\"data:image\/svg+xml,%3Csvg%20xmlns%3D%27http%3A%2F%2Fwww.w3.org%2F2000%2Fsvg%27%20width%3D%271256%27%20height%3D%27288%27%20viewBox%3D%270%200%201256%20288%27%3E%3Crect%20width%3D%271256%27%20height%3D%27288%27%20fill-opacity%3D%220%22%2F%3E%3C%2Fsvg%3E\" data-srcset=\"https:\/\/www.asf-quebec.org\/wp-content\/uploads\/2019\/11\/sico-200x46.png 200w, https:\/\/www.asf-quebec.org\/wp-content\/uploads\/2019\/11\/sico-400x92.png 400w, https:\/\/www.asf-quebec.org\/wp-content\/uploads\/2019\/11\/sico-600x138.png 600w, https:\/\/www.asf-quebec.org\/wp-content\/uploads\/2019\/11\/sico-800x183.png 800w, https:\/\/www.asf-quebec.org\/wp-content\/uploads\/2019\/11\/sico-1200x275.png 1200w, https:\/\/www.asf-quebec.org\/wp-content\/uploads\/2019\/11\/sico.png 1256w\" data-sizes=\"auto\" data-orig-sizes=\"(max-width: 800px) 100vw, 400px\" \/><\/span><\/div><\/div><div class=\"fusion-clearfix\"><\/div><\/div><\/div><\/div><\/div><\/div><div class=\"fusion-clearfix\"><\/div><\/div><\/div><div class=\"fusion-layout-column fusion_builder_column fusion-builder-column-13 fusion_builder_column_1_3 1_3 fusion-one-third fusion-column-last\" style=\"--awb-padding-top:50px;--awb-padding-right:80px;--awb-padding-bottom:50px;--awb-padding-left:80px;--awb-bg-color:#dcedef;--awb-bg-color-hover:#dcedef;--awb-bg-size:cover;width:33.333333333333%;width:calc(33.333333333333% - ( ( 4% ) * 0.33333333333333 ) );\"><div class=\"fusion-column-wrapper fusion-column-has-shadow fusion-flex-column-wrapper-legacy\"><div class=\"fusion-column-content-centered\"><div class=\"fusion-column-content\"><div class=\"fusion-image-element in-legacy-container\" style=\"--awb-caption-title-font-family:var(--h2_typography-font-family);--awb-caption-title-font-weight:var(--h2_typography-font-weight);--awb-caption-title-font-style:var(--h2_typography-font-style);--awb-caption-title-size:var(--h2_typography-font-size);--awb-caption-title-transform:var(--h2_typography-text-transform);--awb-caption-title-line-height:var(--h2_typography-line-height);--awb-caption-title-letter-spacing:var(--h2_typography-letter-spacing);\"><span class=\" fusion-imageframe imageframe-none imageframe-12 hover-type-zoomin\"><img decoding=\"async\" width=\"1396\" height=\"1054\" title=\"fondCarte\" src=\"https:\/\/www.asf-quebec.org\/wp-content\/uploads\/2020\/02\/fondCarte.jpg\" data-orig-src=\"https:\/\/www.asf-quebec.org\/wp-content\/uploads\/2020\/02\/fondCarte.jpg\" alt class=\"lazyload img-responsive wp-image-302173\" srcset=\"data:image\/svg+xml,%3Csvg%20xmlns%3D%27http%3A%2F%2Fwww.w3.org%2F2000%2Fsvg%27%20width%3D%271396%27%20height%3D%271054%27%20viewBox%3D%270%200%201396%201054%27%3E%3Crect%20width%3D%271396%27%20height%3D%271054%27%20fill-opacity%3D%220%22%2F%3E%3C%2Fsvg%3E\" data-srcset=\"https:\/\/www.asf-quebec.org\/wp-content\/uploads\/2020\/02\/fondCarte-200x151.jpg 200w, https:\/\/www.asf-quebec.org\/wp-content\/uploads\/2020\/02\/fondCarte-400x302.jpg 400w, https:\/\/www.asf-quebec.org\/wp-content\/uploads\/2020\/02\/fondCarte-600x453.jpg 600w, https:\/\/www.asf-quebec.org\/wp-content\/uploads\/2020\/02\/fondCarte-800x604.jpg 800w, https:\/\/www.asf-quebec.org\/wp-content\/uploads\/2020\/02\/fondCarte-1200x906.jpg 1200w, https:\/\/www.asf-quebec.org\/wp-content\/uploads\/2020\/02\/fondCarte.jpg 1396w\" data-sizes=\"auto\" data-orig-sizes=\"(max-width: 800px) 100vw, 400px\" \/><\/span><\/div><div class=\"fusion-sep-clear\"><\/div><div class=\"fusion-separator\" style=\"margin-left: auto;margin-right: auto;margin-top:20px;margin-bottom:20px;width:100%;max-width:20px;\"><div class=\"fusion-separator-border sep-double\" style=\"--awb-height:20px;--awb-amount:20px;--awb-sep-color:rgba(224,222,222,0);border-color:rgba(224,222,222,0);border-top-width:0px;border-bottom-width:0px;\"><\/div><\/div><div class=\"fusion-sep-clear\"><\/div><div class=\"fusion-aligncenter\"><a class=\"fusion-button button-flat button-medium button-custom fusion-button-default button-1 fusion-button-default-span \" style=\"--button_accent_color:#000000;--button_border_color:#000000;--button_accent_hover_color:#ffffff;--button_border_hover_color:#ffffff;--button_border_width-top:1px;--button_border_width-right:1px;--button_border_width-bottom:1px;--button_border_width-left:1px;--button_gradient_top_color:#ffffff;--button_gradient_bottom_color:#ffffff;--button_gradient_top_color_hover:#03a9f4;--button_gradient_bottom_color_hover:#03a9f4;--button_text_transform:uppercase;\" target=\"_self\" href=\"https:\/\/www.asf-quebec.org\/en\/our-projects\/\"><span class=\"fusion-button-text awb-button__text awb-button__text--default\">Voyez tous les projets<\/span><\/a><\/div><\/div><\/div><div class=\"fusion-clearfix\"><\/div><\/div><\/div><\/div><\/div><\/p>\n","protected":false},"excerpt":{"rendered":"","protected":false},"author":2,"featured_media":301936,"menu_order":0,"template":"","format":"standard","meta":{"_acf_changed":false,"footnotes":""},"portfolio_category":[44],"portfolio_skills":[],"portfolio_tags":[57],"class_list":["post-332459","avada_portfolio","type-avada_portfolio","status-publish","format-standard","has-post-thumbnail","hentry","portfolio_category-indigenous-habitat","portfolio_tags-ha-en"],"acf":[],"yoast_head":"<!-- This site is optimized with the Yoast SEO plugin v26.8 - https:\/\/yoast.com\/product\/yoast-seo-wordpress\/ -->\n<title>R\u00e9habilitation des habitations de Kitcisakik - Architecture Sans Fronti\u00e8res Qu\u00e9bec<\/title>\n<meta name=\"robots\" content=\"index, follow, max-snippet:-1, max-image-preview:large, max-video-preview:-1\" \/>\n<link rel=\"canonical\" href=\"https:\/\/www.asf-quebec.org\/en\/portfolio-items\/rehabilitation-des-habitations-de-kitcisakik\/\" \/>\n<meta property=\"og:locale\" content=\"en_US\" \/>\n<meta property=\"og:type\" content=\"article\" \/>\n<meta property=\"og:title\" content=\"R\u00e9habilitation des habitations de Kitcisakik - Architecture Sans Fronti\u00e8res Qu\u00e9bec\" \/>\n<meta property=\"og:url\" content=\"https:\/\/www.asf-quebec.org\/en\/portfolio-items\/rehabilitation-des-habitations-de-kitcisakik\/\" \/>\n<meta property=\"og:site_name\" content=\"Architecture Sans Fronti\u00e8res Qu\u00e9bec\" \/>\n<meta property=\"article:publisher\" content=\"https:\/\/www.facebook.com\/architecturesansfrontieres\/\" \/>\n<meta property=\"article:modified_time\" content=\"2023-02-17T04:53:30+00:00\" \/>\n<meta property=\"og:image\" content=\"https:\/\/www.asf-quebec.org\/wp-content\/uploads\/2019\/11\/IMG_7812-e1624462124515.jpg\" \/>\n\t<meta property=\"og:image:width\" content=\"3648\" \/>\n\t<meta property=\"og:image:height\" content=\"2562\" \/>\n\t<meta property=\"og:image:type\" content=\"image\/jpeg\" \/>\n<meta name=\"twitter:card\" content=\"summary_large_image\" \/>\n<meta name=\"twitter:label1\" content=\"Est. reading time\" \/>\n\t<meta name=\"twitter:data1\" content=\"18 minutes\" \/>\n<script type=\"application\/ld+json\" class=\"yoast-schema-graph\">{\"@context\":\"https:\/\/schema.org\",\"@graph\":[{\"@type\":\"WebPage\",\"@id\":\"https:\/\/www.asf-quebec.org\/en\/portfolio-items\/rehabilitation-des-habitations-de-kitcisakik\/\",\"url\":\"https:\/\/www.asf-quebec.org\/en\/portfolio-items\/rehabilitation-des-habitations-de-kitcisakik\/\",\"name\":\"R\u00e9habilitation des habitations de Kitcisakik - Architecture Sans Fronti\u00e8res Qu\u00e9bec\",\"isPartOf\":{\"@id\":\"https:\/\/www.asf-quebec.org\/en\/#website\"},\"primaryImageOfPage\":{\"@id\":\"https:\/\/www.asf-quebec.org\/en\/portfolio-items\/rehabilitation-des-habitations-de-kitcisakik\/#primaryimage\"},\"image\":{\"@id\":\"https:\/\/www.asf-quebec.org\/en\/portfolio-items\/rehabilitation-des-habitations-de-kitcisakik\/#primaryimage\"},\"thumbnailUrl\":\"https:\/\/www.asf-quebec.org\/wp-content\/uploads\/2019\/11\/IMG_7812-e1624462124515.jpg\",\"datePublished\":\"2021-06-16T18:07:16+00:00\",\"dateModified\":\"2023-02-17T04:53:30+00:00\",\"breadcrumb\":{\"@id\":\"https:\/\/www.asf-quebec.org\/en\/portfolio-items\/rehabilitation-des-habitations-de-kitcisakik\/#breadcrumb\"},\"inLanguage\":\"en-US\",\"potentialAction\":[{\"@type\":\"ReadAction\",\"target\":[\"https:\/\/www.asf-quebec.org\/en\/portfolio-items\/rehabilitation-des-habitations-de-kitcisakik\/\"]}]},{\"@type\":\"ImageObject\",\"inLanguage\":\"en-US\",\"@id\":\"https:\/\/www.asf-quebec.org\/en\/portfolio-items\/rehabilitation-des-habitations-de-kitcisakik\/#primaryimage\",\"url\":\"https:\/\/www.asf-quebec.org\/wp-content\/uploads\/2019\/11\/IMG_7812-e1624462124515.jpg\",\"contentUrl\":\"https:\/\/www.asf-quebec.org\/wp-content\/uploads\/2019\/11\/IMG_7812-e1624462124515.jpg\",\"width\":3648,\"height\":2562},{\"@type\":\"BreadcrumbList\",\"@id\":\"https:\/\/www.asf-quebec.org\/en\/portfolio-items\/rehabilitation-des-habitations-de-kitcisakik\/#breadcrumb\",\"itemListElement\":[{\"@type\":\"ListItem\",\"position\":1,\"name\":\"Accueil\",\"item\":\"https:\/\/www.asf-quebec.org\/en\/\"},{\"@type\":\"ListItem\",\"position\":2,\"name\":\"Portfolio\",\"item\":\"https:\/\/www.asf-quebec.org\/en\/portfolio-items\/\"},{\"@type\":\"ListItem\",\"position\":3,\"name\":\"R\u00e9habilitation des habitations de Kitcisakik\"}]},{\"@type\":\"WebSite\",\"@id\":\"https:\/\/www.asf-quebec.org\/en\/#website\",\"url\":\"https:\/\/www.asf-quebec.org\/en\/\",\"name\":\"Architecture sans fronti\u00e8res Qu\u00e9bec\",\"description\":\"ASFQ\",\"publisher\":{\"@id\":\"https:\/\/www.asf-quebec.org\/en\/#organization\"},\"potentialAction\":[{\"@type\":\"SearchAction\",\"target\":{\"@type\":\"EntryPoint\",\"urlTemplate\":\"https:\/\/www.asf-quebec.org\/en\/?s={search_term_string}\"},\"query-input\":{\"@type\":\"PropertyValueSpecification\",\"valueRequired\":true,\"valueName\":\"search_term_string\"}}],\"inLanguage\":\"en-US\"},{\"@type\":\"Organization\",\"@id\":\"https:\/\/www.asf-quebec.org\/en\/#organization\",\"name\":\"Architecture sans fronti\u00e8res Qu\u00e9bec (ASFQ)\",\"url\":\"https:\/\/www.asf-quebec.org\/en\/\",\"logo\":{\"@type\":\"ImageObject\",\"inLanguage\":\"en-US\",\"@id\":\"https:\/\/www.asf-quebec.org\/en\/#\/schema\/logo\/image\/\",\"url\":\"https:\/\/www.asf-quebec.org\/wp-content\/uploads\/2019\/07\/Logo-asfq-retina.jpg\",\"contentUrl\":\"https:\/\/www.asf-quebec.org\/wp-content\/uploads\/2019\/07\/Logo-asfq-retina.jpg\",\"width\":564,\"height\":219,\"caption\":\"Architecture sans fronti\u00e8res Qu\u00e9bec (ASFQ)\"},\"image\":{\"@id\":\"https:\/\/www.asf-quebec.org\/en\/#\/schema\/logo\/image\/\"},\"sameAs\":[\"https:\/\/www.facebook.com\/architecturesansfrontieres\/\",\"https:\/\/www.instagram.com\/asfquebec\/\",\"https:\/\/www.linkedin.com\/company\/asf-quebec\/\"]}]}<\/script>\n<!-- \/ Yoast SEO plugin. -->","yoast_head_json":{"title":"R\u00e9habilitation des habitations de Kitcisakik - Architecture Sans Fronti\u00e8res Qu\u00e9bec","robots":{"index":"index","follow":"follow","max-snippet":"max-snippet:-1","max-image-preview":"max-image-preview:large","max-video-preview":"max-video-preview:-1"},"canonical":"https:\/\/www.asf-quebec.org\/en\/portfolio-items\/rehabilitation-des-habitations-de-kitcisakik\/","og_locale":"en_US","og_type":"article","og_title":"R\u00e9habilitation des habitations de Kitcisakik - Architecture Sans Fronti\u00e8res Qu\u00e9bec","og_url":"https:\/\/www.asf-quebec.org\/en\/portfolio-items\/rehabilitation-des-habitations-de-kitcisakik\/","og_site_name":"Architecture Sans Fronti\u00e8res Qu\u00e9bec","article_publisher":"https:\/\/www.facebook.com\/architecturesansfrontieres\/","article_modified_time":"2023-02-17T04:53:30+00:00","og_image":[{"width":3648,"height":2562,"url":"https:\/\/www.asf-quebec.org\/wp-content\/uploads\/2019\/11\/IMG_7812-e1624462124515.jpg","type":"image\/jpeg"}],"twitter_card":"summary_large_image","twitter_misc":{"Est. reading time":"18 minutes"},"schema":{"@context":"https:\/\/schema.org","@graph":[{"@type":"WebPage","@id":"https:\/\/www.asf-quebec.org\/en\/portfolio-items\/rehabilitation-des-habitations-de-kitcisakik\/","url":"https:\/\/www.asf-quebec.org\/en\/portfolio-items\/rehabilitation-des-habitations-de-kitcisakik\/","name":"R\u00e9habilitation des habitations de Kitcisakik - Architecture Sans Fronti\u00e8res Qu\u00e9bec","isPartOf":{"@id":"https:\/\/www.asf-quebec.org\/en\/#website"},"primaryImageOfPage":{"@id":"https:\/\/www.asf-quebec.org\/en\/portfolio-items\/rehabilitation-des-habitations-de-kitcisakik\/#primaryimage"},"image":{"@id":"https:\/\/www.asf-quebec.org\/en\/portfolio-items\/rehabilitation-des-habitations-de-kitcisakik\/#primaryimage"},"thumbnailUrl":"https:\/\/www.asf-quebec.org\/wp-content\/uploads\/2019\/11\/IMG_7812-e1624462124515.jpg","datePublished":"2021-06-16T18:07:16+00:00","dateModified":"2023-02-17T04:53:30+00:00","breadcrumb":{"@id":"https:\/\/www.asf-quebec.org\/en\/portfolio-items\/rehabilitation-des-habitations-de-kitcisakik\/#breadcrumb"},"inLanguage":"en-US","potentialAction":[{"@type":"ReadAction","target":["https:\/\/www.asf-quebec.org\/en\/portfolio-items\/rehabilitation-des-habitations-de-kitcisakik\/"]}]},{"@type":"ImageObject","inLanguage":"en-US","@id":"https:\/\/www.asf-quebec.org\/en\/portfolio-items\/rehabilitation-des-habitations-de-kitcisakik\/#primaryimage","url":"https:\/\/www.asf-quebec.org\/wp-content\/uploads\/2019\/11\/IMG_7812-e1624462124515.jpg","contentUrl":"https:\/\/www.asf-quebec.org\/wp-content\/uploads\/2019\/11\/IMG_7812-e1624462124515.jpg","width":3648,"height":2562},{"@type":"BreadcrumbList","@id":"https:\/\/www.asf-quebec.org\/en\/portfolio-items\/rehabilitation-des-habitations-de-kitcisakik\/#breadcrumb","itemListElement":[{"@type":"ListItem","position":1,"name":"Accueil","item":"https:\/\/www.asf-quebec.org\/en\/"},{"@type":"ListItem","position":2,"name":"Portfolio","item":"https:\/\/www.asf-quebec.org\/en\/portfolio-items\/"},{"@type":"ListItem","position":3,"name":"R\u00e9habilitation des habitations de Kitcisakik"}]},{"@type":"WebSite","@id":"https:\/\/www.asf-quebec.org\/en\/#website","url":"https:\/\/www.asf-quebec.org\/en\/","name":"Architecture sans fronti\u00e8res Qu\u00e9bec","description":"ASFQ","publisher":{"@id":"https:\/\/www.asf-quebec.org\/en\/#organization"},"potentialAction":[{"@type":"SearchAction","target":{"@type":"EntryPoint","urlTemplate":"https:\/\/www.asf-quebec.org\/en\/?s={search_term_string}"},"query-input":{"@type":"PropertyValueSpecification","valueRequired":true,"valueName":"search_term_string"}}],"inLanguage":"en-US"},{"@type":"Organization","@id":"https:\/\/www.asf-quebec.org\/en\/#organization","name":"Architecture sans fronti\u00e8res Qu\u00e9bec (ASFQ)","url":"https:\/\/www.asf-quebec.org\/en\/","logo":{"@type":"ImageObject","inLanguage":"en-US","@id":"https:\/\/www.asf-quebec.org\/en\/#\/schema\/logo\/image\/","url":"https:\/\/www.asf-quebec.org\/wp-content\/uploads\/2019\/07\/Logo-asfq-retina.jpg","contentUrl":"https:\/\/www.asf-quebec.org\/wp-content\/uploads\/2019\/07\/Logo-asfq-retina.jpg","width":564,"height":219,"caption":"Architecture sans fronti\u00e8res Qu\u00e9bec (ASFQ)"},"image":{"@id":"https:\/\/www.asf-quebec.org\/en\/#\/schema\/logo\/image\/"},"sameAs":["https:\/\/www.facebook.com\/architecturesansfrontieres\/","https:\/\/www.instagram.com\/asfquebec\/","https:\/\/www.linkedin.com\/company\/asf-quebec\/"]}]}},"_links":{"self":[{"href":"https:\/\/www.asf-quebec.org\/en\/wp-json\/wp\/v2\/avada_portfolio\/332459","targetHints":{"allow":["GET"]}}],"collection":[{"href":"https:\/\/www.asf-quebec.org\/en\/wp-json\/wp\/v2\/avada_portfolio"}],"about":[{"href":"https:\/\/www.asf-quebec.org\/en\/wp-json\/wp\/v2\/types\/avada_portfolio"}],"author":[{"embeddable":true,"href":"https:\/\/www.asf-quebec.org\/en\/wp-json\/wp\/v2\/users\/2"}],"version-history":[{"count":6,"href":"https:\/\/www.asf-quebec.org\/en\/wp-json\/wp\/v2\/avada_portfolio\/332459\/revisions"}],"predecessor-version":[{"id":950978,"href":"https:\/\/www.asf-quebec.org\/en\/wp-json\/wp\/v2\/avada_portfolio\/332459\/revisions\/950978"}],"wp:featuredmedia":[{"embeddable":true,"href":"https:\/\/www.asf-quebec.org\/en\/wp-json\/wp\/v2\/media\/301936"}],"wp:attachment":[{"href":"https:\/\/www.asf-quebec.org\/en\/wp-json\/wp\/v2\/media?parent=332459"}],"wp:term":[{"taxonomy":"portfolio_category","embeddable":true,"href":"https:\/\/www.asf-quebec.org\/en\/wp-json\/wp\/v2\/portfolio_category?post=332459"},{"taxonomy":"portfolio_skills","embeddable":true,"href":"https:\/\/www.asf-quebec.org\/en\/wp-json\/wp\/v2\/portfolio_skills?post=332459"},{"taxonomy":"portfolio_tags","embeddable":true,"href":"https:\/\/www.asf-quebec.org\/en\/wp-json\/wp\/v2\/portfolio_tags?post=332459"}],"curies":[{"name":"wp","href":"https:\/\/api.w.org\/{rel}","templated":true}]}}