{"id":332391,"date":"2020-02-08T01:47:34","date_gmt":"2020-02-08T01:47:34","guid":{"rendered":"https:\/\/www.asf-quebec.org\/portfolio-items\/ecole-maternelle-de-nainokanoka\/"},"modified":"2022-09-02T16:12:18","modified_gmt":"2022-09-02T16:12:18","slug":"ecole-de-nainokanoka-tanzanie-2019","status":"publish","type":"avada_portfolio","link":"https:\/\/www.asf-quebec.org\/en\/portfolio-items\/ecole-de-nainokanoka-tanzanie-2019\/","title":{"rendered":"\u00c9cole maternelle de Nainokanoka"},"content":{"rendered":"<p><div class=\"fusion-fullwidth fullwidth-box fusion-builder-row-1 nonhundred-percent-fullwidth non-hundred-percent-height-scrolling\" style=\"--awb-border-radius-top-left:0px;--awb-border-radius-top-right:0px;--awb-border-radius-bottom-right:0px;--awb-border-radius-bottom-left:0px;--awb-padding-top:0px;--awb-padding-right:30px;--awb-padding-bottom:0px;--awb-padding-left:30px;--awb-margin-top:50px;--awb-margin-bottom:50px;--awb-background-color:#ffffff;--awb-flex-wrap:wrap;\" ><div class=\"fusion-builder-row fusion-row\"><div class=\"fusion-layout-column fusion_builder_column fusion-builder-column-0 fusion_builder_column_4_5 4_5 fusion-four-fifth fusion-column-first\" style=\"--awb-bg-size:cover;--awb-margin-bottom:0px;width:80%;width:calc(80% - ( ( 4% ) * 0.8 ) );margin-right: 4%;\"><div class=\"fusion-column-wrapper fusion-column-has-shadow fusion-flex-column-wrapper-legacy\"><div class=\"fusion-text fusion-text-1\"><h2><span style=\"color: #ff9900;\">Conception d\u2019une \u00e9cole maternelle destin\u00e9e aux enfants de la communaut\u00e9 massa\u00ef.<\/span><\/h2>\n<\/div><div class=\"fusion-sep-clear\"><\/div><div class=\"fusion-separator fusion-full-width-sep\" style=\"margin-left: auto;margin-right: auto;margin-top:20px;margin-bottom:20px;width:100%;\"><div class=\"fusion-separator-border sep-double\" style=\"--awb-height:20px;--awb-amount:20px;border-color:#e0dede;border-top-width:0px;border-bottom-width:0px;\"><\/div><\/div><div class=\"fusion-sep-clear\"><\/div><div class=\"fusion-builder-row fusion-builder-row-inner fusion-row\"><div class=\"fusion-layout-column fusion_builder_column_inner fusion-builder-nested-column-0 fusion_builder_column_inner_1_2 1_2 fusion-one-half fusion-column-first\" style=\"--awb-bg-size:cover;width:50%;width:calc(50% - ( ( 4% ) * 0.5 ) );margin-right: 4%;\"><div class=\"fusion-column-wrapper fusion-column-has-shadow fusion-flex-column-wrapper-legacy\"><div class=\"fusion-text fusion-text-2\"><h5><b>Dans le Nord-Est tanzanien<\/b><\/h5>\n<\/div><div class=\"fusion-sep-clear\"><\/div><div class=\"fusion-separator fusion-full-width-sep\" style=\"margin-left: auto;margin-right: auto;margin-bottom:20px;width:100%;\"><\/div><div class=\"fusion-sep-clear\"><\/div><div class=\"fusion-text fusion-text-3\"><p><span style=\"font-weight: 400;\">Avec plus de 57 millions d\u2019habitants, la Tanzanie est le cinqui\u00e8me pays le plus peupl\u00e9 d\u2019Afrique. Le parc de Ngorongoro, au Nord-Est du pays, riche de sa faune et de son crat\u00e8re, est inscrit au patrimoine mondial de l\u2019UNESCO. Dans ce parc, Nainokanoka est un village massa\u00ef de plus de 15 000 habitants s\u2019\u00e9tendant sur un large territoire \u00e0 2700 m\u00e8tres d\u2019altitude. Au regard du monde, les Massa\u00efs sont l\u2019ethnie embl\u00e9matique du pays, en raison de leurs traditions et modes de vie. Leur dialecte, le maa, les isole par contre du reste d\u2019un pays parlant swahili et anglais. Sans \u00e9cole maternelle leur enseignant ces langues officielles, l\u2019\u00e9ducation scolaire leur est quasiment inaccessible.<\/span><\/p>\n<\/div><div class=\"fusion-clearfix\"><\/div><\/div><\/div><div class=\"fusion-layout-column fusion_builder_column_inner fusion-builder-nested-column-1 fusion_builder_column_inner_1_2 1_2 fusion-one-half fusion-column-last\" style=\"--awb-bg-size:cover;width:50%;width:calc(50% - ( ( 4% ) * 0.5 ) );\"><div class=\"fusion-column-wrapper fusion-column-has-shadow fusion-flex-column-wrapper-legacy\"><div class=\"fusion-text fusion-text-4\"><h5><b>Les enfants, avenir des Massa\u00efs<\/b><\/h5>\n<\/div><div class=\"fusion-sep-clear\"><\/div><div class=\"fusion-separator fusion-full-width-sep\" style=\"margin-left: auto;margin-right: auto;margin-bottom:20px;width:100%;\"><\/div><div class=\"fusion-sep-clear\"><\/div><div class=\"fusion-text fusion-text-5\"><p><span style=\"font-weight: 400;\">Les enfants massa\u00efs ne peuvent marcher de longues distances pour rejoindre une \u00e9cole en raison de la pr\u00e9sence des animaux sauvages dans la zone. Ils aident alors leurs parents \u00e0 diriger les troupeaux et les jeunes filles sont mari\u00e9es \u00e0 tr\u00e8s jeune \u00e2ge. Arpakwa Ole Sikorei, leader local \u00e0 l\u2019origine du projet, est un Massa\u00ef n\u00e9 dans un village avoisinant. Il a eu l\u2019opportunit\u00e9 d\u2019\u00e9tudier, de compl\u00e9ter une ma\u00eetrise en Italie, puis d\u2019\u00eatre employ\u00e9 \u00e0 l\u2019UNESCO et au gouvernement tanzanien. La demande d\u2019\u00e9riger une \u00e9cole \u00e9manait de la communaut\u00e9 massa\u00ef et de ses dirigeants des villages de Nainokanoka et d\u2019Olchaniomelok.<\/span><\/p>\n<\/div><div class=\"fusion-clearfix\"><\/div><\/div><\/div><\/div><div class=\"fusion-clearfix\"><\/div><\/div><\/div><div class=\"fusion-layout-column fusion_builder_column fusion-builder-column-1 fusion_builder_column_1_5 1_5 fusion-one-fifth fusion-column-last fusion-no-small-visibility\" style=\"--awb-bg-size:cover;--awb-margin-bottom:0px;width:20%;width:calc(20% - ( ( 4% ) * 0.2 ) );\"><div class=\"fusion-column-wrapper fusion-column-has-shadow fusion-flex-column-wrapper-legacy\"><div class=\"fusion-image-element fusion-image-align-center in-legacy-container\" style=\"text-align:center;--awb-caption-title-font-family:var(--h2_typography-font-family);--awb-caption-title-font-weight:var(--h2_typography-font-weight);--awb-caption-title-font-style:var(--h2_typography-font-style);--awb-caption-title-size:var(--h2_typography-font-size);--awb-caption-title-transform:var(--h2_typography-text-transform);--awb-caption-title-line-height:var(--h2_typography-line-height);--awb-caption-title-letter-spacing:var(--h2_typography-letter-spacing);\"><div class=\"imageframe-align-center\"><span class=\" fusion-imageframe imageframe-none imageframe-1 hover-type-none fusion-animated\" data-animationType=\"slideInRight\" data-animationDuration=\"1.0\" data-animationOffset=\"top-into-view\"><img decoding=\"async\" width=\"505\" height=\"524\" title=\"Cartes interventions copy-05\" src=\"https:\/\/www.asf-quebec.org\/wp-content\/uploads\/2020\/02\/Cartes-interventions-copy-05.jpg\" data-orig-src=\"https:\/\/www.asf-quebec.org\/wp-content\/uploads\/2020\/02\/Cartes-interventions-copy-05.jpg\" alt class=\"lazyload img-responsive wp-image-302218\" srcset=\"data:image\/svg+xml,%3Csvg%20xmlns%3D%27http%3A%2F%2Fwww.w3.org%2F2000%2Fsvg%27%20width%3D%27505%27%20height%3D%27524%27%20viewBox%3D%270%200%20505%20524%27%3E%3Crect%20width%3D%27505%27%20height%3D%27524%27%20fill-opacity%3D%220%22%2F%3E%3C%2Fsvg%3E\" data-srcset=\"https:\/\/www.asf-quebec.org\/wp-content\/uploads\/2020\/02\/Cartes-interventions-copy-05-200x208.jpg 200w, https:\/\/www.asf-quebec.org\/wp-content\/uploads\/2020\/02\/Cartes-interventions-copy-05-400x415.jpg 400w, https:\/\/www.asf-quebec.org\/wp-content\/uploads\/2020\/02\/Cartes-interventions-copy-05.jpg 505w\" data-sizes=\"auto\" data-orig-sizes=\"(max-width: 800px) 100vw, 400px\" \/><\/span><\/div><\/div><div class=\"fusion-clearfix\"><\/div><\/div><\/div><\/div><\/div><div class=\"fusion-fullwidth fullwidth-box fusion-builder-row-2 nonhundred-percent-fullwidth non-hundred-percent-height-scrolling fusion-equal-height-columns\" style=\"--awb-border-radius-top-left:0px;--awb-border-radius-top-right:0px;--awb-border-radius-bottom-right:0px;--awb-border-radius-bottom-left:0px;--awb-padding-top:80px;--awb-padding-bottom:80px;--awb-margin-top:0px;--awb-margin-bottom:0px;--awb-background-color:#dcedef;--awb-flex-wrap:wrap;\" ><div class=\"fusion-builder-row fusion-row\"><div class=\"fusion-layout-column fusion_builder_column fusion-builder-column-2 fusion_builder_column_1_2 1_2 fusion-one-half fusion-column-first\" style=\"--awb-padding-bottom:30px;--awb-bg-size:cover;--awb-margin-bottom:0px;width:50%;width:calc(50% - ( ( 4% ) * 0.5 ) );margin-right: 4%;\"><div class=\"fusion-column-wrapper fusion-column-has-shadow fusion-flex-column-wrapper-legacy\"><div class=\"fusion-column-content-centered\"><div class=\"fusion-column-content\"><div class=\"fusion-text fusion-text-6\"><h5><b>Entre Montr\u00e9al et Nainokanoka<\/b><\/h5>\n<\/div><div class=\"fusion-sep-clear\"><\/div><div class=\"fusion-separator fusion-full-width-sep\" style=\"margin-left: auto;margin-right: auto;margin-top:20px;width:100%;\"><div class=\"fusion-separator-border sep-double\" style=\"--awb-height:20px;--awb-amount:20px;--awb-sep-color:rgba(224,222,222,0);border-color:rgba(224,222,222,0);border-top-width:0px;border-bottom-width:0px;\"><\/div><\/div><div class=\"fusion-sep-clear\"><\/div><div class=\"fusion-text fusion-text-7\"><p><span style=\"font-weight: 400;\">Ce projet a rapidement fait parler de lui, tant \u00e0 Montr\u00e9al qu\u2019\u00e0 Dar-Es-Salam, en raison de sa dimension interculturelle et de son impact sur le d\u00e9veloppement humain, Mr Ole Sikorei, par l\u2019entremise d\u2019Ing\u00e9nieurs sans fronti\u00e8res Qu\u00e9bec,\u00a0 a \u00e9t\u00e9 mis en contact avec le Programme de coop\u00e9ration internationale de l\u2019\u00c9TS (PRECI). ASFQ a rapidement int\u00e9gr\u00e9 le projet pour en assurer la conception, en proposant Louis-Paul Lemieux comme architecte. Ayant une exp\u00e9rience en Afrique de l\u2019Est, il \u00e9tait un coop\u00e9rant volontaire tout indiqu\u00e9. <\/span><\/p>\n<p>En Tanzanie, Anita Urasa, architecte sur des projets sociaux de grande ampleur, est mobilis\u00e9e comme aviseur sur r\u00e9f\u00e9rence de Christian Benimana, de la firme MASS Design. Quelques semaines apr\u00e8s, en avril 2019, elle participa \u00e0 la rencontre et la charrette de design anim\u00e9e par Louis-Paul Lemieux, tout juste arriv\u00e9 \u00e0 Dar-Es-Salam. Le gouvernement et l\u2019\u00e9glise catholique de Nainokanoka, mobilis\u00e9s par <span style=\"font-weight: 400;\">Mr Ole Sikorei,<\/span><span style=\"font-weight: 400;\"> participent aussi au projet, en offrant un terrain et en <span data-theme-color=\"TEXT\">\u0153<\/span>uvrant \u00e0 simplifier les d\u00e9marches administratives. <\/span><\/p>\n<\/div><div class=\"fusion-sep-clear\"><\/div><div class=\"fusion-separator fusion-full-width-sep\" style=\"margin-left: auto;margin-right: auto;margin-top:5px;margin-bottom:5px;width:100%;\"><div class=\"fusion-separator-border sep-double\" style=\"--awb-height:20px;--awb-amount:20px;border-color:#e0dede;border-top-width:0px;border-bottom-width:0px;\"><\/div><\/div><div class=\"fusion-sep-clear\"><\/div><div class=\"fusion-image-element fusion-image-align-left in-legacy-container\" style=\"text-align:left;--awb-caption-title-font-family:var(--h2_typography-font-family);--awb-caption-title-font-weight:var(--h2_typography-font-weight);--awb-caption-title-font-style:var(--h2_typography-font-style);--awb-caption-title-size:var(--h2_typography-font-size);--awb-caption-title-transform:var(--h2_typography-text-transform);--awb-caption-title-line-height:var(--h2_typography-line-height);--awb-caption-title-letter-spacing:var(--h2_typography-letter-spacing);\"><span class=\" fusion-imageframe imageframe-none imageframe-2 hover-type-none fusion-animated\" style=\"margin-right:25px;float:left;\" data-animationType=\"slideInLeft\" data-animationDuration=\"1.0\" data-animationOffset=\"top-into-view\"><img decoding=\"async\" width=\"179\" height=\"68\" title=\"Forme-orange-petite\" src=\"data:image\/svg+xml,%3Csvg%20xmlns%3D%27http%3A%2F%2Fwww.w3.org%2F2000%2Fsvg%27%20width%3D%27179%27%20height%3D%2768%27%20viewBox%3D%270%200%20179%2068%27%3E%3Crect%20width%3D%27179%27%20height%3D%2768%27%20fill-opacity%3D%220%22%2F%3E%3C%2Fsvg%3E\" data-orig-src=\"https:\/\/www.asf-quebec.org\/wp-content\/uploads\/2019\/07\/Forme-orange-petite.png\" alt class=\"lazyload img-responsive wp-image-301842\"\/><\/span><\/div><div class=\"fusion-sep-clear\"><\/div><div class=\"fusion-separator fusion-full-width-sep\" style=\"margin-left: auto;margin-right: auto;margin-top:5px;margin-bottom:5px;width:100%;\"><div class=\"fusion-separator-border sep-double\" style=\"--awb-height:20px;--awb-amount:20px;border-color:#e0dede;border-top-width:0px;border-bottom-width:0px;\"><\/div><\/div><div class=\"fusion-sep-clear\"><\/div><\/div><\/div><div class=\"fusion-clearfix\"><\/div><\/div><\/div><div class=\"fusion-layout-column fusion_builder_column fusion-builder-column-3 fusion_builder_column_1_2 1_2 fusion-one-half fusion-column-last\" style=\"--awb-bg-size:cover;--awb-margin-bottom:0px;width:50%;width:calc(50% - ( ( 4% ) * 0.5 ) );\"><div class=\"fusion-column-wrapper fusion-column-has-shadow fusion-flex-column-wrapper-legacy\"><div class=\"fusion-column-content-centered\"><div class=\"fusion-column-content\"><div class=\"fusion-image-element in-legacy-container\" style=\"--awb-caption-title-font-family:var(--h2_typography-font-family);--awb-caption-title-font-weight:var(--h2_typography-font-weight);--awb-caption-title-font-style:var(--h2_typography-font-style);--awb-caption-title-size:var(--h2_typography-font-size);--awb-caption-title-transform:var(--h2_typography-text-transform);--awb-caption-title-line-height:var(--h2_typography-line-height);--awb-caption-title-letter-spacing:var(--h2_typography-letter-spacing);\"><span class=\" fusion-imageframe imageframe-none imageframe-3 hover-type-none\"><img decoding=\"async\" width=\"1024\" height=\"808\" src=\"https:\/\/www.asf-quebec.org\/wp-content\/uploads\/2020\/02\/51375775_2187673308216370_7308217261683113984_n.jpg\" data-orig-src=\"https:\/\/www.asf-quebec.org\/wp-content\/uploads\/2020\/02\/51375775_2187673308216370_7308217261683113984_n-1024x808.jpg\" alt class=\"lazyload img-responsive wp-image-302193\" srcset=\"data:image\/svg+xml,%3Csvg%20xmlns%3D%27http%3A%2F%2Fwww.w3.org%2F2000%2Fsvg%27%20width%3D%272048%27%20height%3D%271616%27%20viewBox%3D%270%200%202048%201616%27%3E%3Crect%20width%3D%272048%27%20height%3D%271616%27%20fill-opacity%3D%220%22%2F%3E%3C%2Fsvg%3E\" data-srcset=\"https:\/\/www.asf-quebec.org\/wp-content\/uploads\/2020\/02\/51375775_2187673308216370_7308217261683113984_n-200x158.jpg 200w, https:\/\/www.asf-quebec.org\/wp-content\/uploads\/2020\/02\/51375775_2187673308216370_7308217261683113984_n-400x316.jpg 400w, https:\/\/www.asf-quebec.org\/wp-content\/uploads\/2020\/02\/51375775_2187673308216370_7308217261683113984_n-600x473.jpg 600w, https:\/\/www.asf-quebec.org\/wp-content\/uploads\/2020\/02\/51375775_2187673308216370_7308217261683113984_n-800x631.jpg 800w, https:\/\/www.asf-quebec.org\/wp-content\/uploads\/2020\/02\/51375775_2187673308216370_7308217261683113984_n-1200x947.jpg 1200w\" data-sizes=\"auto\" data-orig-sizes=\"(max-width: 800px) 100vw, 800px\" \/><\/span><\/div><\/div><\/div><div class=\"fusion-clearfix\"><\/div><\/div><\/div><\/div><\/div><div class=\"fusion-fullwidth fullwidth-box fusion-builder-row-3 nonhundred-percent-fullwidth non-hundred-percent-height-scrolling fusion-equal-height-columns\" style=\"--awb-border-radius-top-left:0px;--awb-border-radius-top-right:0px;--awb-border-radius-bottom-right:0px;--awb-border-radius-bottom-left:0px;--awb-padding-top:80px;--awb-padding-bottom:80px;--awb-margin-top:0px;--awb-margin-bottom:0px;--awb-background-color:#ffffff;--awb-flex-wrap:wrap;\" ><div class=\"fusion-builder-row fusion-row\"><div class=\"fusion-layout-column fusion_builder_column fusion-builder-column-4 fusion_builder_column_1_2 1_2 fusion-one-half fusion-column-first\" style=\"--awb-bg-size:cover;--awb-margin-bottom:0px;width:50%;width:calc(50% - ( ( 4% ) * 0.5 ) );margin-right: 4%;\"><div class=\"fusion-column-wrapper fusion-column-has-shadow fusion-flex-column-wrapper-legacy\"><div class=\"fusion-column-content-centered\"><div class=\"fusion-column-content\"><div class=\"fusion-image-element in-legacy-container\" style=\"--awb-caption-title-font-family:var(--h2_typography-font-family);--awb-caption-title-font-weight:var(--h2_typography-font-weight);--awb-caption-title-font-style:var(--h2_typography-font-style);--awb-caption-title-size:var(--h2_typography-font-size);--awb-caption-title-transform:var(--h2_typography-text-transform);--awb-caption-title-line-height:var(--h2_typography-line-height);--awb-caption-title-letter-spacing:var(--h2_typography-letter-spacing);\"><span class=\" fusion-imageframe imageframe-none imageframe-4 hover-type-none\"><img decoding=\"async\" width=\"1024\" height=\"534\" title=\"PA160 &#8211; E\u0301cole Nainokanoka &#8211; ESQUISSE &#8211; 2019-05-27 (1)-14\" src=\"data:image\/svg+xml,%3Csvg%20xmlns%3D%27http%3A%2F%2Fwww.w3.org%2F2000%2Fsvg%27%20width%3D%271125%27%20height%3D%27587%27%20viewBox%3D%270%200%201125%20587%27%3E%3Crect%20width%3D%271125%27%20height%3D%27587%27%20fill-opacity%3D%220%22%2F%3E%3C%2Fsvg%3E\" data-orig-src=\"https:\/\/www.asf-quebec.org\/wp-content\/uploads\/2020\/02\/PA160-\u00c9cole-Nainokanoka-ESQUISSE-2019-05-27-1-14-1024x534.jpg\" alt class=\"lazyload img-responsive wp-image-302208\"\/><\/span><\/div><\/div><\/div><div class=\"fusion-clearfix\"><\/div><\/div><\/div><div class=\"fusion-layout-column fusion_builder_column fusion-builder-column-5 fusion_builder_column_1_2 1_2 fusion-one-half fusion-column-last\" style=\"--awb-padding-top:30px;--awb-bg-size:cover;--awb-margin-bottom:0px;width:50%;width:calc(50% - ( ( 4% ) * 0.5 ) );\"><div class=\"fusion-column-wrapper fusion-column-has-shadow fusion-flex-column-wrapper-legacy\"><div class=\"fusion-column-content-centered\"><div class=\"fusion-column-content\"><div class=\"fusion-text fusion-text-8\"><h5><b>Rep\u00e9rage et conception<\/b><\/h5>\n<\/div><div class=\"fusion-sep-clear\"><\/div><div class=\"fusion-separator fusion-full-width-sep\" style=\"margin-left: auto;margin-right: auto;margin-bottom:20px;width:100%;\"><div class=\"fusion-separator-border sep-double\" style=\"--awb-height:20px;--awb-amount:20px;--awb-sep-color:rgba(224,222,222,0);border-color:rgba(224,222,222,0);border-top-width:1px;border-bottom-width:1px;\"><\/div><\/div><div class=\"fusion-sep-clear\"><\/div><div class=\"fusion-text fusion-text-9\"><p><span style=\"font-weight: 400;\">C\u2019est en avril 2019 que Louis-Paul est parti en mission pendant 10 jours \u00e0 Nainokanoka. Cette \u00e9tude pr\u00e9liminaire a permis de sonder la population, rencontrer les d\u00e9cideurs, rep\u00e9rer les fournisseurs, relever les informations n\u00e9cessaires sur le terrain. Ces donn\u00e9es ont \u00e9t\u00e9 utilis\u00e9es lors des charrettes de design organis\u00e9es dans les bureaux d\u2019ASFQ. Les dessins d\u2019ex\u00e9cution, produits par 2Architectures, ont ensuite servi \u00e0 la construction du b\u00e2timent. Les 6 \u00e9tudiants de l\u2019\u00e9quipe du PRECI sont partis en mission pendant 4 mois en Tanzanie pour appuyer les travaux.<\/span><\/p>\n<\/div><div class=\"fusion-image-element fusion-image-align-right in-legacy-container\" style=\"text-align:right;--awb-caption-title-font-family:var(--h2_typography-font-family);--awb-caption-title-font-weight:var(--h2_typography-font-weight);--awb-caption-title-font-style:var(--h2_typography-font-style);--awb-caption-title-size:var(--h2_typography-font-size);--awb-caption-title-transform:var(--h2_typography-text-transform);--awb-caption-title-line-height:var(--h2_typography-line-height);--awb-caption-title-letter-spacing:var(--h2_typography-letter-spacing);\"><span class=\" fusion-imageframe imageframe-none imageframe-5 hover-type-none fusion-animated\" style=\"margin-left:25px;float:right;\" data-animationType=\"slideInLeft\" data-animationDuration=\"1.0\" data-animationOffset=\"top-into-view\"><img decoding=\"async\" width=\"102\" height=\"102\" title=\"Forme-jaune-cercle\" src=\"data:image\/svg+xml,%3Csvg%20xmlns%3D%27http%3A%2F%2Fwww.w3.org%2F2000%2Fsvg%27%20width%3D%27102%27%20height%3D%27102%27%20viewBox%3D%270%200%20102%20102%27%3E%3Crect%20width%3D%27102%27%20height%3D%27102%27%20fill-opacity%3D%220%22%2F%3E%3C%2Fsvg%3E\" data-orig-src=\"https:\/\/www.asf-quebec.org\/wp-content\/uploads\/2019\/09\/Forme-jaune-cercle.png\" alt class=\"lazyload img-responsive wp-image-301896\"\/><\/span><\/div><\/div><\/div><div class=\"fusion-clearfix\"><\/div><\/div><\/div><\/div><\/div><div class=\"fusion-fullwidth fullwidth-box fusion-builder-row-4 nonhundred-percent-fullwidth non-hundred-percent-height-scrolling fusion-equal-height-columns\" style=\"--awb-border-radius-top-left:0px;--awb-border-radius-top-right:0px;--awb-border-radius-bottom-right:0px;--awb-border-radius-bottom-left:0px;--awb-padding-top:50px;--awb-padding-bottom:20px;--awb-margin-top:0px;--awb-margin-bottom:0px;--awb-background-color:#dcedef;--awb-flex-wrap:wrap;\" ><div class=\"fusion-builder-row fusion-row\"><div class=\"fusion-layout-column fusion_builder_column fusion-builder-column-6 fusion_builder_column_3_5 3_5 fusion-three-fifth fusion-column-first\" style=\"--awb-padding-bottom:30px;--awb-bg-size:cover;--awb-margin-bottom:0px;width:60%;width:calc(60% - ( ( 4% ) * 0.6 ) );margin-right: 4%;\"><div class=\"fusion-column-wrapper fusion-column-has-shadow fusion-flex-column-wrapper-legacy\"><div class=\"fusion-column-content-centered\"><div class=\"fusion-column-content\"><div class=\"fusion-text fusion-text-10\"><h5><b>Les 120 premiers \u00e9l\u00e8ves<\/b><\/h5>\n<\/div><div class=\"fusion-sep-clear\"><\/div><div class=\"fusion-separator fusion-full-width-sep\" style=\"margin-left: auto;margin-right: auto;margin-bottom:20px;width:100%;\"><div class=\"fusion-separator-border sep-double\" style=\"--awb-height:20px;--awb-amount:20px;--awb-sep-color:rgba(224,222,222,0);border-color:rgba(224,222,222,0);border-top-width:1px;border-bottom-width:1px;\"><\/div><\/div><div class=\"fusion-sep-clear\"><\/div><div class=\"fusion-text fusion-text-11\"><p><span style=\"font-weight: 400;\">Le b\u00e2timent con\u00e7u abrite trois salles de classes de 40 \u00e9l\u00e8ves, une cuisine et une caf\u00e9t\u00e9ria pouvant \u00eatre converties en salle multifonctionnelle. La construction a \u00e9t\u00e9 achev\u00e9e en d\u00e9cembre 2019 et d\u00e8s 2020, les enfants ont int\u00e9gr\u00e9 l\u2019\u00e9cole. <\/span><span style=\"font-weight: 400;\">Particularit\u00e9 progressiste, l\u2019\u00e9cole met de l\u2019avant l\u2019\u00e9galit\u00e9 femmes-hommes, en priorisant m\u00eame a la particularit\u00e9 de donner priorit\u00e9 aux jeunes filles pour compenser le fait qu\u2019elle se celles-ci sont per\u00e7ues comme inf\u00e9rieures dans la culture et les croyances locales.<\/span><\/p>\n<\/div><div class=\"fusion-builder-row fusion-builder-row-inner fusion-row\"><div class=\"fusion-layout-column fusion_builder_column_inner fusion-builder-nested-column-2 fusion_builder_column_inner_1_1 1_1 fusion-one-full fusion-column-first fusion-column-last\" style=\"--awb-padding-top:30px;--awb-padding-right:0px;--awb-padding-bottom:30px;--awb-padding-left:0px;--awb-bg-size:cover;--awb-margin-top:30px;--awb-margin-bottom:0px;\"><div class=\"fusion-column-wrapper fusion-column-has-shadow fusion-flex-column-wrapper-legacy\"><div class=\"fusion-text fusion-text-12\"><h2><span style=\"color: #808080;\">Avancement du projet<\/span><\/h2>\n<\/div><div class=\"fusion-progressbar\" style=\"--awb-textcolor:#f38919;--awb-height:8px;--awb-filledcolor:#f38919;--awb-unfilledcolor:#ffffff;--awb-maximum-value-wrapper-width:0%;\"><div class=\"fusion-progressbar-bar progress-bar\"><div class=\"progress progress-bar-content not-animated\" role=\"progressbar\" aria-labelledby=\"awb-progressbar-label-1\" aria-valuemin=\"0\" aria-valuemax=\"100\" aria-valuenow=\"100\" data-filling-speed=\"600\"><\/div><span class=\"awb-pb-max-value-wrap awb-on-bar\"><span class=\"awb-pb-max-value-text\"><\/span><\/span><\/div><div class=\"progress-title awb-below-bar awb-align-start\"><span class=\"fusion-progressbar-text\" id=\"awb-progressbar-label-1\">Compl\u00e9t\u00e9 \u00e0<\/span> <span class=\"fusion-progressbar-value\">100%<\/span><\/div><\/div><div class=\"fusion-clearfix\"><\/div><\/div><\/div><\/div><\/div><\/div><div class=\"fusion-clearfix\"><\/div><\/div><\/div><div class=\"fusion-layout-column fusion_builder_column fusion-builder-column-7 fusion_builder_column_2_5 2_5 fusion-two-fifth fusion-column-last fusion-column-no-min-height\" style=\"--awb-bg-size:cover;--awb-margin-bottom:0px;width:40%;width:calc(40% - ( ( 4% ) * 0.4 ) );\"><div class=\"fusion-column-wrapper fusion-column-has-shadow fusion-flex-column-wrapper-legacy\"><div class=\"fusion-column-content-centered\"><div class=\"fusion-column-content\"><div class=\"fusion-image-carousel fusion-image-carousel-auto fusion-image-carousel-1 lightbox-enabled fusion-carousel-border\"><div class=\"awb-carousel awb-swiper awb-swiper-carousel awb-carousel--carousel awb-swiper-dots-position-bottom\" data-layout=\"carousel\" data-autoplay=\"yes\" data-autoplayspeed=\"2500\" data-autoplaypause=\"no\" data-columns=\"1\" data-columnsmedium=\"1\" data-columnssmall=\"1\" data-itemmargin=\"0\" data-itemwidth=\"180\" data-touchscroll=\"no\" data-freemode=\"no\" data-imagesize=\"auto\" data-scrollitems=\"1\" data-centeredslides=\"no\" data-rotationangle=\"50\" data-depth=\"100\" data-speed=\"500\" data-shadow=\"no\" data-pagination=\"bullets\" style=\"--awb-columns:1;--awb-column-spacing:0px;--awb-border-width:1px;--awb-border-color:#e9eaee;\"><div class=\"swiper-wrapper awb-image-carousel-wrapper fusion-flex-align-items-center\"><div class=\"swiper-slide\"><div class=\"fusion-carousel-item-wrapper\"><div class=\"fusion-image-wrapper hover-type-liftup\"><a data-rel=\"iLightbox[image_carousel_1]\" data-title=\"vlcsnap-2020-01-06-15h27m06s322563994504009284942\" aria-label=\"vlcsnap-2020-01-06-15h27m06s322563994504009284942\" href=\"https:\/\/www.asf-quebec.org\/wp-content\/uploads\/2020\/02\/vlcsnap-2020-01-06-15h27m06s322563994504009284942.jpg\" target=\"_self\"><img decoding=\"async\" width=\"3000\" height=\"1688\" src=\"https:\/\/www.asf-quebec.org\/wp-content\/uploads\/2020\/02\/vlcsnap-2020-01-06-15h27m06s322563994504009284942.jpg\" class=\"attachment-full size-full lazyload\" alt=\"\" srcset=\"data:image\/svg+xml,%3Csvg%20xmlns%3D%27http%3A%2F%2Fwww.w3.org%2F2000%2Fsvg%27%20width%3D%273000%27%20height%3D%271688%27%20viewBox%3D%270%200%203000%201688%27%3E%3Crect%20width%3D%273000%27%20height%3D%271688%27%20fill-opacity%3D%220%22%2F%3E%3C%2Fsvg%3E\" data-orig-src=\"https:\/\/www.asf-quebec.org\/wp-content\/uploads\/2020\/02\/vlcsnap-2020-01-06-15h27m06s322563994504009284942.jpg\" data-srcset=\"https:\/\/www.asf-quebec.org\/wp-content\/uploads\/2020\/02\/vlcsnap-2020-01-06-15h27m06s322563994504009284942-200x113.jpg 200w, https:\/\/www.asf-quebec.org\/wp-content\/uploads\/2020\/02\/vlcsnap-2020-01-06-15h27m06s322563994504009284942-300x169.jpg 300w, https:\/\/www.asf-quebec.org\/wp-content\/uploads\/2020\/02\/vlcsnap-2020-01-06-15h27m06s322563994504009284942-400x225.jpg 400w, https:\/\/www.asf-quebec.org\/wp-content\/uploads\/2020\/02\/vlcsnap-2020-01-06-15h27m06s322563994504009284942-600x338.jpg 600w, https:\/\/www.asf-quebec.org\/wp-content\/uploads\/2020\/02\/vlcsnap-2020-01-06-15h27m06s322563994504009284942-768x432.jpg 768w, https:\/\/www.asf-quebec.org\/wp-content\/uploads\/2020\/02\/vlcsnap-2020-01-06-15h27m06s322563994504009284942-800x450.jpg 800w, https:\/\/www.asf-quebec.org\/wp-content\/uploads\/2020\/02\/vlcsnap-2020-01-06-15h27m06s322563994504009284942-1024x576.jpg 1024w, https:\/\/www.asf-quebec.org\/wp-content\/uploads\/2020\/02\/vlcsnap-2020-01-06-15h27m06s322563994504009284942-1200x675.jpg 1200w, https:\/\/www.asf-quebec.org\/wp-content\/uploads\/2020\/02\/vlcsnap-2020-01-06-15h27m06s322563994504009284942.jpg 3000w\" data-sizes=\"auto\" \/><\/a><\/div><\/div><\/div><div class=\"swiper-slide\"><div class=\"fusion-carousel-item-wrapper\"><div class=\"fusion-image-wrapper hover-type-liftup\"><a data-rel=\"iLightbox[image_carousel_1]\" data-title=\"WP_20190503_001\" aria-label=\"WP_20190503_001\" href=\"https:\/\/www.asf-quebec.org\/wp-content\/uploads\/2020\/02\/WP_20190503_001.jpg\" target=\"_self\"><img decoding=\"async\" width=\"3552\" height=\"2000\" src=\"https:\/\/www.asf-quebec.org\/wp-content\/uploads\/2020\/02\/WP_20190503_001.jpg\" class=\"attachment-full size-full lazyload\" alt=\"\" srcset=\"data:image\/svg+xml,%3Csvg%20xmlns%3D%27http%3A%2F%2Fwww.w3.org%2F2000%2Fsvg%27%20width%3D%273552%27%20height%3D%272000%27%20viewBox%3D%270%200%203552%202000%27%3E%3Crect%20width%3D%273552%27%20height%3D%272000%27%20fill-opacity%3D%220%22%2F%3E%3C%2Fsvg%3E\" data-orig-src=\"https:\/\/www.asf-quebec.org\/wp-content\/uploads\/2020\/02\/WP_20190503_001.jpg\" data-srcset=\"https:\/\/www.asf-quebec.org\/wp-content\/uploads\/2020\/02\/WP_20190503_001-200x113.jpg 200w, https:\/\/www.asf-quebec.org\/wp-content\/uploads\/2020\/02\/WP_20190503_001-300x169.jpg 300w, https:\/\/www.asf-quebec.org\/wp-content\/uploads\/2020\/02\/WP_20190503_001-400x225.jpg 400w, https:\/\/www.asf-quebec.org\/wp-content\/uploads\/2020\/02\/WP_20190503_001-600x338.jpg 600w, https:\/\/www.asf-quebec.org\/wp-content\/uploads\/2020\/02\/WP_20190503_001-768x432.jpg 768w, https:\/\/www.asf-quebec.org\/wp-content\/uploads\/2020\/02\/WP_20190503_001-800x450.jpg 800w, https:\/\/www.asf-quebec.org\/wp-content\/uploads\/2020\/02\/WP_20190503_001-1024x577.jpg 1024w, https:\/\/www.asf-quebec.org\/wp-content\/uploads\/2020\/02\/WP_20190503_001-1200x676.jpg 1200w, https:\/\/www.asf-quebec.org\/wp-content\/uploads\/2020\/02\/WP_20190503_001.jpg 3552w\" data-sizes=\"auto\" \/><\/a><\/div><\/div><\/div><div class=\"swiper-slide\"><div class=\"fusion-carousel-item-wrapper\"><div class=\"fusion-image-wrapper hover-type-liftup\"><a data-rel=\"iLightbox[image_carousel_1]\" data-caption=\"OLYMPUS DIGITAL CAMERA\" data-title=\"OLYMPUS DIGITAL CAMERA\" aria-label=\"OLYMPUS DIGITAL CAMERA\" href=\"https:\/\/www.asf-quebec.org\/wp-content\/uploads\/2020\/02\/P4140511-e1583511675139.jpg\" target=\"_self\"><img decoding=\"async\" width=\"4608\" height=\"2903\" src=\"https:\/\/www.asf-quebec.org\/wp-content\/uploads\/2020\/02\/P4140511-e1583511675139.jpg\" class=\"attachment-full size-full lazyload\" alt=\"\" srcset=\"data:image\/svg+xml,%3Csvg%20xmlns%3D%27http%3A%2F%2Fwww.w3.org%2F2000%2Fsvg%27%20width%3D%274608%27%20height%3D%272903%27%20viewBox%3D%270%200%204608%202903%27%3E%3Crect%20width%3D%274608%27%20height%3D%272903%27%20fill-opacity%3D%220%22%2F%3E%3C%2Fsvg%3E\" data-orig-src=\"https:\/\/www.asf-quebec.org\/wp-content\/uploads\/2020\/02\/P4140511-e1583511675139.jpg\" data-srcset=\"https:\/\/www.asf-quebec.org\/wp-content\/uploads\/2020\/02\/P4140511-e1583511675139-200x126.jpg 200w, https:\/\/www.asf-quebec.org\/wp-content\/uploads\/2020\/02\/P4140511-e1583511675139-300x189.jpg 300w, https:\/\/www.asf-quebec.org\/wp-content\/uploads\/2020\/02\/P4140511-e1583511675139-320x202.jpg 320w, https:\/\/www.asf-quebec.org\/wp-content\/uploads\/2020\/02\/P4140511-e1583511675139-400x252.jpg 400w, https:\/\/www.asf-quebec.org\/wp-content\/uploads\/2020\/02\/P4140511-e1583511675139-600x378.jpg 600w, https:\/\/www.asf-quebec.org\/wp-content\/uploads\/2020\/02\/P4140511-e1583511675139-700x441.jpg 700w, https:\/\/www.asf-quebec.org\/wp-content\/uploads\/2020\/02\/P4140511-e1583511675139-768x484.jpg 768w, https:\/\/www.asf-quebec.org\/wp-content\/uploads\/2020\/02\/P4140511-e1583511675139-800x504.jpg 800w, https:\/\/www.asf-quebec.org\/wp-content\/uploads\/2020\/02\/P4140511-e1583511675139-1024x645.jpg 1024w, https:\/\/www.asf-quebec.org\/wp-content\/uploads\/2020\/02\/P4140511-e1583511675139-1200x756.jpg 1200w, https:\/\/www.asf-quebec.org\/wp-content\/uploads\/2020\/02\/P4140511-e1583511675139.jpg 4608w\" data-sizes=\"auto\" \/><\/a><\/div><\/div><\/div><div class=\"swiper-slide\"><div class=\"fusion-carousel-item-wrapper\"><div class=\"fusion-image-wrapper hover-type-liftup\"><a data-rel=\"iLightbox[image_carousel_1]\" data-caption=\"OLYMPUS DIGITAL CAMERA\" data-title=\"OLYMPUS DIGITAL CAMERA\" aria-label=\"OLYMPUS DIGITAL CAMERA\" href=\"https:\/\/www.asf-quebec.org\/wp-content\/uploads\/2020\/02\/P4140369.jpg\" target=\"_self\"><img decoding=\"async\" width=\"4608\" height=\"3456\" src=\"https:\/\/www.asf-quebec.org\/wp-content\/uploads\/2020\/02\/P4140369.jpg\" class=\"attachment-full size-full lazyload\" alt=\"\" srcset=\"data:image\/svg+xml,%3Csvg%20xmlns%3D%27http%3A%2F%2Fwww.w3.org%2F2000%2Fsvg%27%20width%3D%274608%27%20height%3D%273456%27%20viewBox%3D%270%200%204608%203456%27%3E%3Crect%20width%3D%274608%27%20height%3D%273456%27%20fill-opacity%3D%220%22%2F%3E%3C%2Fsvg%3E\" data-orig-src=\"https:\/\/www.asf-quebec.org\/wp-content\/uploads\/2020\/02\/P4140369.jpg\" data-srcset=\"https:\/\/www.asf-quebec.org\/wp-content\/uploads\/2020\/02\/P4140369-200x150.jpg 200w, https:\/\/www.asf-quebec.org\/wp-content\/uploads\/2020\/02\/P4140369-300x225.jpg 300w, https:\/\/www.asf-quebec.org\/wp-content\/uploads\/2020\/02\/P4140369-400x300.jpg 400w, https:\/\/www.asf-quebec.org\/wp-content\/uploads\/2020\/02\/P4140369-600x450.jpg 600w, https:\/\/www.asf-quebec.org\/wp-content\/uploads\/2020\/02\/P4140369-768x576.jpg 768w, https:\/\/www.asf-quebec.org\/wp-content\/uploads\/2020\/02\/P4140369-800x600.jpg 800w, https:\/\/www.asf-quebec.org\/wp-content\/uploads\/2020\/02\/P4140369-1024x768.jpg 1024w, https:\/\/www.asf-quebec.org\/wp-content\/uploads\/2020\/02\/P4140369-1200x900.jpg 1200w, https:\/\/www.asf-quebec.org\/wp-content\/uploads\/2020\/02\/P4140369.jpg 4608w\" data-sizes=\"auto\" \/><\/a><\/div><\/div><\/div><div class=\"swiper-slide\"><div class=\"fusion-carousel-item-wrapper\"><div class=\"fusion-image-wrapper hover-type-liftup\"><a data-rel=\"iLightbox[image_carousel_1]\" data-title=\"feature_image-1\" aria-label=\"feature_image-1\" href=\"https:\/\/www.asf-quebec.org\/wp-content\/uploads\/2020\/02\/feature_image-1.jpg\" target=\"_self\"><img decoding=\"async\" width=\"761\" height=\"420\" src=\"https:\/\/www.asf-quebec.org\/wp-content\/uploads\/2020\/02\/feature_image-1.jpg\" class=\"attachment-full size-full lazyload\" alt=\"\" srcset=\"data:image\/svg+xml,%3Csvg%20xmlns%3D%27http%3A%2F%2Fwww.w3.org%2F2000%2Fsvg%27%20width%3D%27761%27%20height%3D%27420%27%20viewBox%3D%270%200%20761%20420%27%3E%3Crect%20width%3D%27761%27%20height%3D%27420%27%20fill-opacity%3D%220%22%2F%3E%3C%2Fsvg%3E\" data-orig-src=\"https:\/\/www.asf-quebec.org\/wp-content\/uploads\/2020\/02\/feature_image-1.jpg\" data-srcset=\"https:\/\/www.asf-quebec.org\/wp-content\/uploads\/2020\/02\/feature_image-1-200x110.jpg 200w, https:\/\/www.asf-quebec.org\/wp-content\/uploads\/2020\/02\/feature_image-1-300x166.jpg 300w, https:\/\/www.asf-quebec.org\/wp-content\/uploads\/2020\/02\/feature_image-1-400x221.jpg 400w, https:\/\/www.asf-quebec.org\/wp-content\/uploads\/2020\/02\/feature_image-1-600x331.jpg 600w, https:\/\/www.asf-quebec.org\/wp-content\/uploads\/2020\/02\/feature_image-1.jpg 761w\" data-sizes=\"auto\" \/><\/a><\/div><\/div><\/div><div class=\"swiper-slide\"><div class=\"fusion-carousel-item-wrapper\"><div class=\"fusion-image-wrapper hover-type-liftup\"><a data-rel=\"iLightbox[image_carousel_1]\" data-title=\"186\" aria-label=\"186\" href=\"https:\/\/www.asf-quebec.org\/wp-content\/uploads\/2020\/02\/186-e1583511770265.jpg\" target=\"_self\"><img decoding=\"async\" width=\"800\" height=\"474\" src=\"https:\/\/www.asf-quebec.org\/wp-content\/uploads\/2020\/02\/186-e1583511770265.jpg\" class=\"attachment-full size-full lazyload\" alt=\"\" srcset=\"data:image\/svg+xml,%3Csvg%20xmlns%3D%27http%3A%2F%2Fwww.w3.org%2F2000%2Fsvg%27%20width%3D%27800%27%20height%3D%27474%27%20viewBox%3D%270%200%20800%20474%27%3E%3Crect%20width%3D%27800%27%20height%3D%27474%27%20fill-opacity%3D%220%22%2F%3E%3C%2Fsvg%3E\" data-orig-src=\"https:\/\/www.asf-quebec.org\/wp-content\/uploads\/2020\/02\/186-e1583511770265.jpg\" data-srcset=\"https:\/\/www.asf-quebec.org\/wp-content\/uploads\/2020\/02\/186-e1583511770265-200x119.jpg 200w, https:\/\/www.asf-quebec.org\/wp-content\/uploads\/2020\/02\/186-e1583511770265-300x178.jpg 300w, https:\/\/www.asf-quebec.org\/wp-content\/uploads\/2020\/02\/186-e1583511770265-400x237.jpg 400w, https:\/\/www.asf-quebec.org\/wp-content\/uploads\/2020\/02\/186-e1583511770265-600x356.jpg 600w, https:\/\/www.asf-quebec.org\/wp-content\/uploads\/2020\/02\/186-e1583511770265-768x455.jpg 768w, https:\/\/www.asf-quebec.org\/wp-content\/uploads\/2020\/02\/186-e1583511770265.jpg 800w\" data-sizes=\"auto\" \/><\/a><\/div><\/div><\/div><div class=\"swiper-slide\"><div class=\"fusion-carousel-item-wrapper\"><div class=\"fusion-image-wrapper hover-type-liftup\"><a data-rel=\"iLightbox[image_carousel_1]\" data-title=\"Simulation3D_Tanz\" aria-label=\"Simulation3D_Tanz\" href=\"https:\/\/www.asf-quebec.org\/wp-content\/uploads\/2020\/02\/Simulation3D_Tanz.jpg\" target=\"_self\"><img decoding=\"async\" width=\"2178\" height=\"885\" src=\"https:\/\/www.asf-quebec.org\/wp-content\/uploads\/2020\/02\/Simulation3D_Tanz.jpg\" class=\"attachment-full size-full lazyload\" alt=\"\" srcset=\"data:image\/svg+xml,%3Csvg%20xmlns%3D%27http%3A%2F%2Fwww.w3.org%2F2000%2Fsvg%27%20width%3D%272178%27%20height%3D%27885%27%20viewBox%3D%270%200%202178%20885%27%3E%3Crect%20width%3D%272178%27%20height%3D%27885%27%20fill-opacity%3D%220%22%2F%3E%3C%2Fsvg%3E\" data-orig-src=\"https:\/\/www.asf-quebec.org\/wp-content\/uploads\/2020\/02\/Simulation3D_Tanz.jpg\" data-srcset=\"https:\/\/www.asf-quebec.org\/wp-content\/uploads\/2020\/02\/Simulation3D_Tanz-200x81.jpg 200w, https:\/\/www.asf-quebec.org\/wp-content\/uploads\/2020\/02\/Simulation3D_Tanz-300x122.jpg 300w, https:\/\/www.asf-quebec.org\/wp-content\/uploads\/2020\/02\/Simulation3D_Tanz-400x163.jpg 400w, https:\/\/www.asf-quebec.org\/wp-content\/uploads\/2020\/02\/Simulation3D_Tanz-600x244.jpg 600w, https:\/\/www.asf-quebec.org\/wp-content\/uploads\/2020\/02\/Simulation3D_Tanz-669x272.jpg 669w, https:\/\/www.asf-quebec.org\/wp-content\/uploads\/2020\/02\/Simulation3D_Tanz-768x312.jpg 768w, https:\/\/www.asf-quebec.org\/wp-content\/uploads\/2020\/02\/Simulation3D_Tanz-800x325.jpg 800w, https:\/\/www.asf-quebec.org\/wp-content\/uploads\/2020\/02\/Simulation3D_Tanz-1024x416.jpg 1024w, https:\/\/www.asf-quebec.org\/wp-content\/uploads\/2020\/02\/Simulation3D_Tanz-1200x488.jpg 1200w, https:\/\/www.asf-quebec.org\/wp-content\/uploads\/2020\/02\/Simulation3D_Tanz.jpg 2178w\" data-sizes=\"auto\" \/><\/a><\/div><\/div><\/div><div class=\"swiper-slide\"><div class=\"fusion-carousel-item-wrapper\"><div class=\"fusion-image-wrapper hover-type-liftup\"><a data-rel=\"iLightbox[image_carousel_1]\" data-title=\"PA160 &#8211; E\u0301cole Nainokanoka &#8211; ESQUISSE &#8211; 2019-05-27 (1)-16\" aria-label=\"PA160 &#8211; E\u0301cole Nainokanoka &#8211; ESQUISSE &#8211; 2019-05-27 (1)-16\" href=\"https:\/\/www.asf-quebec.org\/wp-content\/uploads\/2020\/02\/PA160-E\u0301cole-Nainokanoka-ESQUISSE-2019-05-27-1-16.jpg\" target=\"_self\"><img decoding=\"async\" width=\"1125\" height=\"587\" src=\"https:\/\/www.asf-quebec.org\/wp-content\/uploads\/2020\/02\/PA160-E\u0301cole-Nainokanoka-ESQUISSE-2019-05-27-1-16.jpg\" class=\"attachment-full size-full lazyload\" alt=\"\" srcset=\"data:image\/svg+xml,%3Csvg%20xmlns%3D%27http%3A%2F%2Fwww.w3.org%2F2000%2Fsvg%27%20width%3D%271125%27%20height%3D%27587%27%20viewBox%3D%270%200%201125%20587%27%3E%3Crect%20width%3D%271125%27%20height%3D%27587%27%20fill-opacity%3D%220%22%2F%3E%3C%2Fsvg%3E\" data-orig-src=\"https:\/\/www.asf-quebec.org\/wp-content\/uploads\/2020\/02\/PA160-E\u0301cole-Nainokanoka-ESQUISSE-2019-05-27-1-16.jpg\" data-srcset=\"https:\/\/www.asf-quebec.org\/wp-content\/uploads\/2020\/02\/PA160-E\u0301cole-Nainokanoka-ESQUISSE-2019-05-27-1-16-200x104.jpg 200w, https:\/\/www.asf-quebec.org\/wp-content\/uploads\/2020\/02\/PA160-E\u0301cole-Nainokanoka-ESQUISSE-2019-05-27-1-16-300x157.jpg 300w, https:\/\/www.asf-quebec.org\/wp-content\/uploads\/2020\/02\/PA160-E\u0301cole-Nainokanoka-ESQUISSE-2019-05-27-1-16-400x209.jpg 400w, https:\/\/www.asf-quebec.org\/wp-content\/uploads\/2020\/02\/PA160-E\u0301cole-Nainokanoka-ESQUISSE-2019-05-27-1-16-600x313.jpg 600w, https:\/\/www.asf-quebec.org\/wp-content\/uploads\/2020\/02\/PA160-E\u0301cole-Nainokanoka-ESQUISSE-2019-05-27-1-16-768x401.jpg 768w, https:\/\/www.asf-quebec.org\/wp-content\/uploads\/2020\/02\/PA160-E\u0301cole-Nainokanoka-ESQUISSE-2019-05-27-1-16-800x417.jpg 800w, https:\/\/www.asf-quebec.org\/wp-content\/uploads\/2020\/02\/PA160-E\u0301cole-Nainokanoka-ESQUISSE-2019-05-27-1-16-1024x534.jpg 1024w, https:\/\/www.asf-quebec.org\/wp-content\/uploads\/2020\/02\/PA160-E\u0301cole-Nainokanoka-ESQUISSE-2019-05-27-1-16.jpg 1125w\" data-sizes=\"auto\" \/><\/a><\/div><\/div><\/div><div class=\"swiper-slide\"><div class=\"fusion-carousel-item-wrapper\"><div class=\"fusion-image-wrapper hover-type-liftup\"><a data-rel=\"iLightbox[image_carousel_1]\" data-title=\"PA160 &#8211; E\u0301cole Nainokanoka &#8211; ESQUISSE &#8211; 2019-05-27 (1)-4\" aria-label=\"PA160 &#8211; E\u0301cole Nainokanoka &#8211; ESQUISSE &#8211; 2019-05-27 (1)-4\" href=\"https:\/\/www.asf-quebec.org\/wp-content\/uploads\/2020\/02\/PA160-E\u0301cole-Nainokanoka-ESQUISSE-2019-05-27-1-4.jpg\" target=\"_self\"><img decoding=\"async\" width=\"1181\" height=\"687\" src=\"https:\/\/www.asf-quebec.org\/wp-content\/uploads\/2020\/02\/PA160-E\u0301cole-Nainokanoka-ESQUISSE-2019-05-27-1-4.jpg\" class=\"attachment-full size-full lazyload\" alt=\"\" srcset=\"data:image\/svg+xml,%3Csvg%20xmlns%3D%27http%3A%2F%2Fwww.w3.org%2F2000%2Fsvg%27%20width%3D%271181%27%20height%3D%27687%27%20viewBox%3D%270%200%201181%20687%27%3E%3Crect%20width%3D%271181%27%20height%3D%27687%27%20fill-opacity%3D%220%22%2F%3E%3C%2Fsvg%3E\" data-orig-src=\"https:\/\/www.asf-quebec.org\/wp-content\/uploads\/2020\/02\/PA160-E\u0301cole-Nainokanoka-ESQUISSE-2019-05-27-1-4.jpg\" data-srcset=\"https:\/\/www.asf-quebec.org\/wp-content\/uploads\/2020\/02\/PA160-E\u0301cole-Nainokanoka-ESQUISSE-2019-05-27-1-4-200x116.jpg 200w, https:\/\/www.asf-quebec.org\/wp-content\/uploads\/2020\/02\/PA160-E\u0301cole-Nainokanoka-ESQUISSE-2019-05-27-1-4-300x175.jpg 300w, https:\/\/www.asf-quebec.org\/wp-content\/uploads\/2020\/02\/PA160-E\u0301cole-Nainokanoka-ESQUISSE-2019-05-27-1-4-400x233.jpg 400w, https:\/\/www.asf-quebec.org\/wp-content\/uploads\/2020\/02\/PA160-E\u0301cole-Nainokanoka-ESQUISSE-2019-05-27-1-4-600x349.jpg 600w, https:\/\/www.asf-quebec.org\/wp-content\/uploads\/2020\/02\/PA160-E\u0301cole-Nainokanoka-ESQUISSE-2019-05-27-1-4-768x447.jpg 768w, https:\/\/www.asf-quebec.org\/wp-content\/uploads\/2020\/02\/PA160-E\u0301cole-Nainokanoka-ESQUISSE-2019-05-27-1-4-800x465.jpg 800w, https:\/\/www.asf-quebec.org\/wp-content\/uploads\/2020\/02\/PA160-E\u0301cole-Nainokanoka-ESQUISSE-2019-05-27-1-4-1024x596.jpg 1024w, https:\/\/www.asf-quebec.org\/wp-content\/uploads\/2020\/02\/PA160-E\u0301cole-Nainokanoka-ESQUISSE-2019-05-27-1-4.jpg 1181w\" data-sizes=\"auto\" \/><\/a><\/div><\/div><\/div><div class=\"swiper-slide\"><div class=\"fusion-carousel-item-wrapper\"><div class=\"fusion-image-wrapper hover-type-liftup\"><a data-rel=\"iLightbox[image_carousel_1]\" data-title=\"vue-drone8943078308672385935.\" aria-label=\"vue-drone8943078308672385935.\" href=\"https:\/\/www.asf-quebec.org\/wp-content\/uploads\/2020\/02\/vue-drone8943078308672385935..jpg\" target=\"_self\"><img decoding=\"async\" width=\"1920\" height=\"1080\" src=\"https:\/\/www.asf-quebec.org\/wp-content\/uploads\/2020\/02\/vue-drone8943078308672385935..jpg\" class=\"attachment-full size-full lazyload\" alt=\"\" srcset=\"data:image\/svg+xml,%3Csvg%20xmlns%3D%27http%3A%2F%2Fwww.w3.org%2F2000%2Fsvg%27%20width%3D%271920%27%20height%3D%271080%27%20viewBox%3D%270%200%201920%201080%27%3E%3Crect%20width%3D%271920%27%20height%3D%271080%27%20fill-opacity%3D%220%22%2F%3E%3C%2Fsvg%3E\" data-orig-src=\"https:\/\/www.asf-quebec.org\/wp-content\/uploads\/2020\/02\/vue-drone8943078308672385935..jpg\" data-srcset=\"https:\/\/www.asf-quebec.org\/wp-content\/uploads\/2020\/02\/vue-drone8943078308672385935.-200x113.jpg 200w, https:\/\/www.asf-quebec.org\/wp-content\/uploads\/2020\/02\/vue-drone8943078308672385935.-300x169.jpg 300w, https:\/\/www.asf-quebec.org\/wp-content\/uploads\/2020\/02\/vue-drone8943078308672385935.-400x225.jpg 400w, https:\/\/www.asf-quebec.org\/wp-content\/uploads\/2020\/02\/vue-drone8943078308672385935.-600x338.jpg 600w, https:\/\/www.asf-quebec.org\/wp-content\/uploads\/2020\/02\/vue-drone8943078308672385935.-768x432.jpg 768w, https:\/\/www.asf-quebec.org\/wp-content\/uploads\/2020\/02\/vue-drone8943078308672385935.-800x450.jpg 800w, https:\/\/www.asf-quebec.org\/wp-content\/uploads\/2020\/02\/vue-drone8943078308672385935.-1024x576.jpg 1024w, https:\/\/www.asf-quebec.org\/wp-content\/uploads\/2020\/02\/vue-drone8943078308672385935.-1200x675.jpg 1200w, https:\/\/www.asf-quebec.org\/wp-content\/uploads\/2020\/02\/vue-drone8943078308672385935..jpg 1920w\" data-sizes=\"auto\" \/><\/a><\/div><\/div><\/div><div class=\"swiper-slide\"><div class=\"fusion-carousel-item-wrapper\"><div class=\"fusion-image-wrapper hover-type-liftup\"><a data-rel=\"iLightbox[image_carousel_1]\" data-title=\"img_90054516594740796723553\" aria-label=\"img_90054516594740796723553\" href=\"https:\/\/www.asf-quebec.org\/wp-content\/uploads\/2020\/02\/img_90054516594740796723553.jpg\" target=\"_self\"><img decoding=\"async\" width=\"3000\" height=\"2000\" src=\"https:\/\/www.asf-quebec.org\/wp-content\/uploads\/2020\/02\/img_90054516594740796723553.jpg\" class=\"attachment-full size-full lazyload\" alt=\"\" srcset=\"data:image\/svg+xml,%3Csvg%20xmlns%3D%27http%3A%2F%2Fwww.w3.org%2F2000%2Fsvg%27%20width%3D%273000%27%20height%3D%272000%27%20viewBox%3D%270%200%203000%202000%27%3E%3Crect%20width%3D%273000%27%20height%3D%272000%27%20fill-opacity%3D%220%22%2F%3E%3C%2Fsvg%3E\" data-orig-src=\"https:\/\/www.asf-quebec.org\/wp-content\/uploads\/2020\/02\/img_90054516594740796723553.jpg\" data-srcset=\"https:\/\/www.asf-quebec.org\/wp-content\/uploads\/2020\/02\/img_90054516594740796723553-200x133.jpg 200w, https:\/\/www.asf-quebec.org\/wp-content\/uploads\/2020\/02\/img_90054516594740796723553-300x200.jpg 300w, https:\/\/www.asf-quebec.org\/wp-content\/uploads\/2020\/02\/img_90054516594740796723553-400x267.jpg 400w, https:\/\/www.asf-quebec.org\/wp-content\/uploads\/2020\/02\/img_90054516594740796723553-600x400.jpg 600w, https:\/\/www.asf-quebec.org\/wp-content\/uploads\/2020\/02\/img_90054516594740796723553-768x512.jpg 768w, https:\/\/www.asf-quebec.org\/wp-content\/uploads\/2020\/02\/img_90054516594740796723553-800x533.jpg 800w, https:\/\/www.asf-quebec.org\/wp-content\/uploads\/2020\/02\/img_90054516594740796723553-1024x683.jpg 1024w, https:\/\/www.asf-quebec.org\/wp-content\/uploads\/2020\/02\/img_90054516594740796723553-1200x800.jpg 1200w, https:\/\/www.asf-quebec.org\/wp-content\/uploads\/2020\/02\/img_90054516594740796723553.jpg 3000w\" data-sizes=\"auto\" \/><\/a><\/div><\/div><\/div><div class=\"swiper-slide\"><div class=\"fusion-carousel-item-wrapper\"><div class=\"fusion-image-wrapper hover-type-liftup\"><a data-rel=\"iLightbox[image_carousel_1]\" data-title=\"img_90494350206781301919864-1\" aria-label=\"img_90494350206781301919864-1\" href=\"https:\/\/www.asf-quebec.org\/wp-content\/uploads\/2020\/02\/img_90494350206781301919864-1.jpg\" target=\"_self\"><img decoding=\"async\" width=\"3000\" height=\"2000\" src=\"https:\/\/www.asf-quebec.org\/wp-content\/uploads\/2020\/02\/img_90494350206781301919864-1.jpg\" class=\"attachment-full size-full lazyload\" alt=\"\" srcset=\"data:image\/svg+xml,%3Csvg%20xmlns%3D%27http%3A%2F%2Fwww.w3.org%2F2000%2Fsvg%27%20width%3D%273000%27%20height%3D%272000%27%20viewBox%3D%270%200%203000%202000%27%3E%3Crect%20width%3D%273000%27%20height%3D%272000%27%20fill-opacity%3D%220%22%2F%3E%3C%2Fsvg%3E\" data-orig-src=\"https:\/\/www.asf-quebec.org\/wp-content\/uploads\/2020\/02\/img_90494350206781301919864-1.jpg\" data-srcset=\"https:\/\/www.asf-quebec.org\/wp-content\/uploads\/2020\/02\/img_90494350206781301919864-1-200x133.jpg 200w, https:\/\/www.asf-quebec.org\/wp-content\/uploads\/2020\/02\/img_90494350206781301919864-1-300x200.jpg 300w, https:\/\/www.asf-quebec.org\/wp-content\/uploads\/2020\/02\/img_90494350206781301919864-1-400x267.jpg 400w, https:\/\/www.asf-quebec.org\/wp-content\/uploads\/2020\/02\/img_90494350206781301919864-1-600x400.jpg 600w, https:\/\/www.asf-quebec.org\/wp-content\/uploads\/2020\/02\/img_90494350206781301919864-1-768x512.jpg 768w, https:\/\/www.asf-quebec.org\/wp-content\/uploads\/2020\/02\/img_90494350206781301919864-1-800x533.jpg 800w, https:\/\/www.asf-quebec.org\/wp-content\/uploads\/2020\/02\/img_90494350206781301919864-1-1024x683.jpg 1024w, https:\/\/www.asf-quebec.org\/wp-content\/uploads\/2020\/02\/img_90494350206781301919864-1-1200x800.jpg 1200w, https:\/\/www.asf-quebec.org\/wp-content\/uploads\/2020\/02\/img_90494350206781301919864-1.jpg 3000w\" data-sizes=\"auto\" \/><\/a><\/div><\/div><\/div><div class=\"swiper-slide\"><div class=\"fusion-carousel-item-wrapper\"><div class=\"fusion-image-wrapper hover-type-liftup\"><a data-rel=\"iLightbox[image_carousel_1]\" data-title=\"img_89958657128538171160453\" aria-label=\"img_89958657128538171160453\" href=\"https:\/\/www.asf-quebec.org\/wp-content\/uploads\/2020\/02\/img_89958657128538171160453.jpg\" target=\"_self\"><img decoding=\"async\" width=\"3000\" height=\"2000\" src=\"https:\/\/www.asf-quebec.org\/wp-content\/uploads\/2020\/02\/img_89958657128538171160453.jpg\" class=\"attachment-full size-full lazyload\" alt=\"\" srcset=\"data:image\/svg+xml,%3Csvg%20xmlns%3D%27http%3A%2F%2Fwww.w3.org%2F2000%2Fsvg%27%20width%3D%273000%27%20height%3D%272000%27%20viewBox%3D%270%200%203000%202000%27%3E%3Crect%20width%3D%273000%27%20height%3D%272000%27%20fill-opacity%3D%220%22%2F%3E%3C%2Fsvg%3E\" data-orig-src=\"https:\/\/www.asf-quebec.org\/wp-content\/uploads\/2020\/02\/img_89958657128538171160453.jpg\" data-srcset=\"https:\/\/www.asf-quebec.org\/wp-content\/uploads\/2020\/02\/img_89958657128538171160453-200x133.jpg 200w, https:\/\/www.asf-quebec.org\/wp-content\/uploads\/2020\/02\/img_89958657128538171160453-300x200.jpg 300w, https:\/\/www.asf-quebec.org\/wp-content\/uploads\/2020\/02\/img_89958657128538171160453-400x267.jpg 400w, https:\/\/www.asf-quebec.org\/wp-content\/uploads\/2020\/02\/img_89958657128538171160453-600x400.jpg 600w, https:\/\/www.asf-quebec.org\/wp-content\/uploads\/2020\/02\/img_89958657128538171160453-768x512.jpg 768w, https:\/\/www.asf-quebec.org\/wp-content\/uploads\/2020\/02\/img_89958657128538171160453-800x533.jpg 800w, https:\/\/www.asf-quebec.org\/wp-content\/uploads\/2020\/02\/img_89958657128538171160453-1024x683.jpg 1024w, https:\/\/www.asf-quebec.org\/wp-content\/uploads\/2020\/02\/img_89958657128538171160453-1200x800.jpg 1200w, https:\/\/www.asf-quebec.org\/wp-content\/uploads\/2020\/02\/img_89958657128538171160453.jpg 3000w\" data-sizes=\"auto\" \/><\/a><\/div><\/div><\/div><div class=\"swiper-slide\"><div class=\"fusion-carousel-item-wrapper\"><div class=\"fusion-image-wrapper hover-type-liftup\"><a data-rel=\"iLightbox[image_carousel_1]\" data-title=\"img_20191127_0841152332103874915515849\" aria-label=\"img_20191127_0841152332103874915515849\" href=\"https:\/\/www.asf-quebec.org\/wp-content\/uploads\/2020\/02\/img_20191127_0841152332103874915515849.jpg\" target=\"_self\"><img decoding=\"async\" width=\"3000\" height=\"2250\" src=\"https:\/\/www.asf-quebec.org\/wp-content\/uploads\/2020\/02\/img_20191127_0841152332103874915515849.jpg\" class=\"attachment-full size-full lazyload\" alt=\"\" srcset=\"data:image\/svg+xml,%3Csvg%20xmlns%3D%27http%3A%2F%2Fwww.w3.org%2F2000%2Fsvg%27%20width%3D%273000%27%20height%3D%272250%27%20viewBox%3D%270%200%203000%202250%27%3E%3Crect%20width%3D%273000%27%20height%3D%272250%27%20fill-opacity%3D%220%22%2F%3E%3C%2Fsvg%3E\" data-orig-src=\"https:\/\/www.asf-quebec.org\/wp-content\/uploads\/2020\/02\/img_20191127_0841152332103874915515849.jpg\" data-srcset=\"https:\/\/www.asf-quebec.org\/wp-content\/uploads\/2020\/02\/img_20191127_0841152332103874915515849-200x150.jpg 200w, https:\/\/www.asf-quebec.org\/wp-content\/uploads\/2020\/02\/img_20191127_0841152332103874915515849-300x225.jpg 300w, https:\/\/www.asf-quebec.org\/wp-content\/uploads\/2020\/02\/img_20191127_0841152332103874915515849-400x300.jpg 400w, https:\/\/www.asf-quebec.org\/wp-content\/uploads\/2020\/02\/img_20191127_0841152332103874915515849-600x450.jpg 600w, https:\/\/www.asf-quebec.org\/wp-content\/uploads\/2020\/02\/img_20191127_0841152332103874915515849-768x576.jpg 768w, https:\/\/www.asf-quebec.org\/wp-content\/uploads\/2020\/02\/img_20191127_0841152332103874915515849-800x600.jpg 800w, https:\/\/www.asf-quebec.org\/wp-content\/uploads\/2020\/02\/img_20191127_0841152332103874915515849-1024x768.jpg 1024w, https:\/\/www.asf-quebec.org\/wp-content\/uploads\/2020\/02\/img_20191127_0841152332103874915515849-1200x900.jpg 1200w, https:\/\/www.asf-quebec.org\/wp-content\/uploads\/2020\/02\/img_20191127_0841152332103874915515849.jpg 3000w\" data-sizes=\"auto\" \/><\/a><\/div><\/div><\/div><div class=\"swiper-slide\"><div class=\"fusion-carousel-item-wrapper\"><div class=\"fusion-image-wrapper hover-type-liftup\"><a data-rel=\"iLightbox[image_carousel_1]\" data-title=\"img_94954410728722359576503\" aria-label=\"img_94954410728722359576503\" href=\"https:\/\/www.asf-quebec.org\/wp-content\/uploads\/2020\/02\/img_94954410728722359576503.jpg\" target=\"_self\"><img decoding=\"async\" width=\"3000\" height=\"2000\" src=\"https:\/\/www.asf-quebec.org\/wp-content\/uploads\/2020\/02\/img_94954410728722359576503.jpg\" class=\"attachment-full size-full lazyload\" alt=\"\" srcset=\"data:image\/svg+xml,%3Csvg%20xmlns%3D%27http%3A%2F%2Fwww.w3.org%2F2000%2Fsvg%27%20width%3D%273000%27%20height%3D%272000%27%20viewBox%3D%270%200%203000%202000%27%3E%3Crect%20width%3D%273000%27%20height%3D%272000%27%20fill-opacity%3D%220%22%2F%3E%3C%2Fsvg%3E\" data-orig-src=\"https:\/\/www.asf-quebec.org\/wp-content\/uploads\/2020\/02\/img_94954410728722359576503.jpg\" data-srcset=\"https:\/\/www.asf-quebec.org\/wp-content\/uploads\/2020\/02\/img_94954410728722359576503-200x133.jpg 200w, https:\/\/www.asf-quebec.org\/wp-content\/uploads\/2020\/02\/img_94954410728722359576503-300x200.jpg 300w, https:\/\/www.asf-quebec.org\/wp-content\/uploads\/2020\/02\/img_94954410728722359576503-400x267.jpg 400w, https:\/\/www.asf-quebec.org\/wp-content\/uploads\/2020\/02\/img_94954410728722359576503-600x400.jpg 600w, https:\/\/www.asf-quebec.org\/wp-content\/uploads\/2020\/02\/img_94954410728722359576503-768x512.jpg 768w, https:\/\/www.asf-quebec.org\/wp-content\/uploads\/2020\/02\/img_94954410728722359576503-800x533.jpg 800w, https:\/\/www.asf-quebec.org\/wp-content\/uploads\/2020\/02\/img_94954410728722359576503-1024x683.jpg 1024w, https:\/\/www.asf-quebec.org\/wp-content\/uploads\/2020\/02\/img_94954410728722359576503-1200x800.jpg 1200w, https:\/\/www.asf-quebec.org\/wp-content\/uploads\/2020\/02\/img_94954410728722359576503.jpg 3000w\" data-sizes=\"auto\" \/><\/a><\/div><\/div><\/div><div class=\"swiper-slide\"><div class=\"fusion-carousel-item-wrapper\"><div class=\"fusion-image-wrapper hover-type-liftup\"><a data-rel=\"iLightbox[image_carousel_1]\" data-title=\"dsc076863938420940125059650\" aria-label=\"dsc076863938420940125059650\" href=\"https:\/\/www.asf-quebec.org\/wp-content\/uploads\/2020\/02\/dsc076863938420940125059650.jpg\" target=\"_self\"><img decoding=\"async\" width=\"3000\" height=\"2000\" src=\"https:\/\/www.asf-quebec.org\/wp-content\/uploads\/2020\/02\/dsc076863938420940125059650.jpg\" class=\"attachment-full size-full lazyload\" alt=\"\" srcset=\"data:image\/svg+xml,%3Csvg%20xmlns%3D%27http%3A%2F%2Fwww.w3.org%2F2000%2Fsvg%27%20width%3D%273000%27%20height%3D%272000%27%20viewBox%3D%270%200%203000%202000%27%3E%3Crect%20width%3D%273000%27%20height%3D%272000%27%20fill-opacity%3D%220%22%2F%3E%3C%2Fsvg%3E\" data-orig-src=\"https:\/\/www.asf-quebec.org\/wp-content\/uploads\/2020\/02\/dsc076863938420940125059650.jpg\" data-srcset=\"https:\/\/www.asf-quebec.org\/wp-content\/uploads\/2020\/02\/dsc076863938420940125059650-200x133.jpg 200w, https:\/\/www.asf-quebec.org\/wp-content\/uploads\/2020\/02\/dsc076863938420940125059650-300x200.jpg 300w, https:\/\/www.asf-quebec.org\/wp-content\/uploads\/2020\/02\/dsc076863938420940125059650-400x267.jpg 400w, https:\/\/www.asf-quebec.org\/wp-content\/uploads\/2020\/02\/dsc076863938420940125059650-600x400.jpg 600w, https:\/\/www.asf-quebec.org\/wp-content\/uploads\/2020\/02\/dsc076863938420940125059650-768x512.jpg 768w, https:\/\/www.asf-quebec.org\/wp-content\/uploads\/2020\/02\/dsc076863938420940125059650-800x533.jpg 800w, https:\/\/www.asf-quebec.org\/wp-content\/uploads\/2020\/02\/dsc076863938420940125059650-1024x683.jpg 1024w, https:\/\/www.asf-quebec.org\/wp-content\/uploads\/2020\/02\/dsc076863938420940125059650-1200x800.jpg 1200w, https:\/\/www.asf-quebec.org\/wp-content\/uploads\/2020\/02\/dsc076863938420940125059650.jpg 3000w\" data-sizes=\"auto\" \/><\/a><\/div><\/div><\/div><div class=\"swiper-slide\"><div class=\"fusion-carousel-item-wrapper\"><div class=\"fusion-image-wrapper hover-type-liftup\"><a data-rel=\"iLightbox[image_carousel_1]\" data-title=\"vlcsnap-2020-01-06-15h27m06s322563994504009284942\" aria-label=\"vlcsnap-2020-01-06-15h27m06s322563994504009284942\" href=\"https:\/\/www.asf-quebec.org\/wp-content\/uploads\/2020\/02\/vlcsnap-2020-01-06-15h27m06s322563994504009284942.jpg\" target=\"_self\"><img decoding=\"async\" width=\"3000\" height=\"1688\" src=\"https:\/\/www.asf-quebec.org\/wp-content\/uploads\/2020\/02\/vlcsnap-2020-01-06-15h27m06s322563994504009284942.jpg\" class=\"attachment-full size-full lazyload\" alt=\"\" srcset=\"data:image\/svg+xml,%3Csvg%20xmlns%3D%27http%3A%2F%2Fwww.w3.org%2F2000%2Fsvg%27%20width%3D%273000%27%20height%3D%271688%27%20viewBox%3D%270%200%203000%201688%27%3E%3Crect%20width%3D%273000%27%20height%3D%271688%27%20fill-opacity%3D%220%22%2F%3E%3C%2Fsvg%3E\" data-orig-src=\"https:\/\/www.asf-quebec.org\/wp-content\/uploads\/2020\/02\/vlcsnap-2020-01-06-15h27m06s322563994504009284942.jpg\" data-srcset=\"https:\/\/www.asf-quebec.org\/wp-content\/uploads\/2020\/02\/vlcsnap-2020-01-06-15h27m06s322563994504009284942-200x113.jpg 200w, https:\/\/www.asf-quebec.org\/wp-content\/uploads\/2020\/02\/vlcsnap-2020-01-06-15h27m06s322563994504009284942-300x169.jpg 300w, https:\/\/www.asf-quebec.org\/wp-content\/uploads\/2020\/02\/vlcsnap-2020-01-06-15h27m06s322563994504009284942-400x225.jpg 400w, https:\/\/www.asf-quebec.org\/wp-content\/uploads\/2020\/02\/vlcsnap-2020-01-06-15h27m06s322563994504009284942-600x338.jpg 600w, https:\/\/www.asf-quebec.org\/wp-content\/uploads\/2020\/02\/vlcsnap-2020-01-06-15h27m06s322563994504009284942-768x432.jpg 768w, https:\/\/www.asf-quebec.org\/wp-content\/uploads\/2020\/02\/vlcsnap-2020-01-06-15h27m06s322563994504009284942-800x450.jpg 800w, https:\/\/www.asf-quebec.org\/wp-content\/uploads\/2020\/02\/vlcsnap-2020-01-06-15h27m06s322563994504009284942-1024x576.jpg 1024w, https:\/\/www.asf-quebec.org\/wp-content\/uploads\/2020\/02\/vlcsnap-2020-01-06-15h27m06s322563994504009284942-1200x675.jpg 1200w, https:\/\/www.asf-quebec.org\/wp-content\/uploads\/2020\/02\/vlcsnap-2020-01-06-15h27m06s322563994504009284942.jpg 3000w\" data-sizes=\"auto\" \/><\/a><\/div><\/div><\/div><div class=\"swiper-slide\"><div class=\"fusion-carousel-item-wrapper\"><div class=\"fusion-image-wrapper hover-type-liftup\"><a data-rel=\"iLightbox[image_carousel_1]\" data-title=\"vlcsnap-2020-01-06-15h27m50s9367174181387681723380-1\" aria-label=\"vlcsnap-2020-01-06-15h27m50s9367174181387681723380-1\" href=\"https:\/\/www.asf-quebec.org\/wp-content\/uploads\/2020\/02\/vlcsnap-2020-01-06-15h27m50s9367174181387681723380-1.jpg\" target=\"_self\"><img decoding=\"async\" width=\"3000\" height=\"1688\" src=\"https:\/\/www.asf-quebec.org\/wp-content\/uploads\/2020\/02\/vlcsnap-2020-01-06-15h27m50s9367174181387681723380-1.jpg\" class=\"attachment-full size-full lazyload\" alt=\"\" srcset=\"data:image\/svg+xml,%3Csvg%20xmlns%3D%27http%3A%2F%2Fwww.w3.org%2F2000%2Fsvg%27%20width%3D%273000%27%20height%3D%271688%27%20viewBox%3D%270%200%203000%201688%27%3E%3Crect%20width%3D%273000%27%20height%3D%271688%27%20fill-opacity%3D%220%22%2F%3E%3C%2Fsvg%3E\" data-orig-src=\"https:\/\/www.asf-quebec.org\/wp-content\/uploads\/2020\/02\/vlcsnap-2020-01-06-15h27m50s9367174181387681723380-1.jpg\" data-srcset=\"https:\/\/www.asf-quebec.org\/wp-content\/uploads\/2020\/02\/vlcsnap-2020-01-06-15h27m50s9367174181387681723380-1-200x113.jpg 200w, https:\/\/www.asf-quebec.org\/wp-content\/uploads\/2020\/02\/vlcsnap-2020-01-06-15h27m50s9367174181387681723380-1-300x169.jpg 300w, https:\/\/www.asf-quebec.org\/wp-content\/uploads\/2020\/02\/vlcsnap-2020-01-06-15h27m50s9367174181387681723380-1-400x225.jpg 400w, https:\/\/www.asf-quebec.org\/wp-content\/uploads\/2020\/02\/vlcsnap-2020-01-06-15h27m50s9367174181387681723380-1-600x338.jpg 600w, https:\/\/www.asf-quebec.org\/wp-content\/uploads\/2020\/02\/vlcsnap-2020-01-06-15h27m50s9367174181387681723380-1-768x432.jpg 768w, https:\/\/www.asf-quebec.org\/wp-content\/uploads\/2020\/02\/vlcsnap-2020-01-06-15h27m50s9367174181387681723380-1-800x450.jpg 800w, https:\/\/www.asf-quebec.org\/wp-content\/uploads\/2020\/02\/vlcsnap-2020-01-06-15h27m50s9367174181387681723380-1-1024x576.jpg 1024w, https:\/\/www.asf-quebec.org\/wp-content\/uploads\/2020\/02\/vlcsnap-2020-01-06-15h27m50s9367174181387681723380-1-1200x675.jpg 1200w, https:\/\/www.asf-quebec.org\/wp-content\/uploads\/2020\/02\/vlcsnap-2020-01-06-15h27m50s9367174181387681723380-1.jpg 3000w\" data-sizes=\"auto\" \/><\/a><\/div><\/div><\/div><div class=\"swiper-slide\"><div class=\"fusion-carousel-item-wrapper\"><div class=\"fusion-image-wrapper hover-type-liftup\"><a data-rel=\"iLightbox[image_carousel_1]\" data-title=\"vlcsnap-2020-01-06-15h59m52s5511662476212090239708\" aria-label=\"vlcsnap-2020-01-06-15h59m52s5511662476212090239708\" href=\"https:\/\/www.asf-quebec.org\/wp-content\/uploads\/2020\/02\/vlcsnap-2020-01-06-15h59m52s5511662476212090239708.jpg\" target=\"_self\"><img decoding=\"async\" width=\"1280\" height=\"720\" src=\"https:\/\/www.asf-quebec.org\/wp-content\/uploads\/2020\/02\/vlcsnap-2020-01-06-15h59m52s5511662476212090239708.jpg\" class=\"attachment-full size-full lazyload\" alt=\"\" srcset=\"data:image\/svg+xml,%3Csvg%20xmlns%3D%27http%3A%2F%2Fwww.w3.org%2F2000%2Fsvg%27%20width%3D%271280%27%20height%3D%27720%27%20viewBox%3D%270%200%201280%20720%27%3E%3Crect%20width%3D%271280%27%20height%3D%27720%27%20fill-opacity%3D%220%22%2F%3E%3C%2Fsvg%3E\" data-orig-src=\"https:\/\/www.asf-quebec.org\/wp-content\/uploads\/2020\/02\/vlcsnap-2020-01-06-15h59m52s5511662476212090239708.jpg\" data-srcset=\"https:\/\/www.asf-quebec.org\/wp-content\/uploads\/2020\/02\/vlcsnap-2020-01-06-15h59m52s5511662476212090239708-200x113.jpg 200w, https:\/\/www.asf-quebec.org\/wp-content\/uploads\/2020\/02\/vlcsnap-2020-01-06-15h59m52s5511662476212090239708-300x169.jpg 300w, https:\/\/www.asf-quebec.org\/wp-content\/uploads\/2020\/02\/vlcsnap-2020-01-06-15h59m52s5511662476212090239708-400x225.jpg 400w, https:\/\/www.asf-quebec.org\/wp-content\/uploads\/2020\/02\/vlcsnap-2020-01-06-15h59m52s5511662476212090239708-600x338.jpg 600w, https:\/\/www.asf-quebec.org\/wp-content\/uploads\/2020\/02\/vlcsnap-2020-01-06-15h59m52s5511662476212090239708-768x432.jpg 768w, https:\/\/www.asf-quebec.org\/wp-content\/uploads\/2020\/02\/vlcsnap-2020-01-06-15h59m52s5511662476212090239708-800x450.jpg 800w, https:\/\/www.asf-quebec.org\/wp-content\/uploads\/2020\/02\/vlcsnap-2020-01-06-15h59m52s5511662476212090239708-1024x576.jpg 1024w, https:\/\/www.asf-quebec.org\/wp-content\/uploads\/2020\/02\/vlcsnap-2020-01-06-15h59m52s5511662476212090239708-1200x675.jpg 1200w, https:\/\/www.asf-quebec.org\/wp-content\/uploads\/2020\/02\/vlcsnap-2020-01-06-15h59m52s5511662476212090239708.jpg 1280w\" data-sizes=\"auto\" \/><\/a><\/div><\/div><\/div><\/div><div class=\"awb-swiper-button awb-swiper-button-prev\"><i class=\"awb-icon-angle-left\" aria-hidden=\"true\"><\/i><\/div><div class=\"awb-swiper-button awb-swiper-button-next\"><i class=\"awb-icon-angle-right\" aria-hidden=\"true\"><\/i><\/div><\/div><\/div><\/div><\/div><div class=\"fusion-clearfix\"><\/div><\/div><\/div><\/div><\/div><div class=\"fusion-fullwidth fullwidth-box fusion-builder-row-5 nonhundred-percent-fullwidth non-hundred-percent-height-scrolling fusion-equal-height-columns\" style=\"--awb-border-radius-top-left:0px;--awb-border-radius-top-right:0px;--awb-border-radius-bottom-right:0px;--awb-border-radius-bottom-left:0px;--awb-padding-top:40px;--awb-padding-bottom:40px;--awb-margin-top:0px;--awb-margin-bottom:0px;--awb-background-color:rgba(255,255,255,0.72);--awb-flex-wrap:wrap;\" ><div class=\"fusion-builder-row fusion-row\"><div class=\"fusion-layout-column fusion_builder_column fusion-builder-column-8 fusion_builder_column_1_5 1_5 fusion-one-fifth fusion-column-first\" style=\"--awb-padding-bottom:30px;--awb-bg-size:cover;--awb-margin-bottom:0px;width:20%;width:calc(20% - ( ( 4% + 4% ) * 0.2 ) );margin-right: 4%;\"><div class=\"fusion-column-wrapper fusion-column-has-shadow fusion-flex-column-wrapper-legacy\"><div class=\"fusion-image-element in-legacy-container\" style=\"--awb-caption-title-font-family:var(--h2_typography-font-family);--awb-caption-title-font-weight:var(--h2_typography-font-weight);--awb-caption-title-font-style:var(--h2_typography-font-style);--awb-caption-title-size:var(--h2_typography-font-size);--awb-caption-title-transform:var(--h2_typography-text-transform);--awb-caption-title-line-height:var(--h2_typography-line-height);--awb-caption-title-letter-spacing:var(--h2_typography-letter-spacing);\"><span class=\" fusion-imageframe imageframe-none imageframe-6 hover-type-none\"><img decoding=\"async\" width=\"912\" height=\"824\" title=\"rond_portraits-05\" src=\"https:\/\/www.asf-quebec.org\/wp-content\/uploads\/2019\/11\/rond_portraits-05.png\" data-orig-src=\"https:\/\/www.asf-quebec.org\/wp-content\/uploads\/2019\/11\/rond_portraits-05.png\" alt class=\"lazyload img-responsive wp-image-301959\" srcset=\"data:image\/svg+xml,%3Csvg%20xmlns%3D%27http%3A%2F%2Fwww.w3.org%2F2000%2Fsvg%27%20width%3D%27912%27%20height%3D%27824%27%20viewBox%3D%270%200%20912%20824%27%3E%3Crect%20width%3D%27912%27%20height%3D%27824%27%20fill-opacity%3D%220%22%2F%3E%3C%2Fsvg%3E\" data-srcset=\"https:\/\/www.asf-quebec.org\/wp-content\/uploads\/2019\/11\/rond_portraits-05-200x181.png 200w, https:\/\/www.asf-quebec.org\/wp-content\/uploads\/2019\/11\/rond_portraits-05-400x361.png 400w, https:\/\/www.asf-quebec.org\/wp-content\/uploads\/2019\/11\/rond_portraits-05-600x542.png 600w, https:\/\/www.asf-quebec.org\/wp-content\/uploads\/2019\/11\/rond_portraits-05-800x723.png 800w, https:\/\/www.asf-quebec.org\/wp-content\/uploads\/2019\/11\/rond_portraits-05.png 912w\" data-sizes=\"auto\" data-orig-sizes=\"(max-width: 800px) 100vw, 400px\" \/><\/span><\/div><div class=\"fusion-clearfix\"><\/div><\/div><\/div><div class=\"fusion-layout-column fusion_builder_column fusion-builder-column-9 fusion_builder_column_2_5 2_5 fusion-two-fifth\" style=\"--awb-padding-bottom:30px;--awb-bg-size:cover;--awb-margin-bottom:30px;width:40%;width:calc(40% - ( ( 4% + 4% ) * 0.4 ) );margin-right: 4%;\"><div class=\"fusion-column-wrapper fusion-column-has-shadow fusion-flex-column-wrapper-legacy\"><div class=\"fusion-text fusion-text-13\"><h3>Charg\u00e9 de projet b\u00e9n\u00e9vole<\/h3>\n<h5>Louis-Paul Lemieux<\/h5>\n<p>Architecte et associ\u00e9 chez 2Architectures<\/p>\n<\/div><div class=\"fusion-text fusion-text-14\"><p><span style=\"color: #808080;\">\u00abC\u2019est important pour un architecte, de mettre ses connaissances au profit de l\u2019architecture sociale et s\u2019impliquer dans une cause humanitaire \u00e0 l\u2019international, c\u2019est tr\u00e8s valorisant !\u00bb<\/span><\/p>\n<\/div><div class=\"fusion-clearfix\"><\/div><\/div><\/div><div class=\"fusion-layout-column fusion_builder_column fusion-builder-column-10 fusion_builder_column_2_5 2_5 fusion-two-fifth fusion-column-last fusion-column-no-min-height\" style=\"--awb-bg-size:cover;--awb-margin-bottom:0px;width:40%;width:calc(40% - ( ( 4% + 4% ) * 0.4 ) );\"><div class=\"fusion-column-wrapper fusion-column-has-shadow fusion-flex-column-wrapper-legacy\"><div class=\"fusion-column-content-centered\"><div class=\"fusion-column-content\"><div class=\"fusion-text fusion-text-15\"><h3>T\u00e9moignages<\/h3>\n<\/div><div class=\"fusion-testimonials classic awb-speech-bubble-show fusion-testimonials-1\" style=\"--awb-textcolor:#000000;--awb-backgroundcolor:#d4fcde;--awb-testimonial-border-style:solid;--awb-testimonial-border-color:var(--awb-color3);--awb-border-top-left-radius:0px;--awb-border-top-right-radius:0px;--awb-border-bottom-left-radius:0px;--awb-border-bottom-right-radius:0px;--testimonial-border-width-top:0px;--testimonial-border-width-right:0px;--testimonial-border-width-bottom:0px;--testimonial-border-width-left:0px;\" data-random=\"0\" data-speed=\"5000\"><div class=\"reviews\"><div class=\"review active-testimonial avatar-image\"><blockquote><div class=\"awb-quote\"><div class=\"awb-quote-content\">\n<p id=\"tw-target-text\" class=\"tw-data-text tw-text-large tw-ta\" dir=\"ltr\" data-placeholder=\"Traduction\"><span lang=\"fr\">\u00ab La conception architecturale de l&#8217;\u00e9cole tient compte de notre environnement et des concepts culturels sp\u00e9cifiques \u00e0 la communaut\u00e9 massa\u00ef . Mais en plus, elle influence positivement la perception de l&#8217;\u00e9ducation scolaire. Le tout en respectant les contraintes budg\u00e9taires et des normes de qualit\u00e9 \u00e9lev\u00e9es. Je f\u00e9licite sinc\u00e8rement l&#8217;architecte M. Lemieux ASFQ pour son travail formidable ! \u00bb<\/span><\/p>\n<\/div><\/div><span class=\"awb-triangle\"><\/span><\/blockquote><div class=\"author\"><span class=\"testimonial-thumbnail\"><img decoding=\"async\" class=\"testimonial-image lazyload\" src=\"data:image\/svg+xml,%3Csvg%20xmlns%3D%27http%3A%2F%2Fwww.w3.org%2F2000%2Fsvg%27%20width%3D%27591%27%20height%3D%27591%27%20viewBox%3D%270%200%20591%20591%27%3E%3Crect%20width%3D%27591%27%20height%3D%27591%27%20fill-opacity%3D%220%22%2F%3E%3C%2Fsvg%3E\" width=\"591\" height=\"591\" data-orig-src=\"https:\/\/www.asf-quebec.org\/wp-content\/uploads\/2020\/02\/Arpakwa-01.png\" \/><\/span><span class=\"company-name\"><strong>Mr Ole Sikorei<\/strong><span>, <\/span><span>Initiateur du projet<\/span><\/span><\/div><\/div><div class=\"review avatar-image\"><blockquote><div class=\"awb-quote\"><div class=\"awb-quote-content\">\n<p>\u00ab L\u2019\u00e9quipe du PR\u00c9CI 2019 \u00e0 fait appel \u00e0 ASFQ, pour la cr\u00e9ation des plans de l\u2019\u00e9cole. Une mission de 10 jours dans le village de Nainokanoka\u00a0 en avril 2019, a permis de sonder la population, proc\u00e9der \u00e0 la conception et produire les dessins d\u2019ex\u00e9cution qui ont servi \u00e0 la construction. \u00bb<\/p>\n<\/div><\/div><span class=\"awb-triangle\"><\/span><\/blockquote><div class=\"author\"><span class=\"testimonial-thumbnail\"><img decoding=\"async\" class=\"testimonial-image lazyload\" src=\"data:image\/svg+xml,%3Csvg%20xmlns%3D%27http%3A%2F%2Fwww.w3.org%2F2000%2Fsvg%27%20width%3D%27295%27%20height%3D%27295%27%20viewBox%3D%270%200%20295%20295%27%3E%3Crect%20width%3D%27295%27%20height%3D%27295%27%20fill-opacity%3D%220%22%2F%3E%3C%2Fsvg%3E\" width=\"295\" height=\"295\" data-orig-src=\"https:\/\/www.asf-quebec.org\/wp-content\/uploads\/2020\/02\/PRECI-02.png\" \/><\/span><span class=\"company-name\"><strong>PRECI<\/strong><span>, <\/span><span> 2019<\/span><\/span><\/div><\/div><div class=\"review avatar-image\"><blockquote><div class=\"awb-quote\"><div class=\"awb-quote-content\">\n<div class=\"gmail_default\"><span style=\"color: #000000;\">\u00ab Mes objectifs \u00e9taient le r\u00e9seautage, le partage et l\u2019apprentissage. Avec d\u2019autres b\u00e9n\u00e9voles motiv\u00e9s, nous avons fait des recherches sur la topographie, la culture et les traditions, puis, nous avons partag\u00e9 nos id\u00e9es dans une charrette de design et r\u00e9alis\u00e9 la conception de l&#8217;\u00e9cole. C\u2019\u00e9tait une exp\u00e9rience fructueuse, si l\u2019opportunit\u00e9 se pr\u00e9sente je travaillerais avec plaisir sur d&#8217;autres projets ! \u00bb<\/span><\/div>\n<\/div><\/div><span class=\"awb-triangle\"><\/span><\/blockquote><div class=\"author\"><span class=\"testimonial-thumbnail\"><img decoding=\"async\" class=\"testimonial-image lazyload\" src=\"data:image\/svg+xml,%3Csvg%20xmlns%3D%27http%3A%2F%2Fwww.w3.org%2F2000%2Fsvg%27%20width%3D%27295%27%20height%3D%27295%27%20viewBox%3D%270%200%20295%20295%27%3E%3Crect%20width%3D%27295%27%20height%3D%27295%27%20fill-opacity%3D%220%22%2F%3E%3C%2Fsvg%3E\" width=\"295\" height=\"295\" data-orig-src=\"https:\/\/www.asf-quebec.org\/wp-content\/uploads\/2019\/10\/Benevole_Pakinam-04.png\" \/><\/span><span class=\"company-name\"><strong>Pakinam Souliman<\/strong><span>, <\/span><span>b\u00e9n\u00e9vole, professionnelle de l'architecture<\/span><\/span><\/div><\/div><div class=\"review avatar-image\"><blockquote><div class=\"awb-quote\"><div class=\"awb-quote-content\">\n<p>\u00ab L&#8217;\u00e9quipe d&#8217;ASFQ nous a accompagn\u00e9s tout au long du projet. Gr\u00e2ce \u00e0 la mission d\u2019exploration de Louis-Paul Lemieux, nous avons r\u00e9colt\u00e9 des informations extr\u00eamement importantes sur les acteurs du projet, la communaut\u00e9, leurs besoins, les m\u00e9thodes et les prix des mat\u00e9riaux. J&#8217;ai beaucoup appr\u00e9ci\u00e9 collaborer avec l&#8217;\u00e9quipe d&#8217;ASFQ, des professionnels \u00e0 l&#8217;\u00e9coute, s\u00e9rieux et enthousiastes. \u00bb<\/p>\n<\/div><\/div><span class=\"awb-triangle\"><\/span><\/blockquote><div class=\"author\"><span class=\"testimonial-thumbnail\"><img decoding=\"async\" class=\"testimonial-image lazyload\" src=\"data:image\/svg+xml,%3Csvg%20xmlns%3D%27http%3A%2F%2Fwww.w3.org%2F2000%2Fsvg%27%20width%3D%27295%27%20height%3D%27295%27%20viewBox%3D%270%200%20295%20295%27%3E%3Crect%20width%3D%27295%27%20height%3D%27295%27%20fill-opacity%3D%220%22%2F%3E%3C%2Fsvg%3E\" width=\"295\" height=\"295\" data-orig-src=\"https:\/\/www.asf-quebec.org\/wp-content\/uploads\/2020\/02\/Agathe_Henry-05-06.jpg\" \/><\/span><span class=\"company-name\"><strong>Agathe Henry<\/strong><span>, <\/span><span>membre de l\u2019\u00e9quipe PRECI 2019, \u00e9tudiante en maitrise \u00e9nergies renouvelables<\/span><\/span><\/div><\/div><\/div><div class=\"testimonial-pagination\" id=\"fusion-testimonials-1\"><a href=\"#\" aria-label=\"Testimonial Pagination\"  class=\"activeSlide\"><\/a><a href=\"#\" aria-label=\"Testimonial Pagination\" ><\/a><a href=\"#\" aria-label=\"Testimonial Pagination\" ><\/a><a href=\"#\" aria-label=\"Testimonial Pagination\" ><\/a><\/div><\/div><\/div><\/div><div class=\"fusion-clearfix\"><\/div><\/div><\/div><\/div><\/div><div class=\"fusion-fullwidth fullwidth-box fusion-builder-row-6 nonhundred-percent-fullwidth non-hundred-percent-height-scrolling fusion-equal-height-columns\" style=\"--awb-border-radius-top-left:0px;--awb-border-radius-top-right:0px;--awb-border-radius-bottom-right:0px;--awb-border-radius-bottom-left:0px;--awb-padding-top:0px;--awb-padding-bottom:50px;--awb-margin-top:0px;--awb-margin-bottom:0px;--awb-flex-wrap:wrap;\" ><div class=\"fusion-builder-row fusion-row\"><div class=\"fusion-layout-column fusion_builder_column fusion-builder-column-11 fusion_builder_column_1_1 1_1 fusion-one-full fusion-column-first fusion-column-last\" style=\"--awb-padding-top:0px;--awb-bg-size:cover;--awb-margin-bottom:0px;\"><div class=\"fusion-column-wrapper fusion-column-has-shadow fusion-flex-column-wrapper-legacy\"><div class=\"fusion-builder-row fusion-builder-row-inner fusion-row\"><div class=\"fusion-layout-column fusion_builder_column_inner fusion-builder-nested-column-3 fusion_builder_column_inner_1_4 1_4 fusion-one-fourth fusion-column-first\" style=\"--awb-padding-top:50px;--awb-padding-right:30px;--awb-padding-bottom:50px;--awb-padding-left:30px;--awb-bg-color:rgba(244,208,173,0.72);--awb-bg-color-hover:rgba(244,208,173,0.72);--awb-bg-size:cover;width:25%;width:calc(25% - ( ( 10px + 10px + 10px ) * 0.25 ) );margin-right: 10px;\"><div class=\"fusion-column-wrapper fusion-column-has-shadow fusion-flex-column-wrapper-legacy\"><div class=\"fusion-text fusion-text-16\"><h2 style=\"text-align: center;\"><span style=\"color: #f38919;\"><b>200<br \/>\n<\/b><\/span><\/h2>\n<\/div><div class=\"fusion-text fusion-text-17\"><h3 style=\"text-align: center;\"><b>enfants b\u00e9n\u00e9ficiaires<br \/>\nde la nouvelle \u00e9cole<\/b><\/h3>\n<\/div><div class=\"fusion-clearfix\"><\/div><\/div><\/div><div class=\"fusion-layout-column fusion_builder_column_inner fusion-builder-nested-column-4 fusion_builder_column_inner_1_4 1_4 fusion-one-fourth\" style=\"--awb-padding-top:50px;--awb-padding-right:30px;--awb-padding-bottom:50px;--awb-padding-left:30px;--awb-bg-color:rgba(244,208,173,0.72);--awb-bg-color-hover:rgba(244,208,173,0.72);--awb-bg-size:cover;width:25%;width:calc(25% - ( ( 10px + 10px + 10px ) * 0.25 ) );margin-right: 10px;\"><div class=\"fusion-column-wrapper fusion-column-has-shadow fusion-flex-column-wrapper-legacy\"><div class=\"fusion-text fusion-text-18\"><h2 style=\"text-align: center;\"><span style=\"color: #f38919;\"><b>1300<br \/>\n<\/b><\/span><\/h2>\n<\/div><div class=\"fusion-text fusion-text-19\"><h3 style=\"text-align: center;\">heures de travail<br \/>\nen b\u00e9n\u00e9volat et stage<\/h3>\n<\/div><div class=\"fusion-clearfix\"><\/div><\/div><\/div><div class=\"fusion-layout-column fusion_builder_column_inner fusion-builder-nested-column-5 fusion_builder_column_inner_1_4 1_4 fusion-one-fourth\" style=\"--awb-padding-top:50px;--awb-padding-right:30px;--awb-padding-bottom:50px;--awb-padding-left:30px;--awb-bg-color:rgba(244,208,173,0.72);--awb-bg-color-hover:rgba(244,208,173,0.72);--awb-bg-size:cover;width:25%;width:calc(25% - ( ( 10px + 10px + 10px ) * 0.25 ) );margin-right: 10px;\"><div class=\"fusion-column-wrapper fusion-column-has-shadow fusion-flex-column-wrapper-legacy\"><div class=\"fusion-text fusion-text-20\"><h2 style=\"text-align: center;\"><span style=\"color: #f38919;\"><b>40 000<br \/>\n<\/b><\/span><\/h2>\n<\/div><div class=\"fusion-text fusion-text-21\"><h3 style=\"text-align: center;\">$ de valeur offerte<br \/>\npar ASFQ<\/h3>\n<\/div><div class=\"fusion-clearfix\"><\/div><\/div><\/div><div class=\"fusion-layout-column fusion_builder_column_inner fusion-builder-nested-column-6 fusion_builder_column_inner_1_4 1_4 fusion-one-fourth fusion-column-last\" style=\"--awb-padding-top:50px;--awb-padding-right:30px;--awb-padding-bottom:50px;--awb-padding-left:30px;--awb-bg-color:rgba(244,208,173,0.72);--awb-bg-color-hover:rgba(244,208,173,0.72);--awb-bg-size:cover;width:25%;width:calc(25% - ( ( 10px + 10px + 10px ) * 0.25 ) );\"><div class=\"fusion-column-wrapper fusion-column-has-shadow fusion-flex-column-wrapper-legacy\"><div class=\"fusion-text fusion-text-22\"><h2 style=\"text-align: center;\"><span style=\"color: #f38919;\"><b>300<\/b><\/span><\/h2>\n<\/div><div class=\"fusion-text fusion-text-23\"><h3 style=\"text-align: center;\"><strong>m2 de superficie<br \/>\ndes infrastructures pr\u00e9vues<\/strong><\/h3>\n<\/div><div class=\"fusion-clearfix\"><\/div><\/div><\/div><\/div><div class=\"fusion-clearfix\"><\/div><\/div><\/div><\/div><\/div><div class=\"fusion-fullwidth fullwidth-box fusion-builder-row-7 nonhundred-percent-fullwidth non-hundred-percent-height-scrolling fusion-equal-height-columns\" style=\"--awb-border-radius-top-left:0px;--awb-border-radius-top-right:0px;--awb-border-radius-bottom-right:0px;--awb-border-radius-bottom-left:0px;--awb-padding-top:0px;--awb-padding-bottom:0px;--awb-flex-wrap:wrap;\" ><div class=\"fusion-builder-row fusion-row\"><div class=\"fusion-layout-column fusion_builder_column fusion-builder-column-12 fusion_builder_column_2_3 2_3 fusion-two-third fusion-column-first\" style=\"--awb-padding-right:25px;--awb-padding-left:25px;--awb-bg-size:cover;width:66.666666666667%;width:calc(66.666666666667% - ( ( 4% ) * 0.66666666666667 ) );margin-right: 4%;\"><div class=\"fusion-column-wrapper fusion-column-has-shadow fusion-flex-column-wrapper-legacy\"><div class=\"fusion-column-content-centered\"><div class=\"fusion-column-content\"><div class=\"fusion-text fusion-text-24\"><h2 style=\"text-align: left;\"><span style=\"color: #f38919;\">Partenaires du projet<\/span><\/h2>\n<\/div><div class=\"fusion-sep-clear\"><\/div><div class=\"fusion-separator\" style=\"margin-left: auto;margin-right: auto;margin-top:20px;margin-bottom:20px;width:100%;max-width:20px;\"><div class=\"fusion-separator-border sep-double\" style=\"--awb-height:20px;--awb-amount:20px;--awb-sep-color:rgba(224,222,222,0);border-color:rgba(224,222,222,0);border-top-width:0px;border-bottom-width:0px;\"><\/div><\/div><div class=\"fusion-sep-clear\"><\/div><div class=\"fusion-builder-row fusion-builder-row-inner fusion-row\"><div class=\"fusion-layout-column fusion_builder_column_inner fusion-builder-nested-column-7 fusion_builder_column_inner_1_4 1_4 fusion-one-fourth fusion-column-first\" style=\"--awb-bg-size:cover;width:25%;width:calc(25% - ( ( 4% + 4% + 4% ) * 0.25 ) );margin-right: 4%;\"><div class=\"fusion-column-wrapper fusion-column-has-shadow fusion-flex-column-wrapper-legacy\"><div class=\"fusion-image-element in-legacy-container\" style=\"--awb-caption-title-font-family:var(--h2_typography-font-family);--awb-caption-title-font-weight:var(--h2_typography-font-weight);--awb-caption-title-font-style:var(--h2_typography-font-style);--awb-caption-title-size:var(--h2_typography-font-size);--awb-caption-title-transform:var(--h2_typography-text-transform);--awb-caption-title-line-height:var(--h2_typography-line-height);--awb-caption-title-letter-spacing:var(--h2_typography-letter-spacing);\"><span class=\" fusion-imageframe imageframe-none imageframe-7 hover-type-none\"><img decoding=\"async\" width=\"225\" height=\"300\" title=\"ASFQ_PartenaireLogoPRECI\" src=\"https:\/\/www.asf-quebec.org\/wp-content\/uploads\/2019\/07\/ASFQ_PartenaireLogoPRECI.jpg\" data-orig-src=\"https:\/\/www.asf-quebec.org\/wp-content\/uploads\/2019\/07\/ASFQ_PartenaireLogoPRECI.jpg\" alt class=\"lazyload img-responsive wp-image-301909\" srcset=\"data:image\/svg+xml,%3Csvg%20xmlns%3D%27http%3A%2F%2Fwww.w3.org%2F2000%2Fsvg%27%20width%3D%27225%27%20height%3D%27300%27%20viewBox%3D%270%200%20225%20300%27%3E%3Crect%20width%3D%27225%27%20height%3D%27300%27%20fill-opacity%3D%220%22%2F%3E%3C%2Fsvg%3E\" data-srcset=\"https:\/\/www.asf-quebec.org\/wp-content\/uploads\/2019\/07\/ASFQ_PartenaireLogoPRECI-200x267.jpg 200w, https:\/\/www.asf-quebec.org\/wp-content\/uploads\/2019\/07\/ASFQ_PartenaireLogoPRECI.jpg 225w\" data-sizes=\"auto\" data-orig-sizes=\"(max-width: 800px) 100vw, 225px\" \/><\/span><\/div><div class=\"fusion-clearfix\"><\/div><\/div><\/div><div class=\"fusion-layout-column fusion_builder_column_inner fusion-builder-nested-column-8 fusion_builder_column_inner_1_4 1_4 fusion-one-fourth\" style=\"--awb-padding-top:60px;--awb-bg-size:cover;width:25%;width:calc(25% - ( ( 4% + 4% + 4% ) * 0.25 ) );margin-right: 4%;\"><div class=\"fusion-column-wrapper fusion-column-has-shadow fusion-flex-column-wrapper-legacy\"><div class=\"fusion-image-element fusion-image-align-center in-legacy-container\" style=\"text-align:center;--awb-caption-title-font-family:var(--h2_typography-font-family);--awb-caption-title-font-weight:var(--h2_typography-font-weight);--awb-caption-title-font-style:var(--h2_typography-font-style);--awb-caption-title-size:var(--h2_typography-font-size);--awb-caption-title-transform:var(--h2_typography-text-transform);--awb-caption-title-line-height:var(--h2_typography-line-height);--awb-caption-title-letter-spacing:var(--h2_typography-letter-spacing);\"><div class=\"imageframe-align-center\"><span class=\" fusion-imageframe imageframe-none imageframe-8 hover-type-none\"><img decoding=\"async\" width=\"2702\" height=\"1849\" title=\"logo_hd_fondblanc\" src=\"https:\/\/www.asf-quebec.org\/wp-content\/uploads\/2020\/02\/logo_hd_fondblanc.png\" data-orig-src=\"https:\/\/www.asf-quebec.org\/wp-content\/uploads\/2020\/02\/logo_hd_fondblanc.png\" alt class=\"lazyload img-responsive wp-image-302219\" srcset=\"data:image\/svg+xml,%3Csvg%20xmlns%3D%27http%3A%2F%2Fwww.w3.org%2F2000%2Fsvg%27%20width%3D%272702%27%20height%3D%271849%27%20viewBox%3D%270%200%202702%201849%27%3E%3Crect%20width%3D%272702%27%20height%3D%271849%27%20fill-opacity%3D%220%22%2F%3E%3C%2Fsvg%3E\" data-srcset=\"https:\/\/www.asf-quebec.org\/wp-content\/uploads\/2020\/02\/logo_hd_fondblanc-200x137.png 200w, https:\/\/www.asf-quebec.org\/wp-content\/uploads\/2020\/02\/logo_hd_fondblanc-400x274.png 400w, https:\/\/www.asf-quebec.org\/wp-content\/uploads\/2020\/02\/logo_hd_fondblanc-600x411.png 600w, https:\/\/www.asf-quebec.org\/wp-content\/uploads\/2020\/02\/logo_hd_fondblanc-800x547.png 800w, https:\/\/www.asf-quebec.org\/wp-content\/uploads\/2020\/02\/logo_hd_fondblanc-1200x821.png 1200w, https:\/\/www.asf-quebec.org\/wp-content\/uploads\/2020\/02\/logo_hd_fondblanc.png 2702w\" data-sizes=\"auto\" data-orig-sizes=\"(max-width: 800px) 100vw, 400px\" \/><\/span><\/div><\/div><div class=\"fusion-clearfix\"><\/div><\/div><\/div><div class=\"fusion-layout-column fusion_builder_column_inner fusion-builder-nested-column-9 fusion_builder_column_inner_1_4 1_4 fusion-one-fourth\" style=\"--awb-bg-size:cover;width:25%;width:calc(25% - ( ( 4% + 4% + 4% ) * 0.25 ) );margin-right: 4%;\"><div class=\"fusion-column-wrapper fusion-column-has-shadow fusion-flex-column-wrapper-legacy\"><div class=\"fusion-clearfix\"><\/div><\/div><\/div><div class=\"fusion-layout-column fusion_builder_column_inner fusion-builder-nested-column-10 fusion_builder_column_inner_1_4 1_4 fusion-one-fourth fusion-column-last\" style=\"--awb-bg-size:cover;width:25%;width:calc(25% - ( ( 4% + 4% + 4% ) * 0.25 ) );\"><div class=\"fusion-column-wrapper fusion-column-has-shadow fusion-flex-column-wrapper-legacy\"><div class=\"fusion-clearfix\"><\/div><\/div><\/div><\/div><\/div><\/div><div class=\"fusion-clearfix\"><\/div><\/div><\/div><div class=\"fusion-layout-column fusion_builder_column fusion-builder-column-13 fusion_builder_column_1_3 1_3 fusion-one-third fusion-column-last\" style=\"--awb-padding-top:50px;--awb-padding-right:80px;--awb-padding-bottom:50px;--awb-padding-left:80px;--awb-bg-color:#dcedef;--awb-bg-color-hover:#dcedef;--awb-bg-size:cover;width:33.333333333333%;width:calc(33.333333333333% - ( ( 4% ) * 0.33333333333333 ) );\"><div class=\"fusion-column-wrapper fusion-column-has-shadow fusion-flex-column-wrapper-legacy\"><div class=\"fusion-column-content-centered\"><div class=\"fusion-column-content\"><div class=\"fusion-image-element in-legacy-container\" style=\"--awb-caption-title-font-family:var(--h2_typography-font-family);--awb-caption-title-font-weight:var(--h2_typography-font-weight);--awb-caption-title-font-style:var(--h2_typography-font-style);--awb-caption-title-size:var(--h2_typography-font-size);--awb-caption-title-transform:var(--h2_typography-text-transform);--awb-caption-title-line-height:var(--h2_typography-line-height);--awb-caption-title-letter-spacing:var(--h2_typography-letter-spacing);\"><span class=\" fusion-imageframe imageframe-none imageframe-9 hover-type-zoomin\"><img decoding=\"async\" width=\"1396\" height=\"1054\" title=\"fondCarte\" src=\"https:\/\/www.asf-quebec.org\/wp-content\/uploads\/2020\/02\/fondCarte.jpg\" data-orig-src=\"https:\/\/www.asf-quebec.org\/wp-content\/uploads\/2020\/02\/fondCarte.jpg\" alt class=\"lazyload img-responsive wp-image-302173\" srcset=\"data:image\/svg+xml,%3Csvg%20xmlns%3D%27http%3A%2F%2Fwww.w3.org%2F2000%2Fsvg%27%20width%3D%271396%27%20height%3D%271054%27%20viewBox%3D%270%200%201396%201054%27%3E%3Crect%20width%3D%271396%27%20height%3D%271054%27%20fill-opacity%3D%220%22%2F%3E%3C%2Fsvg%3E\" data-srcset=\"https:\/\/www.asf-quebec.org\/wp-content\/uploads\/2020\/02\/fondCarte-200x151.jpg 200w, https:\/\/www.asf-quebec.org\/wp-content\/uploads\/2020\/02\/fondCarte-400x302.jpg 400w, https:\/\/www.asf-quebec.org\/wp-content\/uploads\/2020\/02\/fondCarte-600x453.jpg 600w, https:\/\/www.asf-quebec.org\/wp-content\/uploads\/2020\/02\/fondCarte-800x604.jpg 800w, https:\/\/www.asf-quebec.org\/wp-content\/uploads\/2020\/02\/fondCarte-1200x906.jpg 1200w, https:\/\/www.asf-quebec.org\/wp-content\/uploads\/2020\/02\/fondCarte.jpg 1396w\" data-sizes=\"auto\" data-orig-sizes=\"(max-width: 800px) 100vw, 400px\" \/><\/span><\/div><div class=\"fusion-sep-clear\"><\/div><div class=\"fusion-separator\" style=\"margin-left: auto;margin-right: auto;margin-top:20px;margin-bottom:20px;width:100%;max-width:20px;\"><div class=\"fusion-separator-border sep-double\" style=\"--awb-height:20px;--awb-amount:20px;--awb-sep-color:rgba(224,222,222,0);border-color:rgba(224,222,222,0);border-top-width:0px;border-bottom-width:0px;\"><\/div><\/div><div class=\"fusion-sep-clear\"><\/div><div class=\"fusion-aligncenter\"><a class=\"fusion-button button-flat button-medium button-custom fusion-button-default button-1 fusion-button-default-span \" style=\"--button_accent_color:#000000;--button_border_color:#000000;--button_accent_hover_color:#ffffff;--button_border_hover_color:#ffffff;--button_border_width-top:1px;--button_border_width-right:1px;--button_border_width-bottom:1px;--button_border_width-left:1px;--button_gradient_top_color:#ffffff;--button_gradient_bottom_color:#ffffff;--button_gradient_top_color_hover:#03a9f4;--button_gradient_bottom_color_hover:#03a9f4;--button_text_transform:uppercase;\" target=\"_self\" href=\"https:\/\/www.asf-quebec.org\/nos-projets\/\"><span class=\"fusion-button-text awb-button__text awb-button__text--default\">Voyez tous les projets<\/span><\/a><\/div><\/div><\/div><div class=\"fusion-clearfix\"><\/div><\/div><\/div><\/div><\/div><\/p>\n","protected":false},"excerpt":{"rendered":"","protected":false},"author":2,"featured_media":302186,"menu_order":0,"template":"","format":"standard","meta":{"_acf_changed":false,"footnotes":""},"portfolio_category":[51,43],"portfolio_skills":[],"portfolio_tags":[],"class_list":["post-332391","avada_portfolio","type-avada_portfolio","status-publish","format-standard","has-post-thumbnail","hentry","portfolio_category-international-cooperation","portfolio_category-volunteer-commitment"],"acf":[],"yoast_head":"<!-- This site is optimized with the Yoast SEO plugin v26.8 - https:\/\/yoast.com\/product\/yoast-seo-wordpress\/ -->\n<title>\u00c9cole maternelle de Nainokanoka - Architecture Sans Fronti\u00e8res Qu\u00e9bec<\/title>\n<meta name=\"robots\" content=\"index, follow, max-snippet:-1, max-image-preview:large, max-video-preview:-1\" \/>\n<link rel=\"canonical\" href=\"https:\/\/www.asf-quebec.org\/en\/portfolio-items\/ecole-de-nainokanoka-tanzanie-2019\/\" \/>\n<meta property=\"og:locale\" content=\"en_US\" \/>\n<meta property=\"og:type\" content=\"article\" \/>\n<meta property=\"og:title\" content=\"\u00c9cole maternelle de Nainokanoka - Architecture Sans Fronti\u00e8res Qu\u00e9bec\" \/>\n<meta property=\"og:url\" content=\"https:\/\/www.asf-quebec.org\/en\/portfolio-items\/ecole-de-nainokanoka-tanzanie-2019\/\" \/>\n<meta property=\"og:site_name\" content=\"Architecture Sans Fronti\u00e8res Qu\u00e9bec\" \/>\n<meta property=\"article:publisher\" content=\"https:\/\/www.facebook.com\/architecturesansfrontieres\/\" \/>\n<meta property=\"article:modified_time\" content=\"2022-09-02T16:12:18+00:00\" \/>\n<meta property=\"og:image\" content=\"https:\/\/www.asf-quebec.org\/wp-content\/uploads\/2020\/02\/tanzz-1-e1624479637803.jpg\" \/>\n\t<meta property=\"og:image:width\" content=\"1727\" \/>\n\t<meta property=\"og:image:height\" content=\"1311\" \/>\n\t<meta property=\"og:image:type\" content=\"image\/jpeg\" \/>\n<meta name=\"twitter:card\" content=\"summary_large_image\" \/>\n<meta name=\"twitter:label1\" content=\"Est. reading time\" \/>\n\t<meta name=\"twitter:data1\" content=\"37 minutes\" \/>\n<script type=\"application\/ld+json\" class=\"yoast-schema-graph\">{\"@context\":\"https:\/\/schema.org\",\"@graph\":[{\"@type\":\"WebPage\",\"@id\":\"https:\/\/www.asf-quebec.org\/en\/portfolio-items\/ecole-de-nainokanoka-tanzanie-2019\/\",\"url\":\"https:\/\/www.asf-quebec.org\/en\/portfolio-items\/ecole-de-nainokanoka-tanzanie-2019\/\",\"name\":\"\u00c9cole maternelle de Nainokanoka - Architecture Sans Fronti\u00e8res Qu\u00e9bec\",\"isPartOf\":{\"@id\":\"https:\/\/www.asf-quebec.org\/en\/#website\"},\"primaryImageOfPage\":{\"@id\":\"https:\/\/www.asf-quebec.org\/en\/portfolio-items\/ecole-de-nainokanoka-tanzanie-2019\/#primaryimage\"},\"image\":{\"@id\":\"https:\/\/www.asf-quebec.org\/en\/portfolio-items\/ecole-de-nainokanoka-tanzanie-2019\/#primaryimage\"},\"thumbnailUrl\":\"https:\/\/www.asf-quebec.org\/wp-content\/uploads\/2020\/02\/tanzz-1-e1624479637803.jpg\",\"datePublished\":\"2020-02-08T01:47:34+00:00\",\"dateModified\":\"2022-09-02T16:12:18+00:00\",\"breadcrumb\":{\"@id\":\"https:\/\/www.asf-quebec.org\/en\/portfolio-items\/ecole-de-nainokanoka-tanzanie-2019\/#breadcrumb\"},\"inLanguage\":\"en-US\",\"potentialAction\":[{\"@type\":\"ReadAction\",\"target\":[\"https:\/\/www.asf-quebec.org\/en\/portfolio-items\/ecole-de-nainokanoka-tanzanie-2019\/\"]}]},{\"@type\":\"ImageObject\",\"inLanguage\":\"en-US\",\"@id\":\"https:\/\/www.asf-quebec.org\/en\/portfolio-items\/ecole-de-nainokanoka-tanzanie-2019\/#primaryimage\",\"url\":\"https:\/\/www.asf-quebec.org\/wp-content\/uploads\/2020\/02\/tanzz-1-e1624479637803.jpg\",\"contentUrl\":\"https:\/\/www.asf-quebec.org\/wp-content\/uploads\/2020\/02\/tanzz-1-e1624479637803.jpg\",\"width\":1727,\"height\":1311},{\"@type\":\"BreadcrumbList\",\"@id\":\"https:\/\/www.asf-quebec.org\/en\/portfolio-items\/ecole-de-nainokanoka-tanzanie-2019\/#breadcrumb\",\"itemListElement\":[{\"@type\":\"ListItem\",\"position\":1,\"name\":\"Accueil\",\"item\":\"https:\/\/www.asf-quebec.org\/en\/\"},{\"@type\":\"ListItem\",\"position\":2,\"name\":\"Portfolio\",\"item\":\"https:\/\/www.asf-quebec.org\/en\/portfolio-items\/\"},{\"@type\":\"ListItem\",\"position\":3,\"name\":\"\u00c9cole maternelle de Nainokanoka\"}]},{\"@type\":\"WebSite\",\"@id\":\"https:\/\/www.asf-quebec.org\/en\/#website\",\"url\":\"https:\/\/www.asf-quebec.org\/en\/\",\"name\":\"Architecture sans fronti\u00e8res Qu\u00e9bec\",\"description\":\"ASFQ\",\"publisher\":{\"@id\":\"https:\/\/www.asf-quebec.org\/en\/#organization\"},\"potentialAction\":[{\"@type\":\"SearchAction\",\"target\":{\"@type\":\"EntryPoint\",\"urlTemplate\":\"https:\/\/www.asf-quebec.org\/en\/?s={search_term_string}\"},\"query-input\":{\"@type\":\"PropertyValueSpecification\",\"valueRequired\":true,\"valueName\":\"search_term_string\"}}],\"inLanguage\":\"en-US\"},{\"@type\":\"Organization\",\"@id\":\"https:\/\/www.asf-quebec.org\/en\/#organization\",\"name\":\"Architecture sans fronti\u00e8res Qu\u00e9bec (ASFQ)\",\"url\":\"https:\/\/www.asf-quebec.org\/en\/\",\"logo\":{\"@type\":\"ImageObject\",\"inLanguage\":\"en-US\",\"@id\":\"https:\/\/www.asf-quebec.org\/en\/#\/schema\/logo\/image\/\",\"url\":\"https:\/\/www.asf-quebec.org\/wp-content\/uploads\/2019\/07\/Logo-asfq-retina.jpg\",\"contentUrl\":\"https:\/\/www.asf-quebec.org\/wp-content\/uploads\/2019\/07\/Logo-asfq-retina.jpg\",\"width\":564,\"height\":219,\"caption\":\"Architecture sans fronti\u00e8res Qu\u00e9bec (ASFQ)\"},\"image\":{\"@id\":\"https:\/\/www.asf-quebec.org\/en\/#\/schema\/logo\/image\/\"},\"sameAs\":[\"https:\/\/www.facebook.com\/architecturesansfrontieres\/\",\"https:\/\/www.instagram.com\/asfquebec\/\",\"https:\/\/www.linkedin.com\/company\/asf-quebec\/\"]}]}<\/script>\n<!-- \/ Yoast SEO plugin. -->","yoast_head_json":{"title":"\u00c9cole maternelle de Nainokanoka - Architecture Sans Fronti\u00e8res Qu\u00e9bec","robots":{"index":"index","follow":"follow","max-snippet":"max-snippet:-1","max-image-preview":"max-image-preview:large","max-video-preview":"max-video-preview:-1"},"canonical":"https:\/\/www.asf-quebec.org\/en\/portfolio-items\/ecole-de-nainokanoka-tanzanie-2019\/","og_locale":"en_US","og_type":"article","og_title":"\u00c9cole maternelle de Nainokanoka - Architecture Sans Fronti\u00e8res Qu\u00e9bec","og_url":"https:\/\/www.asf-quebec.org\/en\/portfolio-items\/ecole-de-nainokanoka-tanzanie-2019\/","og_site_name":"Architecture Sans Fronti\u00e8res Qu\u00e9bec","article_publisher":"https:\/\/www.facebook.com\/architecturesansfrontieres\/","article_modified_time":"2022-09-02T16:12:18+00:00","og_image":[{"width":1727,"height":1311,"url":"https:\/\/www.asf-quebec.org\/wp-content\/uploads\/2020\/02\/tanzz-1-e1624479637803.jpg","type":"image\/jpeg"}],"twitter_card":"summary_large_image","twitter_misc":{"Est. reading time":"37 minutes"},"schema":{"@context":"https:\/\/schema.org","@graph":[{"@type":"WebPage","@id":"https:\/\/www.asf-quebec.org\/en\/portfolio-items\/ecole-de-nainokanoka-tanzanie-2019\/","url":"https:\/\/www.asf-quebec.org\/en\/portfolio-items\/ecole-de-nainokanoka-tanzanie-2019\/","name":"\u00c9cole maternelle de Nainokanoka - Architecture Sans Fronti\u00e8res Qu\u00e9bec","isPartOf":{"@id":"https:\/\/www.asf-quebec.org\/en\/#website"},"primaryImageOfPage":{"@id":"https:\/\/www.asf-quebec.org\/en\/portfolio-items\/ecole-de-nainokanoka-tanzanie-2019\/#primaryimage"},"image":{"@id":"https:\/\/www.asf-quebec.org\/en\/portfolio-items\/ecole-de-nainokanoka-tanzanie-2019\/#primaryimage"},"thumbnailUrl":"https:\/\/www.asf-quebec.org\/wp-content\/uploads\/2020\/02\/tanzz-1-e1624479637803.jpg","datePublished":"2020-02-08T01:47:34+00:00","dateModified":"2022-09-02T16:12:18+00:00","breadcrumb":{"@id":"https:\/\/www.asf-quebec.org\/en\/portfolio-items\/ecole-de-nainokanoka-tanzanie-2019\/#breadcrumb"},"inLanguage":"en-US","potentialAction":[{"@type":"ReadAction","target":["https:\/\/www.asf-quebec.org\/en\/portfolio-items\/ecole-de-nainokanoka-tanzanie-2019\/"]}]},{"@type":"ImageObject","inLanguage":"en-US","@id":"https:\/\/www.asf-quebec.org\/en\/portfolio-items\/ecole-de-nainokanoka-tanzanie-2019\/#primaryimage","url":"https:\/\/www.asf-quebec.org\/wp-content\/uploads\/2020\/02\/tanzz-1-e1624479637803.jpg","contentUrl":"https:\/\/www.asf-quebec.org\/wp-content\/uploads\/2020\/02\/tanzz-1-e1624479637803.jpg","width":1727,"height":1311},{"@type":"BreadcrumbList","@id":"https:\/\/www.asf-quebec.org\/en\/portfolio-items\/ecole-de-nainokanoka-tanzanie-2019\/#breadcrumb","itemListElement":[{"@type":"ListItem","position":1,"name":"Accueil","item":"https:\/\/www.asf-quebec.org\/en\/"},{"@type":"ListItem","position":2,"name":"Portfolio","item":"https:\/\/www.asf-quebec.org\/en\/portfolio-items\/"},{"@type":"ListItem","position":3,"name":"\u00c9cole maternelle de Nainokanoka"}]},{"@type":"WebSite","@id":"https:\/\/www.asf-quebec.org\/en\/#website","url":"https:\/\/www.asf-quebec.org\/en\/","name":"Architecture sans fronti\u00e8res Qu\u00e9bec","description":"ASFQ","publisher":{"@id":"https:\/\/www.asf-quebec.org\/en\/#organization"},"potentialAction":[{"@type":"SearchAction","target":{"@type":"EntryPoint","urlTemplate":"https:\/\/www.asf-quebec.org\/en\/?s={search_term_string}"},"query-input":{"@type":"PropertyValueSpecification","valueRequired":true,"valueName":"search_term_string"}}],"inLanguage":"en-US"},{"@type":"Organization","@id":"https:\/\/www.asf-quebec.org\/en\/#organization","name":"Architecture sans fronti\u00e8res Qu\u00e9bec (ASFQ)","url":"https:\/\/www.asf-quebec.org\/en\/","logo":{"@type":"ImageObject","inLanguage":"en-US","@id":"https:\/\/www.asf-quebec.org\/en\/#\/schema\/logo\/image\/","url":"https:\/\/www.asf-quebec.org\/wp-content\/uploads\/2019\/07\/Logo-asfq-retina.jpg","contentUrl":"https:\/\/www.asf-quebec.org\/wp-content\/uploads\/2019\/07\/Logo-asfq-retina.jpg","width":564,"height":219,"caption":"Architecture sans fronti\u00e8res Qu\u00e9bec (ASFQ)"},"image":{"@id":"https:\/\/www.asf-quebec.org\/en\/#\/schema\/logo\/image\/"},"sameAs":["https:\/\/www.facebook.com\/architecturesansfrontieres\/","https:\/\/www.instagram.com\/asfquebec\/","https:\/\/www.linkedin.com\/company\/asf-quebec\/"]}]}},"_links":{"self":[{"href":"https:\/\/www.asf-quebec.org\/en\/wp-json\/wp\/v2\/avada_portfolio\/332391","targetHints":{"allow":["GET"]}}],"collection":[{"href":"https:\/\/www.asf-quebec.org\/en\/wp-json\/wp\/v2\/avada_portfolio"}],"about":[{"href":"https:\/\/www.asf-quebec.org\/en\/wp-json\/wp\/v2\/types\/avada_portfolio"}],"author":[{"embeddable":true,"href":"https:\/\/www.asf-quebec.org\/en\/wp-json\/wp\/v2\/users\/2"}],"version-history":[{"count":9,"href":"https:\/\/www.asf-quebec.org\/en\/wp-json\/wp\/v2\/avada_portfolio\/332391\/revisions"}],"predecessor-version":[{"id":966332,"href":"https:\/\/www.asf-quebec.org\/en\/wp-json\/wp\/v2\/avada_portfolio\/332391\/revisions\/966332"}],"wp:featuredmedia":[{"embeddable":true,"href":"https:\/\/www.asf-quebec.org\/en\/wp-json\/wp\/v2\/media\/302186"}],"wp:attachment":[{"href":"https:\/\/www.asf-quebec.org\/en\/wp-json\/wp\/v2\/media?parent=332391"}],"wp:term":[{"taxonomy":"portfolio_category","embeddable":true,"href":"https:\/\/www.asf-quebec.org\/en\/wp-json\/wp\/v2\/portfolio_category?post=332391"},{"taxonomy":"portfolio_skills","embeddable":true,"href":"https:\/\/www.asf-quebec.org\/en\/wp-json\/wp\/v2\/portfolio_skills?post=332391"},{"taxonomy":"portfolio_tags","embeddable":true,"href":"https:\/\/www.asf-quebec.org\/en\/wp-json\/wp\/v2\/portfolio_tags?post=332391"}],"curies":[{"name":"wp","href":"https:\/\/api.w.org\/{rel}","templated":true}]}}