{"id":1139325,"date":"2023-02-17T04:46:04","date_gmt":"2023-02-17T04:46:04","guid":{"rendered":"https:\/\/www.asf-quebec.org\/portfolio-items\/covidesign\/"},"modified":"2023-02-17T04:46:06","modified_gmt":"2023-02-17T04:46:06","slug":"covidesign","status":"publish","type":"avada_portfolio","link":"https:\/\/www.asf-quebec.org\/en\/portfolio-items\/covidesign\/","title":{"rendered":"COVIDesign"},"content":{"rendered":"<p><div class=\"fusion-fullwidth fullwidth-box fusion-builder-row-1 nonhundred-percent-fullwidth non-hundred-percent-height-scrolling\" style=\"--awb-border-radius-top-left:0px;--awb-border-radius-top-right:0px;--awb-border-radius-bottom-right:0px;--awb-border-radius-bottom-left:0px;--awb-padding-top:0px;--awb-padding-right:30px;--awb-padding-bottom:0px;--awb-padding-left:30px;--awb-margin-top:0px;--awb-margin-bottom:50px;--awb-background-color:#ffffff;--awb-flex-wrap:wrap;\" ><div class=\"fusion-builder-row fusion-row\"><div class=\"fusion-layout-column fusion_builder_column fusion-builder-column-0 fusion_builder_column_4_5 4_5 fusion-four-fifth fusion-column-first\" style=\"--awb-bg-blend:overlay;--awb-bg-size:cover;--awb-margin-bottom:0px;width:80%;width:calc(80% - ( ( 4% ) * 0.8 ) );margin-right: 4%;\"><div class=\"fusion-column-wrapper fusion-column-has-shadow fusion-flex-column-wrapper-legacy\"><div class=\"fusion-text fusion-text-1\"><h5><span style=\"color: #ff9900;\"><b>Projet de recherche appliqu\u00e9e pour repenser en profondeur le design de commerces en contexte de pand\u00e9mie<\/b><\/span><\/h5>\n<\/div><div class=\"fusion-sep-clear\"><\/div><div class=\"fusion-separator fusion-full-width-sep\" style=\"margin-left: auto;margin-right: auto;margin-top:20px;margin-bottom:20px;width:100%;\"><div class=\"fusion-separator-border sep-double\" style=\"--awb-height:20px;--awb-amount:20px;border-color:#e0dede;border-top-width:0px;border-bottom-width:0px;\"><\/div><\/div><div class=\"fusion-sep-clear\"><\/div><div class=\"fusion-builder-row fusion-builder-row-inner fusion-row\"><div class=\"fusion-layout-column fusion_builder_column_inner fusion-builder-nested-column-0 fusion_builder_column_inner_1_2 1_2 fusion-one-half fusion-column-first\" style=\"--awb-bg-blend:overlay;--awb-bg-size:cover;width:50%;width:calc(50% - ( ( 4% ) * 0.5 ) );margin-right: 4%;\"><div class=\"fusion-column-wrapper fusion-column-has-shadow fusion-flex-column-wrapper-legacy\"><div class=\"fusion-text fusion-text-2\"><h5>(French content only)<\/h5>\n<h5><b>Des espaces de commerce en crise<br \/>\n<\/b><\/h5>\n<\/div><div class=\"fusion-sep-clear\"><\/div><div class=\"fusion-separator fusion-full-width-sep\" style=\"margin-left: auto;margin-right: auto;margin-bottom:20px;width:100%;\"><\/div><div class=\"fusion-sep-clear\"><\/div><div class=\"fusion-text fusion-text-3\"><p><span style=\"font-weight: 400;\">En 2021, ASFQ a poursuivi sa collaboration avec le <a href=\"https:\/\/designmontreal.com\/\">Bureau du design\u00a0 <\/a>au Service du d\u00e9veloppement \u00e9conomique de la Ville de Montr\u00e9al, dans le cadre du projet de recherche appliqu\u00e9e \u00ab COVIDesign \u00bb, amorc\u00e9 en 2020. Ce dernier visait \u00e0 repenser en profondeur le design de commerces en contexte de pand\u00e9mie et, plus particuli\u00e8rement, diff\u00e9rents mod\u00e8les d\u2019am\u00e9nagement dans les domaines de l\u2019alimentation, de la restauration et du commerce de d\u00e9tail. En effet, la pand\u00e9mie frappe les commerces, et les effets de cette p\u00e9riode sur le long-terme sont encore m\u00e9connus. ASFQ estime que l\u2019on a besoin de revoir la fa\u00e7on dont nous interagissons avec les commerces, l\u2019intuition \u00e9tant que cette crise changera les pratiques de mani\u00e8re durable. Un groupe de travail compos\u00e9 de sp\u00e9cialistes reconnu.es dans toutes les sph\u00e8res du design et de l\u2019architecture ont r\u00e9pondu \u00e0 l\u2019appel et ont \u00e9t\u00e9 mobilis\u00e9.es de septembre 2020 \u00e0 janvier 2021.<\/span><\/p>\n<\/div><div class=\"fusion-clearfix\"><\/div><\/div><\/div><div class=\"fusion-layout-column fusion_builder_column_inner fusion-builder-nested-column-1 fusion_builder_column_inner_1_2 1_2 fusion-one-half fusion-column-last\" style=\"--awb-bg-blend:overlay;--awb-bg-size:cover;width:50%;width:calc(50% - ( ( 4% ) * 0.5 ) );\"><div class=\"fusion-column-wrapper fusion-column-has-shadow fusion-flex-column-wrapper-legacy\"><div class=\"fusion-text fusion-text-4\"><h5><b>Une collaboration avec le Bureau du design<br \/>\n<\/b><\/h5>\n<\/div><div class=\"fusion-sep-clear\"><\/div><div class=\"fusion-separator fusion-full-width-sep\" style=\"margin-left: auto;margin-right: auto;margin-bottom:20px;width:100%;\"><\/div><div class=\"fusion-sep-clear\"><\/div><div class=\"fusion-text fusion-text-5\"><p><span style=\"font-weight: 400;\">A\u0300 l\u2019issue de la premie\u0300re vague de la pande\u0301mie de la COVID-19 a\u0300 Montre\u0301al, le Bureau du design, au Service du de\u0301veloppement e\u0301conomique de la Ville de Montre\u0301al lance un projet de recherche applique\u0301e et pluridisciplinaire en design de commerce. Dans la foule\u0301e des mesures d\u2019urgences et la production subventionne\u0301e d\u2019un guide d\u2019adaptation anti-COVID pour petits commerces, il mandate l\u2019organisme Architecture sans frontie\u0300res Que\u0301bec dont les e\u0301quipes comple\u0300tent l\u2019adaptation de quelque 160 e\u0301tablissements par des ame\u0301nagements temporaires respectueux des re\u0300gles sanitaires.<\/span><\/p>\n<\/div><div class=\"fusion-clearfix\"><\/div><\/div><\/div><\/div><div class=\"fusion-clearfix\"><\/div><\/div><\/div><div class=\"fusion-layout-column fusion_builder_column fusion-builder-column-1 fusion_builder_column_1_5 1_5 fusion-one-fifth fusion-column-last fusion-no-small-visibility\" style=\"--awb-bg-blend:overlay;--awb-bg-size:cover;--awb-margin-bottom:0px;width:20%;width:calc(20% - ( ( 4% ) * 0.2 ) );\"><div class=\"fusion-column-wrapper fusion-column-has-shadow fusion-flex-column-wrapper-legacy\"><div class=\"fusion-image-element fusion-image-align-center in-legacy-container\" style=\"text-align:center;--awb-caption-title-font-family:var(--h2_typography-font-family);--awb-caption-title-font-weight:var(--h2_typography-font-weight);--awb-caption-title-font-style:var(--h2_typography-font-style);--awb-caption-title-size:var(--h2_typography-font-size);--awb-caption-title-transform:var(--h2_typography-text-transform);--awb-caption-title-line-height:var(--h2_typography-line-height);--awb-caption-title-letter-spacing:var(--h2_typography-letter-spacing);\"><div class=\"imageframe-align-center\"><span class=\" fusion-imageframe imageframe-none imageframe-1 hover-type-none fusion-animated\" data-animationType=\"slideInRight\" data-animationDuration=\"1.0\" data-animationOffset=\"top-into-view\"><img decoding=\"async\" width=\"300\" height=\"194\" title=\"Montreal\" src=\"https:\/\/www.asf-quebec.org\/wp-content\/uploads\/2022\/09\/Montreal.png\" data-orig-src=\"https:\/\/www.asf-quebec.org\/wp-content\/uploads\/2022\/09\/Montreal-300x194.png\" alt class=\"lazyload img-responsive wp-image-984809\" srcset=\"data:image\/svg+xml,%3Csvg%20xmlns%3D%27http%3A%2F%2Fwww.w3.org%2F2000%2Fsvg%27%20width%3D%27950%27%20height%3D%27615%27%20viewBox%3D%270%200%20950%20615%27%3E%3Crect%20width%3D%27950%27%20height%3D%27615%27%20fill-opacity%3D%220%22%2F%3E%3C%2Fsvg%3E\" data-srcset=\"https:\/\/www.asf-quebec.org\/wp-content\/uploads\/2022\/09\/Montreal-200x129.png 200w, https:\/\/www.asf-quebec.org\/wp-content\/uploads\/2022\/09\/Montreal-400x259.png 400w, https:\/\/www.asf-quebec.org\/wp-content\/uploads\/2022\/09\/Montreal-600x388.png 600w, https:\/\/www.asf-quebec.org\/wp-content\/uploads\/2022\/09\/Montreal-800x518.png 800w, https:\/\/www.asf-quebec.org\/wp-content\/uploads\/2022\/09\/Montreal.png 950w\" data-sizes=\"auto\" data-orig-sizes=\"(max-width: 800px) 100vw, 400px\" \/><\/span><\/div><\/div><div class=\"fusion-clearfix\"><\/div><\/div><\/div><\/div><\/div><div class=\"fusion-fullwidth fullwidth-box fusion-builder-row-2 nonhundred-percent-fullwidth non-hundred-percent-height-scrolling fusion-equal-height-columns\" style=\"--awb-border-radius-top-left:0px;--awb-border-radius-top-right:0px;--awb-border-radius-bottom-right:0px;--awb-border-radius-bottom-left:0px;--awb-padding-top:80px;--awb-padding-bottom:80px;--awb-margin-top:0px;--awb-margin-bottom:0px;--awb-background-color:#dcedef;--awb-flex-wrap:wrap;\" ><div class=\"fusion-builder-row fusion-row\"><div class=\"fusion-layout-column fusion_builder_column fusion-builder-column-2 fusion_builder_column_1_2 1_2 fusion-one-half fusion-column-first\" style=\"--awb-padding-bottom:30px;--awb-bg-blend:overlay;--awb-bg-size:cover;--awb-margin-bottom:0px;width:50%;width:calc(50% - ( ( 4% ) * 0.5 ) );margin-right: 4%;\"><div class=\"fusion-column-wrapper fusion-column-has-shadow fusion-flex-column-wrapper-legacy\"><div class=\"fusion-column-content-centered\"><div class=\"fusion-column-content\"><div class=\"fusion-text fusion-text-6\"><h5><b>Un appel \u00e0 la communaut\u00e9 de design<br \/>\n<\/b><\/h5>\n<\/div><div class=\"fusion-sep-clear\"><\/div><div class=\"fusion-separator fusion-full-width-sep\" style=\"margin-left: auto;margin-right: auto;margin-top:20px;width:100%;\"><div class=\"fusion-separator-border sep-double\" style=\"--awb-height:20px;--awb-amount:20px;--awb-sep-color:rgba(224,222,222,0);border-color:rgba(224,222,222,0);border-top-width:0px;border-bottom-width:0px;\"><\/div><\/div><div class=\"fusion-sep-clear\"><\/div><div class=\"fusion-text fusion-text-7\" style=\"--awb-text-transform:none;\"><p><span style=\"font-weight: 400;\">Re\u0301unissant plus d\u2019une vingtaine d\u2019expert.es, de chercheurs. euses et de professionnel.les en design et en architecture, en marketing, commerce, ergonomie, accessibilite\u0301 universelle de me\u0302me qu\u2019en sociologie, un groupe de travail se penche sur l\u2019ame\u0301nagement et le design de services des commerces de de\u0301tail, de la restauration et de l\u2019alimentation dans une optique de re\u0301silience et d\u2019atte\u0301nuation des impacts e\u0301conomiques, sociaux et environnementaux de la pande\u0301mie, avec l\u2019appui de l\u2019\u00e9quipe d\u2019ASFQ et de consultants externes. Une importante documentation est rassemble\u0301e et une veille internationale comportant des initiatives inspirantes est re\u0301alise\u0301e. Des commerc\u0327ants montre\u0301alais sont mis a\u0300 contribution et des consultants invite\u0301s a\u0300 partager leurs re\u0301flexions sur les enjeux commerciaux dans le contexte actuel.<\/span><\/p>\n<\/div><div class=\"fusion-sep-clear\"><\/div><div class=\"fusion-separator fusion-full-width-sep\" style=\"margin-left: auto;margin-right: auto;margin-top:5px;margin-bottom:5px;width:100%;\"><div class=\"fusion-separator-border sep-double\" style=\"--awb-height:20px;--awb-amount:20px;border-color:#e0dede;border-top-width:0px;border-bottom-width:0px;\"><\/div><\/div><div class=\"fusion-sep-clear\"><\/div><div class=\"fusion-image-element fusion-image-align-left in-legacy-container\" style=\"text-align:left;--awb-caption-title-font-family:var(--h2_typography-font-family);--awb-caption-title-font-weight:var(--h2_typography-font-weight);--awb-caption-title-font-style:var(--h2_typography-font-style);--awb-caption-title-size:var(--h2_typography-font-size);--awb-caption-title-transform:var(--h2_typography-text-transform);--awb-caption-title-line-height:var(--h2_typography-line-height);--awb-caption-title-letter-spacing:var(--h2_typography-letter-spacing);\"><span class=\" fusion-imageframe imageframe-none imageframe-2 hover-type-none fusion-animated\" style=\"margin-right:25px;float:left;\" data-animationType=\"slideInLeft\" data-animationDuration=\"1.0\" data-animationOffset=\"top-into-view\"><img decoding=\"async\" width=\"179\" height=\"68\" title=\"Forme-orange-petite\" src=\"data:image\/svg+xml,%3Csvg%20xmlns%3D%27http%3A%2F%2Fwww.w3.org%2F2000%2Fsvg%27%20width%3D%27179%27%20height%3D%2768%27%20viewBox%3D%270%200%20179%2068%27%3E%3Crect%20width%3D%27179%27%20height%3D%2768%27%20fill-opacity%3D%220%22%2F%3E%3C%2Fsvg%3E\" data-orig-src=\"https:\/\/www.asf-quebec.org\/wp-content\/uploads\/2019\/07\/Forme-orange-petite.png\" alt class=\"lazyload img-responsive wp-image-301842\"\/><\/span><\/div><div class=\"fusion-sep-clear\"><\/div><div class=\"fusion-separator fusion-full-width-sep\" style=\"margin-left: auto;margin-right: auto;margin-top:5px;margin-bottom:5px;width:100%;\"><div class=\"fusion-separator-border sep-double\" style=\"--awb-height:20px;--awb-amount:20px;border-color:#e0dede;border-top-width:0px;border-bottom-width:0px;\"><\/div><\/div><div class=\"fusion-sep-clear\"><\/div><\/div><\/div><div class=\"fusion-clearfix\"><\/div><\/div><\/div><div class=\"fusion-layout-column fusion_builder_column fusion-builder-column-3 fusion_builder_column_1_2 1_2 fusion-one-half fusion-column-last\" style=\"--awb-bg-blend:overlay;--awb-bg-size:cover;--awb-margin-bottom:0px;width:50%;width:calc(50% - ( ( 4% ) * 0.5 ) );\"><div class=\"fusion-column-wrapper fusion-column-has-shadow fusion-flex-column-wrapper-legacy\"><div class=\"fusion-column-content-centered\"><div class=\"fusion-column-content\"><div class=\"fusion-image-element in-legacy-container\" style=\"--awb-caption-title-font-family:var(--h2_typography-font-family);--awb-caption-title-font-weight:var(--h2_typography-font-weight);--awb-caption-title-font-style:var(--h2_typography-font-style);--awb-caption-title-size:var(--h2_typography-font-size);--awb-caption-title-transform:var(--h2_typography-text-transform);--awb-caption-title-line-height:var(--h2_typography-line-height);--awb-caption-title-letter-spacing:var(--h2_typography-letter-spacing);\"><span class=\" fusion-imageframe imageframe-none imageframe-3 hover-type-none\"><img decoding=\"async\" width=\"2098\" height=\"1312\" title=\"COVIDesign_Promo_Page_16(1)\" src=\"data:image\/svg+xml,%3Csvg%20xmlns%3D%27http%3A%2F%2Fwww.w3.org%2F2000%2Fsvg%27%20width%3D%272098%27%20height%3D%271312%27%20viewBox%3D%270%200%202098%201312%27%3E%3Crect%20width%3D%272098%27%20height%3D%271312%27%20fill-opacity%3D%220%22%2F%3E%3C%2Fsvg%3E\" data-orig-src=\"https:\/\/www.asf-quebec.org\/wp-content\/uploads\/2022\/09\/COVIDesign_Promo_Page_161.jpg\" alt class=\"lazyload img-responsive wp-image-984825\"\/><\/span><\/div><\/div><\/div><div class=\"fusion-clearfix\"><\/div><\/div><\/div><\/div><\/div><div class=\"fusion-fullwidth fullwidth-box fusion-builder-row-3 nonhundred-percent-fullwidth non-hundred-percent-height-scrolling fusion-equal-height-columns\" style=\"--awb-border-radius-top-left:0px;--awb-border-radius-top-right:0px;--awb-border-radius-bottom-right:0px;--awb-border-radius-bottom-left:0px;--awb-padding-top:80px;--awb-padding-bottom:80px;--awb-margin-top:0px;--awb-margin-bottom:0px;--awb-background-color:#ffffff;--awb-flex-wrap:wrap;\" ><div class=\"fusion-builder-row fusion-row\"><div class=\"fusion-layout-column fusion_builder_column fusion-builder-column-4 fusion_builder_column_1_2 1_2 fusion-one-half fusion-column-first\" style=\"--awb-bg-blend:overlay;--awb-bg-size:cover;--awb-margin-bottom:0px;width:50%;width:calc(50% - ( ( 4% ) * 0.5 ) );margin-right: 4%;\"><div class=\"fusion-column-wrapper fusion-column-has-shadow fusion-flex-column-wrapper-legacy\"><div class=\"fusion-column-content-centered\"><div class=\"fusion-column-content\"><div class=\"fusion-image-element in-legacy-container\" style=\"--awb-caption-title-font-family:var(--h2_typography-font-family);--awb-caption-title-font-weight:var(--h2_typography-font-weight);--awb-caption-title-font-style:var(--h2_typography-font-style);--awb-caption-title-size:var(--h2_typography-font-size);--awb-caption-title-transform:var(--h2_typography-text-transform);--awb-caption-title-line-height:var(--h2_typography-line-height);--awb-caption-title-letter-spacing:var(--h2_typography-letter-spacing);\"><span class=\" fusion-imageframe imageframe-none imageframe-4 hover-type-none\"><img decoding=\"async\" width=\"2560\" height=\"1600\" title=\"COVIDesign_Promo_Page_23\" src=\"data:image\/svg+xml,%3Csvg%20xmlns%3D%27http%3A%2F%2Fwww.w3.org%2F2000%2Fsvg%27%20width%3D%272560%27%20height%3D%271600%27%20viewBox%3D%270%200%202560%201600%27%3E%3Crect%20width%3D%272560%27%20height%3D%271600%27%20fill-opacity%3D%220%22%2F%3E%3C%2Fsvg%3E\" data-orig-src=\"https:\/\/www.asf-quebec.org\/wp-content\/uploads\/2022\/09\/COVIDesign_Promo_Page_23-scaled.jpg\" alt class=\"lazyload img-responsive wp-image-984833\"\/><\/span><\/div><\/div><\/div><div class=\"fusion-clearfix\"><\/div><\/div><\/div><div class=\"fusion-layout-column fusion_builder_column fusion-builder-column-5 fusion_builder_column_1_2 1_2 fusion-one-half fusion-column-last\" style=\"--awb-padding-bottom:30px;--awb-bg-blend:overlay;--awb-bg-size:cover;--awb-margin-bottom:0px;width:50%;width:calc(50% - ( ( 4% ) * 0.5 ) );\"><div class=\"fusion-column-wrapper fusion-column-has-shadow fusion-flex-column-wrapper-legacy\"><div class=\"fusion-column-content-centered\"><div class=\"fusion-column-content\"><div class=\"fusion-text fusion-text-8\"><h5><b>Un guide pour les commerces<br \/>\n<\/b><\/h5>\n<\/div><div class=\"fusion-sep-clear\"><\/div><div class=\"fusion-separator fusion-full-width-sep\" style=\"margin-left: auto;margin-right: auto;margin-top:20px;width:100%;\"><div class=\"fusion-separator-border sep-double\" style=\"--awb-height:20px;--awb-amount:20px;--awb-sep-color:rgba(224,222,222,0);border-color:rgba(224,222,222,0);border-top-width:0px;border-bottom-width:0px;\"><\/div><\/div><div class=\"fusion-sep-clear\"><\/div><div class=\"fusion-text fusion-text-9\" style=\"--awb-text-transform:none;\"><p><span style=\"font-weight: 400;\">Ce travail collaboratif a donn\u00e9 lieu \u00e0 la finalisation du guide d\u2019am\u00e9nagement \u201cCommerces r\u00e9silients\u201d \u00e0 l\u2019intention des commer\u00e7ant.es et des designers. Celui-ci a l\u2019avantage de proposer des principes d\u2019am\u00e9nagement et leur application. Ces outils visent \u00e0 orienter la conception de nouveaux espaces et la r\u00e9organisation des commerces existants en fonction de nouveaux principes d\u2019am\u00e9nagement, pens\u00e9s dans un contexte sanitaire afin de r\u00e9duire au maximum les risques de contamination tout en favorisant une exp\u00e9rience de vente et\/ou de consommation optimale. C\u2019est l\u2019ensemble de cette de\u0301marche qui a mene\u0301 a\u0300 l\u2019e\u0301laboration des lignes directrices que nous pre\u0301sentons dans ce guide et qui constituent un premier document de re\u0301fe\u0301rence sur le sujet pour Montre\u0301al, Ville UNESCO de design.<\/span><\/p>\n<\/div><div class=\"fusion-sep-clear\"><\/div><div class=\"fusion-separator fusion-full-width-sep\" style=\"margin-left: auto;margin-right: auto;margin-top:5px;margin-bottom:5px;width:100%;\"><div class=\"fusion-separator-border sep-double\" style=\"--awb-height:20px;--awb-amount:20px;border-color:#e0dede;border-top-width:0px;border-bottom-width:0px;\"><\/div><\/div><div class=\"fusion-sep-clear\"><\/div><div class=\"fusion-image-element fusion-image-align-left in-legacy-container\" style=\"text-align:left;--awb-caption-title-font-family:var(--h2_typography-font-family);--awb-caption-title-font-weight:var(--h2_typography-font-weight);--awb-caption-title-font-style:var(--h2_typography-font-style);--awb-caption-title-size:var(--h2_typography-font-size);--awb-caption-title-transform:var(--h2_typography-text-transform);--awb-caption-title-line-height:var(--h2_typography-line-height);--awb-caption-title-letter-spacing:var(--h2_typography-letter-spacing);\"><span class=\" fusion-imageframe imageframe-none imageframe-5 hover-type-none fusion-animated\" style=\"margin-right:25px;float:left;\" data-animationType=\"slideInLeft\" data-animationDuration=\"1.0\" data-animationOffset=\"top-into-view\"><img decoding=\"async\" width=\"179\" height=\"68\" title=\"Forme-orange-petite\" src=\"data:image\/svg+xml,%3Csvg%20xmlns%3D%27http%3A%2F%2Fwww.w3.org%2F2000%2Fsvg%27%20width%3D%27179%27%20height%3D%2768%27%20viewBox%3D%270%200%20179%2068%27%3E%3Crect%20width%3D%27179%27%20height%3D%2768%27%20fill-opacity%3D%220%22%2F%3E%3C%2Fsvg%3E\" data-orig-src=\"https:\/\/www.asf-quebec.org\/wp-content\/uploads\/2019\/07\/Forme-orange-petite.png\" alt class=\"lazyload img-responsive wp-image-301842\"\/><\/span><\/div><div class=\"fusion-sep-clear\"><\/div><div class=\"fusion-separator fusion-full-width-sep\" style=\"margin-left: auto;margin-right: auto;margin-top:5px;margin-bottom:5px;width:100%;\"><div class=\"fusion-separator-border sep-double\" style=\"--awb-height:20px;--awb-amount:20px;border-color:#e0dede;border-top-width:0px;border-bottom-width:0px;\"><\/div><\/div><div class=\"fusion-sep-clear\"><\/div><\/div><\/div><div class=\"fusion-clearfix\"><\/div><\/div><\/div><\/div><\/div><div class=\"fusion-fullwidth fullwidth-box fusion-builder-row-4 nonhundred-percent-fullwidth non-hundred-percent-height-scrolling fusion-equal-height-columns\" style=\"--awb-border-radius-top-left:0px;--awb-border-radius-top-right:0px;--awb-border-radius-bottom-right:0px;--awb-border-radius-bottom-left:0px;--awb-padding-top:80px;--awb-padding-bottom:80px;--awb-margin-top:0px;--awb-margin-bottom:0px;--awb-background-color:#dcedef;--awb-flex-wrap:wrap;\" ><div class=\"fusion-builder-row fusion-row\"><div class=\"fusion-layout-column fusion_builder_column fusion-builder-column-6 fusion_builder_column_1_2 1_2 fusion-one-half fusion-column-first\" style=\"--awb-padding-bottom:30px;--awb-bg-blend:overlay;--awb-bg-size:cover;--awb-margin-bottom:0px;width:50%;width:calc(50% - ( ( 4% ) * 0.5 ) );margin-right: 4%;\"><div class=\"fusion-column-wrapper fusion-column-has-shadow fusion-flex-column-wrapper-legacy\"><div class=\"fusion-column-content-centered\"><div class=\"fusion-column-content\"><div class=\"fusion-text fusion-text-10\"><h5><b>Un outil \u00e0 valeur p\u00e9renne<br \/>\n<\/b><\/h5>\n<\/div><div class=\"fusion-sep-clear\"><\/div><div class=\"fusion-separator fusion-full-width-sep\" style=\"margin-left: auto;margin-right: auto;margin-top:20px;width:100%;\"><div class=\"fusion-separator-border sep-double\" style=\"--awb-height:20px;--awb-amount:20px;--awb-sep-color:rgba(224,222,222,0);border-color:rgba(224,222,222,0);border-top-width:0px;border-bottom-width:0px;\"><\/div><\/div><div class=\"fusion-sep-clear\"><\/div><div class=\"fusion-text fusion-text-11\" style=\"--awb-text-transform:none;\"><p><span style=\"font-weight: 400;\">Le nouveau guide d&#8217;am\u00e9nagement vise \u00e0 devenir un outil de r\u00e9f\u00e9rence contribuant \u00e0 cr\u00e9er un impact positif sur la sant\u00e9 collective, tout en constituant une prise de position de la Ville et de la communaut\u00e9 du design pour une relance et un maintien de conditions \u00e9conomiques durables. Diffus\u00e9 d\u00e8s l\u2019automne 2021, le guide a le m\u00e9rite de servir particuli\u00e8rement celles et ceux qui souhaitent faire la transition vers des am\u00e9nagements commerciaux d\u2019avant-garde et r\u00e9silients, ce qui implique de nouvelles fa\u00e7ons de faire des affaires, d&#8217;offrir des services et de vendre des produits, tout en diminuant les risques de fermeture totale ou partielle lors d\u2019\u00e9ventuelles crises sanitaires. Nul doute que ce guide a une valeur p\u00e9renne : il s&#8217;apparente \u00e0 une trousse \u00e0 outils pour d\u00e9fier toute nouvelle vague pand\u00e9mique ou tout fl\u00e9au similaire qui affecterait une communaut\u00e9 urbaine.<\/span><\/p>\n<\/div><div class=\"fusion-sep-clear\"><\/div><div class=\"fusion-separator fusion-full-width-sep\" style=\"margin-left: auto;margin-right: auto;margin-top:5px;margin-bottom:5px;width:100%;\"><div class=\"fusion-separator-border sep-double\" style=\"--awb-height:20px;--awb-amount:20px;border-color:#e0dede;border-top-width:0px;border-bottom-width:0px;\"><\/div><\/div><div class=\"fusion-sep-clear\"><\/div><div class=\"fusion-image-element fusion-image-align-right in-legacy-container\" style=\"text-align:right;--awb-caption-title-font-family:var(--h2_typography-font-family);--awb-caption-title-font-weight:var(--h2_typography-font-weight);--awb-caption-title-font-style:var(--h2_typography-font-style);--awb-caption-title-size:var(--h2_typography-font-size);--awb-caption-title-transform:var(--h2_typography-text-transform);--awb-caption-title-line-height:var(--h2_typography-line-height);--awb-caption-title-letter-spacing:var(--h2_typography-letter-spacing);\"><span class=\" fusion-imageframe imageframe-none imageframe-6 hover-type-none fusion-animated\" style=\"margin-left:25px;float:right;\" data-animationType=\"slideInLeft\" data-animationDuration=\"1.0\" data-animationOffset=\"top-into-view\"><img decoding=\"async\" width=\"102\" height=\"102\" title=\"Forme-jaune-cercle\" src=\"data:image\/svg+xml,%3Csvg%20xmlns%3D%27http%3A%2F%2Fwww.w3.org%2F2000%2Fsvg%27%20width%3D%27102%27%20height%3D%27102%27%20viewBox%3D%270%200%20102%20102%27%3E%3Crect%20width%3D%27102%27%20height%3D%27102%27%20fill-opacity%3D%220%22%2F%3E%3C%2Fsvg%3E\" data-orig-src=\"https:\/\/www.asf-quebec.org\/wp-content\/uploads\/2019\/09\/Forme-jaune-cercle.png\" alt class=\"lazyload img-responsive wp-image-301896\"\/><\/span><\/div><div class=\"fusion-sep-clear\"><\/div><div class=\"fusion-separator fusion-full-width-sep\" style=\"margin-left: auto;margin-right: auto;margin-top:5px;margin-bottom:5px;width:100%;\"><div class=\"fusion-separator-border sep-double\" style=\"--awb-height:20px;--awb-amount:20px;border-color:#e0dede;border-top-width:0px;border-bottom-width:0px;\"><\/div><\/div><div class=\"fusion-sep-clear\"><\/div><\/div><\/div><div class=\"fusion-clearfix\"><\/div><\/div><\/div><div class=\"fusion-layout-column fusion_builder_column fusion-builder-column-7 fusion_builder_column_1_2 1_2 fusion-one-half fusion-column-last\" style=\"--awb-bg-blend:overlay;--awb-bg-size:cover;--awb-margin-bottom:0px;width:50%;width:calc(50% - ( ( 4% ) * 0.5 ) );\"><div class=\"fusion-column-wrapper fusion-column-has-shadow fusion-flex-column-wrapper-legacy\"><div class=\"fusion-column-content-centered\"><div class=\"fusion-column-content\"><div class=\"fusion-image-element in-legacy-container\" style=\"--awb-caption-title-font-family:var(--h2_typography-font-family);--awb-caption-title-font-weight:var(--h2_typography-font-weight);--awb-caption-title-font-style:var(--h2_typography-font-style);--awb-caption-title-size:var(--h2_typography-font-size);--awb-caption-title-transform:var(--h2_typography-text-transform);--awb-caption-title-line-height:var(--h2_typography-line-height);--awb-caption-title-letter-spacing:var(--h2_typography-letter-spacing);\"><span class=\" fusion-imageframe imageframe-none imageframe-7 hover-type-none\"><img decoding=\"async\" width=\"2560\" height=\"1600\" title=\"COVIDesign_Promo_Page_26(1)\" src=\"data:image\/svg+xml,%3Csvg%20xmlns%3D%27http%3A%2F%2Fwww.w3.org%2F2000%2Fsvg%27%20width%3D%272560%27%20height%3D%271600%27%20viewBox%3D%270%200%202560%201600%27%3E%3Crect%20width%3D%272560%27%20height%3D%271600%27%20fill-opacity%3D%220%22%2F%3E%3C%2Fsvg%3E\" data-orig-src=\"https:\/\/www.asf-quebec.org\/wp-content\/uploads\/2022\/09\/COVIDesign_Promo_Page_261-scaled.jpg\" alt class=\"lazyload img-responsive wp-image-1002609\"\/><\/span><\/div><\/div><\/div><div class=\"fusion-clearfix\"><\/div><\/div><\/div><\/div><\/div><div class=\"fusion-fullwidth fullwidth-box fusion-builder-row-5 nonhundred-percent-fullwidth non-hundred-percent-height-scrolling fusion-equal-height-columns\" style=\"--awb-border-radius-top-left:0px;--awb-border-radius-top-right:0px;--awb-border-radius-bottom-right:0px;--awb-border-radius-bottom-left:0px;--awb-padding-top:80px;--awb-padding-bottom:80px;--awb-margin-top:0px;--awb-margin-bottom:0px;--awb-background-color:#ffffff;--awb-flex-wrap:wrap;\" ><div class=\"fusion-builder-row fusion-row\"><div class=\"fusion-layout-column fusion_builder_column fusion-builder-column-8 fusion_builder_column_1_2 1_2 fusion-one-half fusion-column-first\" style=\"--awb-padding-bottom:30px;--awb-bg-blend:overlay;--awb-bg-size:cover;--awb-margin-bottom:0px;width:50%;width:calc(50% - ( ( 4% ) * 0.5 ) );margin-right: 4%;\"><div class=\"fusion-column-wrapper fusion-column-has-shadow fusion-flex-column-wrapper-legacy\"><div class=\"fusion-column-content-centered\"><div class=\"fusion-column-content\"><div class=\"fusion-text fusion-text-12\"><h5><b>Des outils gratuits en ligne<br \/>\n<\/b><\/h5>\n<\/div><div class=\"fusion-text fusion-text-13\"><p><b>Un guide <\/b>destin\u00e9 aux commer\u00e7ants souhaitant am\u00e9nager ou r\u00e9am\u00e9nager leur commerce de fa\u00e7on p\u00e9renne, en appliquant des solutions durables et des am\u00e9nagements de qualit\u00e9, au-del\u00e0 des adaptations temporaires r\u00e9alis\u00e9es au d\u00e9but de la pand\u00e9mie.<\/p>\n<\/div><div class=\"fusion-image-element in-legacy-container\" style=\"--awb-caption-title-font-family:var(--h2_typography-font-family);--awb-caption-title-font-weight:var(--h2_typography-font-weight);--awb-caption-title-font-style:var(--h2_typography-font-style);--awb-caption-title-size:var(--h2_typography-font-size);--awb-caption-title-transform:var(--h2_typography-text-transform);--awb-caption-title-line-height:var(--h2_typography-line-height);--awb-caption-title-letter-spacing:var(--h2_typography-letter-spacing);\"><span class=\" fusion-imageframe imageframe-none imageframe-8 hover-type-none\"><a class=\"fusion-no-lightbox\" href=\"https:\/\/www.asf-quebec.org\/wp-content\/uploads\/2022\/11\/Guide-amenagement-commerce-resilient_VMtl-ASFQ_2021-10-14.pdf\" target=\"_self\" aria-label=\"Untitled design\"><img decoding=\"async\" width=\"300\" height=\"160\" src=\"data:image\/svg+xml,%3Csvg%20xmlns%3D%27http%3A%2F%2Fwww.w3.org%2F2000%2Fsvg%27%20width%3D%273588%27%20height%3D%271908%27%20viewBox%3D%270%200%203588%201908%27%3E%3Crect%20width%3D%273588%27%20height%3D%271908%27%20fill-opacity%3D%220%22%2F%3E%3C%2Fsvg%3E\" data-orig-src=\"https:\/\/www.asf-quebec.org\/wp-content\/uploads\/2022\/09\/Untitled-design-1-300x160.png\" alt class=\"lazyload img-responsive wp-image-984728\"\/><\/a><\/span><\/div><div class=\"fusion-text fusion-text-14\"><div class=\"fusion-text fusion-text-14\">\n<p><strong>D\u00e9couvrez le guide gratuit en format PDF<\/strong><\/p>\n<\/div>\n<\/div><\/div><\/div><div class=\"fusion-clearfix\"><\/div><\/div><\/div><div class=\"fusion-layout-column fusion_builder_column fusion-builder-column-9 fusion_builder_column_1_2 1_2 fusion-one-half fusion-column-last\" style=\"--awb-padding-bottom:30px;--awb-bg-blend:overlay;--awb-bg-size:cover;--awb-margin-bottom:0px;width:50%;width:calc(50% - ( ( 4% ) * 0.5 ) );\"><div class=\"fusion-column-wrapper fusion-column-has-shadow fusion-flex-column-wrapper-legacy\"><div class=\"fusion-column-content-centered\"><div class=\"fusion-column-content\"><div class=\"fusion-text fusion-text-15\"><p><b>Un webinaire<\/b> pour outiller les organismes communautaires dans l\u2019adaptation de leurs espaces, en ciblant des cas types d\u2019intervention et en partageant des r\u00e9f\u00e9rences pour s\u2019approvisionner en mat\u00e9riaux peu co\u00fbteux. Disponible sur YouTube en deux parties.<\/p>\n<\/div><div class=\"fusion-video fusion-youtube\" style=\"--awb-max-width:600px;--awb-max-height:360px;\"><div class=\"video-shortcode\"><div class=\"fluid-width-video-wrapper\" style=\"padding-top:60%;\" ><iframe title=\"YouTube video player 1\" src=\"https:\/\/www.youtube.com\/embed\/HHo1-m0TO8k?wmode=transparent&autoplay=0\" width=\"600\" height=\"360\" allowfullscreen allow=\"autoplay; clipboard-write; encrypted-media; gyroscope; picture-in-picture;\"><\/iframe><\/div><\/div><\/div><div class=\"fusion-text fusion-text-16\"><div class=\"fusion-text fusion-text-14\">\n<p><strong>Visionnez le webinaire. <\/strong><strong>Adaptez vous-m\u00eame votre espace<\/strong><\/p>\n<\/div>\n<\/div><\/div><\/div><div class=\"fusion-clearfix\"><\/div><\/div><\/div><\/div><\/div><div class=\"fusion-fullwidth fullwidth-box fusion-builder-row-6 fusion-parallax-none nonhundred-percent-fullwidth non-hundred-percent-height-scrolling lazyload\" style=\"--awb-background-position:center top;--awb-border-radius-top-left:0px;--awb-border-radius-top-right:0px;--awb-border-radius-bottom-right:0px;--awb-border-radius-bottom-left:0px;--awb-background-size:cover;--awb-flex-wrap:wrap;\" data-bg=\"https:\/\/www.asf-quebec.org\/wp-content\/uploads\/2019\/07\/Background-actualites-1.jpg\" ><div class=\"fusion-builder-row fusion-row\"><div class=\"fusion-layout-column fusion_builder_column fusion-builder-column-10 fusion_builder_column_1_1 1_1 fusion-one-full fusion-column-first fusion-column-last\" style=\"--awb-padding-top:100px;--awb-padding-right:80px;--awb-padding-bottom:50px;--awb-padding-left:80px;--awb-bg-color:#505257;--awb-bg-color-hover:#505257;--awb-bg-size:cover;\"><div class=\"fusion-column-wrapper fusion-column-has-shadow fusion-flex-column-wrapper-legacy\"><div class=\"fusion-builder-row fusion-builder-row-inner fusion-row\"><div class=\"fusion-layout-column fusion_builder_column_inner fusion-builder-nested-column-2 fusion_builder_column_inner_1_3 1_3 fusion-one-third fusion-column-first\" style=\"--awb-bg-blend:overlay;--awb-bg-size:cover;width:33.333333333333%;width:calc(33.333333333333% - ( ( 4% ) * 0.33333333333333 ) );margin-right: 4%;\"><div class=\"fusion-column-wrapper fusion-column-has-shadow fusion-flex-column-wrapper-legacy\"><div class=\"fusion-text fusion-text-17\"><h2><span style=\"color: #ffffff;\">Avancement du projet<\/span><\/h2>\n<\/div><div class=\"fusion-clearfix\"><\/div><\/div><\/div><div class=\"fusion-layout-column fusion_builder_column_inner fusion-builder-nested-column-3 fusion_builder_column_inner_2_3 2_3 fusion-two-third fusion-column-last\" style=\"--awb-bg-blend:overlay;--awb-bg-size:cover;width:66.666666666667%;width:calc(66.666666666667% - ( ( 4% ) * 0.66666666666667 ) );\"><div class=\"fusion-column-wrapper fusion-column-has-shadow fusion-flex-column-wrapper-legacy\"><div class=\"fusion-progressbar fusion-no-small-visibility\" style=\"--awb-textcolor:#f38919;--awb-height:8px;--awb-filledcolor:#f38919;--awb-maximum-value-wrapper-width:0%;\"><div class=\"fusion-progressbar-bar progress-bar\"><div class=\"progress progress-bar-content not-animated\" role=\"progressbar\" aria-labelledby=\"awb-progressbar-label-1\" aria-valuemin=\"0\" aria-valuemax=\"100\" aria-valuenow=\"100\" data-filling-speed=\"600\"><\/div><span class=\"awb-pb-max-value-wrap awb-on-bar\"><span class=\"awb-pb-max-value-text\"><\/span><\/span><\/div><div class=\"progress-title awb-below-bar awb-align-start\"><span class=\"fusion-progressbar-text\" id=\"awb-progressbar-label-1\">Premi\u00e8re phase compl\u00e9t\u00e9e<\/span> <span class=\"fusion-progressbar-value\">100%<\/span><\/div><\/div><div class=\"fusion-clearfix\"><\/div><\/div><\/div><\/div><div class=\"fusion-clearfix\"><\/div><\/div><\/div><\/div><\/div><div class=\"fusion-fullwidth fullwidth-box fusion-builder-row-7 nonhundred-percent-fullwidth non-hundred-percent-height-scrolling fusion-equal-height-columns\" style=\"--awb-background-blend-mode:overlay;--awb-border-radius-top-left:0px;--awb-border-radius-top-right:0px;--awb-border-radius-bottom-right:0px;--awb-border-radius-bottom-left:0px;--awb-padding-top:20px;--awb-padding-bottom:70px;--awb-margin-top:0px;--awb-margin-bottom:0px;--awb-background-color:rgba(255,255,255,0.72);--awb-flex-wrap:wrap;\" ><div class=\"fusion-builder-row fusion-row\"><div class=\"fusion-layout-column fusion_builder_column fusion-builder-column-11 fusion_builder_column_1_2 1_2 fusion-one-half fusion-column-first\" style=\"--awb-bg-size:cover;width:50%;width:calc(50% - ( ( 4% ) * 0.5 ) );margin-right: 4%;\"><div class=\"fusion-column-wrapper fusion-column-has-shadow fusion-flex-column-wrapper-legacy\"><div class=\"fusion-clearfix\"><\/div><\/div><\/div><div class=\"fusion-layout-column fusion_builder_column fusion-builder-column-12 fusion_builder_column_1_2 1_2 fusion-one-half fusion-column-last fusion-column-no-min-height\" style=\"--awb-bg-blend:overlay;--awb-bg-size:cover;--awb-margin-bottom:0px;width:50%;width:calc(50% - ( ( 4% ) * 0.5 ) );\"><div class=\"fusion-column-wrapper fusion-column-has-shadow fusion-flex-column-wrapper-legacy\"><div class=\"fusion-column-content-centered\"><div class=\"fusion-column-content\"><div class=\"fusion-testimonials classic awb-speech-bubble-show fusion-testimonials-1\" style=\"--awb-textcolor:#000000;--awb-backgroundcolor:#dcedef;--awb-testimonial-border-style:solid;--awb-testimonial-border-color:var(--awb-color3);--awb-border-top-left-radius:0px;--awb-border-top-right-radius:0px;--awb-border-bottom-left-radius:0px;--awb-border-bottom-right-radius:0px;--testimonial-border-width-top:0px;--testimonial-border-width-right:0px;--testimonial-border-width-bottom:0px;--testimonial-border-width-left:0px;\" data-random=\"0\" data-speed=\"4000\"><div class=\"reviews\"><div class=\"review active-testimonial avatar-image\"><blockquote><div class=\"awb-quote\"><div class=\"awb-quote-content\">\n<p>\u00ab Cette crise mondiale am\u00e8ne son lot de perturbations alors que les d\u00e9taillants assument le pr\u00e9sent et appr\u00e9hendent l\u2019avenir. \u00c0 cet \u00e9gard, le projet COVIDesign est d\u2019une grande pertinence en proposant une d\u00e9marche rigoureuse qui arrime recherche et expertise avec les bonnes ressources au bon moment. Les imp\u00e9ratifs auxquels les d\u00e9taillants sont assujettis m\u2019interpellent grandement et je suis heureux de mettre \u00e0 contribution mon exp\u00e9rience et mes connaissances en commerce de d\u00e9tail. \u00bb<\/p>\n<\/div><\/div><span class=\"awb-triangle\"><\/span><\/blockquote><div class=\"author\"><span class=\"testimonial-thumbnail\"><img decoding=\"async\" class=\"testimonial-image lazyload\" src=\"data:image\/svg+xml,%3Csvg%20xmlns%3D%27http%3A%2F%2Fwww.w3.org%2F2000%2Fsvg%27%20width%3D%27971%27%20height%3D%27971%27%20viewBox%3D%270%200%20971%20971%27%3E%3Crect%20width%3D%27971%27%20height%3D%27971%27%20fill-opacity%3D%220%22%2F%3E%3C%2Fsvg%3E\" width=\"971\" height=\"971\" data-orig-src=\"https:\/\/www.asf-quebec.org\/wp-content\/uploads\/2022\/09\/Portrait-Francois-Desrosiers.png\" \/><\/span><span class=\"company-name\"><strong>M. Fran\u00e7ois Desrosiers <\/strong><span>, <\/span><span>Pr\u00e9sident d\u2019Interim Marketing<\/span><\/span><\/div><\/div><div class=\"review avatar-image\"><blockquote><div class=\"awb-quote\"><div class=\"awb-quote-content\">\n<p>\u00ab Cette crise sanitaire am\u00e8ne des changements sans pr\u00e9c\u00e9dents dans notre quotidien, je crois qu\u2019il est de notre responsabilit\u00e9 \u00e0 tous de travailler conjointement sur des solutions innovantes, pour repenser l\u2019ensemble des lieux urbains et offrir des espaces invitants, s\u00e9curitaires et inclusifs. \u00bb<\/p>\n<\/div><\/div><span class=\"awb-triangle\"><\/span><\/blockquote><div class=\"author\"><span class=\"testimonial-thumbnail\"><img decoding=\"async\" class=\"testimonial-image lazyload\" src=\"data:image\/svg+xml,%3Csvg%20xmlns%3D%27http%3A%2F%2Fwww.w3.org%2F2000%2Fsvg%27%20width%3D%27971%27%20height%3D%27971%27%20viewBox%3D%270%200%20971%20971%27%3E%3Crect%20width%3D%27971%27%20height%3D%27971%27%20fill-opacity%3D%220%22%2F%3E%3C%2Fsvg%3E\" width=\"300\" height=\"300\" data-orig-src=\"https:\/\/www.asf-quebec.org\/wp-content\/uploads\/2022\/09\/vincent-clarizio-300x300.png\" \/><\/span><span class=\"company-name\"><strong>Vincent Clarizio<\/strong><span>, <\/span><span>Directeur de cr\u00e9ation et associ\u00e9 chez Signature Design Communication<\/span><\/span><\/div><\/div><div class=\"review avatar-image\"><blockquote><div class=\"awb-quote\"><div class=\"awb-quote-content\">\n<p>\u00ab Covid19 est une crise globale qui a boulevers\u00e9 l&#8217;humanit\u00e9. COVIDesign est un projet unique en son genre projetant des id\u00e9es viables, responsables et durables pour r\u00e9organiser les espaces commerciaux dans la ville de Montr\u00e9al. Ce projet par, pour et sur le design est une projection communautaire visant une approche \u00e9cosociale. Entre \u00e9tude, analyse, id\u00e9ation et conception, ma contribution dans ce syst\u00e8me de pens\u00e9e pluridisciplinaire est d&#8217;apporter via le design un nouveau v\u00e9cu spatial. \u00bb<\/p>\n<\/div><\/div><span class=\"awb-triangle\"><\/span><\/blockquote><div class=\"author\"><span class=\"testimonial-thumbnail\"><img decoding=\"async\" class=\"testimonial-image lazyload\" src=\"data:image\/svg+xml,%3Csvg%20xmlns%3D%27http%3A%2F%2Fwww.w3.org%2F2000%2Fsvg%27%20width%3D%27971%27%20height%3D%27971%27%20viewBox%3D%270%200%20971%20971%27%3E%3Crect%20width%3D%27971%27%20height%3D%27971%27%20fill-opacity%3D%220%22%2F%3E%3C%2Fsvg%3E\" width=\"300\" height=\"300\" data-orig-src=\"https:\/\/www.asf-quebec.org\/wp-content\/uploads\/2022\/09\/Imen-Ben-Youssef-Zorgati-300x300.png\" \/><\/span><span class=\"company-name\"><strong>Imen Ben Youssef Zorgati<\/strong><span>, <\/span><span>Professeur en design \u00e0 l\u2019Institut Sup\u00e9rieur des Beaux-Arts de Tunis<\/span><\/span><\/div><\/div><div class=\"review avatar-image\"><blockquote><div class=\"awb-quote\"><div class=\"awb-quote-content\">\n<p>\u00ab En tant que cr\u00e9ateurs des environnements b\u00e2tis, il nous appartient de r\u00e9pondre aux attentes en proposant des exp\u00e9riences inspirantes, attrayantes, durables et rassurantes. C\u2019est ici que le projet COVIDesign prend tout son sens. \u00bb<\/p>\n<\/div><\/div><span class=\"awb-triangle\"><\/span><\/blockquote><div class=\"author\"><span class=\"testimonial-thumbnail\"><img decoding=\"async\" class=\"testimonial-image lazyload\" src=\"data:image\/svg+xml,%3Csvg%20xmlns%3D%27http%3A%2F%2Fwww.w3.org%2F2000%2Fsvg%27%20width%3D%27777%27%20height%3D%27777%27%20viewBox%3D%270%200%20777%20777%27%3E%3Crect%20width%3D%27777%27%20height%3D%27777%27%20fill-opacity%3D%220%22%2F%3E%3C%2Fsvg%3E\" width=\"300\" height=\"300\" data-orig-src=\"https:\/\/www.asf-quebec.org\/wp-content\/uploads\/2022\/09\/Portrait-Evelyne-Paris-300x300.jpg\" \/><\/span><span class=\"company-name\"><strong>Evelyne Paris<\/strong><span>, <\/span><span>Associ\u00e9e, architecte et directrice de projets chez Lemay<\/span><\/span><\/div><\/div><\/div><div class=\"testimonial-pagination\" id=\"fusion-testimonials-1\"><a href=\"#\" aria-label=\"Testimonial Pagination\"  class=\"activeSlide\"><\/a><a href=\"#\" aria-label=\"Testimonial Pagination\" ><\/a><a href=\"#\" aria-label=\"Testimonial Pagination\" ><\/a><a href=\"#\" aria-label=\"Testimonial Pagination\" ><\/a><\/div><\/div><\/div><\/div><div class=\"fusion-clearfix\"><\/div><\/div><\/div><\/div><\/div><div class=\"fusion-fullwidth fullwidth-box fusion-builder-row-8 nonhundred-percent-fullwidth non-hundred-percent-height-scrolling fusion-equal-height-columns\" style=\"--awb-border-radius-top-left:0px;--awb-border-radius-top-right:0px;--awb-border-radius-bottom-right:0px;--awb-border-radius-bottom-left:0px;--awb-padding-top:50px;--awb-padding-bottom:0px;--awb-flex-wrap:wrap;\" ><div class=\"fusion-builder-row fusion-row\"><div class=\"fusion-layout-column fusion_builder_column fusion-builder-column-13 fusion_builder_column_1_1 1_1 fusion-one-full fusion-column-first fusion-column-last fusion-column-no-min-height\" style=\"--awb-bg-blend:overlay;--awb-bg-size:cover;\"><div class=\"fusion-column-wrapper fusion-column-has-shadow fusion-flex-column-wrapper-legacy\"><div class=\"fusion-text fusion-text-18\"><h3><span style=\"color: #f38919;\">Nos partenaires du projet<\/span><\/h3>\n<\/div><div class=\"fusion-clearfix\"><\/div><\/div><\/div><div class=\"fusion-layout-column fusion_builder_column fusion-builder-column-14 fusion_builder_column_1_3 1_3 fusion-one-third fusion-column-first\" style=\"--awb-bg-blend:overlay;--awb-bg-size:cover;width:30.6666%; margin-right: 4%;\"><div class=\"fusion-column-wrapper fusion-column-has-shadow fusion-flex-column-wrapper-legacy\"><div class=\"fusion-column-content-centered\"><div class=\"fusion-column-content\"><div class=\"fusion-image-element fusion-image-align-center in-legacy-container\" style=\"text-align:center;--awb-caption-title-font-family:var(--h2_typography-font-family);--awb-caption-title-font-weight:var(--h2_typography-font-weight);--awb-caption-title-font-style:var(--h2_typography-font-style);--awb-caption-title-size:var(--h2_typography-font-size);--awb-caption-title-transform:var(--h2_typography-text-transform);--awb-caption-title-line-height:var(--h2_typography-line-height);--awb-caption-title-letter-spacing:var(--h2_typography-letter-spacing);\"><div class=\"imageframe-align-center\"><span class=\" fusion-imageframe imageframe-none imageframe-9 hover-type-none\"><img decoding=\"async\" width=\"300\" height=\"156\" title=\"Partenaire_Bureau du design\" src=\"https:\/\/www.asf-quebec.org\/wp-content\/uploads\/2022\/09\/Partenaire_Bureau-du-design.jpg\" data-orig-src=\"https:\/\/www.asf-quebec.org\/wp-content\/uploads\/2022\/09\/Partenaire_Bureau-du-design-300x156.jpg\" alt class=\"lazyload img-responsive wp-image-980009\" srcset=\"data:image\/svg+xml,%3Csvg%20xmlns%3D%27http%3A%2F%2Fwww.w3.org%2F2000%2Fsvg%27%20width%3D%271000%27%20height%3D%27519%27%20viewBox%3D%270%200%201000%20519%27%3E%3Crect%20width%3D%271000%27%20height%3D%27519%27%20fill-opacity%3D%220%22%2F%3E%3C%2Fsvg%3E\" data-srcset=\"https:\/\/www.asf-quebec.org\/wp-content\/uploads\/2022\/09\/Partenaire_Bureau-du-design-200x104.jpg 200w, https:\/\/www.asf-quebec.org\/wp-content\/uploads\/2022\/09\/Partenaire_Bureau-du-design-400x208.jpg 400w, https:\/\/www.asf-quebec.org\/wp-content\/uploads\/2022\/09\/Partenaire_Bureau-du-design-600x311.jpg 600w, https:\/\/www.asf-quebec.org\/wp-content\/uploads\/2022\/09\/Partenaire_Bureau-du-design-800x415.jpg 800w, https:\/\/www.asf-quebec.org\/wp-content\/uploads\/2022\/09\/Partenaire_Bureau-du-design.jpg 1000w\" data-sizes=\"auto\" data-orig-sizes=\"(max-width: 800px) 100vw, 600px\" \/><\/span><\/div><\/div><\/div><\/div><div class=\"fusion-clearfix\"><\/div><\/div><\/div><div class=\"fusion-layout-column fusion_builder_column fusion-builder-column-15 fusion_builder_column_1_1 1_1 fusion-one-full fusion-column-last fusion-column-no-min-height\" style=\"--awb-bg-blend:overlay;--awb-bg-size:cover;\"><div class=\"fusion-column-wrapper fusion-column-has-shadow fusion-flex-column-wrapper-legacy\"><div class=\"fusion-sep-clear\"><\/div><div class=\"fusion-separator fusion-full-width-sep\" style=\"margin-left: auto;margin-right: auto;margin-top:15px;margin-bottom:15px;width:100%;\"><div class=\"fusion-separator-border sep-double\" style=\"--awb-height:20px;--awb-amount:20px;border-color:#e0dede;border-top-width:0px;border-bottom-width:0px;\"><\/div><\/div><div class=\"fusion-sep-clear\"><\/div><div class=\"fusion-aligncenter\"><a class=\"fusion-button button-flat button-medium button-custom fusion-button-default button-1 fusion-button-default-span \" style=\"--button_accent_color:#000000;--button_border_color:#000000;--button_accent_hover_color:#ffffff;--button_border_hover_color:#ffffff;--button_border_width-top:1px;--button_border_width-right:1px;--button_border_width-bottom:1px;--button_border_width-left:1px;--button_gradient_top_color:#ffffff;--button_gradient_bottom_color:#ffffff;--button_gradient_top_color_hover:#03a9f4;--button_gradient_bottom_color_hover:#03a9f4;--button_text_transform:uppercase;\" target=\"_self\" href=\"https:\/\/www.asf-quebec.org\/en\/our-projects\/\"><span class=\"fusion-button-text awb-button__text awb-button__text--default\">voir tous les projets<\/span><\/a><\/div><div class=\"fusion-clearfix\"><\/div><\/div><\/div><\/div><\/div><\/p>\n","protected":false},"excerpt":{"rendered":"","protected":false},"author":9,"featured_media":1086101,"menu_order":0,"template":"","format":"standard","meta":{"_acf_changed":false,"footnotes":""},"portfolio_category":[54],"portfolio_skills":[],"portfolio_tags":[],"class_list":["post-1139325","avada_portfolio","type-avada_portfolio","status-publish","format-standard","has-post-thumbnail","hentry","portfolio_category-urban-solidarity"],"acf":[],"yoast_head":"<!-- This site is optimized with the Yoast SEO plugin v26.8 - https:\/\/yoast.com\/product\/yoast-seo-wordpress\/ -->\n<title>COVIDesign - Architecture Sans Fronti\u00e8res Qu\u00e9bec<\/title>\n<meta name=\"robots\" content=\"index, follow, max-snippet:-1, max-image-preview:large, max-video-preview:-1\" \/>\n<link rel=\"canonical\" href=\"https:\/\/www.asf-quebec.org\/en\/portfolio-items\/covidesign\/\" \/>\n<meta property=\"og:locale\" content=\"en_US\" \/>\n<meta property=\"og:type\" content=\"article\" \/>\n<meta property=\"og:title\" content=\"COVIDesign - Architecture Sans Fronti\u00e8res Qu\u00e9bec\" \/>\n<meta property=\"og:url\" content=\"https:\/\/www.asf-quebec.org\/en\/portfolio-items\/covidesign\/\" \/>\n<meta property=\"og:site_name\" content=\"Architecture Sans Fronti\u00e8res Qu\u00e9bec\" \/>\n<meta property=\"article:publisher\" content=\"https:\/\/www.facebook.com\/architecturesansfrontieres\/\" \/>\n<meta property=\"article:modified_time\" content=\"2023-02-17T04:46:06+00:00\" \/>\n<meta property=\"og:image\" content=\"https:\/\/www.asf-quebec.org\/wp-content\/uploads\/2022\/09\/COVIDesign.png\" \/>\n\t<meta property=\"og:image:width\" content=\"1326\" \/>\n\t<meta property=\"og:image:height\" content=\"759\" \/>\n\t<meta property=\"og:image:type\" content=\"image\/png\" \/>\n<meta name=\"twitter:card\" content=\"summary_large_image\" \/>\n<meta name=\"twitter:label1\" content=\"Est. reading time\" \/>\n\t<meta name=\"twitter:data1\" content=\"28 minutes\" \/>\n<script type=\"application\/ld+json\" class=\"yoast-schema-graph\">{\"@context\":\"https:\/\/schema.org\",\"@graph\":[{\"@type\":\"WebPage\",\"@id\":\"https:\/\/www.asf-quebec.org\/en\/portfolio-items\/covidesign\/\",\"url\":\"https:\/\/www.asf-quebec.org\/en\/portfolio-items\/covidesign\/\",\"name\":\"COVIDesign - Architecture Sans Fronti\u00e8res Qu\u00e9bec\",\"isPartOf\":{\"@id\":\"https:\/\/www.asf-quebec.org\/en\/#website\"},\"primaryImageOfPage\":{\"@id\":\"https:\/\/www.asf-quebec.org\/en\/portfolio-items\/covidesign\/#primaryimage\"},\"image\":{\"@id\":\"https:\/\/www.asf-quebec.org\/en\/portfolio-items\/covidesign\/#primaryimage\"},\"thumbnailUrl\":\"https:\/\/www.asf-quebec.org\/wp-content\/uploads\/2022\/09\/COVIDesign.png\",\"datePublished\":\"2023-02-17T04:46:04+00:00\",\"dateModified\":\"2023-02-17T04:46:06+00:00\",\"breadcrumb\":{\"@id\":\"https:\/\/www.asf-quebec.org\/en\/portfolio-items\/covidesign\/#breadcrumb\"},\"inLanguage\":\"en-US\",\"potentialAction\":[{\"@type\":\"ReadAction\",\"target\":[\"https:\/\/www.asf-quebec.org\/en\/portfolio-items\/covidesign\/\"]}]},{\"@type\":\"ImageObject\",\"inLanguage\":\"en-US\",\"@id\":\"https:\/\/www.asf-quebec.org\/en\/portfolio-items\/covidesign\/#primaryimage\",\"url\":\"https:\/\/www.asf-quebec.org\/wp-content\/uploads\/2022\/09\/COVIDesign.png\",\"contentUrl\":\"https:\/\/www.asf-quebec.org\/wp-content\/uploads\/2022\/09\/COVIDesign.png\",\"width\":1326,\"height\":759},{\"@type\":\"BreadcrumbList\",\"@id\":\"https:\/\/www.asf-quebec.org\/en\/portfolio-items\/covidesign\/#breadcrumb\",\"itemListElement\":[{\"@type\":\"ListItem\",\"position\":1,\"name\":\"Accueil\",\"item\":\"https:\/\/www.asf-quebec.org\/en\/\"},{\"@type\":\"ListItem\",\"position\":2,\"name\":\"Portfolio\",\"item\":\"https:\/\/www.asf-quebec.org\/en\/portfolio-items\/\"},{\"@type\":\"ListItem\",\"position\":3,\"name\":\"COVIDesign\"}]},{\"@type\":\"WebSite\",\"@id\":\"https:\/\/www.asf-quebec.org\/en\/#website\",\"url\":\"https:\/\/www.asf-quebec.org\/en\/\",\"name\":\"Architecture sans fronti\u00e8res Qu\u00e9bec\",\"description\":\"ASFQ\",\"publisher\":{\"@id\":\"https:\/\/www.asf-quebec.org\/en\/#organization\"},\"potentialAction\":[{\"@type\":\"SearchAction\",\"target\":{\"@type\":\"EntryPoint\",\"urlTemplate\":\"https:\/\/www.asf-quebec.org\/en\/?s={search_term_string}\"},\"query-input\":{\"@type\":\"PropertyValueSpecification\",\"valueRequired\":true,\"valueName\":\"search_term_string\"}}],\"inLanguage\":\"en-US\"},{\"@type\":\"Organization\",\"@id\":\"https:\/\/www.asf-quebec.org\/en\/#organization\",\"name\":\"Architecture sans fronti\u00e8res Qu\u00e9bec (ASFQ)\",\"url\":\"https:\/\/www.asf-quebec.org\/en\/\",\"logo\":{\"@type\":\"ImageObject\",\"inLanguage\":\"en-US\",\"@id\":\"https:\/\/www.asf-quebec.org\/en\/#\/schema\/logo\/image\/\",\"url\":\"https:\/\/www.asf-quebec.org\/wp-content\/uploads\/2019\/07\/Logo-asfq-retina.jpg\",\"contentUrl\":\"https:\/\/www.asf-quebec.org\/wp-content\/uploads\/2019\/07\/Logo-asfq-retina.jpg\",\"width\":564,\"height\":219,\"caption\":\"Architecture sans fronti\u00e8res Qu\u00e9bec (ASFQ)\"},\"image\":{\"@id\":\"https:\/\/www.asf-quebec.org\/en\/#\/schema\/logo\/image\/\"},\"sameAs\":[\"https:\/\/www.facebook.com\/architecturesansfrontieres\/\",\"https:\/\/www.instagram.com\/asfquebec\/\",\"https:\/\/www.linkedin.com\/company\/asf-quebec\/\"]}]}<\/script>\n<!-- \/ Yoast SEO plugin. -->","yoast_head_json":{"title":"COVIDesign - Architecture Sans Fronti\u00e8res Qu\u00e9bec","robots":{"index":"index","follow":"follow","max-snippet":"max-snippet:-1","max-image-preview":"max-image-preview:large","max-video-preview":"max-video-preview:-1"},"canonical":"https:\/\/www.asf-quebec.org\/en\/portfolio-items\/covidesign\/","og_locale":"en_US","og_type":"article","og_title":"COVIDesign - Architecture Sans Fronti\u00e8res Qu\u00e9bec","og_url":"https:\/\/www.asf-quebec.org\/en\/portfolio-items\/covidesign\/","og_site_name":"Architecture Sans Fronti\u00e8res Qu\u00e9bec","article_publisher":"https:\/\/www.facebook.com\/architecturesansfrontieres\/","article_modified_time":"2023-02-17T04:46:06+00:00","og_image":[{"width":1326,"height":759,"url":"https:\/\/www.asf-quebec.org\/wp-content\/uploads\/2022\/09\/COVIDesign.png","type":"image\/png"}],"twitter_card":"summary_large_image","twitter_misc":{"Est. reading time":"28 minutes"},"schema":{"@context":"https:\/\/schema.org","@graph":[{"@type":"WebPage","@id":"https:\/\/www.asf-quebec.org\/en\/portfolio-items\/covidesign\/","url":"https:\/\/www.asf-quebec.org\/en\/portfolio-items\/covidesign\/","name":"COVIDesign - Architecture Sans Fronti\u00e8res Qu\u00e9bec","isPartOf":{"@id":"https:\/\/www.asf-quebec.org\/en\/#website"},"primaryImageOfPage":{"@id":"https:\/\/www.asf-quebec.org\/en\/portfolio-items\/covidesign\/#primaryimage"},"image":{"@id":"https:\/\/www.asf-quebec.org\/en\/portfolio-items\/covidesign\/#primaryimage"},"thumbnailUrl":"https:\/\/www.asf-quebec.org\/wp-content\/uploads\/2022\/09\/COVIDesign.png","datePublished":"2023-02-17T04:46:04+00:00","dateModified":"2023-02-17T04:46:06+00:00","breadcrumb":{"@id":"https:\/\/www.asf-quebec.org\/en\/portfolio-items\/covidesign\/#breadcrumb"},"inLanguage":"en-US","potentialAction":[{"@type":"ReadAction","target":["https:\/\/www.asf-quebec.org\/en\/portfolio-items\/covidesign\/"]}]},{"@type":"ImageObject","inLanguage":"en-US","@id":"https:\/\/www.asf-quebec.org\/en\/portfolio-items\/covidesign\/#primaryimage","url":"https:\/\/www.asf-quebec.org\/wp-content\/uploads\/2022\/09\/COVIDesign.png","contentUrl":"https:\/\/www.asf-quebec.org\/wp-content\/uploads\/2022\/09\/COVIDesign.png","width":1326,"height":759},{"@type":"BreadcrumbList","@id":"https:\/\/www.asf-quebec.org\/en\/portfolio-items\/covidesign\/#breadcrumb","itemListElement":[{"@type":"ListItem","position":1,"name":"Accueil","item":"https:\/\/www.asf-quebec.org\/en\/"},{"@type":"ListItem","position":2,"name":"Portfolio","item":"https:\/\/www.asf-quebec.org\/en\/portfolio-items\/"},{"@type":"ListItem","position":3,"name":"COVIDesign"}]},{"@type":"WebSite","@id":"https:\/\/www.asf-quebec.org\/en\/#website","url":"https:\/\/www.asf-quebec.org\/en\/","name":"Architecture sans fronti\u00e8res Qu\u00e9bec","description":"ASFQ","publisher":{"@id":"https:\/\/www.asf-quebec.org\/en\/#organization"},"potentialAction":[{"@type":"SearchAction","target":{"@type":"EntryPoint","urlTemplate":"https:\/\/www.asf-quebec.org\/en\/?s={search_term_string}"},"query-input":{"@type":"PropertyValueSpecification","valueRequired":true,"valueName":"search_term_string"}}],"inLanguage":"en-US"},{"@type":"Organization","@id":"https:\/\/www.asf-quebec.org\/en\/#organization","name":"Architecture sans fronti\u00e8res Qu\u00e9bec (ASFQ)","url":"https:\/\/www.asf-quebec.org\/en\/","logo":{"@type":"ImageObject","inLanguage":"en-US","@id":"https:\/\/www.asf-quebec.org\/en\/#\/schema\/logo\/image\/","url":"https:\/\/www.asf-quebec.org\/wp-content\/uploads\/2019\/07\/Logo-asfq-retina.jpg","contentUrl":"https:\/\/www.asf-quebec.org\/wp-content\/uploads\/2019\/07\/Logo-asfq-retina.jpg","width":564,"height":219,"caption":"Architecture sans fronti\u00e8res Qu\u00e9bec (ASFQ)"},"image":{"@id":"https:\/\/www.asf-quebec.org\/en\/#\/schema\/logo\/image\/"},"sameAs":["https:\/\/www.facebook.com\/architecturesansfrontieres\/","https:\/\/www.instagram.com\/asfquebec\/","https:\/\/www.linkedin.com\/company\/asf-quebec\/"]}]}},"_links":{"self":[{"href":"https:\/\/www.asf-quebec.org\/en\/wp-json\/wp\/v2\/avada_portfolio\/1139325","targetHints":{"allow":["GET"]}}],"collection":[{"href":"https:\/\/www.asf-quebec.org\/en\/wp-json\/wp\/v2\/avada_portfolio"}],"about":[{"href":"https:\/\/www.asf-quebec.org\/en\/wp-json\/wp\/v2\/types\/avada_portfolio"}],"author":[{"embeddable":true,"href":"https:\/\/www.asf-quebec.org\/en\/wp-json\/wp\/v2\/users\/9"}],"version-history":[{"count":3,"href":"https:\/\/www.asf-quebec.org\/en\/wp-json\/wp\/v2\/avada_portfolio\/1139325\/revisions"}],"predecessor-version":[{"id":1139328,"href":"https:\/\/www.asf-quebec.org\/en\/wp-json\/wp\/v2\/avada_portfolio\/1139325\/revisions\/1139328"}],"wp:featuredmedia":[{"embeddable":true,"href":"https:\/\/www.asf-quebec.org\/en\/wp-json\/wp\/v2\/media\/1086101"}],"wp:attachment":[{"href":"https:\/\/www.asf-quebec.org\/en\/wp-json\/wp\/v2\/media?parent=1139325"}],"wp:term":[{"taxonomy":"portfolio_category","embeddable":true,"href":"https:\/\/www.asf-quebec.org\/en\/wp-json\/wp\/v2\/portfolio_category?post=1139325"},{"taxonomy":"portfolio_skills","embeddable":true,"href":"https:\/\/www.asf-quebec.org\/en\/wp-json\/wp\/v2\/portfolio_skills?post=1139325"},{"taxonomy":"portfolio_tags","embeddable":true,"href":"https:\/\/www.asf-quebec.org\/en\/wp-json\/wp\/v2\/portfolio_tags?post=1139325"}],"curies":[{"name":"wp","href":"https:\/\/api.w.org\/{rel}","templated":true}]}}